{"id":908,"date":"2025-06-08T08:39:26","date_gmt":"2025-06-08T08:39:21","guid":{"rendered":"https:\/\/www.gym-toelz.de\/?page_id=908"},"modified":"2025-12-06T10:14:53","modified_gmt":"2025-12-06T10:14:53","slug":"gemeinsam-fuer-afrika","status":"publish","type":"page","link":"https:\/\/www.gym-toelz.de\/index.php\/angebote-aktivitaeten\/partner-projekte\/gemeinsam-fuer-afrika\/","title":{"rendered":"Gemeinsam f\u00fcr Afrika"},"content":{"rendered":"<section  class='av_textblock_section av-md8ibgt3-5311299296dd0b10518e3b0c015d77b3 '   itemscope=\"itemscope\" itemtype=\"https:\/\/schema.org\/CreativeWork\" ><div class='avia_textblock'  itemprop=\"text\" ><p><img loading=\"lazy\" decoding=\"async\" class=\" wp-image-876 aligncenter\" src=\"https:\/\/www.gym-toelz.de\/wp-content\/uploads\/2025\/06\/gfa_logo-300x33.jpg\" alt=\"\" width=\"327\" height=\"36\" \/><\/p>\n<p style=\"text-align: center;\"><strong>Aktuelles<\/strong><\/p>\n<p style=\"text-align: center;\"><span style=\"color: #ff0000; font-size: 18pt;\"><strong>1995-2025: 30j\u00e4hriges Jubil\u00e4um unseres Vereins!<\/strong><\/span><\/p>\n<\/div><\/section>\n<div  class='av-alb-blogposts template-blog  av-blog-meta-author-disabled av-blog-meta-comments-disabled av-blog-meta-html-info-disabled av-blog-meta-tag-disabled '  itemscope=\"itemscope\" itemtype=\"https:\/\/schema.org\/Blog\" ><article class=\"post-entry post-entry-type-standard post-entry-3469 post-loop-1 post-parity-odd bloglist-simple with-slider post-3469 post type-post status-publish format-standard has-post-thumbnail hentry category-aktuelles category-gemeinsamafrika\"  itemscope=\"itemscope\" itemtype=\"https:\/\/schema.org\/BlogPosting\" ><div class=\"blog-meta\"><\/div><div class='entry-content-wrapper clearfix standard-content'><header class=\"entry-content-header\" aria-label=\"Post: Eindr\u00fccke zur Ausstellung \u201eMomente aus Burkina Faso\u201c\"><h2 class='post-title entry-title '  itemprop=\"headline\" ><a href=\"https:\/\/www.gym-toelz.de\/index.php\/2026\/01\/13\/eindruecke-zur-ausstellung-momente-aus-burkina-faso\/\" rel=\"bookmark\" title=\"Permanenter Link zu: Eindr\u00fccke zur Ausstellung \u201eMomente aus Burkina Faso\u201c\">Eindr\u00fccke zur Ausstellung \u201eMomente aus Burkina Faso\u201c<span class=\"post-format-icon minor-meta\"><\/span><\/a><\/h2><span class=\"post-meta-infos\"><time class=\"date-container minor-meta updated\"  itemprop=\"datePublished\" datetime=\"2026-01-13T19:40:22+01:00\" >Dienstag, Januar 13, 2026<\/time><span class=\"text-sep\">\/<\/span><span class=\"blog-categories minor-meta\">in <a href=\"https:\/\/www.gym-toelz.de\/index.php\/category\/aktuelles\/\" rel=\"tag\">Aktuelles<\/a>, <a href=\"https:\/\/www.gym-toelz.de\/index.php\/category\/angeboteaktivitaeten\/partnerprojekte\/gemeinsamafrika\/\" rel=\"tag\">GemeinsamAfrika<\/a><\/span><div class=\"read-more-link\"><a href=\"https:\/\/www.gym-toelz.de\/index.php\/2026\/01\/13\/eindruecke-zur-ausstellung-momente-aus-burkina-faso\/\" class=\"more-link\">Weiterlesen<span class='more-link-arrow avia-svg-icon avia-font-svg_entypo-fontello' data-av_svg_icon='right-open-big' data-av_iconset='svg_entypo-fontello'><svg version=\"1.1\" xmlns=\"http:\/\/www.w3.org\/2000\/svg\" width=\"15\" height=\"32\" viewBox=\"0 0 15 32\" preserveAspectRatio=\"xMidYMid meet\" role=\"graphics-symbol\" aria-hidden=\"true\">\n<path d=\"M0.416 27.84l11.456-11.84-11.456-11.904q-0.832-0.832 0-1.536 0.832-0.832 1.536 0l12.544 12.608q0.768 0.832 0 1.6l-12.544 12.608q-0.704 0.832-1.536 0-0.832-0.704 0-1.536z\"><\/path>\n<\/svg><\/span><\/a><\/div><\/span><\/header><footer class=\"entry-footer\"><\/footer><div class='post_delimiter'><\/div><\/div><div class=\"post_author_timeline\"><\/div><span class='hidden'>\n\t\t\t\t<span class='av-structured-data'  itemprop=\"image\" itemscope=\"itemscope\" itemtype=\"https:\/\/schema.org\/ImageObject\" >\n\t\t\t\t\t\t<span itemprop='url'>https:\/\/www.gym-toelz.de\/wp-content\/uploads\/2026\/01\/WalterKorn1-scaled.jpg<\/span>\n\t\t\t\t\t\t<span itemprop='height'>2560<\/span>\n\t\t\t\t\t\t<span itemprop='width'>2560<\/span>\n\t\t\t\t<\/span>\n\t\t\t\t<span class='av-structured-data'  itemprop=\"publisher\" itemtype=\"https:\/\/schema.org\/Organization\" itemscope=\"itemscope\" >\n\t\t\t\t\t\t<span itemprop='name'>Hanno Froehlich<\/span>\n\t\t\t\t\t\t<span itemprop='logo' itemscope itemtype='https:\/\/schema.org\/ImageObject'>\n\t\t\t\t\t\t\t<span itemprop='url'>https:\/\/www.gym-toelz.de\/wp-content\/uploads\/2025\/06\/schriftzug-Kopf-weissGVS_Logo-klein-300x114.png<\/span>\n\t\t\t\t\t\t<\/span>\n\t\t\t\t<\/span><span class='av-structured-data'  itemprop=\"author\" itemscope=\"itemscope\" itemtype=\"https:\/\/schema.org\/Person\" ><span itemprop='name'>Hanno Froehlich<\/span><\/span><span class='av-structured-data'  itemprop=\"datePublished\" datetime=\"2026-01-13T19:40:22+01:00\" >2026-01-13 19:40:22<\/span><span class='av-structured-data'  itemprop=\"dateModified\" itemtype=\"https:\/\/schema.org\/dateModified\" >2026-01-16 09:05:03<\/span><span class='av-structured-data'  itemprop=\"mainEntityOfPage\" itemtype=\"https:\/\/schema.org\/mainEntityOfPage\" ><span itemprop='name'>Eindr\u00fccke zur Ausstellung \u201eMomente aus Burkina Faso\u201c<\/span><\/span><\/span><\/article><article class=\"post-entry post-entry-type-standard post-entry-3148 post-loop-2 post-parity-even bloglist-simple with-slider post-3148 post type-post status-publish format-standard has-post-thumbnail hentry category-aktuelles category-gemeinsamafrika\"  itemscope=\"itemscope\" itemtype=\"https:\/\/schema.org\/BlogPosting\" ><div class=\"blog-meta\"><\/div><div class='entry-content-wrapper clearfix standard-content'><header class=\"entry-content-header\" aria-label=\"Post: Weihnachtsbasar am 29.11.2025\"><h2 class='post-title entry-title '  itemprop=\"headline\" ><a href=\"https:\/\/www.gym-toelz.de\/index.php\/2025\/12\/06\/weihnachtsbasar-am-29-11-2025\/\" rel=\"bookmark\" title=\"Permanenter Link zu: Weihnachtsbasar am 29.11.2025\">Weihnachtsbasar am 29.11.2025<span class=\"post-format-icon minor-meta\"><\/span><\/a><\/h2><span class=\"post-meta-infos\"><time class=\"date-container minor-meta updated\"  itemprop=\"datePublished\" datetime=\"2025-12-06T09:15:53+01:00\" >Samstag, Dezember 6, 2025<\/time><span class=\"text-sep\">\/<\/span><span class=\"blog-categories minor-meta\">in <a href=\"https:\/\/www.gym-toelz.de\/index.php\/category\/aktuelles\/\" rel=\"tag\">Aktuelles<\/a>, <a href=\"https:\/\/www.gym-toelz.de\/index.php\/category\/angeboteaktivitaeten\/partnerprojekte\/gemeinsamafrika\/\" rel=\"tag\">GemeinsamAfrika<\/a><\/span><div class=\"read-more-link\"><a href=\"https:\/\/www.gym-toelz.de\/index.php\/2025\/12\/06\/weihnachtsbasar-am-29-11-2025\/\" class=\"more-link\">Weiterlesen<span class='more-link-arrow avia-svg-icon avia-font-svg_entypo-fontello' data-av_svg_icon='right-open-big' data-av_iconset='svg_entypo-fontello'><svg version=\"1.1\" xmlns=\"http:\/\/www.w3.org\/2000\/svg\" width=\"15\" height=\"32\" viewBox=\"0 0 15 32\" preserveAspectRatio=\"xMidYMid meet\" role=\"graphics-symbol\" aria-hidden=\"true\">\n<path d=\"M0.416 27.84l11.456-11.84-11.456-11.904q-0.832-0.832 0-1.536 0.832-0.832 1.536 0l12.544 12.608q0.768 0.832 0 1.6l-12.544 12.608q-0.704 0.832-1.536 0-0.832-0.704 0-1.536z\"><\/path>\n<\/svg><\/span><\/a><\/div><\/span><\/header><footer class=\"entry-footer\"><\/footer><div class='post_delimiter'><\/div><\/div><div class=\"post_author_timeline\"><\/div><span class='hidden'>\n\t\t\t\t<span class='av-structured-data'  itemprop=\"image\" itemscope=\"itemscope\" itemtype=\"https:\/\/schema.org\/ImageObject\" >\n\t\t\t\t\t\t<span itemprop='url'>https:\/\/www.gym-toelz.de\/wp-content\/uploads\/2025\/12\/JT5A9042_Weihnachtsbasar_Burkina_Faso_20251129.jpg<\/span>\n\t\t\t\t\t\t<span itemprop='height'>1500<\/span>\n\t\t\t\t\t\t<span itemprop='width'>2250<\/span>\n\t\t\t\t<\/span>\n\t\t\t\t<span class='av-structured-data'  itemprop=\"publisher\" itemtype=\"https:\/\/schema.org\/Organization\" itemscope=\"itemscope\" >\n\t\t\t\t\t\t<span itemprop='name'>Hanno Froehlich<\/span>\n\t\t\t\t\t\t<span itemprop='logo' itemscope itemtype='https:\/\/schema.org\/ImageObject'>\n\t\t\t\t\t\t\t<span itemprop='url'>https:\/\/www.gym-toelz.de\/wp-content\/uploads\/2025\/06\/schriftzug-Kopf-weissGVS_Logo-klein-300x114.png<\/span>\n\t\t\t\t\t\t<\/span>\n\t\t\t\t<\/span><span class='av-structured-data'  itemprop=\"author\" itemscope=\"itemscope\" itemtype=\"https:\/\/schema.org\/Person\" ><span itemprop='name'>Hanno Froehlich<\/span><\/span><span class='av-structured-data'  itemprop=\"datePublished\" datetime=\"2025-12-06T09:15:53+01:00\" >2025-12-06 09:15:53<\/span><span class='av-structured-data'  itemprop=\"dateModified\" itemtype=\"https:\/\/schema.org\/dateModified\" >2025-12-06 09:29:13<\/span><span class='av-structured-data'  itemprop=\"mainEntityOfPage\" itemtype=\"https:\/\/schema.org\/mainEntityOfPage\" ><span itemprop='name'>Weihnachtsbasar am 29.11.2025<\/span><\/span><\/span><\/article><article class=\"post-entry post-entry-type-standard post-entry-2968 post-loop-3 post-parity-odd post-entry-last bloglist-simple with-slider post-2968 post type-post status-publish format-standard has-post-thumbnail hentry category-aktuelles category-gemeinsamafrika\"  itemscope=\"itemscope\" itemtype=\"https:\/\/schema.org\/BlogPosting\" ><div class=\"blog-meta\"><\/div><div class='entry-content-wrapper clearfix standard-content'><header class=\"entry-content-header\" aria-label=\"Post: Burkina Basar 2025\"><h2 class='post-title entry-title '  itemprop=\"headline\" ><a href=\"https:\/\/www.gym-toelz.de\/index.php\/2025\/11\/11\/burkina-basar-2025\/\" rel=\"bookmark\" title=\"Permanenter Link zu: Burkina Basar 2025\">Burkina Basar 2025<span class=\"post-format-icon minor-meta\"><\/span><\/a><\/h2><span class=\"post-meta-infos\"><time class=\"date-container minor-meta updated\"  itemprop=\"datePublished\" datetime=\"2025-11-11T18:25:25+01:00\" >Dienstag, November 11, 2025<\/time><span class=\"text-sep\">\/<\/span><span class=\"blog-categories minor-meta\">in <a href=\"https:\/\/www.gym-toelz.de\/index.php\/category\/aktuelles\/\" rel=\"tag\">Aktuelles<\/a>, <a href=\"https:\/\/www.gym-toelz.de\/index.php\/category\/angeboteaktivitaeten\/partnerprojekte\/gemeinsamafrika\/\" rel=\"tag\">GemeinsamAfrika<\/a><\/span><div class=\"read-more-link\"><a href=\"https:\/\/www.gym-toelz.de\/index.php\/2025\/11\/11\/burkina-basar-2025\/\" class=\"more-link\">Weiterlesen<span class='more-link-arrow avia-svg-icon avia-font-svg_entypo-fontello' data-av_svg_icon='right-open-big' data-av_iconset='svg_entypo-fontello'><svg version=\"1.1\" xmlns=\"http:\/\/www.w3.org\/2000\/svg\" width=\"15\" height=\"32\" viewBox=\"0 0 15 32\" preserveAspectRatio=\"xMidYMid meet\" role=\"graphics-symbol\" aria-hidden=\"true\">\n<path d=\"M0.416 27.84l11.456-11.84-11.456-11.904q-0.832-0.832 0-1.536 0.832-0.832 1.536 0l12.544 12.608q0.768 0.832 0 1.6l-12.544 12.608q-0.704 0.832-1.536 0-0.832-0.704 0-1.536z\"><\/path>\n<\/svg><\/span><\/a><\/div><\/span><\/header><footer class=\"entry-footer\"><\/footer><div class='post_delimiter'><\/div><\/div><div class=\"post_author_timeline\"><\/div><span class='hidden'>\n\t\t\t\t<span class='av-structured-data'  itemprop=\"image\" itemscope=\"itemscope\" itemtype=\"https:\/\/schema.org\/ImageObject\" >\n\t\t\t\t\t\t<span itemprop='url'>https:\/\/www.gym-toelz.de\/wp-content\/uploads\/2025\/11\/BurkinaFasoBasar_Plakat_2025-scaled.jpg<\/span>\n\t\t\t\t\t\t<span itemprop='height'>2560<\/span>\n\t\t\t\t\t\t<span itemprop='width'>1810<\/span>\n\t\t\t\t<\/span>\n\t\t\t\t<span class='av-structured-data'  itemprop=\"publisher\" itemtype=\"https:\/\/schema.org\/Organization\" itemscope=\"itemscope\" >\n\t\t\t\t\t\t<span itemprop='name'>Hanno Froehlich<\/span>\n\t\t\t\t\t\t<span itemprop='logo' itemscope itemtype='https:\/\/schema.org\/ImageObject'>\n\t\t\t\t\t\t\t<span itemprop='url'>https:\/\/www.gym-toelz.de\/wp-content\/uploads\/2025\/06\/schriftzug-Kopf-weissGVS_Logo-klein-300x114.png<\/span>\n\t\t\t\t\t\t<\/span>\n\t\t\t\t<\/span><span class='av-structured-data'  itemprop=\"author\" itemscope=\"itemscope\" itemtype=\"https:\/\/schema.org\/Person\" ><span itemprop='name'>Hanno Froehlich<\/span><\/span><span class='av-structured-data'  itemprop=\"datePublished\" datetime=\"2025-11-11T18:25:25+01:00\" >2025-11-11 18:25:25<\/span><span class='av-structured-data'  itemprop=\"dateModified\" itemtype=\"https:\/\/schema.org\/dateModified\" >2025-11-16 16:49:15<\/span><span class='av-structured-data'  itemprop=\"mainEntityOfPage\" itemtype=\"https:\/\/schema.org\/mainEntityOfPage\" ><span itemprop='name'>Burkina Basar 2025<\/span><\/span><\/span><\/article><div class='bloglist-simple'><nav class='pagination'><span class='pagination-meta'>Seite 1 von 2<\/span><span class='current'>1<\/span><a href='https:\/\/www.gym-toelz.de\/index.php\/wp-json\/wp\/v2\/pages\/908\/page\/2\/' class='inactive next_page' >2<\/a><\/nav>\n<\/div><\/div>\n<div  class='hr av-fq9qc-82c42584caa887bb9a5b55f35969dc06 hr-default'><span class='hr-inner '><span class=\"hr-inner-style\"><\/span><\/span><\/div>\n<div  class='flex_column av-lbhk4-37a68a4a51a91db94569a65b50bed184 av_one_third first flex_column_div  '     ><section  class='av_textblock_section av-miu3ucz4-03b6195e01b39bcce11809c577854890 '   itemscope=\"itemscope\" itemtype=\"https:\/\/schema.org\/BlogPosting\" itemprop=\"blogPost\" ><div class='avia_textblock'  itemprop=\"text\" ><p style=\"text-align: center;\">E-Mail: <a href=\"mailto:gemeinsamfuerafrika.gvs@gmail.com\">gemeinsamfuerafrika.gvs@gmail.com<\/a><\/p>\n<\/div><\/section><\/div>\n<div  class='flex_column av-ew764-bd2c6406d4663cf2ebc55263b131c07a av_one_third flex_column_div  '     ><section  class='av_textblock_section av-miu3vaim-ebb746abeb969611d46b9b8579295eb5 '   itemscope=\"itemscope\" itemtype=\"https:\/\/schema.org\/BlogPosting\" itemprop=\"blogPost\" ><div class='avia_textblock'  itemprop=\"text\" ><p style=\"text-align: center;\"><a href=\"#spendenkonto\">Infos zum Spendenkonto<\/a><\/p>\n<\/div><\/section><\/div>\n<div  class='flex_column av-8u3bg-58a3264af03b27815c1a262d1ce40fac av_one_third flex_column_div  '     ><section  class='av_textblock_section av-miu3vtv2-8eb18361402a8a10ab53ad79a0145576 '   itemscope=\"itemscope\" itemtype=\"https:\/\/schema.org\/BlogPosting\" itemprop=\"blogPost\" ><div class='avia_textblock'  itemprop=\"text\" ><p style=\"text-align: right;\"><a href=\"https:\/\/www.gym-toelz.de\/wp-content\/uploads\/2025\/06\/bf_flyer_2020.pdf\" target=\"_blank\" rel=\"noopener\">Unseren Flyer finden Sie hier als PDF <img loading=\"lazy\" decoding=\"async\" class=\"alignnone wp-image-1873\" src=\"https:\/\/www.gym-toelz.de\/wp-content\/uploads\/2025\/07\/icons8-new-tab-48.png\" alt=\"\" width=\"18\" height=\"18\" srcset=\"https:\/\/www.gym-toelz.de\/wp-content\/uploads\/2025\/07\/icons8-new-tab-48.png 48w, https:\/\/www.gym-toelz.de\/wp-content\/uploads\/2025\/07\/icons8-new-tab-48-36x36.png 36w\" sizes=\"auto, (max-width: 18px) 100vw, 18px\" \/><\/a><\/p>\n<\/div><\/section><\/div>\n<div  class='hr av-8uwn0-561b8f13e7eb13a839738ea31d052d10 hr-default'><span class='hr-inner '><span class=\"hr-inner-style\"><\/span><\/span><\/div>\n<section  class='av_textblock_section av-mgh0fkxu-7ecc74d91456a688b61a45036892f5da '   itemscope=\"itemscope\" itemtype=\"https:\/\/schema.org\/BlogPosting\" itemprop=\"blogPost\" ><div class='avia_textblock'  itemprop=\"text\" ><p><strong>Im Juli 2023 konnten wir Tass\u00e9r\u00e9 wieder an unserer Schule begr\u00fc\u00dfen.<\/strong><\/p>\n<\/div><\/section>\n\n<style type=\"text\/css\" data-created_by=\"avia_inline_auto\" id=\"style-css-av-mcc8rqve-288216325a0d62c7aa221904944d181b\">\n#top .avia-gallery.av-mcc8rqve-288216325a0d62c7aa221904944d181b .avia-gallery-thumb a{\nwidth:20%;\n}\n<\/style>\n<div  class='avia-gallery av-mcc8rqve-288216325a0d62c7aa221904944d181b avia_animate_when_visible avia_lazyload avia-gallery-animate avia-gallery-1'  itemprop=\"image\" itemscope=\"itemscope\" itemtype=\"https:\/\/schema.org\/ImageObject\" ><meta itemprop=\"contentURL\" content=\"https:\/\/www.gym-toelz.de\/index.php\/2025\/11\/11\/burkina-basar-2025\/\"><div class='avia-gallery-thumb'><a href=\"https:\/\/www.gym-toelz.de\/wp-content\/uploads\/2025\/06\/JT5A5141_besuch_tassere_grillfest_20230723_kompr-1030x687.jpg\" data-srcset=\"https:\/\/www.gym-toelz.de\/wp-content\/uploads\/2025\/06\/JT5A5141_besuch_tassere_grillfest_20230723_kompr-1030x687.jpg 1030w, https:\/\/www.gym-toelz.de\/wp-content\/uploads\/2025\/06\/JT5A5141_besuch_tassere_grillfest_20230723_kompr-300x200.jpg 300w, https:\/\/www.gym-toelz.de\/wp-content\/uploads\/2025\/06\/JT5A5141_besuch_tassere_grillfest_20230723_kompr-768x512.jpg 768w, https:\/\/www.gym-toelz.de\/wp-content\/uploads\/2025\/06\/JT5A5141_besuch_tassere_grillfest_20230723_kompr-1536x1024.jpg 1536w, https:\/\/www.gym-toelz.de\/wp-content\/uploads\/2025\/06\/JT5A5141_besuch_tassere_grillfest_20230723_kompr-2048x1365.jpg 2048w, https:\/\/www.gym-toelz.de\/wp-content\/uploads\/2025\/06\/JT5A5141_besuch_tassere_grillfest_20230723_kompr-1500x1000.jpg 1500w, https:\/\/www.gym-toelz.de\/wp-content\/uploads\/2025\/06\/JT5A5141_besuch_tassere_grillfest_20230723_kompr-705x470.jpg 705w\" data-sizes=\"(max-width: 1030px) 100vw, 1030px\" data-rel='gallery-1' data-prev-img='https:\/\/www.gym-toelz.de\/wp-content\/uploads\/2025\/06\/JT5A5141_besuch_tassere_grillfest_20230723_kompr-495x400.jpg' class='first_thumb lightbox ' data-onclick='1' title='JT5A5141_besuch_tassere_grillfest_20230723_kompr'  itemprop=\"thumbnailUrl\"  ><img decoding=\"async\" fetchpriority=\"high\" class=\"wp-image-883 avia-img-lazy-loading-not-883\"   src=\"https:\/\/www.gym-toelz.de\/wp-content\/uploads\/2025\/06\/JT5A5141_besuch_tassere_grillfest_20230723_kompr-495x400.jpg\" width=\"495\" height=\"400\"  title='JT5A5141_besuch_tassere_grillfest_20230723_kompr' alt='' srcset=\"https:\/\/www.gym-toelz.de\/wp-content\/uploads\/2025\/06\/JT5A5141_besuch_tassere_grillfest_20230723_kompr-495x400.jpg 495w, https:\/\/www.gym-toelz.de\/wp-content\/uploads\/2025\/06\/JT5A5141_besuch_tassere_grillfest_20230723_kompr-845x684.jpg 845w\" sizes=\"(max-width: 495px) 100vw, 495px\" \/><div class='big-prev-fake'><img decoding=\"async\" loading=\"lazy\" class=\"wp-image-883 avia-img-lazy-loading-883\"  width=\"495\" height=\"400\" src=\"https:\/\/www.gym-toelz.de\/wp-content\/uploads\/2025\/06\/JT5A5141_besuch_tassere_grillfest_20230723_kompr-495x400.jpg\" title='JT5A5141_besuch_tassere_grillfest_20230723_kompr' alt='' srcset=\"https:\/\/www.gym-toelz.de\/wp-content\/uploads\/2025\/06\/JT5A5141_besuch_tassere_grillfest_20230723_kompr-495x400.jpg 495w, https:\/\/www.gym-toelz.de\/wp-content\/uploads\/2025\/06\/JT5A5141_besuch_tassere_grillfest_20230723_kompr-845x684.jpg 845w\" sizes=\"auto, (max-width: 495px) 100vw, 495px\" \/><\/div><\/a><a href=\"https:\/\/www.gym-toelz.de\/wp-content\/uploads\/2025\/06\/JT5A5115_besuch_tassere_karwendel_20230723_kompr-1030x687.jpg\" data-srcset=\"https:\/\/www.gym-toelz.de\/wp-content\/uploads\/2025\/06\/JT5A5115_besuch_tassere_karwendel_20230723_kompr-1030x687.jpg 1030w, https:\/\/www.gym-toelz.de\/wp-content\/uploads\/2025\/06\/JT5A5115_besuch_tassere_karwendel_20230723_kompr-300x200.jpg 300w, https:\/\/www.gym-toelz.de\/wp-content\/uploads\/2025\/06\/JT5A5115_besuch_tassere_karwendel_20230723_kompr-768x512.jpg 768w, https:\/\/www.gym-toelz.de\/wp-content\/uploads\/2025\/06\/JT5A5115_besuch_tassere_karwendel_20230723_kompr-1536x1024.jpg 1536w, https:\/\/www.gym-toelz.de\/wp-content\/uploads\/2025\/06\/JT5A5115_besuch_tassere_karwendel_20230723_kompr-2048x1365.jpg 2048w, https:\/\/www.gym-toelz.de\/wp-content\/uploads\/2025\/06\/JT5A5115_besuch_tassere_karwendel_20230723_kompr-1500x1000.jpg 1500w, https:\/\/www.gym-toelz.de\/wp-content\/uploads\/2025\/06\/JT5A5115_besuch_tassere_karwendel_20230723_kompr-705x470.jpg 705w\" data-sizes=\"(max-width: 1030px) 100vw, 1030px\" data-rel='gallery-1' data-prev-img='https:\/\/www.gym-toelz.de\/wp-content\/uploads\/2025\/06\/JT5A5115_besuch_tassere_karwendel_20230723_kompr-495x400.jpg' class='lightbox ' data-onclick='2' title='JT5A5115_besuch_tassere_karwendel_20230723_kompr'  itemprop=\"thumbnailUrl\"  ><img decoding=\"async\" fetchpriority=\"high\" class=\"wp-image-882 avia-img-lazy-loading-not-882\"   src=\"https:\/\/www.gym-toelz.de\/wp-content\/uploads\/2025\/06\/JT5A5115_besuch_tassere_karwendel_20230723_kompr-495x400.jpg\" width=\"495\" height=\"400\"  title='JT5A5115_besuch_tassere_karwendel_20230723_kompr' alt='' srcset=\"https:\/\/www.gym-toelz.de\/wp-content\/uploads\/2025\/06\/JT5A5115_besuch_tassere_karwendel_20230723_kompr-495x400.jpg 495w, https:\/\/www.gym-toelz.de\/wp-content\/uploads\/2025\/06\/JT5A5115_besuch_tassere_karwendel_20230723_kompr-845x684.jpg 845w\" sizes=\"(max-width: 495px) 100vw, 495px\" \/><div class='big-prev-fake'><img decoding=\"async\" loading=\"lazy\" class=\"wp-image-882 avia-img-lazy-loading-882\"  width=\"495\" height=\"400\" src=\"https:\/\/www.gym-toelz.de\/wp-content\/uploads\/2025\/06\/JT5A5115_besuch_tassere_karwendel_20230723_kompr-495x400.jpg\" title='JT5A5115_besuch_tassere_karwendel_20230723_kompr' alt='' srcset=\"https:\/\/www.gym-toelz.de\/wp-content\/uploads\/2025\/06\/JT5A5115_besuch_tassere_karwendel_20230723_kompr-495x400.jpg 495w, https:\/\/www.gym-toelz.de\/wp-content\/uploads\/2025\/06\/JT5A5115_besuch_tassere_karwendel_20230723_kompr-845x684.jpg 845w\" sizes=\"auto, (max-width: 495px) 100vw, 495px\" \/><\/div><\/a><a href=\"https:\/\/www.gym-toelz.de\/wp-content\/uploads\/2025\/06\/JT5A5050_besuch_tassere_karwendel_20230723_kompr-687x1030.jpg\" data-srcset=\"https:\/\/www.gym-toelz.de\/wp-content\/uploads\/2025\/06\/JT5A5050_besuch_tassere_karwendel_20230723_kompr-687x1030.jpg 687w, https:\/\/www.gym-toelz.de\/wp-content\/uploads\/2025\/06\/JT5A5050_besuch_tassere_karwendel_20230723_kompr-200x300.jpg 200w, https:\/\/www.gym-toelz.de\/wp-content\/uploads\/2025\/06\/JT5A5050_besuch_tassere_karwendel_20230723_kompr-768x1152.jpg 768w, https:\/\/www.gym-toelz.de\/wp-content\/uploads\/2025\/06\/JT5A5050_besuch_tassere_karwendel_20230723_kompr-1024x1536.jpg 1024w, https:\/\/www.gym-toelz.de\/wp-content\/uploads\/2025\/06\/JT5A5050_besuch_tassere_karwendel_20230723_kompr-1365x2048.jpg 1365w, https:\/\/www.gym-toelz.de\/wp-content\/uploads\/2025\/06\/JT5A5050_besuch_tassere_karwendel_20230723_kompr-1000x1500.jpg 1000w, https:\/\/www.gym-toelz.de\/wp-content\/uploads\/2025\/06\/JT5A5050_besuch_tassere_karwendel_20230723_kompr-470x705.jpg 470w, https:\/\/www.gym-toelz.de\/wp-content\/uploads\/2025\/06\/JT5A5050_besuch_tassere_karwendel_20230723_kompr.jpg 1500w\" data-sizes=\"(max-width: 687px) 100vw, 687px\" data-rel='gallery-1' data-prev-img='https:\/\/www.gym-toelz.de\/wp-content\/uploads\/2025\/06\/JT5A5050_besuch_tassere_karwendel_20230723_kompr-495x400.jpg' class='lightbox ' data-onclick='3' title='JT5A5050_besuch_tassere_karwendel_20230723_kompr'  itemprop=\"thumbnailUrl\"  ><img decoding=\"async\" fetchpriority=\"high\" class=\"wp-image-881 avia-img-lazy-loading-not-881\"   src=\"https:\/\/www.gym-toelz.de\/wp-content\/uploads\/2025\/06\/JT5A5050_besuch_tassere_karwendel_20230723_kompr-495x400.jpg\" width=\"495\" height=\"400\"  title='JT5A5050_besuch_tassere_karwendel_20230723_kompr' alt='' srcset=\"https:\/\/www.gym-toelz.de\/wp-content\/uploads\/2025\/06\/JT5A5050_besuch_tassere_karwendel_20230723_kompr-495x400.jpg 495w, https:\/\/www.gym-toelz.de\/wp-content\/uploads\/2025\/06\/JT5A5050_besuch_tassere_karwendel_20230723_kompr-845x684.jpg 845w\" sizes=\"(max-width: 495px) 100vw, 495px\" \/><div class='big-prev-fake'><img decoding=\"async\" loading=\"lazy\" class=\"wp-image-881 avia-img-lazy-loading-881\"  width=\"495\" height=\"400\" src=\"https:\/\/www.gym-toelz.de\/wp-content\/uploads\/2025\/06\/JT5A5050_besuch_tassere_karwendel_20230723_kompr-495x400.jpg\" title='JT5A5050_besuch_tassere_karwendel_20230723_kompr' alt='' srcset=\"https:\/\/www.gym-toelz.de\/wp-content\/uploads\/2025\/06\/JT5A5050_besuch_tassere_karwendel_20230723_kompr-495x400.jpg 495w, https:\/\/www.gym-toelz.de\/wp-content\/uploads\/2025\/06\/JT5A5050_besuch_tassere_karwendel_20230723_kompr-845x684.jpg 845w\" sizes=\"auto, (max-width: 495px) 100vw, 495px\" \/><\/div><\/a><a href=\"https:\/\/www.gym-toelz.de\/wp-content\/uploads\/2025\/06\/JT5A4924_kompr-Uebergabe-SMV-3-1030x687.jpg\" data-srcset=\"https:\/\/www.gym-toelz.de\/wp-content\/uploads\/2025\/06\/JT5A4924_kompr-Uebergabe-SMV-3-1030x687.jpg 1030w, https:\/\/www.gym-toelz.de\/wp-content\/uploads\/2025\/06\/JT5A4924_kompr-Uebergabe-SMV-3-300x200.jpg 300w, https:\/\/www.gym-toelz.de\/wp-content\/uploads\/2025\/06\/JT5A4924_kompr-Uebergabe-SMV-3-768x512.jpg 768w, https:\/\/www.gym-toelz.de\/wp-content\/uploads\/2025\/06\/JT5A4924_kompr-Uebergabe-SMV-3-1536x1024.jpg 1536w, https:\/\/www.gym-toelz.de\/wp-content\/uploads\/2025\/06\/JT5A4924_kompr-Uebergabe-SMV-3-2048x1365.jpg 2048w, https:\/\/www.gym-toelz.de\/wp-content\/uploads\/2025\/06\/JT5A4924_kompr-Uebergabe-SMV-3-1500x1000.jpg 1500w, https:\/\/www.gym-toelz.de\/wp-content\/uploads\/2025\/06\/JT5A4924_kompr-Uebergabe-SMV-3-705x470.jpg 705w\" data-sizes=\"(max-width: 1030px) 100vw, 1030px\" data-rel='gallery-1' data-prev-img='https:\/\/www.gym-toelz.de\/wp-content\/uploads\/2025\/06\/JT5A4924_kompr-Uebergabe-SMV-3-495x400.jpg' class='lightbox ' data-onclick='4' title='JT5A4924_kompr-Uebergabe-SMV-3'  itemprop=\"thumbnailUrl\"  ><img decoding=\"async\" fetchpriority=\"high\" class=\"wp-image-879 avia-img-lazy-loading-not-879\"   src=\"https:\/\/www.gym-toelz.de\/wp-content\/uploads\/2025\/06\/JT5A4924_kompr-Uebergabe-SMV-3-495x400.jpg\" width=\"495\" height=\"400\"  title='JT5A4924_kompr-Uebergabe-SMV-3' alt='' srcset=\"https:\/\/www.gym-toelz.de\/wp-content\/uploads\/2025\/06\/JT5A4924_kompr-Uebergabe-SMV-3-495x400.jpg 495w, https:\/\/www.gym-toelz.de\/wp-content\/uploads\/2025\/06\/JT5A4924_kompr-Uebergabe-SMV-3-845x684.jpg 845w\" sizes=\"(max-width: 495px) 100vw, 495px\" \/><div class='big-prev-fake'><img decoding=\"async\" loading=\"lazy\" class=\"wp-image-879 avia-img-lazy-loading-879\"  width=\"495\" height=\"400\" src=\"https:\/\/www.gym-toelz.de\/wp-content\/uploads\/2025\/06\/JT5A4924_kompr-Uebergabe-SMV-3-495x400.jpg\" title='JT5A4924_kompr-Uebergabe-SMV-3' alt='' srcset=\"https:\/\/www.gym-toelz.de\/wp-content\/uploads\/2025\/06\/JT5A4924_kompr-Uebergabe-SMV-3-495x400.jpg 495w, https:\/\/www.gym-toelz.de\/wp-content\/uploads\/2025\/06\/JT5A4924_kompr-Uebergabe-SMV-3-845x684.jpg 845w\" sizes=\"auto, (max-width: 495px) 100vw, 495px\" \/><\/div><\/a><a href=\"https:\/\/www.gym-toelz.de\/wp-content\/uploads\/2025\/06\/JT5A5018_besuch_tassere_isar_20230723_kompr-1030x687.jpg\" data-srcset=\"https:\/\/www.gym-toelz.de\/wp-content\/uploads\/2025\/06\/JT5A5018_besuch_tassere_isar_20230723_kompr-1030x687.jpg 1030w, https:\/\/www.gym-toelz.de\/wp-content\/uploads\/2025\/06\/JT5A5018_besuch_tassere_isar_20230723_kompr-300x200.jpg 300w, https:\/\/www.gym-toelz.de\/wp-content\/uploads\/2025\/06\/JT5A5018_besuch_tassere_isar_20230723_kompr-768x512.jpg 768w, https:\/\/www.gym-toelz.de\/wp-content\/uploads\/2025\/06\/JT5A5018_besuch_tassere_isar_20230723_kompr-1536x1024.jpg 1536w, https:\/\/www.gym-toelz.de\/wp-content\/uploads\/2025\/06\/JT5A5018_besuch_tassere_isar_20230723_kompr-2048x1365.jpg 2048w, https:\/\/www.gym-toelz.de\/wp-content\/uploads\/2025\/06\/JT5A5018_besuch_tassere_isar_20230723_kompr-1500x1000.jpg 1500w, https:\/\/www.gym-toelz.de\/wp-content\/uploads\/2025\/06\/JT5A5018_besuch_tassere_isar_20230723_kompr-705x470.jpg 705w\" data-sizes=\"(max-width: 1030px) 100vw, 1030px\" data-rel='gallery-1' data-prev-img='https:\/\/www.gym-toelz.de\/wp-content\/uploads\/2025\/06\/JT5A5018_besuch_tassere_isar_20230723_kompr-495x400.jpg' class='lightbox ' data-onclick='5' title='JT5A5018_besuch_tassere_isar_20230723_kompr'  itemprop=\"thumbnailUrl\"  ><img decoding=\"async\" fetchpriority=\"high\" class=\"wp-image-880 avia-img-lazy-loading-not-880\"   src=\"https:\/\/www.gym-toelz.de\/wp-content\/uploads\/2025\/06\/JT5A5018_besuch_tassere_isar_20230723_kompr-495x400.jpg\" width=\"495\" height=\"400\"  title='JT5A5018_besuch_tassere_isar_20230723_kompr' alt='' srcset=\"https:\/\/www.gym-toelz.de\/wp-content\/uploads\/2025\/06\/JT5A5018_besuch_tassere_isar_20230723_kompr-495x400.jpg 495w, https:\/\/www.gym-toelz.de\/wp-content\/uploads\/2025\/06\/JT5A5018_besuch_tassere_isar_20230723_kompr-845x684.jpg 845w\" sizes=\"(max-width: 495px) 100vw, 495px\" \/><div class='big-prev-fake'><img decoding=\"async\" loading=\"lazy\" class=\"wp-image-880 avia-img-lazy-loading-880\"  width=\"495\" height=\"400\" src=\"https:\/\/www.gym-toelz.de\/wp-content\/uploads\/2025\/06\/JT5A5018_besuch_tassere_isar_20230723_kompr-495x400.jpg\" title='JT5A5018_besuch_tassere_isar_20230723_kompr' alt='' srcset=\"https:\/\/www.gym-toelz.de\/wp-content\/uploads\/2025\/06\/JT5A5018_besuch_tassere_isar_20230723_kompr-495x400.jpg 495w, https:\/\/www.gym-toelz.de\/wp-content\/uploads\/2025\/06\/JT5A5018_besuch_tassere_isar_20230723_kompr-845x684.jpg 845w\" sizes=\"auto, (max-width: 495px) 100vw, 495px\" \/><\/div><\/a><\/div><\/div>\n<section  class='av_textblock_section av-miu3ahs6-b0f761d87aad4eca5fcf9a18c616d630 '   itemscope=\"itemscope\" itemtype=\"https:\/\/schema.org\/BlogPosting\" itemprop=\"blogPost\" ><div class='avia_textblock'  itemprop=\"text\" ><p><img loading=\"lazy\" decoding=\"async\" class=\"wp-image-878 size-medium alignleft\" src=\"https:\/\/www.gym-toelz.de\/wp-content\/uploads\/2025\/06\/Tassere_neu-300x200.jpg\" alt=\"Tassere - unser Verbindungsmann - Besuch 2014\" width=\"300\" height=\"200\" srcset=\"https:\/\/www.gym-toelz.de\/wp-content\/uploads\/2025\/06\/Tassere_neu-300x200.jpg 300w, https:\/\/www.gym-toelz.de\/wp-content\/uploads\/2025\/06\/Tassere_neu.jpg 640w\" sizes=\"auto, (max-width: 300px) 100vw, 300px\" \/><\/p>\n<p style=\"text-align: center;\"><strong>Wir sind sehr froh mit einem so zuverl\u00e4ssigen Mann bei unserem Projekt &#8222;Gemeinsam f\u00fcr Afrika&#8220; zusammenarbeiten zu k\u00f6nnen.<\/strong><\/p>\n<p>Das Gabriel-von-Seidl Gymnasium Bad T\u00f6lz, unterst\u00fctzen seit 1995 mit unserem F\u00f6rderverein den Bau von Schulen in Burkina Faso. Die Kinder in diesem Land m\u00fcssen manchmal 5km oder mehr gehen, um in die Schule zu kommen. Im Dorf &#8222;Sagla&#8220; haben wir wegen des gro\u00dfen Bedarfs bis jetzt sogar zwei Schulen errichtet, und weil die Geb\u00e4ude dort sozusagen den neuen Mittelpunkt des Dorflebens darstellen, wurde von der Organisation UNICEF ein Brunnen in der N\u00e4he der Schulen gebaut.<\/p>\n<p>Burkina Faso ist aber ein sehr armes Land und die Familien k\u00f6nnen bei einer Jahresgeb\u00fchr von 5,00 Euro oft nur eines ihrer Kinder in die Schule schicken. Die meis<img loading=\"lazy\" decoding=\"async\" class=\"size-medium wp-image-877 alignright\" src=\"https:\/\/www.gym-toelz.de\/wp-content\/uploads\/2025\/06\/bf1-300x225.jpg\" alt=\"\" width=\"300\" height=\"225\" srcset=\"https:\/\/www.gym-toelz.de\/wp-content\/uploads\/2025\/06\/bf1-300x225.jpg 300w, https:\/\/www.gym-toelz.de\/wp-content\/uploads\/2025\/06\/bf1-705x529.jpg 705w, https:\/\/www.gym-toelz.de\/wp-content\/uploads\/2025\/06\/bf1.jpg 720w\" sizes=\"auto, (max-width: 300px) 100vw, 300px\" \/>ten Kinder k\u00f6nnen deshalb gar nicht zur Schule gehen.<\/p>\n<p>Uns ist wichtig, dass sich dies \u00e4ndert! Ebenfalls wollen wir erreichen, dass auch M\u00e4dchen zur Schule gehen d\u00fcrfen!<\/p>\n<p>Im Lauf der letzten 30 Jahre ist es uns gelungen, \u00fcber 470.000 Euro nach Burkina Faso zu schicken. Von diesem Geld sind inzwischen acht Grundschulen mit jeweils drei Lehrerh\u00e4usern an sechs verschiedenen Orten in l\u00e4ndlichen Gebieten gebaut und eingerichtet worden. 2015 haben wir zum ersten Mal auch den Bau einer weiterf\u00fchrenden Schule in der N\u00e4he der Hauptstadt Ouagadougou finanziert. Bis 2019 wurde diese Schule in Noghin ausgebaut. Im Anschlu\u00df konnten wir die dringend ben\u00f6tigte Elektrifizierung aller Schulen mittels Solaranlagen finanzieren. So ein Schulprojekt sowohl Neubau als auch Erweiterungen kosten inzwischen ca. 37.000 Euro. Finanziert wird unser Projekt durch unsere zahlreichen Spendenaktionen (z.B. Spendenlauf der Unterstufe, Sch\u00fclersammlung) an der Schule und unseren j\u00e4hrlichen Weihnachtsbasar, der uns immer rund 8.000 bis zu 12.000 Euro einbringt. Weiterhin unterst\u00fctzen wir auch mit ca. 800 Euro pro Jahr die Waisenkinder aus den D\u00f6rfern Sagla und Taon. Von dem Geld wird unter anderem Schulausr\u00fcstung und Kleidung gekauft.<\/p>\n<p>Wir hoffen, dass sich f\u00fcr diese Zusammenarbeit mit Burkina Faso auch viele Eltern, Lehrer und Sch\u00fcler engagieren werden.<\/p>\n<hr \/>\n<p><a id=\"spendenkonto\"><\/a>Spendenkonto: \u201eGemeinsam f\u00fcr Afrika\u201c &#8211; IBAN: DE78700543060000522300; BIC: BYLADEM1WOR &#8211; Sparkasse Bad T\u00f6lz-Wolfratshausen<\/p>\n<p style=\"text-align: center;\">qr-Code-Konto-Sparkasse (bitte Verwendungszweck angeben)<img loading=\"lazy\" decoding=\"async\" class=\"wp-image-874 aligncenter\" src=\"https:\/\/www.gym-toelz.de\/wp-content\/uploads\/2025\/06\/qr-code-homepage-2025.png\" alt=\"\" width=\"168\" height=\"168\" srcset=\"https:\/\/www.gym-toelz.de\/wp-content\/uploads\/2025\/06\/qr-code-homepage-2025.png 300w, https:\/\/www.gym-toelz.de\/wp-content\/uploads\/2025\/06\/qr-code-homepage-2025-80x80.png 80w, https:\/\/www.gym-toelz.de\/wp-content\/uploads\/2025\/06\/qr-code-homepage-2025-36x36.png 36w, https:\/\/www.gym-toelz.de\/wp-content\/uploads\/2025\/06\/qr-code-homepage-2025-180x180.png 180w\" sizes=\"auto, (max-width: 168px) 100vw, 168px\" \/><\/p>\n<p style=\"text-align: center;\">PayPal-Spendenkonto: gemeinsamfuerafrika.gvs@gmail.com<\/p>\n<p style=\"text-align: center;\">qr-Code-PayPal (bitte Verwendungszweck angeben)<\/p>\n<p><img loading=\"lazy\" decoding=\"async\" class=\"wp-image-875 aligncenter\" src=\"https:\/\/www.gym-toelz.de\/wp-content\/uploads\/2025\/06\/burkina-paypal-qrcode-300x300.png\" alt=\"\" width=\"178\" height=\"178\" srcset=\"https:\/\/www.gym-toelz.de\/wp-content\/uploads\/2025\/06\/burkina-paypal-qrcode-300x300.png 300w, https:\/\/www.gym-toelz.de\/wp-content\/uploads\/2025\/06\/burkina-paypal-qrcode-80x80.png 80w, https:\/\/www.gym-toelz.de\/wp-content\/uploads\/2025\/06\/burkina-paypal-qrcode-36x36.png 36w, https:\/\/www.gym-toelz.de\/wp-content\/uploads\/2025\/06\/burkina-paypal-qrcode-180x180.png 180w, https:\/\/www.gym-toelz.de\/wp-content\/uploads\/2025\/06\/burkina-paypal-qrcode.png 500w\" sizes=\"auto, (max-width: 178px) 100vw, 178px\" \/><\/p>\n<p><strong>Erfahren Sie mehr \u00fcber unser Projekt unter Beitr\u00e4ge und der Chronologie:<\/strong><\/p>\n<\/div><\/section>\n<div  class='togglecontainer av-mcun9yzq-d948554c92f1f3d2d87fe8cd5211db03 toggle_close_all' >\n<section class='av_toggle_section av-mcun7fnb-45b9445ad18b0ddb9883f3955f9fb818'  itemscope=\"itemscope\" itemtype=\"https:\/\/schema.org\/BlogPosting\" itemprop=\"blogPost\" ><div role=\"tablist\" class=\"single_toggle\" data-tags=\"{Alle} \"  ><p id='toggle-toggle-id-1' data-fake-id='#toggle-id-1' class='toggler  av-title-above '  itemprop=\"headline\"  role='tab' tabindex='0' aria-controls='toggle-id-1' data-slide-speed=\"200\" data-title=\"\u00c4ltere Beitr\u00e4ge\" data-title-open=\"\" data-aria_collapsed=\"Click to expand: \u00c4ltere Beitr\u00e4ge\" data-aria_expanded=\"Click to collapse: \u00c4ltere Beitr\u00e4ge\">\u00c4ltere Beitr\u00e4ge<span class=\"toggle_icon\"><span class=\"vert_icon\"><\/span><span class=\"hor_icon\"><\/span><\/span><\/p><div id='toggle-id-1' aria-labelledby='toggle-toggle-id-1' role='region' class='toggle_wrap  av-title-above'  ><div class='toggle_content invers-color '  itemprop=\"text\" ><p><strong>Neue Schule(n) in Noghin<\/strong><\/p>\n<p>Von 2017 bis 2019 Ausbau der weiterf\u00fchrenden Schule in Noghin<\/p>\n<p>Tass\u00e9r\u00e9 Derra &#8211; unser Ansprechpartner vor Ort &#8211; berichtet, dass die Sch\u00fcler, Eltern und Lehrer sehr froh \u00fcber die neuen R\u00e4ume sind. Zwar werden immer noch 54 bis 60 Sch\u00fcler pro Klasse unterrichtet, aber vor dem Neubau waren es doppelt so viele!<br \/>\nInsgesamt gehen momentan 1.284 Sch\u00fclerinnen und Sch\u00fcler am Gymnasium in Noghin zur Schule. \u2013 mit Tassere Derra hier: Noghin, Burkina Faso.<\/p>\n<p>09.10.2017: Am 2. Oktober war Schulanfang am Gymnasium in Noghin. Wir freuen uns sehr, dass die Schule nun schon 2 Jahre alt ist! Durch die im Sommer fertiggestellte Erweiterung haben nun mehr Sch\u00fclerinnen und Sch\u00fcler die M\u00f6glichkeit, eine weiterf\u00fchrende Schule zu besuchen.<\/p>\n<p>09.07.2017: Der Bau des 2. Schulgeb\u00e4udes f\u00fcr das Gymnasium in Noghin ist abgeschlossen! Hier seht ihr die letzten Anstricharbeiten und das Ergebnis. Wir freuen uns, dass alles so gut verlaufen ist und vielen Dank an alle.<\/p>\n<p>12.06.2017: Die Pr\u00fcfungen in den von unserem Verein gebauten Schulen sind gut verlaufen! Tass\u00e9r\u00e9 Derra &#8211; unser Ansprechpartner in Burkina Faso &#8211; schreibt, dass fast alle Sch\u00fclerinnen und Sch\u00fcler das CEP (Certificat d\u2019Etudes Primaires am Ende der ersten 6 Schuljahre) in den Grundschulen in Sagla, Taon und Napalgue bestanden haben.<br \/>\nAuch sehr gut verlaufen sind die Pr\u00fcfungen des BEPC (Brevet d\u2019Etudes du Premier Cycle) am Ende der Sekundarstufe am Gymnasium in Noghin.<br \/>\nAu\u00dferdem wurde das Gymnasium in Noghin vom Bildungsministerium des Landes als Pr\u00fcfungszentrum ausgew\u00e4hlt, in dem die Sch\u00fclerinnen und Sch\u00fcler aus allen benachbarten D\u00f6rfern ihre Pr\u00fcfungen ablegen. Das ist eine besondere Auszeichnung!<br \/>\nWir gratulieren allen Sch\u00fclerinnen und Sch\u00fclern zu den erfolgreichen Pr\u00fcfungen!<\/p>\n<p>15.04.2017: Tass\u00e9r\u00e9 Derra, unser Ansprechpartner vor Ort schreibt uns, dass die Arbeiten am 2. Schulbau in Noghin in ein paar Wochen abgeschlossen sein werden!<\/p>\n<p>22.02.2017: Tass\u00e9r\u00e9 Derra schickt weitere Fotos vom Baufortschritt zur Erweiterung des Gymnasiums in Noghin und schreibt, dass die Arbeiten gut verlaufen!<\/p>\n<p>07.01.2017: Unser Ansprechpartner in Burkina Faso Tass\u00e9r\u00e9 Derra berichtet zu Anfang des neuen Jahres, dass die Bauarbeiten f\u00fcr die neue Schule in Noghin gut angelaufen sind. Die Bev\u00f6lkerung von Noghin ist sehr engagiert, sie haben 10 Gruppen mit je 12 Personen gebildet und arbeiten hart!<\/p>\n<p>15.11.2016: Tass\u00e9r\u00e9 hat aktuelle Fotos von den Sch\u00fclerinnen und Sch\u00fclern des Gymnasiums in Noghin geschickt. Er berichtet, dass der Schulalltag gut verl\u00e4uft und richtet herzliche Gr\u00fc\u00dfe aus Noghin an alle Mitglieder und Unterst\u00fctzer des Vereins aus!<\/p>\n<p>25.07.2016: Tass\u00e9r\u00e9 schreibt, dass das Schuljahr gut verlaufen ist und alle F\u00fcnftkl\u00e4ssler in die n\u00e4chste Klasse versetzt werden.<br \/>\nAuch an den anderen Schulen in Sagla, Taon und Napalgu\u00e9 sind die Pr\u00fcfungen gut gelaufen, viele Sch\u00fcler haben in diesem Jahr ihr CEP-Examen bestanden, und viele von ihnen werden vom 1. Oktober an ein Gymnasium besuchen. Das ist wirklich ein gro\u00dfer Erfolg, die Sch\u00fcler und ihre Eltern sind sehr froh dar\u00fcber.<br \/>\nBis zum 15. September haben die Sch\u00fclerinnen und Sch\u00fcler nun Ferien<\/p>\n<p>06.03.2016: Tass\u00e9r\u00e9 schickt Bilder von den ersten Sch\u00fclerinnen und Sch\u00fclern, die das neue Gymnasium in Noghin besuchen und schreibt, dass alles sehr gut l\u00e4uft.<\/p>\n<p>05.12.2015: Vielen Dank an alle, die zum Erfolg des Weihnachtsbasars am letzten Samstag beigetragen haben!<br \/>\nWir freuen uns, dass bei unserem diesj\u00e4hrigen Weihnachtsbasar in der Aula insgesamt 8.700 Euro eingenommen wurden. Zudem hat die T\u00f6lzer Fl\u00fcchtlingshilfe mit ihrem Kuchenstand dort auch noch ihre Kasse aufbessern k\u00f6nnen. Das ist ein sehr sch\u00f6nes Ergebnis und wir m\u00f6chten uns bei all den freiwilligen Helfern, Sch\u00fclern, Lehrern, Eltern und Au\u00dfenstehenden ganz herzlich bedanken, die dies durch ihre Kreativit\u00e4t und ihren Flei\u00df, durch den Verkauf der vielen sch\u00f6nen Bastelarbeiten und leckeren Gerichte sowie durch das musikalische Rahmenprogramm m\u00f6glich gemacht haben!<br \/>\nHerzlichen Dank!<br \/>\nIhre Ulrike Frenkel (1.Vorsitzende)<\/p>\n<p>15.11.2015: Tass\u00e9r\u00e9 Derra schickt uns aktuelle Fotos vom Lyc\u00e9e in Noghin. Aufgrund der politischen Krise fand keine Einweihungsfeier statt, aber in den Schulen geht die Arbeit inzwischen normal weiter und der Unterricht l\u00e4uft gut. Insgesamt wurden f\u00fcnf Klassenzimmer und zwei Lehrerh\u00e4user mit kleinen B\u00fcros neben den Zimmern gebaut.<\/p>\n<p>19.10.2015: Das Lyc\u00e9e in Noghin ist fertig und wir freuen uns riesig! Diese Woche beginnt dort der Schulbetrieb und Tass\u00e9r\u00e9 will uns bald Fotos davon schicken. Wir sind schon sehr gespannt darauf!<\/p>\n<p>17.09.2015: Hier nach der Ferienpause Neuigkeiten von Tass\u00e9r\u00e9. Sie zeigen die Maurer beim Anstreichen, der Bau ist demn\u00e4chst ganz fertig und die Einschreibung f\u00fcr die 6. Klassen hat am 1. September begonnen.<\/p>\n<p>19.07.2015: Der Bau des Schulgeb\u00e4udes und der beiden Lehrerh\u00e4user in Noghin gehen gut voran. Im Oktober soll das Lyc\u00e9e er\u00f6ffnet werden!<br \/>\nWeitere sehr gute Neuigkeiten: in Taon und Napalgu\u00e9 haben alle Sch\u00fclerinnen und Sch\u00fcler das CEP-Examen bestanden, in Sagla fast alle. Wir gratulieren allen Sch\u00fclerinnen und Sch\u00fclern und freuen uns mit euch!<\/p>\n<p>20.06.2015: Neuigkeiten vom Bau des Lyc\u00e9es in Noghin: die Mauern stehen!<\/p>\n<p>14.05.2015: Der Bau des Lyc\u00e9es geht weiter voran!<\/p>\n<p>15.03.2015: Liebe Burkina-Freunde,<br \/>\nGemeinsam mit dem Dorf\u00e4ltesten hat er 20 Helfergruppen \u00e0 10 M\u00e4nner gebildet, jeden Tag arbeitet eine andere Gruppe mit den Maurern. Alles l\u00e4uft sehr gut, schreibt er, und schickt herzlichen Dank und Gru\u00df an alle Unterst\u00fctzer.<br \/>\nIn unseren Grundschulen in Sagla, Taon und Napalgu\u00e9 werden demn\u00e4chst insgesamt 159 Sch\u00fcler ihr CEP-Examen ablegen, dessen Ausgang dar\u00fcber entscheidet, ob sie eine weiterf\u00fchrende Schule besuchen k\u00f6nnen. Wir dr\u00fccken allen M\u00e4dchen und Jungen dort die Daumen!<\/p>\n<p>02.03.2015: Liebe Burkina-Freunde,<br \/>\nam vergangenen Samstag hat die Bev\u00f6lkerung des Dorfs Noghin, n\u00f6rdlich von Ouagadougou, begonnen, Material f\u00fcr Ziegel zusammenzutragen. Mit unserer finanziellen Unterst\u00fctzung wird dort in den kommenden Monaten bis zum Schuljahresbeginn 2015\/2016 ein Lyc\u00e9e, ein Gymnasium, entstehen. Das ist auch f\u00fcr unseren Verein eine Premiere, denn bisher haben wir Grundschulen gebaut. Unser Verbindungsmann vor Ort, Tass\u00e9r\u00e9 Derra, der B\u00fcrgermeister und die Bev\u00f6lkerung von Noghin danken allen Spendern und Helfern f\u00fcr ihr Engagement. \u00dcber die weiteren Bauaktivit\u00e4ten halten wir euch auf dem Laufenden&#8230;<\/p>\n<\/div><\/div><\/div><\/section>\n<section class='av_toggle_section av-mcun78nr-3135a3e70725f805a6c6b2b351615e68'  itemscope=\"itemscope\" itemtype=\"https:\/\/schema.org\/BlogPosting\" itemprop=\"blogPost\" ><div role=\"tablist\" class=\"single_toggle\" data-tags=\"{Alle} \"  ><p id='toggle-toggle-id-2' data-fake-id='#toggle-id-2' class='toggler  av-title-above '  itemprop=\"headline\"  role='tab' tabindex='0' aria-controls='toggle-id-2' data-slide-speed=\"200\" data-title=\"Chronologie\" data-title-open=\"\" data-aria_collapsed=\"Click to expand: Chronologie\" data-aria_expanded=\"Click to collapse: Chronologie\">Chronologie<span class=\"toggle_icon\"><span class=\"vert_icon\"><\/span><span class=\"hor_icon\"><\/span><\/span><\/p><div id='toggle-id-2' aria-labelledby='toggle-toggle-id-2' role='region' class='toggle_wrap  av-title-above'  ><div class='toggle_content invers-color '  itemprop=\"text\" ><div><strong>Chronologie des Projekts<\/strong><\/div>\n<div><\/div>\n<div>Kurz-Chronik:<\/div>\n<ul>\n<li>1995-2025 J\u00e4hrlicher Weihnachtsbasar jeweils am Samstag vor dem ersten Advent<\/li>\n<li>2016-2025 alle zwei Jahre findet ein Spendenlauf\u00a0 zur Unterst\u00fctzung des Projekts statt<\/li>\n<li>2023 Besuch unseres Kontaktmanns Tass\u00e9r\u00e9 Derra aus Burkina Faso in Bad T\u00f6lz<\/li>\n<li>2023 Erweiterung der Grundschule in Taon<\/li>\n<li>2021 Elektrifizierung aller Schulen<\/li>\n<li>2017 bis 2019 Ausbau: Gymnasium in Noghin<\/li>\n<li>2015 Schulbau: Gymnasium in Noghin<\/li>\n<li>2014 Besuch unseres Kontaktmanns Tass\u00e9r\u00e9 Derra aus Burkina Faso in Bad T\u00f6lz<\/li>\n<li>2012 Schulbau: Grundschule in Napalgu\u00e9<\/li>\n<li>2012 Besuch unseres Kontaktmanns Tass\u00e9r\u00e9 Derra aus Burkina Faso in Bad T\u00f6lz<\/li>\n<li>2011 Schulbau: 2. Grundschule in Sagla<\/li>\n<li>2010 Reise eines Vereinsmitglieds nach Burkina Faso<\/li>\n<li>Besuch der Schulen in Sagla und Taon<\/li>\n<li>2009 Besuch unseres Kontaktmanns Tass\u00e9r\u00e9 Derra aus Burkina Faso in Bad T\u00f6lz<\/li>\n<li>2008 Schulbau: Grundschule in Taon<\/li>\n<li>2006\/2007 Reise von Vereinsmitgliedern nach Burkina Faso<\/li>\n<li>Besuch der Schulen in Konli, Dano, Assio und Sagla<\/li>\n<li>2006 Schulbau: Grundschule in Sagla<\/li>\n<li>2004\/2005 Reise von Vereinsmitgliedern nach Burkina Faso<\/li>\n<li>Besuch der Schulen in Konli, Dano und Assio<\/li>\n<li>2004 Schulbau: Grundschule in Assio (2 Geb\u00e4ude)<\/li>\n<li>2000\/2001 Reise von Vereinsmitgliedern nach Burkina Faso<\/li>\n<li>Besuch der Schulen in Konli und Dano<\/li>\n<li>2000 Schulbau: Grundschule in Dano<\/li>\n<li>1997 Schulbau: Grundschule in Konli<\/li>\n<li>1995 Gr\u00fcndung des Vereins<\/li>\n<\/ul>\n<div><strong>Ausf\u00fchrliche Chronik:<\/strong><\/div>\n<div><\/div>\n<div>Fr\u00fchjahr 2023: Die von uns 2008 finanzierte Grundschule in Taon wird mit drei neuen Klassenzimmern und einem Lehrergeb\u00e4ude erweitert.<\/div>\n<div><\/div>\n<div><\/div>\n<div>Fr\u00fchjahr 2023: Durch erfreuliche Einzelspenden und bestehende finanzielle Mittel k\u00f6nnen wir die Elektrifizierung aller Schulen sowie den Bau eines weiteren Lehrerhauses in Noghin in Auftrag geben.<\/div>\n<div><\/div>\n<div><\/div>\n<div>November 2022: 26. Weihnachtsbasar in der Aula des Gabriel-von-Seidl-Gymnasiums.<\/div>\n<div><\/div>\n<div><\/div>\n<div>Juli 2022: Laufen f\u00fcr Burkina Faso &#8211; Gro\u00dfer Erfolg beim Sponsorenlauf am Gabriel-von-Seidl-Gymnasium Bad T\u00f6lz! Beim Spendenlauf der Unterstufe f\u00fcr Schulprojekte in Burkina Faso wurden unfassbare 10.000 \u20ac Spenden gesammelt.<\/div>\n<div><\/div>\n<div><\/div>\n<div>November 2021: Zu unserem gro\u00dfen Bedauern muss der traditionellen Weihnachtsbasar noch einmal ausfallen. Ein &#8222;kleiner Ersatzbasar&#8220; vor Weihnachten durchgef\u00fchrt in den Schulpausen erbringt erfreuliche 3000 \u20ac.<\/div>\n<div><\/div>\n<div><\/div>\n<div>Fr\u00fchjahr 2021: Durch erfreuliche Einzelspenden und bestehende finanzielle Mittel k\u00f6nnen wir die Elektrifizierung aller Schulen sowie den Bau eines weiteren Lehrerhauses in Noghin in Auftrag geben. Zus\u00e4tzlich wurde kurzfristig dringend ben\u00f6tigtes Schulmaterial f\u00fcr die Fl\u00fcchtlingskinder finanziert.<\/div>\n<div><\/div>\n<div><\/div>\n<div>Herbst 2020: Aus dem Kassenbericht bei der Jahreshauptversammlung: Die Gesamthilfe des Vereins seit Gr\u00fcndung 1995 betr\u00e4gt mittlerweile \u00fcber 400.000 \u20ac.<\/div>\n<div><\/div>\n<div><\/div>\n<div>Jahr 2020: Das f\u00fcr den Sommer geplante Afrika-Fest zum 25-j\u00e4hrigen Bestehen des Vereins sowie unser geliebter Weihnachtsbasar m\u00fcssen coronabedingt leider entfallen.<\/div>\n<div><\/div>\n<div><\/div>\n<div>30. November 2019: 25. Jubil\u00e4ums-Weihnachtsbasar in der Aula des Gabriel-von-Seidl-Gymnasiums.<\/div>\n<div><\/div>\n<div><\/div>\n<div>Sommer 2019: Der Erweiterungsbau des Lycees in Noghin wurde fertiggestellt. Es besuchen momentan genau 1284 Sch\u00fcler*innen diese Schule.<\/div>\n<div><\/div>\n<div><\/div>\n<div>01. Dezember 2018: 24. Weihnachtsbasar in der Aula des Gabriel-von-Seidl-Gymnasiums, welcher mit Einnahmen \u00fcber 13.000 \u20ac zum erfolgreichsten Basar seiner Geschichte z\u00e4hlt.<\/div>\n<div><\/div>\n<div><\/div>\n<div>Herbst 2018: Cordula Ebner von Eschenbach wird auf der Jahreshauptversammlung zur neuen ersten Vorsitzenden des Vereins gew\u00e4hlt.<\/div>\n<div><\/div>\n<div><\/div>\n<div>Sommer 2018: Laufen f\u00fcr Burkina Faso &#8211; Gro\u00dfer Erfolg beim Sponsorenlauf am Gabriel-von-Seidl-Gymnasium Bad T\u00f6lz. Beim Spendenlauf der 6. und 7. Klassen f\u00fcr<\/div>\n<div><\/div>\n<div>Schulprojekte in Burkina Faso wurden ca. 2.800 \u20ac Spenden gesammelt.<\/div>\n<div><\/div>\n<div><\/div>\n<div>Sommer 2018: Nahezu alle Sch\u00fcler*innen unserer Grundschulen und Lycees bestehen Ihre Abschlusspr\u00fcfungen<\/div>\n<div><\/div>\n<div><\/div>\n<div>02. Dezember 2017: 23. Weihnachtsbasar in der Aula des Gabriel-von-Seidl-Gymnasiums<\/div>\n<div><\/div>\n<div><\/div>\n<div>Sommer 2017: Erweiterung der Schule in Noghin um ein weiteres Schulgeb\u00e4ude<\/div>\n<div><\/div>\n<div><\/div>\n<div>26. November 2016: 22. Weihnachtsbasar in der Aula des Gabriel-von-Seidl-Gymnasiums<\/div>\n<div><\/div>\n<div><\/div>\n<div>Herbst 2016: Birgitt Breiter wird auf der Jahreshauptversammlung zur neuen ersten Vorsitzenden des Vereins gew\u00e4hlt. Zudem beschlie\u00dft der Verein den Bau eines weiteren Gymnasiums.<\/div>\n<div><\/div>\n<div><\/div>\n<div>27. Juli 2016: Laufen f\u00fcr Burkina Faso &#8211; Gro\u00dfer Erfolg beim Sponsorenlauf am Gabriel-von-Seidl-Gymnasium Bad T\u00f6lz!<\/div>\n<div><\/div>\n<div>Beim Spendenlauf der 6. und 7. Klassen f\u00fcr Schulprojekte in Burkina Faso wurden \u00fcber 4.000 \u20ac Spenden gesammelt.<\/div>\n<div><\/div>\n<div><\/div>\n<div>Sommer 2016: Im Gymnasium in Noghin ist das erste Schuljahr gut verlaufen und alle F\u00fcnftkl\u00e4ssler werden in die n\u00e4chste Klasse versetzt.<\/div>\n<div><\/div>\n<div>Auch an den anderen Schulen in Sagla, Taon und Napalgu\u00e9 sind die Pr\u00fcfungen gut gelaufen, viele Sch\u00fcler\/innen haben in diesem Jahr ihr CEP-Examen bestanden und werden ab dem Herbst ein Gymnasium besuchen k\u00f6nnen.<\/div>\n<div><\/div>\n<div><\/div>\n<div>28. November 2015: 21. Weihnachtsbasar in der Aula des Gabriel-von-Seidl-Gymnasiums<\/div>\n<div><\/div>\n<div>Oktober 2015: Trotz der politisch unsicheren Situation wurde das Gymnasium in Noghin er\u00f6ffnet und der Schulbetrieb hat begonnen!<\/div>\n<div><\/div>\n<div><\/div>\n<div>25. September 2015: \u201cGemeinsam f\u00fcr Afrika\u201d feiert sein zwanzigj\u00e4hriges Bestehen. Gleichzeitig ist unser neuntes Schulhaus in Noghin fertig und kann den Betrieb aufnehmen.<\/div>\n<div><\/div>\n<div><\/div>\n<div>M\u00e4rz 2015: Der Bau unseres ersten Gymnasiums (Lycee) in Noghin, im Nordwesten der Hauptstadt Ougadougou, hat begonnen.<\/div>\n<div><\/div>\n<div><\/div>\n<div>29. November 2014: 20. Weihnachtsbasar in der Aula des Gabriel-von-Seidl-Gymnasiums<\/div>\n<div><\/div>\n<div>Herbst 2014: Der Verein &#8222;Gemeinsam f\u00fcr Afrika&#8220; \u00fcberlegt, ob in Zukunft auch weiterf\u00fchrende Schulen gef\u00f6rdert werden sollen. Der Entscheidungsprozess ist noch nicht abgeschlossen.<\/div>\n<div><\/div>\n<div><\/div>\n<div>August 2014: Unser Kontaktmann Tass\u00e9r\u00e9 Derra ist wieder zu Besuch in Deutschland und kommt auch nach Bad T\u00f6lz. In einem Interview spricht er \u00fcber die Lage in Burkina Faso und berichtet vom Fortgang unserer Projekte.<\/div>\n<div><\/div>\n<div><\/div>\n<div>30. November 2013: 19. Weihnachtsbasar. Wegen Bauarbeiten in der Aula findet er heuer in der Mensa statt.<\/div>\n<div><\/div>\n<div><\/div>\n<div>Herbst 2013: Nun sind auch in Napalgu\u00e9 alle drei Lehrerh\u00e4user fertig, die Schule ist vollst\u00e4ndig in Betrieb. Bei der Jahreshauptversammlung beschlie\u00dfen die Mitglieder, ihr inzwischen neuntes Schulhaus in Penaigu\u00e9 zu planen. Gegenw\u00e4rtig laufen die Vor\u00fcberlegungen und Planungen.<\/div>\n<div><\/div>\n<div><\/div>\n<div>Fr\u00fchjahr 2013: Taon ist nun vollst\u00e4ndig in Betrieb: zwei Schulen und sechs Lehrerh\u00e4usersorgen daf\u00fcr, dass die Kinder des Ortes eine Grundschulausbildung erhalten.<\/div>\n<div><\/div>\n<div><\/div>\n<div>1. Dezember 2012: 18. Weihnachtsbasar in der Aula des Gymnasiums Bad T\u00f6lz.<\/div>\n<div>Die Schule und ein Lehrerhaus in Napalgu\u00e9 sind fertiggestellt. Die beiden anderen<\/div>\n<div>Lehrerh\u00e4user sind in Planung bzw. im Bau.<\/div>\n<div><\/div>\n<div><\/div>\n<div>Fr\u00fchjahr 2012: Unser &#8222;Mann vor Ort&#8220; Tass\u00e9r\u00e9 Derra besucht zum zweiten Mal Bad T\u00f6lz. Wie schon beim letzten Mal kann er mit seinem einnehmenden Wesen viele Sch\u00fclerInnen, Eltern und Lehrkr\u00e4fte begeistern. Wir sind uns sicher, dass mit seiner Hilfe unser Anliegen, die Schulbildung in Burkina Faso zu verbessern, die beste Unterst\u00fczung genie\u00dft. Auch in Zukunft werden wir mit seiner Hilfe neue Schulen in Burkina errichten.<\/div>\n<div><\/div>\n<div><\/div>\n<div>26. November 2011: 17. Weihnachtsbasar in der Aula des Gabriel-von-Seidl-Gymnasiums<\/div>\n<div><\/div>\n<div>Sommer 2011: In Sagla und Taon werden weitere Lehrerh\u00e4user fertig gestellt.<\/div>\n<div><\/div>\n<div>Fr\u00fchjahr 2011:Bau eines weiteren Schulgeb\u00e4udes in Sagla. Das Dorf ist gro\u00df und viele Kinder wollen in die Schule gehen.<\/div>\n<div><\/div>\n<div><\/div>\n<div>25. November 2010: 16. Weihnachtsbasar in der Aula des Gabriel-von-Seidl-Gymnasiums<\/div>\n<div><\/div>\n<div><\/div>\n<div>November 2010: Unser Vereinsmitglied Ricarda Miller besucht auf einer privaten Reise unsere Schule in Sagla und Taon. Ausf\u00fchrliche Informationen sind im -&gt; Reisebericht (3 MB) sowie -&gt; Poster (3,3 MB) zu finden.<\/div>\n<div><\/div>\n<div><\/div>\n<div>Herbst 2010: Eine neue Vorsitzende des Vereins wird gew\u00e4hlt. Frau Ulrike Frenkel wird sich in Zukunft zusammen mit ihrem Mann als Doppelspitze um die F\u00fchrung des Vereins bem\u00fchen.<\/div>\n<div><\/div>\n<div><\/div>\n<div>28. November 2009: 15. Weihnachtsbasar in der Aula des Gabriel-von-Seidl-Gymnasiums<\/div>\n<div><\/div>\n<div>Sommer 2009: In Taon beginnt der Unterricht f\u00fcr 78 Grundsch\u00fclerInnen. Der Ausbau der Schule geht weiter.<\/div>\n<div><\/div>\n<div><\/div>\n<div>Fr\u00fchjahr 2009: Besuch unseres &#8222;Mannes vor Ort&#8220; Tass\u00e9r\u00e9 Derra in Bad T\u00f6lz. Er informiert \u00fcber den Stand der Arbeiten an tassere2unseren Schulen in Sagla und Taon. Tass\u00e9r\u00e9 spricht dabei auch mit vielen Sch\u00fclern unseres Gymnasiums. Sein Besuch war sowohl f\u00fcr ihn als auch f\u00fcr uns sehr bereichernd.<\/div>\n<div><\/div>\n<div><\/div>\n<div>29. November 2008: 14. Weihnachtsbasar in der Aula des Gabriel-von-Seidl-Gymnasiums<\/div>\n<div><\/div>\n<div>\u00a0Herbst 2008: Voll Elan beginnen die Eltern in Taon mit dem Bau ihrer Grundschule. Vor Beginn der Regenzeit soll das Geb\u00e4ude stehen, 2009 soll der Unterricht beginnen.<\/div>\n<div><\/div>\n<div><\/div>\n<div>Sommer 2008: Die Vorbereitungen f\u00fcr ein f\u00fcnftes Schulprojekt starten. Der Verein entscheidet sich f\u00fcr Taon, 95km n\u00f6rdlich der Hauptstadt Ouagadougou. In der dortigen l\u00e4ndlichen Region ist ein Schulhaus dringend notwendig.<\/div>\n<div><\/div>\n<div><\/div>\n<div>1. Dezember 2007: 13. Weihnachtsbasar in der Aula des Gabriel-von-Seidl-Gymnasiums.<\/div>\n<div><\/div>\n<div><\/div>\n<div>Sommer 2007: In Sagla beginnt der Unterricht der ersten Klasse. Die noch fehlenden Lehrerh\u00e4user werden errichtet. Die Arbeiten werden bis 2008 andauern.<\/div>\n<div><\/div>\n<div>Jahreswechsel 2006\/2007: Eine Abordnung von \u201eGemeinsam f\u00fcr Afrika&#8220; besucht &#8211; wieder auf eigene Kosten &#8211; alle vier Schulen in Burkina Faso. Die Teilnehmer k\u00f6nnen sich vom ordnungsgem\u00e4\u00dfen Betrieb \u00fcberzeugen. W\u00fcnsche der dortigen Elternvereine werden entgegengenommen, Probleme besprochen.<\/div>\n<div><\/div>\n<div><\/div>\n<div>2. Dezember 2006: 12. Weihnachtsbasar , diesmal wieder in gewohnter Umgebung in der Aula des Gabriel-von-Seidl-Gymnasiums.<\/div>\n<div><\/div>\n<div><\/div>\n<div>25. und 27. Juli 2006: An zwei Projekttagen befassen sich die Sch\u00fcler des T\u00f6lzer Gymnasiums\u00a0 \u00a0mit Afrika. Zum Abschluss gibt es ein gro\u00dfes Fest mit afrikanischer Live-Musik.<\/div>\n<div><\/div>\n<div><\/div>\n<div>Sommer 2006: Auf Vermittlung von Katrin Rohde beginnt der Bau unseres 4. Schulprojekts in Sagla, ca. 75 km nordwestlich der Hauptstadt Ouagadougou. Durch tatkr\u00e4ftige Mithilfe der gesamten Bev\u00f6lkerung gelingt es unserem Verbindungsmann vor Ort, Tass\u00e9r\u00e9 Derra, in nur 3 Monaten das Schulgeb\u00e4ude fertig zu stellen. Wir hoffen nun, dass vielleicht noch dieses Jahr mit dem Schulbetrieb begonnen werden kann.<\/div>\n<div><\/div>\n<div><\/div>\n<div>Fr\u00fchjahr 2006: Katrin Rohde, die Betreiberin des von uns schon l\u00e4nger unterst\u00fctzten Waisenhauses in Ouagadougou, besucht die Schule auf ihrer Deutschlandreise und h\u00e4lt vor Sch\u00fclern einen Vortrag \u00fcber ihr Stra\u00dfenjungenprojekt und das M\u00e4dchenhaus. Beeindruckt von der Sprache der Bilder k\u00f6nnen viele Sch\u00fcler nun ein wenig besser verstehen welche Probleme Kinder in einem afrikanischen Land haben.<\/div>\n<div><\/div>\n<div><\/div>\n<div>26. November 2005: Auf dem 11. Weihnachtsbasar feiert der Verein sein zehnj\u00e4hriges Bestehen. Ausnahmsweise nicht in der Aula, da diese wegen Renovierungsarbeiten gesperrt ist, sondern in der Turnhalle schaffen es viele Helfer wieder eine sch\u00f6ne adventliche Stimmung entstehen zu\u00a0 lassen.<\/div>\n<div>Die Bilanz der letzten 10 Jahre kann sich sehen lassen: 3 Schulen mit insgesamt bis zu 1000 Sch\u00fclern erm\u00f6glichen sonst nicht mit einer staatlich gebauten Schule ausgestatteten D\u00f6rfern einen Zugang zu Schulbildung. Spenden in der H\u00f6he von ca. 50 000 Euro haben dazu beigetragen.<\/div>\n<div><\/div>\n<div><\/div>\n<div>Weihnachtsferien 2004\/05: Eine siebenk\u00f6pfige Gruppe unseres Vereins, bestehend aus Lehrkr\u00e4ften, Eltern und einer ehemaligen Sch\u00fclerin, f\u00e4hrt auf eigene Kosten nach Burkina Faso um unsere Schulen zu besuchen und nach dem Rechten zu sehen. In den Schulen in Dano und Assio, welche erst seit Kurzem bestehen, l\u00e4uft der Unterricht erst in den Jahrgangsstufen 1 bis 3. In Konli jedoch, unserer \u00e4ltesten Schule, haben wir sogar Gelegenheit mit einigen Sch\u00fclern zu sprechen die nun eine weiterf\u00fchrende Schule im Nachbarort besuchen. Man sieht, unsere Spenden f\u00fchren zum erhofften Erfolg.<\/div>\n<div><\/div>\n<div><\/div>\n<div>27. November 2004: Zehnter Weihnachtsbasar.<\/div>\n<div><\/div>\n<div><\/div>\n<div>Oktober 2004: Die Zusammenarbeit mit der EWA tr\u00e4gt Fr\u00fcchte. Eine Schule in Assio, ungef\u00e4hr 100 km westlich der Hauptstadt Ouagadougou wird er\u00f6ffnet. Aufgrund des hohen Bedarfs besteht diese Schule aus zwei Geb\u00e4uden, so dass jede Klasse ihr eigenes Klassenzimmer besitzt.<\/div>\n<div><\/div>\n<div><\/div>\n<div>29. November 2003: Neunter Weihnachtsbasar.<\/div>\n<div><\/div>\n<div><\/div>\n<div>Herbst 2003: \u201eGemeinsam f\u00fcr Afrika\u201c startet in Zusammenarbeit mit der EWA, der \u201eEntwicklungswerkstatt Afrika\u201c sein drittes Schulprojekt. Die EWA, eine Nichtregierungsorganisation aus \u00d6sterreich, arbeitet mit einheimischen Kr\u00e4ften in Burkina Faso zusammen. Deshalb kann unter den W\u00fcnschen mehrerer Dorfgemeinschaften das sinnvollste Projekt ausgesucht werden.<\/div>\n<div><\/div>\n<div><\/div>\n<div>Sommer 2003: In Zusammenarbeit mit einem Waisenhaus im Ouagadougou, der Hauptstadt Burkina Fasos, hilft der Verein mit, Fl\u00fcchtlingskindern aus der Elfenbeink\u00fcste eine Schulbildung zu erm\u00f6glichen.<\/div>\n<div><\/div>\n<div><\/div>\n<div>30. November 2002: Achter Weihnachtsbasar.<\/div>\n<div><\/div>\n<div>Herbst 2002: Nach einer Verz\u00f6gerung bei der Ausstattung der Schule in Dano wird der Unterrichtsbetrieb auch dort aufgenommen. Da in Konli bald die ersten Sch\u00fcler \u201cunsere\u201d Schule verlassen werden, \u00fcberpr\u00fcft der Verein die M\u00f6glichkeiten, durch gezielte berufliche Bildungsangebote die Jugendlichen in ihren D\u00f6rfern zu halten und die Landflucht zu bremsen.<\/div>\n<div><\/div>\n<div><\/div>\n<div>1. Dezember 2001: Siebter Weihnachtsbasar.<\/div>\n<div><\/div>\n<div><\/div>\n<div>Sommer 2001: Die Schule in Dano ist weitgehend fertig. Der Verein \u00fcbernimmt die Innenausstattung und genehmigt den Bau von zwei Lehrerh\u00e4usern. In Konli werden die Lehrerh\u00e4user bezogen. Auch die Schule von Konli w\u00e4chst weiter, ihre Ausr\u00fcstung wird verbessert. Da inzwischen alle Klassenzimmer belegt sind, wird der Bau von drei weiteren Schulr\u00e4umen erwogen.<\/div>\n<div><\/div>\n<div><\/div>\n<div>Jahreswechsel 2000\/2001: Mitglieder des Vereins reisen auf eigene Kosten nach Burkina Faso und besuchen unsere Projekte. In Dano wird der Rohbau der dortigen Schule unter gro\u00dfer Anteilnahme der gesamten Dorfbev\u00f6lkerung mit Musik und Tanz eingeweiht.<\/div>\n<div>In Konli werden die Schule und die &#8211; noch unfertigen &#8211; Lehrerh\u00e4user besichtigt und anschlie\u00dfend der Rest der vereinbarten Zahlungen freigegeben. F\u00fcr den neu angelegten Schulgarten fehlen noch Hacken und Gie\u00dfkannen, eine Investition, die sich sicher lohnen wird. \u00dcberall werden die T\u00f6lzer sehr herzlich begr\u00fc\u00dft. Der Verein stiftet kleinere Stipendien f\u00fcr mehrerer Waisenkinder vor Ort.<\/div>\n<div><\/div>\n<div><\/div>\n<div>2. Dezember 2000: Sechster gro\u00dfer Weihnachtsbasar im Gabriel-von-Seidl-Gymnasium.<\/div>\n<div><\/div>\n<div><\/div>\n<div>Oktober 2000: Der Rohbau in Dano ist fertig. Nachdem der Verein Abrechnungen und Fotodokumente eingesehen hat, wird die zweite von drei Raten nach Konli \u00fcberwiesen. Die Dorfbewohner wollen die Schule noch im Jahr 2000 fertig stellen.<\/div>\n<div><\/div>\n<div><\/div>\n<div>Februar 2000: Die erste Rate f\u00fcr unsere neue Schule in Dano wird \u00fcberwiesen.<\/div>\n<div><\/div>\n<div><\/div>\n<div>27. Dezember 1999: F\u00fcnfter gro\u00dfer Weihnachtsbasar in der Aula des Gabriel-von-Seidl- Gymnasiums Bad T\u00f6lz.<\/div>\n<div><\/div>\n<div><\/div>\n<div>Herbst 1999: In Dano ist die Vorplanung f\u00fcr die dortige Schule abgeschlossen. Da auch alle Fragen der Baukontrolle befriedigend gel\u00f6st werden konnte, gibt der Verein den Baubeginn frei.<\/div>\n<div><\/div>\n<div><\/div>\n<div>Sommer 1999: In Konli ist der Bau des Brunnens abgeschlossen. Auch wurden zwei Lehrerh\u00e4user in Angriff genommen. Als n\u00e4chstes stehen eine Schulk\u00fcche und ein Schulgarten auf dem Programm, da die Schule weitgehend autark werden soll. Gerade der Garten soll au\u00dferdem mit intensiven und doch \u00f6kologisch sinnvollen Anbaumethoden bekannt machen. Da die vier Klassenzimmer in Konli im n\u00e4chsten Jahr belegt sein werden, denkt der Verein intensiv \u00fcber eine Erweiterung des Geb\u00e4udes nach.<\/div>\n<div><\/div>\n<div>Eine vom Dorf gew\u00fcnschte Krankenstation wird vorerst nicht in Angriff genommen. Hier soll die Entwicklung des Spendenaufkommens abgewartet werden.<\/div>\n<div><\/div>\n<div><\/div>\n<div>28. Dezember 1998: Vierter gro\u00dfer Weihnachtsbasar.<\/div>\n<div><\/div>\n<div><\/div>\n<div>Sommer 1998: Als n\u00e4chstes \u201eGro\u00dfprojekt&#8220; nimmt sich der Verein die Errichtung einer kompletten Grundschule in Dano im Westen des Landes vor. Zuerst macht man sich an die Planungen sowie die Verhandlungen mit den Verantwortlichen vor Ort. Erst nach Kl\u00e4rung aller Fragen soll mit dem Bau begonnen werden.<\/div>\n<div><\/div>\n<div><\/div>\n<div>Fr\u00fchjahr 1998: Der Besuch in Konli hat gezeigt, dass unser Geld gut angelegt ist. Nun wird der Bau eines Brunnens (die 100 Grundsch\u00fcler aus der weiteren Umgebung \u00fcberfordern den alten Dorfbrunnen) und einer Lehrerwohnung (in afrikanischen D\u00f6rfern gibt es keine Mietswohnungen) in Angriff genommen. Zwar w\u00fcnscht das Dorf auch eine Schulk\u00fcche, hier soll aber die weitere Entwicklung noch abgewartet werden.<\/div>\n<div><\/div>\n<div><\/div>\n<div>29. November 1997: Wieder findet der &#8211; nun schon traditionelle &#8211; Weihnachtsbasar bei unver\u00e4ndert gro\u00dfer Beteiligung statt.<\/div>\n<div><\/div>\n<div><\/div>\n<div>15. Oktober 1997: Jahreshauptversammlung mit nunmehr 33 Mitgliedern.<\/div>\n<div><\/div>\n<div><\/div>\n<div>Herbst 1997: Die Planung neuer Hilfsma\u00dfnahmen wird immer konkreter. Vor einer endg\u00fcltigen Entscheidung fliegen einige Mitglieder in den Weihnachtsferien allerdings erst einmal auf eigene Rechnung nach Burkina Faso. Dort werden alle m\u00f6gliche Projekte vor Ort erkundet. Nat\u00fcrlich wird auch &#8222;unsere&#8220; Schule in Konli besucht.<\/div>\n<div><\/div>\n<div><\/div>\n<div>10. Oktober 1997: Mit einem Schulfest feiert das Gymnasium Bad T\u00f6lz die Fertigstellung und Er\u00f6ffnung der ersten Patenschule in Burkina Faso. Eine Woche zuvor hatten rund 90 Grundsch\u00fcler in Konli den Unterricht aufgenommen. Eine afrikanische Band sorgt im T\u00f6lzer Pausenhof f\u00fcr Schwung, w\u00e4hrend die Sch\u00fcler der Unterstufe viele Gasballons mit der Nachricht von der Schuleinweihung in den blauen Himmel steigen lassen.<\/div>\n<div><\/div>\n<div><\/div>\n<div>19. Juni 1997: Der Bau unserer ersten Schule in Burkina Faso ist weitgehend abgeschlossen, die letzten Rechnungen werden beglichen.<\/div>\n<div><\/div>\n<div>Der Verein steckt sich neue Ziele: Die Schule in Konli soll weiter ausgestattet werden, bed\u00fcrftige Sch\u00fcler sollen dringend ben\u00f6tigte Arbeitsmittel erhalten.<\/div>\n<div><\/div>\n<div>Ein Gymnasium in Djibo (im Norden Burkina-Fasos) soll nach Abschluss der laufenden Verhandlungen mit drei neuen Klassenzimmern ausgebaut werden. (Zurzeit sind die Sch\u00fcler in Privath\u00e4user ausgelagert.) Au\u00dferdem soll eine weitere, komplette Grundschule errichtet werden.<\/div>\n<div><\/div>\n<div><\/div>\n<div>Herbst und Winter 1996\/97: Die Errichtung der Schule in Konli wird weiterhin mit Interesse verfolgt. Belege und Fotos dokumentieren den Fortschritt, so dass eine zweite Rate \u00fcberwiesen wird. Gleichzeitig machen sich die Mitglieder von &#8222;Gemeinsam f\u00fcr Afrika&#8220; Gedanken \u00fcber weitere Hilfsprojekte.<\/div>\n<div><\/div>\n<div><\/div>\n<div>30. Dezember 1996: Wieder findet in harmonischer Atmosph\u00e4re der bunte Weihnachtsbasar im Gymnasium statt. Sein Erfolg \u00fcbertrifft den des Vorjahres noch einmal deutlich.<\/div>\n<div><\/div>\n<div><\/div>\n<div>26. September 1996: Jahreshauptversammlung.<\/div>\n<div><\/div>\n<div><\/div>\n<div>August 1996: Der Bau der Schule hat begonnen. Nach \u00dcberpr\u00fcfung der Belege wird eine erste Rate \u00fcberwiesen. An der Schule nimmt das Interesse an Burkina Faso keineswegs ab. Ob an SMV-Tagen, bei Kuchenaktionen oder Sch\u00fclerprojekten, immer wieder ergeben sich Gelegenheiten, das Hilfskonto f\u00fcr Burkina Faso aufzuf\u00fcllen.<\/div>\n<div><\/div>\n<div><\/div>\n<div>Fr\u00fchjahr 1996: In mehreren Sitzungen und informativen Treffen werden Hilfsm\u00f6glichkeiten durchleuchtet und ihre Effektivit\u00e4t gepr\u00fcft. Schlie\u00dflich entscheidet sich der Verein, als erstes Projekt den Bau einer dreiklassigen Volksschule in Konli (im Osten Burkina Fasos) zu finanzieren. Dieses Dorf wird deshalb gew\u00e4hlt, weil es noch keine Schule hat und Herr Lompo, unser Vertrauensmann in Burkina Faso, aus dieser Gegend stammt. Herr Lompo wird sich um den gesamten Ablauf k\u00fcmmern.<\/div>\n<div><\/div>\n<div>Gro\u00dfen Wert legt der Verein darauf, dass beim Bau die Dorfbev\u00f6lkerung tatkr\u00e4ftig mithilft. Zum einen werden dadurch die Kosten niedrig gehalten, zum anderen entsteht eine echte Verwurzelung der Schule in der Gemeinde.<\/div>\n<div><\/div>\n<div><\/div>\n<div>2. Dezember 1995: Erster gro\u00dfer Weihnachtsbasar f\u00fcr Burkina Faso. Eine \u00fcberraschend gro\u00dfe Resonanz bei der gesamten Schulfamilie f\u00fchrt zu vielen Ideen und Beitr\u00e4gen, was sich auch in beachtlichen Einnahmen niederschl\u00e4gt. Der Verein kann nun konkrete Pl\u00e4ne angehen.<\/div>\n<div><\/div>\n<div><\/div>\n<div>26. September 1995: Konstitution des Vereins mit 12 Gr\u00fcndungsmitgliedern.<\/div>\n<div><\/div>\n<div>Sehr viele Eltern zeigen sich den Zielen des Vereins gegen\u00fcber sehr aufgeschlossen. So w\u00e4chst das Spendenkonto von &#8222;Gemeinsam f\u00fcr Afrika&#8220; rasch, wobei der monatliche freiwillige Beitrag der Sch\u00fcler die Grundlage darstellt. Eltern- und Lehrerspenden erg\u00e4nzen das Finanzpolster aber erheblich.<\/div>\n<div><\/div>\n<div><\/div>\n<div>Fr\u00fchjahr 1995: Angeregt durch das Beispiel des Geltinger Vereins &#8222;Freunde Djibos&#8220; beschlie\u00dfen einige Sch\u00fcler, Eltern und Lehrer des Gymnasiums Bad T\u00f6lz, ebenfalls in Afrika t\u00e4tig zu werden. Sie setzen sich das Ziel, Bildung und Ausbildung junger Menschen in dem westafrikanischen Land Burkina Faso zu f\u00f6rdern. Dabei soll darauf geachtet werden, dass die h\u00e4ufig noch benachteiligten M\u00e4dchen bei allen Bildungsinitiativen ausreichend ber\u00fccksichtigt werden.<\/div>\n<div><\/div>\n<div>Eine Veranstaltung in der Aula des T\u00f6lzer Gymnasiums stimmt die Sch\u00fcler mit Musik, Theater und Augenzeugenberichten auf das Projekt ein. Die Sch\u00fcler erkl\u00e4ren sich bereit, monatlich eine Mark f\u00fcr Burkina Faso zur Verf\u00fcgung zu stellen.<\/div>\n<\/div><\/div><\/div><\/section>\n<\/div>\n<section  class='av_textblock_section av-mcumxt5m-e79ed1010a5a09723bf0add446eaf013 '   itemscope=\"itemscope\" itemtype=\"https:\/\/schema.org\/BlogPosting\" itemprop=\"blogPost\" ><div class='avia_textblock'  itemprop=\"text\" ><p><strong>Bildergalerie Burkina<\/strong><\/p>\n<\/div><\/section>\n\n<style type=\"text\/css\" data-created_by=\"avia_inline_auto\" id=\"style-css-av-mgh0l2fp-ff8a2233dde50d5794a8d74100c751f9\">\n#top .avia-gallery.av-mgh0l2fp-ff8a2233dde50d5794a8d74100c751f9 .avia-gallery-thumb a{\nwidth:20%;\n}\n<\/style>\n<div  class='avia-gallery av-mgh0l2fp-ff8a2233dde50d5794a8d74100c751f9 avia_animate_when_visible avia_lazyload avia-gallery-animate avia-gallery-2'  itemprop=\"image\" itemscope=\"itemscope\" itemtype=\"https:\/\/schema.org\/ImageObject\" ><meta itemprop=\"contentURL\" content=\"https:\/\/www.gym-toelz.de\/index.php\/2025\/11\/11\/burkina-basar-2025\/\"><div class='avia-gallery-thumb'><a href=\"https:\/\/www.gym-toelz.de\/wp-content\/uploads\/2025\/06\/taonBesuch.jpg\" data-srcset=\"https:\/\/www.gym-toelz.de\/wp-content\/uploads\/2025\/06\/taonBesuch.jpg 720w, https:\/\/www.gym-toelz.de\/wp-content\/uploads\/2025\/06\/taonBesuch-300x200.jpg 300w, https:\/\/www.gym-toelz.de\/wp-content\/uploads\/2025\/06\/taonBesuch-705x470.jpg 705w\" data-sizes=\"(max-width: 720px) 100vw, 720px\" data-rel='gallery-2' data-prev-img='https:\/\/www.gym-toelz.de\/wp-content\/uploads\/2025\/06\/taonBesuch-495x400.jpg' class='first_thumb lightbox ' data-onclick='1' title='Unsere Schule in Taon 2010'  itemprop=\"thumbnailUrl\"  ><img decoding=\"async\" fetchpriority=\"high\" class=\"wp-image-905 avia-img-lazy-loading-not-905\"  data-avia-tooltip='Unsere Schule in Taon 2010' src=\"https:\/\/www.gym-toelz.de\/wp-content\/uploads\/2025\/06\/taonBesuch-80x80.jpg\" width=\"80\" height=\"80\"  title='Taon' alt='' srcset=\"https:\/\/www.gym-toelz.de\/wp-content\/uploads\/2025\/06\/taonBesuch-80x80.jpg 80w, https:\/\/www.gym-toelz.de\/wp-content\/uploads\/2025\/06\/taonBesuch-36x36.jpg 36w, https:\/\/www.gym-toelz.de\/wp-content\/uploads\/2025\/06\/taonBesuch-180x180.jpg 180w\" sizes=\"(max-width: 80px) 100vw, 80px\" \/><div class='big-prev-fake'><img decoding=\"async\" loading=\"lazy\" class=\"wp-image-905 avia-img-lazy-loading-905\"  width=\"495\" height=\"400\" src=\"https:\/\/www.gym-toelz.de\/wp-content\/uploads\/2025\/06\/taonBesuch-495x400.jpg\" title='Taon' alt='' \/><\/div><\/a><a href=\"https:\/\/www.gym-toelz.de\/wp-content\/uploads\/2025\/06\/tassereBesuch2009.jpeg\" data-rel='gallery-2' data-prev-img='https:\/\/www.gym-toelz.de\/wp-content\/uploads\/2025\/06\/tassereBesuch2009.jpeg' class='lightbox ' data-onclick='2' title='tassereBesuch2009'  itemprop=\"thumbnailUrl\"  ><img decoding=\"async\" fetchpriority=\"high\" class=\"wp-image-906 avia-img-lazy-loading-not-906\"   src=\"https:\/\/www.gym-toelz.de\/wp-content\/uploads\/2025\/06\/tassereBesuch2009-80x80.jpeg\" width=\"80\" height=\"80\"  title='tassereBesuch2009' alt='' srcset=\"https:\/\/www.gym-toelz.de\/wp-content\/uploads\/2025\/06\/tassereBesuch2009-80x80.jpeg 80w, https:\/\/www.gym-toelz.de\/wp-content\/uploads\/2025\/06\/tassereBesuch2009-36x36.jpeg 36w\" sizes=\"(max-width: 80px) 100vw, 80px\" \/><div class='big-prev-fake'><img decoding=\"async\" loading=\"lazy\" class=\"wp-image-906 avia-img-lazy-loading-906\"  width=\"150\" height=\"167\" src=\"https:\/\/www.gym-toelz.de\/wp-content\/uploads\/2025\/06\/tassereBesuch2009.jpeg\" title='tassereBesuch2009' alt='' \/><\/div><\/a><a href=\"https:\/\/www.gym-toelz.de\/wp-content\/uploads\/2025\/06\/nogin2_ausbau.jpg\" data-srcset=\"https:\/\/www.gym-toelz.de\/wp-content\/uploads\/2025\/06\/nogin2_ausbau.jpg 959w, https:\/\/www.gym-toelz.de\/wp-content\/uploads\/2025\/06\/nogin2_ausbau-300x225.jpg 300w, https:\/\/www.gym-toelz.de\/wp-content\/uploads\/2025\/06\/nogin2_ausbau-768x577.jpg 768w, https:\/\/www.gym-toelz.de\/wp-content\/uploads\/2025\/06\/nogin2_ausbau-705x529.jpg 705w\" data-sizes=\"(max-width: 959px) 100vw, 959px\" data-rel='gallery-2' data-prev-img='https:\/\/www.gym-toelz.de\/wp-content\/uploads\/2025\/06\/nogin2_ausbau-495x400.jpg' class='lightbox ' data-onclick='3' title='nogin2_ausbau'  itemprop=\"thumbnailUrl\"  ><img decoding=\"async\" fetchpriority=\"high\" class=\"wp-image-904 avia-img-lazy-loading-not-904\"   src=\"https:\/\/www.gym-toelz.de\/wp-content\/uploads\/2025\/06\/nogin2_ausbau-80x80.jpg\" width=\"80\" height=\"80\"  title='nogin2_ausbau' alt='' srcset=\"https:\/\/www.gym-toelz.de\/wp-content\/uploads\/2025\/06\/nogin2_ausbau-80x80.jpg 80w, https:\/\/www.gym-toelz.de\/wp-content\/uploads\/2025\/06\/nogin2_ausbau-36x36.jpg 36w, https:\/\/www.gym-toelz.de\/wp-content\/uploads\/2025\/06\/nogin2_ausbau-180x180.jpg 180w\" sizes=\"(max-width: 80px) 100vw, 80px\" \/><div class='big-prev-fake'><img decoding=\"async\" loading=\"lazy\" class=\"wp-image-904 avia-img-lazy-loading-904\"  width=\"495\" height=\"400\" src=\"https:\/\/www.gym-toelz.de\/wp-content\/uploads\/2025\/06\/nogin2_ausbau-495x400.jpg\" title='nogin2_ausbau' alt='' srcset=\"https:\/\/www.gym-toelz.de\/wp-content\/uploads\/2025\/06\/nogin2_ausbau-495x400.jpg 495w, https:\/\/www.gym-toelz.de\/wp-content\/uploads\/2025\/06\/nogin2_ausbau-845x684.jpg 845w\" sizes=\"auto, (max-width: 495px) 100vw, 495px\" \/><\/div><\/a><a href=\"https:\/\/www.gym-toelz.de\/wp-content\/uploads\/2025\/06\/noghin_20171009.jpg\" data-srcset=\"https:\/\/www.gym-toelz.de\/wp-content\/uploads\/2025\/06\/noghin_20171009.jpg 550w, https:\/\/www.gym-toelz.de\/wp-content\/uploads\/2025\/06\/noghin_20171009-300x170.jpg 300w\" data-sizes=\"(max-width: 550px) 100vw, 550px\" data-rel='gallery-2' data-prev-img='https:\/\/www.gym-toelz.de\/wp-content\/uploads\/2025\/06\/noghin_20171009-495x311.jpg' class='lightbox ' data-onclick='4' title='noghin_20171009'  itemprop=\"thumbnailUrl\"  ><img decoding=\"async\" fetchpriority=\"high\" class=\"wp-image-903 avia-img-lazy-loading-not-903\"   src=\"https:\/\/www.gym-toelz.de\/wp-content\/uploads\/2025\/06\/noghin_20171009-80x80.jpg\" width=\"80\" height=\"80\"  title='noghin_20171009' alt='' srcset=\"https:\/\/www.gym-toelz.de\/wp-content\/uploads\/2025\/06\/noghin_20171009-80x80.jpg 80w, https:\/\/www.gym-toelz.de\/wp-content\/uploads\/2025\/06\/noghin_20171009-36x36.jpg 36w, https:\/\/www.gym-toelz.de\/wp-content\/uploads\/2025\/06\/noghin_20171009-180x180.jpg 180w\" sizes=\"(max-width: 80px) 100vw, 80px\" \/><div class='big-prev-fake'><img decoding=\"async\" loading=\"lazy\" class=\"wp-image-903 avia-img-lazy-loading-903\"  width=\"495\" height=\"311\" src=\"https:\/\/www.gym-toelz.de\/wp-content\/uploads\/2025\/06\/noghin_20171009-495x311.jpg\" title='noghin_20171009' alt='' \/><\/div><\/a><a href=\"https:\/\/www.gym-toelz.de\/wp-content\/uploads\/2025\/06\/noghin_20170709.jpg\" data-srcset=\"https:\/\/www.gym-toelz.de\/wp-content\/uploads\/2025\/06\/noghin_20170709.jpg 600w, https:\/\/www.gym-toelz.de\/wp-content\/uploads\/2025\/06\/noghin_20170709-300x113.jpg 300w\" data-sizes=\"(max-width: 600px) 100vw, 600px\" data-rel='gallery-2' data-prev-img='https:\/\/www.gym-toelz.de\/wp-content\/uploads\/2025\/06\/noghin_20170709-495x225.jpg' class='lightbox ' data-onclick='5' title='noghin_20170709'  itemprop=\"thumbnailUrl\"  ><img decoding=\"async\" fetchpriority=\"high\" class=\"wp-image-902 avia-img-lazy-loading-not-902\"   src=\"https:\/\/www.gym-toelz.de\/wp-content\/uploads\/2025\/06\/noghin_20170709-80x80.jpg\" width=\"80\" height=\"80\"  title='noghin_20170709' alt='' srcset=\"https:\/\/www.gym-toelz.de\/wp-content\/uploads\/2025\/06\/noghin_20170709-80x80.jpg 80w, https:\/\/www.gym-toelz.de\/wp-content\/uploads\/2025\/06\/noghin_20170709-36x36.jpg 36w, https:\/\/www.gym-toelz.de\/wp-content\/uploads\/2025\/06\/noghin_20170709-180x180.jpg 180w\" sizes=\"(max-width: 80px) 100vw, 80px\" \/><div class='big-prev-fake'><img decoding=\"async\" loading=\"lazy\" class=\"wp-image-902 avia-img-lazy-loading-902\"  width=\"495\" height=\"225\" src=\"https:\/\/www.gym-toelz.de\/wp-content\/uploads\/2025\/06\/noghin_20170709-495x225.jpg\" title='noghin_20170709' alt='' \/><\/div><\/a><a href=\"https:\/\/www.gym-toelz.de\/wp-content\/uploads\/2025\/06\/noghin_20160725a.jpg\" data-srcset=\"https:\/\/www.gym-toelz.de\/wp-content\/uploads\/2025\/06\/noghin_20160725a.jpg 550w, https:\/\/www.gym-toelz.de\/wp-content\/uploads\/2025\/06\/noghin_20160725a-300x177.jpg 300w\" data-sizes=\"(max-width: 550px) 100vw, 550px\" data-rel='gallery-2' data-prev-img='https:\/\/www.gym-toelz.de\/wp-content\/uploads\/2025\/06\/noghin_20160725a-495x325.jpg' class='first_thumb lightbox ' data-onclick='6' title='noghin_20160725a'  itemprop=\"thumbnailUrl\"  ><img decoding=\"async\" fetchpriority=\"high\" class=\"wp-image-894 avia-img-lazy-loading-not-894\"   src=\"https:\/\/www.gym-toelz.de\/wp-content\/uploads\/2025\/06\/noghin_20160725a-80x80.jpg\" width=\"80\" height=\"80\"  title='noghin_20160725a' alt='' srcset=\"https:\/\/www.gym-toelz.de\/wp-content\/uploads\/2025\/06\/noghin_20160725a-80x80.jpg 80w, https:\/\/www.gym-toelz.de\/wp-content\/uploads\/2025\/06\/noghin_20160725a-36x36.jpg 36w, https:\/\/www.gym-toelz.de\/wp-content\/uploads\/2025\/06\/noghin_20160725a-180x180.jpg 180w\" sizes=\"(max-width: 80px) 100vw, 80px\" \/><div class='big-prev-fake'><img decoding=\"async\" loading=\"lazy\" class=\"wp-image-894 avia-img-lazy-loading-894\"  width=\"495\" height=\"325\" src=\"https:\/\/www.gym-toelz.de\/wp-content\/uploads\/2025\/06\/noghin_20160725a-495x325.jpg\" title='noghin_20160725a' alt='' \/><\/div><\/a><a href=\"https:\/\/www.gym-toelz.de\/wp-content\/uploads\/2025\/06\/noghin_20161115.jpg\" data-srcset=\"https:\/\/www.gym-toelz.de\/wp-content\/uploads\/2025\/06\/noghin_20161115.jpg 896w, https:\/\/www.gym-toelz.de\/wp-content\/uploads\/2025\/06\/noghin_20161115-300x168.jpg 300w, https:\/\/www.gym-toelz.de\/wp-content\/uploads\/2025\/06\/noghin_20161115-768x430.jpg 768w, https:\/\/www.gym-toelz.de\/wp-content\/uploads\/2025\/06\/noghin_20161115-705x395.jpg 705w\" data-sizes=\"(max-width: 896px) 100vw, 896px\" data-rel='gallery-2' data-prev-img='https:\/\/www.gym-toelz.de\/wp-content\/uploads\/2025\/06\/noghin_20161115-495x400.jpg' class='lightbox ' data-onclick='7' title='noghin_20161115'  itemprop=\"thumbnailUrl\"  ><img decoding=\"async\" fetchpriority=\"high\" class=\"wp-image-895 avia-img-lazy-loading-not-895\"   src=\"https:\/\/www.gym-toelz.de\/wp-content\/uploads\/2025\/06\/noghin_20161115-80x80.jpg\" width=\"80\" height=\"80\"  title='noghin_20161115' alt='' srcset=\"https:\/\/www.gym-toelz.de\/wp-content\/uploads\/2025\/06\/noghin_20161115-80x80.jpg 80w, https:\/\/www.gym-toelz.de\/wp-content\/uploads\/2025\/06\/noghin_20161115-36x36.jpg 36w, https:\/\/www.gym-toelz.de\/wp-content\/uploads\/2025\/06\/noghin_20161115-180x180.jpg 180w\" sizes=\"(max-width: 80px) 100vw, 80px\" \/><div class='big-prev-fake'><img decoding=\"async\" loading=\"lazy\" class=\"wp-image-895 avia-img-lazy-loading-895\"  width=\"495\" height=\"400\" src=\"https:\/\/www.gym-toelz.de\/wp-content\/uploads\/2025\/06\/noghin_20161115-495x400.jpg\" title='noghin_20161115' alt='' \/><\/div><\/a><a href=\"https:\/\/www.gym-toelz.de\/wp-content\/uploads\/2025\/06\/noghin_20170107.jpg\" data-srcset=\"https:\/\/www.gym-toelz.de\/wp-content\/uploads\/2025\/06\/noghin_20170107.jpg 550w, https:\/\/www.gym-toelz.de\/wp-content\/uploads\/2025\/06\/noghin_20170107-300x112.jpg 300w\" data-sizes=\"(max-width: 550px) 100vw, 550px\" data-rel='gallery-2' data-prev-img='https:\/\/www.gym-toelz.de\/wp-content\/uploads\/2025\/06\/noghin_20170107-495x206.jpg' class='lightbox ' data-onclick='8' title='noghin_20170107'  itemprop=\"thumbnailUrl\"  ><img decoding=\"async\" fetchpriority=\"high\" class=\"wp-image-896 avia-img-lazy-loading-not-896\"   src=\"https:\/\/www.gym-toelz.de\/wp-content\/uploads\/2025\/06\/noghin_20170107-80x80.jpg\" width=\"80\" height=\"80\"  title='noghin_20170107' alt='' srcset=\"https:\/\/www.gym-toelz.de\/wp-content\/uploads\/2025\/06\/noghin_20170107-80x80.jpg 80w, https:\/\/www.gym-toelz.de\/wp-content\/uploads\/2025\/06\/noghin_20170107-36x36.jpg 36w, https:\/\/www.gym-toelz.de\/wp-content\/uploads\/2025\/06\/noghin_20170107-180x180.jpg 180w\" sizes=\"(max-width: 80px) 100vw, 80px\" \/><div class='big-prev-fake'><img decoding=\"async\" loading=\"lazy\" class=\"wp-image-896 avia-img-lazy-loading-896\"  width=\"495\" height=\"206\" src=\"https:\/\/www.gym-toelz.de\/wp-content\/uploads\/2025\/06\/noghin_20170107-495x206.jpg\" title='noghin_20170107' alt='' \/><\/div><\/a><a href=\"https:\/\/www.gym-toelz.de\/wp-content\/uploads\/2025\/06\/noghin_20170118.jpg\" data-srcset=\"https:\/\/www.gym-toelz.de\/wp-content\/uploads\/2025\/06\/noghin_20170118.jpg 600w, https:\/\/www.gym-toelz.de\/wp-content\/uploads\/2025\/06\/noghin_20170118-300x167.jpg 300w\" data-sizes=\"(max-width: 600px) 100vw, 600px\" data-rel='gallery-2' data-prev-img='https:\/\/www.gym-toelz.de\/wp-content\/uploads\/2025\/06\/noghin_20170118-495x333.jpg' class='lightbox ' data-onclick='9' title='noghin_20170118'  itemprop=\"thumbnailUrl\"  ><img decoding=\"async\" fetchpriority=\"high\" class=\"wp-image-897 avia-img-lazy-loading-not-897\"   src=\"https:\/\/www.gym-toelz.de\/wp-content\/uploads\/2025\/06\/noghin_20170118-80x80.jpg\" width=\"80\" height=\"80\"  title='noghin_20170118' alt='' srcset=\"https:\/\/www.gym-toelz.de\/wp-content\/uploads\/2025\/06\/noghin_20170118-80x80.jpg 80w, https:\/\/www.gym-toelz.de\/wp-content\/uploads\/2025\/06\/noghin_20170118-36x36.jpg 36w, https:\/\/www.gym-toelz.de\/wp-content\/uploads\/2025\/06\/noghin_20170118-180x180.jpg 180w\" sizes=\"(max-width: 80px) 100vw, 80px\" \/><div class='big-prev-fake'><img decoding=\"async\" loading=\"lazy\" class=\"wp-image-897 avia-img-lazy-loading-897\"  width=\"495\" height=\"333\" src=\"https:\/\/www.gym-toelz.de\/wp-content\/uploads\/2025\/06\/noghin_20170118-495x333.jpg\" title='noghin_20170118' alt='' \/><\/div><\/a><a href=\"https:\/\/www.gym-toelz.de\/wp-content\/uploads\/2025\/06\/noghin_20170210-1030x354.jpg\" data-srcset=\"https:\/\/www.gym-toelz.de\/wp-content\/uploads\/2025\/06\/noghin_20170210-1030x354.jpg 1030w, https:\/\/www.gym-toelz.de\/wp-content\/uploads\/2025\/06\/noghin_20170210-300x103.jpg 300w, https:\/\/www.gym-toelz.de\/wp-content\/uploads\/2025\/06\/noghin_20170210-768x264.jpg 768w, https:\/\/www.gym-toelz.de\/wp-content\/uploads\/2025\/06\/noghin_20170210-705x243.jpg 705w, https:\/\/www.gym-toelz.de\/wp-content\/uploads\/2025\/06\/noghin_20170210.jpg 1299w\" data-sizes=\"(max-width: 1030px) 100vw, 1030px\" data-rel='gallery-2' data-prev-img='https:\/\/www.gym-toelz.de\/wp-content\/uploads\/2025\/06\/noghin_20170210-495x400.jpg' class='lightbox ' data-onclick='10' title='noghin_20170210'  itemprop=\"thumbnailUrl\"  ><img decoding=\"async\" fetchpriority=\"high\" class=\"wp-image-898 avia-img-lazy-loading-not-898\"   src=\"https:\/\/www.gym-toelz.de\/wp-content\/uploads\/2025\/06\/noghin_20170210-80x80.jpg\" width=\"80\" height=\"80\"  title='noghin_20170210' alt='' srcset=\"https:\/\/www.gym-toelz.de\/wp-content\/uploads\/2025\/06\/noghin_20170210-80x80.jpg 80w, https:\/\/www.gym-toelz.de\/wp-content\/uploads\/2025\/06\/noghin_20170210-36x36.jpg 36w, https:\/\/www.gym-toelz.de\/wp-content\/uploads\/2025\/06\/noghin_20170210-180x180.jpg 180w\" sizes=\"(max-width: 80px) 100vw, 80px\" \/><div class='big-prev-fake'><img decoding=\"async\" loading=\"lazy\" class=\"wp-image-898 avia-img-lazy-loading-898\"  width=\"495\" height=\"400\" src=\"https:\/\/www.gym-toelz.de\/wp-content\/uploads\/2025\/06\/noghin_20170210-495x400.jpg\" title='noghin_20170210' alt='' \/><\/div><\/a><a href=\"https:\/\/www.gym-toelz.de\/wp-content\/uploads\/2025\/06\/noghin_20170211.jpg\" data-srcset=\"https:\/\/www.gym-toelz.de\/wp-content\/uploads\/2025\/06\/noghin_20170211.jpg 640w, https:\/\/www.gym-toelz.de\/wp-content\/uploads\/2025\/06\/noghin_20170211-300x170.jpg 300w\" data-sizes=\"(max-width: 640px) 100vw, 640px\" data-rel='gallery-2' data-prev-img='https:\/\/www.gym-toelz.de\/wp-content\/uploads\/2025\/06\/noghin_20170211-495x362.jpg' class='first_thumb lightbox ' data-onclick='11' title='noghin_20170211'  itemprop=\"thumbnailUrl\"  ><img decoding=\"async\" fetchpriority=\"high\" class=\"wp-image-899 avia-img-lazy-loading-not-899\"   src=\"https:\/\/www.gym-toelz.de\/wp-content\/uploads\/2025\/06\/noghin_20170211-80x80.jpg\" width=\"80\" height=\"80\"  title='noghin_20170211' alt='' srcset=\"https:\/\/www.gym-toelz.de\/wp-content\/uploads\/2025\/06\/noghin_20170211-80x80.jpg 80w, https:\/\/www.gym-toelz.de\/wp-content\/uploads\/2025\/06\/noghin_20170211-36x36.jpg 36w, https:\/\/www.gym-toelz.de\/wp-content\/uploads\/2025\/06\/noghin_20170211-180x180.jpg 180w\" sizes=\"(max-width: 80px) 100vw, 80px\" \/><div class='big-prev-fake'><img decoding=\"async\" loading=\"lazy\" class=\"wp-image-899 avia-img-lazy-loading-899\"  width=\"495\" height=\"362\" src=\"https:\/\/www.gym-toelz.de\/wp-content\/uploads\/2025\/06\/noghin_20170211-495x362.jpg\" title='noghin_20170211' alt='' \/><\/div><\/a><a href=\"https:\/\/www.gym-toelz.de\/wp-content\/uploads\/2025\/06\/noghin_20170612.jpg\" data-srcset=\"https:\/\/www.gym-toelz.de\/wp-content\/uploads\/2025\/06\/noghin_20170612.jpg 600w, https:\/\/www.gym-toelz.de\/wp-content\/uploads\/2025\/06\/noghin_20170612-300x167.jpg 300w\" data-sizes=\"(max-width: 600px) 100vw, 600px\" data-rel='gallery-2' data-prev-img='https:\/\/www.gym-toelz.de\/wp-content\/uploads\/2025\/06\/noghin_20170612-495x333.jpg' class='lightbox ' data-onclick='12' title='noghin_20170612'  itemprop=\"thumbnailUrl\"  ><img decoding=\"async\" fetchpriority=\"high\" class=\"wp-image-901 avia-img-lazy-loading-not-901\"   src=\"https:\/\/www.gym-toelz.de\/wp-content\/uploads\/2025\/06\/noghin_20170612-80x80.jpg\" width=\"80\" height=\"80\"  title='noghin_20170612' alt='' srcset=\"https:\/\/www.gym-toelz.de\/wp-content\/uploads\/2025\/06\/noghin_20170612-80x80.jpg 80w, https:\/\/www.gym-toelz.de\/wp-content\/uploads\/2025\/06\/noghin_20170612-36x36.jpg 36w, https:\/\/www.gym-toelz.de\/wp-content\/uploads\/2025\/06\/noghin_20170612-180x180.jpg 180w\" sizes=\"(max-width: 80px) 100vw, 80px\" \/><div class='big-prev-fake'><img decoding=\"async\" loading=\"lazy\" class=\"wp-image-901 avia-img-lazy-loading-901\"  width=\"495\" height=\"333\" src=\"https:\/\/www.gym-toelz.de\/wp-content\/uploads\/2025\/06\/noghin_20170612-495x333.jpg\" title='noghin_20170612' alt='' \/><\/div><\/a><a href=\"https:\/\/www.gym-toelz.de\/wp-content\/uploads\/2025\/06\/noghin_20170415.jpg\" data-srcset=\"https:\/\/www.gym-toelz.de\/wp-content\/uploads\/2025\/06\/noghin_20170415.jpg 600w, https:\/\/www.gym-toelz.de\/wp-content\/uploads\/2025\/06\/noghin_20170415-300x113.jpg 300w\" data-sizes=\"(max-width: 600px) 100vw, 600px\" data-rel='gallery-2' data-prev-img='https:\/\/www.gym-toelz.de\/wp-content\/uploads\/2025\/06\/noghin_20170415-495x225.jpg' class='lightbox ' data-onclick='13' title='noghin_20170415'  itemprop=\"thumbnailUrl\"  ><img decoding=\"async\" fetchpriority=\"high\" class=\"wp-image-900 avia-img-lazy-loading-not-900\"   src=\"https:\/\/www.gym-toelz.de\/wp-content\/uploads\/2025\/06\/noghin_20170415-80x80.jpg\" width=\"80\" height=\"80\"  title='noghin_20170415' alt='' srcset=\"https:\/\/www.gym-toelz.de\/wp-content\/uploads\/2025\/06\/noghin_20170415-80x80.jpg 80w, https:\/\/www.gym-toelz.de\/wp-content\/uploads\/2025\/06\/noghin_20170415-36x36.jpg 36w, https:\/\/www.gym-toelz.de\/wp-content\/uploads\/2025\/06\/noghin_20170415-180x180.jpg 180w\" sizes=\"(max-width: 80px) 100vw, 80px\" \/><div class='big-prev-fake'><img decoding=\"async\" loading=\"lazy\" class=\"wp-image-900 avia-img-lazy-loading-900\"  width=\"495\" height=\"225\" src=\"https:\/\/www.gym-toelz.de\/wp-content\/uploads\/2025\/06\/noghin_20170415-495x225.jpg\" title='noghin_20170415' alt='' \/><\/div><\/a><a href=\"https:\/\/www.gym-toelz.de\/wp-content\/uploads\/2025\/06\/noghin_20160306-1.jpg\" data-srcset=\"https:\/\/www.gym-toelz.de\/wp-content\/uploads\/2025\/06\/noghin_20160306-1.jpg 550w, https:\/\/www.gym-toelz.de\/wp-content\/uploads\/2025\/06\/noghin_20160306-1-300x224.jpg 300w\" data-sizes=\"(max-width: 550px) 100vw, 550px\" data-rel='gallery-2' data-prev-img='https:\/\/www.gym-toelz.de\/wp-content\/uploads\/2025\/06\/noghin_20160306-1-495x400.jpg' class='lightbox ' data-onclick='14' title='noghin_20160306-1'  itemprop=\"thumbnailUrl\"  ><img decoding=\"async\" fetchpriority=\"high\" class=\"wp-image-893 avia-img-lazy-loading-not-893\"   src=\"https:\/\/www.gym-toelz.de\/wp-content\/uploads\/2025\/06\/noghin_20160306-1-80x80.jpg\" width=\"80\" height=\"80\"  title='noghin_20160306-1' alt='' srcset=\"https:\/\/www.gym-toelz.de\/wp-content\/uploads\/2025\/06\/noghin_20160306-1-80x80.jpg 80w, https:\/\/www.gym-toelz.de\/wp-content\/uploads\/2025\/06\/noghin_20160306-1-36x36.jpg 36w, https:\/\/www.gym-toelz.de\/wp-content\/uploads\/2025\/06\/noghin_20160306-1-180x180.jpg 180w\" sizes=\"(max-width: 80px) 100vw, 80px\" \/><div class='big-prev-fake'><img decoding=\"async\" loading=\"lazy\" class=\"wp-image-893 avia-img-lazy-loading-893\"  width=\"495\" height=\"400\" src=\"https:\/\/www.gym-toelz.de\/wp-content\/uploads\/2025\/06\/noghin_20160306-1-495x400.jpg\" title='noghin_20160306-1' alt='' \/><\/div><\/a><a href=\"https:\/\/www.gym-toelz.de\/wp-content\/uploads\/2025\/06\/noghin_20151115.jpg\" data-srcset=\"https:\/\/www.gym-toelz.de\/wp-content\/uploads\/2025\/06\/noghin_20151115.jpg 550w, https:\/\/www.gym-toelz.de\/wp-content\/uploads\/2025\/06\/noghin_20151115-300x149.jpg 300w\" data-sizes=\"(max-width: 550px) 100vw, 550px\" data-rel='gallery-2' data-prev-img='https:\/\/www.gym-toelz.de\/wp-content\/uploads\/2025\/06\/noghin_20151115-495x274.jpg' class='lightbox ' data-onclick='15' title='noghin_20151115'  itemprop=\"thumbnailUrl\"  ><img decoding=\"async\" fetchpriority=\"high\" class=\"wp-image-892 avia-img-lazy-loading-not-892\"   src=\"https:\/\/www.gym-toelz.de\/wp-content\/uploads\/2025\/06\/noghin_20151115-80x80.jpg\" width=\"80\" height=\"80\"  title='noghin_20151115' alt='' srcset=\"https:\/\/www.gym-toelz.de\/wp-content\/uploads\/2025\/06\/noghin_20151115-80x80.jpg 80w, https:\/\/www.gym-toelz.de\/wp-content\/uploads\/2025\/06\/noghin_20151115-36x36.jpg 36w, https:\/\/www.gym-toelz.de\/wp-content\/uploads\/2025\/06\/noghin_20151115-180x180.jpg 180w\" sizes=\"(max-width: 80px) 100vw, 80px\" \/><div class='big-prev-fake'><img decoding=\"async\" loading=\"lazy\" class=\"wp-image-892 avia-img-lazy-loading-892\"  width=\"495\" height=\"274\" src=\"https:\/\/www.gym-toelz.de\/wp-content\/uploads\/2025\/06\/noghin_20151115-495x274.jpg\" title='noghin_20151115' alt='' \/><\/div><\/a><a href=\"https:\/\/www.gym-toelz.de\/wp-content\/uploads\/2025\/06\/JT5A5150_besuch_tassere_grillfest_20230723_kompr-687x1030.jpg\" data-srcset=\"https:\/\/www.gym-toelz.de\/wp-content\/uploads\/2025\/06\/JT5A5150_besuch_tassere_grillfest_20230723_kompr-687x1030.jpg 687w, https:\/\/www.gym-toelz.de\/wp-content\/uploads\/2025\/06\/JT5A5150_besuch_tassere_grillfest_20230723_kompr-200x300.jpg 200w, https:\/\/www.gym-toelz.de\/wp-content\/uploads\/2025\/06\/JT5A5150_besuch_tassere_grillfest_20230723_kompr-768x1152.jpg 768w, https:\/\/www.gym-toelz.de\/wp-content\/uploads\/2025\/06\/JT5A5150_besuch_tassere_grillfest_20230723_kompr-1024x1536.jpg 1024w, https:\/\/www.gym-toelz.de\/wp-content\/uploads\/2025\/06\/JT5A5150_besuch_tassere_grillfest_20230723_kompr-1365x2048.jpg 1365w, https:\/\/www.gym-toelz.de\/wp-content\/uploads\/2025\/06\/JT5A5150_besuch_tassere_grillfest_20230723_kompr-1000x1500.jpg 1000w, https:\/\/www.gym-toelz.de\/wp-content\/uploads\/2025\/06\/JT5A5150_besuch_tassere_grillfest_20230723_kompr-470x705.jpg 470w, https:\/\/www.gym-toelz.de\/wp-content\/uploads\/2025\/06\/JT5A5150_besuch_tassere_grillfest_20230723_kompr.jpg 1500w\" data-sizes=\"(max-width: 687px) 100vw, 687px\" data-rel='gallery-2' data-prev-img='https:\/\/www.gym-toelz.de\/wp-content\/uploads\/2025\/06\/JT5A5150_besuch_tassere_grillfest_20230723_kompr-495x400.jpg' class='first_thumb lightbox ' data-onclick='16' title='JT5A5150_besuch_tassere_grillfest_20230723_kompr'  itemprop=\"thumbnailUrl\"  ><img decoding=\"async\" fetchpriority=\"high\" class=\"wp-image-884 avia-img-lazy-loading-not-884\"   src=\"https:\/\/www.gym-toelz.de\/wp-content\/uploads\/2025\/06\/JT5A5150_besuch_tassere_grillfest_20230723_kompr-80x80.jpg\" width=\"80\" height=\"80\"  title='JT5A5150_besuch_tassere_grillfest_20230723_kompr' alt='' srcset=\"https:\/\/www.gym-toelz.de\/wp-content\/uploads\/2025\/06\/JT5A5150_besuch_tassere_grillfest_20230723_kompr-80x80.jpg 80w, https:\/\/www.gym-toelz.de\/wp-content\/uploads\/2025\/06\/JT5A5150_besuch_tassere_grillfest_20230723_kompr-36x36.jpg 36w, https:\/\/www.gym-toelz.de\/wp-content\/uploads\/2025\/06\/JT5A5150_besuch_tassere_grillfest_20230723_kompr-180x180.jpg 180w\" sizes=\"(max-width: 80px) 100vw, 80px\" \/><div class='big-prev-fake'><img decoding=\"async\" loading=\"lazy\" class=\"wp-image-884 avia-img-lazy-loading-884\"  width=\"495\" height=\"400\" src=\"https:\/\/www.gym-toelz.de\/wp-content\/uploads\/2025\/06\/JT5A5150_besuch_tassere_grillfest_20230723_kompr-495x400.jpg\" title='JT5A5150_besuch_tassere_grillfest_20230723_kompr' alt='' srcset=\"https:\/\/www.gym-toelz.de\/wp-content\/uploads\/2025\/06\/JT5A5150_besuch_tassere_grillfest_20230723_kompr-495x400.jpg 495w, https:\/\/www.gym-toelz.de\/wp-content\/uploads\/2025\/06\/JT5A5150_besuch_tassere_grillfest_20230723_kompr-845x684.jpg 845w\" sizes=\"auto, (max-width: 495px) 100vw, 495px\" \/><\/div><\/a><a href=\"https:\/\/www.gym-toelz.de\/wp-content\/uploads\/2025\/06\/basar_20151128.jpg\" data-srcset=\"https:\/\/www.gym-toelz.de\/wp-content\/uploads\/2025\/06\/basar_20151128.jpg 550w, https:\/\/www.gym-toelz.de\/wp-content\/uploads\/2025\/06\/basar_20151128-300x133.jpg 300w\" data-sizes=\"(max-width: 550px) 100vw, 550px\" data-rel='gallery-2' data-prev-img='https:\/\/www.gym-toelz.de\/wp-content\/uploads\/2025\/06\/basar_20151128-495x244.jpg' class='lightbox ' data-onclick='17' title='basar_20151128'  itemprop=\"thumbnailUrl\"  ><img decoding=\"async\" fetchpriority=\"high\" class=\"wp-image-885 avia-img-lazy-loading-not-885\"   src=\"https:\/\/www.gym-toelz.de\/wp-content\/uploads\/2025\/06\/basar_20151128-80x80.jpg\" width=\"80\" height=\"80\"  title='basar_20151128' alt='' srcset=\"https:\/\/www.gym-toelz.de\/wp-content\/uploads\/2025\/06\/basar_20151128-80x80.jpg 80w, https:\/\/www.gym-toelz.de\/wp-content\/uploads\/2025\/06\/basar_20151128-36x36.jpg 36w, https:\/\/www.gym-toelz.de\/wp-content\/uploads\/2025\/06\/basar_20151128-180x180.jpg 180w\" sizes=\"(max-width: 80px) 100vw, 80px\" \/><div class='big-prev-fake'><img decoding=\"async\" loading=\"lazy\" class=\"wp-image-885 avia-img-lazy-loading-885\"  width=\"495\" height=\"244\" src=\"https:\/\/www.gym-toelz.de\/wp-content\/uploads\/2025\/06\/basar_20151128-495x244.jpg\" title='basar_20151128' alt='' \/><\/div><\/a><a href=\"https:\/\/www.gym-toelz.de\/wp-content\/uploads\/2025\/06\/noghin_20150719-1030x513.jpg\" data-srcset=\"https:\/\/www.gym-toelz.de\/wp-content\/uploads\/2025\/06\/noghin_20150719-1030x513.jpg 1030w, https:\/\/www.gym-toelz.de\/wp-content\/uploads\/2025\/06\/noghin_20150719-300x149.jpg 300w, https:\/\/www.gym-toelz.de\/wp-content\/uploads\/2025\/06\/noghin_20150719-768x383.jpg 768w, https:\/\/www.gym-toelz.de\/wp-content\/uploads\/2025\/06\/noghin_20150719-705x351.jpg 705w, https:\/\/www.gym-toelz.de\/wp-content\/uploads\/2025\/06\/noghin_20150719.jpg 1100w\" data-sizes=\"(max-width: 1030px) 100vw, 1030px\" data-rel='gallery-2' data-prev-img='https:\/\/www.gym-toelz.de\/wp-content\/uploads\/2025\/06\/noghin_20150719-495x400.jpg' class='lightbox ' data-onclick='18' title='noghin_20150719'  itemprop=\"thumbnailUrl\"  ><img decoding=\"async\" fetchpriority=\"high\" class=\"wp-image-891 avia-img-lazy-loading-not-891\"   src=\"https:\/\/www.gym-toelz.de\/wp-content\/uploads\/2025\/06\/noghin_20150719-80x80.jpg\" width=\"80\" height=\"80\"  title='noghin_20150719' alt='' srcset=\"https:\/\/www.gym-toelz.de\/wp-content\/uploads\/2025\/06\/noghin_20150719-80x80.jpg 80w, https:\/\/www.gym-toelz.de\/wp-content\/uploads\/2025\/06\/noghin_20150719-36x36.jpg 36w, https:\/\/www.gym-toelz.de\/wp-content\/uploads\/2025\/06\/noghin_20150719-180x180.jpg 180w\" sizes=\"(max-width: 80px) 100vw, 80px\" \/><div class='big-prev-fake'><img decoding=\"async\" loading=\"lazy\" class=\"wp-image-891 avia-img-lazy-loading-891\"  width=\"495\" height=\"400\" src=\"https:\/\/www.gym-toelz.de\/wp-content\/uploads\/2025\/06\/noghin_20150719-495x400.jpg\" title='noghin_20150719' alt='' \/><\/div><\/a><a href=\"https:\/\/www.gym-toelz.de\/wp-content\/uploads\/2025\/06\/noghin_20150620-1030x515.jpg\" data-srcset=\"https:\/\/www.gym-toelz.de\/wp-content\/uploads\/2025\/06\/noghin_20150620-1030x515.jpg 1030w, https:\/\/www.gym-toelz.de\/wp-content\/uploads\/2025\/06\/noghin_20150620-300x150.jpg 300w, https:\/\/www.gym-toelz.de\/wp-content\/uploads\/2025\/06\/noghin_20150620-768x384.jpg 768w, https:\/\/www.gym-toelz.de\/wp-content\/uploads\/2025\/06\/noghin_20150620-705x353.jpg 705w, https:\/\/www.gym-toelz.de\/wp-content\/uploads\/2025\/06\/noghin_20150620.jpg 1100w\" data-sizes=\"(max-width: 1030px) 100vw, 1030px\" data-rel='gallery-2' data-prev-img='https:\/\/www.gym-toelz.de\/wp-content\/uploads\/2025\/06\/noghin_20150620-495x400.jpg' class='lightbox ' data-onclick='19' title='noghin_20150620'  itemprop=\"thumbnailUrl\"  ><img decoding=\"async\" fetchpriority=\"high\" class=\"wp-image-890 avia-img-lazy-loading-not-890\"   src=\"https:\/\/www.gym-toelz.de\/wp-content\/uploads\/2025\/06\/noghin_20150620-80x80.jpg\" width=\"80\" height=\"80\"  title='noghin_20150620' alt='' srcset=\"https:\/\/www.gym-toelz.de\/wp-content\/uploads\/2025\/06\/noghin_20150620-80x80.jpg 80w, https:\/\/www.gym-toelz.de\/wp-content\/uploads\/2025\/06\/noghin_20150620-36x36.jpg 36w, https:\/\/www.gym-toelz.de\/wp-content\/uploads\/2025\/06\/noghin_20150620-180x180.jpg 180w\" sizes=\"(max-width: 80px) 100vw, 80px\" \/><div class='big-prev-fake'><img decoding=\"async\" loading=\"lazy\" class=\"wp-image-890 avia-img-lazy-loading-890\"  width=\"495\" height=\"400\" src=\"https:\/\/www.gym-toelz.de\/wp-content\/uploads\/2025\/06\/noghin_20150620-495x400.jpg\" title='noghin_20150620' alt='' \/><\/div><\/a><a href=\"https:\/\/www.gym-toelz.de\/wp-content\/uploads\/2025\/06\/noghin_20150414-1030x515.jpg\" data-srcset=\"https:\/\/www.gym-toelz.de\/wp-content\/uploads\/2025\/06\/noghin_20150414-1030x515.jpg 1030w, https:\/\/www.gym-toelz.de\/wp-content\/uploads\/2025\/06\/noghin_20150414-300x150.jpg 300w, https:\/\/www.gym-toelz.de\/wp-content\/uploads\/2025\/06\/noghin_20150414-768x384.jpg 768w, https:\/\/www.gym-toelz.de\/wp-content\/uploads\/2025\/06\/noghin_20150414-705x353.jpg 705w, https:\/\/www.gym-toelz.de\/wp-content\/uploads\/2025\/06\/noghin_20150414.jpg 1100w\" data-sizes=\"(max-width: 1030px) 100vw, 1030px\" data-rel='gallery-2' data-prev-img='https:\/\/www.gym-toelz.de\/wp-content\/uploads\/2025\/06\/noghin_20150414-495x400.jpg' class='lightbox ' data-onclick='20' title='noghin_20150414'  itemprop=\"thumbnailUrl\"  ><img decoding=\"async\" fetchpriority=\"high\" class=\"wp-image-889 avia-img-lazy-loading-not-889\"   src=\"https:\/\/www.gym-toelz.de\/wp-content\/uploads\/2025\/06\/noghin_20150414-80x80.jpg\" width=\"80\" height=\"80\"  title='noghin_20150414' alt='' srcset=\"https:\/\/www.gym-toelz.de\/wp-content\/uploads\/2025\/06\/noghin_20150414-80x80.jpg 80w, https:\/\/www.gym-toelz.de\/wp-content\/uploads\/2025\/06\/noghin_20150414-36x36.jpg 36w, https:\/\/www.gym-toelz.de\/wp-content\/uploads\/2025\/06\/noghin_20150414-180x180.jpg 180w\" sizes=\"(max-width: 80px) 100vw, 80px\" \/><div class='big-prev-fake'><img decoding=\"async\" loading=\"lazy\" class=\"wp-image-889 avia-img-lazy-loading-889\"  width=\"495\" height=\"400\" src=\"https:\/\/www.gym-toelz.de\/wp-content\/uploads\/2025\/06\/noghin_20150414-495x400.jpg\" title='noghin_20150414' alt='' \/><\/div><\/a><a href=\"https:\/\/www.gym-toelz.de\/wp-content\/uploads\/2025\/06\/noghin_20150315-1030x515.jpg\" data-srcset=\"https:\/\/www.gym-toelz.de\/wp-content\/uploads\/2025\/06\/noghin_20150315-1030x515.jpg 1030w, https:\/\/www.gym-toelz.de\/wp-content\/uploads\/2025\/06\/noghin_20150315-300x150.jpg 300w, https:\/\/www.gym-toelz.de\/wp-content\/uploads\/2025\/06\/noghin_20150315-768x384.jpg 768w, https:\/\/www.gym-toelz.de\/wp-content\/uploads\/2025\/06\/noghin_20150315-705x353.jpg 705w, https:\/\/www.gym-toelz.de\/wp-content\/uploads\/2025\/06\/noghin_20150315.jpg 1100w\" data-sizes=\"(max-width: 1030px) 100vw, 1030px\" data-rel='gallery-2' data-prev-img='https:\/\/www.gym-toelz.de\/wp-content\/uploads\/2025\/06\/noghin_20150315-495x400.jpg' class='first_thumb lightbox ' data-onclick='21' title='noghin_20150315'  itemprop=\"thumbnailUrl\"  ><img decoding=\"async\" fetchpriority=\"high\" class=\"wp-image-888 avia-img-lazy-loading-not-888\"   src=\"https:\/\/www.gym-toelz.de\/wp-content\/uploads\/2025\/06\/noghin_20150315-80x80.jpg\" width=\"80\" height=\"80\"  title='noghin_20150315' alt='' srcset=\"https:\/\/www.gym-toelz.de\/wp-content\/uploads\/2025\/06\/noghin_20150315-80x80.jpg 80w, https:\/\/www.gym-toelz.de\/wp-content\/uploads\/2025\/06\/noghin_20150315-36x36.jpg 36w, https:\/\/www.gym-toelz.de\/wp-content\/uploads\/2025\/06\/noghin_20150315-180x180.jpg 180w\" sizes=\"(max-width: 80px) 100vw, 80px\" \/><div class='big-prev-fake'><img decoding=\"async\" loading=\"lazy\" class=\"wp-image-888 avia-img-lazy-loading-888\"  width=\"495\" height=\"400\" src=\"https:\/\/www.gym-toelz.de\/wp-content\/uploads\/2025\/06\/noghin_20150315-495x400.jpg\" title='noghin_20150315' alt='' \/><\/div><\/a><a href=\"https:\/\/www.gym-toelz.de\/wp-content\/uploads\/2025\/06\/noghin191015.jpg\" data-srcset=\"https:\/\/www.gym-toelz.de\/wp-content\/uploads\/2025\/06\/noghin191015.jpg 986w, https:\/\/www.gym-toelz.de\/wp-content\/uploads\/2025\/06\/noghin191015-300x149.jpg 300w, https:\/\/www.gym-toelz.de\/wp-content\/uploads\/2025\/06\/noghin191015-768x382.jpg 768w, https:\/\/www.gym-toelz.de\/wp-content\/uploads\/2025\/06\/noghin191015-705x351.jpg 705w\" data-sizes=\"(max-width: 986px) 100vw, 986px\" data-rel='gallery-2' data-prev-img='https:\/\/www.gym-toelz.de\/wp-content\/uploads\/2025\/06\/noghin191015-495x400.jpg' class='lightbox ' data-onclick='22' title='noghin191015'  itemprop=\"thumbnailUrl\"  ><img decoding=\"async\" fetchpriority=\"high\" class=\"wp-image-887 avia-img-lazy-loading-not-887\"   src=\"https:\/\/www.gym-toelz.de\/wp-content\/uploads\/2025\/06\/noghin191015-80x80.jpg\" width=\"80\" height=\"80\"  title='noghin191015' alt='' srcset=\"https:\/\/www.gym-toelz.de\/wp-content\/uploads\/2025\/06\/noghin191015-80x80.jpg 80w, https:\/\/www.gym-toelz.de\/wp-content\/uploads\/2025\/06\/noghin191015-36x36.jpg 36w, https:\/\/www.gym-toelz.de\/wp-content\/uploads\/2025\/06\/noghin191015-180x180.jpg 180w\" sizes=\"(max-width: 80px) 100vw, 80px\" \/><div class='big-prev-fake'><img decoding=\"async\" loading=\"lazy\" class=\"wp-image-887 avia-img-lazy-loading-887\"  width=\"495\" height=\"400\" src=\"https:\/\/www.gym-toelz.de\/wp-content\/uploads\/2025\/06\/noghin191015-495x400.jpg\" title='noghin191015' alt='' \/><\/div><\/a><a href=\"https:\/\/www.gym-toelz.de\/wp-content\/uploads\/2025\/06\/noghin.jpg\" data-srcset=\"https:\/\/www.gym-toelz.de\/wp-content\/uploads\/2025\/06\/noghin.jpg 550w, https:\/\/www.gym-toelz.de\/wp-content\/uploads\/2025\/06\/noghin-300x225.jpg 300w\" data-sizes=\"(max-width: 550px) 100vw, 550px\" data-rel='gallery-2' data-prev-img='https:\/\/www.gym-toelz.de\/wp-content\/uploads\/2025\/06\/noghin-495x400.jpg' class='lightbox ' data-onclick='23' title='noghin'  itemprop=\"thumbnailUrl\"  ><img decoding=\"async\" fetchpriority=\"high\" class=\"wp-image-886 avia-img-lazy-loading-not-886\"   src=\"https:\/\/www.gym-toelz.de\/wp-content\/uploads\/2025\/06\/noghin-80x80.jpg\" width=\"80\" height=\"80\"  title='noghin' alt='' srcset=\"https:\/\/www.gym-toelz.de\/wp-content\/uploads\/2025\/06\/noghin-80x80.jpg 80w, https:\/\/www.gym-toelz.de\/wp-content\/uploads\/2025\/06\/noghin-36x36.jpg 36w, https:\/\/www.gym-toelz.de\/wp-content\/uploads\/2025\/06\/noghin-180x180.jpg 180w\" sizes=\"(max-width: 80px) 100vw, 80px\" \/><div class='big-prev-fake'><img decoding=\"async\" loading=\"lazy\" class=\"wp-image-886 avia-img-lazy-loading-886\"  width=\"495\" height=\"400\" src=\"https:\/\/www.gym-toelz.de\/wp-content\/uploads\/2025\/06\/noghin-495x400.jpg\" title='noghin' alt='' \/><\/div><\/a><\/div><\/div>\n<div  class='hr av-av_hr-bca31578670ae9d408d6d6d291fc57a6 hr-default'><span class='hr-inner '><span class=\"hr-inner-style\"><\/span><\/span><\/div>\n<div  class='flex_column av-xc3ms-1fa26731616dce0ba7974b2da6d87898 av_one_third first flex_column_div  '     ><section  class='av_textblock_section av-2xrss-8b7d79b58eb4833f964bcb7eb6552175 '   itemscope=\"itemscope\" itemtype=\"https:\/\/schema.org\/BlogPosting\" itemprop=\"blogPost\" ><div class='avia_textblock'  itemprop=\"text\" ><p style=\"text-align: center;\"><a href=\"#spendenkonto\">Infos zum Spendenkonto<\/a><\/p>\n<\/div><\/section><\/div>\n<div  class='flex_column av-kln04-a5a33ef9a6d74e9797ddc9c82756b94d av_one_third flex_column_div  '     ><section  class='av_textblock_section av-miu4yvjm-e10c3df5537da94dafc2013a5a4c3146 '   itemscope=\"itemscope\" itemtype=\"https:\/\/schema.org\/BlogPosting\" itemprop=\"blogPost\" ><div class='avia_textblock'  itemprop=\"text\" ><p style=\"text-align: left;\"><a href=\"https:\/\/www.gym-toelz.de\/wp-content\/uploads\/2025\/06\/bf_flyer_2020.pdf\" target=\"_blank\" rel=\"noopener\">Unseren Flyer finden Sie hier als PDF <img loading=\"lazy\" decoding=\"async\" class=\"alignnone wp-image-1873\" src=\"https:\/\/www.gym-toelz.de\/wp-content\/uploads\/2025\/07\/icons8-new-tab-48.png\" alt=\"\" width=\"18\" height=\"18\" srcset=\"https:\/\/www.gym-toelz.de\/wp-content\/uploads\/2025\/07\/icons8-new-tab-48.png 48w, https:\/\/www.gym-toelz.de\/wp-content\/uploads\/2025\/07\/icons8-new-tab-48-36x36.png 36w\" sizes=\"auto, (max-width: 18px) 100vw, 18px\" \/><\/a><\/p>\n<\/div><\/section><\/div>\n<div  class='flex_column av-e69j0-7dcbd142a5e3fd34502d793889d012ca av_one_third flex_column_div  '     ><section  class='av_textblock_section av-9o3kc-a432d3ba670a3f24d6cac6e433f184a8 '   itemscope=\"itemscope\" itemtype=\"https:\/\/schema.org\/BlogPosting\" itemprop=\"blogPost\" ><div class='avia_textblock'  itemprop=\"text\" ><p style=\"text-align: center;\">E-Mail: <a href=\"mailto:gemeinsamfuerafrika.gvs@gmail.com\">gemeinsamfuerafrika.gvs@gmail.com<\/a><\/p>\n<\/div><\/section><\/div>\n","protected":false},"excerpt":{"rendered":"","protected":false},"author":3,"featured_media":876,"parent":215,"menu_order":1,"comment_status":"closed","ping_status":"closed","template":"","meta":{"footnotes":""},"class_list":["post-908","page","type-page","status-publish","has-post-thumbnail","hentry"],"_links":{"self":[{"href":"https:\/\/www.gym-toelz.de\/index.php\/wp-json\/wp\/v2\/pages\/908","targetHints":{"allow":["GET"]}}],"collection":[{"href":"https:\/\/www.gym-toelz.de\/index.php\/wp-json\/wp\/v2\/pages"}],"about":[{"href":"https:\/\/www.gym-toelz.de\/index.php\/wp-json\/wp\/v2\/types\/page"}],"author":[{"embeddable":true,"href":"https:\/\/www.gym-toelz.de\/index.php\/wp-json\/wp\/v2\/users\/3"}],"replies":[{"embeddable":true,"href":"https:\/\/www.gym-toelz.de\/index.php\/wp-json\/wp\/v2\/comments?post=908"}],"version-history":[{"count":49,"href":"https:\/\/www.gym-toelz.de\/index.php\/wp-json\/wp\/v2\/pages\/908\/revisions"}],"predecessor-version":[{"id":3170,"href":"https:\/\/www.gym-toelz.de\/index.php\/wp-json\/wp\/v2\/pages\/908\/revisions\/3170"}],"up":[{"embeddable":true,"href":"https:\/\/www.gym-toelz.de\/index.php\/wp-json\/wp\/v2\/pages\/215"}],"wp:featuredmedia":[{"embeddable":true,"href":"https:\/\/www.gym-toelz.de\/index.php\/wp-json\/wp\/v2\/media\/876"}],"wp:attachment":[{"href":"https:\/\/www.gym-toelz.de\/index.php\/wp-json\/wp\/v2\/media?parent=908"}],"curies":[{"name":"wp","href":"https:\/\/api.w.org\/{rel}","templated":true}]}}