{"id":44,"date":"2025-05-15T15:44:28","date_gmt":"2025-05-15T15:44:28","guid":{"rendered":"https:\/\/www.gym-toelz.de\/index.php\/unsere-schule\/geschichtliches\/"},"modified":"2026-01-28T16:35:24","modified_gmt":"2026-01-28T15:35:24","slug":"geschichtliches","status":"publish","type":"page","link":"https:\/\/www.gym-toelz.de\/index.php\/unsere-schule\/ueber-uns\/geschichtliches\/","title":{"rendered":"Geschichtliches"},"content":{"rendered":"<section  class='av_textblock_section av-mbufz2ab-7586e2303501d4245903139891a7a442 '   itemscope=\"itemscope\" itemtype=\"https:\/\/schema.org\/CreativeWork\" ><div class='avia_textblock'  itemprop=\"text\" ><h3>Geschichtliches<\/h3>\n<p><a href=\"https:\/\/www.gym-toelz.de\/wp-content\/uploads\/2025\/09\/Schulgeschichte2025.mp4\" target=\"_blank\" rel=\"noopener\">Hier finden Sie einen Film (ca. 3min, 43MB, mit Ton) \u00fcber die Geschichte unserer Schule zur 100-Jahr-Feier <img loading=\"lazy\" decoding=\"async\" class=\"alignnone wp-image-1873\" src=\"https:\/\/www.gym-toelz.de\/wp-content\/uploads\/2025\/07\/icons8-new-tab-48.png\" alt=\"\" width=\"18\" height=\"18\" srcset=\"https:\/\/www.gym-toelz.de\/wp-content\/uploads\/2025\/07\/icons8-new-tab-48.png 48w, https:\/\/www.gym-toelz.de\/wp-content\/uploads\/2025\/07\/icons8-new-tab-48-36x36.png 36w\" sizes=\"auto, (max-width: 18px) 100vw, 18px\" \/><\/a><\/p>\n<h5>St\u00e4dtische Realschule 1921<\/h5>\n<p><img loading=\"lazy\" decoding=\"async\" class=\"size-full wp-image-707 alignleft\" src=\"https:\/\/www.gym-toelz.de\/wp-content\/uploads\/2025\/06\/schule1924_tn.jpg\" alt=\"\" width=\"300\" height=\"184\" \/>Das Schulgeb\u00e4ude im Jahr 1926<br \/>\nSchon im Jahre 1864 war eine private Lateinschule in T\u00f6lz entstanden, die aber bald wieder aufgegeben wurde.<br \/>\nSeit dieser Zeit befasste sich der Stadtmagistrat wiederholt mit der Gr\u00fcndung einer Mittelschule.<br \/>\nEnde Dezember 1920 trat B\u00fcrgermeister Stollreiter an den Guardian des Franziskanerklosters mit dem Ersuchen heran, das Kloster m\u00f6chte in seinen R\u00e4umen einen Unterrichtskurs f\u00fcr Latein- und Realsch\u00fcler er\u00f6ffnen, in welchem diese f\u00fcr den sp\u00e4teren Eintritt in eine anderen h\u00f6heren Lehranstalt vorbereitet werden sollten. Die Verhandlungen f\u00fchrten dazu, dass der Unterrichtskurs mit Beginn des neuen Schuljahres im Mai 1921 er\u00f6ffnet wurde.<\/p>\n<p>Der 1. Kurs umfasste 7 Sch\u00fcler: 6 Realsch\u00fcler von T\u00f6lz und 1 Lateinsch\u00fcler von der Biberm\u00fchle.<\/p>\n<h5>Oberrealschule 1948-65<\/h5>\n<p><img loading=\"lazy\" decoding=\"async\" class=\"size-full wp-image-704 aligncenter\" src=\"https:\/\/www.gym-toelz.de\/wp-content\/uploads\/2025\/06\/nordansicht1956_tn.jpg\" alt=\"\" width=\"300\" height=\"191\" \/>1948 wurde die Oberschule i.E. (seit 1938) zur Oberrealschule<\/p>\n<h5>Gymnasium Bad T\u00f6lz 1965-99<\/h5>\n<p><img loading=\"lazy\" decoding=\"async\" class=\"size-full wp-image-708 alignleft\" src=\"https:\/\/www.gym-toelz.de\/wp-content\/uploads\/2025\/06\/schule1964_tn.jpg\" alt=\"\" width=\"300\" height=\"218\" \/>Ausschnitt aus dem T\u00f6lzer Kurier von 1965<\/p>\n<blockquote>\n<p>Neuer Name f\u00fcr Oberrealschule<\/p>\n<p>Bad T\u00f6lz &#8211; Mit Wirkung vom 1. August werden alle H\u00f6heren Schulen in Bayern als Gymnasien bezeichnet. Die einzelnen Schulgattungen werden durch entsprechende Zus\u00e4tze unterschieden. So entspricht nunmehr der bisherigen Ober-realschule die Bezeichnung &#8222;Mathematisch-naturwissen-schaftliches Gymnasium&#8220; und dem bisherigen Realgymnasium die Bezeichnung &#8222;Neusprachliches Gymnasium&#8220;. Wie im Jahresbericht bereits mitgeteilt, f\u00fchrt die T\u00f6lzer H\u00f6here Schule von nun ab die Bezeichnung &#8222;Gymnasium Bad T\u00f6lz &#8211; Mathematisch-naturwissenschaftliches und Neusprachliches Gymnasium&#8220;, eine weitere Namensgebung war nicht notwendig, da die Kreisstadt nur ein Gymnasium besitzt.<\/p>\n<\/blockquote>\n<h6>Ein Foto vom Kollegium aus dem Jahr 1966:<\/h6>\n<div id=\"attachment_712\" style=\"width: 505px\" class=\"wp-caption aligncenter\"><img decoding=\"async\" aria-describedby=\"caption-attachment-712\" class=\"size-portfolio wp-image-712\" src=\"https:\/\/www.gym-toelz.de\/wp-content\/uploads\/2025\/06\/kollegium67_tn-495x400.jpg\" alt=\"Das Kollegium aus dem Schuljahr 1966\/67\" width=\"495\" height=\"400\" \/><p id=\"caption-attachment-712\" class=\"wp-caption-text\">Josef Frei, Walter Dorn Josef Auer, Karl Dengler, Josef Dirr, Helmut Drescher, Manfred Endre\u00df, Renate Etzrodt, Leonhard Gast, Anton Gindely, Siegfr. H\u00e4mmerle, Josef Hefele, Werner Herzing, Hanna Hofmann, Anton Huber, Dr. Anna Karg, Helmut Krinner, Kurt Kubitz, Dr. A. Laubscher, Justine Lengger, Johann Oberm\u00fcller, Albert Schlecht, Maria Sch\u00f6ttl, Dr. M. Schreiner, Therese Schreyer, E. Schweinberger, Ingrid St\u00fcckj\u00fcrgen, Hermann Thomae, Max. Weihrauch, Norbert Weinhuber, Hilmar Wieland, Irmgard Wolpert, G. Zeiller-Frischkorn, Joh. Zimmerman, Dr. L. Zollitsch Nikolaus Diete, Friedrich Lettenmeyer, Johanna Schulze Johann Emmer, Ingrid Rychner, Inge Zhelen<\/p><\/div>\n<p>In den Jahren 1974 &#8211; 78 wurde das Gymnasium um den Erweiterungsbau, den heutigen Nordbau vergr\u00f6\u00dfert.<img decoding=\"async\" class=\"size-medium wp-image-713 aligncenter\" src=\"https:\/\/www.gym-toelz.de\/wp-content\/uploads\/2025\/06\/nordbau78_tn-300x211.jpg\" alt=\"\" width=\"300\" height=\"211\" srcset=\"https:\/\/www.gym-toelz.de\/wp-content\/uploads\/2025\/06\/nordbau78_tn-300x211.jpg 300w, https:\/\/www.gym-toelz.de\/wp-content\/uploads\/2025\/06\/nordbau78_tn.jpg 640w\" sizes=\"(max-width: 300px) 100vw, 300px\" \/><\/p>\n<h5>Gabriel-von-Seidl-Gymnasium Bad T\u00f6lz seit 1999<\/h5>\n<p><img decoding=\"async\" class=\"size-medium wp-image-714 aligncenter\" src=\"https:\/\/www.gym-toelz.de\/wp-content\/uploads\/2025\/06\/osten96_tn-300x122.jpg\" alt=\"\" width=\"300\" height=\"122\" srcset=\"https:\/\/www.gym-toelz.de\/wp-content\/uploads\/2025\/06\/osten96_tn-300x122.jpg 300w, https:\/\/www.gym-toelz.de\/wp-content\/uploads\/2025\/06\/osten96_tn.jpg 640w\" sizes=\"(max-width: 300px) 100vw, 300px\" \/>Im Jahr 1999 schlie\u00dflich erhielt das &#8222;Gabriel von Seidl Gymnasium&#8220; seinen heutigen Namen.<\/p>\n<p>Die neuerlichen Bauma\u00dfnahmen, neue Dreifachturnhalle, Mensa sowie Neubau, wurden 1998 abgeschlossen.<\/p>\n<p style=\"text-align: center;\"><a href=\"https:\/\/www.gym-toelz.de\/index.php\/unsere-schule\/ueber-uns\/geschichtliches\/gabriel-von-seidl\/\" target=\"_blank\" rel=\"noopener\">Lesen Sie hier mehr \u00fcber den Namensgeber Gabriel von Seidl <img loading=\"lazy\" decoding=\"async\" class=\"alignnone wp-image-1873\" src=\"https:\/\/www.gym-toelz.de\/wp-content\/uploads\/2025\/07\/icons8-new-tab-48.png\" alt=\"\" width=\"18\" height=\"18\" srcset=\"https:\/\/www.gym-toelz.de\/wp-content\/uploads\/2025\/07\/icons8-new-tab-48.png 48w, https:\/\/www.gym-toelz.de\/wp-content\/uploads\/2025\/07\/icons8-new-tab-48-36x36.png 36w\" sizes=\"auto, (max-width: 18px) 100vw, 18px\" \/><\/a><\/p>\n<p style=\"text-align: center;\"><a href=\"https:\/\/www.gym-toelz.de\/wp-content\/uploads\/2025\/07\/GvS-Festschrift-2021-web.pdf\" target=\"_blank\" rel=\"noopener\">Und hier finden Sie unsere Festschrift zur 100. Jahrfeier als PDF <img loading=\"lazy\" decoding=\"async\" class=\"alignnone wp-image-1873\" src=\"https:\/\/www.gym-toelz.de\/wp-content\/uploads\/2025\/07\/icons8-new-tab-48.png\" alt=\"\" width=\"18\" height=\"18\" srcset=\"https:\/\/www.gym-toelz.de\/wp-content\/uploads\/2025\/07\/icons8-new-tab-48.png 48w, https:\/\/www.gym-toelz.de\/wp-content\/uploads\/2025\/07\/icons8-new-tab-48-36x36.png 36w\" sizes=\"auto, (max-width: 18px) 100vw, 18px\" \/><\/a><\/p>\n<p><a href=\"https:\/\/www.gym-toelz.de\/wp-content\/uploads\/2025\/07\/GvS-Festschrift-2021-web.pdf\" target=\"_blank\" rel=\"noopener\"><img loading=\"lazy\" decoding=\"async\" class=\"aligncenter wp-image-967\" src=\"https:\/\/www.gym-toelz.de\/wp-content\/uploads\/2025\/06\/festschrift-100-jahr-180x180.jpg\" alt=\"\" width=\"100\" height=\"100\" srcset=\"https:\/\/www.gym-toelz.de\/wp-content\/uploads\/2025\/06\/festschrift-100-jahr-180x180.jpg 180w, https:\/\/www.gym-toelz.de\/wp-content\/uploads\/2025\/06\/festschrift-100-jahr-80x80.jpg 80w, https:\/\/www.gym-toelz.de\/wp-content\/uploads\/2025\/06\/festschrift-100-jahr-36x36.jpg 36w\" sizes=\"auto, (max-width: 100px) 100vw, 100px\" \/><\/a><\/p>\n<\/div><\/section>\n<div  class='hr av-14e78-d94b062d3acc84b9c6a053271e292569 hr-default  avia-builder-el-1  el_after_av_textblock  el_before_av_textblock '><span class='hr-inner '><span class=\"hr-inner-style\"><\/span><\/span><\/div>\n<section  class='av_textblock_section av-mder092i-ca16cf2b0b035c7c2da1f4b19e03a0d5 '   itemscope=\"itemscope\" itemtype=\"https:\/\/schema.org\/CreativeWork\" ><div class='avia_textblock'  itemprop=\"text\" ><p><strong>Sehen Sie sich die historischen Bilder hier an:<\/strong><\/p>\n<\/div><\/section>\n\n<style type=\"text\/css\" data-created_by=\"avia_inline_auto\" id=\"style-css-av-131tk-89f20d073c8e97cd83908872a6b39302\">\n#top .avia-gallery.av-131tk-89f20d073c8e97cd83908872a6b39302 .avia-gallery-thumb a{\nwidth:33.3333%;\n}\n<\/style>\n<div  class='avia-gallery av-131tk-89f20d073c8e97cd83908872a6b39302 avia_animate_when_visible  avia-builder-el-3  el_after_av_textblock  avia-builder-el-last  avia_lazyload avia-gallery-animate avia-gallery-1'  itemprop=\"image\" itemscope=\"itemscope\" itemtype=\"https:\/\/schema.org\/ImageObject\" ><meta itemprop=\"contentURL\" content=\"https:\/\/www.gym-toelz.de\/index.php\/unsere-schule\/ueber-uns\/geschichtliches\/\"><div class='avia-gallery-thumb'><a href=\"https:\/\/www.gym-toelz.de\/wp-content\/uploads\/2025\/06\/kollegium67_tn.jpg\" data-srcset=\"https:\/\/www.gym-toelz.de\/wp-content\/uploads\/2025\/06\/kollegium67_tn.jpg 640w, https:\/\/www.gym-toelz.de\/wp-content\/uploads\/2025\/06\/kollegium67_tn-300x198.jpg 300w\" data-sizes=\"(max-width: 640px) 100vw, 640px\" data-rel='gallery-1' data-prev-img='https:\/\/www.gym-toelz.de\/wp-content\/uploads\/2025\/06\/kollegium67_tn-300x198.jpg' class='first_thumb lightbox ' data-onclick='1' title='Josef Frei, Walter Dorn Josef Auer, Karl Dengler, Josef Dirr, Helmut Drescher, Manfred Endre\u00df, Renate Etzrodt, Leonhard Gast, Anton Gindely, Siegfr. H\u00e4mmerle, Josef Hefele, Werner Herzing, Hanna Hofmann, Anton Huber, Dr. Anna Karg, Helmut Krinner, Kurt Kubitz, Dr. A. Laubscher, Justine Lengger, Johann Oberm\u00fcller, Albert Schlecht, Maria Sch\u00f6ttl, Dr. M. Schreiner, Therese Schreyer, E. Schweinberger, Ingrid St\u00fcckj\u00fcrgen, Hermann Thomae, Max. Weihrauch, Norbert Weinhuber, Hilmar Wieland, Irmgard Wolpert, G. Zeiller-Frischkorn, Joh. Zimmerman, Dr. L. Zollitsch Nikolaus Diete, Friedrich Lettenmeyer, Johanna Schulze Johann Emmer, Ingrid Rychner, Inge Zhelen'  itemprop=\"thumbnailUrl\"  ><img decoding=\"async\" fetchpriority=\"high\" class=\"wp-image-712 avia-img-lazy-loading-not-712\"  data-avia-tooltip='Josef Frei, Walter Dorn Josef Auer, Karl Dengler, Josef Dirr, Helmut Drescher, Manfred Endre\u00df, Renate Etzrodt, Leonhard Gast, Anton Gindely, Siegfr. H\u00e4mmerle, Josef Hefele, Werner Herzing, Hanna Hofmann, Anton Huber, Dr. Anna Karg, Helmut Krinner, Kurt Kubitz, Dr. A. Laubscher, Justine Lengger, Johann Oberm\u00fcller, Albert Schlecht, Maria Sch\u00f6ttl, Dr. M. Schreiner, Therese Schreyer, E. Schweinberger, Ingrid St\u00fcckj\u00fcrgen, Hermann Thomae, Max. Weihrauch, Norbert Weinhuber, Hilmar Wieland, Irmgard Wolpert, G. Zeiller-Frischkorn, Joh. Zimmerman, Dr. L. Zollitsch Nikolaus Diete, Friedrich Lettenmeyer, Johanna Schulze Johann Emmer, Ingrid Rychner, Inge Zhelen' src=\"https:\/\/www.gym-toelz.de\/wp-content\/uploads\/2025\/06\/kollegium67_tn-180x180.jpg\" width=\"180\" height=\"180\"  title='kollegium67_tn' alt='Das Kollegium aus dem Schuljahr 1966\/67' srcset=\"https:\/\/www.gym-toelz.de\/wp-content\/uploads\/2025\/06\/kollegium67_tn-180x180.jpg 180w, https:\/\/www.gym-toelz.de\/wp-content\/uploads\/2025\/06\/kollegium67_tn-80x80.jpg 80w, https:\/\/www.gym-toelz.de\/wp-content\/uploads\/2025\/06\/kollegium67_tn-36x36.jpg 36w\" sizes=\"(max-width: 180px) 100vw, 180px\" \/><div class='big-prev-fake'><img decoding=\"async\" loading=\"lazy\" class=\"wp-image-712 avia-img-lazy-loading-712\"  width=\"300\" height=\"198\" src=\"https:\/\/www.gym-toelz.de\/wp-content\/uploads\/2025\/06\/kollegium67_tn-300x198.jpg\" title='kollegium67_tn' alt='Das Kollegium aus dem Schuljahr 1966\/67' srcset=\"https:\/\/www.gym-toelz.de\/wp-content\/uploads\/2025\/06\/kollegium67_tn-300x198.jpg 300w, https:\/\/www.gym-toelz.de\/wp-content\/uploads\/2025\/06\/kollegium67_tn.jpg 640w\" sizes=\"auto, (max-width: 300px) 100vw, 300px\" \/><\/div><\/a><a href=\"https:\/\/www.gym-toelz.de\/wp-content\/uploads\/2025\/06\/eisstadion_tn.jpg\" data-srcset=\"https:\/\/www.gym-toelz.de\/wp-content\/uploads\/2025\/06\/eisstadion_tn.jpg 640w, https:\/\/www.gym-toelz.de\/wp-content\/uploads\/2025\/06\/eisstadion_tn-300x178.jpg 300w\" data-sizes=\"(max-width: 640px) 100vw, 640px\" data-rel='gallery-1' data-prev-img='https:\/\/www.gym-toelz.de\/wp-content\/uploads\/2025\/06\/eisstadion_tn-300x178.jpg' class='lightbox ' data-onclick='2' title='eisstadion_tn'  itemprop=\"thumbnailUrl\"  ><img decoding=\"async\" fetchpriority=\"high\" class=\"wp-image-710 avia-img-lazy-loading-not-710\"   src=\"https:\/\/www.gym-toelz.de\/wp-content\/uploads\/2025\/06\/eisstadion_tn-180x180.jpg\" width=\"180\" height=\"180\"  title='eisstadion_tn' alt='' srcset=\"https:\/\/www.gym-toelz.de\/wp-content\/uploads\/2025\/06\/eisstadion_tn-180x180.jpg 180w, https:\/\/www.gym-toelz.de\/wp-content\/uploads\/2025\/06\/eisstadion_tn-80x80.jpg 80w, https:\/\/www.gym-toelz.de\/wp-content\/uploads\/2025\/06\/eisstadion_tn-36x36.jpg 36w\" sizes=\"(max-width: 180px) 100vw, 180px\" \/><div class='big-prev-fake'><img decoding=\"async\" loading=\"lazy\" class=\"wp-image-710 avia-img-lazy-loading-710\"  width=\"300\" height=\"178\" src=\"https:\/\/www.gym-toelz.de\/wp-content\/uploads\/2025\/06\/eisstadion_tn-300x178.jpg\" title='eisstadion_tn' alt='' srcset=\"https:\/\/www.gym-toelz.de\/wp-content\/uploads\/2025\/06\/eisstadion_tn-300x178.jpg 300w, https:\/\/www.gym-toelz.de\/wp-content\/uploads\/2025\/06\/eisstadion_tn.jpg 640w\" sizes=\"auto, (max-width: 300px) 100vw, 300px\" \/><\/div><\/a><a href=\"https:\/\/www.gym-toelz.de\/wp-content\/uploads\/2025\/06\/nordbau78_tn.jpg\" data-srcset=\"https:\/\/www.gym-toelz.de\/wp-content\/uploads\/2025\/06\/nordbau78_tn.jpg 640w, https:\/\/www.gym-toelz.de\/wp-content\/uploads\/2025\/06\/nordbau78_tn-300x211.jpg 300w\" data-sizes=\"(max-width: 640px) 100vw, 640px\" data-rel='gallery-1' data-prev-img='https:\/\/www.gym-toelz.de\/wp-content\/uploads\/2025\/06\/nordbau78_tn-300x211.jpg' class='lightbox ' data-onclick='3' title='nordbau78_tn'  itemprop=\"thumbnailUrl\"  ><img decoding=\"async\" fetchpriority=\"high\" class=\"wp-image-713 avia-img-lazy-loading-not-713\"   src=\"https:\/\/www.gym-toelz.de\/wp-content\/uploads\/2025\/06\/nordbau78_tn-180x180.jpg\" width=\"180\" height=\"180\"  title='nordbau78_tn' alt='' srcset=\"https:\/\/www.gym-toelz.de\/wp-content\/uploads\/2025\/06\/nordbau78_tn-180x180.jpg 180w, https:\/\/www.gym-toelz.de\/wp-content\/uploads\/2025\/06\/nordbau78_tn-80x80.jpg 80w, https:\/\/www.gym-toelz.de\/wp-content\/uploads\/2025\/06\/nordbau78_tn-36x36.jpg 36w\" sizes=\"(max-width: 180px) 100vw, 180px\" \/><div class='big-prev-fake'><img decoding=\"async\" loading=\"lazy\" class=\"wp-image-713 avia-img-lazy-loading-713\"  width=\"300\" height=\"211\" src=\"https:\/\/www.gym-toelz.de\/wp-content\/uploads\/2025\/06\/nordbau78_tn-300x211.jpg\" title='nordbau78_tn' alt='' srcset=\"https:\/\/www.gym-toelz.de\/wp-content\/uploads\/2025\/06\/nordbau78_tn-300x211.jpg 300w, https:\/\/www.gym-toelz.de\/wp-content\/uploads\/2025\/06\/nordbau78_tn.jpg 640w\" sizes=\"auto, (max-width: 300px) 100vw, 300px\" \/><\/div><\/a><a href=\"https:\/\/www.gym-toelz.de\/wp-content\/uploads\/2025\/06\/osten96_tn.jpg\" data-srcset=\"https:\/\/www.gym-toelz.de\/wp-content\/uploads\/2025\/06\/osten96_tn.jpg 640w, https:\/\/www.gym-toelz.de\/wp-content\/uploads\/2025\/06\/osten96_tn-300x122.jpg 300w\" data-sizes=\"(max-width: 640px) 100vw, 640px\" data-rel='gallery-1' data-prev-img='https:\/\/www.gym-toelz.de\/wp-content\/uploads\/2025\/06\/osten96_tn-300x122.jpg' class='first_thumb lightbox ' data-onclick='4' title='osten96_tn'  itemprop=\"thumbnailUrl\"  ><img decoding=\"async\" fetchpriority=\"high\" class=\"wp-image-714 avia-img-lazy-loading-not-714\"   src=\"https:\/\/www.gym-toelz.de\/wp-content\/uploads\/2025\/06\/osten96_tn-180x180.jpg\" width=\"180\" height=\"180\"  title='osten96_tn' alt='' srcset=\"https:\/\/www.gym-toelz.de\/wp-content\/uploads\/2025\/06\/osten96_tn-180x180.jpg 180w, https:\/\/www.gym-toelz.de\/wp-content\/uploads\/2025\/06\/osten96_tn-80x80.jpg 80w, https:\/\/www.gym-toelz.de\/wp-content\/uploads\/2025\/06\/osten96_tn-36x36.jpg 36w\" sizes=\"(max-width: 180px) 100vw, 180px\" \/><div class='big-prev-fake'><img decoding=\"async\" loading=\"lazy\" class=\"wp-image-714 avia-img-lazy-loading-714\"  width=\"300\" height=\"122\" src=\"https:\/\/www.gym-toelz.de\/wp-content\/uploads\/2025\/06\/osten96_tn-300x122.jpg\" title='osten96_tn' alt='' srcset=\"https:\/\/www.gym-toelz.de\/wp-content\/uploads\/2025\/06\/osten96_tn-300x122.jpg 300w, https:\/\/www.gym-toelz.de\/wp-content\/uploads\/2025\/06\/osten96_tn.jpg 640w\" sizes=\"auto, (max-width: 300px) 100vw, 300px\" \/><\/div><\/a><a href=\"https:\/\/www.gym-toelz.de\/wp-content\/uploads\/2025\/06\/schule24_59_tn.jpg\" data-srcset=\"https:\/\/www.gym-toelz.de\/wp-content\/uploads\/2025\/06\/schule24_59_tn.jpg 640w, https:\/\/www.gym-toelz.de\/wp-content\/uploads\/2025\/06\/schule24_59_tn-300x180.jpg 300w\" data-sizes=\"(max-width: 640px) 100vw, 640px\" data-rel='gallery-1' data-prev-img='https:\/\/www.gym-toelz.de\/wp-content\/uploads\/2025\/06\/schule24_59_tn-300x180.jpg' class='lightbox ' data-onclick='5' title='schule24_59_tn'  itemprop=\"thumbnailUrl\"  ><img decoding=\"async\" fetchpriority=\"high\" class=\"wp-image-715 avia-img-lazy-loading-not-715\"   src=\"https:\/\/www.gym-toelz.de\/wp-content\/uploads\/2025\/06\/schule24_59_tn-180x180.jpg\" width=\"180\" height=\"180\"  title='schule24_59_tn' alt='' srcset=\"https:\/\/www.gym-toelz.de\/wp-content\/uploads\/2025\/06\/schule24_59_tn-180x180.jpg 180w, https:\/\/www.gym-toelz.de\/wp-content\/uploads\/2025\/06\/schule24_59_tn-80x80.jpg 80w, https:\/\/www.gym-toelz.de\/wp-content\/uploads\/2025\/06\/schule24_59_tn-36x36.jpg 36w\" sizes=\"(max-width: 180px) 100vw, 180px\" \/><div class='big-prev-fake'><img decoding=\"async\" loading=\"lazy\" class=\"wp-image-715 avia-img-lazy-loading-715\"  width=\"300\" height=\"180\" src=\"https:\/\/www.gym-toelz.de\/wp-content\/uploads\/2025\/06\/schule24_59_tn-300x180.jpg\" title='schule24_59_tn' alt='' srcset=\"https:\/\/www.gym-toelz.de\/wp-content\/uploads\/2025\/06\/schule24_59_tn-300x180.jpg 300w, https:\/\/www.gym-toelz.de\/wp-content\/uploads\/2025\/06\/schule24_59_tn.jpg 640w\" sizes=\"auto, (max-width: 300px) 100vw, 300px\" \/><\/div><\/a><a href=\"https:\/\/www.gym-toelz.de\/wp-content\/uploads\/2025\/06\/grupp26_tn.jpg\" data-srcset=\"https:\/\/www.gym-toelz.de\/wp-content\/uploads\/2025\/06\/grupp26_tn.jpg 640w, https:\/\/www.gym-toelz.de\/wp-content\/uploads\/2025\/06\/grupp26_tn-300x133.jpg 300w\" data-sizes=\"(max-width: 640px) 100vw, 640px\" data-rel='gallery-1' data-prev-img='https:\/\/www.gym-toelz.de\/wp-content\/uploads\/2025\/06\/grupp26_tn-300x133.jpg' class='lightbox ' data-onclick='6' title='grupp26_tn'  itemprop=\"thumbnailUrl\"  ><img decoding=\"async\" fetchpriority=\"high\" class=\"wp-image-711 avia-img-lazy-loading-not-711\"   src=\"https:\/\/www.gym-toelz.de\/wp-content\/uploads\/2025\/06\/grupp26_tn-180x180.jpg\" width=\"180\" height=\"180\"  title='grupp26_tn' alt='' srcset=\"https:\/\/www.gym-toelz.de\/wp-content\/uploads\/2025\/06\/grupp26_tn-180x180.jpg 180w, https:\/\/www.gym-toelz.de\/wp-content\/uploads\/2025\/06\/grupp26_tn-80x80.jpg 80w, https:\/\/www.gym-toelz.de\/wp-content\/uploads\/2025\/06\/grupp26_tn-36x36.jpg 36w\" sizes=\"(max-width: 180px) 100vw, 180px\" \/><div class='big-prev-fake'><img decoding=\"async\" loading=\"lazy\" class=\"wp-image-711 avia-img-lazy-loading-711\"  width=\"300\" height=\"133\" src=\"https:\/\/www.gym-toelz.de\/wp-content\/uploads\/2025\/06\/grupp26_tn-300x133.jpg\" title='grupp26_tn' alt='' srcset=\"https:\/\/www.gym-toelz.de\/wp-content\/uploads\/2025\/06\/grupp26_tn-300x133.jpg 300w, https:\/\/www.gym-toelz.de\/wp-content\/uploads\/2025\/06\/grupp26_tn.jpg 640w\" sizes=\"auto, (max-width: 300px) 100vw, 300px\" \/><\/div><\/a><\/div><\/div>\n","protected":false},"excerpt":{"rendered":"","protected":false},"author":2,"featured_media":0,"parent":109,"menu_order":24,"comment_status":"closed","ping_status":"closed","template":"","meta":{"footnotes":""},"class_list":["post-44","page","type-page","status-publish","hentry"],"_links":{"self":[{"href":"https:\/\/www.gym-toelz.de\/index.php\/wp-json\/wp\/v2\/pages\/44","targetHints":{"allow":["GET"]}}],"collection":[{"href":"https:\/\/www.gym-toelz.de\/index.php\/wp-json\/wp\/v2\/pages"}],"about":[{"href":"https:\/\/www.gym-toelz.de\/index.php\/wp-json\/wp\/v2\/types\/page"}],"author":[{"embeddable":true,"href":"https:\/\/www.gym-toelz.de\/index.php\/wp-json\/wp\/v2\/users\/2"}],"replies":[{"embeddable":true,"href":"https:\/\/www.gym-toelz.de\/index.php\/wp-json\/wp\/v2\/comments?post=44"}],"version-history":[{"count":36,"href":"https:\/\/www.gym-toelz.de\/index.php\/wp-json\/wp\/v2\/pages\/44\/revisions"}],"predecessor-version":[{"id":2773,"href":"https:\/\/www.gym-toelz.de\/index.php\/wp-json\/wp\/v2\/pages\/44\/revisions\/2773"}],"up":[{"embeddable":true,"href":"https:\/\/www.gym-toelz.de\/index.php\/wp-json\/wp\/v2\/pages\/109"}],"wp:attachment":[{"href":"https:\/\/www.gym-toelz.de\/index.php\/wp-json\/wp\/v2\/media?parent=44"}],"curies":[{"name":"wp","href":"https:\/\/api.w.org\/{rel}","templated":true}]}}