{"id":41,"date":"2025-05-15T15:43:05","date_gmt":"2025-05-15T15:43:05","guid":{"rendered":"https:\/\/www.gym-toelz.de\/?page_id=41"},"modified":"2026-01-29T16:38:55","modified_gmt":"2026-01-29T15:38:55","slug":"schulprofil","status":"publish","type":"page","link":"https:\/\/www.gym-toelz.de\/index.php\/unsere-schule\/ueber-uns\/schulprofil\/","title":{"rendered":"Schulprofil"},"content":{"rendered":"<section  class='av_textblock_section av-154l5-85478e63971ca3256baad396f6990ed0 '   itemscope=\"itemscope\" itemtype=\"https:\/\/schema.org\/CreativeWork\" ><div class='avia_textblock'  itemprop=\"text\" ><p><strong>P\u00e4dagogisches Profil<\/strong><br \/>\nDas Gabriel-von-Seidl-Gymnasium Bad T\u00f6lz zeichnet sich durch eine Vielzahl p\u00e4dagogischer Bausteine aus, durch die der gesetzliche Bildungs- und Erziehungsauftrag \u00fcber den gew\u00f6hnlichen Rahmen eines bayerischen Gymnasiums hinaus besonders erfolgreich umgesetzt wird. Wir nehmen Art. 131 Bayerische Verfassung sehr ernst, indem wir nicht nur Wissen und K\u00f6nnen vermitteln, sondern auch Herz und Hand bilden.<\/p>\n<p><img loading=\"lazy\" decoding=\"async\" class=\"alignright wp-image-2744 \" src=\"https:\/\/www.gym-toelz.de\/wp-content\/uploads\/2025\/10\/paed-profil-web-2025.jpg\" alt=\"\" width=\"312\" height=\"208\" srcset=\"https:\/\/www.gym-toelz.de\/wp-content\/uploads\/2025\/10\/paed-profil-web-2025.jpg 1536w, https:\/\/www.gym-toelz.de\/wp-content\/uploads\/2025\/10\/paed-profil-web-2025-300x200.jpg 300w, https:\/\/www.gym-toelz.de\/wp-content\/uploads\/2025\/10\/paed-profil-web-2025-1030x687.jpg 1030w, https:\/\/www.gym-toelz.de\/wp-content\/uploads\/2025\/10\/paed-profil-web-2025-768x512.jpg 768w, https:\/\/www.gym-toelz.de\/wp-content\/uploads\/2025\/10\/paed-profil-web-2025-1500x1000.jpg 1500w, https:\/\/www.gym-toelz.de\/wp-content\/uploads\/2025\/10\/paed-profil-web-2025-705x470.jpg 705w\" sizes=\"auto, (max-width: 312px) 100vw, 312px\" \/><br \/>\nBildung ist f\u00fcr uns ein wertvolles Gut. Wir versuchen t\u00e4glich, die vielen klugen K\u00f6pfe unserer Schule zu fordern und zu f\u00f6rdern, sie zu hohen kognitiven Leistungen zu bef\u00e4higen. Als vom Ministerium ausgew\u00e4hltem Regionalzentrum f\u00fcr Begabtenf\u00f6rderung liegt uns die systematische Individualisierung und Unterst\u00fctzung von Lehr-Lern-Prozessen besonders am Herzen. Naturwissenschaftlich begabte Sch\u00fclerinnen und Sch\u00fcler werden \u00fcber den t\u00e4glichen Unterricht hinaus in Forschergruppen gef\u00f6rdert, besonders talentierte bereiten sich auf die Teilnahme an Wettbewerben wie \u201eJugend forscht\u201c vor. Sprachlich begabte Sch\u00fclerinnen und Sch\u00fcler erhalten die M\u00f6glichkeit, in Franz\u00f6sisch ein zus\u00e4tzliches Sprachdiplom (DELF) zu absolvieren oder k\u00f6nnen an den zahlreichen internationalen Austauschprogrammen mit unseren Partnerschulen, an Model United Nations oder am Bundeswettbewerb Fremdsprachen teilnehmen. Zudem haben sie die M\u00f6glichkeit, in der 8. und 9. Jahrgangsstufe Geschichte bilingual auf Deutsch und Englisch zu lernen.<\/p>\n<p>Gymnasialer Bildungsanspruch umfasst neben hohen intellektuellen Herausforderungen die Entfaltung k\u00fcnstlerischer und sportlicher Begabungen. Dazu bieten wir vielf\u00e4ltige M\u00f6glichkeiten \u00fcber die musische Ausbildungsrichtung hinaus durch eine breite Palette musikalischer Ensembles von der Rock Band \u00fcber die Ch\u00f6re bis zum Gro\u00dfen Sinfonieorchester. Vielf\u00e4ltige Angebote des Wahlunterrichts gehen auf die verschiedensten Interessen ein. Als Partnerschule des Wintersports unterst\u00fctzen wir leistungssportorientierte Nachwuchskaderathleten bei der Vereinbarkeit von Leistungssport und gymnasialer Bildung.<\/p>\n<p>Der Wahlunterricht \u201eLernen lernen\u201c in Jahrgangsstufe 5 bietet Unterst\u00fctzung bei der Aneignung und Optimierung von Lerntechniken. \u00dcber die Einf\u00fchrungsklasse in der 11. Jahrgangsstufe er\u00f6ffnen wir bei entsprechender Eignung und absolviertem Mittlerem Schulabschluss die Chance, sich gezielt auf die Oberstufe vorzubereiten und von anderen Schularten an das Gymnasium \u00fcberzutreten und den Erwerb der allgemeinen Hochschulreife anzustreben.<\/p>\n<p>Die Erziehung zu selbstverantwortlichem Handeln, das hohen moralischen Anspr\u00fcchen verpflichtet ist, stellt eine zentrale Rolle unseres p\u00e4dagogischen Auftrags dar. Gegenseitige Wertsch\u00e4tzung, Hilfsbereitschaft, Verantwortung f\u00fcr sich und die anderen zeigen sich im t\u00e4glichen Miteinander von Sch\u00fclerinnen und Sch\u00fclern, Eltern und Lehrkr\u00e4ften, das durch die Vereinbarung der W.I.R.-Werte definiert ist.<\/p>\n<p>Die 5. Klassen werden zu Beginn ihrer gymnasialen Schulzeit in den Kommunikations- und Kooperationstagen an konstruktive Zusammenarbeit und Verhaltensweisen im Klassenverbund herangef\u00fchrt. In der 8. Jahrgangsstufe folgt in den SNET-Tagen (SNET steht f\u00fcr Soziales Lernen \u2013 Naturerlebnis \u2013 Tage) eine weitere Ma\u00dfnahme zur St\u00e4rkung des Gemeinsinns und der individuellen Pers\u00f6nlichkeitsentwicklung. Institutionalisierte Informationsveranstaltungen und Workshops wie z.B. \u201eKlicksalat \u2013 Gefahren des Internets\u201c und Mobbingpr\u00e4vention in der 6. Jahrgangsstufe, Alkoholpr\u00e4vention in der 7. Jahrgangsstufe sowie Drogenpr\u00e4vention in der 9. Jahrgangsstufe erg\u00e4nzen den hohen erzieherischen Anspruch des Gabriel-von-Seidl-Gymnasiums.<\/p>\n<p>Trotz der Gr\u00f6\u00dfe der Schule ist es unser Ziel, den individuellen Bed\u00fcrfnissen und Problemen der uns anvertrauten Sch\u00fclerinnen und Sch\u00fcler gerecht zu werden. Die einzelnen Fachlehrkr\u00e4fte, die Schulpsychologinnen, die Beratungslehrerin und die Schulsozialp\u00e4dagogin versuchen unter der Koordination durch das P\u00e4dagogische Netzwerk m\u00f6glichst fr\u00fchzeitig und pr\u00e4ventiv Fehlentwicklungen einzelner Sch\u00fclerinnen und Sch\u00fcler zu erkennen und zusammen mit den Eltern und Erziehungsberechtigten helfend einzugreifen.<\/p>\n<p>Eine Reihe von au\u00dferunterrichtlichen und jahrgangs\u00fcbergreifenden Einrichtungen wie die Tutoren, Streitschlichter, unsere Schulsanit\u00e4ter, die sehr aktive Sch\u00fclermitverantwortung (SMV) und ganz besonders der Schulverein \u201eGemeinsam f\u00fcr Afrika\u201c runden das p\u00e4dagogische Profil ab.<\/p>\n<p>Unsere Sch\u00fclerinnen und Sch\u00fcler erhalten durch diese Vielzahl an M\u00f6glichkeiten pers\u00f6nliche Lebenserfahrungen, die sie bei der Entwicklung ihrer Pers\u00f6nlichkeit \u00fcber den reinen Klassenzimmerunterricht hinaus altersgerecht fordern und f\u00f6rdern.<\/p>\n<\/div><\/section>\n<div  class='togglecontainer av-mcyw3bnm-a9479dd18618d31892d08af4d3268db5  avia-builder-el-1  el_after_av_textblock  avia-builder-el-last  toggle_close_all' >\n<section class='av_toggle_section av-mky6zgsv-0c3cb1688e0399a5030b334970ab6265'  itemscope=\"itemscope\" itemtype=\"https:\/\/schema.org\/CreativeWork\" ><div role=\"tablist\" class=\"single_toggle\" data-tags=\"{Alle} \"  ><p id='toggle-toggle-id-1' data-fake-id='#toggle-id-1' class='toggler  av-title-above '  itemprop=\"headline\"  role='tab' tabindex='0' aria-controls='toggle-id-1' data-slide-speed=\"200\" data-title=\"Fremdsprachenprofil\" data-title-open=\"\" data-aria_collapsed=\"Click to expand: Fremdsprachenprofil\" data-aria_expanded=\"Click to collapse: Fremdsprachenprofil\">Fremdsprachenprofil<span class=\"toggle_icon\"><span class=\"vert_icon\"><\/span><span class=\"hor_icon\"><\/span><\/span><\/p><div id='toggle-id-1' aria-labelledby='toggle-toggle-id-1' role='region' class='toggle_wrap  av-title-above'  ><div class='toggle_content invers-color '  itemprop=\"text\" ><p>F\u00fcr die sprachinteressierten Sch\u00fclerinnen und Sch\u00fcler bietet das Gabriel-von-Seidl-Gymnasium ein an ihren F\u00e4higkeiten orientiertes, in sich abgestimmtes Konzept zum Erlernen moderner Fremdsprachen mit dem Ziel gymnasialer Bildung: der Beherrschung von mindestens zwei Fremdsprachen.<\/p>\n<p>Alle Sch\u00fcler beginnen in der 5. Jahrgangsstufe mit Englisch. In der 6. Jahrgangsstufe kommt Franz\u00f6sisch oder Latein hinzu. Sollten sie sich f\u00fcr die sprachliche Ausbildungsrichtung entscheiden, erweitern sie ab der 8. Jahrgangsstufe die Fremdsprachenfolge Englisch \u2013 Latein mit Franz\u00f6sisch als 3. Fremdsprache. Ab der 11. Jahrgangsstufe kann Latein oder Franz\u00f6sisch durch Italienisch ersetzt werden. Sprachbegabte und zugleich geschichtsinteressierte Sch\u00fcler erhalten in der 8. und 9. Jahrgangsstufe Geschichte zweisprachig mit Englisch als Unterrichtssprache.<\/p>\n<p>Wir leben in einer international verflochtenen Welt. Aus diesem Grund legt das GvS gro\u00dfen Wert auf praktische Spracherfahrung. Die Austauschprogramme sind eines unserer vielen Qualit\u00e4tsmerkmale. Unsere Sch\u00fcler erweitern dadurch zum einen ihre Sprechfertigkeit, lernen zum anderen aber auch Land und Leute kennen.<\/p>\n<p>In einem auf die verschiedenen Altersstufen und jeweiligen Sprachniveaus abgestimmten Angebot werden alle bei uns gelehrten, modernen Fremdsprachen ber\u00fccksichtigt. Im zweiten Lernjahr Franz\u00f6sisch besuchen die Siebtkl\u00e4ssler das Coll\u00e8ge les C\u00e9lestins (Vichy, Frankreich); Sch\u00fcler mit Franz\u00f6sisch als dritter Fremdsprache reisen in der 9. Jahrgangsstufe in die Normandie an das Lyc\u00e9e Rabelais (Saint Brieuc, Frankreich). Zur Verbesserung der englischen Sprache bieten wir in der 11. Jahrgangsstufe einen Besuch der Timber Creek High School und der Keller High School (Fort Worth, Texas, USA), oder des Paul Roos Gimnasiums (Stellenbosch, S\u00fcdafrika) an. Abgerundet wird unser Austauschprogramm durch den j\u00e4hrlichen Austausch mit dem Liceo Scientifico (Pisa, Italien), um die Sprach- und Kulturkenntnisse des Italienischen zu vertiefen.<\/p>\n<p>Besonders an Franz\u00f6sisch interessierten Sch\u00fclern werden jedes Jahr Vorbereitung und Teilnahme an der DELF-Pr\u00fcfung des franz\u00f6sischen Bildungsministeriums angeboten. Besonders sprachtalentierte und zugleich politikinteressierte Sch\u00fcler nehmen ab der 9. Jahrgangsstufe am vorbereitenden Wahlunterricht und den auf h\u00f6chstem englischen Sprachniveau stattfindenden internationalen Veranstaltungen \u201eModel United Nations\u201c z.B. in Kopenhagen (D\u00e4nemark), Haarlem (Niederlande) oder Istanbul (T\u00fcrkei) teil.<\/p>\n<p>Das Fremdsprachenkonzept wird abgerundet durch eine gezielte Unterst\u00fctzung bei der Teilnahme am Bundeswettbewerb Fremdsprachen. Hier hat das GvS in den letzten Jahren \u00fcberdurchschnittlich viele Sch\u00fclerinnen und Sch\u00fcler bis zum Landesfinale und einige sogar bis zum Bundesfinale f\u00fchren k\u00f6nnen und ist daf\u00fcr auch schon mit dem Schulpreis des Kultusministeriums ausgezeichnet worden.<\/p>\n<\/div><\/div><\/div><\/section>\n<section class='av_toggle_section av-mcyw3a3y-4e439fb628a626e7d6be4f69d4beec5c'  itemscope=\"itemscope\" itemtype=\"https:\/\/schema.org\/CreativeWork\" ><div role=\"tablist\" class=\"single_toggle\" data-tags=\"{Alle} \"  ><p id='toggle-toggle-id-2' data-fake-id='#toggle-id-2' class='toggler  av-title-above '  itemprop=\"headline\"  role='tab' tabindex='0' aria-controls='toggle-id-2' data-slide-speed=\"200\" data-title=\"Orientierungstage\" data-title-open=\"\" data-aria_collapsed=\"Click to expand: Orientierungstage\" data-aria_expanded=\"Click to collapse: Orientierungstage\">Orientierungstage<span class=\"toggle_icon\"><span class=\"vert_icon\"><\/span><span class=\"hor_icon\"><\/span><\/span><\/p><div id='toggle-id-2' aria-labelledby='toggle-toggle-id-2' role='region' class='toggle_wrap  av-title-above'  ><div class='toggle_content invers-color '  itemprop=\"text\" ><div class=\"art-postcontent clearfix\">\n<div class=\"art-article\">\n<p><strong>Selbsterkundung, Auszeit und Gemeinschaftserlebnis \u2013 <\/strong><br \/>\n<strong>die Tage der Orientierung der Q 12<\/strong><\/p>\n<p>Gerade zu Beginn der Qualifikationsphase sehen sich die Sch\u00fclerinnen und Sch\u00fcler der 12. Jahrgangsstufe mit zahlreichen neuen Herausforderungen konfrontiert. Das betrifft das Punktesystem, die selbstst\u00e4ndigere Arbeitsweise oder auch die Aufl\u00f6sung der gewohnten Klassenverb\u00e4nde. Zudem weitet sich der Blick auch hin zur Entwicklung von Perspektiven f\u00fcr die Zeit nach dem Abitur, die Studien- und Berufsorientierung tritt st\u00e4rker in den Fokus. Bei der Bew\u00e4ltigung dieser Aufgaben wollen wir als Gabriel-von-Seidl-Gymnasium die Sch\u00fclerinnen und Sch\u00fclern aktiv unterst\u00fctzen und Orientierung bieten. Daher f\u00fchren die Fachschaften Religion in Kooperation mit dem Aktionszentrum Benediktbeuern (<a href=\"http:\/\/www.aktionszentrum.de\/\" target=\"_blank\" rel=\"noopener\">http:\/\/www.aktionszentrum.de\/<\/a>) und der Fachschaft Ethik am Anfang des Schuljahres Orientierungstage f\u00fcr die Q 12 durch. Bei dieser dreit\u00e4gigen Veranstaltung, an der alle Sch\u00fclerinnen und Sch\u00fcler der Q 12 teilnehmen, haben die Jugendlichen die M\u00f6glichkeit, in anregender Umgebung eine kurze Auszeit vom Alltagsstress zu nehmen, dabei zu diskutieren, zu reflektieren, gute Gespr\u00e4che zu f\u00fchren, \u00fcber den Glauben oder \u00fcber philosophische Sichtweisen auf das Leben zu sprechen, an gemeinschaftsf\u00f6rdernden Aktivit\u00e4ten unter professioneller Leitung teilzunehmen, aber auch sich bewusst zu werden, welche Werte das eigene Handeln bestimmen und wo die eigenen St\u00e4rken liegen, um erste berufliche Perspektiven zu entwickeln oder zu vertiefen.<\/p>\n<p>So stehen bei den Workshops des AZ Benediktbeuern z.B. folgende Fragen im Zentrum:<\/p>\n<ul>\n<li>Planspiel Klimasiedler &#8211; Wie geht ein gutes Leben f\u00fcr alle &#8211; jetzt und in Zukunft?<\/li>\n<li>Leben in Beziehungen &#8211; Liebe, Freundschaft, Partnerschaft<\/li>\n<li>\u201eHow to Krise?!\u201c &#8211; Umgang mit Krisen<\/li>\n<li>Grenzen sprengen \u2013 Br\u00fccken bauen &#8211; wie kann man Perspektiven andere einnehmen und so den eigenen Blickwinkel erweitern?<\/li>\n<li>In der Politik wird eh nur gelabert? &#8211; Sei stark \u2013 sei politisch<\/li>\n<li>Das 1&#215;1 des Streitens<\/li>\n<li>Pilgern<\/li>\n<\/ul>\n<p>Durch das weite Themenspektrum k\u00f6nnen die Sch\u00fclerinnen und Sch\u00fcler eigene Schwerpunkte setzen und so eigene Vorstellungen mit ihren Mitsch\u00fclerinnen und Mitsch\u00fclern diskutieren, neue Anregungen f\u00fcr ihre eigene Lebensgestaltung gewinnen und ihr bestehendes Wertesystem reflektieren.<\/p>\n<p><img loading=\"lazy\" decoding=\"async\" class=\"aligncenter wp-image-3653 \" src=\"https:\/\/www.gym-toelz.de\/wp-content\/uploads\/2026\/01\/Orientierungstage_Homepage-scaled.jpg\" alt=\"\" width=\"950\" height=\"534\" srcset=\"https:\/\/www.gym-toelz.de\/wp-content\/uploads\/2026\/01\/Orientierungstage_Homepage-scaled.jpg 2560w, https:\/\/www.gym-toelz.de\/wp-content\/uploads\/2026\/01\/Orientierungstage_Homepage-300x169.jpg 300w, https:\/\/www.gym-toelz.de\/wp-content\/uploads\/2026\/01\/Orientierungstage_Homepage-1030x579.jpg 1030w, https:\/\/www.gym-toelz.de\/wp-content\/uploads\/2026\/01\/Orientierungstage_Homepage-768x432.jpg 768w, https:\/\/www.gym-toelz.de\/wp-content\/uploads\/2026\/01\/Orientierungstage_Homepage-1536x864.jpg 1536w, https:\/\/www.gym-toelz.de\/wp-content\/uploads\/2026\/01\/Orientierungstage_Homepage-2048x1152.jpg 2048w, https:\/\/www.gym-toelz.de\/wp-content\/uploads\/2026\/01\/Orientierungstage_Homepage-1500x844.jpg 1500w, https:\/\/www.gym-toelz.de\/wp-content\/uploads\/2026\/01\/Orientierungstage_Homepage-705x397.jpg 705w\" sizes=\"auto, (max-width: 950px) 100vw, 950px\" \/><\/p>\n<p>Zur beruflichen Orientierung findet unter Beteiligung des Alumni Vereins \u201eAlumni GVS\u201c ein Gespr\u00e4ch mit Ehemaligen des Gabriel-von-Seidl-Gymnasiums statt. Die jungen Studierenden oder Berufst\u00e4tigen kommen mit unseren Sch\u00fclerinnen und Sch\u00fclern \u00fcber ihr Studium\/ihre Ausbildung bzw. ihren Beruf ins Gespr\u00e4ch und berichten ganz pers\u00f6nlich von ihrem Weg der beruflichen Orientierung. Auf die Gespr\u00e4che bereiten sich die Sch\u00fclerinnen und Sch\u00fcler zum einen durch die Bearbeitung des Selbstlernkurses zur beruflichen Orientierung im Aufbaumodul der Oberstufe selbst\u00e4ndig vor, zum anderen werden die Erkenntnisse auch gemeinsam mit den ABO-Lehrkr\u00e4ften, die die Jugendlichen in der Oberstufe auf dem Weg ihrer Berufsfindung begleiten, reflektiert.<\/p>\n<p>Die Tage der Orientierung haben f\u00fcr unsere Sch\u00fclerinnen und Sch\u00fcler somit mehrere Funktionen: Selbsterkundung in Bezug auf die eigene Pers\u00f6nlichkeit und die beruflichen Perspektiven, Nachdenken \u00fcber Werte und den Sinn des Lebens, Gemeinschaftserlebnis und Zusammenwachsen. So kann die Oberstufe \u2013 \u00fcber die Leistungen hinaus \u2013 gelingen!<\/p>\n<p>Eva Emmler, Friederike Braun, Anita Bittner<\/p>\n<\/div>\n<\/div>\n<\/div><\/div><\/div><\/section>\n<section class='av_toggle_section av-mcyw1cql-6a54308ca0e836f9989b00a640fbb91b'  itemscope=\"itemscope\" itemtype=\"https:\/\/schema.org\/CreativeWork\" ><div role=\"tablist\" class=\"single_toggle\" data-tags=\"{Alle} \"  ><p id='toggle-toggle-id-3' data-fake-id='#toggle-id-3' class='toggler  av-title-above '  itemprop=\"headline\"  role='tab' tabindex='0' aria-controls='toggle-id-3' data-slide-speed=\"200\" data-title=\"Soziale Bildung\" data-title-open=\"\" data-aria_collapsed=\"Click to expand: Soziale Bildung\" data-aria_expanded=\"Click to collapse: Soziale Bildung\">Soziale Bildung<span class=\"toggle_icon\"><span class=\"vert_icon\"><\/span><span class=\"hor_icon\"><\/span><\/span><\/p><div id='toggle-id-3' aria-labelledby='toggle-toggle-id-3' role='region' class='toggle_wrap  av-title-above'  ><div class='toggle_content invers-color '  itemprop=\"text\" ><p>Eine ganzheitlich verstandene gymnasiale P\u00e4dagogik entwickelt nicht nur die intellektuellen F\u00e4higkeiten oder verbreitert das Wissen der Sch\u00fclerinnen und Sch\u00fcler, sondern bietet ihnen dar\u00fcber hinaus eine Vielzahl an \u201eSpielr\u00e4umen\u201c, entsprechend ihrer Begabungen und Interessen weitere Fertigkeiten aus verschiedenen anderen Bildungsfeldern zu erwerben und zu \u00fcben. Die Erziehung zu sozial verantwortlichem Handeln, das hohen moralischen Anspr\u00fcchen verpflichtet ist, stellt eine zentrale Rolle unseres p\u00e4dagogischen Auftrags dar. Hierzu geh\u00f6ren \u2013 neben und unabh\u00e4ngig von den t\u00e4glichen sozialen Herausforderungen des Unterrichts im Klassenverband \u2013 verschiedene Mosaiksteine, die auf dem Weg zu einer gebildeten Pers\u00f6nlichkeit mehr oder weniger gelenkt soziales Engagement herausfordern. Gegenseitige Wertsch\u00e4tzung, Hilfsbereitschaft, Verantwortung f\u00fcr sich und die anderen zeigen sich im t\u00e4glichen Miteinander von Sch\u00fclern und Lehrkr\u00e4ften. Die gemeinsame Vereinbarung von W.I.R.-Werten gibt einen Rahmen f\u00fcr das Miteinander an einer Schule vor.<\/p>\n<p>Bereits zu Beginn ihrer gymnasialen Laufbahn werden die 5. Klassen in den Kommunikations- und Kooperationstagen in K\u00f6nigsdorf gezielt an konstruktive Zusammenarbeit und soziale Verhaltensweisen im Klassenverband herangef\u00fchrt. Die Wintersporttage der 7. Jahrgangsstufe bieten f\u00fcr viele das Erlebnis, zum ersten Mal ohne die Eltern eine Woche im Ausland sein zu d\u00fcrfen. In der 8. Jahrgangsstufe folgt mit den Soziales Lernen \u2013 Naturerlebnis \u2013 Tagen (kurz: SNET) eine gezielte weitere Ma\u00dfnahme zur St\u00e4rkung des Gemeinsinns. Das Betriebspraktikum der 9. Jahrgangsstufe fordert heraus, sich auf ein bisher noch fremdes Firmenumfeld einzulassen. Die Berlinfahrt der 10. Jahrgangsstufe setzt kulturelle und politische Schwerpunkte. Eine weitere Praktikumswoche in der der 11. Jahrgangsstufe erm\u00f6glicht unseren Sch\u00fclerinnen und Sch\u00fclern eine tiefergehende Sch\u00e4rfung der eigenen Interessen in der Studien- und Berufsorientierung. Schlie\u00dflich lernen die Sch\u00fclerinnen und Sch\u00fcler durch die Tage der Orientierung zu Beginn der 12. Jahrgangsstufe nicht nur neue Mitsch\u00fclerinnen und Mitsch\u00fcler kennen, sondern erweitern ihren sozialen Horizont durch eine Vielzahl ethischer, religi\u00f6ser und philosophischer Themenstellungen.<\/p>\n<p>Neben diesen und einer ganzen Reihe weiterer gemeinsamer Klassen- und klassen\u00fcbergreifenden Exkursionen bietet das GvS mehrere Arbeitsgruppen an, durch die gezielte und engagierte Verantwortungs\u00fcbernahme f\u00fcr andere, hilfsbed\u00fcrftige Sch\u00fclerinnen und Sch\u00fcler ausprobiert, Empathie entwickelt und soziale Reaktionen erlebt werden. Beispielhaft seien hier die Streitschlichter, Tutoren, Clubassistenten und Schulsanit\u00e4ter genannt. Im Debattierclub oder in Model United Nations erproben unsere Sch\u00fclerinnen und Sch\u00fcler abweichende Meinungen zu akzeptieren oder zu beeinflussen. In Gruppen wie z.B. der Sch\u00fclermitverantwortung, den Sportmannschaften und Musikensembles, der Theatergruppe oder in den Vorbereitungsgruppen der Gottesdienste oder SMV-Projekte werden Kooperationsbereitschaft, Disziplin und Zuverl\u00e4ssigkeit gefordert. Regelm\u00e4\u00dfig angebotene P-Seminare zur Begegnung mit Menschen mit Behinderung fordern unsere Sch\u00fclerinnen und Sch\u00fcler heraus, sich intensiv mit sozialen Fragestellungen auseinanderzusetzen.<\/p>\n<p>Einen ganz besonderen Stellenwert hat der schulische Verein \u201eGemeinsam f\u00fcr Afrika\u201c. Hier erleben unsere Sch\u00fclerinnen und Sch\u00fcler am Beispiel der gezielten Entwicklungshilfe in Burkina Faso, wie ihr individuelles Engagement und ihre pers\u00f6nliche Hilfe globale Dimensionen annehmen k\u00f6nnen.<\/p>\n<\/div><\/div><\/div><\/section>\n<section class='av_toggle_section av-mcyw21tk-8187a6b6c3e6146e314f27bbc37566fa'  itemscope=\"itemscope\" itemtype=\"https:\/\/schema.org\/CreativeWork\" ><div role=\"tablist\" class=\"single_toggle\" data-tags=\"{Alle} \"  ><p id='toggle-toggle-id-4' data-fake-id='#toggle-id-4' class='toggler  av-title-above '  itemprop=\"headline\"  role='tab' tabindex='0' aria-controls='toggle-id-4' data-slide-speed=\"200\" data-title=\"Suchtpr\u00e4vention\" data-title-open=\"\" data-aria_collapsed=\"Click to expand: Suchtpr\u00e4vention\" data-aria_expanded=\"Click to collapse: Suchtpr\u00e4vention\">Suchtpr\u00e4vention<span class=\"toggle_icon\"><span class=\"vert_icon\"><\/span><span class=\"hor_icon\"><\/span><\/span><\/p><div id='toggle-id-4' aria-labelledby='toggle-toggle-id-4' role='region' class='toggle_wrap  av-title-above'  ><div class='toggle_content invers-color '  itemprop=\"text\" ><p><strong>Suchtpr\u00e4vention \u2013 Stark bleiben, bewusst entscheiden<\/strong><br \/>\nSuchtpr\u00e4vention ist ein fester Bestandteil unserer schulischen Bildungs- und Erziehungsarbeit. Ziel ist es, Sch\u00fclerinnen und Sch\u00fcler fr\u00fchzeitig f\u00fcr Risiken zu sensibilisieren und sie in ihrer Pers\u00f6nlichkeitsentwicklung zu st\u00e4rken. Neben dem Umgang mit klassischen Suchtmitteln r\u00fccken insbesondere digitale Medien sowie aktuelle gesellschaftliche Entwicklungen zunehmend in den Fokus.<\/p>\n<p><strong>Unsere Pr\u00e4ventionsbausteine<\/strong><\/p>\n<p><strong>Workshop \u201eMax und Min@\u201c zu neuen Medien (5. Klasse | Villa Sch\u00f6pflin)<\/strong><\/p>\n<p>Bereits in der 5. Jahrgangsstufe nehmen unsere Sch\u00fclerinnen und Sch\u00fcler am Pr\u00e4ventionsworkshop \u201eMax und Min@\u201c der Villa Sch\u00f6pflin teil. Der Workshop vermittelt auf altersgerechte und anschauliche Weise Grundlagen f\u00fcr einen verantwortungsvollen Umgang mit digitalen Medien. Thematisiert werden Chancen und Risiken der Mediennutzung, ein bewusster Umgang mit Bildschirmzeiten sowie das Erkennen problematischer Verhaltensweisen.<\/p>\n<p><strong>Projekt \u201eKlicksalat\u201c (6. Klasse)<\/strong><br \/>\nIn der 6. Jahrgangsstufe kn\u00fcpft das Projekt \u201eKlicksalat\u201c an die Inhalte des vorherigen Workshops an und vertieft diese. Die Sch\u00fclerinnen und Sch\u00fcler setzen sich intensiver mit ihrem eigenen Medienkonsum, Online-Spielen, sozialen Netzwerken sowie m\u00f6glichen Formen problematischer Nutzung auseinander. Auch die Eltern bekommen im Rahmen eines Elternabends wertvolle Tipps und Informationen zum Umgang mit digitalen Medien im Familienalltag. Dabei geht es unter anderem um Fragen der Mediennutzung, sinnvolle Regeln und Vereinbarungen, den Umgang mit Bildschirmzeiten sowie um M\u00f6glichkeiten, Kinder und Jugendliche bei einem verantwortungsbewussten Medienkonsum zu begleiten.<\/p>\n<p><strong>Alkoholpr\u00e4vention \u2013 Workshop mit Pr\u00e4ventionsparcours (7. Klasse)<\/strong><br \/>\nIn der 7. Jahrgangsstufe nehmen die Sch\u00fclerinnen und Sch\u00fcler an einem Workshop zur Alkoholpr\u00e4vention teil. An verschiedenen Stationen eines Pr\u00e4ventionsparcours setzen sie sich aktiv mit den Wirkungen und Risiken von Alkoholkonsum auseinander. Durch praktische \u00dcbungen, Informationsangebote und Gespr\u00e4che werden sie f\u00fcr einen verantwortungsvollen Umgang mit Alkohol sensibilisiert und in ihrer Entscheidungsf\u00e4higkeit gest\u00e4rkt.<\/p>\n<p><strong>Cannabispr\u00e4vention \u201eCannabis quo vadis\u201c (Villa Sch\u00f6pflin)<\/strong><br \/>\nIm Rahmen der Cannabispr\u00e4vention nehmen unsere Sch\u00fclerinnen und Sch\u00fcler am Pr\u00e4ventionsangebot \u201eCannabis quo vadis\u201c der Villa Sch\u00f6pflin teil. Der Workshop informiert sachlich und altersgerecht \u00fcber Wirkungen, Risiken und rechtliche Aspekte des Cannabiskonsums. Ziel ist es, Mythen und Fehlinformationen aufzukl\u00e4ren, gesundheitliche Folgen realistisch darzustellen und die Jugendlichen in ihrer Urteilsf\u00e4higkeit zu st\u00e4rken.<\/p>\n<p><strong>Lebensbericht eines ehemals Drogenabh\u00e4ngigen (10. Klasse)<\/strong><br \/>\nIn der 10. Jahrgangsstufe erhalten die Sch\u00fclerinnen und Sch\u00fcler im Rahmen einer besonderen Pr\u00e4ventionsveranstaltung Einblicke in die Lebensgeschichte eines ehemals Drogenabh\u00e4ngigen. In einem pers\u00f6nlichen und authentischen Bericht schildert der Referent seinen Weg in die Abh\u00e4ngigkeit, die Folgen des Drogenkonsums sowie den schwierigen Ausstieg aus der Sucht. Die direkte Begegnung erm\u00f6glicht eine eindr\u00fcckliche Auseinandersetzung mit den realen Konsequenzen von Drogenkonsum und regt zur kritischen Reflexion an.<\/p>\n<p><strong>Unser Ziel<\/strong><br \/>\nUnser Ziel ist es, Kinder und Jugendliche fr\u00fchzeitig zu bef\u00e4higen, verantwortungsbewusste Entscheidungen zu treffen, eigene Grenzen wahrzunehmen und Risiken realistisch einzusch\u00e4tzen. Suchtpr\u00e4vention verstehen wir als kontinuierlichen Prozess, der junge Menschen auf ihrem Weg zu einem gesunden, selbstbestimmten Leben begleitet.<br \/>\nEine nachhaltige Sucht- und Medienpr\u00e4vention gelingt nur im gemeinsamen Zusammenspiel von Schule und Elternhaus. Deshalb werden auch die Eltern im Rahmen von Elternabenden in unsere Pr\u00e4ventionsarbeit einbezogen.<\/p>\n<\/div><\/div><\/div><\/section>\n<section class='av_toggle_section av-mcyw2zva-a826f96a6e546acfaa0d57025dfc0ff0'  itemscope=\"itemscope\" itemtype=\"https:\/\/schema.org\/CreativeWork\" ><div role=\"tablist\" class=\"single_toggle\" data-tags=\"{Alle} \"  ><p id='toggle-toggle-id-5' data-fake-id='#toggle-id-5' class='toggler  av-title-above '  itemprop=\"headline\"  role='tab' tabindex='0' aria-controls='toggle-id-5' data-slide-speed=\"200\" data-title=\"Wertevermittlung\" data-title-open=\"\" data-aria_collapsed=\"Click to expand: Wertevermittlung\" data-aria_expanded=\"Click to collapse: Wertevermittlung\">Wertevermittlung<span class=\"toggle_icon\"><span class=\"vert_icon\"><\/span><span class=\"hor_icon\"><\/span><\/span><\/p><div id='toggle-id-5' aria-labelledby='toggle-toggle-id-5' role='region' class='toggle_wrap  av-title-above'  ><div class='toggle_content invers-color '  itemprop=\"text\" ><p><strong>Werte Ideale Regeln<\/strong><\/p>\n<p>Das Gabriel-von-Seidl-Gymnasium Bad T\u00f6lz ist unsere Schule. Wir pr\u00e4gen sie, denn ohne uns ist sie blo\u00dfes Geb\u00e4ude. WIR &#8211; das sind:<\/p>\n<p>wir Sch\u00fcler &#8211; wir Lehrer &#8211; wir Eltern.<\/p>\n<p>Wir wollen an unserer Schule eine Atmosph\u00e4re schaffen, die gepr\u00e4gt ist von Freundlichkeit, Toleranz und Hilfsbereitschaft. Wir tun dies im Bewusstsein unserer Verantwortung f\u00fcr alle, die an unserem Schulleben teilhaben, und f\u00fcr uns selbst.<\/p>\n<p style=\"text-align: center;\">Artikel 1<br \/>\nMenschen sind unterschiedlich. Wir behandeln den anderen, wie wir selbst behandelt werden wollen: fair, mit Respekt und r\u00fccksichtsvoll. Ausgrenzung, Blo\u00dfstellung, Spott und Gewalt sind tabu. Unser Zusammenleben erfordert Regeln, die wir alle annehmen.<\/p>\n<p style=\"text-align: center;\">Artikel 2<br \/>\nMeinungsverschiedenheiten darf es geben. In Konfliktsituationen verzichten wir auf k\u00f6rperliche und verbale Gewalt. Wir zeigen uns kompromissbereit oder bitten einen neutralen Dritten um Vermittlung. Als Zeugen sind wir bereit, pers\u00f6nlich Stellung zu beziehen.<\/p>\n<p style=\"text-align: center;\">Artikel 3<br \/>\nSchule ist wichtiger Lebensraum. Hier lernen und arbeiten wir Sch\u00fcler und wir Lehrer gemeinsam. Jeder von uns soll gleicherma\u00dfen die M\u00f6glichkeit haben, seinen Aufgaben gerne nachzugehen. Unser Verh\u00e4ltnis zueinander soll offen, vertrauensvoll und interessiert sein. Um dies zu gew\u00e4hrleisten, verpflichten wir uns zu korrekten Umgangsformen und einer h\u00f6flichen Ausdrucksweise.<\/p>\n<p style=\"text-align: center;\">Artikel 4<br \/>\nSchule ist Lern- und Arbeitsplatz. Um erfolgreich zu sein, m\u00fcssen wir Lehrer und wir Sch\u00fcler miteinander arbeiten. Dies setzt voraus, dass jeder einzelne seine Pflichten erf\u00fcllt. Das Gebot der P\u00fcnktlichkeit und der gr\u00fcndlichen Unterrichtsvorbereitung gilt f\u00fcr beide Seiten. Wir helfen uns gegenseitig beim Umgang mit Misserfolgen und Entt\u00e4uschungen.<\/p>\n<p style=\"text-align: center;\">Artikel 5<br \/>\nAbfall und Besch\u00e4digungen in jeder Form st\u00f6ren die Atmosph\u00e4re an unserer Schule. Darum hinterlassen wir keinen M\u00fcll und gehen mit R\u00e4umen, Gebrauchs- und Einrichtungsgegenst\u00e4nden schonend um, denn sie sind Teil unseres Handwerkszeugs f\u00fcr unser Lernen und Lehren. F\u00fcr das Eigentum anderer f\u00fchlen wir uns genauso verantwortlich wie f\u00fcr unser eigenes. Wir \u00fcbernehmen gemeinsam Verantwortung, indem wir andere bei Fehlverhalten ansprechen und mit gutem Beispiel vorangehen.<\/p>\n<p style=\"text-align: center;\">Artikel 6<br \/>\nSchule ist Erziehungsraum. Wir Lehrer und wir Eltern k\u00f6nnen unseren Erziehungsauftrag nur auf einer gemeinsamen Basis erf\u00fcllen. Als Eltern sorgen wir zuhause f\u00fcr ein vern\u00fcnftiges Arbeitsklima, k\u00fcmmern uns um die schulischen Belange und suchen bei Schwierigkeiten das Gespr\u00e4ch mit dem jeweiligen Lehrer. Als Lehrer nehmen wir bei Problemen Kontakt zu den Eltern auf und suchen gemeinsame L\u00f6sungen.<\/p>\n<p style=\"text-align: center;\">Die Artikel 1 bis 5 setzen voraus, dass ihre Inhalte von uns Eltern unterst\u00fctzt und als Bestandteil der eigenen Erziehungsarbeit angesehen werden.<\/p>\n<p>Wenn wir nicht wegschauen und uns nicht passiv verhalten, sondern hinschauen und reagieren, dabei Schule auch kritisch reflektieren, wenn wir andere ansprechen und auch uns ansprechen lassen, dann k\u00f6nnen wir viel bewirken. Damit schaffen wir ein Schulklima, in dem sich jeder einbringen und seine Pers\u00f6nlichkeit entfalten kann. Das \u00fcberlegte und verantwortungsbewusste Verhalten jedes Einzelnen von uns tr\u00e4gt entscheidend dazu bei, dass ein solches Klima an unserer Schule Bestand haben und sich weiterentwickeln kann.<\/p>\n<p>Das Original ist unterzeichnet von einem Sch\u00fclervertreter, einem Lehrervertreter und einem Elternvertreter.<\/p>\n<\/div><\/div><\/div><\/section>\n<\/div>\n","protected":false},"excerpt":{"rendered":"","protected":false},"author":2,"featured_media":0,"parent":109,"menu_order":28,"comment_status":"closed","ping_status":"closed","template":"","meta":{"footnotes":""},"class_list":["post-41","page","type-page","status-publish","hentry"],"_links":{"self":[{"href":"https:\/\/www.gym-toelz.de\/index.php\/wp-json\/wp\/v2\/pages\/41","targetHints":{"allow":["GET"]}}],"collection":[{"href":"https:\/\/www.gym-toelz.de\/index.php\/wp-json\/wp\/v2\/pages"}],"about":[{"href":"https:\/\/www.gym-toelz.de\/index.php\/wp-json\/wp\/v2\/types\/page"}],"author":[{"embeddable":true,"href":"https:\/\/www.gym-toelz.de\/index.php\/wp-json\/wp\/v2\/users\/2"}],"replies":[{"embeddable":true,"href":"https:\/\/www.gym-toelz.de\/index.php\/wp-json\/wp\/v2\/comments?post=41"}],"version-history":[{"count":26,"href":"https:\/\/www.gym-toelz.de\/index.php\/wp-json\/wp\/v2\/pages\/41\/revisions"}],"predecessor-version":[{"id":3652,"href":"https:\/\/www.gym-toelz.de\/index.php\/wp-json\/wp\/v2\/pages\/41\/revisions\/3652"}],"up":[{"embeddable":true,"href":"https:\/\/www.gym-toelz.de\/index.php\/wp-json\/wp\/v2\/pages\/109"}],"wp:attachment":[{"href":"https:\/\/www.gym-toelz.de\/index.php\/wp-json\/wp\/v2\/media?parent=41"}],"curies":[{"name":"wp","href":"https:\/\/api.w.org\/{rel}","templated":true}]}}