{"id":398,"date":"2025-06-05T15:31:34","date_gmt":"2025-06-05T15:31:22","guid":{"rendered":"https:\/\/www.gym-toelz.de\/index.php\/aktuelles\/anmeldung-5-klasse\/"},"modified":"2026-03-23T11:02:29","modified_gmt":"2026-03-23T10:02:29","slug":"einschreibung-5-klasse","status":"publish","type":"page","link":"https:\/\/www.gym-toelz.de\/index.php\/aktuelles\/einschreibung-5-klasse\/","title":{"rendered":"Einschreibung 5. Klasse"},"content":{"rendered":"<section  class='av_textblock_section av-mdafz1en-38760c0d3ca76c615cca6248730a3bd6 '   itemscope=\"itemscope\" itemtype=\"https:\/\/schema.org\/CreativeWork\" ><div class='avia_textblock'  itemprop=\"text\" ><h3><img loading=\"lazy\" decoding=\"async\" class=\"alignright wp-image-1554 size-full\" src=\"https:\/\/www.gym-toelz.de\/wp-content\/uploads\/2025\/07\/grundschule-gymnasium-tipps-web-1.jpg\" alt=\"\" width=\"243\" height=\"171\" \/>Liebe Eltern,<\/h3>\n<p>wir freuen uns sehr, dass Sie sich f\u00fcr das Gabriel-von-Seidl-Gymnasium Bad T\u00f6lz interessieren. Auf dieser Seite erhalten Sie wesentliche Informationen zum \u00dcbertritt in die 5. Jahrgangsstufe.<\/p>\n<p style=\"text-align: center;\"><a href=\"https:\/\/www.gym-toelz.de\/wp-content\/uploads\/2026\/03\/2026_Infoabend-Praesentation-Stand-11.3.2026.pdf\" target=\"_blank\" rel=\"noopener\">Hier finden Sie die Pr\u00e4sentation zum Informationsabend &#8211; PDF\u00a0 <img loading=\"lazy\" decoding=\"async\" class=\"alignnone wp-image-1873\" src=\"https:\/\/www.gym-toelz.de\/wp-content\/uploads\/2025\/07\/icons8-new-tab-48.png\" alt=\"\" width=\"18\" height=\"18\" srcset=\"https:\/\/www.gym-toelz.de\/wp-content\/uploads\/2025\/07\/icons8-new-tab-48.png 48w, https:\/\/www.gym-toelz.de\/wp-content\/uploads\/2025\/07\/icons8-new-tab-48-36x36.png 36w\" sizes=\"auto, (max-width: 18px) 100vw, 18px\" \/><\/a><\/p>\n<p>Die Anmeldung erfolgt zun\u00e4chst online (den Link finden Sie weiter unten). Die dabei erzeugten Dokumente drucken wir f\u00fcr Sie aus!<\/p>\n<p>Bitte buchen Sie bei der Online-Anmeldung<\/p>\n<p style=\"text-align: center;\"><strong>! RECHTZEITIG (d.h. bis sp\u00e4testens 06.05.) !<\/strong><\/p>\n<p>im dortigen Terminplaner einen Termin f\u00fcr die pers\u00f6nliche Anmeldung, um einen reibungslosen Ablauf gew\u00e4hrleisten zu k\u00f6nnen.<\/p>\n<p>An folgenden Terminen ist eine pers\u00f6nliche Anmeldung buchbar:<\/p>\n<p style=\"text-align: center;\"><strong>Montag, 11.05.2026 in der Zeit von 08:00 \u2013 13:00 Uhr<\/strong><br \/>\n<strong>Dienstag, 12.05.2026 in der Zeit von 08:00 \u2013 16:00 Uhr und<\/strong><br \/>\n<strong>Mittwoch, 13.05.2026 in der Zeit von 08:00 \u2013 16:00 Uhr<\/strong><\/p>\n<p>Folgende Unterlagen sind bei der pers\u00f6nlichen Anmeldung mitzubringen:<\/p>\n<p>\u2022 \u00dcbertrittszeugnis im Original<br \/>\n(F\u00fcr Sch\u00fcler der 5. Klasse Mittelschule ist zur Voranmeldung das Zwischenzeugnis im Original erforderlich)<br \/>\n\u2022 Geburtsurkunde in Kopie<br \/>\n\u2022 1 Passfoto (+ zus\u00e4tzlich1 Passfoto f\u00fcr Sch\u00fclerfahrkarte)<br \/>\n\u2022 Nachweis \u00fcber Masernschutzimpfung<br \/>\n\u2022 ggf. Sorgerechtsbeschluss in Kopie<br \/>\n\u2022 ggf. psychologisches Gutachten in Kopie<\/p>\n<p>Zur Online-Anmeldung kommen Sie hier:<\/p>\n<h3 style=\"text-align: center;\"><span style=\"color: #ff0000;\">Eine Anmeldung f\u00fcr die musische Ausbildungsrichtung kann<\/span><\/h3>\n<h3 style=\"text-align: center;\"><span style=\"color: #ff0000;\">NICHT via Handy ausgef\u00fchrt werden!<\/span><\/h3>\n<p style=\"text-align: center;\"><a href=\"https:\/\/www.schulantrag.de\/anmeldung\/swonline\/ssl\/antrag-start-01.asp?sch=0029\" target=\"_blank\" rel=\"noopener\"><strong>externer LINK zur Online-Anmeldung <img loading=\"lazy\" decoding=\"async\" class=\"alignnone wp-image-1873\" src=\"https:\/\/www.gym-toelz.de\/wp-content\/uploads\/2025\/07\/icons8-new-tab-48.png\" alt=\"\" width=\"18\" height=\"18\" srcset=\"https:\/\/www.gym-toelz.de\/wp-content\/uploads\/2025\/07\/icons8-new-tab-48.png 48w, https:\/\/www.gym-toelz.de\/wp-content\/uploads\/2025\/07\/icons8-new-tab-48-36x36.png 36w\" sizes=\"auto, (max-width: 18px) 100vw, 18px\" \/><\/strong><\/a><\/p>\n<p style=\"text-align: center;\"><a href=\"https:\/\/www.gym-toelz.de\/index.php\/unterricht\/faecher\/musik\/#toggle-id-1\" target=\"_blank\" rel=\"noopener\"><strong>interner LINK &#8211; Informationen zum Musischen Zweig <img loading=\"lazy\" decoding=\"async\" class=\"alignnone wp-image-1873\" src=\"https:\/\/www.gym-toelz.de\/wp-content\/uploads\/2025\/07\/icons8-new-tab-48.png\" alt=\"\" width=\"18\" height=\"18\" srcset=\"https:\/\/www.gym-toelz.de\/wp-content\/uploads\/2025\/07\/icons8-new-tab-48.png 48w, https:\/\/www.gym-toelz.de\/wp-content\/uploads\/2025\/07\/icons8-new-tab-48-36x36.png 36w\" sizes=\"auto, (max-width: 18px) 100vw, 18px\" \/><\/strong><\/a><\/p>\n<p style=\"text-align: center;\"><a href=\"https:\/\/www.gym-toelz.de\/wp-content\/uploads\/2026\/03\/Anmeldung_musischer_Zweig_Stand-2026.pdf\" target=\"_blank\" rel=\"noopener\"><strong>interner LINK &#8211; Anmeldung zum Musischen Zweig als PDF-Formular <img loading=\"lazy\" decoding=\"async\" class=\"alignnone wp-image-1873\" src=\"https:\/\/www.gym-toelz.de\/wp-content\/uploads\/2025\/07\/icons8-new-tab-48.png\" alt=\"\" width=\"18\" height=\"18\" srcset=\"https:\/\/www.gym-toelz.de\/wp-content\/uploads\/2025\/07\/icons8-new-tab-48.png 48w, https:\/\/www.gym-toelz.de\/wp-content\/uploads\/2025\/07\/icons8-new-tab-48-36x36.png 36w\" sizes=\"auto, (max-width: 18px) 100vw, 18px\" \/><\/strong><\/a><\/p>\n<\/div><\/section>\n<div  class='togglecontainer av-mkfpa0b7-9f0a0fa73da9ad11c5bb3272eb30c06a  avia-builder-el-1  el_after_av_textblock  el_before_av_textblock  toggle_close_all' >\n<section class='av_toggle_section av-mkfp9wv3-a2a90023e4328d799a2dac0bb5bed913'  itemscope=\"itemscope\" itemtype=\"https:\/\/schema.org\/CreativeWork\" ><div role=\"tablist\" class=\"single_toggle\" data-tags=\"{Alle} \"  ><p id='toggle-toggle-id-1' data-fake-id='#toggle-id-1' class='toggler  av-title-above '  itemprop=\"headline\"  role='tab' tabindex='0' aria-controls='toggle-id-1' data-slide-speed=\"200\" data-title=\"Anmeldung Partnerzentrum des Wintersports (PZW)\" data-title-open=\"\" data-aria_collapsed=\"Click to expand: Anmeldung Partnerzentrum des Wintersports (PZW)\" data-aria_expanded=\"Click to collapse: Anmeldung Partnerzentrum des Wintersports (PZW)\">Anmeldung Partnerzentrum des Wintersports (PZW)<span class=\"toggle_icon\"><span class=\"vert_icon\"><\/span><span class=\"hor_icon\"><\/span><\/span><\/p><div id='toggle-id-1' aria-labelledby='toggle-toggle-id-1' role='region' class='toggle_wrap  av-title-above'  ><div class='toggle_content invers-color '  itemprop=\"text\" ><p>Sollten Sie Ihr Kind f\u00fcr \u201ePZW\u201c (Partnerzentrum des Wintersports) anmelden, leiten Sie uns bitte das entsprechende PZW-Anmeldeformular unbedingt <strong>zeitgleich<\/strong> zur Online-Anmeldung per E-Mail zu!<\/p>\n<p style=\"text-align: center;\"><a href=\"https:\/\/www.gym-toelz.de\/index.php\/angebote-aktivitaeten\/pzw\/\" target=\"_blank\" rel=\"noopener\">Informationen &#8211; interner Link PZW <img loading=\"lazy\" decoding=\"async\" class=\"alignnone wp-image-1873\" src=\"https:\/\/www.gym-toelz.de\/wp-content\/uploads\/2025\/07\/icons8-new-tab-48.png\" alt=\"\" width=\"18\" height=\"18\" srcset=\"https:\/\/www.gym-toelz.de\/wp-content\/uploads\/2025\/07\/icons8-new-tab-48.png 48w, https:\/\/www.gym-toelz.de\/wp-content\/uploads\/2025\/07\/icons8-new-tab-48-36x36.png 36w\" sizes=\"auto, (max-width: 18px) 100vw, 18px\" \/><\/a><\/p>\n<p style=\"text-align: center;\"><a href=\"https:\/\/www.gym-toelz.de\/wp-content\/uploads\/2025\/06\/Anlage_1_Anmeldung_und_EinwilligungserklaerungPZW_Stand_03-24.pdf\" target=\"_blank\" rel=\"noopener\">PDF -Anmeldeformular-PZW <img loading=\"lazy\" decoding=\"async\" class=\"alignnone wp-image-1873\" src=\"https:\/\/www.gym-toelz.de\/wp-content\/uploads\/2025\/07\/icons8-new-tab-48.png\" alt=\"\" width=\"18\" height=\"18\" srcset=\"https:\/\/www.gym-toelz.de\/wp-content\/uploads\/2025\/07\/icons8-new-tab-48.png 48w, https:\/\/www.gym-toelz.de\/wp-content\/uploads\/2025\/07\/icons8-new-tab-48-36x36.png 36w\" sizes=\"auto, (max-width: 18px) 100vw, 18px\" \/><\/a><\/p>\n<\/div><\/div><\/div><\/section>\n<\/div>\n<section  class='av_textblock_section av-mkfp6fog-7bc9bd485793d1e99fb60ae3965c3e32 '   itemscope=\"itemscope\" itemtype=\"https:\/\/schema.org\/CreativeWork\" ><div class='avia_textblock'  itemprop=\"text\" ><p>Der Probeunterricht findet an folgenden Tagen statt:<\/p>\n<p style=\"text-align: center;\"><strong>Dienstag, 19.05.2026 in der Zeit von 8:00 \u2013 ca. 11:30 Uhr<\/strong><br \/>\n<strong>Mittwoch, 20.05.2026 in der Zeit von 8:15 \u2013 ca. 11:30 Uhr und<\/strong><br \/>\n<strong>Donnerstag, 21.05.2026 in der Zeit von 8:15 \u2013 ca. 11:00 Uhr<\/strong><\/p>\n<p>Weitere Informationen zum Probeunterricht finden sie<\/p>\n<p style=\"text-align: center;\"><a href=\"https:\/\/www.gym-toelz.de\/wp-content\/uploads\/2026\/01\/19-Probeunterricht-auswaerts-Merkblatt.pdf\" target=\"_blank\" rel=\"noopener\">hier als PDF <img loading=\"lazy\" decoding=\"async\" class=\"alignnone wp-image-1873\" src=\"https:\/\/www.gym-toelz.de\/wp-content\/uploads\/2025\/07\/icons8-new-tab-48.png\" alt=\"\" width=\"18\" height=\"18\" srcset=\"https:\/\/www.gym-toelz.de\/wp-content\/uploads\/2025\/07\/icons8-new-tab-48.png 48w, https:\/\/www.gym-toelz.de\/wp-content\/uploads\/2025\/07\/icons8-new-tab-48-36x36.png 36w\" sizes=\"auto, (max-width: 18px) 100vw, 18px\" \/><\/a><\/p>\n<p>Weitere hilfreiche Informationen:<\/p>\n<p style=\"text-align: center;\"><a href=\"https:\/\/www.gym-toelz.de\/index.php\/unterricht\/zweige\/\">Sprachen- und Zweigwahl sowie Ausbildungsrichtungen <img loading=\"lazy\" decoding=\"async\" class=\"alignnone wp-image-1873\" src=\"https:\/\/www.gym-toelz.de\/wp-content\/uploads\/2025\/07\/icons8-new-tab-48.png\" alt=\"\" width=\"18\" height=\"18\" srcset=\"https:\/\/www.gym-toelz.de\/wp-content\/uploads\/2025\/07\/icons8-new-tab-48.png 48w, https:\/\/www.gym-toelz.de\/wp-content\/uploads\/2025\/07\/icons8-new-tab-48-36x36.png 36w\" sizes=\"auto, (max-width: 18px) 100vw, 18px\" \/><\/a><\/p>\n<p style=\"text-align: center;\"><a href=\"https:\/\/www.gym-toelz.de\/index.php\/unterricht\/stundentafeln\/\">Stundentafeln der verschiedenen gymnasialen Zweige <img loading=\"lazy\" decoding=\"async\" class=\"alignnone wp-image-1873\" src=\"https:\/\/www.gym-toelz.de\/wp-content\/uploads\/2025\/07\/icons8-new-tab-48.png\" alt=\"\" width=\"18\" height=\"18\" srcset=\"https:\/\/www.gym-toelz.de\/wp-content\/uploads\/2025\/07\/icons8-new-tab-48.png 48w, https:\/\/www.gym-toelz.de\/wp-content\/uploads\/2025\/07\/icons8-new-tab-48-36x36.png 36w\" sizes=\"auto, (max-width: 18px) 100vw, 18px\" \/><\/a><\/p>\n<p style=\"text-align: center;\"><a href=\"https:\/\/www.gym-toelz.de\/index.php\/unsere-schule\/ueber-uns\/ogs\/\" target=\"_blank\" rel=\"noopener\">Offene Ganztagsschule (OGS) <img loading=\"lazy\" decoding=\"async\" class=\"alignnone wp-image-1873\" src=\"https:\/\/www.gym-toelz.de\/wp-content\/uploads\/2025\/07\/icons8-new-tab-48.png\" alt=\"\" width=\"18\" height=\"18\" srcset=\"https:\/\/www.gym-toelz.de\/wp-content\/uploads\/2025\/07\/icons8-new-tab-48.png 48w, https:\/\/www.gym-toelz.de\/wp-content\/uploads\/2025\/07\/icons8-new-tab-48-36x36.png 36w\" sizes=\"auto, (max-width: 18px) 100vw, 18px\" \/><\/a><\/p>\n<\/div><\/section>\n<div  class='togglecontainer av-mdag23do-294fad68c9e4e6ba51553299442b5212  avia-builder-el-3  el_after_av_textblock  el_before_av_two_fifth  toggle_close_all' >\n<section class='av_toggle_section av-mdag1yl1-0176ddb8b53e1e3eca784250e50561fa'  itemscope=\"itemscope\" itemtype=\"https:\/\/schema.org\/CreativeWork\" ><div role=\"tablist\" class=\"single_toggle\" data-tags=\"{Alle} \"  ><p id='toggle-toggle-id-2' data-fake-id='#toggle-id-2' class='toggler  av-title-above '  itemprop=\"headline\"  role='tab' tabindex='0' aria-controls='toggle-id-2' data-slide-speed=\"200\" data-title=\"Tipps f\u00fcr den \u00dcbertritt\" data-title-open=\"\" data-aria_collapsed=\"Click to expand: Tipps f\u00fcr den \u00dcbertritt\" data-aria_expanded=\"Click to collapse: Tipps f\u00fcr den \u00dcbertritt\">Tipps f\u00fcr den \u00dcbertritt<span class=\"toggle_icon\"><span class=\"vert_icon\"><\/span><span class=\"hor_icon\"><\/span><\/span><\/p><div id='toggle-id-2' aria-labelledby='toggle-toggle-id-2' role='region' class='toggle_wrap  av-title-above'  ><div class='toggle_content invers-color '  itemprop=\"text\" ><p>Den Lehrkr\u00e4ften des Gabriel-von-Seidl-Gymnasiums ist viel daran gelegen, ihren zuk\u00fcnftigen F\u00fcnftkl\u00e4sslern einen reibungslosen Start zu erm\u00f6glichen. Damit dies gelingen kann, bauen sie auf den Basis-Kompetenzen auf, die den Kindern in der Grundschule vermittelt werden.<br \/>\nErfahrungsgem\u00e4\u00df sinkt bei den Sch\u00fclern nach der doch sehr arbeitsintensiven und oft stressvollen \u00dcbertrittsphase die Lernmotivation und Aufmerksamkeit f\u00fcr behandelte Unterrichtsthemen. Dennoch wird im September an den Wissensstand der Grundschule mit erh\u00f6htem Anspruchsniveau angekn\u00fcpft werden.<\/p>\n<p>Die Eltern bitten wir mitzuhelfen, damit der schulische Erfolg und damit die Lernfreude ihrer Kinder erhalten bleiben. Wiederholen, \u00fcben und sichern Sie mit Ihrem Kind folgende Punkte gerade zum Beginn des neuen Schuljahres hin. So geben Sie lhrem Kind Sicherheit und Selbstvertrauen f\u00fcr den Start in diesen neuen Lebensabschnitt.<br \/>\nFolgende Kompetenzen setzen wir voraus:<\/p>\n<p><strong>1. Fachliche Kompetenzen<\/strong><\/p>\n<p>Mathematik:<\/p>\n<ul>\n<li>automatisiertes Einmaleins<\/li>\n<li>Beherrschung der schriftlichen Rechenverfahren aller Grundrechenarten (auch das schriftliche Divisionsverfahren, das meist erst nach dem \u00dcbertrittszeugnis behandelt wird)<\/li>\n<li>gesicherte Rechenfertigkeit (Kopfrechnen)<\/li>\n<\/ul>\n<p>Deutsch:<\/p>\n<ul>\n<li>Rechtschreibsicherheit in ge\u00fcbten und freien Texten<\/li>\n<li>Lesekompetenz<\/li>\n<li>Kenntnis lateinischer Fachbegriffe (Wortarten, F\u00e4lle, Satzglieder)<\/li>\n<\/ul>\n<p><strong>2. Arbeits- und Methodenkompetenzen<\/strong><\/p>\n<ul>\n<li>selbstst\u00e4ndiges F\u00fchren des Hausaufgabenheftes<\/li>\n<li>konsequente, vollst\u00e4ndige und \u00fcberwiegend selbstst\u00e4ndige Erledigung der Hausaufgaben<\/li>\n<li>saubere, ordentliche Schrift und \u00fcbersichtliche Heftf\u00fchrung<\/li>\n<li>Selbstst\u00e4ndigkeit beim Packen des Schulranzens<\/li>\n<li>zuverl\u00e4ssiges Mitbringen von Arbeitsmaterialien<\/li>\n<li>eigenst\u00e4ndige lnformationsbeschaffung (Duden, Lexikon, Internet)<\/li>\n<li>Konzentrationsf\u00e4higkeit<\/li>\n<li>Zuh\u00f6rf\u00e4higkeit im Unterrichtsgespr\u00e4ch<\/li>\n<li>Arbeitstempo<\/li>\n<\/ul>\n<\/div><\/div><\/div><\/section>\n<section class='av_toggle_section av-mdag4lmg-3644169f9fde6c151721c437e010490c'  itemscope=\"itemscope\" itemtype=\"https:\/\/schema.org\/CreativeWork\" ><div role=\"tablist\" class=\"single_toggle\" data-tags=\"{Alle} \"  ><p id='toggle-toggle-id-3' data-fake-id='#toggle-id-3' class='toggler  av-title-above '  itemprop=\"headline\"  role='tab' tabindex='0' aria-controls='toggle-id-3' data-slide-speed=\"200\" data-title=\"Fremdsprachenprofil\" data-title-open=\"\" data-aria_collapsed=\"Click to expand: Fremdsprachenprofil\" data-aria_expanded=\"Click to collapse: Fremdsprachenprofil\">Fremdsprachenprofil<span class=\"toggle_icon\"><span class=\"vert_icon\"><\/span><span class=\"hor_icon\"><\/span><\/span><\/p><div id='toggle-id-3' aria-labelledby='toggle-toggle-id-3' role='region' class='toggle_wrap  av-title-above'  ><div class='toggle_content invers-color '  itemprop=\"text\" ><p>F\u00fcr die sprachinteressierten Sch\u00fclerinnen und Sch\u00fcler bietet das Gabriel-von-Seidl-Gymnasium ein an ihren F\u00e4higkeiten orientiertes, in sich abgestimmtes Konzept zum Erlernen moderner Fremdsprachen mit dem Ziel gymnasialer Bildung: der Beherrschung von mindestens zwei Fremdsprachen.<\/p>\n<p>Alle Sch\u00fcler beginnen in der 5. Jahrgangsstufe mit Englisch. In der 6. Jahrgangsstufe kommt Franz\u00f6sisch oder Latein hinzu. Sollten sie sich f\u00fcr die sprachliche Ausbildungsrichtung entscheiden, erweitern sie ab der 8. Jahrgangsstufe die Fremdsprachenfolge Englisch \u2013 Latein mit Franz\u00f6sisch als 3. Fremdsprache. Ab der 11. Jahrgangsstufe kann Latein oder Franz\u00f6sisch durch Italienisch ersetzt werden. Sprachbegabte und zugleich geschichtsinteressierte Sch\u00fcler erhalten in der 8. und 9. Jahrgangsstufe Geschichte zweisprachig mit Englisch als Unterrichtssprache.<\/p>\n<p>Wir leben in einer international verflochtenen Welt. Aus diesem Grund legt das GvS gro\u00dfen Wert auf praktische Spracherfahrung. Die Austauschprogramme sind eines unserer vielen Qualit\u00e4tsmerkmale. Unsere Sch\u00fcler erweitern dadurch zum einen ihre Sprechfertigkeit, lernen zum anderen aber auch Land und Leute kennen.<\/p>\n<p>In einem auf die verschiedenen Altersstufen und jeweiligen Sprachniveaus abgestimmten Angebot werden alle bei uns gelehrten, modernen Fremdsprachen ber\u00fccksichtigt. Im zweiten Lernjahr Franz\u00f6sisch besuchen die Siebtkl\u00e4ssler das Coll\u00e8ge les C\u00e9lestins (Vichy, Frankreich); Sch\u00fcler mit Franz\u00f6sisch als dritter Fremdsprache reisen in der 9. Jahrgangsstufe in die Normandie an das Lyc\u00e9e Rabelais (Saint Brieuc, Frankreich). Zur Verbesserung der englischen Sprache bieten wir in der 11. Jahrgangsstufe einen Besuch der Timber Creek High School und der Keller High School (Fort Worth, Texas, USA), oder des Paul Roos Gimnasiums (Stellenbosch, S\u00fcdafrika) an. Abgerundet wird unser Austauschprogramm durch den j\u00e4hrlichen Austausch mit dem Liceo Scientifico (Pisa, Italien), um die Sprach- und Kulturkenntnisse des Italienischen zu vertiefen.<\/p>\n<p>Besonders an Franz\u00f6sisch interessierten Sch\u00fclern werden jedes Jahr Vorbereitung und Teilnahme an der DELF-Pr\u00fcfung des franz\u00f6sischen Bildungsministeriums angeboten. Besonders sprachtalentierte und zugleich politikinteressierte Sch\u00fcler nehmen ab der 9. Jahrgangsstufe am vorbereitenden Wahlunterricht und den auf h\u00f6chstem englischen Sprachniveau stattfindenden internationalen Veranstaltungen \u201eModel United Nations\u201c z.B. in Kopenhagen (D\u00e4nemark), Haarlem (Niederlande) oder Istanbul (T\u00fcrkei) teil.<\/p>\n<p>Das Fremdsprachenkonzept wird abgerundet durch eine gezielte Unterst\u00fctzung bei der Teilnahme am Bundeswettbewerb Fremdsprachen. Hier hat das GvS in den letzten Jahren \u00fcberdurchschnittlich viele Sch\u00fclerinnen und Sch\u00fcler bis zum Landesfinale und einige sogar bis zum Bundesfinale f\u00fchren k\u00f6nnen und ist daf\u00fcr auch schon mit dem Schulpreis des Kultusministeriums ausgezeichnet worden.<\/p>\n<\/div><\/div><\/div><\/section>\n<\/div>\n<div  class='flex_column av-96xvy-6c9b5d5db7224dab3a19ad0282a50c86 av_two_fifth  avia-builder-el-4  el_after_av_toggle_container  avia-builder-el-last  first flex_column_div  '     ><\/div>\n","protected":false},"excerpt":{"rendered":"","protected":false},"author":3,"featured_media":0,"parent":29,"menu_order":3,"comment_status":"closed","ping_status":"closed","template":"","meta":{"footnotes":""},"class_list":["post-398","page","type-page","status-publish","hentry"],"_links":{"self":[{"href":"https:\/\/www.gym-toelz.de\/index.php\/wp-json\/wp\/v2\/pages\/398","targetHints":{"allow":["GET"]}}],"collection":[{"href":"https:\/\/www.gym-toelz.de\/index.php\/wp-json\/wp\/v2\/pages"}],"about":[{"href":"https:\/\/www.gym-toelz.de\/index.php\/wp-json\/wp\/v2\/types\/page"}],"author":[{"embeddable":true,"href":"https:\/\/www.gym-toelz.de\/index.php\/wp-json\/wp\/v2\/users\/3"}],"replies":[{"embeddable":true,"href":"https:\/\/www.gym-toelz.de\/index.php\/wp-json\/wp\/v2\/comments?post=398"}],"version-history":[{"count":47,"href":"https:\/\/www.gym-toelz.de\/index.php\/wp-json\/wp\/v2\/pages\/398\/revisions"}],"predecessor-version":[{"id":4023,"href":"https:\/\/www.gym-toelz.de\/index.php\/wp-json\/wp\/v2\/pages\/398\/revisions\/4023"}],"up":[{"embeddable":true,"href":"https:\/\/www.gym-toelz.de\/index.php\/wp-json\/wp\/v2\/pages\/29"}],"wp:attachment":[{"href":"https:\/\/www.gym-toelz.de\/index.php\/wp-json\/wp\/v2\/media?parent=398"}],"curies":[{"name":"wp","href":"https:\/\/api.w.org\/{rel}","templated":true}]}}