{"id":387,"date":"2025-06-05T15:27:34","date_gmt":"2025-06-05T15:27:40","guid":{"rendered":"https:\/\/www.gym-toelz.de\/?page_id=387"},"modified":"2026-01-28T16:35:23","modified_gmt":"2026-01-28T15:35:23","slug":"anmeldung-2","status":"publish","type":"page","link":"https:\/\/www.gym-toelz.de\/index.php\/aktuelles\/anmeldung-2\/","title":{"rendered":"Anmeldung &#8211; Einf\u00fchrungsklasse"},"content":{"rendered":"<p><img loading=\"lazy\" decoding=\"async\" class=\"wp-image-653 alignright\" src=\"https:\/\/www.gym-toelz.de\/wp-content\/uploads\/2025\/06\/ortsschild_einfuehrungsklasse_trans2-300x203.png\" alt=\"\" width=\"210\" height=\"142\" srcset=\"https:\/\/www.gym-toelz.de\/wp-content\/uploads\/2025\/06\/ortsschild_einfuehrungsklasse_trans2-300x203.png 300w, https:\/\/www.gym-toelz.de\/wp-content\/uploads\/2025\/06\/ortsschild_einfuehrungsklasse_trans2.png 588w\" sizes=\"auto, (max-width: 210px) 100vw, 210px\" \/><\/p>\n<p>Liebe Sch\u00fclerinnen und Sch\u00fcler, sehr geehrte Eltern der Abschlussklasse.<\/p>\n<p>Das Angebot der Einf\u00fchrungsklasse wird auch unter den Bedingungen des G9 fortgef\u00fchrt. Weitere Informationen:<\/p>\n<p style=\"text-align: center;\"><a href=\"https:\/\/www.gym-toelz.de\/wp-content\/uploads\/2025\/11\/EFKEinladungInfoabend2026-1.pdf\" target=\"_blank\" rel=\"noopener\">Informationsabend &#8211; Einladung <img loading=\"lazy\" decoding=\"async\" class=\"alignnone wp-image-1873\" src=\"https:\/\/www.gym-toelz.de\/wp-content\/uploads\/2025\/07\/icons8-new-tab-48.png\" alt=\"\" width=\"18\" height=\"18\" srcset=\"https:\/\/www.gym-toelz.de\/wp-content\/uploads\/2025\/07\/icons8-new-tab-48.png 48w, https:\/\/www.gym-toelz.de\/wp-content\/uploads\/2025\/07\/icons8-new-tab-48-36x36.png 36w\" sizes=\"auto, (max-width: 18px) 100vw, 18px\" \/><\/a><\/p>\n<p style=\"text-align: center;\"><a href=\"https:\/\/www.km.bayern.de\/epaper\/2023_Einfuehrungsklassen_Gymnasium\/index.html\" target=\"_blank\" rel=\"noopener\">Info Kultusministerium (externer Link) <img loading=\"lazy\" decoding=\"async\" class=\"alignnone wp-image-1873\" src=\"https:\/\/www.gym-toelz.de\/wp-content\/uploads\/2025\/07\/icons8-new-tab-48.png\" alt=\"\" width=\"18\" height=\"18\" srcset=\"https:\/\/www.gym-toelz.de\/wp-content\/uploads\/2025\/07\/icons8-new-tab-48.png 48w, https:\/\/www.gym-toelz.de\/wp-content\/uploads\/2025\/07\/icons8-new-tab-48-36x36.png 36w\" sizes=\"auto, (max-width: 18px) 100vw, 18px\" \/><\/a><\/p>\n<p style=\"text-align: center;\"><a href=\"https:\/\/www.gym-toelz.de\/wp-content\/uploads\/2025\/06\/FlyerEinfuehrungsklasse2025.pdf\" target=\"_blank\" rel=\"noopener\">Info Gabriel-von-Seidl-Gymnasium als PDF <img loading=\"lazy\" decoding=\"async\" class=\"alignnone wp-image-1873\" src=\"https:\/\/www.gym-toelz.de\/wp-content\/uploads\/2025\/07\/icons8-new-tab-48.png\" alt=\"\" width=\"18\" height=\"18\" srcset=\"https:\/\/www.gym-toelz.de\/wp-content\/uploads\/2025\/07\/icons8-new-tab-48.png 48w, https:\/\/www.gym-toelz.de\/wp-content\/uploads\/2025\/07\/icons8-new-tab-48-36x36.png 36w\" sizes=\"auto, (max-width: 18px) 100vw, 18px\" \/><\/a><\/p>\n<p style=\"text-align: center;\"><a href=\"https:\/\/www.gym-toelz.de\/wp-content\/uploads\/2026\/01\/PPT-Infoabend-Einfuehrungsklasse-25-26.pdf\" target=\"_blank\" rel=\"noopener\">Vortrag Einf\u00fchrungsklasse am GvSG als PDF <img loading=\"lazy\" decoding=\"async\" class=\"alignnone wp-image-1873\" src=\"https:\/\/www.gym-toelz.de\/wp-content\/uploads\/2025\/07\/icons8-new-tab-48.png\" alt=\"\" width=\"18\" height=\"18\" srcset=\"https:\/\/www.gym-toelz.de\/wp-content\/uploads\/2025\/07\/icons8-new-tab-48.png 48w, https:\/\/www.gym-toelz.de\/wp-content\/uploads\/2025\/07\/icons8-new-tab-48-36x36.png 36w\" sizes=\"auto, (max-width: 18px) 100vw, 18px\" \/><\/a><\/p>\n<p>Einf\u00fchrungsklassen werden von der Ministerialbeauftragten-Dienststelle auf Grundlage der Zahl der Anmeldungen, die bis M\u00e4rz bei uns eingegangen sind, eingerichtet. Wir bitten daher dringend, sich unmittelbar nach Erhalt des Zwischenzeugnisses unter folgendem Link anzumelden:<\/p>\n<p style=\"text-align: center;\"><strong><a href=\"https:\/\/www.schulantrag.de\/anmeldung\/swonline\/ssl\/antrag-start-01.asp?sch=29\" target=\"_blank\" rel=\"noopener\">externer Link zur Online-Anmeldung <img loading=\"lazy\" decoding=\"async\" class=\"alignnone wp-image-1873\" src=\"https:\/\/www.gym-toelz.de\/wp-content\/uploads\/2025\/07\/icons8-new-tab-48.png\" alt=\"\" width=\"18\" height=\"18\" srcset=\"https:\/\/www.gym-toelz.de\/wp-content\/uploads\/2025\/07\/icons8-new-tab-48.png 48w, https:\/\/www.gym-toelz.de\/wp-content\/uploads\/2025\/07\/icons8-new-tab-48-36x36.png 36w\" sizes=\"auto, (max-width: 18px) 100vw, 18px\" \/><\/a><\/strong><\/p>\n<p>WICHTIG: Bitte mit der Ausbildungsrichtung \u201eEinf\u00fchrungsklasse (Jgst. 11)\u201c und der Fremdsprachenfolge \u201eEnglisch-Franz\u00f6sisch\u201c oder \u201eEnglisch-Franz\u00f6sisch sp\u00e4tbeginnend\u201c anmelden!<\/p>\n<p>ACHTUNG: Neuerung zur Fahrkostenerstattung der Einf\u00fchrungsklasse ab Schuljahr 2023\/24<\/p>\n<p>Ab dem Schuljahr 2023\/24 z\u00e4hlen die Einf\u00fchrungsklassen in Form des G9 nicht mehr wie bisher zur 10., sondern zur 11. Jahrgangsstufe. Das bedeutet f\u00fcr die betroffenen Sch\u00fcler\/-innen, dass das Landratsamt als Aufgabentr\u00e4ger nicht mehr bef\u00f6rderungspflichtig ist und somit keine Fahrkarte mehr zur Verf\u00fcgung gestellt werden kann. Eine Ausnahme liegt vor, wenn die Eltern Kindergeld f\u00fcr mindestens 3 Kinder oder Hilfe zum Lebensunterhalt nach SGB II oder SGB XII beziehen.<\/p>\n<p>Bis bald im Gabriel-von-Seidl-Gymnasium Bad T\u00f6lz!<\/p>\n<p>Herzliche Gr\u00fc\u00dfe, Ihre Schulleitung.<\/p>\n","protected":false},"excerpt":{"rendered":"<p>Liebe Sch\u00fclerinnen und Sch\u00fcler, sehr geehrte Eltern der Abschlussklasse. Das Angebot der Einf\u00fchrungsklasse wird auch unter den Bedingungen des G9 fortgef\u00fchrt. Weitere Informationen: Informationsabend &#8211; Einladung Info Kultusministerium (externer Link) Info Gabriel-von-Seidl-Gymnasium als PDF Vortrag Einf\u00fchrungsklasse am GvSG als PDF Einf\u00fchrungsklassen werden von der Ministerialbeauftragten-Dienststelle auf Grundlage der Zahl der Anmeldungen, die bis M\u00e4rz bei [&hellip;]<\/p>\n","protected":false},"author":3,"featured_media":0,"parent":29,"menu_order":4,"comment_status":"closed","ping_status":"closed","template":"","meta":{"footnotes":""},"class_list":["post-387","page","type-page","status-publish","hentry"],"_links":{"self":[{"href":"https:\/\/www.gym-toelz.de\/index.php\/wp-json\/wp\/v2\/pages\/387","targetHints":{"allow":["GET"]}}],"collection":[{"href":"https:\/\/www.gym-toelz.de\/index.php\/wp-json\/wp\/v2\/pages"}],"about":[{"href":"https:\/\/www.gym-toelz.de\/index.php\/wp-json\/wp\/v2\/types\/page"}],"author":[{"embeddable":true,"href":"https:\/\/www.gym-toelz.de\/index.php\/wp-json\/wp\/v2\/users\/3"}],"replies":[{"embeddable":true,"href":"https:\/\/www.gym-toelz.de\/index.php\/wp-json\/wp\/v2\/comments?post=387"}],"version-history":[{"count":9,"href":"https:\/\/www.gym-toelz.de\/index.php\/wp-json\/wp\/v2\/pages\/387\/revisions"}],"predecessor-version":[{"id":2989,"href":"https:\/\/www.gym-toelz.de\/index.php\/wp-json\/wp\/v2\/pages\/387\/revisions\/2989"}],"up":[{"embeddable":true,"href":"https:\/\/www.gym-toelz.de\/index.php\/wp-json\/wp\/v2\/pages\/29"}],"wp:attachment":[{"href":"https:\/\/www.gym-toelz.de\/index.php\/wp-json\/wp\/v2\/media?parent=387"}],"curies":[{"name":"wp","href":"https:\/\/api.w.org\/{rel}","templated":true}]}}