{"id":2442,"date":"2025-09-23T14:39:14","date_gmt":"2025-09-23T14:39:14","guid":{"rendered":"https:\/\/www.gym-toelz.de\/?page_id=2442"},"modified":"2026-01-28T16:35:24","modified_gmt":"2026-01-28T15:35:24","slug":"berufsorientierung","status":"publish","type":"page","link":"https:\/\/www.gym-toelz.de\/index.php\/unsere-schule\/unterstuetzung\/berufsorientierung\/","title":{"rendered":"Berufsorientierung"},"content":{"rendered":"<section  class='av_textblock_section av-mh4qkrkp-3ee6f8a15fd6d813fbb9baddb97a512c '   itemscope=\"itemscope\" itemtype=\"https:\/\/schema.org\/CreativeWork\" ><div class='avia_textblock'  itemprop=\"text\" ><p><strong>Studien- und Berufsorientierung<\/strong><\/p>\n<p><strong>Aktuelles<\/strong><\/p>\n<\/div><\/section>\n<div  data-slideshow-options=\"{&quot;animation&quot;:&quot;fade&quot;,&quot;autoplay&quot;:false,&quot;loop_autoplay&quot;:&quot;once&quot;,&quot;interval&quot;:&quot;5&quot;,&quot;loop_manual&quot;:&quot;manual-endless&quot;,&quot;autoplay_stopper&quot;:false,&quot;noNavigation&quot;:false,&quot;show_slide_delay&quot;:90}\" class='avia-content-slider avia-content-slider-active avia-content-slider1 avia-content-slider-odd  avia-builder-el-1  el_after_av_textblock  el_before_av_textblock  av-slideshow-ui av-control-default   av-no-slider-navigation av-slideshow-manual av-loop-once av-loop-manual-endless '  itemscope=\"itemscope\" itemtype=\"https:\/\/schema.org\/Blog\" ><div class=\"avia-content-slider-inner\"><div class=\"slide-entry-wrap\"><article class='slide-entry flex_column  post-entry post-entry-3956 slide-entry-overview slide-loop-1 slide-parity-odd  av_one_third first real-thumbnail posttype-post post-format-standard'  itemscope=\"itemscope\" itemtype=\"https:\/\/schema.org\/CreativeWork\" ><a href='https:\/\/www.gym-toelz.de\/index.php\/2026\/03\/15\/lehramtsbotschafter\/' data-rel='slide-1' class='slide-image' title='Lehramtsbotschafter'><img decoding=\"async\" fetchpriority=\"high\" width=\"495\" height=\"400\" src=\"https:\/\/www.gym-toelz.de\/wp-content\/uploads\/2026\/03\/Foto1_Lehramtsinfovortrag_SJ25-26_Bit-495x400.webp\" class=\"wp-image-3955 avia-img-lazy-loading-not-3955 attachment-portfolio size-portfolio wp-post-image\" alt=\"\" srcset=\"https:\/\/www.gym-toelz.de\/wp-content\/uploads\/2026\/03\/Foto1_Lehramtsinfovortrag_SJ25-26_Bit-495x400.webp 495w, https:\/\/www.gym-toelz.de\/wp-content\/uploads\/2026\/03\/Foto1_Lehramtsinfovortrag_SJ25-26_Bit-845x684.webp 845w\" sizes=\"(max-width: 495px) 100vw, 495px\" \/><\/a><div class=\"slide-content\"><header class=\"entry-content-header\" aria-label=\"Slide: Lehramtsbotschafter\"><h3 class='slide-entry-title entry-title '  itemprop=\"headline\" ><a href='https:\/\/www.gym-toelz.de\/index.php\/2026\/03\/15\/lehramtsbotschafter\/' title='Lehramtsbotschafter'>Lehramtsbotschafter<\/a><\/h3><span class=\"av-vertical-delimiter\"><\/span><\/header><div class=\"slide-meta\"><time class='slide-meta-time updated'  itemprop=\"datePublished\" datetime=\"2026-03-15T17:38:42+01:00\" >Sonntag, M\u00e4rz 15, 2026<\/time><\/div><div class='slide-entry-excerpt entry-content'  itemprop=\"text\" >Infovortrag der Lehramtsbotschafter f\u00fcr die Jahrgangsstufen\u2026<\/div><\/div><footer class=\"entry-footer\"><\/footer><span class='hidden'>\n\t\t\t\t<span class='av-structured-data'  itemprop=\"image\" itemscope=\"itemscope\" itemtype=\"https:\/\/schema.org\/ImageObject\" >\n\t\t\t\t\t\t<span itemprop='url'>https:\/\/www.gym-toelz.de\/wp-content\/uploads\/2026\/03\/Foto1_Lehramtsinfovortrag_SJ25-26_Bit.webp<\/span>\n\t\t\t\t\t\t<span itemprop='height'>1024<\/span>\n\t\t\t\t\t\t<span itemprop='width'>1024<\/span>\n\t\t\t\t<\/span>\n\t\t\t\t<span class='av-structured-data'  itemprop=\"publisher\" itemtype=\"https:\/\/schema.org\/Organization\" itemscope=\"itemscope\" >\n\t\t\t\t\t\t<span itemprop='name'>Hanno Froehlich<\/span>\n\t\t\t\t\t\t<span itemprop='logo' itemscope itemtype='https:\/\/schema.org\/ImageObject'>\n\t\t\t\t\t\t\t<span itemprop='url'>https:\/\/www.gym-toelz.de\/wp-content\/uploads\/2025\/06\/schriftzug-Kopf-weissGVS_Logo-klein-300x114.png<\/span>\n\t\t\t\t\t\t<\/span>\n\t\t\t\t<\/span><span class='av-structured-data'  itemprop=\"author\" itemscope=\"itemscope\" itemtype=\"https:\/\/schema.org\/Person\" ><span itemprop='name'>Hanno Froehlich<\/span><\/span><span class='av-structured-data'  itemprop=\"datePublished\" datetime=\"2025-09-23T14:39:14+02:00\" >2026-03-15 17:38:42<\/span><span class='av-structured-data'  itemprop=\"dateModified\" itemtype=\"https:\/\/schema.org\/dateModified\" >2026-03-15 17:38:42<\/span><span class='av-structured-data'  itemprop=\"mainEntityOfPage\" itemtype=\"https:\/\/schema.org\/mainEntityOfPage\" ><span itemprop='name'>Lehramtsbotschafter<\/span><\/span><\/span><\/article><article class='slide-entry flex_column  post-entry post-entry-3842 slide-entry-overview slide-loop-2 slide-parity-even  av_one_third  real-thumbnail posttype-post post-format-standard'  itemscope=\"itemscope\" itemtype=\"https:\/\/schema.org\/CreativeWork\" ><a href='https:\/\/www.gym-toelz.de\/index.php\/2026\/02\/21\/aufbaumodul-zur-beruflichen-orientierung\/' data-rel='slide-1' class='slide-image' title='Aufbaumodul zur beruflichen Orientierung'><img decoding=\"async\" fetchpriority=\"high\" width=\"495\" height=\"400\" src=\"https:\/\/www.gym-toelz.de\/wp-content\/uploads\/2026\/02\/Bewerbungstag_2026-Bit_Foto1-495x400.jpg\" class=\"wp-image-3840 avia-img-lazy-loading-not-3840 attachment-portfolio size-portfolio wp-post-image\" alt=\"\" srcset=\"https:\/\/www.gym-toelz.de\/wp-content\/uploads\/2026\/02\/Bewerbungstag_2026-Bit_Foto1-495x400.jpg 495w, https:\/\/www.gym-toelz.de\/wp-content\/uploads\/2026\/02\/Bewerbungstag_2026-Bit_Foto1-845x684.jpg 845w\" sizes=\"(max-width: 495px) 100vw, 495px\" \/><\/a><div class=\"slide-content\"><header class=\"entry-content-header\" aria-label=\"Slide: Aufbaumodul zur beruflichen Orientierung\"><h3 class='slide-entry-title entry-title '  itemprop=\"headline\" ><a href='https:\/\/www.gym-toelz.de\/index.php\/2026\/02\/21\/aufbaumodul-zur-beruflichen-orientierung\/' title='Aufbaumodul zur beruflichen Orientierung'>Aufbaumodul zur beruflichen Orientierung<\/a><\/h3><span class=\"av-vertical-delimiter\"><\/span><\/header><div class=\"slide-meta\"><time class='slide-meta-time updated'  itemprop=\"datePublished\" datetime=\"2026-02-21T18:56:27+01:00\" >Samstag, Februar 21, 2026<\/time><\/div><div class='slide-entry-excerpt entry-content'  itemprop=\"text\" >Aufbaumodul zur beruflichen Orientierung (Q13): Bewerbungsnachmittag\u2026<\/div><\/div><footer class=\"entry-footer\"><\/footer><span class='hidden'>\n\t\t\t\t<span class='av-structured-data'  itemprop=\"image\" itemscope=\"itemscope\" itemtype=\"https:\/\/schema.org\/ImageObject\" >\n\t\t\t\t\t\t<span itemprop='url'>https:\/\/www.gym-toelz.de\/wp-content\/uploads\/2026\/02\/Bewerbungstag_2026-Bit_Foto1-scaled.jpg<\/span>\n\t\t\t\t\t\t<span itemprop='height'>1440<\/span>\n\t\t\t\t\t\t<span itemprop='width'>2560<\/span>\n\t\t\t\t<\/span>\n\t\t\t\t<span class='av-structured-data'  itemprop=\"publisher\" itemtype=\"https:\/\/schema.org\/Organization\" itemscope=\"itemscope\" >\n\t\t\t\t\t\t<span itemprop='name'>Hanno Froehlich<\/span>\n\t\t\t\t\t\t<span itemprop='logo' itemscope itemtype='https:\/\/schema.org\/ImageObject'>\n\t\t\t\t\t\t\t<span itemprop='url'>https:\/\/www.gym-toelz.de\/wp-content\/uploads\/2025\/06\/schriftzug-Kopf-weissGVS_Logo-klein-300x114.png<\/span>\n\t\t\t\t\t\t<\/span>\n\t\t\t\t<\/span><span class='av-structured-data'  itemprop=\"author\" itemscope=\"itemscope\" itemtype=\"https:\/\/schema.org\/Person\" ><span itemprop='name'>Hanno Froehlich<\/span><\/span><span class='av-structured-data'  itemprop=\"datePublished\" datetime=\"2025-09-23T14:39:14+02:00\" >2026-02-21 18:56:27<\/span><span class='av-structured-data'  itemprop=\"dateModified\" itemtype=\"https:\/\/schema.org\/dateModified\" >2026-02-21 18:56:34<\/span><span class='av-structured-data'  itemprop=\"mainEntityOfPage\" itemtype=\"https:\/\/schema.org\/mainEntityOfPage\" ><span itemprop='name'>Aufbaumodul zur beruflichen Orientierung<\/span><\/span><\/span><\/article><article class='slide-entry flex_column  post-entry post-entry-2825 slide-entry-overview slide-loop-3 slide-parity-odd  post-entry-last  av_one_third  real-thumbnail posttype-post post-format-standard'  itemscope=\"itemscope\" itemtype=\"https:\/\/schema.org\/CreativeWork\" ><a href='https:\/\/www.gym-toelz.de\/index.php\/2025\/10\/24\/selbsterkundung-und-zusammenwachsen\/' data-rel='slide-1' class='slide-image' title='Selbsterkundung und Zusammenwachsen'><img decoding=\"async\" fetchpriority=\"high\" width=\"495\" height=\"400\" src=\"https:\/\/www.gym-toelz.de\/wp-content\/uploads\/2025\/10\/orientierungstage-q12-2025-495x400.png\" class=\"wp-image-2823 avia-img-lazy-loading-not-2823 attachment-portfolio size-portfolio wp-post-image\" alt=\"\" \/><\/a><div class=\"slide-content\"><header class=\"entry-content-header\" aria-label=\"Slide: Selbsterkundung und Zusammenwachsen\"><h3 class='slide-entry-title entry-title '  itemprop=\"headline\" ><a href='https:\/\/www.gym-toelz.de\/index.php\/2025\/10\/24\/selbsterkundung-und-zusammenwachsen\/' title='Selbsterkundung und Zusammenwachsen'>Selbsterkundung und Zusammenwachsen<\/a><\/h3><span class=\"av-vertical-delimiter\"><\/span><\/header><div class=\"slide-meta\"><time class='slide-meta-time updated'  itemprop=\"datePublished\" datetime=\"2025-10-24T08:32:29+02:00\" >Freitag, Oktober 24, 2025<\/time><\/div><div class='slide-entry-excerpt entry-content'  itemprop=\"text\" >Die Orientierungstage der 12. Jahrgangsstufe in Benediktbeuern\r\nVon\u2026<\/div><\/div><footer class=\"entry-footer\"><\/footer><span class='hidden'>\n\t\t\t\t<span class='av-structured-data'  itemprop=\"image\" itemscope=\"itemscope\" itemtype=\"https:\/\/schema.org\/ImageObject\" >\n\t\t\t\t\t\t<span itemprop='url'>https:\/\/www.gym-toelz.de\/wp-content\/uploads\/2025\/10\/orientierungstage-q12-2025.png<\/span>\n\t\t\t\t\t\t<span itemprop='height'>600<\/span>\n\t\t\t\t\t\t<span itemprop='width'>1066<\/span>\n\t\t\t\t<\/span>\n\t\t\t\t<span class='av-structured-data'  itemprop=\"publisher\" itemtype=\"https:\/\/schema.org\/Organization\" itemscope=\"itemscope\" >\n\t\t\t\t\t\t<span itemprop='name'>Hanno Froehlich<\/span>\n\t\t\t\t\t\t<span itemprop='logo' itemscope itemtype='https:\/\/schema.org\/ImageObject'>\n\t\t\t\t\t\t\t<span itemprop='url'>https:\/\/www.gym-toelz.de\/wp-content\/uploads\/2025\/06\/schriftzug-Kopf-weissGVS_Logo-klein-300x114.png<\/span>\n\t\t\t\t\t\t<\/span>\n\t\t\t\t<\/span><span class='av-structured-data'  itemprop=\"author\" itemscope=\"itemscope\" itemtype=\"https:\/\/schema.org\/Person\" ><span itemprop='name'>Hanno Froehlich<\/span><\/span><span class='av-structured-data'  itemprop=\"datePublished\" datetime=\"2025-09-23T14:39:14+02:00\" >2025-10-24 08:32:29<\/span><span class='av-structured-data'  itemprop=\"dateModified\" itemtype=\"https:\/\/schema.org\/dateModified\" >2025-10-24 10:55:21<\/span><span class='av-structured-data'  itemprop=\"mainEntityOfPage\" itemtype=\"https:\/\/schema.org\/mainEntityOfPage\" ><span itemprop='name'>Selbsterkundung und Zusammenwachsen<\/span><\/span><\/span><\/article><\/div><\/div><\/div>\n<section  class='av_textblock_section av-1yezlm-ca4ebe0e75e487e8a435fcc3f67b4c02 '   itemscope=\"itemscope\" itemtype=\"https:\/\/schema.org\/CreativeWork\" ><div class='avia_textblock'  itemprop=\"text\" ><p><img loading=\"lazy\" decoding=\"async\" class=\"alignright wp-image-2450 \" src=\"https:\/\/www.gym-toelz.de\/wp-content\/uploads\/2025\/09\/Bittner-KBO-2025-scaled.jpg\" alt=\"\" width=\"216\" height=\"325\" srcset=\"https:\/\/www.gym-toelz.de\/wp-content\/uploads\/2025\/09\/Bittner-KBO-2025-scaled.jpg 1706w, https:\/\/www.gym-toelz.de\/wp-content\/uploads\/2025\/09\/Bittner-KBO-2025-200x300.jpg 200w, https:\/\/www.gym-toelz.de\/wp-content\/uploads\/2025\/09\/Bittner-KBO-2025-687x1030.jpg 687w, https:\/\/www.gym-toelz.de\/wp-content\/uploads\/2025\/09\/Bittner-KBO-2025-768x1152.jpg 768w, https:\/\/www.gym-toelz.de\/wp-content\/uploads\/2025\/09\/Bittner-KBO-2025-1024x1536.jpg 1024w, https:\/\/www.gym-toelz.de\/wp-content\/uploads\/2025\/09\/Bittner-KBO-2025-1365x2048.jpg 1365w, https:\/\/www.gym-toelz.de\/wp-content\/uploads\/2025\/09\/Bittner-KBO-2025-1000x1500.jpg 1000w, https:\/\/www.gym-toelz.de\/wp-content\/uploads\/2025\/09\/Bittner-KBO-2025-470x705.jpg 470w\" sizes=\"auto, (max-width: 216px) 100vw, 216px\" \/><\/p>\n<p>Anita Bittner ist Koordinatorin f\u00fcr berufliche Orientierung (KBO).<\/p>\n<p>Kontakt: \u00fcber das Elternportal oder per Mail an <a href=\"mailto:anita.bittner.kbo@gmx.de\">anita.bittner.kbo@gmx.de<\/a><\/p>\n<p>Aufgaben der KBO:<\/p>\n<ul>\n<li>Organisation von Informationsveranstaltungen und Berufsorientierungstagen<\/li>\n<li>Koordination des Betriebspraktikums in der 11. Jahrgangsstufe<\/li>\n<li>Koordination der Berufsberatungen durch die Arbeitsagentur<\/li>\n<li>Koordination der P-Seminarwahl und Leitung des P-Seminarteams<\/li>\n<li>Leitung des ABO-Teams zum Aufbaumodul f\u00fcr berufliche Orientierung in der Oberstufe<\/li>\n<li>Zusammenarbeit mit der Fachschaftsleitung Wirtschaft\/Recht, externen Partnern, Elternbeirat und Alumni-Verein<\/li>\n<li>individuelle Beratungen f\u00fcr Sch\u00fclerinnen und Sch\u00fcler zu Studien- und Berufswahl<\/li>\n<li>Pflege der Mebis-Kurse zur Berufsorientierung am GvSG sowie der Aush\u00e4nge zu externen Angeboten<\/li>\n<\/ul>\n<p style=\"text-align: center;\"><a href=\"https:\/\/www.gym-toelz.de\/wp-content\/uploads\/2025\/10\/BO_Konzept_GVSG_2025_fuer-Homepage.pdf\" target=\"_blank\" rel=\"noopener\">Konzept der beruflichen Orientierung als PDF <img loading=\"lazy\" decoding=\"async\" class=\"alignnone wp-image-1873\" src=\"https:\/\/www.gym-toelz.de\/wp-content\/uploads\/2025\/07\/icons8-new-tab-48.png\" alt=\"\" width=\"18\" height=\"18\" srcset=\"https:\/\/www.gym-toelz.de\/wp-content\/uploads\/2025\/07\/icons8-new-tab-48.png 48w, https:\/\/www.gym-toelz.de\/wp-content\/uploads\/2025\/07\/icons8-new-tab-48-36x36.png 36w\" sizes=\"auto, (max-width: 18px) 100vw, 18px\" \/><\/a><\/p>\n<p><strong>Partner (Logos extern verlinkt)<\/strong><\/p>\n<p><a href=\"https:\/\/www.erfolg-im-beruf.de\/startseite\">\u00a0 \u00a0 \u00a0 <\/a><a href=\"https:\/\/www.erfolg-im-beruf.de\/startseite\" target=\"_blank\" rel=\"noopener\"><img loading=\"lazy\" decoding=\"async\" class=\"alignnone wp-image-2456 \" src=\"https:\/\/www.gym-toelz.de\/wp-content\/uploads\/2025\/09\/Logovocatium-Partnerschule-180x180.jpg\" alt=\"\" width=\"146\" height=\"146\" \/><\/a>\u00a0 \u00a0 \u00a0 \u00a0 <a href=\"https:\/\/www.alumni-gymtoelz.de\/\" target=\"_blank\" rel=\"noopener\"><img loading=\"lazy\" decoding=\"async\" class=\"alignnone wp-image-2455 \" src=\"https:\/\/www.gym-toelz.de\/wp-content\/uploads\/2025\/09\/LogoAlumni-GVS-180x180.jpg\" alt=\"\" width=\"145\" height=\"145\" srcset=\"https:\/\/www.gym-toelz.de\/wp-content\/uploads\/2025\/09\/LogoAlumni-GVS-180x180.jpg 180w, https:\/\/www.gym-toelz.de\/wp-content\/uploads\/2025\/09\/LogoAlumni-GVS-80x80.jpg 80w, https:\/\/www.gym-toelz.de\/wp-content\/uploads\/2025\/09\/LogoAlumni-GVS-36x36.jpg 36w\" sizes=\"auto, (max-width: 145px) 100vw, 145px\" \/><\/a>\u00a0 \u00a0 \u00a0 <a href=\"https:\/\/www.berufsorientierung-gymnasium.bayern.de\/\" target=\"_blank\" rel=\"noopener\"><img loading=\"lazy\" decoding=\"async\" class=\"alignnone wp-image-2454 \" src=\"https:\/\/www.gym-toelz.de\/wp-content\/uploads\/2025\/09\/LogoBO-Gymnasium-180x180.jpg\" alt=\"\" width=\"147\" height=\"147\" srcset=\"https:\/\/www.gym-toelz.de\/wp-content\/uploads\/2025\/09\/LogoBO-Gymnasium-180x180.jpg 180w, https:\/\/www.gym-toelz.de\/wp-content\/uploads\/2025\/09\/LogoBO-Gymnasium-80x80.jpg 80w, https:\/\/www.gym-toelz.de\/wp-content\/uploads\/2025\/09\/LogoBO-Gymnasium-36x36.jpg 36w\" sizes=\"auto, (max-width: 147px) 100vw, 147px\" \/><\/a><\/p>\n<\/div><\/section>\n","protected":false},"excerpt":{"rendered":"","protected":false},"author":3,"featured_media":0,"parent":146,"menu_order":31,"comment_status":"closed","ping_status":"closed","template":"","meta":{"footnotes":""},"class_list":["post-2442","page","type-page","status-publish","hentry"],"_links":{"self":[{"href":"https:\/\/www.gym-toelz.de\/index.php\/wp-json\/wp\/v2\/pages\/2442","targetHints":{"allow":["GET"]}}],"collection":[{"href":"https:\/\/www.gym-toelz.de\/index.php\/wp-json\/wp\/v2\/pages"}],"about":[{"href":"https:\/\/www.gym-toelz.de\/index.php\/wp-json\/wp\/v2\/types\/page"}],"author":[{"embeddable":true,"href":"https:\/\/www.gym-toelz.de\/index.php\/wp-json\/wp\/v2\/users\/3"}],"replies":[{"embeddable":true,"href":"https:\/\/www.gym-toelz.de\/index.php\/wp-json\/wp\/v2\/comments?post=2442"}],"version-history":[{"count":20,"href":"https:\/\/www.gym-toelz.de\/index.php\/wp-json\/wp\/v2\/pages\/2442\/revisions"}],"predecessor-version":[{"id":2838,"href":"https:\/\/www.gym-toelz.de\/index.php\/wp-json\/wp\/v2\/pages\/2442\/revisions\/2838"}],"up":[{"embeddable":true,"href":"https:\/\/www.gym-toelz.de\/index.php\/wp-json\/wp\/v2\/pages\/146"}],"wp:attachment":[{"href":"https:\/\/www.gym-toelz.de\/index.php\/wp-json\/wp\/v2\/media?parent=2442"}],"curies":[{"name":"wp","href":"https:\/\/api.w.org\/{rel}","templated":true}]}}