{"id":244,"date":"2025-05-16T15:21:34","date_gmt":"2025-05-16T15:21:34","guid":{"rendered":"https:\/\/www.gym-toelz.de\/index.php\/individuelle-lernzeit\/"},"modified":"2026-01-28T16:35:24","modified_gmt":"2026-01-28T15:35:24","slug":"individuelle-lernzeit","status":"publish","type":"page","link":"https:\/\/www.gym-toelz.de\/index.php\/unterricht\/individuelle-lernzeit\/","title":{"rendered":"Individuelle Lernzeit"},"content":{"rendered":"<p><strong>Individuelle Lernzeit<\/strong><br \/>\nAb dem Schuljahr 2013\/14 erg\u00e4nzt die \u201eIndividuelle Lernzeit\u201c in der Mittelstufe, also in den Jahrgangsstufen 8, 9 und 10, die bew\u00e4hrten F\u00f6rderkonzepte wie Intensivierung, Wahlkurse oder PZW-Stunden. Das bedeutet:<\/p>\n<h4>1. S\u00e4ule: Fr\u00fchwarnsystem:<\/h4>\n<p>Es erm\u00f6glicht ein fr\u00fchzeitiges Erkennen des F\u00f6rderbedarfs und eine rechtzeitige Beratung. Wir sind am Gabriel-von-Seidl-Gymnasium in der g\u00fcnstigen Lage, dass unser p\u00e4dagogisches Netzwerk hier seit l\u00e4ngerem vielf\u00e4ltige Erfahrungen bietet. Der F\u00f6rderbedarf wird zun\u00e4chst von den Fachlehrkr\u00e4ften durch systematische Beobachtung und Analyse des Leistungsbilds ermittelt und an das p\u00e4dagogische Netzwerk gemeldet.<\/p>\n<h4>\n2. S\u00e4ule: F\u00f6rderstunden:<\/h4>\n<p>Sie bedeuten eine zus\u00e4tzliche von einer hauptamtlichen Lehrkraft betreute individuelle Lernzeit f\u00fcr die Sch\u00fcler und eine Erweiterung unseres bisherigen Angebots an Intensivierungsstunden oder an PZW-F\u00f6rderung. Dies ist gegenw\u00e4rtig noch unverbindlich f\u00fcr Englisch, Franz\u00f6sisch, Latein und Mathematik in der Mittelstufe geplant. Dieses Angebot ist vor allem gedacht f\u00fcr Sch\u00fclerinnen und Sch\u00fcler, die Lerndefizite aufweisen, z.B.<br \/>\n&#8211; aufgrund von Krankheit oder Krisenereignissen<br \/>\n&#8211; wegen eines Auslandsaufenthalts,<br \/>\n&#8211; wegen eines Wechsels aus einem anderen Bundesland.<br \/>\nDa diese Stunden klassen\u00fcbergreifend stattfinden werden, muss allerdings mit einer Platzierung nach der 6. Stunde gerechnet werden.<\/p>\n<h4>Der Ablauf: Was muss ich tun?<\/h4>\n<p>Das p\u00e4dagogische Netzwerk w\u00e4hlt in enger Kooperation mit den Fachlehrern f\u00f6rderungsw\u00fcrdige Sch\u00fclerInnen aus. Das Gabriel-von-Seidl-Gymnasium schreibt dann zu Beginn des neuen Schuljahres diese Sch\u00fclerInnen bzw. deren Eltern an und informiert sie \u00fcber das Angebot, also Fach\/ F\u00e4cher und Zeitpunkt. Unmittelbar darauf bitten wir um eine verbindliche Anmeldung, die dann zur Teilnahme f\u00fcr die Dauer des 1. Halbjahres verpflichtet. Bei inakzeptablem, insbesondere st\u00f6rendem Verhalten kann die Sch\u00fclerin\/ der Sch\u00fcler allerdings von der Teilnahme ausgeschlossen werden. F\u00fcr eine F\u00f6rderstunde sind f\u00fcnf bis maximal 15 Sch\u00fclerInnen vorgesehen.<\/p>\n","protected":false},"excerpt":{"rendered":"<p>Individuelle Lernzeit Ab dem Schuljahr 2013\/14 erg\u00e4nzt die \u201eIndividuelle Lernzeit\u201c in der Mittelstufe, also in den Jahrgangsstufen 8, 9 und 10, die bew\u00e4hrten F\u00f6rderkonzepte wie Intensivierung, Wahlkurse oder PZW-Stunden. Das bedeutet: 1. S\u00e4ule: Fr\u00fchwarnsystem: Es erm\u00f6glicht ein fr\u00fchzeitiges Erkennen des F\u00f6rderbedarfs und eine rechtzeitige Beratung. Wir sind am Gabriel-von-Seidl-Gymnasium in der g\u00fcnstigen Lage, dass unser [&hellip;]<\/p>\n","protected":false},"author":2,"featured_media":0,"parent":38,"menu_order":54,"comment_status":"closed","ping_status":"closed","template":"","meta":{"footnotes":""},"class_list":["post-244","page","type-page","status-publish","hentry"],"_links":{"self":[{"href":"https:\/\/www.gym-toelz.de\/index.php\/wp-json\/wp\/v2\/pages\/244","targetHints":{"allow":["GET"]}}],"collection":[{"href":"https:\/\/www.gym-toelz.de\/index.php\/wp-json\/wp\/v2\/pages"}],"about":[{"href":"https:\/\/www.gym-toelz.de\/index.php\/wp-json\/wp\/v2\/types\/page"}],"author":[{"embeddable":true,"href":"https:\/\/www.gym-toelz.de\/index.php\/wp-json\/wp\/v2\/users\/2"}],"replies":[{"embeddable":true,"href":"https:\/\/www.gym-toelz.de\/index.php\/wp-json\/wp\/v2\/comments?post=244"}],"version-history":[{"count":2,"href":"https:\/\/www.gym-toelz.de\/index.php\/wp-json\/wp\/v2\/pages\/244\/revisions"}],"predecessor-version":[{"id":826,"href":"https:\/\/www.gym-toelz.de\/index.php\/wp-json\/wp\/v2\/pages\/244\/revisions\/826"}],"up":[{"embeddable":true,"href":"https:\/\/www.gym-toelz.de\/index.php\/wp-json\/wp\/v2\/pages\/38"}],"wp:attachment":[{"href":"https:\/\/www.gym-toelz.de\/index.php\/wp-json\/wp\/v2\/media?parent=244"}],"curies":[{"name":"wp","href":"https:\/\/api.w.org\/{rel}","templated":true}]}}