{"id":238,"date":"2025-05-16T15:21:34","date_gmt":"2025-05-16T15:21:34","guid":{"rendered":"https:\/\/www.gym-toelz.de\/index.php\/zweige\/"},"modified":"2026-02-13T19:01:07","modified_gmt":"2026-02-13T18:01:07","slug":"zweige","status":"publish","type":"page","link":"https:\/\/www.gym-toelz.de\/index.php\/unterricht\/zweige\/","title":{"rendered":"Ausbildungsrichtungen"},"content":{"rendered":"<p><strong>Ausbildungsrichtungen<\/strong><\/p>\n<p>Das Gabriel-von-Seidl-Gymnasium Bad T\u00f6lz bietet drei Ausbildungsrichtungen an, die naturwissenschaftlich-technologische (NTG), die sprachliche (SG) und die musische (MuG), jeweils mit grundst\u00e4ndigem Englisch. Das Naturwissenschaftlich-technologische Gymnasium erm\u00f6glicht zwei Sprachenfolgen; beiden gemeinsam ist das spezifische Kernfach Chemie.<\/p>\n<p>Der folgende Link zum PDF gibt Ihnen einen \u00dcberblick \u00fcber die Unterschiede in den beiden Ausbildungsrichtungen:<\/p>\n<p style=\"text-align: center;\"><a href=\"https:\/\/www.gym-toelz.de\/wp-content\/uploads\/2025\/10\/Zweigwahl-G9-2025.pdf\" target=\"_blank\" rel=\"noopener\">Zweigwahl im G9 als PDF <img loading=\"lazy\" decoding=\"async\" class=\"alignnone wp-image-1873\" src=\"https:\/\/www.gym-toelz.de\/wp-content\/uploads\/2025\/07\/icons8-new-tab-48.png\" alt=\"\" width=\"18\" height=\"18\" srcset=\"https:\/\/www.gym-toelz.de\/wp-content\/uploads\/2025\/07\/icons8-new-tab-48.png 48w, https:\/\/www.gym-toelz.de\/wp-content\/uploads\/2025\/07\/icons8-new-tab-48-36x36.png 36w\" sizes=\"auto, (max-width: 18px) 100vw, 18px\" \/><\/a><\/p>\n<p style=\"text-align: center;\"><a href=\"https:\/\/www.gym-toelz.de\/index.php\/unterricht\/stundentafeln\/\" target=\"_blank\" rel=\"noopener\">Zu den Stundentafeln unserer Ausbildungsrichtungen <img loading=\"lazy\" decoding=\"async\" class=\"alignnone wp-image-1873\" src=\"https:\/\/www.gym-toelz.de\/wp-content\/uploads\/2025\/07\/icons8-new-tab-48.png\" alt=\"\" width=\"18\" height=\"18\" srcset=\"https:\/\/www.gym-toelz.de\/wp-content\/uploads\/2025\/07\/icons8-new-tab-48.png 48w, https:\/\/www.gym-toelz.de\/wp-content\/uploads\/2025\/07\/icons8-new-tab-48-36x36.png 36w\" sizes=\"auto, (max-width: 18px) 100vw, 18px\" \/><\/a><\/p>\n<p style=\"text-align: center;\"><a href=\"https:\/\/www.gym-toelz.de\/index.php\/unterricht\/faecher\/musik\/#toggle-id-1\" target=\"_blank\" rel=\"noopener\">Informationen zum musischen Zweig <img loading=\"lazy\" decoding=\"async\" class=\"alignnone wp-image-1873\" src=\"https:\/\/www.gym-toelz.de\/wp-content\/uploads\/2025\/07\/icons8-new-tab-48.png\" alt=\"\" width=\"18\" height=\"18\" srcset=\"https:\/\/www.gym-toelz.de\/wp-content\/uploads\/2025\/07\/icons8-new-tab-48.png 48w, https:\/\/www.gym-toelz.de\/wp-content\/uploads\/2025\/07\/icons8-new-tab-48-36x36.png 36w\" sizes=\"auto, (max-width: 18px) 100vw, 18px\" \/><\/a><\/p>\n<p>Als zus\u00e4tzliche Fremdsprache kann bei entsprechender Teilnehmerzahl in der 11. Jahrgangsstufe Italienisch als sp\u00e4t beginnende Fremdsprache (ISP) gew\u00e4hlt werden. Diese Sprache muss dann allerdings bis zum Abschluss der gymnasialen Laufbahn belegt werden.<\/p>\n<p><strong>Sprachen- und Zweigwahl<\/strong><\/p>\n<p>Informationen zur Wahl der zweiten Fremdsprache, zu sp\u00e4tbeginnendem Italienisch sowie zur Wahl des gymnasialen Zweiges finden Sie in den nachfolgend aufgef\u00fchrten Links und Dokumenten:<\/p>\n<p style=\"text-align: center;\"><a href=\"https:\/\/www.gym-toelz.de\/wp-content\/uploads\/2025\/08\/fremdpsrachenprofil.pdf\" target=\"_blank\" rel=\"noopener\">Fremdsprachenprofil des Gabriel-von-Seidl-Gymnasiums Bad T\u00f6lz (PDF) <img loading=\"lazy\" decoding=\"async\" class=\"alignnone wp-image-1873\" src=\"https:\/\/www.gym-toelz.de\/wp-content\/uploads\/2025\/07\/icons8-new-tab-48.png\" alt=\"\" width=\"18\" height=\"18\" srcset=\"https:\/\/www.gym-toelz.de\/wp-content\/uploads\/2025\/07\/icons8-new-tab-48.png 48w, https:\/\/www.gym-toelz.de\/wp-content\/uploads\/2025\/07\/icons8-new-tab-48-36x36.png 36w\" sizes=\"auto, (max-width: 18px) 100vw, 18px\" \/><\/a><br \/>\n<a href=\"https:\/\/www.gym-toelz.de\/wp-content\/uploads\/2025\/08\/FAQ_Franzsisch_als_2_Fremdsprache_-1.pdf\" target=\"_blank\" rel=\"noopener\">FAQ: Franz\u00f6sisch als zweite Fremdsprache (PDF) <img loading=\"lazy\" decoding=\"async\" class=\"alignnone wp-image-1873\" src=\"https:\/\/www.gym-toelz.de\/wp-content\/uploads\/2025\/07\/icons8-new-tab-48.png\" alt=\"\" width=\"18\" height=\"18\" srcset=\"https:\/\/www.gym-toelz.de\/wp-content\/uploads\/2025\/07\/icons8-new-tab-48.png 48w, https:\/\/www.gym-toelz.de\/wp-content\/uploads\/2025\/07\/icons8-new-tab-48-36x36.png 36w\" sizes=\"auto, (max-width: 18px) 100vw, 18px\" \/><\/a><br \/>\n<a href=\"https:\/\/www.gym-toelz.de\/wp-content\/uploads\/2025\/08\/FAQ_LateinAls2Fremdsprache.pdf\" target=\"_blank\" rel=\"noopener\">FAQ: Latein als zweite Fremdsprache (PDF) <img loading=\"lazy\" decoding=\"async\" class=\"alignnone wp-image-1873\" src=\"https:\/\/www.gym-toelz.de\/wp-content\/uploads\/2025\/07\/icons8-new-tab-48.png\" alt=\"\" width=\"18\" height=\"18\" srcset=\"https:\/\/www.gym-toelz.de\/wp-content\/uploads\/2025\/07\/icons8-new-tab-48.png 48w, https:\/\/www.gym-toelz.de\/wp-content\/uploads\/2025\/07\/icons8-new-tab-48-36x36.png 36w\" sizes=\"auto, (max-width: 18px) 100vw, 18px\" \/><\/a><br \/>\n<a href=\"https:\/\/www.gym-toelz.de\/wp-content\/uploads\/2025\/08\/FAQ_NTG_Zweig__G9.pdf\" target=\"_blank\" rel=\"noopener\">FAQ: naturwissenschaftlich-technologischer Zweig (PDF) <img loading=\"lazy\" decoding=\"async\" class=\"alignnone wp-image-1873\" src=\"https:\/\/www.gym-toelz.de\/wp-content\/uploads\/2025\/07\/icons8-new-tab-48.png\" alt=\"\" width=\"18\" height=\"18\" srcset=\"https:\/\/www.gym-toelz.de\/wp-content\/uploads\/2025\/07\/icons8-new-tab-48.png 48w, https:\/\/www.gym-toelz.de\/wp-content\/uploads\/2025\/07\/icons8-new-tab-48-36x36.png 36w\" sizes=\"auto, (max-width: 18px) 100vw, 18px\" \/><\/a><br \/>\n<a href=\"https:\/\/www.gym-toelz.de\/wp-content\/uploads\/2025\/08\/FAQ_Sprachlicher_Zweig.pdf\" target=\"_blank\" rel=\"noopener\">FAQ: sprachlicher Zweig (PDF) <img loading=\"lazy\" decoding=\"async\" class=\"alignnone wp-image-1873\" src=\"https:\/\/www.gym-toelz.de\/wp-content\/uploads\/2025\/07\/icons8-new-tab-48.png\" alt=\"\" width=\"18\" height=\"18\" srcset=\"https:\/\/www.gym-toelz.de\/wp-content\/uploads\/2025\/07\/icons8-new-tab-48.png 48w, https:\/\/www.gym-toelz.de\/wp-content\/uploads\/2025\/07\/icons8-new-tab-48-36x36.png 36w\" sizes=\"auto, (max-width: 18px) 100vw, 18px\" \/><\/a><br \/>\n<a href=\"https:\/\/www.gym-toelz.de\/wp-content\/uploads\/2026\/02\/flyer-musik-2026.pdf\" target=\"_blank\" rel=\"noopener\">Flyer zum musischen Zweig (PDF) <img loading=\"lazy\" decoding=\"async\" class=\"alignnone wp-image-1873\" src=\"https:\/\/www.gym-toelz.de\/wp-content\/uploads\/2025\/07\/icons8-new-tab-48.png\" alt=\"\" width=\"18\" height=\"18\" srcset=\"https:\/\/www.gym-toelz.de\/wp-content\/uploads\/2025\/07\/icons8-new-tab-48.png 48w, https:\/\/www.gym-toelz.de\/wp-content\/uploads\/2025\/07\/icons8-new-tab-48-36x36.png 36w\" sizes=\"auto, (max-width: 18px) 100vw, 18px\" \/><\/a><\/p>\n<p>Die 2. Fremdsprache kann in der 11. Klasse durch &#8222;Italienisch sp\u00e4tbeginnend&#8220; ersetzt werden (Belegungsverpflichtung in Q12\/13).<\/p>\n<p style=\"text-align: center;\"><a href=\"https:\/\/www.gym-toelz.de\/wp-content\/uploads\/2025\/10\/Italienisch_als_spaetbeginnende_Fremdsprache_03_03_23.pdf\" target=\"_blank\" rel=\"noopener\">Pr\u00e4sentation &#8222;Italienisch sp\u00e4t beginnend&#8220; als PDF <img loading=\"lazy\" decoding=\"async\" class=\"alignnone wp-image-1873\" src=\"https:\/\/www.gym-toelz.de\/wp-content\/uploads\/2025\/07\/icons8-new-tab-48.png\" alt=\"\" width=\"18\" height=\"18\" srcset=\"https:\/\/www.gym-toelz.de\/wp-content\/uploads\/2025\/07\/icons8-new-tab-48.png 48w, https:\/\/www.gym-toelz.de\/wp-content\/uploads\/2025\/07\/icons8-new-tab-48-36x36.png 36w\" sizes=\"auto, (max-width: 18px) 100vw, 18px\" \/><\/a><\/p>\n<p>Au\u00dferdem k\u00f6nnen Sie sich Beratung holen bei unseren jeweiligen Fachlehrkr\u00e4ften, den Fachschaftsleitungen f\u00fcr die jeweiligen F\u00e4cher<\/p>\n<p style=\"text-align: center;\"><a href=\"https:\/\/www.gym-toelz.de\/index.php\/unterricht\/faecher\/\">F\u00e4cher <img loading=\"lazy\" decoding=\"async\" class=\"alignnone wp-image-1873\" src=\"https:\/\/www.gym-toelz.de\/wp-content\/uploads\/2025\/07\/icons8-new-tab-48.png\" alt=\"\" width=\"18\" height=\"18\" srcset=\"https:\/\/www.gym-toelz.de\/wp-content\/uploads\/2025\/07\/icons8-new-tab-48.png 48w, https:\/\/www.gym-toelz.de\/wp-content\/uploads\/2025\/07\/icons8-new-tab-48-36x36.png 36w\" sizes=\"auto, (max-width: 18px) 100vw, 18px\" \/><\/a><\/p>\n<p>sowie von unserer Beratungslehrkraft<\/p>\n<p style=\"text-align: center;\"><a href=\"https:\/\/www.gym-toelz.de\/index.php\/unsere-schule\/unterstuetzung\/beratungslehrkraft\/\">Beratungslehrkraft <img loading=\"lazy\" decoding=\"async\" class=\"alignnone wp-image-1873\" src=\"https:\/\/www.gym-toelz.de\/wp-content\/uploads\/2025\/07\/icons8-new-tab-48.png\" alt=\"\" width=\"18\" height=\"18\" srcset=\"https:\/\/www.gym-toelz.de\/wp-content\/uploads\/2025\/07\/icons8-new-tab-48.png 48w, https:\/\/www.gym-toelz.de\/wp-content\/uploads\/2025\/07\/icons8-new-tab-48-36x36.png 36w\" sizes=\"auto, (max-width: 18px) 100vw, 18px\" \/><\/a><\/p>\n","protected":false},"excerpt":{"rendered":"<p>Ausbildungsrichtungen Das Gabriel-von-Seidl-Gymnasium Bad T\u00f6lz bietet drei Ausbildungsrichtungen an, die naturwissenschaftlich-technologische (NTG), die sprachliche (SG) und die musische (MuG), jeweils mit grundst\u00e4ndigem Englisch. Das Naturwissenschaftlich-technologische Gymnasium erm\u00f6glicht zwei Sprachenfolgen; beiden gemeinsam ist das spezifische Kernfach Chemie. Der folgende Link zum PDF gibt Ihnen einen \u00dcberblick \u00fcber die Unterschiede in den beiden Ausbildungsrichtungen: Zweigwahl im G9 [&hellip;]<\/p>\n","protected":false},"author":2,"featured_media":0,"parent":38,"menu_order":52,"comment_status":"closed","ping_status":"closed","template":"","meta":{"footnotes":""},"class_list":["post-238","page","type-page","status-publish","hentry"],"_links":{"self":[{"href":"https:\/\/www.gym-toelz.de\/index.php\/wp-json\/wp\/v2\/pages\/238","targetHints":{"allow":["GET"]}}],"collection":[{"href":"https:\/\/www.gym-toelz.de\/index.php\/wp-json\/wp\/v2\/pages"}],"about":[{"href":"https:\/\/www.gym-toelz.de\/index.php\/wp-json\/wp\/v2\/types\/page"}],"author":[{"embeddable":true,"href":"https:\/\/www.gym-toelz.de\/index.php\/wp-json\/wp\/v2\/users\/2"}],"replies":[{"embeddable":true,"href":"https:\/\/www.gym-toelz.de\/index.php\/wp-json\/wp\/v2\/comments?post=238"}],"version-history":[{"count":23,"href":"https:\/\/www.gym-toelz.de\/index.php\/wp-json\/wp\/v2\/pages\/238\/revisions"}],"predecessor-version":[{"id":3629,"href":"https:\/\/www.gym-toelz.de\/index.php\/wp-json\/wp\/v2\/pages\/238\/revisions\/3629"}],"up":[{"embeddable":true,"href":"https:\/\/www.gym-toelz.de\/index.php\/wp-json\/wp\/v2\/pages\/38"}],"wp:attachment":[{"href":"https:\/\/www.gym-toelz.de\/index.php\/wp-json\/wp\/v2\/media?parent=238"}],"curies":[{"name":"wp","href":"https:\/\/api.w.org\/{rel}","templated":true}]}}