{"id":217,"date":"2025-05-16T15:16:34","date_gmt":"2025-05-16T15:16:52","guid":{"rendered":"https:\/\/www.gym-toelz.de\/index.php\/abitreffen\/"},"modified":"2026-02-26T10:40:53","modified_gmt":"2026-02-26T09:40:53","slug":"kultur","status":"publish","type":"page","link":"https:\/\/www.gym-toelz.de\/index.php\/angebote-aktivitaeten\/kultur\/","title":{"rendered":"Kultur"},"content":{"rendered":"<section  class='av_textblock_section av-1eh0z5-2560e2327521da2d90506b18db446e13 '   itemscope=\"itemscope\" itemtype=\"https:\/\/schema.org\/CreativeWork\" ><div class='avia_textblock'  itemprop=\"text\" ><p><strong>Kultur &#8211; Unser Programm<\/strong><\/p>\n<p>Erinnerungskultur, Demokratieerziehung, Interkultureller Austausch, Interreligi\u00f6se Begegnung, Kunst, Literatur, Musik, Musiktheater, Theater.<\/p>\n<\/div><\/section>\n<div  class='hr av-bja0h-b491560690fc711aa48eb9262e4cb02a hr-default  avia-builder-el-1  el_after_av_textblock  el_before_av_icon_circles '><span class='hr-inner '><span class=\"hr-inner-style\"><\/span><\/span><\/div>\n\n<style type=\"text\/css\" data-created_by=\"avia_inline_auto\" id=\"style-css-av-mgqq7b83-048eb693fa895d53c5e7d5cdf2be2c2e\">\n#top .av-icon-circles-container.av-mgqq7b83-048eb693fa895d53c5e7d5cdf2be2c2e{\nmargin:10px 260px 10px 260px;\nwidth:calc(100% - 520px);\npadding-bottom:calc(100% - 520px);\n}\n.av-icon-circles-container.av-mgqq7b83-048eb693fa895d53c5e7d5cdf2be2c2e .avia-icon-circles-inner{\ntransform:rotate(90deg);\n}\n.av-icon-circles-container.av-mgqq7b83-048eb693fa895d53c5e7d5cdf2be2c2e .avia-icon-circles-icon{\ncolor:#2a6d80;\n}\n.av-icon-circles-container.av-mgqq7b83-048eb693fa895d53c5e7d5cdf2be2c2e .avia-icon-circles-icon.avia-svg-icon svg:first-child{\nfill:#2a6d80;\nstroke:#2a6d80;\n}\n.av-icon-circles-container.av-mgqq7b83-048eb693fa895d53c5e7d5cdf2be2c2e.avia_start_animation .avia-icon-circles-icon{\ntransform:rotate(-90deg) !important;\n}\n.av-icon-circles-container.av-mgqq7b83-048eb693fa895d53c5e7d5cdf2be2c2e .avia-icon-circles-icon-text{\ntransform:rotate(-90deg);\n}\n.av-icon-circles-container.av-mgqq7b83-048eb693fa895d53c5e7d5cdf2be2c2e .avia-icon-circles-icon-1{\ntransform:translate(0px,250px);\nleft:50%;\ntop:0%;\n}\n.av-icon-circles-container.av-mgqq7b83-048eb693fa895d53c5e7d5cdf2be2c2e.avia_start_animation .avia-icon-circles-icon-1{\ntransform:translate(0px,0px);\nopacity:1;\ntransition-delay:1s;\n}\n.av-icon-circles-container.av-mgqq7b83-048eb693fa895d53c5e7d5cdf2be2c2e .avia-icon-circles-icon-2{\ntransform:translate(-160px,191px);\nleft:82%;\ntop:11%;\n}\n.av-icon-circles-container.av-mgqq7b83-048eb693fa895d53c5e7d5cdf2be2c2e.avia_start_animation .avia-icon-circles-icon-2{\ntransform:translate(0px,0px);\nopacity:1;\ntransition-delay:1.2s;\n}\n.av-icon-circles-container.av-mgqq7b83-048eb693fa895d53c5e7d5cdf2be2c2e .avia-icon-circles-icon-3{\ntransform:translate(-246px,43px);\nleft:99%;\ntop:41%;\n}\n.av-icon-circles-container.av-mgqq7b83-048eb693fa895d53c5e7d5cdf2be2c2e.avia_start_animation .avia-icon-circles-icon-3{\ntransform:translate(0px,0px);\nopacity:1;\ntransition-delay:1.4s;\n}\n.av-icon-circles-container.av-mgqq7b83-048eb693fa895d53c5e7d5cdf2be2c2e .avia-icon-circles-icon-4{\ntransform:translate(-216px,-124px);\nleft:93%;\ntop:74%;\n}\n.av-icon-circles-container.av-mgqq7b83-048eb693fa895d53c5e7d5cdf2be2c2e.avia_start_animation .avia-icon-circles-icon-4{\ntransform:translate(0px,0px);\nopacity:1;\ntransition-delay:1.6s;\n}\n.av-icon-circles-container.av-mgqq7b83-048eb693fa895d53c5e7d5cdf2be2c2e .avia-icon-circles-icon-5{\ntransform:translate(-85px,-234px);\nleft:67%;\ntop:96%;\n}\n.av-icon-circles-container.av-mgqq7b83-048eb693fa895d53c5e7d5cdf2be2c2e.avia_start_animation .avia-icon-circles-icon-5{\ntransform:translate(0px,0px);\nopacity:1;\ntransition-delay:1.8s;\n}\n.av-icon-circles-container.av-mgqq7b83-048eb693fa895d53c5e7d5cdf2be2c2e .avia-icon-circles-icon-6{\ntransform:translate(85px,-234px);\nleft:32%;\ntop:96%;\n}\n.av-icon-circles-container.av-mgqq7b83-048eb693fa895d53c5e7d5cdf2be2c2e.avia_start_animation .avia-icon-circles-icon-6{\ntransform:translate(0px,0px);\nopacity:1;\ntransition-delay:2s;\n}\n.av-icon-circles-container.av-mgqq7b83-048eb693fa895d53c5e7d5cdf2be2c2e .avia-icon-circles-icon-7{\ntransform:translate(216px,-125px);\nleft:6%;\ntop:75%;\n}\n.av-icon-circles-container.av-mgqq7b83-048eb693fa895d53c5e7d5cdf2be2c2e.avia_start_animation .avia-icon-circles-icon-7{\ntransform:translate(0px,0px);\nopacity:1;\ntransition-delay:2.2s;\n}\n.av-icon-circles-container.av-mgqq7b83-048eb693fa895d53c5e7d5cdf2be2c2e .avia-icon-circles-icon-8{\ntransform:translate(246px,43px);\nleft:0%;\ntop:41%;\n}\n.av-icon-circles-container.av-mgqq7b83-048eb693fa895d53c5e7d5cdf2be2c2e.avia_start_animation .avia-icon-circles-icon-8{\ntransform:translate(0px,0px);\nopacity:1;\ntransition-delay:2.4s;\n}\n.av-icon-circles-container.av-mgqq7b83-048eb693fa895d53c5e7d5cdf2be2c2e .avia-icon-circles-icon-9{\ntransform:translate(160px,191px);\nleft:17%;\ntop:11%;\n}\n.av-icon-circles-container.av-mgqq7b83-048eb693fa895d53c5e7d5cdf2be2c2e.avia_start_animation .avia-icon-circles-icon-9{\ntransform:translate(0px,0px);\nopacity:1;\ntransition-delay:2.6s;\n}\n.av-icon-circles-container.av-mgqq7b83-048eb693fa895d53c5e7d5cdf2be2c2e.avia_start_animation.avia_animation_finished .avia-icon-circles-icon{\ntransition-delay:0s;\n}\n\n@media only screen and (min-width: 990px){ \n#top .av-icon-circles-container.av-mgqq7b83-048eb693fa895d53c5e7d5cdf2be2c2e{\nmargin:10px 260px 10px 260px;\nwidth:calc(100% - 520px);\npadding-bottom:calc(100% - 520px);\n}\n}\n\n@media only screen and (min-width: 768px) and (max-width: 989px){ \n#top .av-icon-circles-container.av-mgqq7b83-048eb693fa895d53c5e7d5cdf2be2c2e{\nmargin:10px 240px 10px 240px;\nwidth:calc(100% - 480px);\npadding-bottom:calc(100% - 480px);\n}\n}\n\n@media only screen and (min-width: 480px) and (max-width: 767px){ \n#top .av-icon-circles-container.av-mgqq7b83-048eb693fa895d53c5e7d5cdf2be2c2e{\nmargin:5px 200px 5px 200px;\nwidth:calc(100% - 400px);\npadding-bottom:calc(100% - 400px);\n}\n}\n\n@media only screen and (max-width: 479px){ \n#top .av-icon-circles-container.av-mgqq7b83-048eb693fa895d53c5e7d5cdf2be2c2e{\nmargin:2px 10px 2px 10px;\nwidth:calc(100% - 20px);\npadding-bottom:calc(100% - 20px);\n}\n}\n<\/style>\n\n<style type=\"text\/css\" data-created_by=\"avia_inline_auto\" id=\"style-css-sub-av-mgqq7b83-048eb693fa895d53c5e7d5cdf2be2c2e\">\n.av-icon-circles-container .avia-icon-circles-icon.av-10vyht-7d594aee36a79e2ed79b506612e08f73.active{\nbackground:#edae44;\nborder-color:#edae44;\n}\n.av-icon-circles-container .avia-icon-circles-icon.av-v3y2h-fc06e8e0c5628d110a5b2fbc917693e5.active{\nbackground:#eeee22;\nborder-color:#eeee22;\n}\n.av-icon-circles-container .avia-icon-circles-icon.av-ovcf5-e63dd6a671b0aa733ed390ad842bfef1.active{\nbackground:#83a846;\nborder-color:#83a846;\n}\n.av-icon-circles-container .avia-icon-circles-icon.av-mh3hd-054bf56fca1eef9937b261652ff1e457.active{\nbackground:#7bb0e7;\nborder-color:#7bb0e7;\n}\n.av-icon-circles-container .avia-icon-circles-icon.av-eox29-b8cfb89deb8f98cfa511c62e118c0428.active{\nbackground:#7c6f7c;\nborder-color:#7c6f7c;\n}\n.av-icon-circles-container .avia-icon-circles-icon.av-bfuk1-1699a426fb41a7a4c3d88a0f94796b85.active{\nbackground:#4ecac2;\nborder-color:#4ecac2;\n}\n<\/style>\n<div class='av-icon-circles-container av-mgqq7b83-048eb693fa895d53c5e7d5cdf2be2c2e avia-active-icon avia_animate_when_visible  avia-builder-el-2  el_after_av_hr  el_before_av_hr ' ><div class='avia-icon-circles-main-logo'  itemprop=\"image\" itemscope=\"itemscope\" itemtype=\"https:\/\/schema.org\/ImageObject\" ><img src='https:\/\/www.gym-toelz.de\/wp-content\/uploads\/2025\/07\/Gabriel-Kopf-beitraege-80x80.jpg' alt='' title='Gabriel-Kopf-beitraege'  itemprop=\"thumbnailUrl\"  \/><\/div><div class=\"avia-icon-circles-inner\"><a href='https:\/\/www.gym-toelz.de\/index.php\/angebote-aktivitaeten\/kultur\/#Literatur'   class='avia-icon-circles-icon av-10vyht-7d594aee36a79e2ed79b506612e08f73 av-linked-icon av-first-active avia-svg-icon avia-font-svg_entypo-fontello avia-icon-circles-icon-1' data-icon-circles-icon=\"1\" data-av_svg_icon='book' data-av_iconset='svg_entypo-fontello'><svg version=\"1.1\" xmlns=\"http:\/\/www.w3.org\/2000\/svg\" width=\"22\" height=\"32\" viewBox=\"0 0 22 32\" preserveAspectRatio=\"xMidYMid meet\" aria-labelledby='av-svg-title-1' aria-describedby='av-svg-desc-1' role=\"graphics-symbol\">\n<title id='av-svg-title-1'>Book<\/title>\n<desc id='av-svg-desc-1'>Book<\/desc>\n<path d=\"M21.824 8.192q0.576 0.256 0.576 0.896v17.984q0 0.448-0.384 0.8t-0.896 0.352q-1.472 0-1.472-1.152v-16.704q0-0.384-0.384-0.576l-12.928-6.912q-1.024-0.32-2.176 0.32-1.408 0.64-1.792 1.408l13.056 7.296q0.576 0.256 0.576 0.896v17.6q0 0.704-0.576 0.896-0.192 0.128-0.512 0.128-0.448 0-0.64-0.128-0.256-0.192-6.464-4.064t-6.784-4.192q-0.832-0.576-0.832-1.088l-0.192-16.768q0-0.896 0.448-1.664 0.896-1.472 3.264-2.464t3.712-0.288z\"><\/path>\n<\/svg><\/a><div class='avia-icon-circles-icon-text av-10vyht-7d594aee36a79e2ed79b506612e08f73 avia-icon-circles-icon-text-1' data-icon-circles-text=\"1\"><div class=\"avia-icon-circles-icon-text-inner\"><div class=\"icon-title\">Literatur<\/div><div class=\"icon-description\"><\/div><\/div><\/div><a href='https:\/\/www.gym-toelz.de\/index.php\/angebote-aktivitaeten\/kultur\/#Erinnerungskultur'   class='avia-icon-circles-icon av-v3y2h-fc06e8e0c5628d110a5b2fbc917693e5 av-linked-icon avia-iconfont avia-font-entypo-fontello avia-icon-circles-icon-2' data-icon-circles-icon=\"2\" data-av_icon='\ue8d2' data-av_iconfont='entypo-fontello' ><\/a><div class='avia-icon-circles-icon-text av-v3y2h-fc06e8e0c5628d110a5b2fbc917693e5 avia-icon-circles-icon-text-2' data-icon-circles-text=\"2\"><div class=\"avia-icon-circles-icon-text-inner\"><div class=\"icon-title\">Erinnerungskultur<\/div><div class=\"icon-description\"><\/div><\/div><\/div><a href='https:\/\/www.gym-toelz.de\/index.php\/unterricht\/faecher\/kunst\/'   class='avia-icon-circles-icon av-ovcf5-e63dd6a671b0aa733ed390ad842bfef1 av-linked-icon avia-svg-icon avia-font-svg_entypo-fontello avia-icon-circles-icon-3' data-icon-circles-icon=\"3\" data-av_svg_icon='brush' data-av_iconset='svg_entypo-fontello'><svg version=\"1.1\" xmlns=\"http:\/\/www.w3.org\/2000\/svg\" width=\"31\" height=\"32\" viewBox=\"0 0 31 32\" preserveAspectRatio=\"xMidYMid meet\" aria-labelledby='av-svg-title-2' aria-describedby='av-svg-desc-2' role=\"graphics-symbol\">\n<title id='av-svg-title-2'>Brush<\/title>\n<desc id='av-svg-desc-2'>Brush<\/desc>\n<path d=\"M3.776 21.76q1.216-1.088 2.72-0.928t2.784 1.44q1.344 1.28 1.536 2.784t-0.96 2.656q-2.752 2.688-7.296 3.264-2.688 0.384-2.56-0.448 0-0.128 0.192-0.32 1.664-1.92 2.048-4.64t1.536-3.808zM30.656 1.088q0.832 0.832-4.736 7.936t-9.344 10.816q-1.216 1.216-3.968 3.328-0.256 0.192-0.512-0.256-0.576-1.088-1.536-2.048-1.024-1.024-2.112-1.536-0.512-0.192-0.256-0.512 2.048-2.688 3.328-3.904 3.776-3.712 11.008-9.184t8.128-4.64z\"><\/path>\n<\/svg><\/a><div class='avia-icon-circles-icon-text av-ovcf5-e63dd6a671b0aa733ed390ad842bfef1 avia-icon-circles-icon-text-3' data-icon-circles-text=\"3\"><div class=\"avia-icon-circles-icon-text-inner\"><div class=\"icon-title\">Kunst<\/div><div class=\"icon-description\"><\/div><\/div><\/div><a href='https:\/\/www.gym-toelz.de\/index.php\/angebote-aktivitaeten\/kultur\/#Theaterkultur'   class='avia-icon-circles-icon av-mh3hd-054bf56fca1eef9937b261652ff1e457 av-linked-icon avia-svg-icon avia-font-svg_entypo-fontello avia-icon-circles-icon-4' data-icon-circles-icon=\"4\" data-av_svg_icon='sound' data-av_iconset='svg_entypo-fontello'><svg version=\"1.1\" xmlns=\"http:\/\/www.w3.org\/2000\/svg\" width=\"29\" height=\"32\" viewBox=\"0 0 29 32\" preserveAspectRatio=\"xMidYMid meet\" aria-labelledby='av-svg-title-3' aria-describedby='av-svg-desc-3' role=\"graphics-symbol\">\n<title id='av-svg-title-3'>Sound<\/title>\n<desc id='av-svg-desc-3'>Sound<\/desc>\n<path d=\"M5.632 8.384q1.344-1.344 4.768 0.16t6.944 5.024 5.024 6.944 0.16 4.768q-0.896 0.896-2.944 2.144t-4.992 2.496-6.208 0.928-5.632-2.688-2.688-5.632 0.928-6.208 2.496-4.992 2.144-2.944zM20.48 23.744q0.256-0.32-0.096-1.568t-1.568-3.232-3.072-3.776q-1.792-1.856-3.776-3.072t-3.232-1.568-1.568-0.096q-0.256 0.32 0.096 1.568t1.568 3.232 3.008 3.84q1.856 1.792 3.84 3.008t3.232 1.568 1.568 0.096zM20.672 11.136q-0.576 0-1.088-0.512-0.512-0.448-0.512-1.12t0.512-1.12l3.008-3.072q1.152-1.024 2.304 0 1.024 1.152 0 2.304l-3.072 3.008q-0.512 0.512-1.152 0.512zM14.912 7.168q-0.576-0.32-0.736-0.96t0.16-1.216l1.728-3.072q0.832-1.408 2.176-0.64 0.576 0.32 0.736 0.96t-0.16 1.216l-1.728 3.072q-0.448 0.832-1.344 0.832-0.448 0-0.832-0.192zM28.928 11.968q0.32 0.576 0.128 1.216t-0.768 0.96l-3.072 1.728q-0.512 0.256-0.768 0.256-0.896 0-1.408-0.832-0.32-0.576-0.128-1.216t0.768-0.96l3.072-1.728q0.576-0.32 1.216-0.16t0.96 0.736z\"><\/path>\n<\/svg><\/a><div class='avia-icon-circles-icon-text av-mh3hd-054bf56fca1eef9937b261652ff1e457 avia-icon-circles-icon-text-4' data-icon-circles-text=\"4\"><div class=\"avia-icon-circles-icon-text-inner\"><div class=\"icon-title\">Theater<\/div><div class=\"icon-description\"><\/div><\/div><\/div><a href='https:\/\/www.gym-toelz.de\/index.php\/angebote-aktivitaeten\/kultur\/#Musiktheaterkultur'   class='avia-icon-circles-icon av-eox29-b8cfb89deb8f98cfa511c62e118c0428 av-linked-icon avia-svg-icon avia-font-svg_entypo-fontello avia-icon-circles-icon-5' data-icon-circles-icon=\"5\" data-av_svg_icon='note-beamed' data-av_iconset='svg_entypo-fontello'><svg version=\"1.1\" xmlns=\"http:\/\/www.w3.org\/2000\/svg\" width=\"24\" height=\"32\" viewBox=\"0 0 24 32\" preserveAspectRatio=\"xMidYMid meet\" aria-labelledby='av-svg-title-4' aria-describedby='av-svg-desc-4' role=\"graphics-symbol\">\n<title id='av-svg-title-4'>Note-beamed<\/title>\n<desc id='av-svg-desc-4'>Note-beamed<\/desc>\n<path d=\"M6.592 4.352l17.088-3.712v22.528q0.064 1.344-0.96 2.592t-2.752 1.888q-2.048 0.768-3.52 0.256t-1.984-2.048q-0.576-1.536 0.224-3.104t2.72-2.336q1.664-0.64 3.392-0.32v-12.032l-11.328 2.624v15.68q0 1.344-1.024 2.592t-2.752 1.888q-2.048 0.704-3.488 0.224t-1.952-2.016q-0.576-1.536 0.192-3.104t2.688-2.336q1.728-0.64 3.456-0.32v-18.944z\"><\/path>\n<\/svg><\/a><div class='avia-icon-circles-icon-text av-eox29-b8cfb89deb8f98cfa511c62e118c0428 avia-icon-circles-icon-text-5' data-icon-circles-text=\"5\"><div class=\"avia-icon-circles-icon-text-inner\"><div class=\"icon-title\">Musiktheater<\/div><div class=\"icon-description\"><p>Theater, Tanz, Musik und Akrobatik<\/p>\n<\/div><\/div><\/div><a href='https:\/\/www.gym-toelz.de\/index.php\/unterricht\/faecher\/musik'   class='avia-icon-circles-icon av-bfuk1-1699a426fb41a7a4c3d88a0f94796b85 av-linked-icon avia-svg-icon avia-font-svg_entypo-fontello avia-icon-circles-icon-6' data-icon-circles-icon=\"6\" data-av_svg_icon='note' data-av_iconset='svg_entypo-fontello'><svg version=\"1.1\" xmlns=\"http:\/\/www.w3.org\/2000\/svg\" width=\"19\" height=\"32\" viewBox=\"0 0 19 32\" preserveAspectRatio=\"xMidYMid meet\" aria-labelledby='av-svg-title-5' aria-describedby='av-svg-desc-5' role=\"graphics-symbol\">\n<title id='av-svg-title-5'>Note<\/title>\n<desc id='av-svg-desc-5'>Note<\/desc>\n<path d=\"M12.192 0.96q0 1.344 1.472 3.104t2.88 3.2 1.952 3.808-1.248 4.928q-0.64 1.088-0.832 0.512-0.064-0.192 0-0.512 0.32-0.576 0.192-1.792t-0.416-2.496-1.376-2.336-2.624-1.312v17.152q0.064 1.536-1.184 3.040t-3.36 2.272q-2.368 0.896-4.576 0.256t-2.848-2.432 0.64-3.68 3.712-2.72q2.752-0.96 5.056-0.128v-20.864h2.56z\"><\/path>\n<\/svg><\/a><div class='avia-icon-circles-icon-text av-bfuk1-1699a426fb41a7a4c3d88a0f94796b85 avia-icon-circles-icon-text-6' data-icon-circles-text=\"6\"><div class=\"avia-icon-circles-icon-text-inner\"><div class=\"icon-title\">Musik<\/div><div class=\"icon-description\"><\/div><\/div><\/div><a href='https:\/\/www.gym-toelz.de\/index.php\/angebote-aktivitaeten\/austauschprogramme\/'   class='avia-icon-circles-icon av-mljaekkm-99e57f9511e3ffb41ee18557c8262399 av-linked-icon avia-iconfont avia-font-entypo-fontello avia-icon-circles-icon-7' data-icon-circles-icon=\"7\" data-av_icon='\ue8b1' data-av_iconfont='entypo-fontello' ><\/a><div class='avia-icon-circles-icon-text av-mljaekkm-99e57f9511e3ffb41ee18557c8262399 avia-icon-circles-icon-text-7' data-icon-circles-text=\"7\"><div class=\"avia-icon-circles-icon-text-inner\"><div class=\"icon-title\">Interkultureller Austausch<\/div><div class=\"icon-description\"><\/div><\/div><\/div><a href='https:\/\/www.gym-toelz.de\/index.php\/angebote-aktivitaeten\/kultur\/#interkultur'   class='avia-icon-circles-icon av-mm38696f-808c5a065628b607e43ef1c5fec1ab4d av-linked-icon avia-svg-icon avia-font-svg_entypo-fontello avia-icon-circles-icon-8' data-icon-circles-icon=\"8\" data-av_svg_icon='arrows-ccw' data-av_iconset='svg_entypo-fontello'><svg version=\"1.1\" xmlns=\"http:\/\/www.w3.org\/2000\/svg\" width=\"26\" height=\"32\" viewBox=\"0 0 26 32\" preserveAspectRatio=\"xMidYMid meet\" aria-labelledby='av-svg-title-6' aria-describedby='av-svg-desc-6' role=\"graphics-symbol\">\n<title id='av-svg-title-6'>Arrows-ccw<\/title>\n<desc id='av-svg-desc-6'>Arrows-ccw<\/desc>\n<path d=\"M5.952 22.72l3.712-3.712v9.344l-8.832-0.512 2.816-2.752q-3.712-3.904-3.648-9.28t3.84-9.216q3.2-3.2 7.68-3.712l0.128 3.264q-3.2 0.512-5.504 2.816-2.816 2.816-2.88 6.816t2.688 6.944zM16.576 3.584l8.832 0.512-2.816 2.752q3.712 3.904 3.648 9.28t-3.84 9.216q-3.072 3.136-7.68 3.776l-0.064-3.328q3.136-0.512 5.44-2.816 2.816-2.816 2.88-6.816t-2.688-6.944l-3.648 3.712z\"><\/path>\n<\/svg><\/a><div class='avia-icon-circles-icon-text av-mm38696f-808c5a065628b607e43ef1c5fec1ab4d avia-icon-circles-icon-text-8' data-icon-circles-text=\"8\"><div class=\"avia-icon-circles-icon-text-inner\"><div class=\"icon-title\">Interreligi\u00f6se Begegnungen<\/div><div class=\"icon-description\"><\/div><\/div><\/div><a href='https:\/\/www.gym-toelz.de\/index.php\/angebote-aktivitaeten\/kultur\/#demokratie'   class='avia-icon-circles-icon av-mm38avkb-f7e93d9df180369dfc039d1d2b3e981f av-linked-icon avia-iconfont avia-font-entypo-fontello avia-icon-circles-icon-9' data-icon-circles-icon=\"9\" data-av_icon='\ue8b8' data-av_iconfont='entypo-fontello' ><\/a><div class='avia-icon-circles-icon-text av-mm38avkb-f7e93d9df180369dfc039d1d2b3e981f avia-icon-circles-icon-text-9' data-icon-circles-text=\"9\"><div class=\"avia-icon-circles-icon-text-inner\"><div class=\"icon-title\">Demokratieerziehung<\/div><div class=\"icon-description\"><\/div><\/div><\/div><\/div><\/div>\n<div  class='hr av-bc3ix-641d36ad49ad705a9f1cb2f1dcca0c22 hr-default  avia-builder-el-3  el_after_av_icon_circles  el_before_av_textblock '><span class='hr-inner '><span class=\"hr-inner-style\"><\/span><\/span><\/div>\n<section  class='av_textblock_section av-mgs50nky-153ee5db0f8e4fab139fc9dd1c318b12 '   itemscope=\"itemscope\" itemtype=\"https:\/\/schema.org\/CreativeWork\" ><div class='avia_textblock'  itemprop=\"text\" ><p><strong>Berichte<\/strong><\/p>\n<\/div><\/section>\n<div  data-slideshow-options=\"{&quot;animation&quot;:&quot;fade&quot;,&quot;autoplay&quot;:false,&quot;loop_autoplay&quot;:&quot;once&quot;,&quot;interval&quot;:&quot;5&quot;,&quot;loop_manual&quot;:&quot;manual-endless&quot;,&quot;autoplay_stopper&quot;:false,&quot;noNavigation&quot;:false,&quot;show_slide_delay&quot;:90}\" class='avia-content-slider avia-content-slider-active avia-content-slider1 avia-content-slider-even  avia-builder-el-5  el_after_av_textblock  el_before_av_hr  av-slideshow-ui av-control-default   av-no-slider-navigation av-slideshow-manual av-loop-once av-loop-manual-endless '  itemscope=\"itemscope\" itemtype=\"https:\/\/schema.org\/Blog\" ><div class=\"avia-content-slider-inner\"><div class=\"slide-entry-wrap\"><article class='slide-entry flex_column  post-entry post-entry-3941 slide-entry-overview slide-loop-1 slide-parity-odd  av_one_fourth first real-thumbnail posttype-post post-format-standard'  itemscope=\"itemscope\" itemtype=\"https:\/\/schema.org\/CreativeWork\" ><a href='https:\/\/www.gym-toelz.de\/index.php\/2026\/03\/12\/kammermusikabend-april-2026\/' data-rel='slide-1' class='slide-image' title='Kammermusikabend April 2026'><img decoding=\"async\" fetchpriority=\"high\" width=\"260\" height=\"185\" src=\"https:\/\/www.gym-toelz.de\/wp-content\/uploads\/2026\/03\/2026-a-KammermusikabendFlyerPlakat-260x185.jpg\" class=\"wp-image-3940 avia-img-lazy-loading-not-3940 attachment-portfolio_small size-portfolio_small wp-post-image\" alt=\"\" \/><\/a><div class=\"slide-content\"><header class=\"entry-content-header\" aria-label=\"Slide: Kammermusikabend April 2026\"><h3 class='slide-entry-title entry-title '  itemprop=\"headline\" ><a href='https:\/\/www.gym-toelz.de\/index.php\/2026\/03\/12\/kammermusikabend-april-2026\/' title='Kammermusikabend April 2026'>Kammermusikabend April 2026<\/a><\/h3><span class=\"av-vertical-delimiter\"><\/span><\/header><div class=\"slide-meta\"><time class='slide-meta-time updated'  itemprop=\"datePublished\" datetime=\"2026-03-12T14:20:04+01:00\" >Donnerstag, M\u00e4rz 12, 2026<\/time><\/div><div class='slide-entry-excerpt entry-content'  itemprop=\"text\" ><div class=\"read-more-link\"><a href=\"https:\/\/www.gym-toelz.de\/index.php\/2026\/03\/12\/kammermusikabend-april-2026\/\" class=\"more-link\">Weiterlesen<span class='more-link-arrow avia-svg-icon avia-font-svg_entypo-fontello' data-av_svg_icon='right-open-big' data-av_iconset='svg_entypo-fontello'><svg version=\"1.1\" xmlns=\"http:\/\/www.w3.org\/2000\/svg\" width=\"15\" height=\"32\" viewBox=\"0 0 15 32\" preserveAspectRatio=\"xMidYMid meet\" role=\"graphics-symbol\" aria-hidden=\"true\">\n<path d=\"M0.416 27.84l11.456-11.84-11.456-11.904q-0.832-0.832 0-1.536 0.832-0.832 1.536 0l12.544 12.608q0.768 0.832 0 1.6l-12.544 12.608q-0.704 0.832-1.536 0-0.832-0.704 0-1.536z\"><\/path>\n<\/svg><\/span><\/a><\/div><\/div><\/div><footer class=\"entry-footer\"><\/footer><span class='hidden'>\n\t\t\t\t<span class='av-structured-data'  itemprop=\"image\" itemscope=\"itemscope\" itemtype=\"https:\/\/schema.org\/ImageObject\" >\n\t\t\t\t\t\t<span itemprop='url'>https:\/\/www.gym-toelz.de\/wp-content\/uploads\/2026\/03\/2026-a-KammermusikabendFlyerPlakat.jpg<\/span>\n\t\t\t\t\t\t<span itemprop='height'>2000<\/span>\n\t\t\t\t\t\t<span itemprop='width'>1414<\/span>\n\t\t\t\t<\/span>\n\t\t\t\t<span class='av-structured-data'  itemprop=\"publisher\" itemtype=\"https:\/\/schema.org\/Organization\" itemscope=\"itemscope\" >\n\t\t\t\t\t\t<span itemprop='name'>Hanno Froehlich<\/span>\n\t\t\t\t\t\t<span itemprop='logo' itemscope itemtype='https:\/\/schema.org\/ImageObject'>\n\t\t\t\t\t\t\t<span itemprop='url'>https:\/\/www.gym-toelz.de\/wp-content\/uploads\/2025\/06\/schriftzug-Kopf-weissGVS_Logo-klein-300x114.png<\/span>\n\t\t\t\t\t\t<\/span>\n\t\t\t\t<\/span><span class='av-structured-data'  itemprop=\"author\" itemscope=\"itemscope\" itemtype=\"https:\/\/schema.org\/Person\" ><span itemprop='name'>Hanno Froehlich<\/span><\/span><span class='av-structured-data'  itemprop=\"datePublished\" datetime=\"2025-05-16T15:16:34+02:00\" >2026-03-12 14:20:04<\/span><span class='av-structured-data'  itemprop=\"dateModified\" itemtype=\"https:\/\/schema.org\/dateModified\" >2026-03-12 14:20:51<\/span><span class='av-structured-data'  itemprop=\"mainEntityOfPage\" itemtype=\"https:\/\/schema.org\/mainEntityOfPage\" ><span itemprop='name'>Kammermusikabend April 2026<\/span><\/span><\/span><\/article><article class='slide-entry flex_column  post-entry post-entry-3701 slide-entry-overview slide-loop-2 slide-parity-even  av_one_fourth  real-thumbnail posttype-post post-format-standard'  itemscope=\"itemscope\" itemtype=\"https:\/\/schema.org\/CreativeWork\" ><a href='https:\/\/www.gym-toelz.de\/index.php\/2026\/02\/09\/kammermusikabend-2026-2\/' data-rel='slide-1' class='slide-image' title='Kammermusikabend 2026'><img decoding=\"async\" fetchpriority=\"high\" width=\"260\" height=\"185\" src=\"https:\/\/www.gym-toelz.de\/wp-content\/uploads\/2026\/02\/Homepage-Aktuelles-erster-Kammermusikabend-Febr-2026-260x185.jpeg\" class=\"wp-image-3700 avia-img-lazy-loading-not-3700 attachment-portfolio_small size-portfolio_small wp-post-image\" alt=\"\" \/><\/a><div class=\"slide-content\"><header class=\"entry-content-header\" aria-label=\"Slide: Kammermusikabend 2026\"><h3 class='slide-entry-title entry-title '  itemprop=\"headline\" ><a href='https:\/\/www.gym-toelz.de\/index.php\/2026\/02\/09\/kammermusikabend-2026-2\/' title='Kammermusikabend 2026'>Kammermusikabend 2026<\/a><\/h3><span class=\"av-vertical-delimiter\"><\/span><\/header><div class=\"slide-meta\"><time class='slide-meta-time updated'  itemprop=\"datePublished\" datetime=\"2026-02-09T08:03:42+01:00\" >Montag, Februar 9, 2026<\/time><\/div><div class='slide-entry-excerpt entry-content'  itemprop=\"text\" ><div class=\"read-more-link\"><a href=\"https:\/\/www.gym-toelz.de\/index.php\/2026\/02\/09\/kammermusikabend-2026-2\/\" class=\"more-link\">Weiterlesen<span class='more-link-arrow avia-svg-icon avia-font-svg_entypo-fontello' data-av_svg_icon='right-open-big' data-av_iconset='svg_entypo-fontello'><svg version=\"1.1\" xmlns=\"http:\/\/www.w3.org\/2000\/svg\" width=\"15\" height=\"32\" viewBox=\"0 0 15 32\" preserveAspectRatio=\"xMidYMid meet\" role=\"graphics-symbol\" aria-hidden=\"true\">\n<path d=\"M0.416 27.84l11.456-11.84-11.456-11.904q-0.832-0.832 0-1.536 0.832-0.832 1.536 0l12.544 12.608q0.768 0.832 0 1.6l-12.544 12.608q-0.704 0.832-1.536 0-0.832-0.704 0-1.536z\"><\/path>\n<\/svg><\/span><\/a><\/div><\/div><\/div><footer class=\"entry-footer\"><\/footer><span class='hidden'>\n\t\t\t\t<span class='av-structured-data'  itemprop=\"image\" itemscope=\"itemscope\" itemtype=\"https:\/\/schema.org\/ImageObject\" >\n\t\t\t\t\t\t<span itemprop='url'>https:\/\/www.gym-toelz.de\/wp-content\/uploads\/2026\/02\/Homepage-Aktuelles-erster-Kammermusikabend-Febr-2026.jpeg<\/span>\n\t\t\t\t\t\t<span itemprop='height'>1599<\/span>\n\t\t\t\t\t\t<span itemprop='width'>899<\/span>\n\t\t\t\t<\/span>\n\t\t\t\t<span class='av-structured-data'  itemprop=\"publisher\" itemtype=\"https:\/\/schema.org\/Organization\" itemscope=\"itemscope\" >\n\t\t\t\t\t\t<span itemprop='name'>Hanno Froehlich<\/span>\n\t\t\t\t\t\t<span itemprop='logo' itemscope itemtype='https:\/\/schema.org\/ImageObject'>\n\t\t\t\t\t\t\t<span itemprop='url'>https:\/\/www.gym-toelz.de\/wp-content\/uploads\/2025\/06\/schriftzug-Kopf-weissGVS_Logo-klein-300x114.png<\/span>\n\t\t\t\t\t\t<\/span>\n\t\t\t\t<\/span><span class='av-structured-data'  itemprop=\"author\" itemscope=\"itemscope\" itemtype=\"https:\/\/schema.org\/Person\" ><span itemprop='name'>Hanno Froehlich<\/span><\/span><span class='av-structured-data'  itemprop=\"datePublished\" datetime=\"2025-05-16T15:16:34+02:00\" >2026-02-09 08:03:42<\/span><span class='av-structured-data'  itemprop=\"dateModified\" itemtype=\"https:\/\/schema.org\/dateModified\" >2026-02-09 08:05:56<\/span><span class='av-structured-data'  itemprop=\"mainEntityOfPage\" itemtype=\"https:\/\/schema.org\/mainEntityOfPage\" ><span itemprop='name'>Kammermusikabend 2026<\/span><\/span><\/span><\/article><article class='slide-entry flex_column  post-entry post-entry-3179 slide-entry-overview slide-loop-3 slide-parity-odd  av_one_fourth  real-thumbnail posttype-post post-format-standard'  itemscope=\"itemscope\" itemtype=\"https:\/\/schema.org\/CreativeWork\" ><a href='https:\/\/www.gym-toelz.de\/index.php\/2025\/12\/08\/abschlussveranstaltung-der-europaeische-janusz-korczak-akademie-e-v\/' data-rel='slide-1' class='slide-image' title='Abschlussveranstaltung der Europ\u00e4ische Janusz Korczak Akademie e.V.'><img decoding=\"async\" fetchpriority=\"high\" width=\"260\" height=\"185\" src=\"https:\/\/www.gym-toelz.de\/wp-content\/uploads\/2025\/12\/beitragsbild-bericht-geschichte-25a-260x185.png\" class=\"wp-image-3176 avia-img-lazy-loading-not-3176 attachment-portfolio_small size-portfolio_small wp-post-image\" alt=\"\" \/><\/a><div class=\"slide-content\"><header class=\"entry-content-header\" aria-label=\"Slide: Abschlussveranstaltung der Europ\u00e4ische Janusz Korczak Akademie e.V.\"><h3 class='slide-entry-title entry-title '  itemprop=\"headline\" ><a href='https:\/\/www.gym-toelz.de\/index.php\/2025\/12\/08\/abschlussveranstaltung-der-europaeische-janusz-korczak-akademie-e-v\/' title='Abschlussveranstaltung der Europ\u00e4ische Janusz Korczak Akademie e.V.'>Abschlussveranstaltung der Europ\u00e4ische Janusz Korczak Akademie e.V.<\/a><\/h3><span class=\"av-vertical-delimiter\"><\/span><\/header><div class=\"slide-meta\"><time class='slide-meta-time updated'  itemprop=\"datePublished\" datetime=\"2025-12-08T09:19:24+01:00\" >Montag, Dezember 8, 2025<\/time><\/div><div class='slide-entry-excerpt entry-content'  itemprop=\"text\" ><div class=\"read-more-link\"><a href=\"https:\/\/www.gym-toelz.de\/index.php\/2025\/12\/08\/abschlussveranstaltung-der-europaeische-janusz-korczak-akademie-e-v\/\" class=\"more-link\">Weiterlesen<span class='more-link-arrow avia-svg-icon avia-font-svg_entypo-fontello' data-av_svg_icon='right-open-big' data-av_iconset='svg_entypo-fontello'><svg version=\"1.1\" xmlns=\"http:\/\/www.w3.org\/2000\/svg\" width=\"15\" height=\"32\" viewBox=\"0 0 15 32\" preserveAspectRatio=\"xMidYMid meet\" role=\"graphics-symbol\" aria-hidden=\"true\">\n<path d=\"M0.416 27.84l11.456-11.84-11.456-11.904q-0.832-0.832 0-1.536 0.832-0.832 1.536 0l12.544 12.608q0.768 0.832 0 1.6l-12.544 12.608q-0.704 0.832-1.536 0-0.832-0.704 0-1.536z\"><\/path>\n<\/svg><\/span><\/a><\/div><\/div><\/div><footer class=\"entry-footer\"><\/footer><span class='hidden'>\n\t\t\t\t<span class='av-structured-data'  itemprop=\"image\" itemscope=\"itemscope\" itemtype=\"https:\/\/schema.org\/ImageObject\" >\n\t\t\t\t\t\t<span itemprop='url'>https:\/\/www.gym-toelz.de\/wp-content\/uploads\/2025\/12\/beitragsbild-bericht-geschichte-25a.png<\/span>\n\t\t\t\t\t\t<span itemprop='height'>270<\/span>\n\t\t\t\t\t\t<span itemprop='width'>270<\/span>\n\t\t\t\t<\/span>\n\t\t\t\t<span class='av-structured-data'  itemprop=\"publisher\" itemtype=\"https:\/\/schema.org\/Organization\" itemscope=\"itemscope\" >\n\t\t\t\t\t\t<span itemprop='name'>Hanno Froehlich<\/span>\n\t\t\t\t\t\t<span itemprop='logo' itemscope itemtype='https:\/\/schema.org\/ImageObject'>\n\t\t\t\t\t\t\t<span itemprop='url'>https:\/\/www.gym-toelz.de\/wp-content\/uploads\/2025\/06\/schriftzug-Kopf-weissGVS_Logo-klein-300x114.png<\/span>\n\t\t\t\t\t\t<\/span>\n\t\t\t\t<\/span><span class='av-structured-data'  itemprop=\"author\" itemscope=\"itemscope\" itemtype=\"https:\/\/schema.org\/Person\" ><span itemprop='name'>Hanno Froehlich<\/span><\/span><span class='av-structured-data'  itemprop=\"datePublished\" datetime=\"2025-05-16T15:16:34+02:00\" >2025-12-08 09:19:24<\/span><span class='av-structured-data'  itemprop=\"dateModified\" itemtype=\"https:\/\/schema.org\/dateModified\" >2025-12-08 09:19:24<\/span><span class='av-structured-data'  itemprop=\"mainEntityOfPage\" itemtype=\"https:\/\/schema.org\/mainEntityOfPage\" ><span itemprop='name'>Abschlussveranstaltung der Europ\u00e4ische Janusz Korczak Akademie e.V.<\/span><\/span><\/span><\/article><article class='slide-entry flex_column  post-entry post-entry-2817 slide-entry-overview slide-loop-4 slide-parity-even  post-entry-last  av_one_fourth  real-thumbnail posttype-post post-format-standard'  itemscope=\"itemscope\" itemtype=\"https:\/\/schema.org\/CreativeWork\" ><a href='https:\/\/www.gym-toelz.de\/index.php\/2025\/10\/24\/exkursion-an-den-erinnerungsort-badehaus\/' data-rel='slide-1' class='slide-image' title='Exkursion an den Erinnerungsort BADEHAUS'><img decoding=\"async\" fetchpriority=\"high\" width=\"260\" height=\"185\" src=\"https:\/\/www.gym-toelz.de\/wp-content\/uploads\/2025\/10\/exkursion-badehaus-q12-2025-260x185.png\" class=\"wp-image-2816 avia-img-lazy-loading-not-2816 attachment-portfolio_small size-portfolio_small wp-post-image\" alt=\"\" \/><\/a><div class=\"slide-content\"><header class=\"entry-content-header\" aria-label=\"Slide: Exkursion an den Erinnerungsort BADEHAUS\"><h3 class='slide-entry-title entry-title '  itemprop=\"headline\" ><a href='https:\/\/www.gym-toelz.de\/index.php\/2025\/10\/24\/exkursion-an-den-erinnerungsort-badehaus\/' title='Exkursion an den Erinnerungsort BADEHAUS'>Exkursion an den Erinnerungsort BADEHAUS<\/a><\/h3><span class=\"av-vertical-delimiter\"><\/span><\/header><div class=\"slide-meta\"><time class='slide-meta-time updated'  itemprop=\"datePublished\" datetime=\"2025-10-24T08:21:53+02:00\" >Freitag, Oktober 24, 2025<\/time><\/div><div class='slide-entry-excerpt entry-content'  itemprop=\"text\" ><div class=\"read-more-link\"><a href=\"https:\/\/www.gym-toelz.de\/index.php\/2025\/10\/24\/exkursion-an-den-erinnerungsort-badehaus\/\" class=\"more-link\">Weiterlesen<span class='more-link-arrow avia-svg-icon avia-font-svg_entypo-fontello' data-av_svg_icon='right-open-big' data-av_iconset='svg_entypo-fontello'><svg version=\"1.1\" xmlns=\"http:\/\/www.w3.org\/2000\/svg\" width=\"15\" height=\"32\" viewBox=\"0 0 15 32\" preserveAspectRatio=\"xMidYMid meet\" role=\"graphics-symbol\" aria-hidden=\"true\">\n<path d=\"M0.416 27.84l11.456-11.84-11.456-11.904q-0.832-0.832 0-1.536 0.832-0.832 1.536 0l12.544 12.608q0.768 0.832 0 1.6l-12.544 12.608q-0.704 0.832-1.536 0-0.832-0.704 0-1.536z\"><\/path>\n<\/svg><\/span><\/a><\/div><\/div><\/div><footer class=\"entry-footer\"><\/footer><span class='hidden'>\n\t\t\t\t<span class='av-structured-data'  itemprop=\"image\" itemscope=\"itemscope\" itemtype=\"https:\/\/schema.org\/ImageObject\" >\n\t\t\t\t\t\t<span itemprop='url'>https:\/\/www.gym-toelz.de\/wp-content\/uploads\/2025\/10\/exkursion-badehaus-q12-2025.png<\/span>\n\t\t\t\t\t\t<span itemprop='height'>503<\/span>\n\t\t\t\t\t\t<span itemprop='width'>894<\/span>\n\t\t\t\t<\/span>\n\t\t\t\t<span class='av-structured-data'  itemprop=\"publisher\" itemtype=\"https:\/\/schema.org\/Organization\" itemscope=\"itemscope\" >\n\t\t\t\t\t\t<span itemprop='name'>Hanno Froehlich<\/span>\n\t\t\t\t\t\t<span itemprop='logo' itemscope itemtype='https:\/\/schema.org\/ImageObject'>\n\t\t\t\t\t\t\t<span itemprop='url'>https:\/\/www.gym-toelz.de\/wp-content\/uploads\/2025\/06\/schriftzug-Kopf-weissGVS_Logo-klein-300x114.png<\/span>\n\t\t\t\t\t\t<\/span>\n\t\t\t\t<\/span><span class='av-structured-data'  itemprop=\"author\" itemscope=\"itemscope\" itemtype=\"https:\/\/schema.org\/Person\" ><span itemprop='name'>Hanno Froehlich<\/span><\/span><span class='av-structured-data'  itemprop=\"datePublished\" datetime=\"2025-05-16T15:16:34+02:00\" >2025-10-24 08:21:53<\/span><span class='av-structured-data'  itemprop=\"dateModified\" itemtype=\"https:\/\/schema.org\/dateModified\" >2025-10-24 08:24:24<\/span><span class='av-structured-data'  itemprop=\"mainEntityOfPage\" itemtype=\"https:\/\/schema.org\/mainEntityOfPage\" ><span itemprop='name'>Exkursion an den Erinnerungsort BADEHAUS<\/span><\/span><\/span><\/article><\/div><\/div><\/div>\n<div  class='hr av-k7bt5-4c11e24c1d1c51fa3d8f531991b39f36 hr-default  avia-builder-el-6  el_after_av_postslider  el_before_av_textblock '><span class='hr-inner '><span class=\"hr-inner-style\"><\/span><\/span><\/div>\n<section  class='av_textblock_section av-mgs51f0p-6fc01403793437cbfaf4a949bf6a1998 '   itemscope=\"itemscope\" itemtype=\"https:\/\/schema.org\/CreativeWork\" ><div class='avia_textblock'  itemprop=\"text\" ><p><strong><a id=\"Theaterkultur\"><\/a>Theater<\/strong><\/p>\n<\/div><\/section>\n<div  class='togglecontainer av-mkcs6g1b-5d09d06d10876dd4503a7337f43295ac  avia-builder-el-8  el_after_av_textblock  el_before_av_gallery  toggle_close_all' >\n<section class='av_toggle_section av-mkcs5zoj-a63b08e2cff3c7f27a6a459e4dc4c84f'  itemscope=\"itemscope\" itemtype=\"https:\/\/schema.org\/CreativeWork\" ><div role=\"tablist\" class=\"single_toggle\" data-tags=\"{Alle} \"  ><p id='toggle-toggle-id-1' data-fake-id='#toggle-id-1' class='toggler  av-title-above '  itemprop=\"headline\"  role='tab' tabindex='0' aria-controls='toggle-id-1' data-slide-speed=\"200\" data-title=\"Unterstufentheater\" data-title-open=\"\" data-aria_collapsed=\"Click to expand: Unterstufentheater\" data-aria_expanded=\"Click to collapse: Unterstufentheater\">Unterstufentheater<span class=\"toggle_icon\"><span class=\"vert_icon\"><\/span><span class=\"hor_icon\"><\/span><\/span><\/p><div id='toggle-id-1' aria-labelledby='toggle-toggle-id-1' role='region' class='toggle_wrap  av-title-above'  ><div class='toggle_content invers-color '  itemprop=\"text\" ><p>Theaterauff\u00fchrungen der Unterstufentheatergruppe<br \/>\nDie Unterstufentheatergruppe schreibt und entwickelt ihre Theaterst\u00fccke stets selbst. Dabei werden immer die Talente, Interessen und Besonderheiten der Schauspielerinnen und Schauspieler ber\u00fccksichtigt. Im Zentrum steht die prozessorientierte kreative Teamarbeit, die es erm\u00f6glicht, dass am Ende ein neues Theaterst\u00fcck, das noch niemand gesehen hat, auf die B\u00fchne gebracht werden kann.<br \/>\nREAL FACES (September 23)<br \/>\nGleich zu Beginn des Schuljahres 2023\/24 brachte die Theatergruppe ein selbst geschriebenes und selbst entwickeltes St\u00fcck auf die B\u00fchne, in dem verschiedene Facetten des Themas \u201eFreundschaft\u201c beleuchtet wurden, beispielsweise die Rolle der sozialen Medien bei der Entstehung oder beim Zerbrechen von Freundschaften, die Kommunikation zwischen Freunden in Chatgruppen, die Bedeutung der Freundschaft bei der Bew\u00e4ltigung von Konfliktsituationen oder von Situationen, die Angst einfl\u00f6\u00dfen k\u00f6nnen und die Suche nach der eigenen Identit\u00e4t im Spannungsfeld zwischen Eltern und Freundeskreis. Miteinander verkn\u00fcpft waren die einzelnen Szenen durch das Leitmotiv der Maske: Wer wahre Freundschaft erlebt, wird dazu ermutigt, seine Maske(n) abzunehmen und sein wahres Gesicht zu zeigen. So erkl\u00e4rt sich auch der Titel des St\u00fccks \u201eReal faces\u201c.<\/p>\n<p>SPIELR\u00c4UME (September 2024)<br \/>\nSchachfiguren, die nicht mehr nur verschoben werden, sondern selbst frei agieren wollen und deshalb lebendig werden, Mensch-\u00e4rgere-dich-nicht-Figuren, die vor Wut und Schadenfreude fast platzen, eine Lottomischmaschine, die nicht mehr Schicksal spielen will und deshalb keine Kugeln mehr herausr\u00fcckt, Computerspiele, die Realit\u00e4t werden\u2026 solch Ungew\u00f6hnliches war im Theaterst\u00fcck \u201eSpielr\u00e4ume\u201c zu sehen.<br \/>\nAuch das Publikum blieb nicht \u201everschont\u201c, denn immer wieder wurde die sogenannte vierte Wand durchbrochen, was bedeutet, dass die unsichtbare Wand, die normalerweise zwischen Publikum und B\u00fchnenraum besteht, des \u00d6fteren ignoriert wurde. Der Spiel-Raum wurde also erweitert: Lehrer wurden auf die B\u00fchne geholt, denen die Zukunft vorhergesagt wurde oder ein Zuschauer wurde schnell zum K\u00f6nig in einer Schachpartie erkl\u00e4rt, dann aber schachmatt gesetzt. Nicht immer war klar, wo das Spiel endet und das \u201eechte\u201c Leben beginnt.<br \/>\nEingebettet waren diese Spielszenen in eine Grundszene, die immer neu variiert wurde: Menschen nehmen zuf\u00e4llig \u2013 ist es wirklich ein Zufall? \u2013 die gleiche Stra\u00dfenbahn und minimale Ver\u00e4nderungen f\u00fchren dazu, dass die Handlung jeweils einen ganz anderen Fortgang nimmt: Was passiert, wenn eine der Figuren die Stra\u00dfenbahn verpasst? Was geschieht, wenn jemand den Mut hat, einen Fahrgast anzusprechen, anstatt alle nur schweigend anzustarren? Was passiert, wenn die Stra\u00dfenbahn abrupt bremsen muss und ein Fahrgast einem anderen zu-f\u00e4llt?<br \/>\nDamit nicht genug: alle Szenen \u2013 die mehrmals variierte Grundszene und die Spielszenen \u2013 wurden noch einmal eingebettet in eine mise an abyme: ein Spiel im Spiel, ein Theater im Theater. Federf\u00fchrend war ein Regisseur, der die Grundszene immer wieder neu spielen lie\u00df, weil er mit den Schauspielern nie zufrieden war. Dabei wird ihm klar, dass ihm die Handlung immer mehr entgleitet, weil Schauspieler und Spielfiguren zunehmend ein Eigenleben entwickeln.<br \/>\nSo bleiben beim Zuschauer am Ende einige Frage im Raum stehen: Wer f\u00fchrt hier eigentlich Regie? Bin ich der Regisseur in meinem Leben? Was kann ich (nicht) \u00e4ndern? Wo er\u00f6ffnen sich f\u00fcr mich Spielr\u00e4ume?<\/p>\n<p>FREMDE (September 2025)<br \/>\nDieses St\u00fcck wurde gemeinsam mit dem Wahlkurs \u201eVon der Idee zur Inszenierung\u201c entwickelt.<br \/>\nAus Angst vor den Fremden h\u00e4tte es in diesem St\u00fcck beinahe Krieg gegeben \u2013 w\u00e4ren nicht zwei Kinder, gespielt von Zwillingsschwestern, versehentlich vertauscht worden. Die Idee f\u00fcr dieses St\u00fcck entstand im \u00dcbrigen auch aufgrund der Tatsache, dass mehrsprachige Zwillinge in der Theatergruppe waren.<br \/>\nDas St\u00fcck ermutigte dazu, auf Fremde zuzugehen und zu erkennen, dass alle Menschen im Grunde genommen eine sehr \u00e4hnliche Vorstellung von einem gl\u00fccklichen Leben in Harmonie und Frieden haben.<br \/>\nDas Besondere am Aufbau des St\u00fccks war, dass zu Beginn die Szenen jeweils gedoppelt wurden und parallel gesetzt waren: eine Gruppe spielte nur in deutscher Sprache, die andere Gruppe wiederholte die Szenen, aber in einem Sprachenmix aus Englisch, Russisch, Ungarisch, Italienisch und Franz\u00f6sisch. Da das Publikum dieselbe Szene schon einmal gesehen hatte, verstand es das Wesentliche, auch wenn manche der Sprachen f\u00fcr die einzelnen Zuschauer fremd klangen.<\/p>\n<p>Ab einer Begegnung im Wald zwischen den Kindern wurden die Szenen auch im Dienst der Dramaturgie, nicht mehr gedoppelt. Die Kinder freundeten sich an und lernten sich gegenseitig S\u00e4tze in der Sprache des Anderen: \u201eDu bist meine Freundin.\u201c Sie verstanden sich \u2013 im doppelten Sinn des Wortes: Das Erlernen einer neuen Sprache \u00f6ffnet das Tor zu einer spannenden neuen Welt.<br \/>\nInsgesamt wurde im St\u00fcck eine positive Gesellschaftsutopie entwickelt, die die M\u00f6glichkeit zur friedlichen Konfliktl\u00f6sung in Aussicht stellt. Deshalb gab es im St\u00fcck Pia Uto \u2013 eine nahezu allegorische Figur, die diese Utopie auf der B\u00fchne Gestalt werden lie\u00df.<\/p>\n<p><img loading=\"lazy\" decoding=\"async\" class=\"aligncenter wp-image-3465 \" src=\"https:\/\/www.gym-toelz.de\/wp-content\/uploads\/2026\/01\/unterstufentheater-neu-kultur4.jpg\" alt=\"\" width=\"225\" height=\"307\" srcset=\"https:\/\/www.gym-toelz.de\/wp-content\/uploads\/2026\/01\/unterstufentheater-neu-kultur4.jpg 319w, https:\/\/www.gym-toelz.de\/wp-content\/uploads\/2026\/01\/unterstufentheater-neu-kultur4-220x300.jpg 220w\" sizes=\"auto, (max-width: 225px) 100vw, 225px\" \/><\/p>\n<\/div><\/div><\/div><\/section>\n<\/div>\n\n<style type=\"text\/css\" data-created_by=\"avia_inline_auto\" id=\"style-css-av-mm38ik7h-5b92842a08f5eef1135743408b03d6ac\">\n#top .avia-gallery.av-mm38ik7h-5b92842a08f5eef1135743408b03d6ac .avia-gallery-thumb a{\nwidth:25%;\n}\n<\/style>\n<div  class='avia-gallery av-mm38ik7h-5b92842a08f5eef1135743408b03d6ac avia_animate_when_visible  avia-builder-el-9  el_after_av_toggle_container  el_before_av_hr  avia_lazyload avia-gallery-animate avia-gallery-1'  itemprop=\"image\" itemscope=\"itemscope\" itemtype=\"https:\/\/schema.org\/ImageObject\" ><meta itemprop=\"contentURL\" content=\"https:\/\/www.gym-toelz.de\/index.php\/angebote-aktivitaeten\/kultur\/\"><div class='avia-gallery-thumb'><a href=\"https:\/\/www.gym-toelz.de\/wp-content\/uploads\/2026\/01\/unterstufentheater-neu-kultur5-1030x343.jpg\" data-srcset=\"https:\/\/www.gym-toelz.de\/wp-content\/uploads\/2026\/01\/unterstufentheater-neu-kultur5-1030x343.jpg 1030w, https:\/\/www.gym-toelz.de\/wp-content\/uploads\/2026\/01\/unterstufentheater-neu-kultur5-300x100.jpg 300w, https:\/\/www.gym-toelz.de\/wp-content\/uploads\/2026\/01\/unterstufentheater-neu-kultur5-768x256.jpg 768w, https:\/\/www.gym-toelz.de\/wp-content\/uploads\/2026\/01\/unterstufentheater-neu-kultur5-705x235.jpg 705w, https:\/\/www.gym-toelz.de\/wp-content\/uploads\/2026\/01\/unterstufentheater-neu-kultur5.jpg 1223w\" data-sizes=\"(max-width: 1030px) 100vw, 1030px\" data-rel='gallery-1' data-prev-img='https:\/\/www.gym-toelz.de\/wp-content\/uploads\/2026\/01\/unterstufentheater-neu-kultur5-495x400.jpg' class='first_thumb lightbox ' data-onclick='1' title='unterstufentheater-neu-kultur5'  itemprop=\"thumbnailUrl\"  ><img decoding=\"async\" fetchpriority=\"high\" class=\"wp-image-3466 avia-img-lazy-loading-not-3466\"   src=\"https:\/\/www.gym-toelz.de\/wp-content\/uploads\/2026\/01\/unterstufentheater-neu-kultur5-495x400.jpg\" width=\"495\" height=\"400\"  title='unterstufentheater-neu-kultur5' alt='' \/><div class='big-prev-fake'><img decoding=\"async\" loading=\"lazy\" class=\"wp-image-3466 avia-img-lazy-loading-3466\"  width=\"495\" height=\"400\" src=\"https:\/\/www.gym-toelz.de\/wp-content\/uploads\/2026\/01\/unterstufentheater-neu-kultur5-495x400.jpg\" title='unterstufentheater-neu-kultur5' alt='' \/><\/div><\/a><a href=\"https:\/\/www.gym-toelz.de\/wp-content\/uploads\/2026\/01\/unterstufentheater-neu-kultur3.jpg\" data-srcset=\"https:\/\/www.gym-toelz.de\/wp-content\/uploads\/2026\/01\/unterstufentheater-neu-kultur3.jpg 579w, https:\/\/www.gym-toelz.de\/wp-content\/uploads\/2026\/01\/unterstufentheater-neu-kultur3-300x241.jpg 300w\" data-sizes=\"(max-width: 579px) 100vw, 579px\" data-rel='gallery-1' data-prev-img='https:\/\/www.gym-toelz.de\/wp-content\/uploads\/2026\/01\/unterstufentheater-neu-kultur3-495x400.jpg' class='lightbox ' data-onclick='2' title='unterstufentheater-neu-kultur3'  itemprop=\"thumbnailUrl\"  ><img decoding=\"async\" fetchpriority=\"high\" class=\"wp-image-3464 avia-img-lazy-loading-not-3464\"   src=\"https:\/\/www.gym-toelz.de\/wp-content\/uploads\/2026\/01\/unterstufentheater-neu-kultur3-495x400.jpg\" width=\"495\" height=\"400\"  title='unterstufentheater-neu-kultur3' alt='' srcset=\"https:\/\/www.gym-toelz.de\/wp-content\/uploads\/2026\/01\/unterstufentheater-neu-kultur3-495x400.jpg 495w, https:\/\/www.gym-toelz.de\/wp-content\/uploads\/2026\/01\/unterstufentheater-neu-kultur3-300x241.jpg 300w\" sizes=\"(max-width: 495px) 100vw, 495px\" \/><div class='big-prev-fake'><img decoding=\"async\" loading=\"lazy\" class=\"wp-image-3464 avia-img-lazy-loading-3464\"  width=\"495\" height=\"400\" src=\"https:\/\/www.gym-toelz.de\/wp-content\/uploads\/2026\/01\/unterstufentheater-neu-kultur3-495x400.jpg\" title='unterstufentheater-neu-kultur3' alt='' srcset=\"https:\/\/www.gym-toelz.de\/wp-content\/uploads\/2026\/01\/unterstufentheater-neu-kultur3-495x400.jpg 495w, https:\/\/www.gym-toelz.de\/wp-content\/uploads\/2026\/01\/unterstufentheater-neu-kultur3-300x241.jpg 300w\" sizes=\"auto, (max-width: 495px) 100vw, 495px\" \/><\/div><\/a><a href=\"https:\/\/www.gym-toelz.de\/wp-content\/uploads\/2026\/01\/unterstufentheater-neu-kultur2.jpg\" data-srcset=\"https:\/\/www.gym-toelz.de\/wp-content\/uploads\/2026\/01\/unterstufentheater-neu-kultur2.jpg 438w, https:\/\/www.gym-toelz.de\/wp-content\/uploads\/2026\/01\/unterstufentheater-neu-kultur2-300x265.jpg 300w\" data-sizes=\"(max-width: 438px) 100vw, 438px\" data-rel='gallery-1' data-prev-img='https:\/\/www.gym-toelz.de\/wp-content\/uploads\/2026\/01\/unterstufentheater-neu-kultur2.jpg' class='lightbox ' data-onclick='3' title='unterstufentheater-neu-kultur2'  itemprop=\"thumbnailUrl\"  ><img decoding=\"async\" fetchpriority=\"high\" class=\"wp-image-3463 avia-img-lazy-loading-not-3463\"   src=\"https:\/\/www.gym-toelz.de\/wp-content\/uploads\/2026\/01\/unterstufentheater-neu-kultur2.jpg\" width=\"438\" height=\"387\"  title='unterstufentheater-neu-kultur2' alt='' srcset=\"https:\/\/www.gym-toelz.de\/wp-content\/uploads\/2026\/01\/unterstufentheater-neu-kultur2.jpg 438w, https:\/\/www.gym-toelz.de\/wp-content\/uploads\/2026\/01\/unterstufentheater-neu-kultur2-300x265.jpg 300w\" sizes=\"(max-width: 438px) 100vw, 438px\" \/><div class='big-prev-fake'><img decoding=\"async\" loading=\"lazy\" class=\"wp-image-3463 avia-img-lazy-loading-3463\"  width=\"438\" height=\"387\" src=\"https:\/\/www.gym-toelz.de\/wp-content\/uploads\/2026\/01\/unterstufentheater-neu-kultur2.jpg\" title='unterstufentheater-neu-kultur2' alt='' srcset=\"https:\/\/www.gym-toelz.de\/wp-content\/uploads\/2026\/01\/unterstufentheater-neu-kultur2.jpg 438w, https:\/\/www.gym-toelz.de\/wp-content\/uploads\/2026\/01\/unterstufentheater-neu-kultur2-300x265.jpg 300w\" sizes=\"auto, (max-width: 438px) 100vw, 438px\" \/><\/div><\/a><a href=\"https:\/\/www.gym-toelz.de\/wp-content\/uploads\/2026\/01\/unterstufentheater-neu-kultur1.jpg\" data-srcset=\"https:\/\/www.gym-toelz.de\/wp-content\/uploads\/2026\/01\/unterstufentheater-neu-kultur1.jpg 925w, https:\/\/www.gym-toelz.de\/wp-content\/uploads\/2026\/01\/unterstufentheater-neu-kultur1-300x104.jpg 300w, https:\/\/www.gym-toelz.de\/wp-content\/uploads\/2026\/01\/unterstufentheater-neu-kultur1-768x267.jpg 768w, https:\/\/www.gym-toelz.de\/wp-content\/uploads\/2026\/01\/unterstufentheater-neu-kultur1-705x245.jpg 705w\" data-sizes=\"(max-width: 925px) 100vw, 925px\" data-rel='gallery-1' data-prev-img='https:\/\/www.gym-toelz.de\/wp-content\/uploads\/2026\/01\/unterstufentheater-neu-kultur1-495x322.jpg' class='lightbox ' data-onclick='4' title='unterstufentheater-neu-kultur1'  itemprop=\"thumbnailUrl\"  ><img decoding=\"async\" fetchpriority=\"high\" class=\"wp-image-3462 avia-img-lazy-loading-not-3462\"   src=\"https:\/\/www.gym-toelz.de\/wp-content\/uploads\/2026\/01\/unterstufentheater-neu-kultur1-495x322.jpg\" width=\"495\" height=\"322\"  title='unterstufentheater-neu-kultur1' alt='' \/><div class='big-prev-fake'><img decoding=\"async\" loading=\"lazy\" class=\"wp-image-3462 avia-img-lazy-loading-3462\"  width=\"495\" height=\"322\" src=\"https:\/\/www.gym-toelz.de\/wp-content\/uploads\/2026\/01\/unterstufentheater-neu-kultur1-495x322.jpg\" title='unterstufentheater-neu-kultur1' alt='' \/><\/div><\/a><\/div><\/div>\n<div  class='hr av-dilwx-2c1d87013fa3b03cb91cd17dc9f95547 hr-default  avia-builder-el-10  el_after_av_gallery  el_before_av_textblock '><span class='hr-inner '><span class=\"hr-inner-style\"><\/span><\/span><\/div>\n<section  class='av_textblock_section av-mgs52b5j-0de7d18679421fd90384d11d5a338960 '   itemscope=\"itemscope\" itemtype=\"https:\/\/schema.org\/CreativeWork\" ><div class='avia_textblock'  itemprop=\"text\" ><p><a id=\"Musiktheaterkultur\"><\/a><strong>Musiktheater \/ GAB STAGE COMPANY<\/strong><\/p>\n<p>Theater, Tanz, Musik und Akrobatik haben am Gabriel-von-Seidl-Gymnasium eine sehr lange Tradition. Mal st\u00e4rker vom Schauspiel, mal von der Musik, mal eher vom Tanz herkommend entwickelten Lehrkr\u00e4fte aus der reizvollen Verbindung dieser k\u00fcnstlerischen Sparten immer wieder verschiedenartige B\u00fchnenproduktionen. Im Vordergrund stand es dabei immer, unsere k\u00fcnstlerisch vielseitig begabten und<br \/>\ninteressierten Sch\u00fclerinnen und Sch\u00fcler bestm\u00f6glich zu fordern und zu f\u00f6rdern und sie mit einem k\u00fcnstlerisch-ganzheitlichen Ansatz k\u00fcnstlerisch, emotional, sozial, motorisch und kognitiv in ihrer Entwicklung zu begleiten.<br \/>\nUnter dem Namen \u201eGab Stage Company\u201c schlie\u00dfen sich seit 2024 diejenigen kreativen K\u00f6pfe des Gymnasiums zusammen, die \u2013 in offener und wechselnder Besetzung \u2013 gr\u00f6\u00dfere B\u00fchnenproduktionen aus den Bereichen Tanz, Theater, Musik und Akrobatik verantworten und zu dem Zeitpunkt bereits auf eine Reihe sehr erfolgreicher Inszenierungen zur\u00fcckblicken k\u00f6nnen.<\/p>\n<\/div><\/section>\n<div  class='togglecontainer av-mleu2laj-9bcb3b007119a42bd263f23101ca9f08  avia-builder-el-12  el_after_av_textblock  el_before_av_toggle_container  toggle_close_all' >\n<section class='av_toggle_section av-mlgw4jy5-3fee838f24405fb450becb5ba0631af9'  itemscope=\"itemscope\" itemtype=\"https:\/\/schema.org\/CreativeWork\" ><div role=\"tablist\" class=\"single_toggle\" data-tags=\"{Alle} \"  ><p id='toggle-toggle-id-2' data-fake-id='#toggle-id-2' class='toggler  av-title-above '  itemprop=\"headline\"  role='tab' tabindex='0' aria-controls='toggle-id-2' data-slide-speed=\"200\" data-title=\"DRACULA (2026)\" data-title-open=\"\" data-aria_collapsed=\"Click to expand: DRACULA (2026)\" data-aria_expanded=\"Click to collapse: DRACULA (2026)\">DRACULA (2026)<span class=\"toggle_icon\"><span class=\"vert_icon\"><\/span><span class=\"hor_icon\"><\/span><\/span><\/p><div id='toggle-id-2' aria-labelledby='toggle-toggle-id-2' role='region' class='toggle_wrap  av-title-above'  ><div class='toggle_content invers-color '  itemprop=\"text\" ><p>Tanz \u2013 Theater \u2013 Musik \u2013 Akrobatik<\/p>\n<p>*in Planung f\u00fcr Juli 2026*<\/p>\n<\/div><\/div><\/div><\/section>\n<\/div>\n<div  class='togglecontainer av-mlgwo13z-354b6135fa7922fa6c39667e351c2269  avia-builder-el-13  el_after_av_toggle_container  el_before_av_gallery  toggle_close_all' >\n<section class='av_toggle_section av-zmkp-c583793912fc17bb746cbb21d5fac2ca'  itemscope=\"itemscope\" itemtype=\"https:\/\/schema.org\/CreativeWork\" ><div role=\"tablist\" class=\"single_toggle\" data-tags=\"{Alle} \"  ><p id='toggle-toggle-id-3' data-fake-id='#toggle-id-3' class='toggler  av-title-above '  itemprop=\"headline\"  role='tab' tabindex='0' aria-controls='toggle-id-3' data-slide-speed=\"200\" data-title=\"DER STURM (2025)\" data-title-open=\"\" data-aria_collapsed=\"Click to expand: DER STURM (2025)\" data-aria_expanded=\"Click to collapse: DER STURM (2025)\">DER STURM (2025)<span class=\"toggle_icon\"><span class=\"vert_icon\"><\/span><span class=\"hor_icon\"><\/span><\/span><\/p><div id='toggle-id-3' aria-labelledby='toggle-toggle-id-3' role='region' class='toggle_wrap  av-title-above'  ><div class='toggle_content invers-color '  itemprop=\"text\" ><p>Tanz- Theater \u2013 Musik \u2013 Akrobatik<\/p>\n<p><img decoding=\"async\" class=\"aligncenter wp-image-3719 \" src=\"https:\/\/www.gym-toelz.de\/wp-content\/uploads\/2026\/02\/Homepage_Kultur_Musiktheater_STURM_Bild1-scaled.jpg\" alt=\"\" width=\"645\" height=\"912\" srcset=\"https:\/\/www.gym-toelz.de\/wp-content\/uploads\/2026\/02\/Homepage_Kultur_Musiktheater_STURM_Bild1-scaled.jpg 1810w, https:\/\/www.gym-toelz.de\/wp-content\/uploads\/2026\/02\/Homepage_Kultur_Musiktheater_STURM_Bild1-212x300.jpg 212w, https:\/\/www.gym-toelz.de\/wp-content\/uploads\/2026\/02\/Homepage_Kultur_Musiktheater_STURM_Bild1-728x1030.jpg 728w, https:\/\/www.gym-toelz.de\/wp-content\/uploads\/2026\/02\/Homepage_Kultur_Musiktheater_STURM_Bild1-768x1086.jpg 768w, https:\/\/www.gym-toelz.de\/wp-content\/uploads\/2026\/02\/Homepage_Kultur_Musiktheater_STURM_Bild1-1086x1536.jpg 1086w, https:\/\/www.gym-toelz.de\/wp-content\/uploads\/2026\/02\/Homepage_Kultur_Musiktheater_STURM_Bild1-1448x2048.jpg 1448w, https:\/\/www.gym-toelz.de\/wp-content\/uploads\/2026\/02\/Homepage_Kultur_Musiktheater_STURM_Bild1-1060x1500.jpg 1060w, https:\/\/www.gym-toelz.de\/wp-content\/uploads\/2026\/02\/Homepage_Kultur_Musiktheater_STURM_Bild1-498x705.jpg 498w\" sizes=\"(max-width: 645px) 100vw, 645px\" \/><\/p>\n<p>Merkur vom 17.10.24<\/p>\n<p><a href=\"https:\/\/www.merkur.de\/lokales\/bad-toelz\/bad-toelz-ort28297\/sturm-fegt-durchs-kurhaus-theaterauffuehrung-von-schuelern-begeistert-93360410.html\" target=\"_blank\" rel=\"noopener\">https:\/\/www.merkur.de\/lokales\/bad-toelz\/bad-toelz-ort28297\/sturm-fegt-durchs-kurhaus-theaterauffuehrung-von-schuelern-begeistert-93360410.html<\/a><\/p>\n<p>SZ vom 10.10.24<\/p>\n<p><a href=\"https:\/\/www.sueddeutsche.de\/muenchen\/wolfratshausen\/bad-toelz-der-sturm-gabriel-von-seidl-gymnasium-premiere-lux.EtF1kSBMysk5E2dVYUQ6ue\" target=\"_blank\" rel=\"noopener\">https:\/\/www.sueddeutsche.de\/muenchen\/wolfratshausen\/bad-toelz-der-sturm-gabriel-von-seidl-gymnasium-premiere-lux.EtF1kSBMysk5E2dVYUQ6ue<\/a><\/p>\n<\/div><\/div><\/div><\/section>\n<\/div>\n\n<style type=\"text\/css\" data-created_by=\"avia_inline_auto\" id=\"style-css-av-mlgwyfke-99af466ea6a1de67247c54dd54d9821a\">\n#top .avia-gallery.av-mlgwyfke-99af466ea6a1de67247c54dd54d9821a .avia-gallery-thumb a{\nwidth:25%;\n}\n<\/style>\n<div  class='avia-gallery av-mlgwyfke-99af466ea6a1de67247c54dd54d9821a avia_animate_when_visible  avia-builder-el-14  el_after_av_toggle_container  el_before_av_toggle_container  avia_lazyload avia-gallery-animate avia-gallery-2'  itemprop=\"image\" itemscope=\"itemscope\" itemtype=\"https:\/\/schema.org\/ImageObject\" ><meta itemprop=\"contentURL\" content=\"https:\/\/www.gym-toelz.de\/index.php\/angebote-aktivitaeten\/kultur\/\"><div class='avia-gallery-thumb'><a href=\"https:\/\/www.gym-toelz.de\/wp-content\/uploads\/2026\/02\/Homepage_Kultur_Musiktheater_Sturm_Bild3-1030x686.jpg\" data-srcset=\"https:\/\/www.gym-toelz.de\/wp-content\/uploads\/2026\/02\/Homepage_Kultur_Musiktheater_Sturm_Bild3-1030x686.jpg 1030w, https:\/\/www.gym-toelz.de\/wp-content\/uploads\/2026\/02\/Homepage_Kultur_Musiktheater_Sturm_Bild3-300x200.jpg 300w, https:\/\/www.gym-toelz.de\/wp-content\/uploads\/2026\/02\/Homepage_Kultur_Musiktheater_Sturm_Bild3-768x512.jpg 768w, https:\/\/www.gym-toelz.de\/wp-content\/uploads\/2026\/02\/Homepage_Kultur_Musiktheater_Sturm_Bild3-1536x1024.jpg 1536w, https:\/\/www.gym-toelz.de\/wp-content\/uploads\/2026\/02\/Homepage_Kultur_Musiktheater_Sturm_Bild3-1500x1000.jpg 1500w, https:\/\/www.gym-toelz.de\/wp-content\/uploads\/2026\/02\/Homepage_Kultur_Musiktheater_Sturm_Bild3-705x470.jpg 705w, https:\/\/www.gym-toelz.de\/wp-content\/uploads\/2026\/02\/Homepage_Kultur_Musiktheater_Sturm_Bild3.jpg 2000w\" data-sizes=\"(max-width: 1030px) 100vw, 1030px\" data-rel='gallery-2' data-prev-img='https:\/\/www.gym-toelz.de\/wp-content\/uploads\/2026\/02\/Homepage_Kultur_Musiktheater_Sturm_Bild3-495x400.jpg' class='first_thumb lightbox ' data-onclick='1' title='Homepage_Kultur_Musiktheater_Sturm_Bild3'  itemprop=\"thumbnailUrl\"  ><img decoding=\"async\" fetchpriority=\"high\" class=\"wp-image-3721 avia-img-lazy-loading-not-3721\"   src=\"https:\/\/www.gym-toelz.de\/wp-content\/uploads\/2026\/02\/Homepage_Kultur_Musiktheater_Sturm_Bild3-495x400.jpg\" width=\"495\" height=\"400\"  title='Homepage_Kultur_Musiktheater_Sturm_Bild3' alt='' srcset=\"https:\/\/www.gym-toelz.de\/wp-content\/uploads\/2026\/02\/Homepage_Kultur_Musiktheater_Sturm_Bild3-495x400.jpg 495w, https:\/\/www.gym-toelz.de\/wp-content\/uploads\/2026\/02\/Homepage_Kultur_Musiktheater_Sturm_Bild3-845x684.jpg 845w\" sizes=\"(max-width: 495px) 100vw, 495px\" \/><div class='big-prev-fake'><img decoding=\"async\" loading=\"lazy\" class=\"wp-image-3721 avia-img-lazy-loading-3721\"  width=\"495\" height=\"400\" src=\"https:\/\/www.gym-toelz.de\/wp-content\/uploads\/2026\/02\/Homepage_Kultur_Musiktheater_Sturm_Bild3-495x400.jpg\" title='Homepage_Kultur_Musiktheater_Sturm_Bild3' alt='' srcset=\"https:\/\/www.gym-toelz.de\/wp-content\/uploads\/2026\/02\/Homepage_Kultur_Musiktheater_Sturm_Bild3-495x400.jpg 495w, https:\/\/www.gym-toelz.de\/wp-content\/uploads\/2026\/02\/Homepage_Kultur_Musiktheater_Sturm_Bild3-845x684.jpg 845w\" sizes=\"auto, (max-width: 495px) 100vw, 495px\" \/><\/div><\/a><a href=\"https:\/\/www.gym-toelz.de\/wp-content\/uploads\/2026\/02\/Homepage_Kultur_Musiktheater_Sturm_Bild2-1030x687.jpg\" data-srcset=\"https:\/\/www.gym-toelz.de\/wp-content\/uploads\/2026\/02\/Homepage_Kultur_Musiktheater_Sturm_Bild2-1030x687.jpg 1030w, https:\/\/www.gym-toelz.de\/wp-content\/uploads\/2026\/02\/Homepage_Kultur_Musiktheater_Sturm_Bild2-300x200.jpg 300w, https:\/\/www.gym-toelz.de\/wp-content\/uploads\/2026\/02\/Homepage_Kultur_Musiktheater_Sturm_Bild2-768x512.jpg 768w, https:\/\/www.gym-toelz.de\/wp-content\/uploads\/2026\/02\/Homepage_Kultur_Musiktheater_Sturm_Bild2-1536x1025.jpg 1536w, https:\/\/www.gym-toelz.de\/wp-content\/uploads\/2026\/02\/Homepage_Kultur_Musiktheater_Sturm_Bild2-1500x1001.jpg 1500w, https:\/\/www.gym-toelz.de\/wp-content\/uploads\/2026\/02\/Homepage_Kultur_Musiktheater_Sturm_Bild2-705x470.jpg 705w, https:\/\/www.gym-toelz.de\/wp-content\/uploads\/2026\/02\/Homepage_Kultur_Musiktheater_Sturm_Bild2.jpg 2000w\" data-sizes=\"(max-width: 1030px) 100vw, 1030px\" data-rel='gallery-2' data-prev-img='https:\/\/www.gym-toelz.de\/wp-content\/uploads\/2026\/02\/Homepage_Kultur_Musiktheater_Sturm_Bild2-495x400.jpg' class='lightbox ' data-onclick='2' title='Homepage_Kultur_Musiktheater_Sturm_Bild2'  itemprop=\"thumbnailUrl\"  ><img decoding=\"async\" fetchpriority=\"high\" class=\"wp-image-3720 avia-img-lazy-loading-not-3720\"   src=\"https:\/\/www.gym-toelz.de\/wp-content\/uploads\/2026\/02\/Homepage_Kultur_Musiktheater_Sturm_Bild2-495x400.jpg\" width=\"495\" height=\"400\"  title='Homepage_Kultur_Musiktheater_Sturm_Bild2' alt='' srcset=\"https:\/\/www.gym-toelz.de\/wp-content\/uploads\/2026\/02\/Homepage_Kultur_Musiktheater_Sturm_Bild2-495x400.jpg 495w, https:\/\/www.gym-toelz.de\/wp-content\/uploads\/2026\/02\/Homepage_Kultur_Musiktheater_Sturm_Bild2-845x684.jpg 845w\" sizes=\"(max-width: 495px) 100vw, 495px\" \/><div class='big-prev-fake'><img decoding=\"async\" loading=\"lazy\" class=\"wp-image-3720 avia-img-lazy-loading-3720\"  width=\"495\" height=\"400\" src=\"https:\/\/www.gym-toelz.de\/wp-content\/uploads\/2026\/02\/Homepage_Kultur_Musiktheater_Sturm_Bild2-495x400.jpg\" title='Homepage_Kultur_Musiktheater_Sturm_Bild2' alt='' srcset=\"https:\/\/www.gym-toelz.de\/wp-content\/uploads\/2026\/02\/Homepage_Kultur_Musiktheater_Sturm_Bild2-495x400.jpg 495w, https:\/\/www.gym-toelz.de\/wp-content\/uploads\/2026\/02\/Homepage_Kultur_Musiktheater_Sturm_Bild2-845x684.jpg 845w\" sizes=\"auto, (max-width: 495px) 100vw, 495px\" \/><\/div><\/a><a href=\"https:\/\/www.gym-toelz.de\/wp-content\/uploads\/2026\/02\/Homepage_Kultur_Musiktheater_STURM_Bild1-728x1030.jpg\" data-srcset=\"https:\/\/www.gym-toelz.de\/wp-content\/uploads\/2026\/02\/Homepage_Kultur_Musiktheater_STURM_Bild1-728x1030.jpg 728w, https:\/\/www.gym-toelz.de\/wp-content\/uploads\/2026\/02\/Homepage_Kultur_Musiktheater_STURM_Bild1-212x300.jpg 212w, https:\/\/www.gym-toelz.de\/wp-content\/uploads\/2026\/02\/Homepage_Kultur_Musiktheater_STURM_Bild1-768x1086.jpg 768w, https:\/\/www.gym-toelz.de\/wp-content\/uploads\/2026\/02\/Homepage_Kultur_Musiktheater_STURM_Bild1-1086x1536.jpg 1086w, https:\/\/www.gym-toelz.de\/wp-content\/uploads\/2026\/02\/Homepage_Kultur_Musiktheater_STURM_Bild1-1448x2048.jpg 1448w, https:\/\/www.gym-toelz.de\/wp-content\/uploads\/2026\/02\/Homepage_Kultur_Musiktheater_STURM_Bild1-1060x1500.jpg 1060w, https:\/\/www.gym-toelz.de\/wp-content\/uploads\/2026\/02\/Homepage_Kultur_Musiktheater_STURM_Bild1-498x705.jpg 498w, https:\/\/www.gym-toelz.de\/wp-content\/uploads\/2026\/02\/Homepage_Kultur_Musiktheater_STURM_Bild1-scaled.jpg 1810w\" data-sizes=\"(max-width: 728px) 100vw, 728px\" data-rel='gallery-2' data-prev-img='https:\/\/www.gym-toelz.de\/wp-content\/uploads\/2026\/02\/Homepage_Kultur_Musiktheater_STURM_Bild1-495x400.jpg' class='lightbox ' data-onclick='3' title='Homepage_Kultur_Musiktheater_STURM_Bild1'  itemprop=\"thumbnailUrl\"  ><img decoding=\"async\" fetchpriority=\"high\" class=\"wp-image-3719 avia-img-lazy-loading-not-3719\"   src=\"https:\/\/www.gym-toelz.de\/wp-content\/uploads\/2026\/02\/Homepage_Kultur_Musiktheater_STURM_Bild1-495x400.jpg\" width=\"495\" height=\"400\"  title='Homepage_Kultur_Musiktheater_STURM_Bild1' alt='' srcset=\"https:\/\/www.gym-toelz.de\/wp-content\/uploads\/2026\/02\/Homepage_Kultur_Musiktheater_STURM_Bild1-495x400.jpg 495w, https:\/\/www.gym-toelz.de\/wp-content\/uploads\/2026\/02\/Homepage_Kultur_Musiktheater_STURM_Bild1-845x684.jpg 845w\" sizes=\"(max-width: 495px) 100vw, 495px\" \/><div class='big-prev-fake'><img decoding=\"async\" loading=\"lazy\" class=\"wp-image-3719 avia-img-lazy-loading-3719\"  width=\"495\" height=\"400\" src=\"https:\/\/www.gym-toelz.de\/wp-content\/uploads\/2026\/02\/Homepage_Kultur_Musiktheater_STURM_Bild1-495x400.jpg\" title='Homepage_Kultur_Musiktheater_STURM_Bild1' alt='' srcset=\"https:\/\/www.gym-toelz.de\/wp-content\/uploads\/2026\/02\/Homepage_Kultur_Musiktheater_STURM_Bild1-495x400.jpg 495w, https:\/\/www.gym-toelz.de\/wp-content\/uploads\/2026\/02\/Homepage_Kultur_Musiktheater_STURM_Bild1-845x684.jpg 845w\" sizes=\"auto, (max-width: 495px) 100vw, 495px\" \/><\/div><\/a><a href=\"https:\/\/www.gym-toelz.de\/wp-content\/uploads\/2026\/02\/Homepage_Kultur_Musiktheater_Sturm_Bild4-1030x686.jpg\" data-srcset=\"https:\/\/www.gym-toelz.de\/wp-content\/uploads\/2026\/02\/Homepage_Kultur_Musiktheater_Sturm_Bild4-1030x686.jpg 1030w, https:\/\/www.gym-toelz.de\/wp-content\/uploads\/2026\/02\/Homepage_Kultur_Musiktheater_Sturm_Bild4-300x200.jpg 300w, https:\/\/www.gym-toelz.de\/wp-content\/uploads\/2026\/02\/Homepage_Kultur_Musiktheater_Sturm_Bild4-768x512.jpg 768w, https:\/\/www.gym-toelz.de\/wp-content\/uploads\/2026\/02\/Homepage_Kultur_Musiktheater_Sturm_Bild4-1536x1024.jpg 1536w, https:\/\/www.gym-toelz.de\/wp-content\/uploads\/2026\/02\/Homepage_Kultur_Musiktheater_Sturm_Bild4-1500x1000.jpg 1500w, https:\/\/www.gym-toelz.de\/wp-content\/uploads\/2026\/02\/Homepage_Kultur_Musiktheater_Sturm_Bild4-705x470.jpg 705w, https:\/\/www.gym-toelz.de\/wp-content\/uploads\/2026\/02\/Homepage_Kultur_Musiktheater_Sturm_Bild4.jpg 2000w\" data-sizes=\"(max-width: 1030px) 100vw, 1030px\" data-rel='gallery-2' data-prev-img='https:\/\/www.gym-toelz.de\/wp-content\/uploads\/2026\/02\/Homepage_Kultur_Musiktheater_Sturm_Bild4-495x400.jpg' class='lightbox ' data-onclick='4' title='Homepage_Kultur_Musiktheater_Sturm_Bild4'  itemprop=\"thumbnailUrl\"  ><img decoding=\"async\" fetchpriority=\"high\" class=\"wp-image-3722 avia-img-lazy-loading-not-3722\"   src=\"https:\/\/www.gym-toelz.de\/wp-content\/uploads\/2026\/02\/Homepage_Kultur_Musiktheater_Sturm_Bild4-495x400.jpg\" width=\"495\" height=\"400\"  title='Homepage_Kultur_Musiktheater_Sturm_Bild4' alt='' srcset=\"https:\/\/www.gym-toelz.de\/wp-content\/uploads\/2026\/02\/Homepage_Kultur_Musiktheater_Sturm_Bild4-495x400.jpg 495w, https:\/\/www.gym-toelz.de\/wp-content\/uploads\/2026\/02\/Homepage_Kultur_Musiktheater_Sturm_Bild4-845x684.jpg 845w\" sizes=\"(max-width: 495px) 100vw, 495px\" \/><div class='big-prev-fake'><img decoding=\"async\" loading=\"lazy\" class=\"wp-image-3722 avia-img-lazy-loading-3722\"  width=\"495\" height=\"400\" src=\"https:\/\/www.gym-toelz.de\/wp-content\/uploads\/2026\/02\/Homepage_Kultur_Musiktheater_Sturm_Bild4-495x400.jpg\" title='Homepage_Kultur_Musiktheater_Sturm_Bild4' alt='' srcset=\"https:\/\/www.gym-toelz.de\/wp-content\/uploads\/2026\/02\/Homepage_Kultur_Musiktheater_Sturm_Bild4-495x400.jpg 495w, https:\/\/www.gym-toelz.de\/wp-content\/uploads\/2026\/02\/Homepage_Kultur_Musiktheater_Sturm_Bild4-845x684.jpg 845w\" sizes=\"auto, (max-width: 495px) 100vw, 495px\" \/><\/div><\/a><\/div><\/div>\n<div  class='togglecontainer av-mljjhbao-7bc55e42e4d17834d5ac5114a45901fe  avia-builder-el-15  el_after_av_gallery  el_before_av_gallery  toggle_close_all' >\n<section class='av_toggle_section av-mljjl5r2-cc89a9da10205795e514394252157624'  itemscope=\"itemscope\" itemtype=\"https:\/\/schema.org\/CreativeWork\" ><div role=\"tablist\" class=\"single_toggle\" data-tags=\"{Alle} \"  ><p id='toggle-toggle-id-4' data-fake-id='#toggle-id-4' class='toggler  av-title-above '  itemprop=\"headline\"  role='tab' tabindex='0' aria-controls='toggle-id-4' data-slide-speed=\"200\" data-title=\"Musical WEST SIDE STORY (2023)\" data-title-open=\"\" data-aria_collapsed=\"Click to expand: Musical WEST SIDE STORY (2023)\" data-aria_expanded=\"Click to collapse: Musical WEST SIDE STORY (2023)\">Musical WEST SIDE STORY (2023)<span class=\"toggle_icon\"><span class=\"vert_icon\"><\/span><span class=\"hor_icon\"><\/span><\/span><\/p><div id='toggle-id-4' aria-labelledby='toggle-toggle-id-4' role='region' class='toggle_wrap  av-title-above'  ><div class='toggle_content invers-color '  itemprop=\"text\" ><p>Kooperationsprojekt mit der Sing- und Musikschule Bad T\u00f6lz anl\u00e4sslich des hundertj\u00e4hrigen Bestehens des Gymnasiums<\/p>\n<p><img loading=\"lazy\" decoding=\"async\" class=\"aligncenter wp-image-3723 \" src=\"https:\/\/www.gym-toelz.de\/wp-content\/uploads\/2026\/02\/Homepage_Kultur_Musiktheater_WESTSIDESTORY_Bild1-scaled.jpg\" alt=\"\" width=\"672\" height=\"951\" srcset=\"https:\/\/www.gym-toelz.de\/wp-content\/uploads\/2026\/02\/Homepage_Kultur_Musiktheater_WESTSIDESTORY_Bild1-scaled.jpg 1808w, https:\/\/www.gym-toelz.de\/wp-content\/uploads\/2026\/02\/Homepage_Kultur_Musiktheater_WESTSIDESTORY_Bild1-212x300.jpg 212w, https:\/\/www.gym-toelz.de\/wp-content\/uploads\/2026\/02\/Homepage_Kultur_Musiktheater_WESTSIDESTORY_Bild1-727x1030.jpg 727w, https:\/\/www.gym-toelz.de\/wp-content\/uploads\/2026\/02\/Homepage_Kultur_Musiktheater_WESTSIDESTORY_Bild1-768x1087.jpg 768w, https:\/\/www.gym-toelz.de\/wp-content\/uploads\/2026\/02\/Homepage_Kultur_Musiktheater_WESTSIDESTORY_Bild1-1085x1536.jpg 1085w, https:\/\/www.gym-toelz.de\/wp-content\/uploads\/2026\/02\/Homepage_Kultur_Musiktheater_WESTSIDESTORY_Bild1-1446x2048.jpg 1446w, https:\/\/www.gym-toelz.de\/wp-content\/uploads\/2026\/02\/Homepage_Kultur_Musiktheater_WESTSIDESTORY_Bild1-1059x1500.jpg 1059w, https:\/\/www.gym-toelz.de\/wp-content\/uploads\/2026\/02\/Homepage_Kultur_Musiktheater_WESTSIDESTORY_Bild1-498x705.jpg 498w\" sizes=\"auto, (max-width: 672px) 100vw, 672px\" \/><\/p>\n<p>S\u00fcddeutsche Zeitung 14.10.22<br \/>\n<a href=\"https:\/\/www.sueddeutsche.de\/muenchen\/wolfratshausen\/bad-toelz-gabriel-von-seidl-gymnasium-west-side-story-musikschule-bad-toelz-1.5674225\" target=\"_blank\" rel=\"noopener\">https:\/\/www.sueddeutsche.de\/muenchen\/wolfratshausen\/bad-toelz-gabriel-von-seidl-gymnasium-west-side-story-musikschule-bad-toelz-1.5674225<\/a><\/p>\n<p>Realschule Penzberg Homepage 31.1.2023<br \/>\n<a href=\"https:\/\/www.realschule-penzberg.de\/2023\/01\/31\/besuch-der-premiere-des-musicals-west-side-story-am-gabriel-von-seidl-gymnasium-bad-toelz-am-27-01-2023\/\" target=\"_blank\" rel=\"noopener\">https:\/\/www.realschule-penzberg.de\/2023\/01\/31\/besuch-der-premiere-des-musicals-west-side-story-am-gabriel-von-seidl-gymnasium-bad-toelz-am-27-01-2023\/<\/a><\/p>\n<p>S\u00fcddeutsche Zeitung 29.1.2023<br \/>\n<a href=\"https:\/\/www.sueddeutsche.de\/muenchen\/wolfratshausen\/west-side-story-bad-toelz-gabriel-von-seidl-gymnasium-1.5741142\" target=\"_blank\" rel=\"noopener\">https:\/\/www.sueddeutsche.de\/muenchen\/wolfratshausen\/west-side-story-bad-toelz-gabriel-von-seidl-gymnasium-1.5741142<\/a><\/p>\n<p>Merkur 29.1.2023<br \/>\n<a href=\"https:\/\/www.br.de\/nachrichten\/bayern\/west-side-story-schulspektakel-mit-landrat-und-orchester,TU1iRwz\" target=\"_blank\" rel=\"noopener\">https:\/\/www.br.de\/nachrichten\/bayern\/west-side-story-schulspektakel-mit-landrat-und-orchester,TU1iRwz<\/a><\/p>\n<p>Kulturvision 27.1.2023<br \/>\n<a href=\"https:\/\/www.kulturvision-aktuell.de\/west-side-story-bad-toelz-2022\/\" target=\"_blank\" rel=\"noopener\">https:\/\/www.kulturvision-aktuell.de\/west-side-story-bad-toelz-2022\/<\/a><\/p>\n<p>BR Klassik 25.1.2023<br \/>\n<a href=\"https:\/\/www.br-klassik.de\/aktuell\/news-kritik\/west-side-story-bad-toelz-100.html\" target=\"_blank\" rel=\"noopener\">https:\/\/www.br-klassik.de\/aktuell\/news-kritik\/west-side-story-bad-toelz-100.html<\/a><\/p>\n<p>S\u00fcddeutsche Zeitung 22.1.2023<br \/>\n<a href=\"https:\/\/www.sueddeutsche.de\/muenchen\/wolfratshausen\/bad-toelz-west-side-story-gabriel-von-seidl-gymnasium-toelzer-musikschule-1.5736895\" target=\"_blank\" rel=\"noopener\">https:\/\/www.sueddeutsche.de\/muenchen\/wolfratshausen\/bad-toelz-west-side-story-gabriel-von-seidl-gymnasium-toelzer-musikschule-1.5736895<\/a><\/p>\n<p>Merkur 17.1.2023<br \/>\n<a href=\"https:\/\/www.merkur.de\/lokales\/bad-toelz\/bad-toelz-ort28297\/west-side-story-auf-toelzer-art-92032461.html\" target=\"_blank\" rel=\"noopener\">https:\/\/www.merkur.de\/lokales\/bad-toelz\/bad-toelz-ort28297\/west-side-story-auf-toelzer-art-92032461.html<\/a><\/p>\n<p>Kulturvision 8.2.2023<br \/>\n<a href=\"https:\/\/www.kulturvision-aktuell.de\/west-side-story-bad-toelz-2023\/\" target=\"_blank\" rel=\"noopener\">https:\/\/www.kulturvision-aktuell.de\/west-side-story-bad-toelz-2023\/<\/a><\/p>\n<\/div><\/div><\/div><\/section>\n<\/div>\n\n<style type=\"text\/css\" data-created_by=\"avia_inline_auto\" id=\"style-css-av-peukx-881fa7688dc905f8f68e9b7f044d4126\">\n#top .avia-gallery.av-peukx-881fa7688dc905f8f68e9b7f044d4126 .avia-gallery-thumb a{\nwidth:25%;\n}\n<\/style>\n<div  class='avia-gallery av-peukx-881fa7688dc905f8f68e9b7f044d4126 avia_animate_when_visible  avia-builder-el-16  el_after_av_toggle_container  el_before_av_toggle_container  avia_lazyload avia-gallery-animate avia-gallery-3'  itemprop=\"image\" itemscope=\"itemscope\" itemtype=\"https:\/\/schema.org\/ImageObject\" ><meta itemprop=\"contentURL\" content=\"https:\/\/www.gym-toelz.de\/index.php\/angebote-aktivitaeten\/kultur\/\"><div class='avia-gallery-thumb'><a href=\"https:\/\/www.gym-toelz.de\/wp-content\/uploads\/2026\/02\/Homepage_Kultur_Musiktheater_WESTSIDESTORY_Bild4-1030x687.jpg\" data-srcset=\"https:\/\/www.gym-toelz.de\/wp-content\/uploads\/2026\/02\/Homepage_Kultur_Musiktheater_WESTSIDESTORY_Bild4-1030x687.jpg 1030w, https:\/\/www.gym-toelz.de\/wp-content\/uploads\/2026\/02\/Homepage_Kultur_Musiktheater_WESTSIDESTORY_Bild4-300x200.jpg 300w, https:\/\/www.gym-toelz.de\/wp-content\/uploads\/2026\/02\/Homepage_Kultur_Musiktheater_WESTSIDESTORY_Bild4-768x512.jpg 768w, https:\/\/www.gym-toelz.de\/wp-content\/uploads\/2026\/02\/Homepage_Kultur_Musiktheater_WESTSIDESTORY_Bild4-1536x1024.jpg 1536w, https:\/\/www.gym-toelz.de\/wp-content\/uploads\/2026\/02\/Homepage_Kultur_Musiktheater_WESTSIDESTORY_Bild4-2048x1365.jpg 2048w, https:\/\/www.gym-toelz.de\/wp-content\/uploads\/2026\/02\/Homepage_Kultur_Musiktheater_WESTSIDESTORY_Bild4-1500x1000.jpg 1500w, https:\/\/www.gym-toelz.de\/wp-content\/uploads\/2026\/02\/Homepage_Kultur_Musiktheater_WESTSIDESTORY_Bild4-705x470.jpg 705w\" data-sizes=\"(max-width: 1030px) 100vw, 1030px\" data-rel='gallery-3' data-prev-img='https:\/\/www.gym-toelz.de\/wp-content\/uploads\/2026\/02\/Homepage_Kultur_Musiktheater_WESTSIDESTORY_Bild4-495x400.jpg' class='first_thumb lightbox ' data-onclick='1' title='Homepage_Kultur_Musiktheater_WESTSIDESTORY_Bild4'  itemprop=\"thumbnailUrl\"  ><img decoding=\"async\" fetchpriority=\"high\" class=\"wp-image-3726 avia-img-lazy-loading-not-3726\"   src=\"https:\/\/www.gym-toelz.de\/wp-content\/uploads\/2026\/02\/Homepage_Kultur_Musiktheater_WESTSIDESTORY_Bild4-495x400.jpg\" width=\"495\" height=\"400\"  title='Homepage_Kultur_Musiktheater_WESTSIDESTORY_Bild4' alt='' srcset=\"https:\/\/www.gym-toelz.de\/wp-content\/uploads\/2026\/02\/Homepage_Kultur_Musiktheater_WESTSIDESTORY_Bild4-495x400.jpg 495w, https:\/\/www.gym-toelz.de\/wp-content\/uploads\/2026\/02\/Homepage_Kultur_Musiktheater_WESTSIDESTORY_Bild4-845x684.jpg 845w\" sizes=\"(max-width: 495px) 100vw, 495px\" \/><div class='big-prev-fake'><img decoding=\"async\" loading=\"lazy\" class=\"wp-image-3726 avia-img-lazy-loading-3726\"  width=\"495\" height=\"400\" src=\"https:\/\/www.gym-toelz.de\/wp-content\/uploads\/2026\/02\/Homepage_Kultur_Musiktheater_WESTSIDESTORY_Bild4-495x400.jpg\" title='Homepage_Kultur_Musiktheater_WESTSIDESTORY_Bild4' alt='' srcset=\"https:\/\/www.gym-toelz.de\/wp-content\/uploads\/2026\/02\/Homepage_Kultur_Musiktheater_WESTSIDESTORY_Bild4-495x400.jpg 495w, https:\/\/www.gym-toelz.de\/wp-content\/uploads\/2026\/02\/Homepage_Kultur_Musiktheater_WESTSIDESTORY_Bild4-845x684.jpg 845w\" sizes=\"auto, (max-width: 495px) 100vw, 495px\" \/><\/div><\/a><a href=\"https:\/\/www.gym-toelz.de\/wp-content\/uploads\/2026\/02\/Homepage_Kultur_Musiktheater_WESTSIDESTORY_Bild3-1030x687.jpg\" data-srcset=\"https:\/\/www.gym-toelz.de\/wp-content\/uploads\/2026\/02\/Homepage_Kultur_Musiktheater_WESTSIDESTORY_Bild3-1030x687.jpg 1030w, https:\/\/www.gym-toelz.de\/wp-content\/uploads\/2026\/02\/Homepage_Kultur_Musiktheater_WESTSIDESTORY_Bild3-300x200.jpg 300w, https:\/\/www.gym-toelz.de\/wp-content\/uploads\/2026\/02\/Homepage_Kultur_Musiktheater_WESTSIDESTORY_Bild3-768x512.jpg 768w, https:\/\/www.gym-toelz.de\/wp-content\/uploads\/2026\/02\/Homepage_Kultur_Musiktheater_WESTSIDESTORY_Bild3-1536x1024.jpg 1536w, https:\/\/www.gym-toelz.de\/wp-content\/uploads\/2026\/02\/Homepage_Kultur_Musiktheater_WESTSIDESTORY_Bild3-2048x1365.jpg 2048w, https:\/\/www.gym-toelz.de\/wp-content\/uploads\/2026\/02\/Homepage_Kultur_Musiktheater_WESTSIDESTORY_Bild3-1500x1000.jpg 1500w, https:\/\/www.gym-toelz.de\/wp-content\/uploads\/2026\/02\/Homepage_Kultur_Musiktheater_WESTSIDESTORY_Bild3-705x470.jpg 705w\" data-sizes=\"(max-width: 1030px) 100vw, 1030px\" data-rel='gallery-3' data-prev-img='https:\/\/www.gym-toelz.de\/wp-content\/uploads\/2026\/02\/Homepage_Kultur_Musiktheater_WESTSIDESTORY_Bild3-495x400.jpg' class='lightbox ' data-onclick='2' title='Homepage_Kultur_Musiktheater_WESTSIDESTORY_Bild3'  itemprop=\"thumbnailUrl\"  ><img decoding=\"async\" fetchpriority=\"high\" class=\"wp-image-3725 avia-img-lazy-loading-not-3725\"   src=\"https:\/\/www.gym-toelz.de\/wp-content\/uploads\/2026\/02\/Homepage_Kultur_Musiktheater_WESTSIDESTORY_Bild3-495x400.jpg\" width=\"495\" height=\"400\"  title='Homepage_Kultur_Musiktheater_WESTSIDESTORY_Bild3' alt='' srcset=\"https:\/\/www.gym-toelz.de\/wp-content\/uploads\/2026\/02\/Homepage_Kultur_Musiktheater_WESTSIDESTORY_Bild3-495x400.jpg 495w, https:\/\/www.gym-toelz.de\/wp-content\/uploads\/2026\/02\/Homepage_Kultur_Musiktheater_WESTSIDESTORY_Bild3-845x684.jpg 845w\" sizes=\"(max-width: 495px) 100vw, 495px\" \/><div class='big-prev-fake'><img decoding=\"async\" loading=\"lazy\" class=\"wp-image-3725 avia-img-lazy-loading-3725\"  width=\"495\" height=\"400\" src=\"https:\/\/www.gym-toelz.de\/wp-content\/uploads\/2026\/02\/Homepage_Kultur_Musiktheater_WESTSIDESTORY_Bild3-495x400.jpg\" title='Homepage_Kultur_Musiktheater_WESTSIDESTORY_Bild3' alt='' srcset=\"https:\/\/www.gym-toelz.de\/wp-content\/uploads\/2026\/02\/Homepage_Kultur_Musiktheater_WESTSIDESTORY_Bild3-495x400.jpg 495w, https:\/\/www.gym-toelz.de\/wp-content\/uploads\/2026\/02\/Homepage_Kultur_Musiktheater_WESTSIDESTORY_Bild3-845x684.jpg 845w\" sizes=\"auto, (max-width: 495px) 100vw, 495px\" \/><\/div><\/a><a href=\"https:\/\/www.gym-toelz.de\/wp-content\/uploads\/2026\/02\/Homepage_Kultur_Musiktheater_WESTSIDESTORY_Bild2-1030x687.jpg\" data-srcset=\"https:\/\/www.gym-toelz.de\/wp-content\/uploads\/2026\/02\/Homepage_Kultur_Musiktheater_WESTSIDESTORY_Bild2-1030x687.jpg 1030w, https:\/\/www.gym-toelz.de\/wp-content\/uploads\/2026\/02\/Homepage_Kultur_Musiktheater_WESTSIDESTORY_Bild2-300x200.jpg 300w, https:\/\/www.gym-toelz.de\/wp-content\/uploads\/2026\/02\/Homepage_Kultur_Musiktheater_WESTSIDESTORY_Bild2-768x512.jpg 768w, https:\/\/www.gym-toelz.de\/wp-content\/uploads\/2026\/02\/Homepage_Kultur_Musiktheater_WESTSIDESTORY_Bild2-1536x1024.jpg 1536w, https:\/\/www.gym-toelz.de\/wp-content\/uploads\/2026\/02\/Homepage_Kultur_Musiktheater_WESTSIDESTORY_Bild2-2048x1366.jpg 2048w, https:\/\/www.gym-toelz.de\/wp-content\/uploads\/2026\/02\/Homepage_Kultur_Musiktheater_WESTSIDESTORY_Bild2-1500x1000.jpg 1500w, https:\/\/www.gym-toelz.de\/wp-content\/uploads\/2026\/02\/Homepage_Kultur_Musiktheater_WESTSIDESTORY_Bild2-705x470.jpg 705w\" data-sizes=\"(max-width: 1030px) 100vw, 1030px\" data-rel='gallery-3' data-prev-img='https:\/\/www.gym-toelz.de\/wp-content\/uploads\/2026\/02\/Homepage_Kultur_Musiktheater_WESTSIDESTORY_Bild2-495x400.jpg' class='lightbox ' data-onclick='3' title='Homepage_Kultur_Musiktheater_WESTSIDESTORY_Bild2'  itemprop=\"thumbnailUrl\"  ><img decoding=\"async\" fetchpriority=\"high\" class=\"wp-image-3724 avia-img-lazy-loading-not-3724\"   src=\"https:\/\/www.gym-toelz.de\/wp-content\/uploads\/2026\/02\/Homepage_Kultur_Musiktheater_WESTSIDESTORY_Bild2-495x400.jpg\" width=\"495\" height=\"400\"  title='Homepage_Kultur_Musiktheater_WESTSIDESTORY_Bild2' alt='' srcset=\"https:\/\/www.gym-toelz.de\/wp-content\/uploads\/2026\/02\/Homepage_Kultur_Musiktheater_WESTSIDESTORY_Bild2-495x400.jpg 495w, https:\/\/www.gym-toelz.de\/wp-content\/uploads\/2026\/02\/Homepage_Kultur_Musiktheater_WESTSIDESTORY_Bild2-845x684.jpg 845w\" sizes=\"(max-width: 495px) 100vw, 495px\" \/><div class='big-prev-fake'><img decoding=\"async\" loading=\"lazy\" class=\"wp-image-3724 avia-img-lazy-loading-3724\"  width=\"495\" height=\"400\" src=\"https:\/\/www.gym-toelz.de\/wp-content\/uploads\/2026\/02\/Homepage_Kultur_Musiktheater_WESTSIDESTORY_Bild2-495x400.jpg\" title='Homepage_Kultur_Musiktheater_WESTSIDESTORY_Bild2' alt='' srcset=\"https:\/\/www.gym-toelz.de\/wp-content\/uploads\/2026\/02\/Homepage_Kultur_Musiktheater_WESTSIDESTORY_Bild2-495x400.jpg 495w, https:\/\/www.gym-toelz.de\/wp-content\/uploads\/2026\/02\/Homepage_Kultur_Musiktheater_WESTSIDESTORY_Bild2-845x684.jpg 845w\" sizes=\"auto, (max-width: 495px) 100vw, 495px\" \/><\/div><\/a><a href=\"https:\/\/www.gym-toelz.de\/wp-content\/uploads\/2026\/02\/Homepage_Kultur_Musiktheater_WESTSIDESTORY_Bild5-1030x687.jpg\" data-srcset=\"https:\/\/www.gym-toelz.de\/wp-content\/uploads\/2026\/02\/Homepage_Kultur_Musiktheater_WESTSIDESTORY_Bild5-1030x687.jpg 1030w, https:\/\/www.gym-toelz.de\/wp-content\/uploads\/2026\/02\/Homepage_Kultur_Musiktheater_WESTSIDESTORY_Bild5-300x200.jpg 300w, https:\/\/www.gym-toelz.de\/wp-content\/uploads\/2026\/02\/Homepage_Kultur_Musiktheater_WESTSIDESTORY_Bild5-768x512.jpg 768w, https:\/\/www.gym-toelz.de\/wp-content\/uploads\/2026\/02\/Homepage_Kultur_Musiktheater_WESTSIDESTORY_Bild5-1536x1024.jpg 1536w, https:\/\/www.gym-toelz.de\/wp-content\/uploads\/2026\/02\/Homepage_Kultur_Musiktheater_WESTSIDESTORY_Bild5-2048x1365.jpg 2048w, https:\/\/www.gym-toelz.de\/wp-content\/uploads\/2026\/02\/Homepage_Kultur_Musiktheater_WESTSIDESTORY_Bild5-1500x1000.jpg 1500w, https:\/\/www.gym-toelz.de\/wp-content\/uploads\/2026\/02\/Homepage_Kultur_Musiktheater_WESTSIDESTORY_Bild5-705x470.jpg 705w\" data-sizes=\"(max-width: 1030px) 100vw, 1030px\" data-rel='gallery-3' data-prev-img='https:\/\/www.gym-toelz.de\/wp-content\/uploads\/2026\/02\/Homepage_Kultur_Musiktheater_WESTSIDESTORY_Bild5-495x400.jpg' class='lightbox ' data-onclick='4' title='Homepage_Kultur_Musiktheater_WESTSIDESTORY_Bild5'  itemprop=\"thumbnailUrl\"  ><img decoding=\"async\" fetchpriority=\"high\" class=\"wp-image-3709 avia-img-lazy-loading-not-3709\"   src=\"https:\/\/www.gym-toelz.de\/wp-content\/uploads\/2026\/02\/Homepage_Kultur_Musiktheater_WESTSIDESTORY_Bild5-495x400.jpg\" width=\"495\" height=\"400\"  title='Homepage_Kultur_Musiktheater_WESTSIDESTORY_Bild5' alt='' srcset=\"https:\/\/www.gym-toelz.de\/wp-content\/uploads\/2026\/02\/Homepage_Kultur_Musiktheater_WESTSIDESTORY_Bild5-495x400.jpg 495w, https:\/\/www.gym-toelz.de\/wp-content\/uploads\/2026\/02\/Homepage_Kultur_Musiktheater_WESTSIDESTORY_Bild5-845x684.jpg 845w\" sizes=\"(max-width: 495px) 100vw, 495px\" \/><div class='big-prev-fake'><img decoding=\"async\" loading=\"lazy\" class=\"wp-image-3709 avia-img-lazy-loading-3709\"  width=\"495\" height=\"400\" src=\"https:\/\/www.gym-toelz.de\/wp-content\/uploads\/2026\/02\/Homepage_Kultur_Musiktheater_WESTSIDESTORY_Bild5-495x400.jpg\" title='Homepage_Kultur_Musiktheater_WESTSIDESTORY_Bild5' alt='' srcset=\"https:\/\/www.gym-toelz.de\/wp-content\/uploads\/2026\/02\/Homepage_Kultur_Musiktheater_WESTSIDESTORY_Bild5-495x400.jpg 495w, https:\/\/www.gym-toelz.de\/wp-content\/uploads\/2026\/02\/Homepage_Kultur_Musiktheater_WESTSIDESTORY_Bild5-845x684.jpg 845w\" sizes=\"auto, (max-width: 495px) 100vw, 495px\" \/><\/div><\/a><\/div><\/div>\n<div  class='togglecontainer av-d5rq1-b1260be98bf4b2142042f9d7efd45ba6  avia-builder-el-17  el_after_av_gallery  el_before_av_gallery  toggle_close_all' >\n<section class='av_toggle_section av-905x5-75fa4abdb9964e8faa573bee0a9cceb6'  itemscope=\"itemscope\" itemtype=\"https:\/\/schema.org\/CreativeWork\" ><div role=\"tablist\" class=\"single_toggle\" data-tags=\"{Alle} \"  ><p id='toggle-toggle-id-5' data-fake-id='#toggle-id-5' class='toggler  av-title-above '  itemprop=\"headline\"  role='tab' tabindex='0' aria-controls='toggle-id-5' data-slide-speed=\"200\" data-title=\"KRABAT (2019)\" data-title-open=\"\" data-aria_collapsed=\"Click to expand: KRABAT (2019)\" data-aria_expanded=\"Click to collapse: KRABAT (2019)\">KRABAT (2019)<span class=\"toggle_icon\"><span class=\"vert_icon\"><\/span><span class=\"hor_icon\"><\/span><\/span><\/p><div id='toggle-id-5' aria-labelledby='toggle-toggle-id-5' role='region' class='toggle_wrap  av-title-above'  ><div class='toggle_content invers-color '  itemprop=\"text\" ><p>Tanz-Theater-Musik-Akrobatik in Kooperation der der Sing- und Musikschule Bad T\u00f6lz<\/p>\n<p><img decoding=\"async\" class=\"aligncenter wp-image-3716 \" src=\"https:\/\/www.gym-toelz.de\/wp-content\/uploads\/2026\/02\/Homepage_Kultur_Musiktheater_Krabat_Bild1-scaled.jpg\" alt=\"\" width=\"698\" height=\"987\" srcset=\"https:\/\/www.gym-toelz.de\/wp-content\/uploads\/2026\/02\/Homepage_Kultur_Musiktheater_Krabat_Bild1-scaled.jpg 1810w, https:\/\/www.gym-toelz.de\/wp-content\/uploads\/2026\/02\/Homepage_Kultur_Musiktheater_Krabat_Bild1-212x300.jpg 212w, https:\/\/www.gym-toelz.de\/wp-content\/uploads\/2026\/02\/Homepage_Kultur_Musiktheater_Krabat_Bild1-728x1030.jpg 728w, https:\/\/www.gym-toelz.de\/wp-content\/uploads\/2026\/02\/Homepage_Kultur_Musiktheater_Krabat_Bild1-768x1086.jpg 768w, https:\/\/www.gym-toelz.de\/wp-content\/uploads\/2026\/02\/Homepage_Kultur_Musiktheater_Krabat_Bild1-1086x1536.jpg 1086w, https:\/\/www.gym-toelz.de\/wp-content\/uploads\/2026\/02\/Homepage_Kultur_Musiktheater_Krabat_Bild1-1448x2048.jpg 1448w, https:\/\/www.gym-toelz.de\/wp-content\/uploads\/2026\/02\/Homepage_Kultur_Musiktheater_Krabat_Bild1-1061x1500.jpg 1061w, https:\/\/www.gym-toelz.de\/wp-content\/uploads\/2026\/02\/Homepage_Kultur_Musiktheater_Krabat_Bild1-498x705.jpg 498w\" sizes=\"(max-width: 698px) 100vw, 698px\" \/><\/p>\n<p>S\u00fcddeutsche Zeitung 18.7.2019<br \/>\n<a href=\"https:\/\/www.sueddeutsche.de\/muenchen\/wolfratshausen\/auffuehrung-in-bad-toelz-schwarze-magie-im-koselbruch-1.4530888\" target=\"_blank\" rel=\"noopener\">https:\/\/www.sueddeutsche.de\/muenchen\/wolfratshausen\/auffuehrung-in-bad-toelz-schwarze-magie-im-koselbruch-1.4530888<\/a><\/p>\n<p>T\u00f6lzer Merkur 19.7.2019<br \/>\n<a href=\"https:\/\/www.merkur.de\/lokales\/bad-toelz\/bad-toelz-ort28297\/ausverkaufte-premiere-krabat-im-kurhaus-tosender-applaus-fuer-jungen-darsteller-12834870.html\" target=\"_blank\" rel=\"noopener\">https:\/\/www.merkur.de\/lokales\/bad-toelz\/bad-toelz-ort28297\/ausverkaufte-premiere-krabat-im-kurhaus-tosender-applaus-fuer-jungen-darsteller-12834870.html<\/a><\/p>\n<\/div><\/div><\/div><\/section>\n<\/div>\n\n<style type=\"text\/css\" data-created_by=\"avia_inline_auto\" id=\"style-css-av-nhpdt-e354e942e8264fb6cf60e37561c9eee9\">\n#top .avia-gallery.av-nhpdt-e354e942e8264fb6cf60e37561c9eee9 .avia-gallery-thumb a{\nwidth:25%;\n}\n<\/style>\n<div  class='avia-gallery av-nhpdt-e354e942e8264fb6cf60e37561c9eee9 avia_animate_when_visible  avia-builder-el-18  el_after_av_toggle_container  el_before_av_toggle_container  avia_lazyload avia-gallery-animate avia-gallery-4'  itemprop=\"image\" itemscope=\"itemscope\" itemtype=\"https:\/\/schema.org\/ImageObject\" ><meta itemprop=\"contentURL\" content=\"https:\/\/www.gym-toelz.de\/index.php\/angebote-aktivitaeten\/kultur\/\"><div class='avia-gallery-thumb'><a href=\"https:\/\/www.gym-toelz.de\/wp-content\/uploads\/2026\/02\/Homepage_Kultur_Musiktheater_Krabat_Bild3-1030x687.jpg\" data-srcset=\"https:\/\/www.gym-toelz.de\/wp-content\/uploads\/2026\/02\/Homepage_Kultur_Musiktheater_Krabat_Bild3-1030x687.jpg 1030w, https:\/\/www.gym-toelz.de\/wp-content\/uploads\/2026\/02\/Homepage_Kultur_Musiktheater_Krabat_Bild3-300x200.jpg 300w, https:\/\/www.gym-toelz.de\/wp-content\/uploads\/2026\/02\/Homepage_Kultur_Musiktheater_Krabat_Bild3-768x512.jpg 768w, https:\/\/www.gym-toelz.de\/wp-content\/uploads\/2026\/02\/Homepage_Kultur_Musiktheater_Krabat_Bild3-1536x1024.jpg 1536w, https:\/\/www.gym-toelz.de\/wp-content\/uploads\/2026\/02\/Homepage_Kultur_Musiktheater_Krabat_Bild3-2048x1365.jpg 2048w, https:\/\/www.gym-toelz.de\/wp-content\/uploads\/2026\/02\/Homepage_Kultur_Musiktheater_Krabat_Bild3-1500x1000.jpg 1500w, https:\/\/www.gym-toelz.de\/wp-content\/uploads\/2026\/02\/Homepage_Kultur_Musiktheater_Krabat_Bild3-705x470.jpg 705w\" data-sizes=\"(max-width: 1030px) 100vw, 1030px\" data-rel='gallery-4' data-prev-img='https:\/\/www.gym-toelz.de\/wp-content\/uploads\/2026\/02\/Homepage_Kultur_Musiktheater_Krabat_Bild3-495x400.jpg' class='first_thumb lightbox ' data-onclick='1' title='Homepage_Kultur_Musiktheater_Krabat_Bild3'  itemprop=\"thumbnailUrl\"  ><img decoding=\"async\" fetchpriority=\"high\" class=\"wp-image-3718 avia-img-lazy-loading-not-3718\"   src=\"https:\/\/www.gym-toelz.de\/wp-content\/uploads\/2026\/02\/Homepage_Kultur_Musiktheater_Krabat_Bild3-495x400.jpg\" width=\"495\" height=\"400\"  title='Homepage_Kultur_Musiktheater_Krabat_Bild3' alt='' srcset=\"https:\/\/www.gym-toelz.de\/wp-content\/uploads\/2026\/02\/Homepage_Kultur_Musiktheater_Krabat_Bild3-495x400.jpg 495w, https:\/\/www.gym-toelz.de\/wp-content\/uploads\/2026\/02\/Homepage_Kultur_Musiktheater_Krabat_Bild3-845x684.jpg 845w\" sizes=\"(max-width: 495px) 100vw, 495px\" \/><div class='big-prev-fake'><img decoding=\"async\" loading=\"lazy\" class=\"wp-image-3718 avia-img-lazy-loading-3718\"  width=\"495\" height=\"400\" src=\"https:\/\/www.gym-toelz.de\/wp-content\/uploads\/2026\/02\/Homepage_Kultur_Musiktheater_Krabat_Bild3-495x400.jpg\" title='Homepage_Kultur_Musiktheater_Krabat_Bild3' alt='' srcset=\"https:\/\/www.gym-toelz.de\/wp-content\/uploads\/2026\/02\/Homepage_Kultur_Musiktheater_Krabat_Bild3-495x400.jpg 495w, https:\/\/www.gym-toelz.de\/wp-content\/uploads\/2026\/02\/Homepage_Kultur_Musiktheater_Krabat_Bild3-845x684.jpg 845w\" sizes=\"auto, (max-width: 495px) 100vw, 495px\" \/><\/div><\/a><a href=\"https:\/\/www.gym-toelz.de\/wp-content\/uploads\/2026\/02\/Homepage_Kultur_Musiktheater_Krabat_Bild2-1030x686.jpg\" data-srcset=\"https:\/\/www.gym-toelz.de\/wp-content\/uploads\/2026\/02\/Homepage_Kultur_Musiktheater_Krabat_Bild2-1030x686.jpg 1030w, https:\/\/www.gym-toelz.de\/wp-content\/uploads\/2026\/02\/Homepage_Kultur_Musiktheater_Krabat_Bild2-300x200.jpg 300w, https:\/\/www.gym-toelz.de\/wp-content\/uploads\/2026\/02\/Homepage_Kultur_Musiktheater_Krabat_Bild2-768x512.jpg 768w, https:\/\/www.gym-toelz.de\/wp-content\/uploads\/2026\/02\/Homepage_Kultur_Musiktheater_Krabat_Bild2-1536x1024.jpg 1536w, https:\/\/www.gym-toelz.de\/wp-content\/uploads\/2026\/02\/Homepage_Kultur_Musiktheater_Krabat_Bild2-1500x1000.jpg 1500w, https:\/\/www.gym-toelz.de\/wp-content\/uploads\/2026\/02\/Homepage_Kultur_Musiktheater_Krabat_Bild2-705x470.jpg 705w, https:\/\/www.gym-toelz.de\/wp-content\/uploads\/2026\/02\/Homepage_Kultur_Musiktheater_Krabat_Bild2.jpg 1772w\" data-sizes=\"(max-width: 1030px) 100vw, 1030px\" data-rel='gallery-4' data-prev-img='https:\/\/www.gym-toelz.de\/wp-content\/uploads\/2026\/02\/Homepage_Kultur_Musiktheater_Krabat_Bild2-495x400.jpg' class='lightbox ' data-onclick='2' title='Homepage_Kultur_Musiktheater_Krabat_Bild2'  itemprop=\"thumbnailUrl\"  ><img decoding=\"async\" fetchpriority=\"high\" class=\"wp-image-3717 avia-img-lazy-loading-not-3717\"   src=\"https:\/\/www.gym-toelz.de\/wp-content\/uploads\/2026\/02\/Homepage_Kultur_Musiktheater_Krabat_Bild2-495x400.jpg\" width=\"495\" height=\"400\"  title='Homepage_Kultur_Musiktheater_Krabat_Bild2' alt='' srcset=\"https:\/\/www.gym-toelz.de\/wp-content\/uploads\/2026\/02\/Homepage_Kultur_Musiktheater_Krabat_Bild2-495x400.jpg 495w, https:\/\/www.gym-toelz.de\/wp-content\/uploads\/2026\/02\/Homepage_Kultur_Musiktheater_Krabat_Bild2-845x684.jpg 845w\" sizes=\"(max-width: 495px) 100vw, 495px\" \/><div class='big-prev-fake'><img decoding=\"async\" loading=\"lazy\" class=\"wp-image-3717 avia-img-lazy-loading-3717\"  width=\"495\" height=\"400\" src=\"https:\/\/www.gym-toelz.de\/wp-content\/uploads\/2026\/02\/Homepage_Kultur_Musiktheater_Krabat_Bild2-495x400.jpg\" title='Homepage_Kultur_Musiktheater_Krabat_Bild2' alt='' srcset=\"https:\/\/www.gym-toelz.de\/wp-content\/uploads\/2026\/02\/Homepage_Kultur_Musiktheater_Krabat_Bild2-495x400.jpg 495w, https:\/\/www.gym-toelz.de\/wp-content\/uploads\/2026\/02\/Homepage_Kultur_Musiktheater_Krabat_Bild2-845x684.jpg 845w\" sizes=\"auto, (max-width: 495px) 100vw, 495px\" \/><\/div><\/a><a href=\"https:\/\/www.gym-toelz.de\/wp-content\/uploads\/2026\/02\/Homepage_Kultur_Musiktheater_Krabat_Bild1-728x1030.jpg\" data-srcset=\"https:\/\/www.gym-toelz.de\/wp-content\/uploads\/2026\/02\/Homepage_Kultur_Musiktheater_Krabat_Bild1-728x1030.jpg 728w, https:\/\/www.gym-toelz.de\/wp-content\/uploads\/2026\/02\/Homepage_Kultur_Musiktheater_Krabat_Bild1-212x300.jpg 212w, https:\/\/www.gym-toelz.de\/wp-content\/uploads\/2026\/02\/Homepage_Kultur_Musiktheater_Krabat_Bild1-768x1086.jpg 768w, https:\/\/www.gym-toelz.de\/wp-content\/uploads\/2026\/02\/Homepage_Kultur_Musiktheater_Krabat_Bild1-1086x1536.jpg 1086w, https:\/\/www.gym-toelz.de\/wp-content\/uploads\/2026\/02\/Homepage_Kultur_Musiktheater_Krabat_Bild1-1448x2048.jpg 1448w, https:\/\/www.gym-toelz.de\/wp-content\/uploads\/2026\/02\/Homepage_Kultur_Musiktheater_Krabat_Bild1-1061x1500.jpg 1061w, https:\/\/www.gym-toelz.de\/wp-content\/uploads\/2026\/02\/Homepage_Kultur_Musiktheater_Krabat_Bild1-498x705.jpg 498w, https:\/\/www.gym-toelz.de\/wp-content\/uploads\/2026\/02\/Homepage_Kultur_Musiktheater_Krabat_Bild1-scaled.jpg 1810w\" data-sizes=\"(max-width: 728px) 100vw, 728px\" data-rel='gallery-4' data-prev-img='https:\/\/www.gym-toelz.de\/wp-content\/uploads\/2026\/02\/Homepage_Kultur_Musiktheater_Krabat_Bild1-495x400.jpg' class='lightbox ' data-onclick='3' title='Homepage_Kultur_Musiktheater_Krabat_Bild1'  itemprop=\"thumbnailUrl\"  ><img decoding=\"async\" fetchpriority=\"high\" class=\"wp-image-3716 avia-img-lazy-loading-not-3716\"   src=\"https:\/\/www.gym-toelz.de\/wp-content\/uploads\/2026\/02\/Homepage_Kultur_Musiktheater_Krabat_Bild1-495x400.jpg\" width=\"495\" height=\"400\"  title='Homepage_Kultur_Musiktheater_Krabat_Bild1' alt='' srcset=\"https:\/\/www.gym-toelz.de\/wp-content\/uploads\/2026\/02\/Homepage_Kultur_Musiktheater_Krabat_Bild1-495x400.jpg 495w, https:\/\/www.gym-toelz.de\/wp-content\/uploads\/2026\/02\/Homepage_Kultur_Musiktheater_Krabat_Bild1-845x684.jpg 845w\" sizes=\"(max-width: 495px) 100vw, 495px\" \/><div class='big-prev-fake'><img decoding=\"async\" loading=\"lazy\" class=\"wp-image-3716 avia-img-lazy-loading-3716\"  width=\"495\" height=\"400\" src=\"https:\/\/www.gym-toelz.de\/wp-content\/uploads\/2026\/02\/Homepage_Kultur_Musiktheater_Krabat_Bild1-495x400.jpg\" title='Homepage_Kultur_Musiktheater_Krabat_Bild1' alt='' srcset=\"https:\/\/www.gym-toelz.de\/wp-content\/uploads\/2026\/02\/Homepage_Kultur_Musiktheater_Krabat_Bild1-495x400.jpg 495w, https:\/\/www.gym-toelz.de\/wp-content\/uploads\/2026\/02\/Homepage_Kultur_Musiktheater_Krabat_Bild1-845x684.jpg 845w\" sizes=\"auto, (max-width: 495px) 100vw, 495px\" \/><\/div><\/a><a href=\"https:\/\/www.gym-toelz.de\/wp-content\/uploads\/2026\/02\/Jahresbericht2020_Emmler_Krabat_bild4-1030x686.jpg\" data-srcset=\"https:\/\/www.gym-toelz.de\/wp-content\/uploads\/2026\/02\/Jahresbericht2020_Emmler_Krabat_bild4-1030x686.jpg 1030w, https:\/\/www.gym-toelz.de\/wp-content\/uploads\/2026\/02\/Jahresbericht2020_Emmler_Krabat_bild4-300x200.jpg 300w, https:\/\/www.gym-toelz.de\/wp-content\/uploads\/2026\/02\/Jahresbericht2020_Emmler_Krabat_bild4-768x512.jpg 768w, https:\/\/www.gym-toelz.de\/wp-content\/uploads\/2026\/02\/Jahresbericht2020_Emmler_Krabat_bild4-1536x1024.jpg 1536w, https:\/\/www.gym-toelz.de\/wp-content\/uploads\/2026\/02\/Jahresbericht2020_Emmler_Krabat_bild4-1500x1000.jpg 1500w, https:\/\/www.gym-toelz.de\/wp-content\/uploads\/2026\/02\/Jahresbericht2020_Emmler_Krabat_bild4-705x470.jpg 705w, https:\/\/www.gym-toelz.de\/wp-content\/uploads\/2026\/02\/Jahresbericht2020_Emmler_Krabat_bild4.jpg 1772w\" data-sizes=\"(max-width: 1030px) 100vw, 1030px\" data-rel='gallery-4' data-prev-img='https:\/\/www.gym-toelz.de\/wp-content\/uploads\/2026\/02\/Jahresbericht2020_Emmler_Krabat_bild4-495x400.jpg' class='lightbox ' data-onclick='4' title='Jahresbericht2020_Emmler_Krabat_bild4'  itemprop=\"thumbnailUrl\"  ><img decoding=\"async\" fetchpriority=\"high\" class=\"wp-image-3815 avia-img-lazy-loading-not-3815\"   src=\"https:\/\/www.gym-toelz.de\/wp-content\/uploads\/2026\/02\/Jahresbericht2020_Emmler_Krabat_bild4-495x400.jpg\" width=\"495\" height=\"400\"  title='Jahresbericht2020_Emmler_Krabat_bild4' alt='' srcset=\"https:\/\/www.gym-toelz.de\/wp-content\/uploads\/2026\/02\/Jahresbericht2020_Emmler_Krabat_bild4-495x400.jpg 495w, https:\/\/www.gym-toelz.de\/wp-content\/uploads\/2026\/02\/Jahresbericht2020_Emmler_Krabat_bild4-845x684.jpg 845w\" sizes=\"(max-width: 495px) 100vw, 495px\" \/><div class='big-prev-fake'><img decoding=\"async\" loading=\"lazy\" class=\"wp-image-3815 avia-img-lazy-loading-3815\"  width=\"495\" height=\"400\" src=\"https:\/\/www.gym-toelz.de\/wp-content\/uploads\/2026\/02\/Jahresbericht2020_Emmler_Krabat_bild4-495x400.jpg\" title='Jahresbericht2020_Emmler_Krabat_bild4' alt='' srcset=\"https:\/\/www.gym-toelz.de\/wp-content\/uploads\/2026\/02\/Jahresbericht2020_Emmler_Krabat_bild4-495x400.jpg 495w, https:\/\/www.gym-toelz.de\/wp-content\/uploads\/2026\/02\/Jahresbericht2020_Emmler_Krabat_bild4-845x684.jpg 845w\" sizes=\"auto, (max-width: 495px) 100vw, 495px\" \/><\/div><\/a><\/div><\/div>\n<div  class='togglecontainer av-mljjhxj4-903b9a21bfa87cc26a6c9e938ededcac  avia-builder-el-19  el_after_av_gallery  el_before_av_gallery  toggle_close_all' >\n<section class='av_toggle_section av-mljjoy5h-445c58e7c3aad7ee993a62badf68f490'  itemscope=\"itemscope\" itemtype=\"https:\/\/schema.org\/CreativeWork\" ><div role=\"tablist\" class=\"single_toggle\" data-tags=\"{Alle} \"  ><p id='toggle-toggle-id-6' data-fake-id='#toggle-id-6' class='toggler  av-title-above '  itemprop=\"headline\"  role='tab' tabindex='0' aria-controls='toggle-id-6' data-slide-speed=\"200\" data-title=\"HEXENMEISTER (2018)\" data-title-open=\"\" data-aria_collapsed=\"Click to expand: HEXENMEISTER (2018)\" data-aria_expanded=\"Click to collapse: HEXENMEISTER (2018)\">HEXENMEISTER (2018)<span class=\"toggle_icon\"><span class=\"vert_icon\"><\/span><span class=\"hor_icon\"><\/span><\/span><\/p><div id='toggle-id-6' aria-labelledby='toggle-toggle-id-6' role='region' class='toggle_wrap  av-title-above'  ><div class='toggle_content invers-color '  itemprop=\"text\" ><p>Tanz-Theater-Musik-Akrobatik in Kooperation der der Sing- und Musikschule Bad T\u00f6lz<\/p>\n<p><img decoding=\"async\" class=\"aligncenter wp-image-3818 \" src=\"https:\/\/www.gym-toelz.de\/wp-content\/uploads\/2026\/02\/Homepage_Kultur_Musiktheater_Hexenmeister_Bild3-scaled.jpeg\" alt=\"\" width=\"635\" height=\"898\" srcset=\"https:\/\/www.gym-toelz.de\/wp-content\/uploads\/2026\/02\/Homepage_Kultur_Musiktheater_Hexenmeister_Bild3-scaled.jpeg 1810w, https:\/\/www.gym-toelz.de\/wp-content\/uploads\/2026\/02\/Homepage_Kultur_Musiktheater_Hexenmeister_Bild3-212x300.jpeg 212w, https:\/\/www.gym-toelz.de\/wp-content\/uploads\/2026\/02\/Homepage_Kultur_Musiktheater_Hexenmeister_Bild3-728x1030.jpeg 728w, https:\/\/www.gym-toelz.de\/wp-content\/uploads\/2026\/02\/Homepage_Kultur_Musiktheater_Hexenmeister_Bild3-768x1086.jpeg 768w, https:\/\/www.gym-toelz.de\/wp-content\/uploads\/2026\/02\/Homepage_Kultur_Musiktheater_Hexenmeister_Bild3-1086x1536.jpeg 1086w, https:\/\/www.gym-toelz.de\/wp-content\/uploads\/2026\/02\/Homepage_Kultur_Musiktheater_Hexenmeister_Bild3-1448x2048.jpeg 1448w, https:\/\/www.gym-toelz.de\/wp-content\/uploads\/2026\/02\/Homepage_Kultur_Musiktheater_Hexenmeister_Bild3-1061x1500.jpeg 1061w, https:\/\/www.gym-toelz.de\/wp-content\/uploads\/2026\/02\/Homepage_Kultur_Musiktheater_Hexenmeister_Bild3-499x705.jpeg 499w\" sizes=\"(max-width: 635px) 100vw, 635px\" \/><\/p>\n<p>S\u00fcddeutsche Zeitung 26.7.2018<br \/>\n<a href=\"https:\/\/www.sueddeutsche.de\/muenchen\/wolfratshausen\/gabriel-von-seidl-gymnasium-ambitioniert-1.4070875\" target=\"_blank\" rel=\"noopener\">https:\/\/www.sueddeutsche.de\/muenchen\/wolfratshausen\/gabriel-von-seidl-gymnasium-ambitioniert-1.4070875<\/a><\/p>\n<\/div><\/div><\/div><\/section>\n<\/div>\n\n<style type=\"text\/css\" data-created_by=\"avia_inline_auto\" id=\"style-css-av-agqo1-9a828bf8c08dfb21e951ae5678394eb9\">\n#top .avia-gallery.av-agqo1-9a828bf8c08dfb21e951ae5678394eb9 .avia-gallery-thumb a{\nwidth:25%;\n}\n<\/style>\n<div  class='avia-gallery av-agqo1-9a828bf8c08dfb21e951ae5678394eb9 avia_animate_when_visible  avia-builder-el-20  el_after_av_toggle_container  el_before_av_toggle_container  avia_lazyload avia-gallery-animate avia-gallery-5'  itemprop=\"image\" itemscope=\"itemscope\" itemtype=\"https:\/\/schema.org\/ImageObject\" ><meta itemprop=\"contentURL\" content=\"https:\/\/www.gym-toelz.de\/index.php\/angebote-aktivitaeten\/kultur\/\"><div class='avia-gallery-thumb'><a href=\"https:\/\/www.gym-toelz.de\/wp-content\/uploads\/2026\/02\/Homepage_Kultur_Hexenmeister_Bild5-1030x686.jpeg\" data-srcset=\"https:\/\/www.gym-toelz.de\/wp-content\/uploads\/2026\/02\/Homepage_Kultur_Hexenmeister_Bild5-1030x686.jpeg 1030w, https:\/\/www.gym-toelz.de\/wp-content\/uploads\/2026\/02\/Homepage_Kultur_Hexenmeister_Bild5-300x200.jpeg 300w, https:\/\/www.gym-toelz.de\/wp-content\/uploads\/2026\/02\/Homepage_Kultur_Hexenmeister_Bild5-768x512.jpeg 768w, https:\/\/www.gym-toelz.de\/wp-content\/uploads\/2026\/02\/Homepage_Kultur_Hexenmeister_Bild5-1536x1024.jpeg 1536w, https:\/\/www.gym-toelz.de\/wp-content\/uploads\/2026\/02\/Homepage_Kultur_Hexenmeister_Bild5-1500x1000.jpeg 1500w, https:\/\/www.gym-toelz.de\/wp-content\/uploads\/2026\/02\/Homepage_Kultur_Hexenmeister_Bild5-705x470.jpeg 705w, https:\/\/www.gym-toelz.de\/wp-content\/uploads\/2026\/02\/Homepage_Kultur_Hexenmeister_Bild5.jpeg 2000w\" data-sizes=\"(max-width: 1030px) 100vw, 1030px\" data-rel='gallery-5' data-prev-img='https:\/\/www.gym-toelz.de\/wp-content\/uploads\/2026\/02\/Homepage_Kultur_Hexenmeister_Bild5-495x400.jpeg' class='first_thumb lightbox ' data-onclick='1' title='Homepage_Kultur_Hexenmeister_Bild5'  itemprop=\"thumbnailUrl\"  ><img decoding=\"async\" fetchpriority=\"high\" class=\"wp-image-3817 avia-img-lazy-loading-not-3817\"   src=\"https:\/\/www.gym-toelz.de\/wp-content\/uploads\/2026\/02\/Homepage_Kultur_Hexenmeister_Bild5-495x400.jpeg\" width=\"495\" height=\"400\"  title='Homepage_Kultur_Hexenmeister_Bild5' alt='' srcset=\"https:\/\/www.gym-toelz.de\/wp-content\/uploads\/2026\/02\/Homepage_Kultur_Hexenmeister_Bild5-495x400.jpeg 495w, https:\/\/www.gym-toelz.de\/wp-content\/uploads\/2026\/02\/Homepage_Kultur_Hexenmeister_Bild5-845x684.jpeg 845w\" sizes=\"(max-width: 495px) 100vw, 495px\" \/><div class='big-prev-fake'><img decoding=\"async\" loading=\"lazy\" class=\"wp-image-3817 avia-img-lazy-loading-3817\"  width=\"495\" height=\"400\" src=\"https:\/\/www.gym-toelz.de\/wp-content\/uploads\/2026\/02\/Homepage_Kultur_Hexenmeister_Bild5-495x400.jpeg\" title='Homepage_Kultur_Hexenmeister_Bild5' alt='' srcset=\"https:\/\/www.gym-toelz.de\/wp-content\/uploads\/2026\/02\/Homepage_Kultur_Hexenmeister_Bild5-495x400.jpeg 495w, https:\/\/www.gym-toelz.de\/wp-content\/uploads\/2026\/02\/Homepage_Kultur_Hexenmeister_Bild5-845x684.jpeg 845w\" sizes=\"auto, (max-width: 495px) 100vw, 495px\" \/><\/div><\/a><a href=\"https:\/\/www.gym-toelz.de\/wp-content\/uploads\/2026\/02\/Homepage_Kultur_Musiktheater_Hexenmeister_Bild3-728x1030.jpeg\" data-srcset=\"https:\/\/www.gym-toelz.de\/wp-content\/uploads\/2026\/02\/Homepage_Kultur_Musiktheater_Hexenmeister_Bild3-728x1030.jpeg 728w, https:\/\/www.gym-toelz.de\/wp-content\/uploads\/2026\/02\/Homepage_Kultur_Musiktheater_Hexenmeister_Bild3-212x300.jpeg 212w, https:\/\/www.gym-toelz.de\/wp-content\/uploads\/2026\/02\/Homepage_Kultur_Musiktheater_Hexenmeister_Bild3-768x1086.jpeg 768w, https:\/\/www.gym-toelz.de\/wp-content\/uploads\/2026\/02\/Homepage_Kultur_Musiktheater_Hexenmeister_Bild3-1086x1536.jpeg 1086w, https:\/\/www.gym-toelz.de\/wp-content\/uploads\/2026\/02\/Homepage_Kultur_Musiktheater_Hexenmeister_Bild3-1448x2048.jpeg 1448w, https:\/\/www.gym-toelz.de\/wp-content\/uploads\/2026\/02\/Homepage_Kultur_Musiktheater_Hexenmeister_Bild3-1061x1500.jpeg 1061w, https:\/\/www.gym-toelz.de\/wp-content\/uploads\/2026\/02\/Homepage_Kultur_Musiktheater_Hexenmeister_Bild3-499x705.jpeg 499w, https:\/\/www.gym-toelz.de\/wp-content\/uploads\/2026\/02\/Homepage_Kultur_Musiktheater_Hexenmeister_Bild3-scaled.jpeg 1810w\" data-sizes=\"(max-width: 728px) 100vw, 728px\" data-rel='gallery-5' data-prev-img='https:\/\/www.gym-toelz.de\/wp-content\/uploads\/2026\/02\/Homepage_Kultur_Musiktheater_Hexenmeister_Bild3-495x400.jpeg' class='lightbox ' data-onclick='2' title='Homepage_Kultur_Musiktheater_Hexenmeister_Bild3'  itemprop=\"thumbnailUrl\"  ><img decoding=\"async\" fetchpriority=\"high\" class=\"wp-image-3818 avia-img-lazy-loading-not-3818\"   src=\"https:\/\/www.gym-toelz.de\/wp-content\/uploads\/2026\/02\/Homepage_Kultur_Musiktheater_Hexenmeister_Bild3-495x400.jpeg\" width=\"495\" height=\"400\"  title='Homepage_Kultur_Musiktheater_Hexenmeister_Bild3' alt='' srcset=\"https:\/\/www.gym-toelz.de\/wp-content\/uploads\/2026\/02\/Homepage_Kultur_Musiktheater_Hexenmeister_Bild3-495x400.jpeg 495w, https:\/\/www.gym-toelz.de\/wp-content\/uploads\/2026\/02\/Homepage_Kultur_Musiktheater_Hexenmeister_Bild3-845x684.jpeg 845w\" sizes=\"(max-width: 495px) 100vw, 495px\" \/><div class='big-prev-fake'><img decoding=\"async\" loading=\"lazy\" class=\"wp-image-3818 avia-img-lazy-loading-3818\"  width=\"495\" height=\"400\" src=\"https:\/\/www.gym-toelz.de\/wp-content\/uploads\/2026\/02\/Homepage_Kultur_Musiktheater_Hexenmeister_Bild3-495x400.jpeg\" title='Homepage_Kultur_Musiktheater_Hexenmeister_Bild3' alt='' srcset=\"https:\/\/www.gym-toelz.de\/wp-content\/uploads\/2026\/02\/Homepage_Kultur_Musiktheater_Hexenmeister_Bild3-495x400.jpeg 495w, https:\/\/www.gym-toelz.de\/wp-content\/uploads\/2026\/02\/Homepage_Kultur_Musiktheater_Hexenmeister_Bild3-845x684.jpeg 845w\" sizes=\"auto, (max-width: 495px) 100vw, 495px\" \/><\/div><\/a><a href=\"https:\/\/www.gym-toelz.de\/wp-content\/uploads\/2026\/02\/Homepage_Kultur_Musiktheater_Hexenmeister_Bild2-1030x702.jpeg\" data-srcset=\"https:\/\/www.gym-toelz.de\/wp-content\/uploads\/2026\/02\/Homepage_Kultur_Musiktheater_Hexenmeister_Bild2-1030x702.jpeg 1030w, https:\/\/www.gym-toelz.de\/wp-content\/uploads\/2026\/02\/Homepage_Kultur_Musiktheater_Hexenmeister_Bild2-300x204.jpeg 300w, https:\/\/www.gym-toelz.de\/wp-content\/uploads\/2026\/02\/Homepage_Kultur_Musiktheater_Hexenmeister_Bild2-768x524.jpeg 768w, https:\/\/www.gym-toelz.de\/wp-content\/uploads\/2026\/02\/Homepage_Kultur_Musiktheater_Hexenmeister_Bild2-1536x1047.jpeg 1536w, https:\/\/www.gym-toelz.de\/wp-content\/uploads\/2026\/02\/Homepage_Kultur_Musiktheater_Hexenmeister_Bild2-1500x1022.jpeg 1500w, https:\/\/www.gym-toelz.de\/wp-content\/uploads\/2026\/02\/Homepage_Kultur_Musiktheater_Hexenmeister_Bild2-705x481.jpeg 705w, https:\/\/www.gym-toelz.de\/wp-content\/uploads\/2026\/02\/Homepage_Kultur_Musiktheater_Hexenmeister_Bild2.jpeg 2048w\" data-sizes=\"(max-width: 1030px) 100vw, 1030px\" data-rel='gallery-5' data-prev-img='https:\/\/www.gym-toelz.de\/wp-content\/uploads\/2026\/02\/Homepage_Kultur_Musiktheater_Hexenmeister_Bild2-495x400.jpeg' class='lightbox ' data-onclick='3' title='Homepage_Kultur_Musiktheater_Hexenmeister_Bild2'  itemprop=\"thumbnailUrl\"  ><img decoding=\"async\" fetchpriority=\"high\" class=\"wp-image-3715 avia-img-lazy-loading-not-3715\"   src=\"https:\/\/www.gym-toelz.de\/wp-content\/uploads\/2026\/02\/Homepage_Kultur_Musiktheater_Hexenmeister_Bild2-495x400.jpeg\" width=\"495\" height=\"400\"  title='Homepage_Kultur_Musiktheater_Hexenmeister_Bild2' alt='' srcset=\"https:\/\/www.gym-toelz.de\/wp-content\/uploads\/2026\/02\/Homepage_Kultur_Musiktheater_Hexenmeister_Bild2-495x400.jpeg 495w, https:\/\/www.gym-toelz.de\/wp-content\/uploads\/2026\/02\/Homepage_Kultur_Musiktheater_Hexenmeister_Bild2-845x684.jpeg 845w\" sizes=\"(max-width: 495px) 100vw, 495px\" \/><div class='big-prev-fake'><img decoding=\"async\" loading=\"lazy\" class=\"wp-image-3715 avia-img-lazy-loading-3715\"  width=\"495\" height=\"400\" src=\"https:\/\/www.gym-toelz.de\/wp-content\/uploads\/2026\/02\/Homepage_Kultur_Musiktheater_Hexenmeister_Bild2-495x400.jpeg\" title='Homepage_Kultur_Musiktheater_Hexenmeister_Bild2' alt='' srcset=\"https:\/\/www.gym-toelz.de\/wp-content\/uploads\/2026\/02\/Homepage_Kultur_Musiktheater_Hexenmeister_Bild2-495x400.jpeg 495w, https:\/\/www.gym-toelz.de\/wp-content\/uploads\/2026\/02\/Homepage_Kultur_Musiktheater_Hexenmeister_Bild2-845x684.jpeg 845w\" sizes=\"auto, (max-width: 495px) 100vw, 495px\" \/><\/div><\/a><a href=\"https:\/\/www.gym-toelz.de\/wp-content\/uploads\/2026\/02\/Homepage_Kultur_Musiktheater_Hexenmeister_Bild4-1030x686.jpeg\" data-srcset=\"https:\/\/www.gym-toelz.de\/wp-content\/uploads\/2026\/02\/Homepage_Kultur_Musiktheater_Hexenmeister_Bild4-1030x686.jpeg 1030w, https:\/\/www.gym-toelz.de\/wp-content\/uploads\/2026\/02\/Homepage_Kultur_Musiktheater_Hexenmeister_Bild4-300x200.jpeg 300w, https:\/\/www.gym-toelz.de\/wp-content\/uploads\/2026\/02\/Homepage_Kultur_Musiktheater_Hexenmeister_Bild4-768x512.jpeg 768w, https:\/\/www.gym-toelz.de\/wp-content\/uploads\/2026\/02\/Homepage_Kultur_Musiktheater_Hexenmeister_Bild4-1536x1024.jpeg 1536w, https:\/\/www.gym-toelz.de\/wp-content\/uploads\/2026\/02\/Homepage_Kultur_Musiktheater_Hexenmeister_Bild4-1500x1000.jpeg 1500w, https:\/\/www.gym-toelz.de\/wp-content\/uploads\/2026\/02\/Homepage_Kultur_Musiktheater_Hexenmeister_Bild4-705x470.jpeg 705w, https:\/\/www.gym-toelz.de\/wp-content\/uploads\/2026\/02\/Homepage_Kultur_Musiktheater_Hexenmeister_Bild4.jpeg 2000w\" data-sizes=\"(max-width: 1030px) 100vw, 1030px\" data-rel='gallery-5' data-prev-img='https:\/\/www.gym-toelz.de\/wp-content\/uploads\/2026\/02\/Homepage_Kultur_Musiktheater_Hexenmeister_Bild4-495x400.jpeg' class='lightbox ' data-onclick='4' title='Homepage_Kultur_Musiktheater_Hexenmeister_Bild4'  itemprop=\"thumbnailUrl\"  ><img decoding=\"async\" fetchpriority=\"high\" class=\"wp-image-3819 avia-img-lazy-loading-not-3819\"   src=\"https:\/\/www.gym-toelz.de\/wp-content\/uploads\/2026\/02\/Homepage_Kultur_Musiktheater_Hexenmeister_Bild4-495x400.jpeg\" width=\"495\" height=\"400\"  title='Homepage_Kultur_Musiktheater_Hexenmeister_Bild4' alt='' srcset=\"https:\/\/www.gym-toelz.de\/wp-content\/uploads\/2026\/02\/Homepage_Kultur_Musiktheater_Hexenmeister_Bild4-495x400.jpeg 495w, https:\/\/www.gym-toelz.de\/wp-content\/uploads\/2026\/02\/Homepage_Kultur_Musiktheater_Hexenmeister_Bild4-845x684.jpeg 845w\" sizes=\"(max-width: 495px) 100vw, 495px\" \/><div class='big-prev-fake'><img decoding=\"async\" loading=\"lazy\" class=\"wp-image-3819 avia-img-lazy-loading-3819\"  width=\"495\" height=\"400\" src=\"https:\/\/www.gym-toelz.de\/wp-content\/uploads\/2026\/02\/Homepage_Kultur_Musiktheater_Hexenmeister_Bild4-495x400.jpeg\" title='Homepage_Kultur_Musiktheater_Hexenmeister_Bild4' alt='' srcset=\"https:\/\/www.gym-toelz.de\/wp-content\/uploads\/2026\/02\/Homepage_Kultur_Musiktheater_Hexenmeister_Bild4-495x400.jpeg 495w, https:\/\/www.gym-toelz.de\/wp-content\/uploads\/2026\/02\/Homepage_Kultur_Musiktheater_Hexenmeister_Bild4-845x684.jpeg 845w\" sizes=\"auto, (max-width: 495px) 100vw, 495px\" \/><\/div><\/a><\/div><\/div>\n<div  class='togglecontainer av-mljjiazk-5f8614a7eb7cc082261664b96e5f791c  avia-builder-el-21  el_after_av_gallery  el_before_av_gallery  toggle_close_all' >\n<section class='av_toggle_section av-mljjr37w-18b13812a7b2a36b246f6cd14be9eb07'  itemscope=\"itemscope\" itemtype=\"https:\/\/schema.org\/CreativeWork\" ><div role=\"tablist\" class=\"single_toggle\" data-tags=\"{Alle} \"  ><p id='toggle-toggle-id-7' data-fake-id='#toggle-id-7' class='toggler  av-title-above '  itemprop=\"headline\"  role='tab' tabindex='0' aria-controls='toggle-id-7' data-slide-speed=\"200\" data-title=\"Musical ANATEVKA (2017)\" data-title-open=\"\" data-aria_collapsed=\"Click to expand: Musical ANATEVKA (2017)\" data-aria_expanded=\"Click to collapse: Musical ANATEVKA (2017)\">Musical ANATEVKA (2017)<span class=\"toggle_icon\"><span class=\"vert_icon\"><\/span><span class=\"hor_icon\"><\/span><\/span><\/p><div id='toggle-id-7' aria-labelledby='toggle-toggle-id-7' role='region' class='toggle_wrap  av-title-above'  ><div class='toggle_content invers-color '  itemprop=\"text\" ><p>Kooperationsprojekt mit der Sing- und Musikschule Bad T\u00f6lz anl\u00e4sslich des f\u00fcnfzigj\u00e4hrigen Bestehens der Musikschule<\/p>\n<p><img decoding=\"async\" class=\"aligncenter wp-image-3863 \" src=\"https:\/\/www.gym-toelz.de\/wp-content\/uploads\/2026\/02\/Homepage_Kultur_Musiktheater_Anatevka_plakat-scaled.jpeg\" alt=\"\" width=\"558\" height=\"788\" srcset=\"https:\/\/www.gym-toelz.de\/wp-content\/uploads\/2026\/02\/Homepage_Kultur_Musiktheater_Anatevka_plakat-scaled.jpeg 1812w, https:\/\/www.gym-toelz.de\/wp-content\/uploads\/2026\/02\/Homepage_Kultur_Musiktheater_Anatevka_plakat-212x300.jpeg 212w, https:\/\/www.gym-toelz.de\/wp-content\/uploads\/2026\/02\/Homepage_Kultur_Musiktheater_Anatevka_plakat-729x1030.jpeg 729w, https:\/\/www.gym-toelz.de\/wp-content\/uploads\/2026\/02\/Homepage_Kultur_Musiktheater_Anatevka_plakat-768x1085.jpeg 768w, https:\/\/www.gym-toelz.de\/wp-content\/uploads\/2026\/02\/Homepage_Kultur_Musiktheater_Anatevka_plakat-1087x1536.jpeg 1087w, https:\/\/www.gym-toelz.de\/wp-content\/uploads\/2026\/02\/Homepage_Kultur_Musiktheater_Anatevka_plakat-1450x2048.jpeg 1450w, https:\/\/www.gym-toelz.de\/wp-content\/uploads\/2026\/02\/Homepage_Kultur_Musiktheater_Anatevka_plakat-1062x1500.jpeg 1062w, https:\/\/www.gym-toelz.de\/wp-content\/uploads\/2026\/02\/Homepage_Kultur_Musiktheater_Anatevka_plakat-499x705.jpeg 499w\" sizes=\"(max-width: 558px) 100vw, 558px\" \/><\/p>\n<p>S\u00fcddeutsche Zeitung 16.3.2017<br \/>\n<a href=\"https:\/\/www.sueddeutsche.de\/muenchen\/wolfratshausen\/bad-toelz-ganz-grosses-theater-1.3423335\" target=\"_blank\" rel=\"noopener\">https:\/\/www.sueddeutsche.de\/muenchen\/wolfratshausen\/bad-toelz-ganz-grosses-theater-1.3423335<\/a><\/p>\n<\/div><\/div><\/div><\/section>\n<\/div>\n\n<style type=\"text\/css\" data-created_by=\"avia_inline_auto\" id=\"style-css-av-6sa5d-0113ee4eb2263331baf7c9d9cd01eb26\">\n#top .avia-gallery.av-6sa5d-0113ee4eb2263331baf7c9d9cd01eb26 .avia-gallery-thumb a{\nwidth:25%;\n}\n<\/style>\n<div  class='avia-gallery av-6sa5d-0113ee4eb2263331baf7c9d9cd01eb26 avia_animate_when_visible  avia-builder-el-22  el_after_av_toggle_container  el_before_av_hr  avia_lazyload avia-gallery-animate avia-gallery-6'  itemprop=\"image\" itemscope=\"itemscope\" itemtype=\"https:\/\/schema.org\/ImageObject\" ><meta itemprop=\"contentURL\" content=\"https:\/\/www.gym-toelz.de\/index.php\/angebote-aktivitaeten\/kultur\/\"><div class='avia-gallery-thumb'><a href=\"https:\/\/www.gym-toelz.de\/wp-content\/uploads\/2026\/02\/Homepage_Kultur_Musiktheater_Anatevka_Bild2-1030x760.jpeg\" data-srcset=\"https:\/\/www.gym-toelz.de\/wp-content\/uploads\/2026\/02\/Homepage_Kultur_Musiktheater_Anatevka_Bild2-1030x760.jpeg 1030w, https:\/\/www.gym-toelz.de\/wp-content\/uploads\/2026\/02\/Homepage_Kultur_Musiktheater_Anatevka_Bild2-300x221.jpeg 300w, https:\/\/www.gym-toelz.de\/wp-content\/uploads\/2026\/02\/Homepage_Kultur_Musiktheater_Anatevka_Bild2-768x567.jpeg 768w, https:\/\/www.gym-toelz.de\/wp-content\/uploads\/2026\/02\/Homepage_Kultur_Musiktheater_Anatevka_Bild2-1536x1133.jpeg 1536w, https:\/\/www.gym-toelz.de\/wp-content\/uploads\/2026\/02\/Homepage_Kultur_Musiktheater_Anatevka_Bild2-1500x1107.jpeg 1500w, https:\/\/www.gym-toelz.de\/wp-content\/uploads\/2026\/02\/Homepage_Kultur_Musiktheater_Anatevka_Bild2-705x520.jpeg 705w, https:\/\/www.gym-toelz.de\/wp-content\/uploads\/2026\/02\/Homepage_Kultur_Musiktheater_Anatevka_Bild2.jpeg 2048w\" data-sizes=\"(max-width: 1030px) 100vw, 1030px\" data-rel='gallery-6' data-prev-img='https:\/\/www.gym-toelz.de\/wp-content\/uploads\/2026\/02\/Homepage_Kultur_Musiktheater_Anatevka_Bild2-495x400.jpeg' class='first_thumb lightbox ' data-onclick='1' title='Homepage_Kultur_Musiktheater_Anatevka_Bild2'  itemprop=\"thumbnailUrl\"  ><img decoding=\"async\" fetchpriority=\"high\" class=\"wp-image-3712 avia-img-lazy-loading-not-3712\"   src=\"https:\/\/www.gym-toelz.de\/wp-content\/uploads\/2026\/02\/Homepage_Kultur_Musiktheater_Anatevka_Bild2-495x400.jpeg\" width=\"495\" height=\"400\"  title='Homepage_Kultur_Musiktheater_Anatevka_Bild2' alt='' srcset=\"https:\/\/www.gym-toelz.de\/wp-content\/uploads\/2026\/02\/Homepage_Kultur_Musiktheater_Anatevka_Bild2-495x400.jpeg 495w, https:\/\/www.gym-toelz.de\/wp-content\/uploads\/2026\/02\/Homepage_Kultur_Musiktheater_Anatevka_Bild2-845x684.jpeg 845w\" sizes=\"(max-width: 495px) 100vw, 495px\" \/><div class='big-prev-fake'><img decoding=\"async\" loading=\"lazy\" class=\"wp-image-3712 avia-img-lazy-loading-3712\"  width=\"495\" height=\"400\" src=\"https:\/\/www.gym-toelz.de\/wp-content\/uploads\/2026\/02\/Homepage_Kultur_Musiktheater_Anatevka_Bild2-495x400.jpeg\" title='Homepage_Kultur_Musiktheater_Anatevka_Bild2' alt='' srcset=\"https:\/\/www.gym-toelz.de\/wp-content\/uploads\/2026\/02\/Homepage_Kultur_Musiktheater_Anatevka_Bild2-495x400.jpeg 495w, https:\/\/www.gym-toelz.de\/wp-content\/uploads\/2026\/02\/Homepage_Kultur_Musiktheater_Anatevka_Bild2-845x684.jpeg 845w\" sizes=\"auto, (max-width: 495px) 100vw, 495px\" \/><\/div><\/a><a href=\"https:\/\/www.gym-toelz.de\/wp-content\/uploads\/2026\/02\/Homepage_Kultur_Musiktheater_Anatevka_Bild3-1030x657.jpeg\" data-srcset=\"https:\/\/www.gym-toelz.de\/wp-content\/uploads\/2026\/02\/Homepage_Kultur_Musiktheater_Anatevka_Bild3-1030x657.jpeg 1030w, https:\/\/www.gym-toelz.de\/wp-content\/uploads\/2026\/02\/Homepage_Kultur_Musiktheater_Anatevka_Bild3-300x191.jpeg 300w, https:\/\/www.gym-toelz.de\/wp-content\/uploads\/2026\/02\/Homepage_Kultur_Musiktheater_Anatevka_Bild3-768x490.jpeg 768w, https:\/\/www.gym-toelz.de\/wp-content\/uploads\/2026\/02\/Homepage_Kultur_Musiktheater_Anatevka_Bild3-1536x980.jpeg 1536w, https:\/\/www.gym-toelz.de\/wp-content\/uploads\/2026\/02\/Homepage_Kultur_Musiktheater_Anatevka_Bild3-1500x957.jpeg 1500w, https:\/\/www.gym-toelz.de\/wp-content\/uploads\/2026\/02\/Homepage_Kultur_Musiktheater_Anatevka_Bild3-705x450.jpeg 705w, https:\/\/www.gym-toelz.de\/wp-content\/uploads\/2026\/02\/Homepage_Kultur_Musiktheater_Anatevka_Bild3.jpeg 2048w\" data-sizes=\"(max-width: 1030px) 100vw, 1030px\" data-rel='gallery-6' data-prev-img='https:\/\/www.gym-toelz.de\/wp-content\/uploads\/2026\/02\/Homepage_Kultur_Musiktheater_Anatevka_Bild3-495x400.jpeg' class='lightbox ' data-onclick='2' title='Homepage_Kultur_Musiktheater_Anatevka_Bild3'  itemprop=\"thumbnailUrl\"  ><img decoding=\"async\" fetchpriority=\"high\" class=\"wp-image-3713 avia-img-lazy-loading-not-3713\"   src=\"https:\/\/www.gym-toelz.de\/wp-content\/uploads\/2026\/02\/Homepage_Kultur_Musiktheater_Anatevka_Bild3-495x400.jpeg\" width=\"495\" height=\"400\"  title='Homepage_Kultur_Musiktheater_Anatevka_Bild3' alt='' srcset=\"https:\/\/www.gym-toelz.de\/wp-content\/uploads\/2026\/02\/Homepage_Kultur_Musiktheater_Anatevka_Bild3-495x400.jpeg 495w, https:\/\/www.gym-toelz.de\/wp-content\/uploads\/2026\/02\/Homepage_Kultur_Musiktheater_Anatevka_Bild3-845x684.jpeg 845w\" sizes=\"(max-width: 495px) 100vw, 495px\" \/><div class='big-prev-fake'><img decoding=\"async\" loading=\"lazy\" class=\"wp-image-3713 avia-img-lazy-loading-3713\"  width=\"495\" height=\"400\" src=\"https:\/\/www.gym-toelz.de\/wp-content\/uploads\/2026\/02\/Homepage_Kultur_Musiktheater_Anatevka_Bild3-495x400.jpeg\" title='Homepage_Kultur_Musiktheater_Anatevka_Bild3' alt='' srcset=\"https:\/\/www.gym-toelz.de\/wp-content\/uploads\/2026\/02\/Homepage_Kultur_Musiktheater_Anatevka_Bild3-495x400.jpeg 495w, https:\/\/www.gym-toelz.de\/wp-content\/uploads\/2026\/02\/Homepage_Kultur_Musiktheater_Anatevka_Bild3-845x684.jpeg 845w\" sizes=\"auto, (max-width: 495px) 100vw, 495px\" \/><\/div><\/a><a href=\"https:\/\/www.gym-toelz.de\/wp-content\/uploads\/2026\/02\/Homepage_Kultur_Musiktheater_Anatevka_Bild1-1030x661.jpeg\" data-srcset=\"https:\/\/www.gym-toelz.de\/wp-content\/uploads\/2026\/02\/Homepage_Kultur_Musiktheater_Anatevka_Bild1-1030x661.jpeg 1030w, https:\/\/www.gym-toelz.de\/wp-content\/uploads\/2026\/02\/Homepage_Kultur_Musiktheater_Anatevka_Bild1-300x193.jpeg 300w, https:\/\/www.gym-toelz.de\/wp-content\/uploads\/2026\/02\/Homepage_Kultur_Musiktheater_Anatevka_Bild1-768x493.jpeg 768w, https:\/\/www.gym-toelz.de\/wp-content\/uploads\/2026\/02\/Homepage_Kultur_Musiktheater_Anatevka_Bild1-1536x986.jpeg 1536w, https:\/\/www.gym-toelz.de\/wp-content\/uploads\/2026\/02\/Homepage_Kultur_Musiktheater_Anatevka_Bild1-1500x963.jpeg 1500w, https:\/\/www.gym-toelz.de\/wp-content\/uploads\/2026\/02\/Homepage_Kultur_Musiktheater_Anatevka_Bild1-705x453.jpeg 705w, https:\/\/www.gym-toelz.de\/wp-content\/uploads\/2026\/02\/Homepage_Kultur_Musiktheater_Anatevka_Bild1.jpeg 2048w\" data-sizes=\"(max-width: 1030px) 100vw, 1030px\" data-rel='gallery-6' data-prev-img='https:\/\/www.gym-toelz.de\/wp-content\/uploads\/2026\/02\/Homepage_Kultur_Musiktheater_Anatevka_Bild1-495x400.jpeg' class='lightbox ' data-onclick='3' title='Homepage_Kultur_Musiktheater_Anatevka_Bild1'  itemprop=\"thumbnailUrl\"  ><img decoding=\"async\" fetchpriority=\"high\" class=\"wp-image-3711 avia-img-lazy-loading-not-3711\"   src=\"https:\/\/www.gym-toelz.de\/wp-content\/uploads\/2026\/02\/Homepage_Kultur_Musiktheater_Anatevka_Bild1-495x400.jpeg\" width=\"495\" height=\"400\"  title='Homepage_Kultur_Musiktheater_Anatevka_Bild1' alt='' srcset=\"https:\/\/www.gym-toelz.de\/wp-content\/uploads\/2026\/02\/Homepage_Kultur_Musiktheater_Anatevka_Bild1-495x400.jpeg 495w, https:\/\/www.gym-toelz.de\/wp-content\/uploads\/2026\/02\/Homepage_Kultur_Musiktheater_Anatevka_Bild1-845x684.jpeg 845w\" sizes=\"(max-width: 495px) 100vw, 495px\" \/><div class='big-prev-fake'><img decoding=\"async\" loading=\"lazy\" class=\"wp-image-3711 avia-img-lazy-loading-3711\"  width=\"495\" height=\"400\" src=\"https:\/\/www.gym-toelz.de\/wp-content\/uploads\/2026\/02\/Homepage_Kultur_Musiktheater_Anatevka_Bild1-495x400.jpeg\" title='Homepage_Kultur_Musiktheater_Anatevka_Bild1' alt='' srcset=\"https:\/\/www.gym-toelz.de\/wp-content\/uploads\/2026\/02\/Homepage_Kultur_Musiktheater_Anatevka_Bild1-495x400.jpeg 495w, https:\/\/www.gym-toelz.de\/wp-content\/uploads\/2026\/02\/Homepage_Kultur_Musiktheater_Anatevka_Bild1-845x684.jpeg 845w\" sizes=\"auto, (max-width: 495px) 100vw, 495px\" \/><\/div><\/a><a href=\"https:\/\/www.gym-toelz.de\/wp-content\/uploads\/2026\/02\/Homepage_Kultur_Musiktheater_Anatevka_plakat-729x1030.jpeg\" data-srcset=\"https:\/\/www.gym-toelz.de\/wp-content\/uploads\/2026\/02\/Homepage_Kultur_Musiktheater_Anatevka_plakat-729x1030.jpeg 729w, https:\/\/www.gym-toelz.de\/wp-content\/uploads\/2026\/02\/Homepage_Kultur_Musiktheater_Anatevka_plakat-212x300.jpeg 212w, https:\/\/www.gym-toelz.de\/wp-content\/uploads\/2026\/02\/Homepage_Kultur_Musiktheater_Anatevka_plakat-768x1085.jpeg 768w, https:\/\/www.gym-toelz.de\/wp-content\/uploads\/2026\/02\/Homepage_Kultur_Musiktheater_Anatevka_plakat-1087x1536.jpeg 1087w, https:\/\/www.gym-toelz.de\/wp-content\/uploads\/2026\/02\/Homepage_Kultur_Musiktheater_Anatevka_plakat-1450x2048.jpeg 1450w, https:\/\/www.gym-toelz.de\/wp-content\/uploads\/2026\/02\/Homepage_Kultur_Musiktheater_Anatevka_plakat-1062x1500.jpeg 1062w, https:\/\/www.gym-toelz.de\/wp-content\/uploads\/2026\/02\/Homepage_Kultur_Musiktheater_Anatevka_plakat-499x705.jpeg 499w, https:\/\/www.gym-toelz.de\/wp-content\/uploads\/2026\/02\/Homepage_Kultur_Musiktheater_Anatevka_plakat-scaled.jpeg 1812w\" data-sizes=\"(max-width: 729px) 100vw, 729px\" data-rel='gallery-6' data-prev-img='https:\/\/www.gym-toelz.de\/wp-content\/uploads\/2026\/02\/Homepage_Kultur_Musiktheater_Anatevka_plakat-495x400.jpeg' class='lightbox ' data-onclick='4' title='Homepage_Kultur_Musiktheater_Anatevka_plakat'  itemprop=\"thumbnailUrl\"  ><img decoding=\"async\" fetchpriority=\"high\" class=\"wp-image-3863 avia-img-lazy-loading-not-3863\"   src=\"https:\/\/www.gym-toelz.de\/wp-content\/uploads\/2026\/02\/Homepage_Kultur_Musiktheater_Anatevka_plakat-495x400.jpeg\" width=\"495\" height=\"400\"  title='Homepage_Kultur_Musiktheater_Anatevka_plakat' alt='' srcset=\"https:\/\/www.gym-toelz.de\/wp-content\/uploads\/2026\/02\/Homepage_Kultur_Musiktheater_Anatevka_plakat-495x400.jpeg 495w, https:\/\/www.gym-toelz.de\/wp-content\/uploads\/2026\/02\/Homepage_Kultur_Musiktheater_Anatevka_plakat-845x684.jpeg 845w\" sizes=\"(max-width: 495px) 100vw, 495px\" \/><div class='big-prev-fake'><img decoding=\"async\" loading=\"lazy\" class=\"wp-image-3863 avia-img-lazy-loading-3863\"  width=\"495\" height=\"400\" src=\"https:\/\/www.gym-toelz.de\/wp-content\/uploads\/2026\/02\/Homepage_Kultur_Musiktheater_Anatevka_plakat-495x400.jpeg\" title='Homepage_Kultur_Musiktheater_Anatevka_plakat' alt='' srcset=\"https:\/\/www.gym-toelz.de\/wp-content\/uploads\/2026\/02\/Homepage_Kultur_Musiktheater_Anatevka_plakat-495x400.jpeg 495w, https:\/\/www.gym-toelz.de\/wp-content\/uploads\/2026\/02\/Homepage_Kultur_Musiktheater_Anatevka_plakat-845x684.jpeg 845w\" sizes=\"auto, (max-width: 495px) 100vw, 495px\" \/><\/div><\/a><\/div><\/div>\n<div  class='hr av-98qk9-458bc08fedcf92542b8686fb11365a19 hr-default  avia-builder-el-23  el_after_av_gallery  el_before_av_textblock '><span class='hr-inner '><span class=\"hr-inner-style\"><\/span><\/span><\/div>\n<section  class='av_textblock_section av-mko35sey-cfbb40e5210ae9adb67e29d101a8ae83 '   itemscope=\"itemscope\" itemtype=\"https:\/\/schema.org\/CreativeWork\" ><div class='avia_textblock'  itemprop=\"text\" ><p><a id=\"Literatur\"><\/a><strong>Literatur<\/strong><\/p>\n<\/div><\/section>\n<div  class='togglecontainer av-mlnjowym-4575ab84880240d9542c37cdfb35a522  avia-builder-el-25  el_after_av_textblock  el_before_av_hr  toggle_close_all' >\n<section class='av_toggle_section av-mlnjotsw-fa81338fbe20d5251553594438183ab4'  itemscope=\"itemscope\" itemtype=\"https:\/\/schema.org\/CreativeWork\" ><div role=\"tablist\" class=\"single_toggle\" data-tags=\"{Alle} \"  ><p id='toggle-toggle-id-8' data-fake-id='#toggle-id-8' class='toggler  av-title-above '  itemprop=\"headline\"  role='tab' tabindex='0' aria-controls='toggle-id-8' data-slide-speed=\"200\" data-title=\"Faust-Auff\u00fchrung\" data-title-open=\"\" data-aria_collapsed=\"Click to expand: Faust-Auff\u00fchrung\" data-aria_expanded=\"Click to collapse: Faust-Auff\u00fchrung\">Faust-Auff\u00fchrung<span class=\"toggle_icon\"><span class=\"vert_icon\"><\/span><span class=\"hor_icon\"><\/span><\/span><\/p><div id='toggle-id-8' aria-labelledby='toggle-toggle-id-8' role='region' class='toggle_wrap  av-title-above'  ><div class='toggle_content invers-color '  itemprop=\"text\" ><p>Immer wieder l\u00e4dt die Fachschaft Deutsch die zwei Bozener Schauspieler Peter Schorn und Georg Kaser kurz vor dem Deutsch-Abitur an unsere Schule ein, um die angehenden Abiturientinnen und Abiturienten auf die nahenden Abschlusspr\u00fcfungen einzustimmen.<\/p>\n<p><img loading=\"lazy\" decoding=\"async\" class=\"aligncenter wp-image-3828 \" src=\"https:\/\/www.gym-toelz.de\/wp-content\/uploads\/2026\/02\/Faustauffuehrung_7_Kultur-scaled.jpg\" alt=\"\" width=\"800\" height=\"376\" srcset=\"https:\/\/www.gym-toelz.de\/wp-content\/uploads\/2026\/02\/Faustauffuehrung_7_Kultur-scaled.jpg 2560w, https:\/\/www.gym-toelz.de\/wp-content\/uploads\/2026\/02\/Faustauffuehrung_7_Kultur-300x141.jpg 300w, https:\/\/www.gym-toelz.de\/wp-content\/uploads\/2026\/02\/Faustauffuehrung_7_Kultur-1030x484.jpg 1030w, https:\/\/www.gym-toelz.de\/wp-content\/uploads\/2026\/02\/Faustauffuehrung_7_Kultur-768x361.jpg 768w, https:\/\/www.gym-toelz.de\/wp-content\/uploads\/2026\/02\/Faustauffuehrung_7_Kultur-1536x721.jpg 1536w, https:\/\/www.gym-toelz.de\/wp-content\/uploads\/2026\/02\/Faustauffuehrung_7_Kultur-2048x962.jpg 2048w, https:\/\/www.gym-toelz.de\/wp-content\/uploads\/2026\/02\/Faustauffuehrung_7_Kultur-1500x705.jpg 1500w, https:\/\/www.gym-toelz.de\/wp-content\/uploads\/2026\/02\/Faustauffuehrung_7_Kultur-705x331.jpg 705w\" sizes=\"auto, (max-width: 800px) 100vw, 800px\" \/><\/p>\n<p>Teilweise fandt die Veranstaltung abends stattfand, so dass auch Eltern und sowie das Kollegium die M\u00f6glichkeit hatten, diese erfrischend-kurzweilige und zeitgem\u00e4\u00dfe Inszenierung von Goethes dramaturgischem Hauptwerk zu erleben.<br \/>\nEin herzlicher Dank geht an den F\u00f6rderverein, der uns immer wieder finanziell unterst\u00fctzte.<br \/>\nJulia Rau, Margit Mayrock<\/p>\n<\/div><\/div><\/div><\/section>\n<\/div>\n<div  class='hr av-ctcyp-5dea266067a34d2059be70fddb9f97b5 hr-default  avia-builder-el-26  el_after_av_toggle_container  el_before_av_textblock '><span class='hr-inner '><span class=\"hr-inner-style\"><\/span><\/span><\/div>\n<section  class='av_textblock_section av-mm38onru-bd6a8dab7cc2f0cc488e872d74738c17 '   itemscope=\"itemscope\" itemtype=\"https:\/\/schema.org\/CreativeWork\" ><div class='avia_textblock'  itemprop=\"text\" ><p><strong><a id=\"interkultur\"><\/a>Interreligi\u00f6se Begegnungen<\/strong><\/p>\n<\/div><\/section>\n<div  class='hr av-153c1-1dcdc81932c6744c70de6b11e30dd075 hr-default  avia-builder-el-28  el_after_av_textblock  el_before_av_textblock '><span class='hr-inner '><span class=\"hr-inner-style\"><\/span><\/span><\/div>\n<section  class='av_textblock_section av-mm38q0wz-cc08a00a2614bd4a14c16e2fdabe86ec '   itemscope=\"itemscope\" itemtype=\"https:\/\/schema.org\/CreativeWork\" ><div class='avia_textblock'  itemprop=\"text\" ><p><strong><a id=\"demokratie\"><\/a>Demokratieerziehung<\/strong><\/p>\n<\/div><\/section>\n<div  class='hr av-76zgx-0df25ab05893a7b55a93d4b904eccc9e hr-default  avia-builder-el-30  el_after_av_textblock  el_before_av_textblock '><span class='hr-inner '><span class=\"hr-inner-style\"><\/span><\/span><\/div>\n<section  class='av_textblock_section av-mgs53abf-ec211c74259e5a7a72044ebea23d1a3a '   itemscope=\"itemscope\" itemtype=\"https:\/\/schema.org\/CreativeWork\" ><div class='avia_textblock'  itemprop=\"text\" ><p><a id=\"Erinnerungskultur\"><\/a><strong>Erinnerungskultur<\/strong><\/p>\n<\/div><\/section>\n<div  class='togglecontainer av-mkfpssg3-982985d82db369023730a89eedbd7283  avia-builder-el-32  el_after_av_textblock  avia-builder-el-last  toggle_close_all' >\n<section class='av_toggle_section av-mkfpsdbi-5c6e90f5107f022ca87c87ef37975c44'  itemscope=\"itemscope\" itemtype=\"https:\/\/schema.org\/CreativeWork\" ><div role=\"tablist\" class=\"single_toggle\" data-tags=\"{Alle} \"  ><p id='toggle-toggle-id-9' data-fake-id='#toggle-id-9' class='toggler  av-title-above '  itemprop=\"headline\"  role='tab' tabindex='0' aria-controls='toggle-id-9' data-slide-speed=\"200\" data-title=\"Erinnerungsorte\" data-title-open=\"\" data-aria_collapsed=\"Click to expand: Erinnerungsorte\" data-aria_expanded=\"Click to collapse: Erinnerungsorte\">Erinnerungsorte<span class=\"toggle_icon\"><span class=\"vert_icon\"><\/span><span class=\"hor_icon\"><\/span><\/span><\/p><div id='toggle-id-9' aria-labelledby='toggle-toggle-id-9' role='region' class='toggle_wrap  av-title-above'  ><div class='toggle_content invers-color '  itemprop=\"text\" ><p><strong>Gedenkst\u00e4tte Dachau<\/strong><br \/>\nDie 9. Jahrgangsstufe besucht im Rahmen des Geschichtsunterrichts die Gedenkst\u00e4tte Dachau und wird dort von ausgebildeten Kollegen und Kolleginnen des Effner-Gymnasiums vor Ort begleitet. Diese Fahrt wird im Geschichtsunterricht vor- und nachbereitet.<\/p>\n<p><strong>Besuch des Erinnerungsorts \u201eBadehaus\u201c in Waldram<\/strong><br \/>\nDie 11. Klassen besuchen den Erinnerungsort \u201eBadehaus\u201c in Waldram, diese Exkursion korrespondiert mit dm Lehrplanbereich der 11. Jahrgangsstufe \u201eGeschichte erinnern\u201c und \u201eMigration\u201c.<br \/>\nAb 1940 wurde der Ort NS-Siedlung f\u00fcr deutsche R\u00fcstungsarbeiter, ab 1945 Rettungsort f\u00fcr \u00dcberlebende des KZ-Todesmarsches und Fluchtpunkt f\u00fcr j\u00fcdische Displaced Persons und ab 1956 neue Heimst\u00e4tte f\u00fcr katholische Heimatvertriebene. Die Dauerausstellung stellt diese Zeitabschnitte eindrucksvoll dar.<\/p>\n<p><strong>Berlin<\/strong><br \/>\nIm Rahmen der Berlinfahrt der 10. Klassen lernen die Sch\u00fcler und Sch\u00fclerinnen auch viele Facetten des geschichtlichen Berlins kennen. Berlin ist reich an historischen Orten, die die Stadt zu einem lebendigen Museum der Geschichte gemacht haben. U.a. Brandenburger Tor, Reichstag, Holocaust-Denkmal, Denkmal f\u00fcr Sinti und Roma, Berliner Mauer\u2026<\/p>\n<p><img loading=\"lazy\" decoding=\"async\" class=\"wp-image-3506 aligncenter\" src=\"https:\/\/www.gym-toelz.de\/wp-content\/uploads\/2026\/01\/berlin-1319648_1280.jpg\" alt=\"\" width=\"895\" height=\"671\" srcset=\"https:\/\/www.gym-toelz.de\/wp-content\/uploads\/2026\/01\/berlin-1319648_1280.jpg 1280w, https:\/\/www.gym-toelz.de\/wp-content\/uploads\/2026\/01\/berlin-1319648_1280-300x225.jpg 300w, https:\/\/www.gym-toelz.de\/wp-content\/uploads\/2026\/01\/berlin-1319648_1280-1030x773.jpg 1030w, https:\/\/www.gym-toelz.de\/wp-content\/uploads\/2026\/01\/berlin-1319648_1280-768x576.jpg 768w, https:\/\/www.gym-toelz.de\/wp-content\/uploads\/2026\/01\/berlin-1319648_1280-705x529.jpg 705w\" sizes=\"auto, (max-width: 895px) 100vw, 895px\" \/><br \/>\n<strong>Zeitzeugengespr\u00e4che<\/strong><br \/>\nBereichernd und nachhaltig sind die Besuche von Zeitzeugen, welche die Vergangenheit greifbar und unvergesslich machen.<\/p>\n<p style=\"text-align: center;\"><a href=\"https:\/\/www.gym-toelz.de\/index.php\/unterricht\/faecher\/geschichte\/\" target=\"_blank\" rel=\"noopener\">&#8230; hier geht\u00b4s zur Fachschaft Geschichte <img loading=\"lazy\" decoding=\"async\" class=\"alignnone wp-image-1873\" src=\"https:\/\/www.gym-toelz.de\/wp-content\/uploads\/2025\/07\/icons8-new-tab-48.png\" alt=\"\" width=\"19\" height=\"19\" srcset=\"https:\/\/www.gym-toelz.de\/wp-content\/uploads\/2025\/07\/icons8-new-tab-48.png 48w, https:\/\/www.gym-toelz.de\/wp-content\/uploads\/2025\/07\/icons8-new-tab-48-36x36.png 36w\" sizes=\"auto, (max-width: 19px) 100vw, 19px\" \/><\/a><\/p>\n<\/div><\/div><\/div><\/section>\n<section class='av_toggle_section av-mkfpsqxk-4e8ac3eef600a6f6a72c6ae519983144'  itemscope=\"itemscope\" itemtype=\"https:\/\/schema.org\/CreativeWork\" ><div role=\"tablist\" class=\"single_toggle\" data-tags=\"{Alle} \"  ><p id='toggle-toggle-id-10' data-fake-id='#toggle-id-10' class='toggler  av-title-above '  itemprop=\"headline\"  role='tab' tabindex='0' aria-controls='toggle-id-10' data-slide-speed=\"200\" data-title=\"Projektorientierte Gedenkarbeit\" data-title-open=\"\" data-aria_collapsed=\"Click to expand: Projektorientierte Gedenkarbeit\" data-aria_expanded=\"Click to collapse: Projektorientierte Gedenkarbeit\">Projektorientierte Gedenkarbeit<span class=\"toggle_icon\"><span class=\"vert_icon\"><\/span><span class=\"hor_icon\"><\/span><\/span><\/p><div id='toggle-id-10' aria-labelledby='toggle-toggle-id-10' role='region' class='toggle_wrap  av-title-above'  ><div class='toggle_content invers-color '  itemprop=\"text\" ><p><strong>\u201eProjektorientierte Gedenkarbeit\u201c (Rau\/Bittner)<\/strong><br \/>\n(Allgemeine Beschreibung:) \u00dcber den regelm\u00e4\u00dfigen Besuch von Erinnerungsorten hinaus gibt es am GvSG auch einige f\u00e4cher\u00fcbergreifende Projekte zur Gedenkarbeit. Ziel ist es, das Gedenken an die Opfer des Nationalsozialismus mit den Schwerpunkten \u201eLokalgeschichte\u201c und \u201ebiographisches Arbeiten\u201c (z.B. Gespr\u00e4che mit Zeitzeuginnen\/Zeitzeugen) aktiv wachzuhalten und dabei einen Beitrag zur Demokratiebildung (LINK!) unserer Sch\u00fclerinnen und Sch\u00fcler zu leisten. Die Vernetzung mit externen Partnerinnen und Partnern ist uns dabei besonders wichtig.<\/p>\n<p><img loading=\"lazy\" decoding=\"async\" class=\"wp-image-3537 aligncenter\" src=\"https:\/\/www.gym-toelz.de\/wp-content\/uploads\/2026\/01\/Gedenkarbeit1.jpg\" alt=\"\" width=\"749\" height=\"995\" srcset=\"https:\/\/www.gym-toelz.de\/wp-content\/uploads\/2026\/01\/Gedenkarbeit1.jpg 1536w, https:\/\/www.gym-toelz.de\/wp-content\/uploads\/2026\/01\/Gedenkarbeit1-226x300.jpg 226w, https:\/\/www.gym-toelz.de\/wp-content\/uploads\/2026\/01\/Gedenkarbeit1-776x1030.jpg 776w, https:\/\/www.gym-toelz.de\/wp-content\/uploads\/2026\/01\/Gedenkarbeit1-768x1020.jpg 768w, https:\/\/www.gym-toelz.de\/wp-content\/uploads\/2026\/01\/Gedenkarbeit1-1157x1536.jpg 1157w, https:\/\/www.gym-toelz.de\/wp-content\/uploads\/2026\/01\/Gedenkarbeit1-1129x1500.jpg 1129w, https:\/\/www.gym-toelz.de\/wp-content\/uploads\/2026\/01\/Gedenkarbeit1-531x705.jpg 531w\" sizes=\"auto, (max-width: 749px) 100vw, 749px\" \/><\/p>\n<p><strong>(vergangene Projekte):<\/strong><br \/>\nP-Seminar D\/G (Rau\/Bittner) im Schuljahr 2023\/24: Spielfilm \u201eZwischen den Fronten \u2013 T\u00f6lz 1945\u201c<br \/>\nDie Sch\u00fclerinnen und Sch\u00fcler des P-Seminares 2023\/2024 produzierten nach Recherche im Stadtarchiv Bad T\u00f6lz sowie nach Lekt\u00fcre einschl\u00e4giger Fachliteratur zur NS-Geschichte der Stadt eigenst\u00e4ndig und orientiert an einem Projektablaufplan den kurzen Spielfilm &#8222;Zwischen den Fronten &#8211; T\u00f6lz 1945&#8220;. Wesentliche Meilensteine und Inhalte waren dabei: Entwicklung des Plots und Drehbuchs, Regie, Kameraf\u00fchrung, Schauspiel, Vertonung, Schnitt und Postproduktion sowie Marketing und Filmpr\u00e4sentation mit anschlie\u00dfender Podiumsdiskussion im Capitol Theater Bad T\u00f6lz vor rund 300 Zuschauerinnen und Zuschauern. Weitere Filmvorf\u00fchrungen u.a. am Nachbargymnasium folgten. Die Teilnahme am Workshop &#8222;Das filmende Klassenzimmer&#8220; in den Bavaria Filmstudios M\u00fcnchen sowie der Besuch mehrerer lokalhistorischer Veranstaltungen begleiteten die fortlaufende Arbeit am Film. Externe Partner des Projektes waren der historische Verein Bad T\u00f6lz, das Capitol Theater Bad T\u00f6lz sowie das Kreisbildungswerk. Der Film wurde bereits mehrfach an anderen Schulen pr\u00e4sentiert, u.a. in Kooperation mit der Jugendsiedlung Hochland.<\/p>\n<p>Trailer: <a href=\"https:\/\/www.youtube.com\/watch?v=jvw_p6eJzVA\" target=\"_blank\" rel=\"noopener\">https:\/\/www.youtube.com\/watch?v=jvw_p6eJzVA<\/a><\/p>\n<p>P-Seminar G\/D (Bittner\/Rau) im Schuljahr 2024\/25: Dokumentationsfilm \u201eBad T\u00f6lz in der NS-Zeit. Orte, Namen, Schicksale\u201c<br \/>\nIm Schuljahr 2024\/25 besch\u00e4ftigte sich das Projektseminar Deutsch\/Geschichte des Gabriel-von-Seidl-Gymnasiums (GvSG) Bad T\u00f6lz intensiv mit der Geschichte der Stadt Bad T\u00f6lz in der NS-Zeit. Hierzu recherchierten die Sch\u00fclerinnen und Sch\u00fcler im Stadtarchiv zu verschiedenen Bereichen, f\u00fchrten Interviews mit Zeitzeugen sowie einem Historiker und stellten schlie\u00dflich alle Puzzleteile zu einem Film zusammen.<br \/>\nDieser umfasst aufgrund der vom GvSG am 30.04.2025 durchgef\u00fchrten Ge(h)denkveranstaltung in Erinnerung an den zu dem Zeitpunkt 80 Jahre zur\u00fcckliegenden Todesmarsch auch Beitr\u00e4ge zu den Ereignissen am Ende des Zweiten Weltkriegs. Die Beendigung dieses Leidenswegs durch die soge-nannten Nisei, amerikanische Soldaten japanischer Herkunft, am 2. Mai 1945 fand somit ebenfalls noch Eingang in diesen Film. Entstanden ist eine Dokumentation, die \u2013 freilich ohne Anspruch auf Vollst\u00e4ndigkeit \u2013 einzelne Schlaglichter auf Orte, Namen und Schicksale in Bad T\u00f6lz wirft.<br \/>\nDer Film wurde im Rahmen der durch das Landratsamt Bad T\u00f6lz-Wolfratshausen und den Volks-bund deutscher Kriegsgr\u00e4berf\u00fcrsorge initiierten Veranstaltungsreihe zum 80-j\u00e4hrigen Kriegsende im Juli 2025 in Bad T\u00f6lz pr\u00e4sentiert.<br \/>\n\u00dcbersicht \u00fcber die Kapitel im Film:<br \/>\n1. Der Sportplatz des Gabriel-von-Seidl-Gymnasiums (Versammlungsort der HJ)<br \/>\n2. Die Kaserne (SS-Junkerschule, Flintkaserne, General Patton)<br \/>\n3. Die Stollreitherpromenade (B\u00fcrgermeister Stollreither)<br \/>\n4. Das \u201eHaus am Park\u201c (das Parkhotel und das Schicksal der Familie Hellmann)<br \/>\n5. Die Marktstra\u00dfe (das Schicksal der Familie Sandbank)<br \/>\n6. Das Todesmarsch-Mahnmal (die letzten Kriegstage in Bad T\u00f6lz und die Befreiung der Todesmarsch-Opfer durch die Nisei\/amerikanische Soldaten in Waakirchen)<br \/>\nGanz besonders m\u00f6chten wir uns bei unseren Zeitzeugen Lore M\u00fcller, Klaus Krug, Abba Naor sowie dem Historiker Christoph Schnitzer f\u00fcr ihre Unterst\u00fctzung bedanken.<br \/>\nLink zum Film: <a href=\"https:\/\/youtu.be\/ZsrAYyrPdlQ\" target=\"_blank\" rel=\"noopener\">https:\/\/youtu.be\/ZsrAYyrPdlQ<\/a><\/p>\n<p><strong>Ge(h)denken in Erinnerung an den Todesmarsch am 30.4.2025:<\/strong><\/p>\n<p><img loading=\"lazy\" decoding=\"async\" class=\"wp-image-3538 size-full aligncenter\" src=\"https:\/\/www.gym-toelz.de\/wp-content\/uploads\/2026\/01\/Gedenkarbeit2.jpg\" alt=\"\" width=\"803\" height=\"723\" srcset=\"https:\/\/www.gym-toelz.de\/wp-content\/uploads\/2026\/01\/Gedenkarbeit2.jpg 803w, https:\/\/www.gym-toelz.de\/wp-content\/uploads\/2026\/01\/Gedenkarbeit2-300x270.jpg 300w, https:\/\/www.gym-toelz.de\/wp-content\/uploads\/2026\/01\/Gedenkarbeit2-768x691.jpg 768w, https:\/\/www.gym-toelz.de\/wp-content\/uploads\/2026\/01\/Gedenkarbeit2-705x635.jpg 705w\" sizes=\"auto, (max-width: 803px) 100vw, 803px\" \/><\/p>\n<p><strong>Podcast-Beitrag der Sch\u00fclerzeitungsredaktion Seidl-Sound zum \u201e80-j\u00e4hrigen Kriegsende in Bad T\u00f6lz\u201c<\/strong><br \/>\n<a href=\"https:\/\/open.spotify.com\/show\/0HASLP1fHhlSjuhMNiDnzU\" target=\"_blank\" rel=\"noopener\">https:\/\/open.spotify.com\/show\/0HASLP1fHhlSjuhMNiDnzU<\/a><\/p>\n<p>Juli 2025: Podcast zum Thema<br \/>\n\u201e80 Jahre Kriegsende in Bad T\u00f6lz \u2013 gemeinsam gedenken und handeln\u201c<br \/>\n\u2022 Einstieg ins Thema<\/p>\n<p>\u2022 Umfrage unter 11. Kl\u00e4sslern: 80 Jahre Kriegsende \u2013 \u00fcber die Bedeutung des Erinnerns<\/p>\n<p>\u2022 Historischer R\u00fcckblick: Bad T\u00f6lz in der Zeit des Nationalsozialismus<\/p>\n<p>\u2022 Interview mit Christoph Schnitzer, Historiker und Journalist<\/p>\n<p>\u2022 Gespr\u00e4ch mit den Sch\u00fclersprechern Kilian, Aviva, Moritz:<br \/>\n80 Jahre Kriegsende \u2013 wie k\u00f6nnen wir unsere Demokratie sch\u00fctzen?<\/p>\n<p>\u2022 Worte von Abba Naor beim Ge(h)denken (30.4.25)<\/p>\n<p>\u2022 Interview mit Abba Naor, Holocaust-\u00dcberlebender und<br \/>\nTodesmarsch-Betroffener<\/p>\n<p>\u2022 Lehrkr\u00e4fte-Quiz: Wer spricht denn da?<\/p>\n<p>\u2022 Abschluss<br \/>\nSPEZIAL: Nachgespr\u00e4ch \u00fcber die Ge(h)denkveranstaltung am 30.4.25<br \/>\nim Vertiefungskurs Deutsch mit Theresa, Kathrin, Luisa und Frau Rau.<br \/>\n<a href=\"https:\/\/open.spotify.com\/episode\/0OGRM9bRi0JjPkzIf9b4gC\" target=\"_blank\" rel=\"noopener\">https:\/\/open.spotify.com\/episode\/0OGRM9bRi0JjPkzIf9b4gC<\/a><\/p>\n<p><strong>Pflanzaktion des Korbiniansapfels im Schuljahr 2025\/2026:<\/strong><\/p>\n<p><img loading=\"lazy\" decoding=\"async\" class=\"alignnone wp-image-3539 size-full\" src=\"https:\/\/www.gym-toelz.de\/wp-content\/uploads\/2026\/01\/Gedenkarbeit-4.jpg\" alt=\"\" width=\"1319\" height=\"557\" srcset=\"https:\/\/www.gym-toelz.de\/wp-content\/uploads\/2026\/01\/Gedenkarbeit-4.jpg 1319w, https:\/\/www.gym-toelz.de\/wp-content\/uploads\/2026\/01\/Gedenkarbeit-4-300x127.jpg 300w, https:\/\/www.gym-toelz.de\/wp-content\/uploads\/2026\/01\/Gedenkarbeit-4-1030x435.jpg 1030w, https:\/\/www.gym-toelz.de\/wp-content\/uploads\/2026\/01\/Gedenkarbeit-4-768x324.jpg 768w, https:\/\/www.gym-toelz.de\/wp-content\/uploads\/2026\/01\/Gedenkarbeit-4-705x298.jpg 705w\" sizes=\"auto, (max-width: 1319px) 100vw, 1319px\" \/><\/p>\n<p>Am 8. Oktober versammelten wir uns mit einer Vielzahl von Vertreter\/-innen aus der SMV, der Lehrerschaft, dem Elternbeirat sowie Vertretern von Stadt und Landratsamt im Pausenhof des GvSG und pflanzten in einer sehr w\u00fcrdigen Feier den Korbiniansapfel als \u201eNachfahren\u201c des im KZ Dachau gez\u00fcchteten Apfels \u201eKZ 3\u201c. Dieser war durch den dort wegen seiner kritischen Haltung zum Nationalsozialismus inhaftierten katholischen Priesters Korbinian Aigner, aus Hohenbercha dort heimlich gez\u00fcchtet und hinausgeschmuggelt worden. Als Initiator der Pflanzung von insgesamt 15 Apfelb\u00e4umen in unserer Gegend hat Herr Herzog unserer Schule nun zu einem hoffnungsfrohen Zeichen der Erinnerung und der Mahnung verholfen.<br \/>\n\u201eWenn man einen Baum pflanzt, denkt man nicht an heute \u2013 man denkt an morgen. Daran, wie der Baum wachsen wird. Und genau darum geht es heute: Dass wir etwas setzen, das bleiben wird, auch wenn wir l\u00e4ngst weitergegangen sind.<br \/>\nVielleicht werden wir nie verstehen, was Menschen wie Korbinian Aigner durchgemacht haben. Aber wir k\u00f6nnen daf\u00fcr sorgen, dass ihr Mut nicht umsonst war, dass Menschlichkeit nicht nur ein Wort bleibt, sondern etwas, das man sp\u00fcrt \u2013 auf dem Pausenhof, im Klassenzimmer, Zuhause oder auf der Stra\u00dfe. Und wenn dieser Baum w\u00e4chst, dann w\u00e4chst mit ihm auch unsere Verantwortung, f\u00fcreinander einzustehen. Tag f\u00fcr Tag, Blatt f\u00fcr Blatt.<br \/>\nIn ein paar Jahren stehen hier neue Sch\u00fclerinnen und Sch\u00fcler, die diesen Baum gar nicht mehr be-wusst gepflanzt haben. Aber sie werden seine Fr\u00fcchte sehen. Und vielleicht werden sie sich fragen, wer ihn gesetzt hat \u2013 und warum.<br \/>\nDaraufhin wird, hoffen wir, jemand sagen, dass Menschen damals entschieden haben, dass Erinne-ung nicht nur im Kopf bleibt, sondern daraus etwas wachsen soll, das Wurzeln schl\u00e4gt. Wir haben nicht nur erinnert \u2013 wir haben etwas daraus gemacht. \u201c ((Auszug aus der Rede der Sch\u00fclersprecher)<br \/>\nEine Tafel aus Holz erinnert an Korbinian Aigners Leistung und l\u00e4dt mittels eines QR-Codes dazu ein, sich in einem Actionbound noch n\u00e4her mit seiner Person zu befassen. <a href=\"https:\/\/actionbound.com\/bound\/korbiniansapfel\" target=\"_blank\" rel=\"noopener\">https:\/\/actionbound.com\/bound\/korbiniansapfel<\/a><\/p>\n<\/div><\/div><\/div><\/section>\n<\/div>\n","protected":false},"excerpt":{"rendered":"","protected":false},"author":2,"featured_media":0,"parent":35,"menu_order":40,"comment_status":"closed","ping_status":"closed","template":"","meta":{"footnotes":""},"class_list":["post-217","page","type-page","status-publish","hentry"],"_links":{"self":[{"href":"https:\/\/www.gym-toelz.de\/index.php\/wp-json\/wp\/v2\/pages\/217","targetHints":{"allow":["GET"]}}],"collection":[{"href":"https:\/\/www.gym-toelz.de\/index.php\/wp-json\/wp\/v2\/pages"}],"about":[{"href":"https:\/\/www.gym-toelz.de\/index.php\/wp-json\/wp\/v2\/types\/page"}],"author":[{"embeddable":true,"href":"https:\/\/www.gym-toelz.de\/index.php\/wp-json\/wp\/v2\/users\/2"}],"replies":[{"embeddable":true,"href":"https:\/\/www.gym-toelz.de\/index.php\/wp-json\/wp\/v2\/comments?post=217"}],"version-history":[{"count":99,"href":"https:\/\/www.gym-toelz.de\/index.php\/wp-json\/wp\/v2\/pages\/217\/revisions"}],"predecessor-version":[{"id":3870,"href":"https:\/\/www.gym-toelz.de\/index.php\/wp-json\/wp\/v2\/pages\/217\/revisions\/3870"}],"up":[{"embeddable":true,"href":"https:\/\/www.gym-toelz.de\/index.php\/wp-json\/wp\/v2\/pages\/35"}],"wp:attachment":[{"href":"https:\/\/www.gym-toelz.de\/index.php\/wp-json\/wp\/v2\/media?parent=217"}],"curies":[{"name":"wp","href":"https:\/\/api.w.org\/{rel}","templated":true}]}}