{"id":209,"date":"2025-05-16T15:16:52","date_gmt":"2025-05-16T15:16:52","guid":{"rendered":"https:\/\/www.gym-toelz.de\/index.php\/wettbewerbe\/"},"modified":"2026-01-28T16:35:24","modified_gmt":"2026-01-28T15:35:24","slug":"wettbewerbe","status":"publish","type":"page","link":"https:\/\/www.gym-toelz.de\/index.php\/angebote-aktivitaeten\/wettbewerbe\/","title":{"rendered":"Wettbewerbe"},"content":{"rendered":"<p><strong>An folgenden schulischen Wettk\u00e4mpfen k\u00f6nnen die Sch\u00fcler teilnehmen:<\/strong><\/p>\n<p>&nbsp;<\/p>\n<p><a href=\"https:\/\/www.jugendtrainiert.com\/\" target=\"_blank\" rel=\"noopener\"><img loading=\"lazy\" decoding=\"async\" class=\"alignnone wp-image-1019 size-full\" title=\"Jugend trainiert f\u00fcr Olympia\" src=\"https:\/\/www.gym-toelz.de\/wp-content\/uploads\/2025\/06\/jugend-trainiert-logo-klein.png\" alt=\"\" width=\"170\" height=\"52\" \/> Jugend trainiert f\u00fcr Olympia &#8211; \u00a0<\/a><a href=\"https:\/\/www.jugendtrainiert.com\/\" target=\"_blank\" rel=\"noopener\">externer Link <img loading=\"lazy\" decoding=\"async\" class=\"alignnone wp-image-1873\" src=\"https:\/\/www.gym-toelz.de\/wp-content\/uploads\/2025\/07\/icons8-new-tab-48.png\" alt=\"\" width=\"18\" height=\"18\" srcset=\"https:\/\/www.gym-toelz.de\/wp-content\/uploads\/2025\/07\/icons8-new-tab-48.png 48w, https:\/\/www.gym-toelz.de\/wp-content\/uploads\/2025\/07\/icons8-new-tab-48-36x36.png 36w\" sizes=\"auto, (max-width: 18px) 100vw, 18px\" \/><\/a><\/p>\n<p><a href=\"https:\/\/www.gym-toelz.de\/wp-content\/uploads\/2025\/06\/wettbewerbe-jugend-trainert-1.pdf\" target=\"_blank\" rel=\"noopener\">Jugend trainiert f\u00fcr Olympia &#8211; Info als internes PDF <img loading=\"lazy\" decoding=\"async\" class=\"alignnone wp-image-1873\" src=\"https:\/\/www.gym-toelz.de\/wp-content\/uploads\/2025\/07\/icons8-new-tab-48.png\" alt=\"\" width=\"18\" height=\"18\" srcset=\"https:\/\/www.gym-toelz.de\/wp-content\/uploads\/2025\/07\/icons8-new-tab-48.png 48w, https:\/\/www.gym-toelz.de\/wp-content\/uploads\/2025\/07\/icons8-new-tab-48-36x36.png 36w\" sizes=\"auto, (max-width: 18px) 100vw, 18px\" \/><\/a><\/p>\n<p><a href=\"https:\/\/www.jugend-forscht.de\/\" target=\"_blank\" rel=\"noopener\"><img loading=\"lazy\" decoding=\"async\" class=\"alignnone\" title=\"Jugend forscht\" src=\"https:\/\/www.gym-toelz.de\/wp-content\/uploads\/2025\/07\/jugendforscht2025-weiss.png\" alt=\"\" width=\"169\" height=\"48\" \/> Jugend forscht &#8211; \u00a0<\/a><a href=\"https:\/\/www.jugend-forscht.de\/\" target=\"_blank\" rel=\"noopener\">externer Link <img loading=\"lazy\" decoding=\"async\" class=\"alignnone wp-image-1873\" src=\"https:\/\/www.gym-toelz.de\/wp-content\/uploads\/2025\/07\/icons8-new-tab-48.png\" alt=\"\" width=\"18\" height=\"18\" srcset=\"https:\/\/www.gym-toelz.de\/wp-content\/uploads\/2025\/07\/icons8-new-tab-48.png 48w, https:\/\/www.gym-toelz.de\/wp-content\/uploads\/2025\/07\/icons8-new-tab-48-36x36.png 36w\" sizes=\"auto, (max-width: 18px) 100vw, 18px\" \/><\/a><\/p>\n<p><a href=\"https:\/\/www.km.bayern.de\/wettbewerb\/landeswettbewerb-alte-sprachen\" target=\"_blank\" rel=\"noopener\"><img loading=\"lazy\" decoding=\"async\" class=\"alignnone wp-image-2127 \" src=\"https:\/\/www.gym-toelz.de\/wp-content\/uploads\/2025\/07\/landeswettbewerb-alte-sprachen-2025.png\" alt=\"\" width=\"159\" height=\"59\" srcset=\"https:\/\/www.gym-toelz.de\/wp-content\/uploads\/2025\/07\/landeswettbewerb-alte-sprachen-2025.png 414w, https:\/\/www.gym-toelz.de\/wp-content\/uploads\/2025\/07\/landeswettbewerb-alte-sprachen-2025-300x112.png 300w\" sizes=\"auto, (max-width: 159px) 100vw, 159px\" \/><\/a><a href=\"https:\/\/www.km.bayern.de\/wettbewerb\/landeswettbewerb-alte-sprachen\" target=\"_blank\" rel=\"noopener\"> Landeswettbewerb &#8222;Alte Sprachen&#8220; &#8211; externer Link <img loading=\"lazy\" decoding=\"async\" class=\"alignnone wp-image-1873\" src=\"https:\/\/www.gym-toelz.de\/wp-content\/uploads\/2025\/07\/icons8-new-tab-48.png\" alt=\"\" width=\"18\" height=\"18\" srcset=\"https:\/\/www.gym-toelz.de\/wp-content\/uploads\/2025\/07\/icons8-new-tab-48.png 48w, https:\/\/www.gym-toelz.de\/wp-content\/uploads\/2025\/07\/icons8-new-tab-48-36x36.png 36w\" sizes=\"auto, (max-width: 18px) 100vw, 18px\" \/><\/a><\/p>\n<p><a href=\"https:\/\/www.bundeswettbewerb-fremdsprachen.de\/\" target=\"_blank\" rel=\"noopener\"><img loading=\"lazy\" decoding=\"async\" class=\"alignnone wp-image-2129 \" src=\"https:\/\/www.gym-toelz.de\/wp-content\/uploads\/2025\/07\/bundeswettbewerb-fremdsprachen-2025.png\" alt=\"\" width=\"176\" height=\"52\" srcset=\"https:\/\/www.gym-toelz.de\/wp-content\/uploads\/2025\/07\/bundeswettbewerb-fremdsprachen-2025.png 332w, https:\/\/www.gym-toelz.de\/wp-content\/uploads\/2025\/07\/bundeswettbewerb-fremdsprachen-2025-300x89.png 300w\" sizes=\"auto, (max-width: 176px) 100vw, 176px\" \/> <\/a><a href=\"https:\/\/www.bundeswettbewerb-fremdsprachen.de\/\" target=\"_blank\" rel=\"noopener\">Bundeswettbewerb &#8222;Fremdsprachen&#8220; &#8211; externer Link <img loading=\"lazy\" decoding=\"async\" class=\"alignnone wp-image-1873\" src=\"https:\/\/www.gym-toelz.de\/wp-content\/uploads\/2025\/07\/icons8-new-tab-48.png\" alt=\"\" width=\"18\" height=\"18\" srcset=\"https:\/\/www.gym-toelz.de\/wp-content\/uploads\/2025\/07\/icons8-new-tab-48.png 48w, https:\/\/www.gym-toelz.de\/wp-content\/uploads\/2025\/07\/icons8-new-tab-48-36x36.png 36w\" sizes=\"auto, (max-width: 18px) 100vw, 18px\" \/><\/a><\/p>\n<p><a href=\"https:\/\/www.mathe-kaenguru.de\/\" target=\"_blank\" rel=\"noopener\"><img loading=\"lazy\" decoding=\"async\" class=\"alignnone\" src=\"https:\/\/www.gym-toelz.de\/wp-content\/uploads\/2025\/07\/logo_kaenguru_swoosh_pfade-Kopie-300x130.jpg\" alt=\"\" width=\"164\" height=\"71\" \/><\/a> <a href=\"https:\/\/www.mathe-kaenguru.de\/\" target=\"_blank\" rel=\"noopener\">K\u00e4nguru der Mathematik &#8211; externer Link <img loading=\"lazy\" decoding=\"async\" class=\"alignnone wp-image-1873\" src=\"https:\/\/www.gym-toelz.de\/wp-content\/uploads\/2025\/07\/icons8-new-tab-48.png\" alt=\"\" width=\"18\" height=\"18\" srcset=\"https:\/\/www.gym-toelz.de\/wp-content\/uploads\/2025\/07\/icons8-new-tab-48.png 48w, https:\/\/www.gym-toelz.de\/wp-content\/uploads\/2025\/07\/icons8-new-tab-48-36x36.png 36w\" sizes=\"auto, (max-width: 18px) 100vw, 18px\" \/><\/a><\/p>\n<p><a href=\"https:\/\/mo-by.de\/\" target=\"_blank\" rel=\"noopener\"><img loading=\"lazy\" decoding=\"async\" class=\"alignnone\" src=\"https:\/\/www.gym-toelz.de\/wp-content\/uploads\/2025\/07\/cropped-moby_top-180x180.png\" alt=\"\" width=\"78\" height=\"78\" \/><\/a>\u00a0 <a href=\"https:\/\/mo-by.de\/\" target=\"_blank\" rel=\"noopener\">Mathematikolympiade Bayern &#8211; externer Link <img loading=\"lazy\" decoding=\"async\" class=\"alignnone wp-image-1873\" src=\"https:\/\/www.gym-toelz.de\/wp-content\/uploads\/2025\/07\/icons8-new-tab-48.png\" alt=\"\" width=\"18\" height=\"18\" srcset=\"https:\/\/www.gym-toelz.de\/wp-content\/uploads\/2025\/07\/icons8-new-tab-48.png 48w, https:\/\/www.gym-toelz.de\/wp-content\/uploads\/2025\/07\/icons8-new-tab-48-36x36.png 36w\" sizes=\"auto, (max-width: 18px) 100vw, 18px\" \/><\/a><\/p>\n<p><a href=\"https:\/\/lwmb.de\/\" target=\"_blank\" rel=\"noopener\"><img loading=\"lazy\" decoding=\"async\" class=\"alignnone\" src=\"https:\/\/www.gym-toelz.de\/wp-content\/uploads\/2025\/07\/logo-lwmb.png\" alt=\"\" width=\"169\" height=\"48\" \/><\/a>\u00a0 <a href=\"https:\/\/lwmb.de\/\" target=\"_blank\" rel=\"noopener\">Landeswettbewerb Mathematik Bayern &#8211; externer Link <img loading=\"lazy\" decoding=\"async\" class=\"alignnone wp-image-1873\" src=\"https:\/\/www.gym-toelz.de\/wp-content\/uploads\/2025\/07\/icons8-new-tab-48.png\" alt=\"\" width=\"18\" height=\"18\" srcset=\"https:\/\/www.gym-toelz.de\/wp-content\/uploads\/2025\/07\/icons8-new-tab-48.png 48w, https:\/\/www.gym-toelz.de\/wp-content\/uploads\/2025\/07\/icons8-new-tab-48-36x36.png 36w\" sizes=\"auto, (max-width: 18px) 100vw, 18px\" \/><\/a><\/p>\n<p><a href=\"https:\/\/www.mathe-wettbewerbe.de\/bundeswettbewerb-mathematik\/\" target=\"_blank\" rel=\"noopener\"><img loading=\"lazy\" decoding=\"async\" class=\"alignnone\" src=\"https:\/\/www.gym-toelz.de\/wp-content\/uploads\/2025\/07\/bundeswettbewerb_mathematik_logo-scaled.jpg\" alt=\"\" width=\"195\" height=\"65\" \/><\/a><a href=\"https:\/\/www.mathe-wettbewerbe.de\/bundeswettbewerb-mathematik\/\" target=\"_blank\" rel=\"noopener\">Bundeswettbewerb Mathematik &#8211; externer Link <img loading=\"lazy\" decoding=\"async\" class=\"alignnone wp-image-1873\" src=\"https:\/\/www.gym-toelz.de\/wp-content\/uploads\/2025\/07\/icons8-new-tab-48.png\" alt=\"\" width=\"18\" height=\"18\" srcset=\"https:\/\/www.gym-toelz.de\/wp-content\/uploads\/2025\/07\/icons8-new-tab-48.png 48w, https:\/\/www.gym-toelz.de\/wp-content\/uploads\/2025\/07\/icons8-new-tab-48-36x36.png 36w\" sizes=\"auto, (max-width: 18px) 100vw, 18px\" \/><\/a><\/p>\n<p><img loading=\"lazy\" decoding=\"async\" class=\"alignnone wp-image-2182\" src=\"https:\/\/www.gym-toelz.de\/wp-content\/uploads\/2025\/08\/bundesweit-informatik-2025-180x135.png\" alt=\"\" width=\"121\" height=\"91\" \/> <a href=\"https:\/\/bwinf.de\/\" target=\"_blank\" rel=\"noopener\">Bundesweit Informatik &#8211; externer Link <img loading=\"lazy\" decoding=\"async\" class=\"alignnone wp-image-1873\" src=\"https:\/\/www.gym-toelz.de\/wp-content\/uploads\/2025\/07\/icons8-new-tab-48.png\" alt=\"\" width=\"18\" height=\"18\" srcset=\"https:\/\/www.gym-toelz.de\/wp-content\/uploads\/2025\/07\/icons8-new-tab-48.png 48w, https:\/\/www.gym-toelz.de\/wp-content\/uploads\/2025\/07\/icons8-new-tab-48-36x36.png 36w\" sizes=\"auto, (max-width: 18px) 100vw, 18px\" \/><\/a><\/p>\n<p><a href=\"https:\/\/wettbewerb.informatik-biber.de\/index.php?action=welcome\" target=\"_blank\" rel=\"noopener\"><img loading=\"lazy\" decoding=\"async\" class=\"alignnone wp-image-2184 size-full\" src=\"https:\/\/www.gym-toelz.de\/wp-content\/uploads\/2025\/08\/informatikbiber-2025.png\" alt=\"\" width=\"110\" height=\"93\" \/><\/a>\u00a0 <a href=\"https:\/\/wettbewerb.informatik-biber.de\/index.php?action=welcome\" target=\"_blank\" rel=\"noopener\">Informatikbiber &#8211; externer Link <img loading=\"lazy\" decoding=\"async\" class=\"alignnone wp-image-1873\" src=\"https:\/\/www.gym-toelz.de\/wp-content\/uploads\/2025\/07\/icons8-new-tab-48.png\" alt=\"\" width=\"18\" height=\"18\" srcset=\"https:\/\/www.gym-toelz.de\/wp-content\/uploads\/2025\/07\/icons8-new-tab-48.png 48w, https:\/\/www.gym-toelz.de\/wp-content\/uploads\/2025\/07\/icons8-new-tab-48-36x36.png 36w\" sizes=\"auto, (max-width: 18px) 100vw, 18px\" \/><\/a><\/p>\n<p><a href=\"https:\/\/www.crossmedia-wettbewerb.de\/\" target=\"_blank\" rel=\"noopener\"><img loading=\"lazy\" decoding=\"async\" class=\"wp-image-2322 alignnone\" src=\"https:\/\/www.gym-toelz.de\/wp-content\/uploads\/2025\/08\/neueMedien-Crossmedia.png\" alt=\"\" width=\"165\" height=\"66\" srcset=\"https:\/\/www.gym-toelz.de\/wp-content\/uploads\/2025\/08\/neueMedien-Crossmedia.png 1280w, https:\/\/www.gym-toelz.de\/wp-content\/uploads\/2025\/08\/neueMedien-Crossmedia-300x120.png 300w, https:\/\/www.gym-toelz.de\/wp-content\/uploads\/2025\/08\/neueMedien-Crossmedia-1030x413.png 1030w, https:\/\/www.gym-toelz.de\/wp-content\/uploads\/2025\/08\/neueMedien-Crossmedia-768x308.png 768w, https:\/\/www.gym-toelz.de\/wp-content\/uploads\/2025\/08\/neueMedien-Crossmedia-705x283.png 705w\" sizes=\"auto, (max-width: 165px) 100vw, 165px\" \/> Crossmedia &#8211; externer Link <img loading=\"lazy\" decoding=\"async\" class=\"alignnone  wp-image-1873\" src=\"https:\/\/www.gym-toelz.de\/wp-content\/uploads\/2025\/07\/icons8-new-tab-48.png\" alt=\"\" width=\"18\" height=\"18\" srcset=\"https:\/\/www.gym-toelz.de\/wp-content\/uploads\/2025\/07\/icons8-new-tab-48.png 48w, https:\/\/www.gym-toelz.de\/wp-content\/uploads\/2025\/07\/icons8-new-tab-48-36x36.png 36w\" sizes=\"auto, (max-width: 18px) 100vw, 18px\" \/><\/a><\/p>\n","protected":false},"excerpt":{"rendered":"<p>An folgenden schulischen Wettk\u00e4mpfen k\u00f6nnen die Sch\u00fcler teilnehmen: &nbsp; Jugend trainiert f\u00fcr Olympia &#8211; \u00a0externer Link Jugend trainiert f\u00fcr Olympia &#8211; Info als internes PDF Jugend forscht &#8211; \u00a0externer Link Landeswettbewerb &#8222;Alte Sprachen&#8220; &#8211; externer Link Bundeswettbewerb &#8222;Fremdsprachen&#8220; &#8211; externer Link K\u00e4nguru der Mathematik &#8211; externer Link \u00a0 Mathematikolympiade Bayern &#8211; externer Link \u00a0 Landeswettbewerb [&hellip;]<\/p>\n","protected":false},"author":2,"featured_media":0,"parent":35,"menu_order":49,"comment_status":"closed","ping_status":"closed","template":"","meta":{"footnotes":""},"class_list":["post-209","page","type-page","status-publish","hentry"],"_links":{"self":[{"href":"https:\/\/www.gym-toelz.de\/index.php\/wp-json\/wp\/v2\/pages\/209","targetHints":{"allow":["GET"]}}],"collection":[{"href":"https:\/\/www.gym-toelz.de\/index.php\/wp-json\/wp\/v2\/pages"}],"about":[{"href":"https:\/\/www.gym-toelz.de\/index.php\/wp-json\/wp\/v2\/types\/page"}],"author":[{"embeddable":true,"href":"https:\/\/www.gym-toelz.de\/index.php\/wp-json\/wp\/v2\/users\/2"}],"replies":[{"embeddable":true,"href":"https:\/\/www.gym-toelz.de\/index.php\/wp-json\/wp\/v2\/comments?post=209"}],"version-history":[{"count":24,"href":"https:\/\/www.gym-toelz.de\/index.php\/wp-json\/wp\/v2\/pages\/209\/revisions"}],"predecessor-version":[{"id":2321,"href":"https:\/\/www.gym-toelz.de\/index.php\/wp-json\/wp\/v2\/pages\/209\/revisions\/2321"}],"up":[{"embeddable":true,"href":"https:\/\/www.gym-toelz.de\/index.php\/wp-json\/wp\/v2\/pages\/35"}],"wp:attachment":[{"href":"https:\/\/www.gym-toelz.de\/index.php\/wp-json\/wp\/v2\/media?parent=209"}],"curies":[{"name":"wp","href":"https:\/\/api.w.org\/{rel}","templated":true}]}}