{"id":2035,"date":"2025-07-29T15:14:59","date_gmt":"2025-07-29T15:14:59","guid":{"rendered":"https:\/\/www.gym-toelz.de\/?page_id=2035"},"modified":"2026-03-12T14:02:11","modified_gmt":"2026-03-12T13:02:11","slug":"musik","status":"publish","type":"page","link":"https:\/\/www.gym-toelz.de\/index.php\/unterricht\/faecher\/musik\/","title":{"rendered":"Musik"},"content":{"rendered":"<div  class='avia-button-wrap av-mdeokxx2-ba348ff40bcf67ab637d5c571ba8d309-wrap avia-button-right  avia-builder-el-0  el_before_av_textblock  avia-builder-el-first '><a href='https:\/\/www.gym-toelz.de\/index.php\/unterricht\/faecher\/'  class='avia-button av-mdeokxx2-ba348ff40bcf67ab637d5c571ba8d309 av-link-btn avia-icon_select-no avia-size-medium avia-position-right avia-color-theme-color'   aria-label=\"Zur\u00fcck zu allen F\u00e4chern\"><span class='avia_iconbox_title' >Zur\u00fcck zu allen F\u00e4chern<\/span><\/a><\/div>\n<section  class='av_textblock_section av-mdc1a1w6-06b94ad16ecbe6ecafcf709e106978eb '   itemscope=\"itemscope\" itemtype=\"https:\/\/schema.org\/CreativeWork\" ><div class='avia_textblock'  itemprop=\"text\" ><p><strong>MUSIK<\/strong><\/p>\n<\/div><\/section>\n<div  data-slideshow-options=\"{&quot;animation&quot;:&quot;fade&quot;,&quot;autoplay&quot;:false,&quot;loop_autoplay&quot;:&quot;once&quot;,&quot;interval&quot;:&quot;5&quot;,&quot;loop_manual&quot;:&quot;manual-endless&quot;,&quot;autoplay_stopper&quot;:false,&quot;noNavigation&quot;:false,&quot;show_slide_delay&quot;:90}\" class='avia-content-slider avia-content-slider-active avia-content-slider1 avia-content-slider-odd  avia-builder-el-2  el_after_av_textblock  el_before_av_one_half  av-slideshow-ui av-control-default   av-no-slider-navigation av-slideshow-manual av-loop-once av-loop-manual-endless '  itemscope=\"itemscope\" itemtype=\"https:\/\/schema.org\/Blog\" ><div class=\"avia-content-slider-inner\"><div class=\"slide-entry-wrap\"><article class='slide-entry flex_column  post-entry post-entry-3941 slide-entry-overview slide-loop-1 slide-parity-odd  av_one_third first real-thumbnail posttype-post post-format-standard'  itemscope=\"itemscope\" itemtype=\"https:\/\/schema.org\/CreativeWork\" ><a href='https:\/\/www.gym-toelz.de\/index.php\/2026\/03\/12\/kammermusikabend-april-2026\/' data-rel='slide-1' class='slide-image' title='Kammermusikabend April 2026'><img decoding=\"async\" fetchpriority=\"high\" width=\"495\" height=\"400\" src=\"https:\/\/www.gym-toelz.de\/wp-content\/uploads\/2026\/03\/2026-a-KammermusikabendFlyerPlakat-495x400.jpg\" class=\"wp-image-3940 avia-img-lazy-loading-not-3940 attachment-portfolio size-portfolio wp-post-image\" alt=\"\" srcset=\"https:\/\/www.gym-toelz.de\/wp-content\/uploads\/2026\/03\/2026-a-KammermusikabendFlyerPlakat-495x400.jpg 495w, https:\/\/www.gym-toelz.de\/wp-content\/uploads\/2026\/03\/2026-a-KammermusikabendFlyerPlakat-845x684.jpg 845w\" sizes=\"(max-width: 495px) 100vw, 495px\" \/><\/a><div class=\"slide-content\"><header class=\"entry-content-header\" aria-label=\"Slide: Kammermusikabend April 2026\"><h3 class='slide-entry-title entry-title '  itemprop=\"headline\" ><a href='https:\/\/www.gym-toelz.de\/index.php\/2026\/03\/12\/kammermusikabend-april-2026\/' title='Kammermusikabend April 2026'>Kammermusikabend April 2026<\/a><\/h3><span class=\"av-vertical-delimiter\"><\/span><\/header><\/div><footer class=\"entry-footer\"><\/footer><span class='hidden'>\n\t\t\t\t<span class='av-structured-data'  itemprop=\"image\" itemscope=\"itemscope\" itemtype=\"https:\/\/schema.org\/ImageObject\" >\n\t\t\t\t\t\t<span itemprop='url'>https:\/\/www.gym-toelz.de\/wp-content\/uploads\/2026\/03\/2026-a-KammermusikabendFlyerPlakat.jpg<\/span>\n\t\t\t\t\t\t<span itemprop='height'>2000<\/span>\n\t\t\t\t\t\t<span itemprop='width'>1414<\/span>\n\t\t\t\t<\/span>\n\t\t\t\t<span class='av-structured-data'  itemprop=\"publisher\" itemtype=\"https:\/\/schema.org\/Organization\" itemscope=\"itemscope\" >\n\t\t\t\t\t\t<span itemprop='name'>Hanno Froehlich<\/span>\n\t\t\t\t\t\t<span itemprop='logo' itemscope itemtype='https:\/\/schema.org\/ImageObject'>\n\t\t\t\t\t\t\t<span itemprop='url'>https:\/\/www.gym-toelz.de\/wp-content\/uploads\/2025\/06\/schriftzug-Kopf-weissGVS_Logo-klein-300x114.png<\/span>\n\t\t\t\t\t\t<\/span>\n\t\t\t\t<\/span><span class='av-structured-data'  itemprop=\"author\" itemscope=\"itemscope\" itemtype=\"https:\/\/schema.org\/Person\" ><span itemprop='name'>Hanno Froehlich<\/span><\/span><span class='av-structured-data'  itemprop=\"datePublished\" datetime=\"2025-07-29T15:14:59+02:00\" >2026-03-12 14:20:04<\/span><span class='av-structured-data'  itemprop=\"dateModified\" itemtype=\"https:\/\/schema.org\/dateModified\" >2026-03-12 14:20:51<\/span><span class='av-structured-data'  itemprop=\"mainEntityOfPage\" itemtype=\"https:\/\/schema.org\/mainEntityOfPage\" ><span itemprop='name'>Kammermusikabend April 2026<\/span><\/span><\/span><\/article><article class='slide-entry flex_column  post-entry post-entry-3701 slide-entry-overview slide-loop-2 slide-parity-even  av_one_third  real-thumbnail posttype-post post-format-standard'  itemscope=\"itemscope\" itemtype=\"https:\/\/schema.org\/CreativeWork\" ><a href='https:\/\/www.gym-toelz.de\/index.php\/2026\/02\/09\/kammermusikabend-2026-2\/' data-rel='slide-1' class='slide-image' title='Kammermusikabend 2026'><img decoding=\"async\" fetchpriority=\"high\" width=\"495\" height=\"400\" src=\"https:\/\/www.gym-toelz.de\/wp-content\/uploads\/2026\/02\/Homepage-Aktuelles-erster-Kammermusikabend-Febr-2026-495x400.jpeg\" class=\"wp-image-3700 avia-img-lazy-loading-not-3700 attachment-portfolio size-portfolio wp-post-image\" alt=\"\" srcset=\"https:\/\/www.gym-toelz.de\/wp-content\/uploads\/2026\/02\/Homepage-Aktuelles-erster-Kammermusikabend-Febr-2026-495x400.jpeg 495w, https:\/\/www.gym-toelz.de\/wp-content\/uploads\/2026\/02\/Homepage-Aktuelles-erster-Kammermusikabend-Febr-2026-845x684.jpeg 845w\" sizes=\"(max-width: 495px) 100vw, 495px\" \/><\/a><div class=\"slide-content\"><header class=\"entry-content-header\" aria-label=\"Slide: Kammermusikabend 2026\"><h3 class='slide-entry-title entry-title '  itemprop=\"headline\" ><a href='https:\/\/www.gym-toelz.de\/index.php\/2026\/02\/09\/kammermusikabend-2026-2\/' title='Kammermusikabend 2026'>Kammermusikabend 2026<\/a><\/h3><span class=\"av-vertical-delimiter\"><\/span><\/header><div class=\"slide-meta\"><time class='slide-meta-time updated'  itemprop=\"datePublished\" datetime=\"2026-02-09T08:03:42+01:00\" >Montag, Februar 9, 2026<\/time><\/div><div class='slide-entry-excerpt entry-content'  itemprop=\"text\" >Welch eine Freude! Rund 50 Sch\u00fclerinnen und Sch\u00fcler des Gabriel-von-Seidl-Gymnasiums\u2026<\/div><\/div><footer class=\"entry-footer\"><\/footer><span class='hidden'>\n\t\t\t\t<span class='av-structured-data'  itemprop=\"image\" itemscope=\"itemscope\" itemtype=\"https:\/\/schema.org\/ImageObject\" >\n\t\t\t\t\t\t<span itemprop='url'>https:\/\/www.gym-toelz.de\/wp-content\/uploads\/2026\/02\/Homepage-Aktuelles-erster-Kammermusikabend-Febr-2026.jpeg<\/span>\n\t\t\t\t\t\t<span itemprop='height'>1599<\/span>\n\t\t\t\t\t\t<span itemprop='width'>899<\/span>\n\t\t\t\t<\/span>\n\t\t\t\t<span class='av-structured-data'  itemprop=\"publisher\" itemtype=\"https:\/\/schema.org\/Organization\" itemscope=\"itemscope\" >\n\t\t\t\t\t\t<span itemprop='name'>Hanno Froehlich<\/span>\n\t\t\t\t\t\t<span itemprop='logo' itemscope itemtype='https:\/\/schema.org\/ImageObject'>\n\t\t\t\t\t\t\t<span itemprop='url'>https:\/\/www.gym-toelz.de\/wp-content\/uploads\/2025\/06\/schriftzug-Kopf-weissGVS_Logo-klein-300x114.png<\/span>\n\t\t\t\t\t\t<\/span>\n\t\t\t\t<\/span><span class='av-structured-data'  itemprop=\"author\" itemscope=\"itemscope\" itemtype=\"https:\/\/schema.org\/Person\" ><span itemprop='name'>Hanno Froehlich<\/span><\/span><span class='av-structured-data'  itemprop=\"datePublished\" datetime=\"2025-07-29T15:14:59+02:00\" >2026-02-09 08:03:42<\/span><span class='av-structured-data'  itemprop=\"dateModified\" itemtype=\"https:\/\/schema.org\/dateModified\" >2026-02-09 08:05:56<\/span><span class='av-structured-data'  itemprop=\"mainEntityOfPage\" itemtype=\"https:\/\/schema.org\/mainEntityOfPage\" ><span itemprop='name'>Kammermusikabend 2026<\/span><\/span><\/span><\/article><article class='slide-entry flex_column  post-entry post-entry-3550 slide-entry-overview slide-loop-3 slide-parity-odd  av_one_third  real-thumbnail posttype-post post-format-standard'  itemscope=\"itemscope\" itemtype=\"https:\/\/schema.org\/CreativeWork\" ><a href='https:\/\/www.gym-toelz.de\/index.php\/2026\/01\/20\/kammermusikabend-2026\/' data-rel='slide-1' class='slide-image' title='Kammermusikabend 2026'><img decoding=\"async\" fetchpriority=\"high\" width=\"495\" height=\"400\" src=\"https:\/\/www.gym-toelz.de\/wp-content\/uploads\/2026\/01\/Februar2026Kammermusikabend-495x400.jpeg\" class=\"wp-image-3551 avia-img-lazy-loading-not-3551 attachment-portfolio size-portfolio wp-post-image\" alt=\"\" \/><\/a><div class=\"slide-content\"><header class=\"entry-content-header\" aria-label=\"Slide: Kammermusikabend 2026\"><h3 class='slide-entry-title entry-title '  itemprop=\"headline\" ><a href='https:\/\/www.gym-toelz.de\/index.php\/2026\/01\/20\/kammermusikabend-2026\/' title='Kammermusikabend 2026'>Kammermusikabend 2026<\/a><\/h3><span class=\"av-vertical-delimiter\"><\/span><\/header><div class=\"slide-meta\"><time class='slide-meta-time updated'  itemprop=\"datePublished\" datetime=\"2026-01-20T15:55:23+01:00\" >Dienstag, Januar 20, 2026<\/time><\/div><div class='slide-entry-excerpt entry-content'  itemprop=\"text\" >Kammermusikabend am 5. Februar 2026 \u2013 Herzliche Einladung!\r\n\r\n\r\nDie\u2026<\/div><\/div><footer class=\"entry-footer\"><\/footer><span class='hidden'>\n\t\t\t\t<span class='av-structured-data'  itemprop=\"image\" itemscope=\"itemscope\" itemtype=\"https:\/\/schema.org\/ImageObject\" >\n\t\t\t\t\t\t<span itemprop='url'>https:\/\/www.gym-toelz.de\/wp-content\/uploads\/2026\/01\/Februar2026Kammermusikabend.jpeg<\/span>\n\t\t\t\t\t\t<span itemprop='height'>788<\/span>\n\t\t\t\t\t\t<span itemprop='width'>788<\/span>\n\t\t\t\t<\/span>\n\t\t\t\t<span class='av-structured-data'  itemprop=\"publisher\" itemtype=\"https:\/\/schema.org\/Organization\" itemscope=\"itemscope\" >\n\t\t\t\t\t\t<span itemprop='name'>Hanno Froehlich<\/span>\n\t\t\t\t\t\t<span itemprop='logo' itemscope itemtype='https:\/\/schema.org\/ImageObject'>\n\t\t\t\t\t\t\t<span itemprop='url'>https:\/\/www.gym-toelz.de\/wp-content\/uploads\/2025\/06\/schriftzug-Kopf-weissGVS_Logo-klein-300x114.png<\/span>\n\t\t\t\t\t\t<\/span>\n\t\t\t\t<\/span><span class='av-structured-data'  itemprop=\"author\" itemscope=\"itemscope\" itemtype=\"https:\/\/schema.org\/Person\" ><span itemprop='name'>Hanno Froehlich<\/span><\/span><span class='av-structured-data'  itemprop=\"datePublished\" datetime=\"2025-07-29T15:14:59+02:00\" >2026-01-20 15:55:23<\/span><span class='av-structured-data'  itemprop=\"dateModified\" itemtype=\"https:\/\/schema.org\/dateModified\" >2026-02-15 18:38:17<\/span><span class='av-structured-data'  itemprop=\"mainEntityOfPage\" itemtype=\"https:\/\/schema.org\/mainEntityOfPage\" ><span itemprop='name'>Kammermusikabend 2026<\/span><\/span><\/span><\/article><\/div><div class=\"slide-entry-wrap\"><article class='slide-entry flex_column  post-entry post-entry-3456 slide-entry-overview slide-loop-4 slide-parity-odd  av_one_third first real-thumbnail posttype-post post-format-standard'  itemscope=\"itemscope\" itemtype=\"https:\/\/schema.org\/CreativeWork\" ><a href='https:\/\/www.gym-toelz.de\/index.php\/2026\/01\/13\/weihnachtskonzert-des-gabriel-von-seidl-gymnasiums\/' data-rel='slide-1' class='slide-image' title='Weihnachtskonzert des Gabriel-von-Seidl-Gymnasiums'><img decoding=\"async\" fetchpriority=\"high\" width=\"495\" height=\"400\" src=\"https:\/\/www.gym-toelz.de\/wp-content\/uploads\/2026\/01\/Fotocollage-Weihnachtskonzert-2025-495x400.jpg\" class=\"wp-image-3455 avia-img-lazy-loading-not-3455 attachment-portfolio size-portfolio wp-post-image\" alt=\"\" srcset=\"https:\/\/www.gym-toelz.de\/wp-content\/uploads\/2026\/01\/Fotocollage-Weihnachtskonzert-2025-495x400.jpg 495w, https:\/\/www.gym-toelz.de\/wp-content\/uploads\/2026\/01\/Fotocollage-Weihnachtskonzert-2025-845x684.jpg 845w\" sizes=\"(max-width: 495px) 100vw, 495px\" \/><\/a><div class=\"slide-content\"><header class=\"entry-content-header\" aria-label=\"Slide: Weihnachtskonzert des Gabriel-von-Seidl-Gymnasiums\"><h3 class='slide-entry-title entry-title '  itemprop=\"headline\" ><a href='https:\/\/www.gym-toelz.de\/index.php\/2026\/01\/13\/weihnachtskonzert-des-gabriel-von-seidl-gymnasiums\/' title='Weihnachtskonzert des Gabriel-von-Seidl-Gymnasiums'>Weihnachtskonzert des Gabriel-von-Seidl-Gymnasiums<\/a><\/h3><span class=\"av-vertical-delimiter\"><\/span><\/header><div class=\"slide-meta\"><time class='slide-meta-time updated'  itemprop=\"datePublished\" datetime=\"2026-01-13T09:53:26+01:00\" >Dienstag, Januar 13, 2026<\/time><\/div><div class='slide-entry-excerpt entry-content'  itemprop=\"text\" >\u201eWe wish you a Merry Christmas!\u201c ert\u00f6nte es feierlich zum\u2026<\/div><\/div><footer class=\"entry-footer\"><\/footer><span class='hidden'>\n\t\t\t\t<span class='av-structured-data'  itemprop=\"image\" itemscope=\"itemscope\" itemtype=\"https:\/\/schema.org\/ImageObject\" >\n\t\t\t\t\t\t<span itemprop='url'>https:\/\/www.gym-toelz.de\/wp-content\/uploads\/2026\/01\/Fotocollage-Weihnachtskonzert-2025-scaled.jpg<\/span>\n\t\t\t\t\t\t<span itemprop='height'>2560<\/span>\n\t\t\t\t\t\t<span itemprop='width'>2032<\/span>\n\t\t\t\t<\/span>\n\t\t\t\t<span class='av-structured-data'  itemprop=\"publisher\" itemtype=\"https:\/\/schema.org\/Organization\" itemscope=\"itemscope\" >\n\t\t\t\t\t\t<span itemprop='name'>Hanno Froehlich<\/span>\n\t\t\t\t\t\t<span itemprop='logo' itemscope itemtype='https:\/\/schema.org\/ImageObject'>\n\t\t\t\t\t\t\t<span itemprop='url'>https:\/\/www.gym-toelz.de\/wp-content\/uploads\/2025\/06\/schriftzug-Kopf-weissGVS_Logo-klein-300x114.png<\/span>\n\t\t\t\t\t\t<\/span>\n\t\t\t\t<\/span><span class='av-structured-data'  itemprop=\"author\" itemscope=\"itemscope\" itemtype=\"https:\/\/schema.org\/Person\" ><span itemprop='name'>Hanno Froehlich<\/span><\/span><span class='av-structured-data'  itemprop=\"datePublished\" datetime=\"2025-07-29T15:14:59+02:00\" >2026-01-13 09:53:26<\/span><span class='av-structured-data'  itemprop=\"dateModified\" itemtype=\"https:\/\/schema.org\/dateModified\" >2026-01-13 09:55:30<\/span><span class='av-structured-data'  itemprop=\"mainEntityOfPage\" itemtype=\"https:\/\/schema.org\/mainEntityOfPage\" ><span itemprop='name'>Weihnachtskonzert des Gabriel-von-Seidl-Gymnasiums<\/span><\/span><\/span><\/article><article class='slide-entry flex_column  post-entry post-entry-3116 slide-entry-overview slide-loop-5 slide-parity-even  post-entry-last  av_one_third  real-thumbnail posttype-post post-format-standard'  itemscope=\"itemscope\" itemtype=\"https:\/\/schema.org\/CreativeWork\" ><a href='https:\/\/www.gym-toelz.de\/index.php\/2025\/12\/02\/3116\/' data-rel='slide-1' class='slide-image' title='Weihnachtskonzert'><img decoding=\"async\" fetchpriority=\"high\" width=\"495\" height=\"400\" src=\"https:\/\/www.gym-toelz.de\/wp-content\/uploads\/2025\/12\/Einladung-ALLGEMEIN-Weihnachtskonzert2025fuer-Homepage-495x400.jpg\" class=\"wp-image-3115 avia-img-lazy-loading-not-3115 attachment-portfolio size-portfolio wp-post-image\" alt=\"\" srcset=\"https:\/\/www.gym-toelz.de\/wp-content\/uploads\/2025\/12\/Einladung-ALLGEMEIN-Weihnachtskonzert2025fuer-Homepage-495x400.jpg 495w, https:\/\/www.gym-toelz.de\/wp-content\/uploads\/2025\/12\/Einladung-ALLGEMEIN-Weihnachtskonzert2025fuer-Homepage-845x684.jpg 845w\" sizes=\"(max-width: 495px) 100vw, 495px\" \/><\/a><div class=\"slide-content\"><header class=\"entry-content-header\" aria-label=\"Slide: Weihnachtskonzert\"><h3 class='slide-entry-title entry-title '  itemprop=\"headline\" ><a href='https:\/\/www.gym-toelz.de\/index.php\/2025\/12\/02\/3116\/' title='Weihnachtskonzert'>Weihnachtskonzert<\/a><\/h3><span class=\"av-vertical-delimiter\"><\/span><\/header><\/div><footer class=\"entry-footer\"><\/footer><span class='hidden'>\n\t\t\t\t<span class='av-structured-data'  itemprop=\"image\" itemscope=\"itemscope\" itemtype=\"https:\/\/schema.org\/ImageObject\" >\n\t\t\t\t\t\t<span itemprop='url'>https:\/\/www.gym-toelz.de\/wp-content\/uploads\/2025\/12\/Einladung-ALLGEMEIN-Weihnachtskonzert2025fuer-Homepage.jpg<\/span>\n\t\t\t\t\t\t<span itemprop='height'>2000<\/span>\n\t\t\t\t\t\t<span itemprop='width'>1414<\/span>\n\t\t\t\t<\/span>\n\t\t\t\t<span class='av-structured-data'  itemprop=\"publisher\" itemtype=\"https:\/\/schema.org\/Organization\" itemscope=\"itemscope\" >\n\t\t\t\t\t\t<span itemprop='name'>Hanno Froehlich<\/span>\n\t\t\t\t\t\t<span itemprop='logo' itemscope itemtype='https:\/\/schema.org\/ImageObject'>\n\t\t\t\t\t\t\t<span itemprop='url'>https:\/\/www.gym-toelz.de\/wp-content\/uploads\/2025\/06\/schriftzug-Kopf-weissGVS_Logo-klein-300x114.png<\/span>\n\t\t\t\t\t\t<\/span>\n\t\t\t\t<\/span><span class='av-structured-data'  itemprop=\"author\" itemscope=\"itemscope\" itemtype=\"https:\/\/schema.org\/Person\" ><span itemprop='name'>Hanno Froehlich<\/span><\/span><span class='av-structured-data'  itemprop=\"datePublished\" datetime=\"2025-07-29T15:14:59+02:00\" >2025-12-02 09:45:13<\/span><span class='av-structured-data'  itemprop=\"dateModified\" itemtype=\"https:\/\/schema.org\/dateModified\" >2025-12-03 16:57:53<\/span><span class='av-structured-data'  itemprop=\"mainEntityOfPage\" itemtype=\"https:\/\/schema.org\/mainEntityOfPage\" ><span itemprop='name'>Weihnachtskonzert<\/span><\/span><\/span><\/article><\/div><\/div><div class='avia-slideshow-arrows avia-slideshow-controls' ><a href='#prev' class='prev-slide  avia-svg-icon avia-font-svg_entypo-fontello' data-av_svg_icon='left-open-big' data-av_iconset='svg_entypo-fontello' tabindex='-1' title=\"Zur\u00fcck\"><svg version=\"1.1\" xmlns=\"http:\/\/www.w3.org\/2000\/svg\" width=\"15\" height=\"32\" viewBox=\"0 0 15 32\" preserveAspectRatio=\"xMidYMid meet\" aria-labelledby='av-svg-title-7' aria-describedby='av-svg-desc-7' role=\"graphics-symbol\" aria-hidden=\"true\">\n<title id='av-svg-title-7'>Zur\u00fcck<\/title>\n<desc id='av-svg-desc-7'>Zur\u00fcck<\/desc>\n<path d=\"M14.464 27.84q0.832 0.832 0 1.536-0.832 0.832-1.536 0l-12.544-12.608q-0.768-0.768 0-1.6l12.544-12.608q0.704-0.832 1.536 0 0.832 0.704 0 1.536l-11.456 11.904z\"><\/path>\n<\/svg><span class='avia_hidden_link_text'>Zur\u00fcck<\/span><\/a><a href='#next' class='next-slide  avia-svg-icon avia-font-svg_entypo-fontello' data-av_svg_icon='right-open-big' data-av_iconset='svg_entypo-fontello' tabindex='-1' title=\"Weiter\"><svg version=\"1.1\" xmlns=\"http:\/\/www.w3.org\/2000\/svg\" width=\"15\" height=\"32\" viewBox=\"0 0 15 32\" preserveAspectRatio=\"xMidYMid meet\" aria-labelledby='av-svg-title-8' aria-describedby='av-svg-desc-8' role=\"graphics-symbol\" aria-hidden=\"true\">\n<title id='av-svg-title-8'>Weiter<\/title>\n<desc id='av-svg-desc-8'>Weiter<\/desc>\n<path d=\"M0.416 27.84l11.456-11.84-11.456-11.904q-0.832-0.832 0-1.536 0.832-0.832 1.536 0l12.544 12.608q0.768 0.832 0 1.6l-12.544 12.608q-0.704 0.832-1.536 0-0.832-0.704 0-1.536z\"><\/path>\n<\/svg><span class='avia_hidden_link_text'>Weiter<\/span><\/a><\/div><\/div>\n<div  class='flex_column av-6le75b-c4b17d0cbcf06224bbc64f75fdb5880f av_one_half  avia-builder-el-3  el_after_av_postslider  el_before_av_one_half  first flex_column_div  '     ><section  class='av_textblock_section av-md5m8b02-d8d25be6372ae020d38928aa06f80d47 '   itemscope=\"itemscope\" itemtype=\"https:\/\/schema.org\/CreativeWork\" ><div class='avia_textblock'  itemprop=\"text\" ><p><strong>Das Fach<\/strong><\/p>\n<p style=\"font-weight: 400;\">Das Fach Musik wird am Gabriel-von-Seidl-Gymnasium in allen Zweigen erteilt, im musischen Zweig jedoch vertieft unterrichtet. Es leistet f\u00fcr alle Sch\u00fclerinnen und Sch\u00fcler einen wichtigen Beitrag zur \u00e4sthetischen, kulturellen und pers\u00f6nlichen Bildung. Bewusste Wahrnehmung, das Verstehen und Gestalten von Musik werden durch den Unterricht gef\u00f6rdert und der Zugang zu kultureller Vielfalt und Teilhabe er\u00f6ffnet bzw. erweitert. Musikunterricht regt interdisziplin\u00e4res Denken und die Vernetzung von Inhalten verschiedener Themen und F\u00e4cher an.<\/p>\n<p style=\"font-weight: 400;\">Die aktive Besch\u00e4ftigung mit Musik unterst\u00fctzt die Pers\u00f6nlichkeitsentwicklung, st\u00e4rkt Kreativit\u00e4t, Ausdrucksf\u00e4higkeit und emotionale Intelligenz. Gemeinsames Musizieren schult soziale Kompetenzen wie Teamf\u00e4higkeit, R\u00fccksichtnahme und Verantwortungsbewusstsein.<\/p>\n<p style=\"font-weight: 400;\">Musik bereichert das Schulleben auf vielf\u00e4ltige Weise. Insbesondere die musischen Wahlunterrichte f\u00f6rdern den Gemeinschaftssinn und st\u00e4rken die Identifikation mit der Schule. Musik schafft emotionale Erlebnisse, verbindet Sch\u00fclerinnen und Sch\u00fcler unterschiedlicher Altersstufen und tr\u00e4gt zu einem lebendigen, kreativen Schulklima bei.<\/p>\n<\/div><\/section><\/div>\n<div  class='flex_column av-4l46b3-a0225c42bbaf70a50f43e4a0a1be8a36 av_one_half  avia-builder-el-5  el_after_av_one_half  el_before_av_textblock  flex_column_div  '     ><section  class='av_textblock_section av-md5m9yeg-a9d28fd7cdae222de796d850bdc4be30 '   itemscope=\"itemscope\" itemtype=\"https:\/\/schema.org\/CreativeWork\" ><div class='avia_textblock'  itemprop=\"text\" ><p><strong>Fachschaftsleitung<img loading=\"lazy\" decoding=\"async\" class=\" wp-image-3777 alignright\" src=\"https:\/\/www.gym-toelz.de\/wp-content\/uploads\/2026\/02\/MusikseidlLogoMusischStand26-180x180.png\" alt=\"\" width=\"236\" height=\"236\" srcset=\"https:\/\/www.gym-toelz.de\/wp-content\/uploads\/2026\/02\/MusikseidlLogoMusischStand26-180x180.png 180w, https:\/\/www.gym-toelz.de\/wp-content\/uploads\/2026\/02\/MusikseidlLogoMusischStand26-300x300.png 300w, https:\/\/www.gym-toelz.de\/wp-content\/uploads\/2026\/02\/MusikseidlLogoMusischStand26-1030x1030.png 1030w, https:\/\/www.gym-toelz.de\/wp-content\/uploads\/2026\/02\/MusikseidlLogoMusischStand26-80x80.png 80w, https:\/\/www.gym-toelz.de\/wp-content\/uploads\/2026\/02\/MusikseidlLogoMusischStand26-768x768.png 768w, https:\/\/www.gym-toelz.de\/wp-content\/uploads\/2026\/02\/MusikseidlLogoMusischStand26-36x36.png 36w, https:\/\/www.gym-toelz.de\/wp-content\/uploads\/2026\/02\/MusikseidlLogoMusischStand26-705x705.png 705w, https:\/\/www.gym-toelz.de\/wp-content\/uploads\/2026\/02\/MusikseidlLogoMusischStand26.png 1080w\" sizes=\"auto, (max-width: 236px) 100vw, 236px\" \/><\/strong><\/p>\n<p style=\"font-weight: 400;\">Eva Maria Emmler<\/p>\n<p><strong>Lehrwerke<\/strong><\/p>\n<p style=\"font-weight: 400;\">Tonart, Helbling Verlag<\/p>\n<p><strong>Schulaufgaben<\/strong><\/p>\n<p style=\"font-weight: 400;\"><em>Jahrgangsstufen 5 \u2013 11: <\/em><\/p>\n<ul>\n<li style=\"font-weight: 400;\"><em>ST und NTG: <\/em>keine Schulaufgabe in 5 \u2013 11<\/li>\n<li style=\"font-weight: 400;\"><em>MuG: <\/em>zwei Schulaufgaben im Schuljahr + praktische Pr\u00fcfungen<\/li>\n<\/ul>\n<p style=\"font-weight: 400;\"><em>Qualifizierungsphase 12\/13:<\/em><\/p>\n<ul>\n<li style=\"font-weight: 400;\"><em>Grundlegendes Anforderungsniveau: <\/em>eine Schulaufgabe pro Semester<\/li>\n<li style=\"font-weight: 400;\"><em>Erh\u00f6htes Anforderungsniveau: <\/em>eine Schulaufgabe pro Semester + eine praktische Pr\u00fcfung pro Semester<\/li>\n<\/ul>\n<\/div><\/section><\/div>\n<section  class='av_textblock_section av-mhhv2zsn-ce5554cab01aeac9a78b8b9ee7fbad3e '   itemscope=\"itemscope\" itemtype=\"https:\/\/schema.org\/CreativeWork\" ><div class='avia_textblock'  itemprop=\"text\" ><p><a id=\"MusischerZweig\"><\/a>Weitere n\u00fctzliche Informationen:<\/p>\n<\/div><\/section>\n<div  class='togglecontainer av-mdc1hxog-e4e52255208d755383b652a152290701  avia-builder-el-8  el_after_av_textblock  avia-builder-el-last  toggle_close_all' >\n<section class='av_toggle_section av-mdopfra2-96f2b8fbfc6d7987ac796d8b5b70be91'  itemscope=\"itemscope\" itemtype=\"https:\/\/schema.org\/CreativeWork\" ><div role=\"tablist\" class=\"single_toggle\" data-tags=\"{Alle} \"  ><p id='toggle-toggle-id-1' data-fake-id='#toggle-id-1' class='toggler  av-title-above '  itemprop=\"headline\"  role='tab' tabindex='0' aria-controls='toggle-id-1' data-slide-speed=\"200\" data-title=\"Musischer Zweig\" data-title-open=\"\" data-aria_collapsed=\"Click to expand: Musischer Zweig\" data-aria_expanded=\"Click to collapse: Musischer Zweig\">Musischer Zweig<span class=\"toggle_icon\"><span class=\"vert_icon\"><\/span><span class=\"hor_icon\"><\/span><\/span><\/p><div id='toggle-id-1' aria-labelledby='toggle-toggle-id-1' role='region' class='toggle_wrap  av-title-above'  ><div class='toggle_content invers-color '  itemprop=\"text\" ><p>\u201eOhne Musik w\u00e4re das Leben ein Irrtum\u201c (F. Nietzsche)<br \/>\nDen Musischen Zweig (MuG) w\u00e4hlen, hei\u00dft \u201eMusik\u201c zum Kernfach werden zu lassen. Dieser stellt am Gabriel-von-Seidl Gymnasium Bad T\u00f6lz eine von drei Ausbildungsrichtungen <a href=\"https:\/\/www.gym-toelz.de\/index.php\/unterricht\/zweige\/\" target=\"_blank\" rel=\"noopener\">https:\/\/www.gym-toelz.de\/index.php\/unterricht\/zweige\/<\/a> dar. MUSIK als Kernfach bedeutet nicht nur vertiefter Klassenmusikunterricht, sondern auch Instrumentalunterricht auf seinem selbstgew\u00e4hlten Hauptinstrument und sowie Stimmbildungsunterricht (Klasse 5 \/6) zu erhalten und musikalisch-praktische Leistungen verst\u00e4rkt schulisch einbringen zu k\u00f6nnen. Diesen und allen Sch\u00fclerinnen und Sch\u00fclern bietet die Schule dar\u00fcber hinaus ein breit gef\u00e4chertes und vielseitiges Wahlkursangebot <a href=\"https:\/\/www.gym-toelz.de\/index.php\/angebote-aktivitaeten\/wahlkurse\/\" target=\"_blank\" rel=\"noopener\">https:\/\/www.gym-toelz.de\/index.php\/angebote-aktivitaeten\/wahlkurse\/<\/a> &#8211; Musik an, durch welches alle Lernenden ihr jeweiliges musisch-k\u00fcnstlerisches Profil individuell erweitern k\u00f6nnen. In zahlreichen Konzerten, Auftrittsm\u00f6glichkeiten und Projekten gestalten insbesondere die Sch\u00fclerinnen und Sch\u00fcler des musischen Zweigs das Schul- und Stadtleben aktiv mit und machen unvergessliche, wertvolle und pr\u00e4gende Erfahrungen auf und hinter der B\u00fchne.<br \/>\nZum Eintritt in den musischen Zweig in die f\u00fcnfte Klasse sind keine instrumentalen Voraussetzungen erforderlich. Ein Wechsel aus oder in andere Zweige ist \u2013 nach Beratung und unter bestimmten Voraussetzungen \u2013 noch bis zur siebten Klasse m\u00f6glich.<br \/>\nF\u00fcr individuelle Beratung rund um den musischen Zweig, Instrumentalunterricht oder Zweigwechsel wenden Sie sich an die Fachschaftsleitung des Faches Musik Frau Eva Emmler (<a href=\"mailto:sekretariat@gymtoelz.de\" target=\"_blank\" rel=\"noopener\">sekretariat@gymtoelz.de<\/a>)<\/p>\n<p>Hier finden Sie weitere Informationen zum musischen Zweig.<\/p>\n<p><a href=\"https:\/\/www.gym-toelz.de\/wp-content\/uploads\/2025\/11\/Praesentation_Musisches_Gymnasium.mp4\" target=\"_blank\" rel=\"noopener\">Informationsfilm zum musischen Zweig (mp4 in neuem Fenster) <img loading=\"lazy\" decoding=\"async\" class=\"alignnone wp-image-1873\" src=\"https:\/\/www.gym-toelz.de\/wp-content\/uploads\/2025\/07\/icons8-new-tab-48.png\" alt=\"\" width=\"18\" height=\"18\" srcset=\"https:\/\/www.gym-toelz.de\/wp-content\/uploads\/2025\/07\/icons8-new-tab-48.png 48w, https:\/\/www.gym-toelz.de\/wp-content\/uploads\/2025\/07\/icons8-new-tab-48-36x36.png 36w\" sizes=\"auto, (max-width: 18px) 100vw, 18px\" \/><\/a><\/p>\n<p><a href=\"https:\/\/www.gym-toelz.de\/wp-content\/uploads\/2026\/02\/flyer-musik-2026.pdf\" target=\"_blank\" rel=\"noopener\">Flyer zum musischen Zweig <img loading=\"lazy\" decoding=\"async\" class=\"alignnone wp-image-1873\" src=\"https:\/\/www.gym-toelz.de\/wp-content\/uploads\/2025\/07\/icons8-new-tab-48.png\" alt=\"\" width=\"18\" height=\"18\" srcset=\"https:\/\/www.gym-toelz.de\/wp-content\/uploads\/2025\/07\/icons8-new-tab-48.png 48w, https:\/\/www.gym-toelz.de\/wp-content\/uploads\/2025\/07\/icons8-new-tab-48-36x36.png 36w\" sizes=\"auto, (max-width: 18px) 100vw, 18px\" \/><\/a><\/p>\n<p><a href=\"https:\/\/www.blkm.de\/Bildung\/MusikinderSchule\/GymnasienmitMusikschwerpunkt\" target=\"_blank\" rel=\"noopener\">https:\/\/www.blkm.de\/Bildung\/MusikinderSchule\/GymnasienmitMusikschwerpunkt<\/a><\/p>\n<p><a href=\"https:\/\/www.km.bayern.de\/lernen\/schularten\/gymnasium\/ausbildungsrichtungen-und-fremdsprachenfolgen\/musisches-gymnasium\" target=\"_blank\" rel=\"noopener\">https:\/\/www.km.bayern.de\/lernen\/schularten\/gymnasium\/ausbildungsrichtungen-und-fremdsprachenfolgen\/musisches-gymnasium<\/a><\/p>\n<p><a href=\"https:\/\/www.km.bayern.de\/lernen\/schularten\/gymnasium\/ausbildungsrichtungen-und-fremdsprachenfolgen\/musisches-gymnasium\" target=\"_blank\" rel=\"noopener\">https:\/\/www.km.bayern.de\/lernen\/schularten\/gymnasium\/ausbildungsrichtungen-und-fremdsprachenfolgen\/musisches-gymnasium<\/a><\/p>\n<\/div><\/div><\/div><\/section>\n<section class='av_toggle_section av-mdc1h1pg-2be082ede41c5252320ad7b46836aa0c'  itemscope=\"itemscope\" itemtype=\"https:\/\/schema.org\/CreativeWork\" ><div role=\"tablist\" class=\"single_toggle\" data-tags=\"{Alle} \"  ><p id='toggle-toggle-id-2' data-fake-id='#toggle-id-2' class='toggler  av-title-above '  itemprop=\"headline\"  role='tab' tabindex='0' aria-controls='toggle-id-2' data-slide-speed=\"200\" data-title=\"Wahlunterricht Musik\" data-title-open=\"\" data-aria_collapsed=\"Click to expand: Wahlunterricht Musik\" data-aria_expanded=\"Click to collapse: Wahlunterricht Musik\">Wahlunterricht Musik<span class=\"toggle_icon\"><span class=\"vert_icon\"><\/span><span class=\"hor_icon\"><\/span><\/span><\/p><div id='toggle-id-2' aria-labelledby='toggle-toggle-id-2' role='region' class='toggle_wrap  av-title-above'  ><div class='toggle_content invers-color '  itemprop=\"text\" ><p>Das Fach Musik bietet eine gro\u00dfe Vielfalt im Wahlunterricht. Alle weiteren Informationen finden Sie<\/p>\n<p><a href=\"https:\/\/www.gym-toelz.de\/index.php\/angebote-aktivitaeten\/wahlkurse\/#Musik\" target=\"_blank\" rel=\"noopener\">HIER <img loading=\"lazy\" decoding=\"async\" class=\"alignnone wp-image-1873\" src=\"https:\/\/www.gym-toelz.de\/wp-content\/uploads\/2025\/07\/icons8-new-tab-48.png\" alt=\"\" width=\"18\" height=\"18\" srcset=\"https:\/\/www.gym-toelz.de\/wp-content\/uploads\/2025\/07\/icons8-new-tab-48.png 48w, https:\/\/www.gym-toelz.de\/wp-content\/uploads\/2025\/07\/icons8-new-tab-48-36x36.png 36w\" sizes=\"auto, (max-width: 18px) 100vw, 18px\" \/><\/a><\/p>\n<\/div><\/div><\/div><\/section>\n<section class='av_toggle_section av-mdopfiyj-428e1b5858962f34b4354403dbd81060'  itemscope=\"itemscope\" itemtype=\"https:\/\/schema.org\/CreativeWork\" ><div role=\"tablist\" class=\"single_toggle\" data-tags=\"{Alle} \"  ><p id='toggle-toggle-id-3' data-fake-id='#toggle-id-3' class='toggler  av-title-above '  itemprop=\"headline\"  role='tab' tabindex='0' aria-controls='toggle-id-3' data-slide-speed=\"200\" data-title=\"Konzerte und Veranstaltungen\" data-title-open=\"\" data-aria_collapsed=\"Click to expand: Konzerte und Veranstaltungen\" data-aria_expanded=\"Click to collapse: Konzerte und Veranstaltungen\">Konzerte und Veranstaltungen<span class=\"toggle_icon\"><span class=\"vert_icon\"><\/span><span class=\"hor_icon\"><\/span><\/span><\/p><div id='toggle-id-3' aria-labelledby='toggle-toggle-id-3' role='region' class='toggle_wrap  av-title-above'  ><div class='toggle_content invers-color '  itemprop=\"text\" ><p>Das Gabriel-von-Seidl-Gymnasium hat ein umfangreiches und vielf\u00e4ltiges Konzert- und Veranstaltungsleben zu bieten. Jungen S\u00e4ngerinnen und S\u00e4ngern sowie Instrumentalistinnen und Instrumentalisten werden in jedem Schuljahr viele M\u00f6glichkeiten zum Auftritt geboten, die zudem das Schulleben musikalisch bereichern.<br \/>\nUnsere \u201egro\u00dfen\u201c Konzerte im T\u00f6lzer Kurhaus im Dezember (Weihnachtskonzerte) und im Juni (Sommerkonzerte), in denen sich die gro\u00dfen Ensembles der Schule (Unter-\/ Mittel-und Oberstufenchor, Jugendorchester, Sinfonieorchester, Schulband, Bigband, Fl\u00f6tenensemble, Projektchor) regelm\u00e4\u00dfig pr\u00e4sentieren.<br \/>\nZwei Kammermusikabende in der Aula der Schule, die von kleineren Ensembles, Duos oder vereinzelt Solobeitr\u00e4gen gestaltet werden.<\/p>\n<ul>\n<li>Musikalische Umrahmung aller Schulgottesdienste<\/li>\n<li>Musikalische Umrahmung der Abiturfeier<\/li>\n<li>Musikalische Umrahmung des Informationsabends f\u00fcr die Neuen F\u00fcnftkl\u00e4ssler<\/li>\n<li>Musikalische Unterhaltung beim Sommerfest<\/li>\n<li>Vorspiele der Sch\u00fclerinnen und Sch\u00fcler des Leistungsfachs Musik<\/li>\n<li>Musikalische Umrahmung des Burkina-Faso-Basars<\/li>\n<\/ul>\n<p><img loading=\"lazy\" decoding=\"async\" class=\"aligncenter wp-image-3757 \" src=\"https:\/\/www.gym-toelz.de\/wp-content\/uploads\/2026\/02\/Homepage_FachMusik_Konzerte_Bild4.jpeg\" alt=\"\" width=\"521\" height=\"927\" srcset=\"https:\/\/www.gym-toelz.de\/wp-content\/uploads\/2026\/02\/Homepage_FachMusik_Konzerte_Bild4.jpeg 899w, https:\/\/www.gym-toelz.de\/wp-content\/uploads\/2026\/02\/Homepage_FachMusik_Konzerte_Bild4-169x300.jpeg 169w, https:\/\/www.gym-toelz.de\/wp-content\/uploads\/2026\/02\/Homepage_FachMusik_Konzerte_Bild4-579x1030.jpeg 579w, https:\/\/www.gym-toelz.de\/wp-content\/uploads\/2026\/02\/Homepage_FachMusik_Konzerte_Bild4-768x1366.jpeg 768w, https:\/\/www.gym-toelz.de\/wp-content\/uploads\/2026\/02\/Homepage_FachMusik_Konzerte_Bild4-864x1536.jpeg 864w, https:\/\/www.gym-toelz.de\/wp-content\/uploads\/2026\/02\/Homepage_FachMusik_Konzerte_Bild4-843x1500.jpeg 843w, https:\/\/www.gym-toelz.de\/wp-content\/uploads\/2026\/02\/Homepage_FachMusik_Konzerte_Bild4-396x705.jpeg 396w\" sizes=\"auto, (max-width: 521px) 100vw, 521px\" \/><\/p>\n<p><img loading=\"lazy\" decoding=\"async\" class=\"aligncenter wp-image-3756 \" src=\"https:\/\/www.gym-toelz.de\/wp-content\/uploads\/2026\/02\/Homepage_FachMusik_Konzerte_Bild3-scaled.jpg\" alt=\"\" width=\"854\" height=\"641\" srcset=\"https:\/\/www.gym-toelz.de\/wp-content\/uploads\/2026\/02\/Homepage_FachMusik_Konzerte_Bild3-scaled.jpg 2560w, https:\/\/www.gym-toelz.de\/wp-content\/uploads\/2026\/02\/Homepage_FachMusik_Konzerte_Bild3-300x225.jpg 300w, https:\/\/www.gym-toelz.de\/wp-content\/uploads\/2026\/02\/Homepage_FachMusik_Konzerte_Bild3-1030x773.jpg 1030w, https:\/\/www.gym-toelz.de\/wp-content\/uploads\/2026\/02\/Homepage_FachMusik_Konzerte_Bild3-768x576.jpg 768w, https:\/\/www.gym-toelz.de\/wp-content\/uploads\/2026\/02\/Homepage_FachMusik_Konzerte_Bild3-1536x1152.jpg 1536w, https:\/\/www.gym-toelz.de\/wp-content\/uploads\/2026\/02\/Homepage_FachMusik_Konzerte_Bild3-2048x1536.jpg 2048w, https:\/\/www.gym-toelz.de\/wp-content\/uploads\/2026\/02\/Homepage_FachMusik_Konzerte_Bild3-1500x1125.jpg 1500w, https:\/\/www.gym-toelz.de\/wp-content\/uploads\/2026\/02\/Homepage_FachMusik_Konzerte_Bild3-705x529.jpg 705w\" sizes=\"auto, (max-width: 854px) 100vw, 854px\" \/><\/p>\n<\/div><\/div><\/div><\/section>\n<section class='av_toggle_section av-mli5ssd4-fef48fd26fa3103f151667f6b5e37d54'  itemscope=\"itemscope\" itemtype=\"https:\/\/schema.org\/CreativeWork\" ><div role=\"tablist\" class=\"single_toggle\" data-tags=\"{Alle} \"  ><p id='toggle-toggle-id-4' data-fake-id='#toggle-id-4' class='toggler  av-title-above '  itemprop=\"headline\"  role='tab' tabindex='0' aria-controls='toggle-id-4' data-slide-speed=\"200\" data-title=\"Musiktheater\" data-title-open=\"\" data-aria_collapsed=\"Click to expand: Musiktheater\" data-aria_expanded=\"Click to collapse: Musiktheater\">Musiktheater<span class=\"toggle_icon\"><span class=\"vert_icon\"><\/span><span class=\"hor_icon\"><\/span><\/span><\/p><div id='toggle-id-4' aria-labelledby='toggle-toggle-id-4' role='region' class='toggle_wrap  av-title-above'  ><div class='toggle_content invers-color '  itemprop=\"text\" ><p><a href=\"https:\/\/www.gym-toelz.de\/index.php\/angebote-aktivitaeten\/kultur\/#Musiktheaterkultur\">interner Link zur Seite Kultur &#8211; Musiktheater <img loading=\"lazy\" decoding=\"async\" class=\"alignnone wp-image-1873\" src=\"https:\/\/www.gym-toelz.de\/wp-content\/uploads\/2025\/07\/icons8-new-tab-48.png\" alt=\"\" width=\"18\" height=\"18\" srcset=\"https:\/\/www.gym-toelz.de\/wp-content\/uploads\/2025\/07\/icons8-new-tab-48.png 48w, https:\/\/www.gym-toelz.de\/wp-content\/uploads\/2025\/07\/icons8-new-tab-48-36x36.png 36w\" sizes=\"auto, (max-width: 18px) 100vw, 18px\" \/><\/a><\/p>\n<\/div><\/div><\/div><\/section>\n<section class='av_toggle_section av-24gyib-1e659d8df0fc04d252692d34f4d45ad1'  itemscope=\"itemscope\" itemtype=\"https:\/\/schema.org\/CreativeWork\" ><div role=\"tablist\" class=\"single_toggle\" data-tags=\"{Alle} \"  ><p id='toggle-toggle-id-5' data-fake-id='#toggle-id-5' class='toggler  av-title-above '  itemprop=\"headline\"  role='tab' tabindex='0' aria-controls='toggle-id-5' data-slide-speed=\"200\" data-title=\"Kooperationen Musik\" data-title-open=\"\" data-aria_collapsed=\"Click to expand: Kooperationen Musik\" data-aria_expanded=\"Click to collapse: Kooperationen Musik\">Kooperationen Musik<span class=\"toggle_icon\"><span class=\"vert_icon\"><\/span><span class=\"hor_icon\"><\/span><\/span><\/p><div id='toggle-id-5' aria-labelledby='toggle-toggle-id-5' role='region' class='toggle_wrap  av-title-above'  ><div class='toggle_content invers-color '  itemprop=\"text\" ><p>Das Gabriel-von-Seidl-Gymnasium pflegt seit vielen Jahren eine hervorragende Zusammenarbeit mit der Sing- und Musikschule Bad T\u00f6lz e.V. (<a href=\"https:\/\/musikschule-toelz.de\/\" target=\"_blank\" rel=\"noopener\">https:\/\/musikschule-toelz.de\/<\/a>), die sich nicht nur in der guten, kollegialen Zusammenarbeit zeigt, sondern aus welcher schon zahlreiche, verschiedenartige und sehr erfolgreiche Projekte hervorgegangen sind \u2013 darunter u.a. die gemeinsamen B\u00fchnenproduktionen Anatevka (2017), Hexenmeister (2018), Krabat (2019) und West Side Story (2023) \uf0e0 LINK EINF\u00dcGEN.<br \/>\nAuch mit der Kirchenmusik der Pfarrei Maria Himmelfahrt (<a href=\"https:\/\/www.pfarrverband-bad-toelz.de\/\" target=\"_blank\" rel=\"noopener\">https:\/\/www.pfarrverband-bad-toelz.de\/<\/a>) wird seit vielen Jahren die Zusammenarbeit gepflegt und kam es immer wieder zu musikalischen Kooperationsprojekten. Besonders erw\u00e4hnenswert hier das \u201eRutter-Kirchenkonzert\u201c (2018).<br \/>\nMit der T\u00f6lzer Stadtkapelle e.V. (<a href=\"https:\/\/www.toelzer-stadtkapelle.de\/\" target=\"_blank\" rel=\"noopener\">https:\/\/www.toelzer-stadtkapelle.de\/<\/a>) verbindet das Gymnasium ein sehr gutes, kollegiales Verh\u00e4ltnis, welches in den letzten Jahren noch intensiviert und ausgebaut werden konnte.<br \/>\nAKTUELLES KOOPERATIONSPROJEKT: Gymnasium \u2013 Musikschule \u2013 Stadtkapelle<\/p>\n<p>Unter dem Titel T\u00d6LZER COMMON SYMPHONY sind im Juli 2026 alle T\u00f6lzer Musikerinnen und Musiker\/ S\u00e4ngerinnen und S\u00e4nger in die T\u00f6lzer Marktstra\u00dfe zum gemeinsamen Musizieren eingeladen. Diese Veranstaltung wird von der Sing- und Musikschule sowie dem Gabriel-von-Seidl-Gymnasium Bad T\u00f6lz k\u00fcnstlerisch-organisatorisch verantwortet. Veranstalter ist die Stadt Bad T\u00f6lz. Neben Eva Emmler (Gabriel-von-Seidl-Gymnasium) und Harald Ro\u00dfberger (ehemaliger Leiter Sing- und Musikschule) werden Martin Schnitzer (aktueller Leiter der Sing- und Musikschule) sowie Josef Kronwitter (Stadtkapellmeister und Lehrer an beiden Schulen) die Proben sowie die Auff\u00fchrung musikalisch anleiten.<\/p>\n<p>Weitere Informationen dazu finden Sie hier:<\/p>\n<div class='avia-iframe-wrap'>\n<blockquote class=\"wp-embedded-content\" data-secret=\"FyWvw7fpKB\">\n<p><a href=\"https:\/\/musikschule-toelz.de\/toelzer-common-symphony\/\">T\u00f6lzer Common Symphony<\/a><\/p>\n<\/blockquote>\n<p><iframe loading=\"lazy\" class=\"wp-embedded-content\" sandbox=\"allow-scripts\" security=\"restricted\" style=\"position: absolute; visibility: hidden;\" title=\"&#8222;T\u00f6lzer Common Symphony&#8220; &#8211; Sing- und Musikschule Bad T\u00f6lz e.V.\" src=\"https:\/\/musikschule-toelz.de\/toelzer-common-symphony\/embed\/#?secret=bH62eRQ1zS#?secret=FyWvw7fpKB\" data-secret=\"FyWvw7fpKB\" width=\"600\" height=\"338\" frameborder=\"0\" marginwidth=\"0\" marginheight=\"0\" scrolling=\"no\"><\/iframe><\/div>\n<\/div><\/div><\/div><\/section>\n<section class='av_toggle_section av-mdopujuu-1d4f24e96d77d55a2b137d718b6e064b'  itemscope=\"itemscope\" itemtype=\"https:\/\/schema.org\/CreativeWork\" ><div role=\"tablist\" class=\"single_toggle\" data-tags=\"{Alle} \"  ><p id='toggle-toggle-id-6' data-fake-id='#toggle-id-6' class='toggler  av-title-above '  itemprop=\"headline\"  role='tab' tabindex='0' aria-controls='toggle-id-6' data-slide-speed=\"200\" data-title=\"Wettbewerbe Musik\" data-title-open=\"\" data-aria_collapsed=\"Click to expand: Wettbewerbe Musik\" data-aria_expanded=\"Click to collapse: Wettbewerbe Musik\">Wettbewerbe Musik<span class=\"toggle_icon\"><span class=\"vert_icon\"><\/span><span class=\"hor_icon\"><\/span><\/span><\/p><div id='toggle-id-6' aria-labelledby='toggle-toggle-id-6' role='region' class='toggle_wrap  av-title-above'  ><div class='toggle_content invers-color '  itemprop=\"text\" ><\/div><\/div><\/div><\/section>\n<\/div>\n","protected":false},"excerpt":{"rendered":"","protected":false},"author":3,"featured_media":0,"parent":240,"menu_order":16,"comment_status":"closed","ping_status":"closed","template":"","meta":{"footnotes":""},"class_list":["post-2035","page","type-page","status-publish","hentry"],"_links":{"self":[{"href":"https:\/\/www.gym-toelz.de\/index.php\/wp-json\/wp\/v2\/pages\/2035","targetHints":{"allow":["GET"]}}],"collection":[{"href":"https:\/\/www.gym-toelz.de\/index.php\/wp-json\/wp\/v2\/pages"}],"about":[{"href":"https:\/\/www.gym-toelz.de\/index.php\/wp-json\/wp\/v2\/types\/page"}],"author":[{"embeddable":true,"href":"https:\/\/www.gym-toelz.de\/index.php\/wp-json\/wp\/v2\/users\/3"}],"replies":[{"embeddable":true,"href":"https:\/\/www.gym-toelz.de\/index.php\/wp-json\/wp\/v2\/comments?post=2035"}],"version-history":[{"count":30,"href":"https:\/\/www.gym-toelz.de\/index.php\/wp-json\/wp\/v2\/pages\/2035\/revisions"}],"predecessor-version":[{"id":3932,"href":"https:\/\/www.gym-toelz.de\/index.php\/wp-json\/wp\/v2\/pages\/2035\/revisions\/3932"}],"up":[{"embeddable":true,"href":"https:\/\/www.gym-toelz.de\/index.php\/wp-json\/wp\/v2\/pages\/240"}],"wp:attachment":[{"href":"https:\/\/www.gym-toelz.de\/index.php\/wp-json\/wp\/v2\/media?parent=2035"}],"curies":[{"name":"wp","href":"https:\/\/api.w.org\/{rel}","templated":true}]}}