{"id":2004,"date":"2025-07-28T15:33:09","date_gmt":"2025-07-28T15:33:09","guid":{"rendered":"https:\/\/www.gym-toelz.de\/?page_id=2004"},"modified":"2025-10-07T16:27:28","modified_gmt":"2025-10-07T16:27:28","slug":"politikundgesellschaft","status":"publish","type":"page","link":"https:\/\/www.gym-toelz.de\/index.php\/unterricht\/faecher\/politikundgesellschaft\/","title":{"rendered":"Politik und Gesellschaft"},"content":{"rendered":"<div  class='avia-button-wrap av-mdeokxx2-ba348ff40bcf67ab637d5c571ba8d309-wrap avia-button-right  avia-builder-el-0  el_before_av_textblock  avia-builder-el-first '><a href='https:\/\/www.gym-toelz.de\/index.php\/unterricht\/faecher\/'  class='avia-button av-mdeokxx2-ba348ff40bcf67ab637d5c571ba8d309 av-link-btn avia-icon_select-no avia-size-medium avia-position-right avia-color-theme-color'   aria-label=\"Zur\u00fcck zu allen F\u00e4chern\"><span class='avia_iconbox_title' >Zur\u00fcck zu allen F\u00e4chern<\/span><\/a><\/div>\n<section  class='av_textblock_section av-mdc1a1w6-06b94ad16ecbe6ecafcf709e106978eb '   itemscope=\"itemscope\" itemtype=\"https:\/\/schema.org\/CreativeWork\" ><div class='avia_textblock'  itemprop=\"text\" ><p><strong>POLITIK UND GESELLSCHAFT<\/strong><\/p>\n<\/div><\/section>\n<div  data-slideshow-options=\"{&quot;animation&quot;:&quot;fade&quot;,&quot;autoplay&quot;:false,&quot;loop_autoplay&quot;:&quot;once&quot;,&quot;interval&quot;:&quot;5&quot;,&quot;loop_manual&quot;:&quot;manual-endless&quot;,&quot;autoplay_stopper&quot;:false,&quot;noNavigation&quot;:false,&quot;show_slide_delay&quot;:90}\" class='avia-content-slider avia-content-slider-active avia-content-slider1 avia-content-slider-odd  avia-builder-el-2  el_after_av_textblock  el_before_av_one_half  av-slideshow-ui av-control-default   av-no-slider-navigation av-slideshow-manual av-loop-once av-loop-manual-endless '  itemscope=\"itemscope\" itemtype=\"https:\/\/schema.org\/Blog\" ><div class=\"avia-content-slider-inner\"><div class=\"slide-entry-wrap\"><article class='slide-entry flex_column  post-entry post-entry-4102 slide-entry-overview slide-loop-1 slide-parity-odd  av_one_third first real-thumbnail posttype-post post-format-standard'  itemscope=\"itemscope\" itemtype=\"https:\/\/schema.org\/CreativeWork\" ><a href='https:\/\/www.gym-toelz.de\/index.php\/2026\/04\/19\/aussen-und-sicherheitspolitik-am-gvs\/' data-rel='slide-1' class='slide-image' title='Au\u00dfen- und Sicherheitspolitik am GvS'><img decoding=\"async\" fetchpriority=\"high\" width=\"495\" height=\"400\" src=\"https:\/\/www.gym-toelz.de\/wp-content\/uploads\/2026\/04\/pug_bundeswehroffizier_2026-1-495x400.jpg\" class=\"wp-image-4100 avia-img-lazy-loading-not-4100 attachment-portfolio size-portfolio wp-post-image\" alt=\"\" srcset=\"https:\/\/www.gym-toelz.de\/wp-content\/uploads\/2026\/04\/pug_bundeswehroffizier_2026-1-495x400.jpg 495w, https:\/\/www.gym-toelz.de\/wp-content\/uploads\/2026\/04\/pug_bundeswehroffizier_2026-1-845x684.jpg 845w\" sizes=\"(max-width: 495px) 100vw, 495px\" \/><\/a><div class=\"slide-content\"><header class=\"entry-content-header\" aria-label=\"Slide: Au\u00dfen- und Sicherheitspolitik am GvS\"><h3 class='slide-entry-title entry-title '  itemprop=\"headline\" ><a href='https:\/\/www.gym-toelz.de\/index.php\/2026\/04\/19\/aussen-und-sicherheitspolitik-am-gvs\/' title='Au\u00dfen- und Sicherheitspolitik am GvS'>Au\u00dfen- und Sicherheitspolitik am GvS<\/a><\/h3><span class=\"av-vertical-delimiter\"><\/span><\/header><div class=\"slide-meta\"><time class='slide-meta-time updated'  itemprop=\"datePublished\" datetime=\"2026-04-19T08:21:40+02:00\" >Sonntag, April 19, 2026<\/time><\/div><div class='slide-entry-excerpt entry-content'  itemprop=\"text\" >\u201eWas ist f\u00fcr Euch Sicherheit?\u201c Diese Frage hat sicher jede\u2026<\/div><\/div><footer class=\"entry-footer\"><\/footer><span class='hidden'>\n\t\t\t\t<span class='av-structured-data'  itemprop=\"image\" itemscope=\"itemscope\" itemtype=\"https:\/\/schema.org\/ImageObject\" >\n\t\t\t\t\t\t<span itemprop='url'>https:\/\/www.gym-toelz.de\/wp-content\/uploads\/2026\/04\/pug_bundeswehroffizier_2026-1-scaled.jpg<\/span>\n\t\t\t\t\t\t<span itemprop='height'>1920<\/span>\n\t\t\t\t\t\t<span itemprop='width'>2560<\/span>\n\t\t\t\t<\/span>\n\t\t\t\t<span class='av-structured-data'  itemprop=\"publisher\" itemtype=\"https:\/\/schema.org\/Organization\" itemscope=\"itemscope\" >\n\t\t\t\t\t\t<span itemprop='name'>Hanno Froehlich<\/span>\n\t\t\t\t\t\t<span itemprop='logo' itemscope itemtype='https:\/\/schema.org\/ImageObject'>\n\t\t\t\t\t\t\t<span itemprop='url'>https:\/\/www.gym-toelz.de\/wp-content\/uploads\/2025\/06\/schriftzug-Kopf-weissGVS_Logo-klein-300x114.png<\/span>\n\t\t\t\t\t\t<\/span>\n\t\t\t\t<\/span><span class='av-structured-data'  itemprop=\"author\" itemscope=\"itemscope\" itemtype=\"https:\/\/schema.org\/Person\" ><span itemprop='name'>Hanno Froehlich<\/span><\/span><span class='av-structured-data'  itemprop=\"datePublished\" datetime=\"2025-07-28T15:33:09+02:00\" >2026-04-19 08:21:40<\/span><span class='av-structured-data'  itemprop=\"dateModified\" itemtype=\"https:\/\/schema.org\/dateModified\" >2026-04-19 08:21:40<\/span><span class='av-structured-data'  itemprop=\"mainEntityOfPage\" itemtype=\"https:\/\/schema.org\/mainEntityOfPage\" ><span itemprop='name'>Au\u00dfen- und Sicherheitspolitik am GvS<\/span><\/span><\/span><\/article><article class='slide-entry flex_column  post-entry post-entry-3434 slide-entry-overview slide-loop-2 slide-parity-even  post-entry-last  av_one_third  real-thumbnail posttype-post post-format-standard'  itemscope=\"itemscope\" itemtype=\"https:\/\/schema.org\/CreativeWork\" ><a href='https:\/\/www.gym-toelz.de\/index.php\/2026\/01\/08\/besuch-der-bayerischen-staatskanzlei\/' data-rel='slide-1' class='slide-image' title='Besuch der bayerischen Staatskanzlei'><img decoding=\"async\" fetchpriority=\"high\" width=\"495\" height=\"400\" src=\"https:\/\/www.gym-toelz.de\/wp-content\/uploads\/2026\/01\/Staatskanzlei_10a_2025_2-495x400.jpg\" class=\"wp-image-3433 avia-img-lazy-loading-not-3433 attachment-portfolio size-portfolio wp-post-image\" alt=\"\" srcset=\"https:\/\/www.gym-toelz.de\/wp-content\/uploads\/2026\/01\/Staatskanzlei_10a_2025_2-495x400.jpg 495w, https:\/\/www.gym-toelz.de\/wp-content\/uploads\/2026\/01\/Staatskanzlei_10a_2025_2-845x684.jpg 845w\" sizes=\"(max-width: 495px) 100vw, 495px\" \/><\/a><div class=\"slide-content\"><header class=\"entry-content-header\" aria-label=\"Slide: Besuch der bayerischen Staatskanzlei\"><h3 class='slide-entry-title entry-title '  itemprop=\"headline\" ><a href='https:\/\/www.gym-toelz.de\/index.php\/2026\/01\/08\/besuch-der-bayerischen-staatskanzlei\/' title='Besuch der bayerischen Staatskanzlei'>Besuch der bayerischen Staatskanzlei<\/a><\/h3><span class=\"av-vertical-delimiter\"><\/span><\/header><div class=\"slide-meta\"><time class='slide-meta-time updated'  itemprop=\"datePublished\" datetime=\"2026-01-08T17:09:29+01:00\" >Donnerstag, Januar 8, 2026<\/time><\/div><div class='slide-entry-excerpt entry-content'  itemprop=\"text\" >Am 4. Dezember 2025 durfte die Klasse 10a des Gabriel-von-Seidl-Gymnasiums,\u2026<\/div><\/div><footer class=\"entry-footer\"><\/footer><span class='hidden'>\n\t\t\t\t<span class='av-structured-data'  itemprop=\"image\" itemscope=\"itemscope\" itemtype=\"https:\/\/schema.org\/ImageObject\" >\n\t\t\t\t\t\t<span itemprop='url'>https:\/\/www.gym-toelz.de\/wp-content\/uploads\/2026\/01\/Staatskanzlei_10a_2025_2-scaled.jpg<\/span>\n\t\t\t\t\t\t<span itemprop='height'>2560<\/span>\n\t\t\t\t\t\t<span itemprop='width'>1920<\/span>\n\t\t\t\t<\/span>\n\t\t\t\t<span class='av-structured-data'  itemprop=\"publisher\" itemtype=\"https:\/\/schema.org\/Organization\" itemscope=\"itemscope\" >\n\t\t\t\t\t\t<span itemprop='name'>Hanno Froehlich<\/span>\n\t\t\t\t\t\t<span itemprop='logo' itemscope itemtype='https:\/\/schema.org\/ImageObject'>\n\t\t\t\t\t\t\t<span itemprop='url'>https:\/\/www.gym-toelz.de\/wp-content\/uploads\/2025\/06\/schriftzug-Kopf-weissGVS_Logo-klein-300x114.png<\/span>\n\t\t\t\t\t\t<\/span>\n\t\t\t\t<\/span><span class='av-structured-data'  itemprop=\"author\" itemscope=\"itemscope\" itemtype=\"https:\/\/schema.org\/Person\" ><span itemprop='name'>Hanno Froehlich<\/span><\/span><span class='av-structured-data'  itemprop=\"datePublished\" datetime=\"2025-07-28T15:33:09+02:00\" >2026-01-08 17:09:29<\/span><span class='av-structured-data'  itemprop=\"dateModified\" itemtype=\"https:\/\/schema.org\/dateModified\" >2026-01-08 17:10:05<\/span><span class='av-structured-data'  itemprop=\"mainEntityOfPage\" itemtype=\"https:\/\/schema.org\/mainEntityOfPage\" ><span itemprop='name'>Besuch der bayerischen Staatskanzlei<\/span><\/span><\/span><\/article><\/div><\/div><\/div>\n<div  class='flex_column av-6le75b-c4b17d0cbcf06224bbc64f75fdb5880f av_one_half  avia-builder-el-3  el_after_av_postslider  el_before_av_one_half  first flex_column_div  '     ><section  class='av_textblock_section av-md5m8b02-d8d25be6372ae020d38928aa06f80d47 '   itemscope=\"itemscope\" itemtype=\"https:\/\/schema.org\/CreativeWork\" ><div class='avia_textblock'  itemprop=\"text\" ><p><strong>Das Fach<\/strong><\/p>\n<p class=\"docData;DOCY;v5;3089;BQiAAgAAEYQCAAAGiAIAAAMOCwAABRwLAAAAAAAAAAAAAAAAAAAAAAAAAAAAAAAAAAAAAAAAAAAAAAAAAAAAAAAAAAAAAAAAAAAAAAAAAAAAAAAAAAAAAAAAAAAAAAAAAAAAAAAAAAAAAAAAAAAAAAAAAAAAAAAAAAAAAAAAAAAAAAAAAAAAAAAAAAAAAAAAAAAAAAAAAAAAAAAAAAAAAAAAAAAAAAAAAAAAAAAAAAAAAAAAAAAAAAAAAAAAAAAAAAAAAAAAAAAAAAAAAAAAAAAAAAAAAAAAAAAAAAAAAAAAAAAAAAAAAAAAAAAAAAAAAAAAAAAAAAAAAAAAAAAAAAAAAAAAAAAAAAAAAAAAAAAAAAAAAAAAAAAAAAAAAAAAAAAAAAAAAAAAAAAAAAAAAAAAAAAAAAAAAAAAAAAAAAAAAAAAAAAAAAAAAAAAAAAAAAAAAAAAAAAAAAAAAAAAAAAAAAAAAAAAAAAAAAAAAAAAAAAAAAAAAAAAAAAAAAAAAAAAAAAAAAAAAAAAAAAAAAAAAAAAAAAAAAAAAAAAAAAAAAAAAAAAAAAAAAAAAAAAAAAAAAAAAAAAAAAAAAAAAAAAAAAAAAAAAAAAAAAAAAAAAAAAAAAAAAAAAAAAAAAAAAAAAAAAAAAAAAAAAAAAAAAAAAAAAAAAAAAAAAAAAAAAAAAAAAAAAAAAAAAAAAAAAAAAAAAAAAAAAAAAAAAAAAAAAAAAAAAAAAAAAAAAAAAAAAAAAAAAAAAAAAAAAAAAAAAAAAAAAAAAAAAAAAAAAAAAAAAAAAAAAAAAAAAAAAAAAAAAAAAAAAAAAAAAAAAAAAAAAAAAAAAAAAAAAAAAAAAAAAAAAAAAgggAAAB1BQAAARsAAAABBgAAAAAFAQMJBgAAAAAaBgAAAAAbBgAAAAACUAUAAAUhAAAAAQAAAAAIFwAAAAASAAAARABhAHMAIABGAGEAYwBoACAABUsAAAABDAAAAA0GBgAAADgANQAxAAg1AAAAADAAAABQAG8AbABpAHQAaQBrACAAdQBuAGQAIABHAGUAcwBlAGwAbABzAGMAaABhAGYAdAAFEwAAAAEAAAAACAkAAAAABAAAACAAKAAFFQAAAAEAAAAACAsAAAAABgAAAFAAdQBHAAWfAAAAAQAAAAAIlQAAAACQAAAAKQAgAHYAZQByAG0AaQB0AHQAZQBsAHQAIABTAGMAaAD8AGwAZQByAGkAbgBuAGUAbgAgAHUAbgBkACAAUwBjAGgA\/ABsAGUAcgBuACAAZgB1AG4AZABpAGUAcgB0AGUAcwAgAFcAaQBzAHMAZQBuACAA\/ABiAGUAcgAgAHAAbwBsAGkAdABpAHMAYwBoAGUABRkAAAABAAAAAAgPAAAAAAoAAAAgAHUAbgBkACAABTEAAAABAAAAAAgnAAAAACIAAABnAGUAcwBlAGwAbABzAGMAaABhAGYAdABsAGkAYwBoAGUABREAAAABAAAAAAgHAAAAAAIAAAAgAAUtAAAAAQAAAAAIIwAAAAAeAAAAWgB1AHMAYQBtAG0AZQBuAGgA5ABuAGcAZQAuACAABQ8CAAABAAAAAAgFAgAAAAACAABFAHMAIABmAPYAcgBkAGUAcgB0ACAAZABhAHMAIABWAGUAcgBzAHQA5ABuAGQAbgBpAHMAIABmAPwAcgAgAGQAZQBtAG8AawByAGEAdABpAHMAYwBoAGUAIABQAHIAbwB6AGUAcwBzAGUALAAgAGcAZQBzAGUAbABsAHMAYwBoAGEAZgB0AGwAaQBjAGgAZQAgAFMAdAByAHUAawB0AHUAcgBlAG4AIAB1AG4AZAAgAGcAbABvAGIAYQBsAGUAIABIAGUAcgBhAHUAcwBmAG8AcgBkAGUAcgB1AG4AZwBlAG4AIAB1AG4AZAAgAGIAZQBmAOQAaABpAGcAdAAgAGQAaQBlACAATABlAHIAbgBlAG4AZABlAG4ALAAgAGkAaAByAGUAIABSAG8AbABsAGUAIABhAGwAcwAgAG0A\/ABuAGQAaQBnAGUAIABCAPwAcgBnAGUAcgBpAG4AbgBlAG4AIAB1AG4AZAAgAEIA\/AByAGcAZQByACAAaQBuACAAZQBpAG4AZQByACAAcABsAHUAcgBhAGwAaQBzAHQAaQBzAGMAaABlAG4AIABEAGUAbQBvAGsAcgBhAHQAaQBlACAAdgBlAHIAYQBuAHQAdwBvAHIAdAB1AG4AZwBzAHYAbwBsAGwAIAB3AGEAaAByAHoAdQBuAGUAaABtAGUAbgAuAAURAAAAAQAAAAAIBwAAAAACAAAAIAAFGwEAAAEAAAAACBEBAAAADAEAAEQAYQBzACAARgBhAGMAaAAgAGYA9gByAGQAZQByAHQAIABVAHIAdABlAGkAbABzAGYA5ABoAGkAZwBrAGUAaQB0ACwAIABLAHIAaQB0AGkAawBrAG8AbQBwAGUAdABlAG4AegAgAHMAbwB3AGkAZQAgAGQAaQBlACAAQgBlAHIAZQBpAHQAcwBjAGgAYQBmAHQAIAB6AHUAbQAgAEUAbgBnAGEAZwBlAG0AZQBuAHQAIABpAG0AIABwAG8AbABpAHQAaQBzAGMAaABlAG4AIAB1AG4AZAAgAGcAZQBzAGUAbABsAHMAYwBoAGEAZgB0AGwAaQBjAGgAZQBuACAATABlAGIAZQBuAC4AIAAFCgAAAAEAAAAACAAAAAAFCgAAAAEAAAAACAAAAAAAdQEAAAEbAAAAAQYAAAAABQEDCQYAAAAAGgYAAAAAGwYAAAAAAlABAAAFFwEAAAEAAAAACA0BAAAACAEAAEUAcwAgAGwAZQBnAHQAIABiAGUAcwBvAG4AZABlAHIAZQBuACAAVwBlAHIAdAAgAGEAdQBmACAATQBlAGkAbgB1AG4AZwBzAHYAaQBlAGwAZgBhAGwAdAAsACAARABlAGIAYQB0AHQAZQBuAGsAdQBsAHQAdQByACAAdQBuAGQAIABkAGEAcwAgAHIAZQBmAGwAZQBrAHQAaQBlAHIAdABlACAAQQB1AHMAZQBpAG4AYQBuAGQAZQByAHMAZQB0AHoAZQBuACAAbQBpAHQAIABhAGsAdAB1AGUAbABsAGUAbgAgAEgAZQByAGEAdQBzAGYAbwByAGQAZQByAHUAbgBnAGUAbgAuAAURAAAAAQAAAAAIBwAAAAACAAAAIAAFCgAAAAEAAAAACAAAAAAFCgAAAAEAAAAACAAAAAAAiQEAAAEbAAAAAQYAAAAABQEDCQYAAAAAGgYAAAAAGwYAAAAAAmQBAAAFQQEAAAEAAAAACDcBAAAAMgEAAE4AZQBiAGUAbgAgAGQAZQBtACAARQByAGwAZQByAG4AZQBuACAAdgBvAG4AIABHAHIAdQBuAGQAbABhAGcAZQBuAHcAaQBzAHMAZQBuACwAIABzAHQAZQBoAHQAIAB2AC4AYQAuACAAZABpAGUAIABzAHQAZQB0AGUAIABBAHUAcwBlAGkAbgBhAG4AZABlAHIAcwBlAHQAegB1AG4AZwAgAG0AaQB0ACAAYQBrAHQAdQBlAGwAbABlAG4AIABwAG8AbABpAHQAaQBzAGMAaABlAG4AIAB1AG4AZAAgAGcAZQBzAGUAbABsAHMAYwBoAGEAZgB0AGwAaQBjAGgAZQBuACAARQBuAHQAdwBpAGMAawBsAHUAbgBnAGUAbgAgAGkAbQAgAEYAbwBrAHUAcwAuAAUKAAAAAQAAAAAIAAAAAAUKAAAAAQAAAAAIAAAAAAoAAAAAAAAAABEAAAAA8QAAAAAtAAAAAQYAAAAACQYbAAAAJwQWAQAACwEBHAEAKAQAAAAAHQEAKQSgAAAAGwYAAAAAAU4AAAAoAQcpAQcqAQcrAQUTAQEIBBgAAAAWBBgAAAAZBgoAAABkAGUALQBEAEUAGgYKAAAAYQByAC0AUwBBABsGCgAAAGUAbgAtAFUAUwAuAQMCZwAAAABiAAAAAQYAAAA4ADUAMQACEAAAAEUAbQBwAGgAYQBzAGkAcwAJAQAAAAEDBgAAADYANgAzAAoBAAAAAQsEAAAAFAAAAAUGAAAAAQEBFQEBBhIAAAABBgAAAAAJBgAAAAAbBgAAAAA=\">Das Fach <i>Politik und Gesellschaft<\/i> (PuG) vermittelt Sch\u00fclerinnen und Sch\u00fclern fundiertes Wissen \u00fcber politische und gesellschaftliche\u00a0Zusammenh\u00e4nge. Es f\u00f6rdert das Verst\u00e4ndnis f\u00fcr demokratische Prozesse, gesellschaftliche Strukturen und globale Herausforderungen und bef\u00e4higt die Lernenden, ihre Rolle als m\u00fcndige B\u00fcrgerinnen und B\u00fcrger in einer pluralistischen Demokratie verantwortungsvoll wahrzunehmen.\u00a0Das Fach f\u00f6rdert Urteilsf\u00e4higkeit, Kritikkompetenz sowie die Bereitschaft zum Engagement im politischen und gesellschaftlichen Leben.<\/p>\n<p>Es legt besonderen Wert auf Meinungsvielfalt, Debattenkultur und das reflektierte Auseinandersetzen mit aktuellen Herausforderungen.<\/p>\n<p>Neben dem Erlernen von Grundlagenwissen, steht v.a. die stete Auseinandersetzung mit aktuellen politischen und gesellschaftlichen Entwicklungen im Fokus.<\/p>\n<\/div><\/section><\/div>\n<div  class='flex_column av-4l46b3-a0225c42bbaf70a50f43e4a0a1be8a36 av_one_half  avia-builder-el-5  el_after_av_one_half  el_before_av_toggle_container  flex_column_div  '     ><section  class='av_textblock_section av-md5m9yeg-a9d28fd7cdae222de796d850bdc4be30 '   itemscope=\"itemscope\" itemtype=\"https:\/\/schema.org\/CreativeWork\" ><div class='avia_textblock'  itemprop=\"text\" ><p><strong>Fachschaftsleitung<\/strong><\/p>\n<p>Manuel K\u00f6pf<\/p>\n<p><strong>Lehrwerke<\/strong><\/p>\n<p class=\"docData;DOCY;v5;1386;BQiAAgAAEYQCAAAGiAIAAAPOBAAABdwEAAAAAAAAAAAAAAAAAAAAAAAAAAAAAAAAAAAAAAAAAAAAAAAAAAAAAAAAAAAAAAAAAAAAAAAAAAAAAAAAAAAAAAAAAAAAAAAAAAAAAAAAAAAAAAAAAAAAAAAAAAAAAAAAAAAAAAAAAAAAAAAAAAAAAAAAAAAAAAAAAAAAAAAAAAAAAAAAAAAAAAAAAAAAAAAAAAAAAAAAAAAAAAAAAAAAAAAAAAAAAAAAAAAAAAAAAAAAAAAAAAAAAAAAAAAAAAAAAAAAAAAAAAAAAAAAAAAAAAAAAAAAAAAAAAAAAAAAAAAAAAAAAAAAAAAAAAAAAAAAAAAAAAAAAAAAAAAAAAAAAAAAAAAAAAAAAAAAAAAAAAAAAAAAAAAAAAAAAAAAAAAAAAAAAAAAAAAAAAAAAAAAAAAAAAAAAAAAAAAAAAAAAAAAAAAAAAAAAAAAAAAAAAAAAAAAAAAAAAAAAAAAAAAAAAAAAAAAAAAAAAAAAAAAAAAAAAAAAAAAAAAAAAAAAAAAAAAAAAAAAAAAAAAAAAAAAAAAAAAAAAAAAAAAAAAAAAAAAAAAAAAAAAAAAAAAAAAAAAAAAAAAAAAAAAAAAAAAAAAAAAAAAAAAAAAAAAAAAAAAAAAAAAAAAAAAAAAAAAAAAAAAAAAAAAAAAAAAAAAAAAAAAAAAAAAAAAAAAAAAAAAAAAAAAAAAAAAAAAAAAAAAAAAAAAAAAAAAAAAAAAAAAAAAAAAAAAAAAAAAAAAAAAAAAAAAAAAAAAAAAAAAAAAAAAAAAAAAAAAAAAAAAAAAAAAAAAAAAAAAAAAAAAAAAAAAAAAAAAAAAAAAAAAAAAAAQgIAAAAyAQAAAR4AAAABBgAAAAAJBgAAAAAaBgYAAAABAQEVAQEbBgAAAAACCgEAAAUhAAAAAQYAAAABAQEVAQEIEQAAAAAMAAAAUgBlAGkAaABlACAABbUAAAABBgAAAAEBARUBAQilAAAAAKAAAAAeIFAAbwBsAGkAdABpAGsAIABBAGsAdAB1AGUAbABsABwgIABhAHUAcwAgAGQAZQBtACAAVgBlAHIAbABhAGcAIABDAC4AIABDAC4AIABCAHUAYwBoAG4AZQByACAAKABGAPwAcgAgAGQAaQBlACAASgBhAGgAcgBnAGEAbgBnAHMAcwB0AHUAZgBlAG4AIAAxADAAIAATICAAMQAzACkABRAAAAABBgAAAAEBARUBAQgAAAAABRAAAAABBgAAAAEBARUBAQgAAAAAAAYBAAABHgAAAAEGAAAAAAkGAAAAABoGBgAAAAEBARUBARsGAAAAAALeAAAABa8AAAABBgAAAAEBARUBAQifAAAAAJoAAABHAHIAdQBuAGQAZwBlAHMAZQB0AHoAIABpAG4AIABkAGUAcgAgAGEAawB0AHUAZQBsAGwAZQBuACAARgBhAHMAcwB1AG4AZwAgACgAVQBuAGUAbgB0AGcAZQBsAHQAbABpAGMAaAAgAHYAbwBuACAAZABlAHIAIABTAGMAaAB1AGwAZQAgAGcAZQBzAHQAZQBsAGwAdAApACAABRAAAAABBgAAAAEBARUBAQgAAAAABRAAAAABBgAAAAEBARUBAQgAAAAACgAAAAAAAAAAEQAAAACKAAAAAC0AAAABBgAAAAAJBhsAAAAnBBYBAAALAQEcAQAoBAAAAAAdAQApBKAAAAAbBgAAAAABTgAAACgBBykBByoBBysBBRMBAQgEGAAAABYEGAAAABkGCgAAAGQAZQAtAEQARQAaBgoAAABhAHIALQBTAEEAGwYKAAAAZQBuAC0AVQBTAC4BAwIAAAAA\">Reihe \u201ePolitik Aktuell\u201c aus dem Verlag C. C. Buchner (f\u00fcr die Jahrgangsstufen 10 \u2013 13)<\/p>\n<p>Grundgesetz in der aktuellen Fassung (unentgeltlich von der Schule gestellt)<\/p>\n<p><strong>Schulaufgaben<\/strong><\/p>\n<p class=\"docData;DOCY;v5;1230;BQiAAgAAEYQCAAAGiAIAAAMyBAAABUAEAAAAAAAAAAAAAAAAAAAAAAAAAAAAAAAAAAAAAAAAAAAAAAAAAAAAAAAAAAAAAAAAAAAAAAAAAAAAAAAAAAAAAAAAAAAAAAAAAAAAAAAAAAAAAAAAAAAAAAAAAAAAAAAAAAAAAAAAAAAAAAAAAAAAAAAAAAAAAAAAAAAAAAAAAAAAAAAAAAAAAAAAAAAAAAAAAAAAAAAAAAAAAAAAAAAAAAAAAAAAAAAAAAAAAAAAAAAAAAAAAAAAAAAAAAAAAAAAAAAAAAAAAAAAAAAAAAAAAAAAAAAAAAAAAAAAAAAAAAAAAAAAAAAAAAAAAAAAAAAAAAAAAAAAAAAAAAAAAAAAAAAAAAAAAAAAAAAAAAAAAAAAAAAAAAAAAAAAAAAAAAAAAAAAAAAAAAAAAAAAAAAAAAAAAAAAAAAAAAAAAAAAAAAAAAAAAAAAAAAAAAAAAAAAAAAAAAAAAAAAAAAAAAAAAAAAAAAAAAAAAAAAAAAAAAAAAAAAAAAAAAAAAAAAAAAAAAAAAAAAAAAAAAAAAAAAAAAAAAAAAAAAAAAAAAAAAAAAAAAAAAAAAAAAAAAAAAAAAAAAAAAAAAAAAAAAAAAAAAAAAAAAAAAAAAAAAAAAAAAAAAAAAAAAAAAAAAAAAAAAAAAAAAAAAAAAAAAAAAAAAAAAAAAAAAAAAAAAAAAAAAAAAAAAAAAAAAAAAAAAAAAAAAAAAAAAAAAAAAAAAAAAAAAAAAAAAAAAAAAAAAAAAAAAAAAAAAAAAAAAAAAAAAAAAAAAAAAAAAAAAAAAAAAAAAAAAAAAAAAAAAAAAAAAAAAAAAAAAAAAAAAAAAAAAAAApgEAAADNAAAAAR4AAAABBgAAAAAJBgAAAAAaBgYAAAABAQEVAQEbBgAAAAACpQAAAAUhAAAAAQYAAAABAQEVAQEIEQAAAAAMAAAAMQAwACwAIAAxADEABRUAAAABBgAAAAEBARUBAQgFAAAAAgAAAAAFNgAAAAEGAAAAAQEBFQEBCCYAAAACAAAAAAAcAAAAMgAgAEsAdQByAHoAYQByAGIAZQBpAHQAZQBuAAUQAAAAAQYAAAABAQEVAQEIAAAAAAUQAAAAAQYAAAABAQEVAQEIAAAAAADPAAAAARgAAAABBgAAAAAJBgAAAAAaBgAAAAAbBgAAAAACrQAAAAUjAAAAAQYAAAABAQEVAQEIEwAAAAAOAAAAMQAyACwAIAAxADMAIAAFFQAAAAEGAAAAAQEBFQEBCAUAAAACAAAAAAVIAAAAAQYAAAABAQEVAQEIOAAAAAIAAAAAAC4AAAAxACAASwBsAGEAdQBzAHUAcgAgAHAAcgBvACAAUwBlAG0AZQBzAHQAZQByACAABQoAAAABAAAAAAgAAAAABQoAAAABAAAAAAgAAAAACgAAAAAAAAAAEQAAAACKAAAAAC0AAAABBgAAAAAJBhsAAAAnBBYBAAALAQEcAQAoBAAAAAAdAQApBKAAAAAbBgAAAAABTgAAACgBBykBByoBBysBBRMBAQgEGAAAABYEGAAAABkGCgAAAGQAZQAtAEQARQAaBgoAAABhAHIALQBTAEEAGwYKAAAAZQBuAC0AVQBTAC4BAwIAAAAA\"><i>10, 11:<\/i><i> <\/i>2 Kurzarbeiten<\/p>\n<p><i>12, 13: <\/i><i><\/i>1 Klausur pro Semester<\/p>\n<\/div><\/section><\/div>\n<div  class='togglecontainer av-mdc1hxog-e4e52255208d755383b652a152290701  avia-builder-el-7  el_after_av_one_half  avia-builder-el-last  toggle_close_all' >\n<section class='av_toggle_section av-mdc1hwzh-a42e90d5fa09157d05ace544f373c062'  itemscope=\"itemscope\" itemtype=\"https:\/\/schema.org\/CreativeWork\" ><div role=\"tablist\" class=\"single_toggle\" data-tags=\"{Alle} \"  ><p id='toggle-toggle-id-1' data-fake-id='#toggle-id-1' class='toggler  av-title-above '  itemprop=\"headline\"  role='tab' tabindex='0' aria-controls='toggle-id-1' data-slide-speed=\"200\" data-title=\"Sonstiges\" data-title-open=\"\" data-aria_collapsed=\"Click to expand: Sonstiges\" data-aria_expanded=\"Click to collapse: Sonstiges\">Sonstiges<span class=\"toggle_icon\"><span class=\"vert_icon\"><\/span><span class=\"hor_icon\"><\/span><\/span><\/p><div id='toggle-id-1' aria-labelledby='toggle-toggle-id-1' role='region' class='toggle_wrap  av-title-above'  ><div class='toggle_content invers-color '  itemprop=\"text\" ><p class=\"docData;DOCY;v5;1876;BQiAAgAAEYQCAAAGiAIAAAO4BgAABcYGAAAAAAAAAAAAAAAAAAAAAAAAAAAAAAAAAAAAAAAAAAAAAAAAAAAAAAAAAAAAAAAAAAAAAAAAAAAAAAAAAAAAAAAAAAAAAAAAAAAAAAAAAAAAAAAAAAAAAAAAAAAAAAAAAAAAAAAAAAAAAAAAAAAAAAAAAAAAAAAAAAAAAAAAAAAAAAAAAAAAAAAAAAAAAAAAAAAAAAAAAAAAAAAAAAAAAAAAAAAAAAAAAAAAAAAAAAAAAAAAAAAAAAAAAAAAAAAAAAAAAAAAAAAAAAAAAAAAAAAAAAAAAAAAAAAAAAAAAAAAAAAAAAAAAAAAAAAAAAAAAAAAAAAAAAAAAAAAAAAAAAAAAAAAAAAAAAAAAAAAAAAAAAAAAAAAAAAAAAAAAAAAAAAAAAAAAAAAAAAAAAAAAAAAAAAAAAAAAAAAAAAAAAAAAAAAAAAAAAAAAAAAAAAAAAAAAAAAAAAAAAAAAAAAAAAAAAAAAAAAAAAAAAAAAAAAAAAAAAAAAAAAAAAAAAAAAAAAAAAAAAAAAAAAAAAAAAAAAAAAAAAAAAAAAAAAAAAAAAAAAAAAAAAAAAAAAAAAAAAAAAAAAAAAAAAAAAAAAAAAAAAAAAAAAAAAAAAAAAAAAAAAAAAAAAAAAAAAAAAAAAAAAAAAAAAAAAAAAAAAAAAAAAAAAAAAAAAAAAAAAAAAAAAAAAAAAAAAAAAAAAAAAAAAAAAAAAAAAAAAAAAAAAAAAAAAAAAAAAAAAAAAAAAAAAAAAAAAAAAAAAAAAAAAAAAAAAAAAAAAAAAAAAAAAAAAAAAAAAAAAAAAAAAAAAAAAAAAAAAAAAAAAAAAAAAALAQAAABrAQAAARsAAAABBgAAAAAFAQMJBgAAAAAaBgAAAAAbBgAAAAACRgEAAAUjAQAAAQAAAAAIGQEAAAAUAQAASQBuACAAZABlAHIAIABKAGEAaAByAGcAYQBuAGcAcwBzAHQAdQBmAGUAIAAxADAAIAB3AGkAcgBkACAAZABhAHMAIABGAGEAYwBoACAAUABvAGwAaQB0AGkAawAgAHUAbgBkACAARwBlAHMAZQBsAGwAcwBjAGgAYQBmAHQAIABlAHAAbwBjAGgAYQBsACAAdQBuAHQAZQByAHIAaQBjAGgAdABlAHQALAAgAGQALgBoAC4AIABuAHUAcgAgAGgAYQBsAGIAagDkAGgAcgBpAGcAIABkAGEAZgD8AHIAIABhAGIAZQByACAAbQBpAHQAIAAyACAAVwBvAGMAaABlAG4AcwB0AHUAbgBkAGUAbgAuACAABQoAAAABAAAAAAgAAAAABQoAAAABAAAAAAgAAAAAALcBAAABGwAAAAEGAAAAAAUBAwkGAAAAABoGAAAAABsGAAAAAAKSAQAABb8AAAABAAAAAAi1AAAAALAAAABJAG4AIABkAGUAcgAgAFEAMQAzACAAawBhAG4AbgAgAGQAYQBzACAARgBhAGMAaAAgAFAAbwBsAGkAdABpAGsAIAB1AG4AZAAgAEcAZQBzAGUAbABsAHMAYwBoAGEAZgB0ACAAYQBsAHMAIABXAGEAaABsAHAAZgBsAGkAYwBoAHQAZgBhAGMAaAAgAGYAbwByAHQAZwBlAGYA\/ABoAHIAdAAgAHcAZQByAGQAZQBuAAURAAAAAQAAAAAIBwAAAAACAAAALgAFLwAAAAEAAAAACCUAAAAAIAAAACAAKABXAGEAaABsACAAegB3AGkAcwBjAGgAZQBuACAABRUAAAABAAAAAAgLAAAAAAYAAABQAHUARwAFRwAAAAEAAAAACD0AAAAAOAAAACwAIABHAGUAbwBnAHIAYQBwAGgAaQBlACAAdQBuAGQAIABXAGkAcgB0AHMAYwBoAGEAZgB0ACkABQoAAAABAAAAAAgAAAAABQoAAAABAAAAAAgAAAAAAPsAAAABGwAAAAEGAAAAAAUBAwkGAAAAABoGAAAAABsGAAAAAALWAAAABbMAAAABAAAAAAipAAAAAKQAAABWAGUAcgBmAGEAcwBzAHUAbgBnAHMAdgBpAGUAcgB0AGUAbABzAHQAdQBuAGQAZQAgAGkAbgAgAGQAZQBuACAASgBhAGgAcgBnAGEAbgBnAHMAcwB0AHUAZgBlAG4AIAA2ACwAIAA4ACAAdQBuAGQAIAAxADEAIABpAG0AIABTAGMAaAB1AGwAagBhAGgAcgAgADIAMAAyADUALwAyADAAMgA2AAUKAAAAAQAAAAAIAAAAAAUKAAAAAQAAAAAIAAAAAAoAAAAAAAAAABEAAAAAigAAAAAtAAAAAQYAAAAACQYbAAAAJwQWAQAACwEBHAEAKAQAAAAAHQEAKQSgAAAAGwYAAAAAAU4AAAAoAQcpAQcqAQcrAQUTAQEIBBgAAAAWBBgAAAAZBgoAAABkAGUALQBEAEUAGgYKAAAAYQByAC0AUwBBABsGCgAAAGUAbgAtAFUAUwAuAQMCAAAAAA==\">In der Jahrgangsstufe 10 wird das Fach Politik und Gesellschaft epochal unterrichtet, d.h. nur halbj\u00e4hrig daf\u00fcr aber mit 2 Wochenstunden.<\/p>\n<p>In der Q13 kann das Fach Politik und Gesellschaft als Wahlpflichtfach fortgef\u00fchrt werden. (Wahl zwischen PuG, Geographie und Wirtschaft)<\/p>\n<p>Verfassungsviertelstunde in den Jahrgangsstufen 6, 8 und 11<\/p>\n<\/div><\/div><\/div><\/section>\n<section class='av_toggle_section av-mdc1h1pg-956a4cfb762ccb94031e5cab932fc687'  itemscope=\"itemscope\" itemtype=\"https:\/\/schema.org\/CreativeWork\" ><div role=\"tablist\" class=\"single_toggle\" data-tags=\"{Alle} \"  ><p id='toggle-toggle-id-2' data-fake-id='#toggle-id-2' class='toggler  av-title-above '  itemprop=\"headline\"  role='tab' tabindex='0' aria-controls='toggle-id-2' data-slide-speed=\"200\" data-title=\"Exkursionen\" data-title-open=\"\" data-aria_collapsed=\"Click to expand: Exkursionen\" data-aria_expanded=\"Click to collapse: Exkursionen\">Exkursionen<span class=\"toggle_icon\"><span class=\"vert_icon\"><\/span><span class=\"hor_icon\"><\/span><\/span><\/p><div id='toggle-id-2' aria-labelledby='toggle-toggle-id-2' role='region' class='toggle_wrap  av-title-above'  ><div class='toggle_content invers-color '  itemprop=\"text\" ><ul>\n<li class=\"docData;DOCY;v5;1710;BQiAAgAAEYQCAAAGiAIAAAMSBgAABSAGAAAAAAAAAAAAAAAAAAAAAAAAAAAAAAAAAAAAAAAAAAAAAAAAAAAAAAAAAAAAAAAAAAAAAAAAAAAAAAAAAAAAAAAAAAAAAAAAAAAAAAAAAAAAAAAAAAAAAAAAAAAAAAAAAAAAAAAAAAAAAAAAAAAAAAAAAAAAAAAAAAAAAAAAAAAAAAAAAAAAAAAAAAAAAAAAAAAAAAAAAAAAAAAAAAAAAAAAAAAAAAAAAAAAAAAAAAAAAAAAAAAAAAAAAAAAAAAAAAAAAAAAAAAAAAAAAAAAAAAAAAAAAAAAAAAAAAAAAAAAAAAAAAAAAAAAAAAAAAAAAAAAAAAAAAAAAAAAAAAAAAAAAAAAAAAAAAAAAAAAAAAAAAAAAAAAAAAAAAAAAAAAAAAAAAAAAAAAAAAAAAAAAAAAAAAAAAAAAAAAAAAAAAAAAAAAAAAAAAAAAAAAAAAAAAAAAAAAAAAAAAAAAAAAAAAAAAAAAAAAAAAAAAAAAAAAAAAAAAAAAAAAAAAAAAAAAAAAAAAAAAAAAAAAAAAAAAAAAAAAAAAAAAAAAAAAAAAAAAAAAAAAAAAAAAAAAAAAAAAAAAAAAAAAAAAAAAAAAAAAAAAAAAAAAAAAAAAAAAAAAAAAAAAAAAAAAAAAAAAAAAAAAAAAAAAAAAAAAAAAAAAAAAAAAAAAAAAAAAAAAAAAAAAAAAAAAAAAAAAAAAAAAAAAAAAAAAAAAAAAAAAAAAAAAAAAAAAAAAAAAAAAAAAAAAAAAAAAAAAAAAAAAAAAAAAAAAAAAAAAAAAAAAAAAAAAAAAAAAAAAAAAAAAAAAAAAAAAAAAAAAAAAAAAAAAAhgMAAAAHAQAAARsAAAABBgAAAAAJBgAAAAAaBgMAAAAUAQEbBgAAAAAC4gAAAAUgAAAAAQMAAAAUAQEIEwAAAAAOAAAAQgBlAHMAdQBjAGgAIAAFlAAAAAEDAAAAFAEBCIcAAAAAggAAAGQAZQBzACAAQgBhAHkAZQByAGkAcwBjAGgAZQBuACAATABhAG4AZAB0AGEAZwBzACAAaQBuACAAZABlAHIAIAAxADAALgAgAEsAbABhAHMAcwBlACAAKABGAPwAcgAgAGUAaQBuAHoAZQBsAG4AZQAgAEsAbABhAHMAcwBlAG4AKQAFDQAAAAEDAAAAFAEBCAAAAAAFDQAAAAEDAAAAFAEBCAAAAAAAfAEAAAEbAAAAAQYAAAAACQYAAAAAGgYDAAAAFAEBGwYAAAAAAlcBAAAFLgEAAAEDAAAAFAEBCCEBAAAAHAEAAEIAZQBzAHUAYwBoACAAZABlAHIAIABTAHQAYQBhAHQAcwBrAGEAbgB6AGwAZQBpACAAYgB6AHcALgAgAGUAaQBuAHoAZQBsAG4AZQByACAATQBpAG4AaQBzAHQAZQByAGkAZQBuACAAaQBuACAAZABlAHIAIAAxADAALgAgAEsAbABhAHMAcwBlACAAaQBtACAAUgBhAGgAbQBlAG4AIABkAGUAcwAgAFAAcgBvAGoAZQBrAHQAZQBzACAAHiBMAGUAcgBuAG8AcgB0ACAAUwB0AGEAYQB0AHMAcgBlAGcAaQBlAHIAdQBuAGcAHCAgACgARgD8AHIAIABlAGkAbgB6AGUAbABuAGUAIABLAGwAYQBzAHMAZQBuACkABQ0AAAABAwAAABQBAQgAAAAABQ0AAAABAwAAABQBAQgAAAAAAPQAAAABGwAAAAEGAAAAAAkGAAAAABoGAwAAABQBARsGAAAAAALPAAAABaYAAAABAwAAABQBAQiZAAAAAJQAAABCAGUAcwB1AGMAaAAgAGQAZQBzACAAQgB1AG4AZABlAHMAdABhAGcAZQBzACAAaQBuACAAQgBlAHIAbABpAG4AIABpAG0AIABSAGEAaABtAGUAbgAgAGQAZQByACAAQgBlAHIAbABpAG4AZgBhAGgAcgB0ACAAZABlAHIAIAAxADAALgAgAEsAbABhAHMAcwBlAG4ABQ0AAAABAwAAABQBAQgAAAAABQ0AAAABAwAAABQBAQgAAAAACgAAAAAAAAAAEQAAAACKAAAAAC0AAAABBgAAAAAJBhsAAAAnBBYBAAALAQEcAQAoBAAAAAAdAQApBKAAAAAbBgAAAAABTgAAACgBBykBByoBBysBBRMBAQgEGAAAABYEGAAAABkGCgAAAGQAZQAtAEQARQAaBgoAAABhAHIALQBTAEEAGwYKAAAAZQBuAC0AVQBTAC4BAwIAAAAA\">Besuch des Bayerischen Landtags in der 10. Klasse (f\u00fcr einzelne Klassen)<\/li>\n<li>Besuch der Staatskanzlei bzw. einzelner Ministerien in der 10. Klasse im Rahmen des Projektes \u201eLernort Staatsregierung\u201c (f\u00fcr einzelne Klassen)<\/li>\n<li>Besuch des Bundestages in Berlin im Rahmen der Berlinfahrt der 10. Klassen<\/li>\n<\/ul>\n<\/div><\/div><\/div><\/section>\n<\/div>\n","protected":false},"excerpt":{"rendered":"","protected":false},"author":3,"featured_media":0,"parent":240,"menu_order":19,"comment_status":"closed","ping_status":"closed","template":"","meta":{"footnotes":""},"class_list":["post-2004","page","type-page","status-publish","hentry"],"_links":{"self":[{"href":"https:\/\/www.gym-toelz.de\/index.php\/wp-json\/wp\/v2\/pages\/2004","targetHints":{"allow":["GET"]}}],"collection":[{"href":"https:\/\/www.gym-toelz.de\/index.php\/wp-json\/wp\/v2\/pages"}],"about":[{"href":"https:\/\/www.gym-toelz.de\/index.php\/wp-json\/wp\/v2\/types\/page"}],"author":[{"embeddable":true,"href":"https:\/\/www.gym-toelz.de\/index.php\/wp-json\/wp\/v2\/users\/3"}],"replies":[{"embeddable":true,"href":"https:\/\/www.gym-toelz.de\/index.php\/wp-json\/wp\/v2\/comments?post=2004"}],"version-history":[{"count":6,"href":"https:\/\/www.gym-toelz.de\/index.php\/wp-json\/wp\/v2\/pages\/2004\/revisions"}],"predecessor-version":[{"id":2929,"href":"https:\/\/www.gym-toelz.de\/index.php\/wp-json\/wp\/v2\/pages\/2004\/revisions\/2929"}],"up":[{"embeddable":true,"href":"https:\/\/www.gym-toelz.de\/index.php\/wp-json\/wp\/v2\/pages\/240"}],"wp:attachment":[{"href":"https:\/\/www.gym-toelz.de\/index.php\/wp-json\/wp\/v2\/media?parent=2004"}],"curies":[{"name":"wp","href":"https:\/\/api.w.org\/{rel}","templated":true}]}}