{"id":193,"date":"2025-05-16T15:16:51","date_gmt":"2025-05-16T15:16:51","guid":{"rendered":"https:\/\/www.gym-toelz.de\/index.php\/wahlkurse\/"},"modified":"2026-01-28T16:35:24","modified_gmt":"2026-01-28T15:35:24","slug":"wahlkurse","status":"publish","type":"page","link":"https:\/\/www.gym-toelz.de\/index.php\/angebote-aktivitaeten\/wahlkurse\/","title":{"rendered":"Wahlkurse"},"content":{"rendered":"<section  class='av_textblock_section av-mcrn6cps-7b33377e0c56c1eb79f34e2e3f782970 '   itemscope=\"itemscope\" itemtype=\"https:\/\/schema.org\/CreativeWork\" ><div class='avia_textblock'  itemprop=\"text\" ><p><strong>Wahlkurse &#8211; Aktuelles<\/strong><\/p>\n<\/div><\/section>\n<div  data-slideshow-options=\"{&quot;animation&quot;:&quot;fade&quot;,&quot;autoplay&quot;:false,&quot;loop_autoplay&quot;:&quot;once&quot;,&quot;interval&quot;:&quot;5&quot;,&quot;loop_manual&quot;:&quot;manual-endless&quot;,&quot;autoplay_stopper&quot;:false,&quot;noNavigation&quot;:false,&quot;show_slide_delay&quot;:90}\" class='avia-content-slider avia-content-slider-active avia-content-slider1 avia-content-slider-even  avia-builder-el-1  el_after_av_textblock  el_before_av_textblock  av-slideshow-ui av-control-default   av-no-slider-navigation av-slideshow-manual av-loop-once av-loop-manual-endless '  itemscope=\"itemscope\" itemtype=\"https:\/\/schema.org\/Blog\" ><div class=\"avia-content-slider-inner\"><div class=\"slide-entry-wrap\"><article class='slide-entry flex_column  post-entry post-entry-4123 slide-entry-overview slide-loop-1 slide-parity-odd  av_one_fourth first real-thumbnail posttype-post post-format-standard'  itemscope=\"itemscope\" itemtype=\"https:\/\/schema.org\/CreativeWork\" ><a href='https:\/\/www.gym-toelz.de\/index.php\/2026\/04\/23\/kroeten-fuer-kroeten\/' data-rel='slide-1' class='slide-image' title='Kr\u00f6ten f\u00fcr Kr\u00f6ten!'><img decoding=\"async\" fetchpriority=\"high\" width=\"260\" height=\"185\" src=\"https:\/\/www.gym-toelz.de\/wp-content\/uploads\/2026\/04\/kroeten-fuer-kroeten-260x185.jpeg\" class=\"wp-image-4122 avia-img-lazy-loading-not-4122 attachment-portfolio_small size-portfolio_small wp-post-image\" alt=\"\" \/><\/a><div class=\"slide-content\"><header class=\"entry-content-header\" aria-label=\"Slide: Kr\u00f6ten f\u00fcr Kr\u00f6ten!\"><h3 class='slide-entry-title entry-title '  itemprop=\"headline\" ><a href='https:\/\/www.gym-toelz.de\/index.php\/2026\/04\/23\/kroeten-fuer-kroeten\/' title='Kr\u00f6ten f\u00fcr Kr\u00f6ten!'>Kr\u00f6ten f\u00fcr Kr\u00f6ten!<\/a><\/h3><span class=\"av-vertical-delimiter\"><\/span><\/header><div class=\"slide-meta\"><time class='slide-meta-time updated'  itemprop=\"datePublished\" datetime=\"2026-04-23T18:46:44+02:00\" >Donnerstag, April 23, 2026<\/time><\/div><div class='slide-entry-excerpt entry-content'  itemprop=\"text\" >\r\n\r\nDie Sch\u00fclerInnen des Wahlkurses \u201eUmweltgruppe\u201c sammelten\u2026<\/div><\/div><footer class=\"entry-footer\"><\/footer><span class='hidden'>\n\t\t\t\t<span class='av-structured-data'  itemprop=\"image\" itemscope=\"itemscope\" itemtype=\"https:\/\/schema.org\/ImageObject\" >\n\t\t\t\t\t\t<span itemprop='url'>https:\/\/www.gym-toelz.de\/wp-content\/uploads\/2026\/04\/kroeten-fuer-kroeten.jpeg<\/span>\n\t\t\t\t\t\t<span itemprop='height'>1708<\/span>\n\t\t\t\t\t\t<span itemprop='width'>1162<\/span>\n\t\t\t\t<\/span>\n\t\t\t\t<span class='av-structured-data'  itemprop=\"publisher\" itemtype=\"https:\/\/schema.org\/Organization\" itemscope=\"itemscope\" >\n\t\t\t\t\t\t<span itemprop='name'>Hanno Froehlich<\/span>\n\t\t\t\t\t\t<span itemprop='logo' itemscope itemtype='https:\/\/schema.org\/ImageObject'>\n\t\t\t\t\t\t\t<span itemprop='url'>https:\/\/www.gym-toelz.de\/wp-content\/uploads\/2025\/06\/schriftzug-Kopf-weissGVS_Logo-klein-300x114.png<\/span>\n\t\t\t\t\t\t<\/span>\n\t\t\t\t<\/span><span class='av-structured-data'  itemprop=\"author\" itemscope=\"itemscope\" itemtype=\"https:\/\/schema.org\/Person\" ><span itemprop='name'>Hanno Froehlich<\/span><\/span><span class='av-structured-data'  itemprop=\"datePublished\" datetime=\"2025-05-16T15:16:51+02:00\" >2026-04-23 18:46:44<\/span><span class='av-structured-data'  itemprop=\"dateModified\" itemtype=\"https:\/\/schema.org\/dateModified\" >2026-04-23 18:48:33<\/span><span class='av-structured-data'  itemprop=\"mainEntityOfPage\" itemtype=\"https:\/\/schema.org\/mainEntityOfPage\" ><span itemprop='name'>Kr\u00f6ten f\u00fcr Kr\u00f6ten!<\/span><\/span><\/span><\/article><article class='slide-entry flex_column  post-entry post-entry-4111 slide-entry-overview slide-loop-2 slide-parity-even  av_one_fourth  real-thumbnail posttype-post post-format-standard'  itemscope=\"itemscope\" itemtype=\"https:\/\/schema.org\/CreativeWork\" ><a href='https:\/\/www.gym-toelz.de\/index.php\/2026\/04\/21\/bayerische-schulmeisterschaften-im-snowboardcross\/' data-rel='slide-1' class='slide-image' title='Bayerische Schulmeisterschaften im Snowboardcross'><img decoding=\"async\" fetchpriority=\"high\" width=\"260\" height=\"185\" src=\"https:\/\/www.gym-toelz.de\/wp-content\/uploads\/2026\/04\/Sieger-260x185.jpg\" class=\"wp-image-4110 avia-img-lazy-loading-not-4110 attachment-portfolio_small size-portfolio_small wp-post-image\" alt=\"\" \/><\/a><div class=\"slide-content\"><header class=\"entry-content-header\" aria-label=\"Slide: Bayerische Schulmeisterschaften im Snowboardcross\"><h3 class='slide-entry-title entry-title '  itemprop=\"headline\" ><a href='https:\/\/www.gym-toelz.de\/index.php\/2026\/04\/21\/bayerische-schulmeisterschaften-im-snowboardcross\/' title='Bayerische Schulmeisterschaften im Snowboardcross'>Bayerische Schulmeisterschaften im Snowboardcross<\/a><\/h3><span class=\"av-vertical-delimiter\"><\/span><\/header><div class=\"slide-meta\"><time class='slide-meta-time updated'  itemprop=\"datePublished\" datetime=\"2026-04-21T08:23:30+02:00\" >Dienstag, April 21, 2026<\/time><\/div><div class='slide-entry-excerpt entry-content'  itemprop=\"text\" >Erfolgreiche Teilnahme an den Bayerischen Schulmeisterschaften\u2026<\/div><\/div><footer class=\"entry-footer\"><\/footer><span class='hidden'>\n\t\t\t\t<span class='av-structured-data'  itemprop=\"image\" itemscope=\"itemscope\" itemtype=\"https:\/\/schema.org\/ImageObject\" >\n\t\t\t\t\t\t<span itemprop='url'>https:\/\/www.gym-toelz.de\/wp-content\/uploads\/2026\/04\/Sieger.jpg<\/span>\n\t\t\t\t\t\t<span itemprop='height'>1952<\/span>\n\t\t\t\t\t\t<span itemprop='width'>1093<\/span>\n\t\t\t\t<\/span>\n\t\t\t\t<span class='av-structured-data'  itemprop=\"publisher\" itemtype=\"https:\/\/schema.org\/Organization\" itemscope=\"itemscope\" >\n\t\t\t\t\t\t<span itemprop='name'>Hanno Froehlich<\/span>\n\t\t\t\t\t\t<span itemprop='logo' itemscope itemtype='https:\/\/schema.org\/ImageObject'>\n\t\t\t\t\t\t\t<span itemprop='url'>https:\/\/www.gym-toelz.de\/wp-content\/uploads\/2025\/06\/schriftzug-Kopf-weissGVS_Logo-klein-300x114.png<\/span>\n\t\t\t\t\t\t<\/span>\n\t\t\t\t<\/span><span class='av-structured-data'  itemprop=\"author\" itemscope=\"itemscope\" itemtype=\"https:\/\/schema.org\/Person\" ><span itemprop='name'>Hanno Froehlich<\/span><\/span><span class='av-structured-data'  itemprop=\"datePublished\" datetime=\"2025-05-16T15:16:51+02:00\" >2026-04-21 08:23:30<\/span><span class='av-structured-data'  itemprop=\"dateModified\" itemtype=\"https:\/\/schema.org\/dateModified\" >2026-04-23 18:50:10<\/span><span class='av-structured-data'  itemprop=\"mainEntityOfPage\" itemtype=\"https:\/\/schema.org\/mainEntityOfPage\" ><span itemprop='name'>Bayerische Schulmeisterschaften im Snowboardcross<\/span><\/span><\/span><\/article><article class='slide-entry flex_column  post-entry post-entry-3867 slide-entry-overview slide-loop-3 slide-parity-odd  av_one_fourth  real-thumbnail posttype-post post-format-standard'  itemscope=\"itemscope\" itemtype=\"https:\/\/schema.org\/CreativeWork\" ><a href='https:\/\/www.gym-toelz.de\/index.php\/2026\/02\/26\/weltpolitische-themen\/' data-rel='slide-1' class='slide-image' title='Weltpolitische Themen'><img decoding=\"async\" fetchpriority=\"high\" width=\"260\" height=\"185\" src=\"https:\/\/www.gym-toelz.de\/wp-content\/uploads\/2026\/02\/2026_MUN_2-260x185.jpeg\" class=\"wp-image-3866 avia-img-lazy-loading-not-3866 attachment-portfolio_small size-portfolio_small wp-post-image\" alt=\"\" \/><\/a><div class=\"slide-content\"><header class=\"entry-content-header\" aria-label=\"Slide: Weltpolitische Themen\"><h3 class='slide-entry-title entry-title '  itemprop=\"headline\" ><a href='https:\/\/www.gym-toelz.de\/index.php\/2026\/02\/26\/weltpolitische-themen\/' title='Weltpolitische Themen'>Weltpolitische Themen<\/a><\/h3><span class=\"av-vertical-delimiter\"><\/span><\/header><div class=\"slide-meta\"><time class='slide-meta-time updated'  itemprop=\"datePublished\" datetime=\"2026-02-26T10:45:31+01:00\" >Donnerstag, Februar 26, 2026<\/time><\/div><div class='slide-entry-excerpt entry-content'  itemprop=\"text\" >Weltpolitische Themen zu Gast im Bad T\u00f6lzer Rathaus\r\nWo sonst\u2026<\/div><\/div><footer class=\"entry-footer\"><\/footer><span class='hidden'>\n\t\t\t\t<span class='av-structured-data'  itemprop=\"image\" itemscope=\"itemscope\" itemtype=\"https:\/\/schema.org\/ImageObject\" >\n\t\t\t\t\t\t<span itemprop='url'>https:\/\/www.gym-toelz.de\/wp-content\/uploads\/2026\/02\/2026_MUN_2.jpeg<\/span>\n\t\t\t\t\t\t<span itemprop='height'>1200<\/span>\n\t\t\t\t\t\t<span itemprop='width'>1600<\/span>\n\t\t\t\t<\/span>\n\t\t\t\t<span class='av-structured-data'  itemprop=\"publisher\" itemtype=\"https:\/\/schema.org\/Organization\" itemscope=\"itemscope\" >\n\t\t\t\t\t\t<span itemprop='name'>Hanno Froehlich<\/span>\n\t\t\t\t\t\t<span itemprop='logo' itemscope itemtype='https:\/\/schema.org\/ImageObject'>\n\t\t\t\t\t\t\t<span itemprop='url'>https:\/\/www.gym-toelz.de\/wp-content\/uploads\/2025\/06\/schriftzug-Kopf-weissGVS_Logo-klein-300x114.png<\/span>\n\t\t\t\t\t\t<\/span>\n\t\t\t\t<\/span><span class='av-structured-data'  itemprop=\"author\" itemscope=\"itemscope\" itemtype=\"https:\/\/schema.org\/Person\" ><span itemprop='name'>Hanno Froehlich<\/span><\/span><span class='av-structured-data'  itemprop=\"datePublished\" datetime=\"2025-05-16T15:16:51+02:00\" >2026-02-26 10:45:31<\/span><span class='av-structured-data'  itemprop=\"dateModified\" itemtype=\"https:\/\/schema.org\/dateModified\" >2026-02-26 10:46:07<\/span><span class='av-structured-data'  itemprop=\"mainEntityOfPage\" itemtype=\"https:\/\/schema.org\/mainEntityOfPage\" ><span itemprop='name'>Weltpolitische Themen<\/span><\/span><\/span><\/article><article class='slide-entry flex_column  post-entry post-entry-2483 slide-entry-overview slide-loop-4 slide-parity-even  av_one_fourth  real-thumbnail posttype-post post-format-standard'  itemscope=\"itemscope\" itemtype=\"https:\/\/schema.org\/CreativeWork\" ><a href='https:\/\/www.gym-toelz.de\/index.php\/2025\/09\/29\/deutsche-schulsportmeisterschaft-mountainbike\/' data-rel='slide-1' class='slide-image' title='Deutsche Schulsportmeisterschaft Mountainbike'><img decoding=\"async\" fetchpriority=\"high\" width=\"260\" height=\"185\" src=\"https:\/\/www.gym-toelz.de\/wp-content\/uploads\/2025\/09\/IMG_6818-260x185.jpg\" class=\"wp-image-2486 avia-img-lazy-loading-not-2486 attachment-portfolio_small size-portfolio_small wp-post-image\" alt=\"\" \/><\/a><div class=\"slide-content\"><header class=\"entry-content-header\" aria-label=\"Slide: Deutsche Schulsportmeisterschaft Mountainbike\"><h3 class='slide-entry-title entry-title '  itemprop=\"headline\" ><a href='https:\/\/www.gym-toelz.de\/index.php\/2025\/09\/29\/deutsche-schulsportmeisterschaft-mountainbike\/' title='Deutsche Schulsportmeisterschaft Mountainbike'>Deutsche Schulsportmeisterschaft Mountainbike<\/a><\/h3><span class=\"av-vertical-delimiter\"><\/span><\/header><div class=\"slide-meta\"><time class='slide-meta-time updated'  itemprop=\"datePublished\" datetime=\"2025-09-29T08:58:28+02:00\" >Montag, September 29, 2025<\/time><\/div><div class='slide-entry-excerpt entry-content'  itemprop=\"text\" >... in R\u00f6dinghausen \u2013 starke zwei Tage f\u00fcr unsere Teams\r\n\r\nAm\u2026<\/div><\/div><footer class=\"entry-footer\"><\/footer><span class='hidden'>\n\t\t\t\t<span class='av-structured-data'  itemprop=\"image\" itemscope=\"itemscope\" itemtype=\"https:\/\/schema.org\/ImageObject\" >\n\t\t\t\t\t\t<span itemprop='url'>https:\/\/www.gym-toelz.de\/wp-content\/uploads\/2025\/09\/IMG_6818.jpg<\/span>\n\t\t\t\t\t\t<span itemprop='height'>2059<\/span>\n\t\t\t\t\t\t<span itemprop='width'>1170<\/span>\n\t\t\t\t<\/span>\n\t\t\t\t<span class='av-structured-data'  itemprop=\"publisher\" itemtype=\"https:\/\/schema.org\/Organization\" itemscope=\"itemscope\" >\n\t\t\t\t\t\t<span itemprop='name'>Hanno Froehlich<\/span>\n\t\t\t\t\t\t<span itemprop='logo' itemscope itemtype='https:\/\/schema.org\/ImageObject'>\n\t\t\t\t\t\t\t<span itemprop='url'>https:\/\/www.gym-toelz.de\/wp-content\/uploads\/2025\/06\/schriftzug-Kopf-weissGVS_Logo-klein-300x114.png<\/span>\n\t\t\t\t\t\t<\/span>\n\t\t\t\t<\/span><span class='av-structured-data'  itemprop=\"author\" itemscope=\"itemscope\" itemtype=\"https:\/\/schema.org\/Person\" ><span itemprop='name'>Hanno Froehlich<\/span><\/span><span class='av-structured-data'  itemprop=\"datePublished\" datetime=\"2025-05-16T15:16:51+02:00\" >2025-09-29 08:58:28<\/span><span class='av-structured-data'  itemprop=\"dateModified\" itemtype=\"https:\/\/schema.org\/dateModified\" >2025-10-14 16:15:59<\/span><span class='av-structured-data'  itemprop=\"mainEntityOfPage\" itemtype=\"https:\/\/schema.org\/mainEntityOfPage\" ><span itemprop='name'>Deutsche Schulsportmeisterschaft Mountainbike<\/span><\/span><\/span><\/article><\/div><div class=\"slide-entry-wrap\"><article class='slide-entry flex_column  post-entry post-entry-1877 slide-entry-overview slide-loop-5 slide-parity-odd  av_one_fourth first real-thumbnail posttype-post post-format-standard'  itemscope=\"itemscope\" itemtype=\"https:\/\/schema.org\/CreativeWork\" ><a href='https:\/\/www.gym-toelz.de\/index.php\/2025\/07\/26\/tolles-golfturnier-bei-bestem-wetter\/' data-rel='slide-1' class='slide-image' title='Tolles Golfturnier bei bestem Wetter!'><img decoding=\"async\" fetchpriority=\"high\" width=\"260\" height=\"185\" src=\"https:\/\/www.gym-toelz.de\/wp-content\/uploads\/2025\/07\/isarwinkel-turnier-25-1-web-260x185.jpeg\" class=\"wp-image-1875 avia-img-lazy-loading-not-1875 attachment-portfolio_small size-portfolio_small wp-post-image\" alt=\"\" \/><\/a><div class=\"slide-content\"><header class=\"entry-content-header\" aria-label=\"Slide: Tolles Golfturnier bei bestem Wetter!\"><h3 class='slide-entry-title entry-title '  itemprop=\"headline\" ><a href='https:\/\/www.gym-toelz.de\/index.php\/2025\/07\/26\/tolles-golfturnier-bei-bestem-wetter\/' title='Tolles Golfturnier bei bestem Wetter!'>Tolles Golfturnier bei bestem Wetter!<\/a><\/h3><span class=\"av-vertical-delimiter\"><\/span><\/header><div class=\"slide-meta\"><time class='slide-meta-time updated'  itemprop=\"datePublished\" datetime=\"2025-07-26T09:27:45+02:00\" >Samstag, Juli 26, 2025<\/time><\/div><div class='slide-entry-excerpt entry-content'  itemprop=\"text\" >Eine Woche sp\u00e4ter, nach den Schulwettk\u00e4mpfen in Ebersberg,\u2026<\/div><\/div><footer class=\"entry-footer\"><\/footer><span class='hidden'>\n\t\t\t\t<span class='av-structured-data'  itemprop=\"image\" itemscope=\"itemscope\" itemtype=\"https:\/\/schema.org\/ImageObject\" >\n\t\t\t\t\t\t<span itemprop='url'>https:\/\/www.gym-toelz.de\/wp-content\/uploads\/2025\/07\/isarwinkel-turnier-25-1-web-scaled.jpeg<\/span>\n\t\t\t\t\t\t<span itemprop='height'>1920<\/span>\n\t\t\t\t\t\t<span itemprop='width'>2560<\/span>\n\t\t\t\t<\/span>\n\t\t\t\t<span class='av-structured-data'  itemprop=\"publisher\" itemtype=\"https:\/\/schema.org\/Organization\" itemscope=\"itemscope\" >\n\t\t\t\t\t\t<span itemprop='name'>Hanno Froehlich<\/span>\n\t\t\t\t\t\t<span itemprop='logo' itemscope itemtype='https:\/\/schema.org\/ImageObject'>\n\t\t\t\t\t\t\t<span itemprop='url'>https:\/\/www.gym-toelz.de\/wp-content\/uploads\/2025\/06\/schriftzug-Kopf-weissGVS_Logo-klein-300x114.png<\/span>\n\t\t\t\t\t\t<\/span>\n\t\t\t\t<\/span><span class='av-structured-data'  itemprop=\"author\" itemscope=\"itemscope\" itemtype=\"https:\/\/schema.org\/Person\" ><span itemprop='name'>Hanno Froehlich<\/span><\/span><span class='av-structured-data'  itemprop=\"datePublished\" datetime=\"2025-05-16T15:16:51+02:00\" >2025-07-26 09:27:45<\/span><span class='av-structured-data'  itemprop=\"dateModified\" itemtype=\"https:\/\/schema.org\/dateModified\" >2025-12-03 20:58:14<\/span><span class='av-structured-data'  itemprop=\"mainEntityOfPage\" itemtype=\"https:\/\/schema.org\/mainEntityOfPage\" ><span itemprop='name'>Tolles Golfturnier bei bestem Wetter!<\/span><\/span><\/span><\/article><article class='slide-entry flex_column  post-entry post-entry-1500 slide-entry-overview slide-loop-6 slide-parity-even  av_one_fourth  real-thumbnail posttype-post post-format-standard'  itemscope=\"itemscope\" itemtype=\"https:\/\/schema.org\/CreativeWork\" ><a href='https:\/\/www.gym-toelz.de\/index.php\/2025\/07\/18\/kleiner-ball-tolle-erfolge\/' data-rel='slide-1' class='slide-image' title='Kleiner Ball &#8212; tolle Erfolge!'><img decoding=\"async\" fetchpriority=\"high\" width=\"260\" height=\"185\" src=\"https:\/\/www.gym-toelz.de\/wp-content\/uploads\/2025\/07\/golf-wettkampf-25-web-260x185.jpg\" class=\"wp-image-1474 avia-img-lazy-loading-not-1474 attachment-portfolio_small size-portfolio_small wp-post-image\" alt=\"\" \/><\/a><div class=\"slide-content\"><header class=\"entry-content-header\" aria-label=\"Slide: Kleiner Ball --- tolle Erfolge!\"><h3 class='slide-entry-title entry-title '  itemprop=\"headline\" ><a href='https:\/\/www.gym-toelz.de\/index.php\/2025\/07\/18\/kleiner-ball-tolle-erfolge\/' title='Kleiner Ball &#8212; tolle Erfolge!'>Kleiner Ball &#8212; tolle Erfolge!<\/a><\/h3><span class=\"av-vertical-delimiter\"><\/span><\/header><div class=\"slide-meta\"><time class='slide-meta-time updated'  itemprop=\"datePublished\" datetime=\"2025-07-18T06:04:53+02:00\" >Freitag, Juli 18, 2025<\/time><\/div><div class='slide-entry-excerpt entry-content'  itemprop=\"text\" >Am 15.7.2025 fuhren 3 Teams des GvS mit Frau Wiesnet und Herrn\u2026<\/div><\/div><footer class=\"entry-footer\"><\/footer><span class='hidden'>\n\t\t\t\t<span class='av-structured-data'  itemprop=\"image\" itemscope=\"itemscope\" itemtype=\"https:\/\/schema.org\/ImageObject\" >\n\t\t\t\t\t\t<span itemprop='url'>https:\/\/www.gym-toelz.de\/wp-content\/uploads\/2025\/07\/golf-wettkampf-25-web.jpg<\/span>\n\t\t\t\t\t\t<span itemprop='height'>571<\/span>\n\t\t\t\t\t\t<span itemprop='width'>428<\/span>\n\t\t\t\t<\/span>\n\t\t\t\t<span class='av-structured-data'  itemprop=\"publisher\" itemtype=\"https:\/\/schema.org\/Organization\" itemscope=\"itemscope\" >\n\t\t\t\t\t\t<span itemprop='name'>Hanno Froehlich<\/span>\n\t\t\t\t\t\t<span itemprop='logo' itemscope itemtype='https:\/\/schema.org\/ImageObject'>\n\t\t\t\t\t\t\t<span itemprop='url'>https:\/\/www.gym-toelz.de\/wp-content\/uploads\/2025\/06\/schriftzug-Kopf-weissGVS_Logo-klein-300x114.png<\/span>\n\t\t\t\t\t\t<\/span>\n\t\t\t\t<\/span><span class='av-structured-data'  itemprop=\"author\" itemscope=\"itemscope\" itemtype=\"https:\/\/schema.org\/Person\" ><span itemprop='name'>Hanno Froehlich<\/span><\/span><span class='av-structured-data'  itemprop=\"datePublished\" datetime=\"2025-05-16T15:16:51+02:00\" >2025-07-18 06:04:53<\/span><span class='av-structured-data'  itemprop=\"dateModified\" itemtype=\"https:\/\/schema.org\/dateModified\" >2025-10-13 19:03:29<\/span><span class='av-structured-data'  itemprop=\"mainEntityOfPage\" itemtype=\"https:\/\/schema.org\/mainEntityOfPage\" ><span itemprop='name'>Kleiner Ball &#8212; tolle Erfolge!<\/span><\/span><\/span><\/article><article class='slide-entry flex_column  post-entry post-entry-1493 slide-entry-overview slide-loop-7 slide-parity-odd  av_one_fourth  real-thumbnail posttype-post post-format-standard'  itemscope=\"itemscope\" itemtype=\"https:\/\/schema.org\/CreativeWork\" ><a href='https:\/\/www.gym-toelz.de\/index.php\/2025\/07\/18\/landesfinale-mountainbiken-in-herrieden\/' data-rel='slide-1' class='slide-image' title='Landesfinale Mountainbiken in Herrieden'><img decoding=\"async\" fetchpriority=\"high\" width=\"260\" height=\"185\" src=\"https:\/\/www.gym-toelz.de\/wp-content\/uploads\/2025\/07\/IMG_5531-260x185.jpg\" class=\"wp-image-1678 avia-img-lazy-loading-not-1678 attachment-portfolio_small size-portfolio_small wp-post-image\" alt=\"\" \/><\/a><div class=\"slide-content\"><header class=\"entry-content-header\" aria-label=\"Slide: Landesfinale Mountainbiken in Herrieden\"><h3 class='slide-entry-title entry-title '  itemprop=\"headline\" ><a href='https:\/\/www.gym-toelz.de\/index.php\/2025\/07\/18\/landesfinale-mountainbiken-in-herrieden\/' title='Landesfinale Mountainbiken in Herrieden'>Landesfinale Mountainbiken in Herrieden<\/a><\/h3><span class=\"av-vertical-delimiter\"><\/span><\/header><div class=\"slide-meta\"><time class='slide-meta-time updated'  itemprop=\"datePublished\" datetime=\"2025-07-18T05:58:34+02:00\" >Freitag, Juli 18, 2025<\/time><\/div><div class='slide-entry-excerpt entry-content'  itemprop=\"text\" >Am 10.7.25 machten sich zwei unserer Schulmannschaften, Mixed\u2026<\/div><\/div><footer class=\"entry-footer\"><\/footer><span class='hidden'>\n\t\t\t\t<span class='av-structured-data'  itemprop=\"image\" itemscope=\"itemscope\" itemtype=\"https:\/\/schema.org\/ImageObject\" >\n\t\t\t\t\t\t<span itemprop='url'>https:\/\/www.gym-toelz.de\/wp-content\/uploads\/2025\/07\/IMG_5531-rotated.jpg<\/span>\n\t\t\t\t\t\t<span itemprop='height'>640<\/span>\n\t\t\t\t\t\t<span itemprop='width'>480<\/span>\n\t\t\t\t<\/span>\n\t\t\t\t<span class='av-structured-data'  itemprop=\"publisher\" itemtype=\"https:\/\/schema.org\/Organization\" itemscope=\"itemscope\" >\n\t\t\t\t\t\t<span itemprop='name'>Hanno Froehlich<\/span>\n\t\t\t\t\t\t<span itemprop='logo' itemscope itemtype='https:\/\/schema.org\/ImageObject'>\n\t\t\t\t\t\t\t<span itemprop='url'>https:\/\/www.gym-toelz.de\/wp-content\/uploads\/2025\/06\/schriftzug-Kopf-weissGVS_Logo-klein-300x114.png<\/span>\n\t\t\t\t\t\t<\/span>\n\t\t\t\t<\/span><span class='av-structured-data'  itemprop=\"author\" itemscope=\"itemscope\" itemtype=\"https:\/\/schema.org\/Person\" ><span itemprop='name'>Hanno Froehlich<\/span><\/span><span class='av-structured-data'  itemprop=\"datePublished\" datetime=\"2025-05-16T15:16:51+02:00\" >2025-07-18 05:58:34<\/span><span class='av-structured-data'  itemprop=\"dateModified\" itemtype=\"https:\/\/schema.org\/dateModified\" >2025-10-13 19:03:52<\/span><span class='av-structured-data'  itemprop=\"mainEntityOfPage\" itemtype=\"https:\/\/schema.org\/mainEntityOfPage\" ><span itemprop='name'>Landesfinale Mountainbiken in Herrieden<\/span><\/span><\/span><\/article><article class='slide-entry flex_column  post-entry post-entry-1489 slide-entry-overview slide-loop-8 slide-parity-even  av_one_fourth  real-thumbnail posttype-post post-format-standard'  itemscope=\"itemscope\" itemtype=\"https:\/\/schema.org\/CreativeWork\" ><a href='https:\/\/www.gym-toelz.de\/index.php\/2025\/07\/18\/basketballturnier\/' data-rel='slide-1' class='slide-image' title='Basketballturnier'><img decoding=\"async\" fetchpriority=\"high\" width=\"260\" height=\"185\" src=\"https:\/\/www.gym-toelz.de\/wp-content\/uploads\/2025\/07\/basketballturnier2025-260x185.jpeg\" class=\"wp-image-1473 avia-img-lazy-loading-not-1473 attachment-portfolio_small size-portfolio_small wp-post-image\" alt=\"\" \/><\/a><div class=\"slide-content\"><header class=\"entry-content-header\" aria-label=\"Slide: Basketballturnier\"><h3 class='slide-entry-title entry-title '  itemprop=\"headline\" ><a href='https:\/\/www.gym-toelz.de\/index.php\/2025\/07\/18\/basketballturnier\/' title='Basketballturnier'>Basketballturnier<\/a><\/h3><span class=\"av-vertical-delimiter\"><\/span><\/header><div class=\"slide-meta\"><time class='slide-meta-time updated'  itemprop=\"datePublished\" datetime=\"2025-07-18T05:53:04+02:00\" >Freitag, Juli 18, 2025<\/time><\/div><div class='slide-entry-excerpt entry-content'  itemprop=\"text\" >\u2013 ein Spa\u00df und Erfolg f\u00fcr die GvS-Schulteams\r\n\r\ndas Schulteam\u2026<\/div><\/div><footer class=\"entry-footer\"><\/footer><span class='hidden'>\n\t\t\t\t<span class='av-structured-data'  itemprop=\"image\" itemscope=\"itemscope\" itemtype=\"https:\/\/schema.org\/ImageObject\" >\n\t\t\t\t\t\t<span itemprop='url'>https:\/\/www.gym-toelz.de\/wp-content\/uploads\/2025\/07\/basketballturnier2025-scaled.jpeg<\/span>\n\t\t\t\t\t\t<span itemprop='height'>2560<\/span>\n\t\t\t\t\t\t<span itemprop='width'>1183<\/span>\n\t\t\t\t<\/span>\n\t\t\t\t<span class='av-structured-data'  itemprop=\"publisher\" itemtype=\"https:\/\/schema.org\/Organization\" itemscope=\"itemscope\" >\n\t\t\t\t\t\t<span itemprop='name'>Hanno Froehlich<\/span>\n\t\t\t\t\t\t<span itemprop='logo' itemscope itemtype='https:\/\/schema.org\/ImageObject'>\n\t\t\t\t\t\t\t<span itemprop='url'>https:\/\/www.gym-toelz.de\/wp-content\/uploads\/2025\/06\/schriftzug-Kopf-weissGVS_Logo-klein-300x114.png<\/span>\n\t\t\t\t\t\t<\/span>\n\t\t\t\t<\/span><span class='av-structured-data'  itemprop=\"author\" itemscope=\"itemscope\" itemtype=\"https:\/\/schema.org\/Person\" ><span itemprop='name'>Hanno Froehlich<\/span><\/span><span class='av-structured-data'  itemprop=\"datePublished\" datetime=\"2025-05-16T15:16:51+02:00\" >2025-07-18 05:53:04<\/span><span class='av-structured-data'  itemprop=\"dateModified\" itemtype=\"https:\/\/schema.org\/dateModified\" >2025-10-13 19:04:05<\/span><span class='av-structured-data'  itemprop=\"mainEntityOfPage\" itemtype=\"https:\/\/schema.org\/mainEntityOfPage\" ><span itemprop='name'>Basketballturnier<\/span><\/span><\/span><\/article><\/div><div class=\"slide-entry-wrap\"><article class='slide-entry flex_column  post-entry post-entry-1481 slide-entry-overview slide-loop-9 slide-parity-odd  post-entry-last  av_one_fourth first real-thumbnail posttype-post post-format-standard'  itemscope=\"itemscope\" itemtype=\"https:\/\/schema.org\/CreativeWork\" ><a href='https:\/\/www.gym-toelz.de\/index.php\/2025\/07\/18\/schuelerzeitung-schuelerpodcast\/' data-rel='slide-1' class='slide-image' title='Sch\u00fclerzeitung\/Sch\u00fclerPodcast'><img decoding=\"async\" fetchpriority=\"high\" width=\"260\" height=\"185\" src=\"https:\/\/www.gym-toelz.de\/wp-content\/uploads\/2025\/06\/logo-podcast-e1749332132772-260x185.png\" class=\"wp-image-434 avia-img-lazy-loading-not-434 attachment-portfolio_small size-portfolio_small wp-post-image\" alt=\"\" \/><\/a><div class=\"slide-content\"><header class=\"entry-content-header\" aria-label=\"Slide: Sch\u00fclerzeitung\/Sch\u00fclerPodcast\"><h3 class='slide-entry-title entry-title '  itemprop=\"headline\" ><a href='https:\/\/www.gym-toelz.de\/index.php\/2025\/07\/18\/schuelerzeitung-schuelerpodcast\/' title='Sch\u00fclerzeitung\/Sch\u00fclerPodcast'>Sch\u00fclerzeitung\/Sch\u00fclerPodcast<\/a><\/h3><span class=\"av-vertical-delimiter\"><\/span><\/header><div class=\"slide-meta\"><time class='slide-meta-time updated'  itemprop=\"datePublished\" datetime=\"2025-07-18T05:41:25+02:00\" >Freitag, Juli 18, 2025<\/time><\/div><div class='slide-entry-excerpt entry-content'  itemprop=\"text\" >Juli 2025: Podcast zum Thema\r\n\u201eKriegsende 1945 in Bad T\u00f6lz\u2026<\/div><\/div><footer class=\"entry-footer\"><\/footer><span class='hidden'>\n\t\t\t\t<span class='av-structured-data'  itemprop=\"image\" itemscope=\"itemscope\" itemtype=\"https:\/\/schema.org\/ImageObject\" >\n\t\t\t\t\t\t<span itemprop='url'>https:\/\/www.gym-toelz.de\/wp-content\/uploads\/2025\/06\/logo-podcast-e1760458317192.png<\/span>\n\t\t\t\t\t\t<span itemprop='height'>100<\/span>\n\t\t\t\t\t\t<span itemprop='width'>124<\/span>\n\t\t\t\t<\/span>\n\t\t\t\t<span class='av-structured-data'  itemprop=\"publisher\" itemtype=\"https:\/\/schema.org\/Organization\" itemscope=\"itemscope\" >\n\t\t\t\t\t\t<span itemprop='name'>Hanno Froehlich<\/span>\n\t\t\t\t\t\t<span itemprop='logo' itemscope itemtype='https:\/\/schema.org\/ImageObject'>\n\t\t\t\t\t\t\t<span itemprop='url'>https:\/\/www.gym-toelz.de\/wp-content\/uploads\/2025\/06\/schriftzug-Kopf-weissGVS_Logo-klein-300x114.png<\/span>\n\t\t\t\t\t\t<\/span>\n\t\t\t\t<\/span><span class='av-structured-data'  itemprop=\"author\" itemscope=\"itemscope\" itemtype=\"https:\/\/schema.org\/Person\" ><span itemprop='name'>Hanno Froehlich<\/span><\/span><span class='av-structured-data'  itemprop=\"datePublished\" datetime=\"2025-05-16T15:16:51+02:00\" >2025-07-18 05:41:25<\/span><span class='av-structured-data'  itemprop=\"dateModified\" itemtype=\"https:\/\/schema.org\/dateModified\" >2025-10-14 16:13:39<\/span><span class='av-structured-data'  itemprop=\"mainEntityOfPage\" itemtype=\"https:\/\/schema.org\/mainEntityOfPage\" ><span itemprop='name'>Sch\u00fclerzeitung\/Sch\u00fclerPodcast<\/span><\/span><\/span><\/article><\/div><\/div><div class='avia-slideshow-arrows avia-slideshow-controls' ><a href='#prev' class='prev-slide  avia-svg-icon avia-font-svg_entypo-fontello' data-av_svg_icon='left-open-big' data-av_iconset='svg_entypo-fontello' tabindex='-1' title=\"Zur\u00fcck\"><svg version=\"1.1\" xmlns=\"http:\/\/www.w3.org\/2000\/svg\" width=\"15\" height=\"32\" viewBox=\"0 0 15 32\" preserveAspectRatio=\"xMidYMid meet\" aria-labelledby='av-svg-title-10' aria-describedby='av-svg-desc-10' role=\"graphics-symbol\" aria-hidden=\"true\">\n<title id='av-svg-title-10'>Zur\u00fcck<\/title>\n<desc id='av-svg-desc-10'>Zur\u00fcck<\/desc>\n<path d=\"M14.464 27.84q0.832 0.832 0 1.536-0.832 0.832-1.536 0l-12.544-12.608q-0.768-0.768 0-1.6l12.544-12.608q0.704-0.832 1.536 0 0.832 0.704 0 1.536l-11.456 11.904z\"><\/path>\n<\/svg><span class='avia_hidden_link_text'>Zur\u00fcck<\/span><\/a><a href='#next' class='next-slide  avia-svg-icon avia-font-svg_entypo-fontello' data-av_svg_icon='right-open-big' data-av_iconset='svg_entypo-fontello' tabindex='-1' title=\"Weiter\"><svg version=\"1.1\" xmlns=\"http:\/\/www.w3.org\/2000\/svg\" width=\"15\" height=\"32\" viewBox=\"0 0 15 32\" preserveAspectRatio=\"xMidYMid meet\" aria-labelledby='av-svg-title-11' aria-describedby='av-svg-desc-11' role=\"graphics-symbol\" aria-hidden=\"true\">\n<title id='av-svg-title-11'>Weiter<\/title>\n<desc id='av-svg-desc-11'>Weiter<\/desc>\n<path d=\"M0.416 27.84l11.456-11.84-11.456-11.904q-0.832-0.832 0-1.536 0.832-0.832 1.536 0l12.544 12.608q0.768 0.832 0 1.6l-12.544 12.608q-0.704 0.832-1.536 0-0.832-0.704 0-1.536z\"><\/path>\n<\/svg><span class='avia_hidden_link_text'>Weiter<\/span><\/a><\/div><\/div>\n<section  class='av_textblock_section av-mbui0m6a-0b94f636c5cda81aaf2a3b1f0c9bebc5 '   itemscope=\"itemscope\" itemtype=\"https:\/\/schema.org\/CreativeWork\" ><div class='avia_textblock'  itemprop=\"text\" ><p><strong>Unser \u00fcberaus reichhaltiges Angebot an Wahlkursen<\/strong><\/p>\n<p>Wesentlich ist der Wahlunterricht f\u00fcr die Herzens- und Charakterbildung der uns anvertrauten jungen Menschen. Ein breit gef\u00e4chertes Angebot an Wahlunterrichten leistet einen unverzichtbaren Beitrag zur individuellen F\u00f6rderung der Sch\u00fclerinnen und Sch\u00fcler im schulischen Rahmen.<\/p>\n<\/div><\/section>\n<div  class='avia-buttonrow-wrap av-mdg3l0x5-ef22b0308948c5962ddf26042836e066 avia-buttonrow-center  avia-builder-el-3  el_after_av_textblock  el_before_av_hr '>\n\n<style type=\"text\/css\" data-created_by=\"avia_inline_auto\" id=\"style-css-av-mdg3jvgg-a6e530cb98ae8c45c309722cefc0c861\">\n#top #wrap_all .avia-button.av-mdg3jvgg-a6e530cb98ae8c45c309722cefc0c861{\nmargin-bottom:5px;\nmargin-right:3px;\nmargin-left:3px;\n}\n<\/style>\n<a href='#Soziales'  class='avia-button av-mdg3jvgg-a6e530cb98ae8c45c309722cefc0c861 avia-icon_select-yes-left-icon avia-size-small avia-color-theme-color'   aria-label=\"Soziales\"><span class='avia_button_icon avia_button_icon_left avia-iconfont avia-font-entypo-fontello' data-av_icon='\ue82b' data-av_iconfont='entypo-fontello' ><\/span><span class='avia_iconbox_title' >Soziales<\/span><\/a>\n\n<style type=\"text\/css\" data-created_by=\"avia_inline_auto\" id=\"style-css-av-mdg3k84v-f6e105c7a85a47f07bc1fa096be277a4\">\n#top #wrap_all .avia-button.av-mdg3k84v-f6e105c7a85a47f07bc1fa096be277a4{\nmargin-bottom:5px;\nmargin-right:3px;\nmargin-left:3px;\n}\n<\/style>\n<a href='#Mathematik-Naturwissenschaft-Technik'  class='avia-button av-mdg3k84v-f6e105c7a85a47f07bc1fa096be277a4 avia-icon_select-yes-left-icon avia-size-small avia-color-theme-color'   aria-label=\"Mathematik - Naturwissenschaft - Technik\"><span class='avia_button_icon avia_button_icon_left avia-svg-icon avia-font-svg_entypo-fontello' data-av_svg_icon='chart-line' data-av_iconset='svg_entypo-fontello'><svg version=\"1.1\" xmlns=\"http:\/\/www.w3.org\/2000\/svg\" width=\"32\" height=\"32\" viewBox=\"0 0 32 32\" preserveAspectRatio=\"xMidYMid meet\" aria-labelledby='av-svg-title-12' aria-describedby='av-svg-desc-12' role=\"graphics-symbol\">\n<title id='av-svg-title-12'>Chart-line<\/title>\n<desc id='av-svg-desc-12'>Chart-line<\/desc>\n<path d=\"M1.088 18.112q-1.344-0.32-1.024-1.792 0.32-1.344 1.728-1.024l3.136 0.768-1.664 2.56zM29.568 18.496q0.448-0.384 1.056-0.352t0.992 0.48q1.024 1.024-0.064 2.048l-8.064 7.232q-0.384 0.384-0.96 0.384-0.448 0-0.896-0.32l-9.152-7.040-1.728-0.448 1.6-2.56 1.152 0.256q0.384 0.128 0.512 0.256l8.448 6.528zM13.888 11.456l-11.2 17.6q-0.384 0.704-1.216 0.704-0.384 0-0.768-0.256-0.512-0.32-0.64-0.928t0.192-1.056l11.968-18.816q0.256-0.512 0.896-0.64 0.576-0.192 1.152 0.192l7.872 4.992 7.232-10.432q0.32-0.512 0.896-0.608t1.088 0.288q1.216 0.768 0.384 1.984l-8.064 11.584q-0.768 1.152-1.984 0.384z\"><\/path>\n<\/svg><\/span><span class='avia_iconbox_title' >Mathematik - Naturwissenschaft - Technik<\/span><\/a>\n\n<style type=\"text\/css\" data-created_by=\"avia_inline_auto\" id=\"style-css-av-mdg3l00f-b13991edf998ad9e9f8373bd5468abd0\">\n#top #wrap_all .avia-button.av-mdg3l00f-b13991edf998ad9e9f8373bd5468abd0{\nmargin-bottom:5px;\nmargin-right:3px;\nmargin-left:3px;\n}\n<\/style>\n<a href='#Musik'  class='avia-button av-mdg3l00f-b13991edf998ad9e9f8373bd5468abd0 avia-icon_select-yes-left-icon avia-size-small avia-color-theme-color'   aria-label=\"Musik\"><span class='avia_button_icon avia_button_icon_left avia-iconfont avia-font-entypo-fontello' data-av_icon='\ue800' data-av_iconfont='entypo-fontello' ><\/span><span class='avia_iconbox_title' >Musik<\/span><\/a>\n\n<style type=\"text\/css\" data-created_by=\"avia_inline_auto\" id=\"style-css-av-mdg7hjf3-5bd6bbb2b759948793253296c3db2106\">\n#top #wrap_all .avia-button.av-mdg7hjf3-5bd6bbb2b759948793253296c3db2106{\nmargin-bottom:5px;\nmargin-right:3px;\nmargin-left:3px;\n}\n<\/style>\n<a href='#Kunst-Theater'  class='avia-button av-mdg7hjf3-5bd6bbb2b759948793253296c3db2106 avia-icon_select-yes-left-icon avia-size-small avia-color-theme-color'   aria-label=\"Kunst\/Theater\"><span class='avia_button_icon avia_button_icon_left avia-svg-icon avia-font-svg_entypo-fontello' data-av_svg_icon='megaphone' data-av_iconset='svg_entypo-fontello'><svg version=\"1.1\" xmlns=\"http:\/\/www.w3.org\/2000\/svg\" width=\"28\" height=\"32\" viewBox=\"0 0 28 32\" preserveAspectRatio=\"xMidYMid meet\" aria-labelledby='av-svg-title-13' aria-describedby='av-svg-desc-13' role=\"graphics-symbol\">\n<title id='av-svg-title-13'>Megaphone<\/title>\n<desc id='av-svg-desc-13'>Megaphone<\/desc>\n<path d=\"M25.344 11.2q1.856 4.416 2.144 8.256t-1.248 4.48q-0.896 0.384-1.952-0.096t-2.080-1.28-3.168-1.312-4.768-0.256q-0.896 0.128-1.344 0.608t-0.192 1.184q0.704 1.792 1.472 3.456 0.128 0.32 0.768 0.704t0.768 0.64q0.448 1.088-0.704 1.472-1.6 0.704-3.264 1.28-0.96 0.32-1.728-1.344-1.024-2.432-1.856-4.224-0.192-0.384-1.088-0.544t-1.472-0.992q-0.96 0.32-1.216 0.448-1.088 0.384-2.368-0.384t-1.728-1.92q-0.544-1.024-0.16-2.528t1.376-1.952q4.032-1.664 6.816-3.456t3.968-3.296 1.888-2.944 0.8-2.496 0.48-1.888 1.152-1.152q1.536-0.64 4.16 2.24t4.544 7.296zM24.448 20.8q0.256-0.128 0.32-1.216t-0.352-3.136-1.312-4.096q-0.896-2.112-2.144-3.936t-2.144-2.688-1.152-0.736-0.32 1.344 0.32 3.36 1.28 4.256 2.176 3.808 2.176 2.432 1.152 0.608z\"><\/path>\n<\/svg><\/span><span class='avia_iconbox_title' >Kunst\/Theater<\/span><\/a>\n\n<style type=\"text\/css\" data-created_by=\"avia_inline_auto\" id=\"style-css-av-mdg7i4wx-8264e68564f3252ab1ab03e81ac8b309\">\n#top #wrap_all .avia-button.av-mdg7i4wx-8264e68564f3252ab1ab03e81ac8b309{\nmargin-bottom:5px;\nmargin-right:3px;\nmargin-left:3px;\n}\n<\/style>\n<a href='#Sprachen'  class='avia-button av-mdg7i4wx-8264e68564f3252ab1ab03e81ac8b309 avia-icon_select-yes-left-icon avia-size-small avia-color-theme-color'   aria-label=\"Sprachen\"><span class='avia_button_icon avia_button_icon_left avia-svg-icon avia-font-svg_entypo-fontello' data-av_svg_icon='sound' data-av_iconset='svg_entypo-fontello'><svg version=\"1.1\" xmlns=\"http:\/\/www.w3.org\/2000\/svg\" width=\"29\" height=\"32\" viewBox=\"0 0 29 32\" preserveAspectRatio=\"xMidYMid meet\" aria-labelledby='av-svg-title-14' aria-describedby='av-svg-desc-14' role=\"graphics-symbol\">\n<title id='av-svg-title-14'>Sound<\/title>\n<desc id='av-svg-desc-14'>Sound<\/desc>\n<path d=\"M5.632 8.384q1.344-1.344 4.768 0.16t6.944 5.024 5.024 6.944 0.16 4.768q-0.896 0.896-2.944 2.144t-4.992 2.496-6.208 0.928-5.632-2.688-2.688-5.632 0.928-6.208 2.496-4.992 2.144-2.944zM20.48 23.744q0.256-0.32-0.096-1.568t-1.568-3.232-3.072-3.776q-1.792-1.856-3.776-3.072t-3.232-1.568-1.568-0.096q-0.256 0.32 0.096 1.568t1.568 3.232 3.008 3.84q1.856 1.792 3.84 3.008t3.232 1.568 1.568 0.096zM20.672 11.136q-0.576 0-1.088-0.512-0.512-0.448-0.512-1.12t0.512-1.12l3.008-3.072q1.152-1.024 2.304 0 1.024 1.152 0 2.304l-3.072 3.008q-0.512 0.512-1.152 0.512zM14.912 7.168q-0.576-0.32-0.736-0.96t0.16-1.216l1.728-3.072q0.832-1.408 2.176-0.64 0.576 0.32 0.736 0.96t-0.16 1.216l-1.728 3.072q-0.448 0.832-1.344 0.832-0.448 0-0.832-0.192zM28.928 11.968q0.32 0.576 0.128 1.216t-0.768 0.96l-3.072 1.728q-0.512 0.256-0.768 0.256-0.896 0-1.408-0.832-0.32-0.576-0.128-1.216t0.768-0.96l3.072-1.728q0.576-0.32 1.216-0.16t0.96 0.736z\"><\/path>\n<\/svg><\/span><span class='avia_iconbox_title' >Sprachen<\/span><\/a>\n\n<style type=\"text\/css\" data-created_by=\"avia_inline_auto\" id=\"style-css-av-mdg7ipp6-36d62788ec10fbeda26124a7095972ad\">\n#top #wrap_all .avia-button.av-mdg7ipp6-36d62788ec10fbeda26124a7095972ad{\nmargin-bottom:5px;\nmargin-right:3px;\nmargin-left:3px;\n}\n<\/style>\n<a href='#Sport'  class='avia-button av-mdg7ipp6-36d62788ec10fbeda26124a7095972ad avia-icon_select-yes-left-icon avia-size-small avia-color-theme-color'   aria-label=\"Sport\"><span class='avia_button_icon avia_button_icon_left avia-svg-icon avia-font-svg_entypo-fontello' data-av_svg_icon='rocket' data-av_iconset='svg_entypo-fontello'><svg version=\"1.1\" xmlns=\"http:\/\/www.w3.org\/2000\/svg\" width=\"28\" height=\"32\" viewBox=\"0 0 28 32\" preserveAspectRatio=\"xMidYMid meet\" aria-labelledby='av-svg-title-15' aria-describedby='av-svg-desc-15' role=\"graphics-symbol\">\n<title id='av-svg-title-15'>Rocket<\/title>\n<desc id='av-svg-desc-15'>Rocket<\/desc>\n<path d=\"M17.376 19.648q0.192 1.6 0.256 2.592t-0.256 1.888-0.416 1.28-1.12 1.024-1.44 0.832-2.24 0.992-2.72 1.184q-1.024 0.384-1.44-0.128t-0.096-1.408l1.28-3.52-4.16-4.224-3.392 1.28q-0.896 0.384-1.376-0.064t-0.096-1.472q0.384-0.96 0.992-2.528t0.864-2.080 0.704-1.44 0.8-1.152 0.928-0.64 1.312-0.416h1.664t2.272 0.192q0.32-0.448 0.928-1.248t2.464-2.72 3.776-3.328 4.64-2.4 5.28-0.608q0.256 0 0.448 0.192 0.128 0.128 0.192 0.448 0.32 2.624-0.576 5.376t-2.432 4.832-3.136 3.776-2.752 2.592zM18.976 10.176q0.704 0.704 1.728 0.704t1.728-0.704q0.704-0.768 0.704-1.792t-0.704-1.792q-0.704-0.704-1.728-0.704t-1.728 0.704q-0.704 0.768-0.704 1.792t0.704 1.792z\"><\/path>\n<\/svg><\/span><span class='avia_iconbox_title' >Sport<\/span><\/a>\n\n<style type=\"text\/css\" data-created_by=\"avia_inline_auto\" id=\"style-css-av-mdg7j8ap-582740ac116cb89a0681a1f430daf8cc\">\n#top #wrap_all .avia-button.av-mdg7j8ap-582740ac116cb89a0681a1f430daf8cc{\nmargin-bottom:5px;\nmargin-right:3px;\nmargin-left:3px;\n}\n<\/style>\n<a href='#Sonstiges'  class='avia-button av-mdg7j8ap-582740ac116cb89a0681a1f430daf8cc avia-icon_select-yes-left-icon avia-size-small avia-color-theme-color'   aria-label=\"Sonstiges\"><span class='avia_button_icon avia_button_icon_left avia-svg-icon avia-font-svg_entypo-fontello' data-av_svg_icon='bell' data-av_iconset='svg_entypo-fontello'><svg version=\"1.1\" xmlns=\"http:\/\/www.w3.org\/2000\/svg\" width=\"26\" height=\"32\" viewBox=\"0 0 26 32\" preserveAspectRatio=\"xMidYMid meet\" aria-labelledby='av-svg-title-16' aria-describedby='av-svg-desc-16' role=\"graphics-symbol\">\n<title id='av-svg-title-16'>Bell<\/title>\n<desc id='av-svg-desc-16'>Bell<\/desc>\n<path d=\"M20.224 13.568q0.512 1.088 1.28 1.664t1.44 0.704 1.408 0.736 1.12 1.76q0.704 1.984-2.368 5.152t-8.064 5.024q-5.248 1.856-9.504 1.44t-4.96-2.4q-0.64-1.728 0.384-3.552t0.576-3.552q-1.792-6.144-1.504-9.6t3.616-6.144q0.832-0.704 0.928-1.632t0.928-1.248q0.768-0.256 1.472 0.384t1.792 0.576q4.224-0.064 6.336 2.112t5.12 8.576zM14.272 26.496q2.816-1.024 5.088-2.72t3.2-2.912 0.8-1.6q-0.256-0.704-1.568-1.056t-3.968-0.032-5.984 1.536q-3.264 1.216-5.536 2.784t-3.008 2.688-0.544 1.696q0.128 0.384 1.6 0.704t4.288 0.128 5.632-1.216zM12.288 20.928q0.256-0.064 0.672-0.224t0.544-0.224l0.064 0.064q0.448 1.28-0.544 2.656t-2.848 2.016q-3.072 1.152-4.864-0.448 2.496-2.176 6.976-3.84z\"><\/path>\n<\/svg><\/span><span class='avia_iconbox_title' >Sonstiges<\/span><\/a>\n<\/div>\n<div  class='hr av-824ld-d2de65809db73683f6ab7ec5128e9769 hr-default  avia-builder-el-4  el_after_av_buttonrow  el_before_av_textblock '><span class='hr-inner '><span class=\"hr-inner-style\"><\/span><\/span><\/div>\n<section  class='av_textblock_section av-mdg41s3k-8a2e58dea9dd2832de9c9e0a28fd69f6 '   itemscope=\"itemscope\" itemtype=\"https:\/\/schema.org\/CreativeWork\" ><div class='avia_textblock'  itemprop=\"text\" ><p align=\"center\"><span style=\"color: #000000;\"><span style=\"font-family: Arial, serif;\"><u><b><a id=\"Soziales\"><\/a>Soziales<\/b><\/u><\/span><\/span><\/p>\n<\/div><\/section>\n<div  class='togglecontainer av-jqbwp-1a02f5dba8a4008b908b5e826b3a95c5  avia-builder-el-6  el_after_av_textblock  el_before_av_textblock  toggle_close_all' >\n<section class='av_toggle_section av-mdg4pxuo-8a50a11176a91f6c88b4c6a88068817a'  itemscope=\"itemscope\" itemtype=\"https:\/\/schema.org\/CreativeWork\" ><div role=\"tablist\" class=\"single_toggle\" data-tags=\"{Alle} \"  ><p id='toggle-toggle-id-1' data-fake-id='#toggle-id-1' class='toggler  av-title-above '  itemprop=\"headline\"  role='tab' tabindex='0' aria-controls='toggle-id-1' data-slide-speed=\"200\" data-title=\"Reise durch den Internetdschungel\" data-title-open=\"\" data-aria_collapsed=\"Click to expand: Reise durch den Internetdschungel\" data-aria_expanded=\"Click to collapse: Reise durch den Internetdschungel\">Reise durch den Internetdschungel<span class=\"toggle_icon\"><span class=\"vert_icon\"><\/span><span class=\"hor_icon\"><\/span><\/span><\/p><div id='toggle-id-1' aria-labelledby='toggle-toggle-id-1' role='region' class='toggle_wrap  av-title-above'  ><div class='toggle_content invers-color '  itemprop=\"text\" ><p>Jahrgangsstufen 6-7, Fr. Kleehaupt<\/p>\n<p><a href=\"https:\/\/www.gym-toelz.de\/wp-content\/uploads\/2025\/11\/Plakat-fuer-Infoabend_Wahlkurs-Internetdschungel.pdf\" target=\"_blank\" rel=\"noopener\">Mehr Informationen hier als PDF <img loading=\"lazy\" decoding=\"async\" class=\"alignnone wp-image-1873\" src=\"https:\/\/www.gym-toelz.de\/wp-content\/uploads\/2025\/07\/icons8-new-tab-48.png\" alt=\"\" width=\"18\" height=\"18\" srcset=\"https:\/\/www.gym-toelz.de\/wp-content\/uploads\/2025\/07\/icons8-new-tab-48.png 48w, https:\/\/www.gym-toelz.de\/wp-content\/uploads\/2025\/07\/icons8-new-tab-48-36x36.png 36w\" sizes=\"auto, (max-width: 18px) 100vw, 18px\" \/><\/a><\/p>\n<\/div><\/div><\/div><\/section>\n<section class='av_toggle_section av-mdg4piy0-23caad3fb6ca3e2a32a4c432ce91b450'  itemscope=\"itemscope\" itemtype=\"https:\/\/schema.org\/CreativeWork\" ><div role=\"tablist\" class=\"single_toggle\" data-tags=\"{Alle} \"  ><p id='toggle-toggle-id-2' data-fake-id='#toggle-id-2' class='toggler  av-title-above '  itemprop=\"headline\"  role='tab' tabindex='0' aria-controls='toggle-id-2' data-slide-speed=\"200\" data-title=\"Schulsanit\u00e4tsdienst\" data-title-open=\"\" data-aria_collapsed=\"Click to expand: Schulsanit\u00e4tsdienst\" data-aria_expanded=\"Click to collapse: Schulsanit\u00e4tsdienst\">Schulsanit\u00e4tsdienst<span class=\"toggle_icon\"><span class=\"vert_icon\"><\/span><span class=\"hor_icon\"><\/span><\/span><\/p><div id='toggle-id-2' aria-labelledby='toggle-toggle-id-2' role='region' class='toggle_wrap  av-title-above'  ><div class='toggle_content invers-color '  itemprop=\"text\" ><p>Jahrgangsstufen 5-13, Hr. Me\u00dfner<\/p>\n<p>In Tagesteams von f\u00fcnf bis sieben Sanit\u00e4tern wechseln sich die Schulsanit\u00e4ter nach einem festen Dienstplan in der Bereitschaft ab, um im Notfall schnell und kompetent zu helfen.<\/p>\n<p><a href=\"https:\/\/www.gym-toelz.de\/wp-content\/uploads\/2025\/09\/Plakat-fuer-Infoabend_Wahlkurs-Schulsanitaetsdienst.pdf\" target=\"_blank\" rel=\"noopener\">Mehr Informationen hier als PDF <img loading=\"lazy\" decoding=\"async\" class=\"alignnone wp-image-1873\" src=\"https:\/\/www.gym-toelz.de\/wp-content\/uploads\/2025\/07\/icons8-new-tab-48.png\" alt=\"\" width=\"18\" height=\"18\" srcset=\"https:\/\/www.gym-toelz.de\/wp-content\/uploads\/2025\/07\/icons8-new-tab-48.png 48w, https:\/\/www.gym-toelz.de\/wp-content\/uploads\/2025\/07\/icons8-new-tab-48-36x36.png 36w\" sizes=\"auto, (max-width: 18px) 100vw, 18px\" \/><\/a><\/p>\n<\/div><\/div><\/div><\/section>\n<section class='av_toggle_section av-mdg4nt8s-4005494757c14d397f7c0b995fe13006'  itemscope=\"itemscope\" itemtype=\"https:\/\/schema.org\/CreativeWork\" ><div role=\"tablist\" class=\"single_toggle\" data-tags=\"{Alle} \"  ><p id='toggle-toggle-id-3' data-fake-id='#toggle-id-3' class='toggler  av-title-above '  itemprop=\"headline\"  role='tab' tabindex='0' aria-controls='toggle-id-3' data-slide-speed=\"200\" data-title=\"Streitschlichter I\" data-title-open=\"\" data-aria_collapsed=\"Click to expand: Streitschlichter I\" data-aria_expanded=\"Click to collapse: Streitschlichter I\">Streitschlichter I<span class=\"toggle_icon\"><span class=\"vert_icon\"><\/span><span class=\"hor_icon\"><\/span><\/span><\/p><div id='toggle-id-3' aria-labelledby='toggle-toggle-id-3' role='region' class='toggle_wrap  av-title-above'  ><div class='toggle_content invers-color '  itemprop=\"text\" ><p>Jahrgangsstufen 8-9<\/p>\n<p>Die Streitschlichter sind in allen Vormittagspausen (au\u00dfer Donnerstag, 1. Pause) in Raum C 2.13 ansprechbar. Organisation und Ausbildung wer<\/p>\n<p><img loading=\"lazy\" decoding=\"async\" class=\" wp-image-756 alignright\" src=\"https:\/\/www.gym-toelz.de\/wp-content\/uploads\/2025\/06\/StreitschlichterPlakat1-2025-180x180.jpg\" alt=\"\" width=\"180\" height=\"180\" srcset=\"https:\/\/www.gym-toelz.de\/wp-content\/uploads\/2025\/06\/StreitschlichterPlakat1-2025-180x180.jpg 180w, https:\/\/www.gym-toelz.de\/wp-content\/uploads\/2025\/06\/StreitschlichterPlakat1-2025-80x80.jpg 80w, https:\/\/www.gym-toelz.de\/wp-content\/uploads\/2025\/06\/StreitschlichterPlakat1-2025-36x36.jpg 36w\" sizes=\"auto, (max-width: 180px) 100vw, 180px\" \/><\/p>\n<p>den von Frau Braun und Frau Gunst geleitet.<\/p>\n<p><a href=\"https:\/\/www.gym-toelz.de\/wp-content\/uploads\/2025\/09\/Plakat-fuer-Infoabend_Wahlkurs-Streitschlichter_2024.pdf\" target=\"_blank\" rel=\"noopener\">Mehr Informationen hier als PDF <img loading=\"lazy\" decoding=\"async\" class=\"alignnone wp-image-1873\" src=\"https:\/\/www.gym-toelz.de\/wp-content\/uploads\/2025\/07\/icons8-new-tab-48.png\" alt=\"\" width=\"18\" height=\"18\" srcset=\"https:\/\/www.gym-toelz.de\/wp-content\/uploads\/2025\/07\/icons8-new-tab-48.png 48w, https:\/\/www.gym-toelz.de\/wp-content\/uploads\/2025\/07\/icons8-new-tab-48-36x36.png 36w\" sizes=\"auto, (max-width: 18px) 100vw, 18px\" \/><\/a><\/p>\n<\/div><\/div><\/div><\/section>\n<section class='av_toggle_section av-mdg4o6c4-dd37f0a881aead0015fb1f3b3f4ec98d'  itemscope=\"itemscope\" itemtype=\"https:\/\/schema.org\/CreativeWork\" ><div role=\"tablist\" class=\"single_toggle\" data-tags=\"{Alle} \"  ><p id='toggle-toggle-id-4' data-fake-id='#toggle-id-4' class='toggler  av-title-above '  itemprop=\"headline\"  role='tab' tabindex='0' aria-controls='toggle-id-4' data-slide-speed=\"200\" data-title=\"Streitschlichter II\" data-title-open=\"\" data-aria_collapsed=\"Click to expand: Streitschlichter II\" data-aria_expanded=\"Click to collapse: Streitschlichter II\">Streitschlichter II<span class=\"toggle_icon\"><span class=\"vert_icon\"><\/span><span class=\"hor_icon\"><\/span><\/span><\/p><div id='toggle-id-4' aria-labelledby='toggle-toggle-id-4' role='region' class='toggle_wrap  av-title-above'  ><div class='toggle_content invers-color '  itemprop=\"text\" ><p>Jahrgangsstufen 9-13, Fr. Gunst \/ Fr. Braun<\/p>\n<p><a href=\"https:\/\/www.gym-toelz.de\/wp-content\/uploads\/2025\/09\/Plakat-fuer-Infoabend_Wahlkurs-Streitschlichter_2024.pdf\" target=\"_blank\" rel=\"noopener\">Mehr Informationen hier als PDF <img loading=\"lazy\" decoding=\"async\" class=\"alignnone wp-image-1873\" src=\"https:\/\/www.gym-toelz.de\/wp-content\/uploads\/2025\/07\/icons8-new-tab-48.png\" alt=\"\" width=\"18\" height=\"18\" srcset=\"https:\/\/www.gym-toelz.de\/wp-content\/uploads\/2025\/07\/icons8-new-tab-48.png 48w, https:\/\/www.gym-toelz.de\/wp-content\/uploads\/2025\/07\/icons8-new-tab-48-36x36.png 36w\" sizes=\"auto, (max-width: 18px) 100vw, 18px\" \/><\/a><\/p>\n<\/div><\/div><\/div><\/section>\n<section class='av_toggle_section av-mdg4oqz9-79d4d81828a44394872146de56a34b7f'  itemscope=\"itemscope\" itemtype=\"https:\/\/schema.org\/CreativeWork\" ><div role=\"tablist\" class=\"single_toggle\" data-tags=\"{Alle} \"  ><p id='toggle-toggle-id-5' data-fake-id='#toggle-id-5' class='toggler  av-title-above '  itemprop=\"headline\"  role='tab' tabindex='0' aria-controls='toggle-id-5' data-slide-speed=\"200\" data-title=\"Tutoren\" data-title-open=\"\" data-aria_collapsed=\"Click to expand: Tutoren\" data-aria_expanded=\"Click to collapse: Tutoren\">Tutoren<span class=\"toggle_icon\"><span class=\"vert_icon\"><\/span><span class=\"hor_icon\"><\/span><\/span><\/p><div id='toggle-id-5' aria-labelledby='toggle-toggle-id-5' role='region' class='toggle_wrap  av-title-above'  ><div class='toggle_content invers-color '  itemprop=\"text\" ><p>Jahrgangsstufen 9-11, Fr. Fuchs<\/p>\n<p>\u201eUnsere Aufgabe ist es, Ihren Kindern beim Einleben zu helfen und da zu sein, wenn sie was brauchen.\u201c<\/p>\n<p><a href=\"https:\/\/www.gym-toelz.de\/wp-content\/uploads\/2025\/09\/Plakat-fuer-Infoabend_Wahlkurs-Tutoren.pdf\" target=\"_blank\" rel=\"noopener\">Mehr Informationen hier als PDF <img loading=\"lazy\" decoding=\"async\" class=\"alignnone wp-image-1873\" src=\"https:\/\/www.gym-toelz.de\/wp-content\/uploads\/2025\/07\/icons8-new-tab-48.png\" alt=\"\" width=\"18\" height=\"18\" srcset=\"https:\/\/www.gym-toelz.de\/wp-content\/uploads\/2025\/07\/icons8-new-tab-48.png 48w, https:\/\/www.gym-toelz.de\/wp-content\/uploads\/2025\/07\/icons8-new-tab-48-36x36.png 36w\" sizes=\"auto, (max-width: 18px) 100vw, 18px\" \/><\/a><\/p>\n<\/div><\/div><\/div><\/section>\n<\/div>\n<section  class='av_textblock_section av-mdg3n6cf-accb7179640568591851fefb16de7959 '   itemscope=\"itemscope\" itemtype=\"https:\/\/schema.org\/CreativeWork\" ><div class='avia_textblock'  itemprop=\"text\" ><p align=\"center\"><span style=\"color: #000000;\"><span style=\"font-family: Arial, serif;\"><u><b><a id=\"Mathematik-Naturwissenschaft-Technik\"><\/a>Mathematik &#8211; Naturwissenschaft &#8211; Technik<\/b><\/u><\/span><\/span><\/p>\n<\/div><\/section>\n<div  class='togglecontainer av-18pdxkx-b88cb1390e6e9618413520da9c77b6d1  avia-builder-el-8  el_after_av_textblock  el_before_av_textblock  toggle_close_all' >\n<section class='av_toggle_section av-17p7w4h-9a8d82cacbc023af1411a14016643160'  itemscope=\"itemscope\" itemtype=\"https:\/\/schema.org\/CreativeWork\" ><div role=\"tablist\" class=\"single_toggle\" data-tags=\"{Alle} \"  ><p id='toggle-toggle-id-6' data-fake-id='#toggle-id-6' class='toggler  av-title-above '  itemprop=\"headline\"  role='tab' tabindex='0' aria-controls='toggle-id-6' data-slide-speed=\"200\" data-title=\"Aquarium\" data-title-open=\"\" data-aria_collapsed=\"Click to expand: Aquarium\" data-aria_expanded=\"Click to collapse: Aquarium\">Aquarium<span class=\"toggle_icon\"><span class=\"vert_icon\"><\/span><span class=\"hor_icon\"><\/span><\/span><\/p><div id='toggle-id-6' aria-labelledby='toggle-toggle-id-6' role='region' class='toggle_wrap  av-title-above'  ><div class='toggle_content invers-color '  itemprop=\"text\" ><p>Jahrgangsstufen 5-13, Hr. Me\u00dfner<\/p>\n<p><a href=\"https:\/\/www.gym-toelz.de\/wp-content\/uploads\/2025\/11\/homepage_Wahlkurs-Aquarium_2.pdf\" target=\"_blank\" rel=\"noopener\">Mehr Informationen hier als PDF <img loading=\"lazy\" decoding=\"async\" class=\"alignnone wp-image-1873\" src=\"https:\/\/www.gym-toelz.de\/wp-content\/uploads\/2025\/07\/icons8-new-tab-48.png\" alt=\"\" width=\"18\" height=\"18\" srcset=\"https:\/\/www.gym-toelz.de\/wp-content\/uploads\/2025\/07\/icons8-new-tab-48.png 48w, https:\/\/www.gym-toelz.de\/wp-content\/uploads\/2025\/07\/icons8-new-tab-48-36x36.png 36w\" sizes=\"auto, (max-width: 18px) 100vw, 18px\" \/><\/a><\/p>\n<\/div><\/div><\/div><\/section>\n<section class='av_toggle_section av-180ogqx-8a08d23ead777e7f3a845c77ad74dce7'  itemscope=\"itemscope\" itemtype=\"https:\/\/schema.org\/CreativeWork\" ><div role=\"tablist\" class=\"single_toggle\" data-tags=\"{Alle} \"  ><p id='toggle-toggle-id-7' data-fake-id='#toggle-id-7' class='toggler  av-title-above '  itemprop=\"headline\"  role='tab' tabindex='0' aria-controls='toggle-id-7' data-slide-speed=\"200\" data-title=\"Umweltgruppe\" data-title-open=\"\" data-aria_collapsed=\"Click to expand: Umweltgruppe\" data-aria_expanded=\"Click to collapse: Umweltgruppe\">Umweltgruppe<span class=\"toggle_icon\"><span class=\"vert_icon\"><\/span><span class=\"hor_icon\"><\/span><\/span><\/p><div id='toggle-id-7' aria-labelledby='toggle-toggle-id-7' role='region' class='toggle_wrap  av-title-above'  ><div class='toggle_content invers-color '  itemprop=\"text\" ><p>Jahrgangsstufen 5-6, Hr. Rubner<\/p>\n<p><a href=\"https:\/\/www.gym-toelz.de\/wp-content\/uploads\/2025\/11\/Plakat-fuer-Infoabend_Wahlkurs-Umweltgruppe_final.pdf\" target=\"_blank\" rel=\"noopener\">Mehr Informationen hier als PDF <img loading=\"lazy\" decoding=\"async\" class=\"alignnone wp-image-1873\" src=\"https:\/\/www.gym-toelz.de\/wp-content\/uploads\/2025\/07\/icons8-new-tab-48.png\" alt=\"\" width=\"18\" height=\"18\" srcset=\"https:\/\/www.gym-toelz.de\/wp-content\/uploads\/2025\/07\/icons8-new-tab-48.png 48w, https:\/\/www.gym-toelz.de\/wp-content\/uploads\/2025\/07\/icons8-new-tab-48-36x36.png 36w\" sizes=\"auto, (max-width: 18px) 100vw, 18px\" \/><\/a><\/p>\n<\/div><\/div><\/div><\/section>\n<section class='av_toggle_section av-4dwxk1-c1042cfd2ef0117906d54c7b94f0cc00'  itemscope=\"itemscope\" itemtype=\"https:\/\/schema.org\/CreativeWork\" ><div role=\"tablist\" class=\"single_toggle\" data-tags=\"{Alle} \"  ><p id='toggle-toggle-id-8' data-fake-id='#toggle-id-8' class='toggler  av-title-above '  itemprop=\"headline\"  role='tab' tabindex='0' aria-controls='toggle-id-8' data-slide-speed=\"200\" data-title=\"3D-Modelle mit CAD-Programmen erstellen\" data-title-open=\"\" data-aria_collapsed=\"Click to expand: 3D-Modelle mit CAD-Programmen erstellen\" data-aria_expanded=\"Click to collapse: 3D-Modelle mit CAD-Programmen erstellen\">3D-Modelle mit CAD-Programmen erstellen<span class=\"toggle_icon\"><span class=\"vert_icon\"><\/span><span class=\"hor_icon\"><\/span><\/span><\/p><div id='toggle-id-8' aria-labelledby='toggle-toggle-id-8' role='region' class='toggle_wrap  av-title-above'  ><div class='toggle_content invers-color '  itemprop=\"text\" ><p>Jahrgangsstufen 7-13, Hr. Steinh\u00fcbl<\/p>\n<\/div><\/div><\/div><\/section>\n<\/div>\n<section  class='av_textblock_section av-mcumc2zt-885adfe42f6d25a77f623d99f4580c71 '   itemscope=\"itemscope\" itemtype=\"https:\/\/schema.org\/CreativeWork\" ><div class='avia_textblock'  itemprop=\"text\" ><p align=\"center\"><span style=\"color: #000000;\"><span style=\"font-family: Arial, serif;\"><u><b><a id=\"Musik\"><\/a>Musik<\/b><\/u><\/span><\/span><\/p>\n<\/div><\/section>\n<div  class='togglecontainer av-11abwn5-80fdd72ccb49505b78b70345b51624e3  avia-builder-el-10  el_after_av_textblock  el_before_av_textblock  toggle_close_all' >\n<section class='av_toggle_section av-3i1ell-e86c8bce35d1679250ff4cd3a4df1566'  itemscope=\"itemscope\" itemtype=\"https:\/\/schema.org\/CreativeWork\" ><div role=\"tablist\" class=\"single_toggle\" data-tags=\"{Alle} \"  ><p id='toggle-big-band' data-fake-id='#big-band' class='toggler  av-title-above '  itemprop=\"headline\"  role='tab' tabindex='0' aria-controls='big-band' data-slide-speed=\"200\" data-title=\"Big Band f\u00fcr Einsteiger\" data-title-open=\"\" data-aria_collapsed=\"Click to expand: Big Band f\u00fcr Einsteiger\" data-aria_expanded=\"Click to collapse: Big Band f\u00fcr Einsteiger\">Big Band f\u00fcr Einsteiger<span class=\"toggle_icon\"><span class=\"vert_icon\"><\/span><span class=\"hor_icon\"><\/span><\/span><\/p><div id='big-band' aria-labelledby='toggle-big-band' role='region' class='toggle_wrap  av-title-above'  ><div class='toggle_content invers-color '  itemprop=\"text\" ><p>Jahrgangsstufen 5-13, Hr. Zoelch<\/p>\n<\/div><\/div><\/div><\/section>\n<section class='av_toggle_section av-mfqtco04-e224943d76663453dc35955ad1c7fa42'  itemscope=\"itemscope\" itemtype=\"https:\/\/schema.org\/CreativeWork\" ><div role=\"tablist\" class=\"single_toggle\" data-tags=\"{Alle} \"  ><p id='toggle-toggle-id-9' data-fake-id='#toggle-id-9' class='toggler  av-title-above '  itemprop=\"headline\"  role='tab' tabindex='0' aria-controls='toggle-id-9' data-slide-speed=\"200\" data-title=\"Big Band\" data-title-open=\"\" data-aria_collapsed=\"Click to expand: Big Band\" data-aria_expanded=\"Click to collapse: Big Band\">Big Band<span class=\"toggle_icon\"><span class=\"vert_icon\"><\/span><span class=\"hor_icon\"><\/span><\/span><\/p><div id='toggle-id-9' aria-labelledby='toggle-toggle-id-9' role='region' class='toggle_wrap  av-title-above'  ><div class='toggle_content invers-color '  itemprop=\"text\" ><p>Jahrgangsstufen 5-13, Hr. Zoelch<\/p>\n<\/div><\/div><\/div><\/section>\n<section class='av_toggle_section av-yw6wu9-dc972390041d2f3dee35751598f770f8'  itemscope=\"itemscope\" itemtype=\"https:\/\/schema.org\/CreativeWork\" ><div role=\"tablist\" class=\"single_toggle\" data-tags=\"{Alle} \"  ><p id='toggle-floetenensemble' data-fake-id='#floetenensemble' class='toggler  av-title-above '  itemprop=\"headline\"  role='tab' tabindex='0' aria-controls='floetenensemble' data-slide-speed=\"200\" data-title=\"Fl\u00f6tenensemble\" data-title-open=\"\" data-aria_collapsed=\"Click to expand: Fl\u00f6tenensemble\" data-aria_expanded=\"Click to collapse: Fl\u00f6tenensemble\">Fl\u00f6tenensemble<span class=\"toggle_icon\"><span class=\"vert_icon\"><\/span><span class=\"hor_icon\"><\/span><\/span><\/p><div id='floetenensemble' aria-labelledby='toggle-floetenensemble' role='region' class='toggle_wrap  av-title-above'  ><div class='toggle_content invers-color '  itemprop=\"text\" ><p>Jahrgangsstufen 5-13, Fr. Emmler<\/p>\n<p><a href=\"https:\/\/www.gym-toelz.de\/wp-content\/uploads\/2025\/11\/Homepage-Floetenensemble.pdf\" target=\"_blank\" rel=\"noopener\">Mehr Informationen hier als PDF <img loading=\"lazy\" decoding=\"async\" class=\"alignnone wp-image-1873\" src=\"https:\/\/www.gym-toelz.de\/wp-content\/uploads\/2025\/07\/icons8-new-tab-48.png\" alt=\"\" width=\"18\" height=\"18\" srcset=\"https:\/\/www.gym-toelz.de\/wp-content\/uploads\/2025\/07\/icons8-new-tab-48.png 48w, https:\/\/www.gym-toelz.de\/wp-content\/uploads\/2025\/07\/icons8-new-tab-48-36x36.png 36w\" sizes=\"auto, (max-width: 18px) 100vw, 18px\" \/><\/a><\/p>\n<\/div><\/div><\/div><\/section>\n<section class='av_toggle_section av-zd301l-8581ccb89e052f2ea5c135917aef8c05'  itemscope=\"itemscope\" itemtype=\"https:\/\/schema.org\/CreativeWork\" ><div role=\"tablist\" class=\"single_toggle\" data-tags=\"{Alle} \"  ><p id='toggle-jugendorchester' data-fake-id='#jugendorchester' class='toggler  av-title-above '  itemprop=\"headline\"  role='tab' tabindex='0' aria-controls='jugendorchester' data-slide-speed=\"200\" data-title=\"Jugendorchester\" data-title-open=\"\" data-aria_collapsed=\"Click to expand: Jugendorchester\" data-aria_expanded=\"Click to collapse: Jugendorchester\">Jugendorchester<span class=\"toggle_icon\"><span class=\"vert_icon\"><\/span><span class=\"hor_icon\"><\/span><\/span><\/p><div id='jugendorchester' aria-labelledby='toggle-jugendorchester' role='region' class='toggle_wrap  av-title-above'  ><div class='toggle_content invers-color '  itemprop=\"text\" ><p>Jahrgangsstufen 5-7, Hr. Schumann<\/p>\n<p>In den Orchesterwahlkursen erleben die Teilnehmer oft zum ersten Mal das \u00fcberw\u00e4ltigende Erlebnis mit Mitsch\u00fclern zusammen zu musizieren. Viele Sch\u00fcler bekommen so einen Sinn f\u00fcr ihr \u00dcben am Instrument vermittelt. Erfahrungsgem\u00e4\u00df steigt dadurch die Motivation ungemein.<\/p>\n<\/div><\/div><\/div><\/section>\n<section class='av_toggle_section av-yk3x49-7f619c6578377d7893e549a16a65308a'  itemscope=\"itemscope\" itemtype=\"https:\/\/schema.org\/CreativeWork\" ><div role=\"tablist\" class=\"single_toggle\" data-tags=\"{Alle} \"  ><p id='toggle-kammermusik' data-fake-id='#kammermusik' class='toggler  av-title-above '  itemprop=\"headline\"  role='tab' tabindex='0' aria-controls='kammermusik' data-slide-speed=\"200\" data-title=\"Kammermusik\" data-title-open=\"\" data-aria_collapsed=\"Click to expand: Kammermusik\" data-aria_expanded=\"Click to collapse: Kammermusik\">Kammermusik<span class=\"toggle_icon\"><span class=\"vert_icon\"><\/span><span class=\"hor_icon\"><\/span><\/span><\/p><div id='kammermusik' aria-labelledby='toggle-kammermusik' role='region' class='toggle_wrap  av-title-above'  ><div class='toggle_content invers-color '  itemprop=\"text\" ><p>Jahrgangsstufen 5-13, Fr. Wiener<\/p>\n<p><a href=\"https:\/\/www.gym-toelz.de\/wp-content\/uploads\/2025\/09\/Plakat-fuer-Infoabend_Wahlkurs-Kammermusik.pdf\" target=\"_blank\" rel=\"noopener\">Mehr Informationen hier als PDF <img loading=\"lazy\" decoding=\"async\" class=\"alignnone wp-image-1873\" src=\"https:\/\/www.gym-toelz.de\/wp-content\/uploads\/2025\/07\/icons8-new-tab-48.png\" alt=\"\" width=\"18\" height=\"18\" srcset=\"https:\/\/www.gym-toelz.de\/wp-content\/uploads\/2025\/07\/icons8-new-tab-48.png 48w, https:\/\/www.gym-toelz.de\/wp-content\/uploads\/2025\/07\/icons8-new-tab-48-36x36.png 36w\" sizes=\"auto, (max-width: 18px) 100vw, 18px\" \/><\/a><\/p>\n<\/div><\/div><\/div><\/section>\n<section class='av_toggle_section av-z4b2l5-51d137caa05464294ca79e8b65d4a9c1'  itemscope=\"itemscope\" itemtype=\"https:\/\/schema.org\/CreativeWork\" ><div role=\"tablist\" class=\"single_toggle\" data-tags=\"{Alle} \"  ><p id='toggle-kontrabasse-bass' data-fake-id='#kontrabasse-bass' class='toggler  av-title-above '  itemprop=\"headline\"  role='tab' tabindex='0' aria-controls='kontrabasse-bass' data-slide-speed=\"200\" data-title=\"Kontrabass\/E-Bass\" data-title-open=\"\" data-aria_collapsed=\"Click to expand: Kontrabass\/E-Bass\" data-aria_expanded=\"Click to collapse: Kontrabass\/E-Bass\">Kontrabass\/E-Bass<span class=\"toggle_icon\"><span class=\"vert_icon\"><\/span><span class=\"hor_icon\"><\/span><\/span><\/p><div id='kontrabasse-bass' aria-labelledby='toggle-kontrabasse-bass' role='region' class='toggle_wrap  av-title-above'  ><div class='toggle_content invers-color '  itemprop=\"text\" ><p>Jahrgangsstufen 5-13, Hr. Einzmann<\/p>\n<p><a href=\"https:\/\/www.gym-toelz.de\/wp-content\/uploads\/2025\/09\/Plakat-fuer-Infoabend_Wahlkurs-Kontrabass.pdf\" target=\"_blank\" rel=\"noopener\">Mehr Informationen hier als PDF <img loading=\"lazy\" decoding=\"async\" class=\"alignnone wp-image-1873\" src=\"https:\/\/www.gym-toelz.de\/wp-content\/uploads\/2025\/07\/icons8-new-tab-48.png\" alt=\"\" width=\"18\" height=\"18\" srcset=\"https:\/\/www.gym-toelz.de\/wp-content\/uploads\/2025\/07\/icons8-new-tab-48.png 48w, https:\/\/www.gym-toelz.de\/wp-content\/uploads\/2025\/07\/icons8-new-tab-48-36x36.png 36w\" sizes=\"auto, (max-width: 18px) 100vw, 18px\" \/><\/a><\/p>\n<\/div><\/div><\/div><\/section>\n<section class='av_toggle_section av-zycwkp-38c95b0e5606274305197ccd5dc302cf'  itemscope=\"itemscope\" itemtype=\"https:\/\/schema.org\/CreativeWork\" ><div role=\"tablist\" class=\"single_toggle\" data-tags=\"{Alle} \"  ><p id='toggle-mittel--und-oberstufenchor' data-fake-id='#mittel--und-oberstufenchor' class='toggler  av-title-above '  itemprop=\"headline\"  role='tab' tabindex='0' aria-controls='mittel--und-oberstufenchor' data-slide-speed=\"200\" data-title=\"Mittel- und Oberstufenchor\" data-title-open=\"\" data-aria_collapsed=\"Click to expand: Mittel- und Oberstufenchor\" data-aria_expanded=\"Click to collapse: Mittel- und Oberstufenchor\">Mittel- und Oberstufenchor<span class=\"toggle_icon\"><span class=\"vert_icon\"><\/span><span class=\"hor_icon\"><\/span><\/span><\/p><div id='mittel--und-oberstufenchor' aria-labelledby='toggle-mittel--und-oberstufenchor' role='region' class='toggle_wrap  av-title-above'  ><div class='toggle_content invers-color '  itemprop=\"text\" ><p>Jahrgangsstufen 8-13, Hr. Verg\u00f6rer<\/p>\n<p><a href=\"https:\/\/www.gym-toelz.de\/wp-content\/uploads\/2025\/09\/Plakat-fuer-Infoabend_Wahlkurs-Mittel-und-Oberstufenchor.pdf\" target=\"_blank\" rel=\"noopener\">Mehr Informationen hier als PDF <img loading=\"lazy\" decoding=\"async\" class=\"alignnone wp-image-1873\" src=\"https:\/\/www.gym-toelz.de\/wp-content\/uploads\/2025\/07\/icons8-new-tab-48.png\" alt=\"\" width=\"18\" height=\"18\" srcset=\"https:\/\/www.gym-toelz.de\/wp-content\/uploads\/2025\/07\/icons8-new-tab-48.png 48w, https:\/\/www.gym-toelz.de\/wp-content\/uploads\/2025\/07\/icons8-new-tab-48-36x36.png 36w\" sizes=\"auto, (max-width: 18px) 100vw, 18px\" \/><\/a><\/p>\n<\/div><\/div><\/div><\/section>\n<section class='av_toggle_section av-3go8jd-a4469cb4678a4ae0a34f7815e98a27b8'  itemscope=\"itemscope\" itemtype=\"https:\/\/schema.org\/CreativeWork\" ><div role=\"tablist\" class=\"single_toggle\" data-tags=\"{Alle} \"  ><p id='toggle-schulband' data-fake-id='#schulband' class='toggler  av-title-above '  itemprop=\"headline\"  role='tab' tabindex='0' aria-controls='schulband' data-slide-speed=\"200\" data-title=\"Schulband\" data-title-open=\"\" data-aria_collapsed=\"Click to expand: Schulband\" data-aria_expanded=\"Click to collapse: Schulband\">Schulband<span class=\"toggle_icon\"><span class=\"vert_icon\"><\/span><span class=\"hor_icon\"><\/span><\/span><\/p><div id='schulband' aria-labelledby='toggle-schulband' role='region' class='toggle_wrap  av-title-above'  ><div class='toggle_content invers-color '  itemprop=\"text\" ><p>Jahrgangsstufen 5-13, Hr. Rein<\/p>\n<\/div><\/div><\/div><\/section>\n<section class='av_toggle_section av-zur61t-fc01c61304838b3caf2f436522e5d98a'  itemscope=\"itemscope\" itemtype=\"https:\/\/schema.org\/CreativeWork\" ><div role=\"tablist\" class=\"single_toggle\" data-tags=\"{Alle} \"  ><p id='toggle-stimmbildung-5' data-fake-id='#stimmbildung-5' class='toggler  av-title-above '  itemprop=\"headline\"  role='tab' tabindex='0' aria-controls='stimmbildung-5' data-slide-speed=\"200\" data-title=\"Stimmbildung 5\" data-title-open=\"\" data-aria_collapsed=\"Click to expand: Stimmbildung 5\" data-aria_expanded=\"Click to collapse: Stimmbildung 5\">Stimmbildung 5<span class=\"toggle_icon\"><span class=\"vert_icon\"><\/span><span class=\"hor_icon\"><\/span><\/span><\/p><div id='stimmbildung-5' aria-labelledby='toggle-stimmbildung-5' role='region' class='toggle_wrap  av-title-above'  ><div class='toggle_content invers-color '  itemprop=\"text\" ><p>Jahrgangsstufe 5, Fr. Mogl<\/p>\n<p><a href=\"https:\/\/www.gym-toelz.de\/wp-content\/uploads\/2025\/09\/Plakat-fuer-Infoabend_Wahlkurs-Stimmbildung.pdf\" target=\"_blank\" rel=\"noopener\">Mehr Informationen hier als PDF <img loading=\"lazy\" decoding=\"async\" class=\"alignnone wp-image-1873\" src=\"https:\/\/www.gym-toelz.de\/wp-content\/uploads\/2025\/07\/icons8-new-tab-48.png\" alt=\"\" width=\"18\" height=\"18\" srcset=\"https:\/\/www.gym-toelz.de\/wp-content\/uploads\/2025\/07\/icons8-new-tab-48.png 48w, https:\/\/www.gym-toelz.de\/wp-content\/uploads\/2025\/07\/icons8-new-tab-48-36x36.png 36w\" sizes=\"auto, (max-width: 18px) 100vw, 18px\" \/><\/a><\/p>\n<\/div><\/div><\/div><\/section>\n<section class='av_toggle_section av-zoijmp-946847175295e9d42e33bd4fcc00c3cd'  itemscope=\"itemscope\" itemtype=\"https:\/\/schema.org\/CreativeWork\" ><div role=\"tablist\" class=\"single_toggle\" data-tags=\"{Alle} \"  ><p id='toggle-stimmbildung-67' data-fake-id='#stimmbildung-67' class='toggler  av-title-above '  itemprop=\"headline\"  role='tab' tabindex='0' aria-controls='stimmbildung-67' data-slide-speed=\"200\" data-title=\"Stimmbildung 6\/7\" data-title-open=\"\" data-aria_collapsed=\"Click to expand: Stimmbildung 6\/7\" data-aria_expanded=\"Click to collapse: Stimmbildung 6\/7\">Stimmbildung 6\/7<span class=\"toggle_icon\"><span class=\"vert_icon\"><\/span><span class=\"hor_icon\"><\/span><\/span><\/p><div id='stimmbildung-67' aria-labelledby='toggle-stimmbildung-67' role='region' class='toggle_wrap  av-title-above'  ><div class='toggle_content invers-color '  itemprop=\"text\" ><p>Jahrgangsstufen 6-7, Fr. Mogl<\/p>\n<p><a href=\"https:\/\/www.gym-toelz.de\/wp-content\/uploads\/2025\/09\/Plakat-fuer-Infoabend_Wahlkurs-Stimmbildung.pdf\" target=\"_blank\" rel=\"noopener\">Mehr Informationen hier als PDF <img loading=\"lazy\" decoding=\"async\" class=\"alignnone wp-image-1873\" src=\"https:\/\/www.gym-toelz.de\/wp-content\/uploads\/2025\/07\/icons8-new-tab-48.png\" alt=\"\" width=\"18\" height=\"18\" srcset=\"https:\/\/www.gym-toelz.de\/wp-content\/uploads\/2025\/07\/icons8-new-tab-48.png 48w, https:\/\/www.gym-toelz.de\/wp-content\/uploads\/2025\/07\/icons8-new-tab-48-36x36.png 36w\" sizes=\"auto, (max-width: 18px) 100vw, 18px\" \/><\/a><\/p>\n<\/div><\/div><\/div><\/section>\n<section class='av_toggle_section av-zgqaw9-e74da9622fa95db4a96c8b5e24c9e17f'  itemscope=\"itemscope\" itemtype=\"https:\/\/schema.org\/CreativeWork\" ><div role=\"tablist\" class=\"single_toggle\" data-tags=\"{Alle} \"  ><p id='toggle-sinfonieorchester' data-fake-id='#sinfonieorchester' class='toggler  av-title-above '  itemprop=\"headline\"  role='tab' tabindex='0' aria-controls='sinfonieorchester' data-slide-speed=\"200\" data-title=\"Sinfonieorchester\" data-title-open=\"\" data-aria_collapsed=\"Click to expand: Sinfonieorchester\" data-aria_expanded=\"Click to collapse: Sinfonieorchester\">Sinfonieorchester<span class=\"toggle_icon\"><span class=\"vert_icon\"><\/span><span class=\"hor_icon\"><\/span><\/span><\/p><div id='sinfonieorchester' aria-labelledby='toggle-sinfonieorchester' role='region' class='toggle_wrap  av-title-above'  ><div class='toggle_content invers-color '  itemprop=\"text\" ><p>Jahrgangsstufen 8-13, Hr. Schumann<\/p>\n<\/div><\/div><\/div><\/section>\n<section class='av_toggle_section av-104ty8h-ee1460cc774710884a2e4e5d2fcfa7f1'  itemscope=\"itemscope\" itemtype=\"https:\/\/schema.org\/CreativeWork\" ><div role=\"tablist\" class=\"single_toggle\" data-tags=\"{Alle} \"  ><p id='toggle-toggle-id-10' data-fake-id='#toggle-id-10' class='toggler  av-title-above '  itemprop=\"headline\"  role='tab' tabindex='0' aria-controls='toggle-id-10' data-slide-speed=\"200\" data-title=\"Unterstufenchor\" data-title-open=\"\" data-aria_collapsed=\"Click to expand: Unterstufenchor\" data-aria_expanded=\"Click to collapse: Unterstufenchor\">Unterstufenchor<span class=\"toggle_icon\"><span class=\"vert_icon\"><\/span><span class=\"hor_icon\"><\/span><\/span><\/p><div id='toggle-id-10' aria-labelledby='toggle-toggle-id-10' role='region' class='toggle_wrap  av-title-above'  ><div class='toggle_content invers-color '  itemprop=\"text\" ><p>Jahrgangsstufen 5-7, Fr. Emmler<\/p>\n<p><a href=\"https:\/\/www.gym-toelz.de\/wp-content\/uploads\/2025\/11\/Homepage-Unterstufenchor.pdf\" target=\"_blank\" rel=\"noopener\">Mehr Informationen hier als PDF <img loading=\"lazy\" decoding=\"async\" class=\"alignnone wp-image-1873\" src=\"https:\/\/www.gym-toelz.de\/wp-content\/uploads\/2025\/07\/icons8-new-tab-48.png\" alt=\"\" width=\"18\" height=\"18\" srcset=\"https:\/\/www.gym-toelz.de\/wp-content\/uploads\/2025\/07\/icons8-new-tab-48.png 48w, https:\/\/www.gym-toelz.de\/wp-content\/uploads\/2025\/07\/icons8-new-tab-48-36x36.png 36w\" sizes=\"auto, (max-width: 18px) 100vw, 18px\" \/><\/a><\/p>\n<\/div><\/div><\/div><\/section>\n<\/div>\n<section  class='av_textblock_section av-mdg3j10a-9f47e9409a6797c501d8664d396cb822 '   itemscope=\"itemscope\" itemtype=\"https:\/\/schema.org\/CreativeWork\" ><div class='avia_textblock'  itemprop=\"text\" ><p align=\"center\"><span style=\"color: #000000;\"><span style=\"font-family: Arial, serif;\"><u><b><a id=\"Kunst-Theater\"><\/a>Kunst \/ Theater<\/b><\/u><\/span><\/span><\/p>\n<\/div><\/section>\n<div  class='togglecontainer av-mdg5vkpe-60234f8bb9aee156becd3f25987fae81 av-minimal-toggle  avia-builder-el-12  el_after_av_textblock  el_before_av_textblock  toggle_close_all' >\n<section class='av_toggle_section av-mk2pt-4c99e0f781cdd8f3d22b56ae73a4addf'  itemscope=\"itemscope\" itemtype=\"https:\/\/schema.org\/CreativeWork\" ><div role=\"tablist\" class=\"single_toggle\" data-tags=\"{Alle} \"  ><p id='toggle-theatergruppe-mittel--und-oberstufe' data-fake-id='#theatergruppe-mittel--und-oberstufe' class='toggler  av-title-above '  itemprop=\"headline\"  role='tab' tabindex='0' aria-controls='theatergruppe-mittel--und-oberstufe' data-slide-speed=\"200\" data-title=\"Theatergruppe Mittel- und Oberstufe\" data-title-open=\"\" data-aria_collapsed=\"Click to expand: Theatergruppe Mittel- und Oberstufe\" data-aria_expanded=\"Click to collapse: Theatergruppe Mittel- und Oberstufe\">Theatergruppe Mittel- und Oberstufe<span class=\"toggle_icon\"><span class=\"vert_icon\"><\/span><span class=\"hor_icon\"><\/span><\/span><\/p><div id='theatergruppe-mittel--und-oberstufe' aria-labelledby='toggle-theatergruppe-mittel--und-oberstufe' role='region' class='toggle_wrap  av-title-above'  ><div class='toggle_content invers-color '  itemprop=\"text\" ><p>Fr. Regus<\/p>\n<p>Am Gabriel-von-Seidl-Gymnasium werden derzeit zwei Theatergruppen, in denen die k\u00fcnstlerischen Kr\u00e4fte der Sch\u00fclerinnen und Sch\u00fcler im darstellenden Spiel Ausdruck finden, angeboten.<\/p>\n<p><a href=\"https:\/\/www.gym-toelz.de\/wp-content\/uploads\/2025\/09\/Plakat-fuer-Infoabend_Wahlkurs-GAB-Stage.pdf\" target=\"_blank\" rel=\"noopener\">Mehr Informationen hier als PDF <img loading=\"lazy\" decoding=\"async\" class=\"alignnone wp-image-1873\" src=\"https:\/\/www.gym-toelz.de\/wp-content\/uploads\/2025\/07\/icons8-new-tab-48.png\" alt=\"\" width=\"18\" height=\"18\" srcset=\"https:\/\/www.gym-toelz.de\/wp-content\/uploads\/2025\/07\/icons8-new-tab-48.png 48w, https:\/\/www.gym-toelz.de\/wp-content\/uploads\/2025\/07\/icons8-new-tab-48-36x36.png 36w\" sizes=\"auto, (max-width: 18px) 100vw, 18px\" \/><\/a><\/p>\n<\/div><\/div><\/div><\/section>\n<section class='av_toggle_section av-ep9e1-9b5886e5c8959f1f3c3884697b996ea9'  itemscope=\"itemscope\" itemtype=\"https:\/\/schema.org\/CreativeWork\" ><div role=\"tablist\" class=\"single_toggle\" data-tags=\"{Alle} \"  ><p id='toggle-unterstufentheater' data-fake-id='#unterstufentheater' class='toggler  av-title-above '  itemprop=\"headline\"  role='tab' tabindex='0' aria-controls='unterstufentheater' data-slide-speed=\"200\" data-title=\"Unterstufentheater\" data-title-open=\"\" data-aria_collapsed=\"Click to expand: Unterstufentheater\" data-aria_expanded=\"Click to collapse: Unterstufentheater\">Unterstufentheater<span class=\"toggle_icon\"><span class=\"vert_icon\"><\/span><span class=\"hor_icon\"><\/span><\/span><\/p><div id='unterstufentheater' aria-labelledby='toggle-unterstufentheater' role='region' class='toggle_wrap  av-title-above'  ><div class='toggle_content invers-color '  itemprop=\"text\" ><p>Jahrgangsstufen 5-7, Fr. Me\u00dfner<\/p>\n<p><a href=\"https:\/\/www.gym-toelz.de\/wp-content\/uploads\/2025\/11\/homepage_Wahlkurs-Unterstufenthetaer.pdf\" target=\"_blank\" rel=\"noopener\">Mehr Informationen hier als PDF <img loading=\"lazy\" decoding=\"async\" class=\"alignnone wp-image-1873\" src=\"https:\/\/www.gym-toelz.de\/wp-content\/uploads\/2025\/07\/icons8-new-tab-48.png\" alt=\"\" width=\"18\" height=\"18\" srcset=\"https:\/\/www.gym-toelz.de\/wp-content\/uploads\/2025\/07\/icons8-new-tab-48.png 48w, https:\/\/www.gym-toelz.de\/wp-content\/uploads\/2025\/07\/icons8-new-tab-48-36x36.png 36w\" sizes=\"auto, (max-width: 18px) 100vw, 18px\" \/><\/a><\/p>\n<\/div><\/div><\/div><\/section>\n<\/div>\n<section  class='av_textblock_section av-mdg4512b-a91135537c0963bb7f66475b70e763b9 '   itemscope=\"itemscope\" itemtype=\"https:\/\/schema.org\/CreativeWork\" ><div class='avia_textblock'  itemprop=\"text\" ><p align=\"center\"><span style=\"color: #000000;\"><span style=\"font-family: Arial, serif;\"><u><b><a id=\"Sprachen\"><\/a>Sprachen<\/b><\/u><\/span><\/span><\/p>\n<\/div><\/section>\n<div  class='togglecontainer av-tsclkx-870abb277048e252c352a98655f16d51  avia-builder-el-14  el_after_av_textblock  el_before_av_textblock  toggle_close_all' >\n<section class='av_toggle_section av-97u4x-cbf9d136ed63ef7bcaf5331d04f19564'  itemscope=\"itemscope\" itemtype=\"https:\/\/schema.org\/CreativeWork\" ><div role=\"tablist\" class=\"single_toggle\" data-tags=\"{Alle} \"  ><p id='toggle-delf-b1' data-fake-id='#delf-b1' class='toggler  av-title-above '  itemprop=\"headline\"  role='tab' tabindex='0' aria-controls='delf-b1' data-slide-speed=\"200\" data-title=\"DELF B1\" data-title-open=\"\" data-aria_collapsed=\"Click to expand: DELF B1\" data-aria_expanded=\"Click to collapse: DELF B1\">DELF B1<span class=\"toggle_icon\"><span class=\"vert_icon\"><\/span><span class=\"hor_icon\"><\/span><\/span><\/p><div id='delf-b1' aria-labelledby='toggle-delf-b1' role='region' class='toggle_wrap  av-title-above'  ><div class='toggle_content invers-color '  itemprop=\"text\" ><p>Jahrgangsstufen 10-11, Fr. Fl0\u00dfmann<\/p>\n<p><strong>Le DELF, qu\u2019est-ce que c\u2019est ? Was ist das DELF?<img loading=\"lazy\" decoding=\"async\" class=\"wp-image-431 alignleft\" src=\"https:\/\/www.gym-toelz.de\/wp-content\/uploads\/2025\/06\/institut-francais-deutschland-logo-e1749375699469.png\" alt=\"\" width=\"146\" height=\"84\" \/><\/strong><\/p>\n<p>Der Wahlkurs DELF dient vor allem der Vorbereitung auf das Dipl\u00f4me d\u2019\u00e9tudes en langue fran\u00e7aise, ein staatliches Sprachdiplom, das vom franz\u00f6sischen Bildungsministerium vergeben wird.<\/p>\n<p><a href=\"https:\/\/www.gym-toelz.de\/wp-content\/uploads\/2025\/09\/Plakat-fuer-Infoabend_Wahlkurs-DELF_final.pdf\" target=\"_blank\" rel=\"noopener\">Mehr Informationen hier als PDF <img loading=\"lazy\" decoding=\"async\" class=\"alignnone wp-image-1873\" src=\"https:\/\/www.gym-toelz.de\/wp-content\/uploads\/2025\/07\/icons8-new-tab-48.png\" alt=\"\" width=\"18\" height=\"18\" srcset=\"https:\/\/www.gym-toelz.de\/wp-content\/uploads\/2025\/07\/icons8-new-tab-48.png 48w, https:\/\/www.gym-toelz.de\/wp-content\/uploads\/2025\/07\/icons8-new-tab-48-36x36.png 36w\" sizes=\"auto, (max-width: 18px) 100vw, 18px\" \/><\/a><\/p>\n<p>Es ist als Nachweis f\u00fcr Sprachkompetenzen auf internationaler Ebene anerkannt und entspricht den Anforderungen des GER (Gemeinsamer Europ\u00e4ischer Referenzrahmen), so dass der Besitzer eines solchen Diploms Vorteile bei Bewerbungen oder bei einem Studium an franz\u00f6sischen Hochschulen hat.<br \/>\nComment se passent les examens ? Wie laufen die Pr\u00fcfungen ab?<br \/>\nDie Pr\u00fcfung, die an einem zentralen Pr\u00fcfungstermin im April\/ Mai abgelegt wird, besteht aus einem schriftlichen Teil und einer m\u00fcndlichen Pr\u00fcfung, so dass die Absolventen ihre Kompetenzen in verschiedenen Bereichen unter Beweis stellen m\u00fcssen: E s gilt zu zeigen, dass man authentische franz\u00f6sische Texte versteht (H\u00f6r- und Leseverstehen) und selbst in der Lage ist, adressatenspezifische Texte in franz\u00f6sischer Sprache zu verfassen. In der m\u00fcndlichen Pr\u00fcfung stellt man in einem Zwiegespr\u00e4ch mit der Lehrkraft, die f\u00fcr die Abnahme der Pr\u00fcfung extra zertifiziert wurde, unter Beweis, dass man zur Kommunikation in unterschiedlichen Gespr\u00e4chssituationen in der Fremdsprache f\u00e4hig ist.<br \/>\nQu\u2019est-ce qu\u2019on fait en classe ? Was macht man im Wahlunterricht?<br \/>\nIm Kurs werden die verschiedenen Kompetenzbereiche und Aufgabenformen vorgestellt, besprochen und einge\u00fcbt, so dass die Teilnehmer des Kurses gut auf die Pr\u00fcfung vorbereitet sind. Dabei wird ein Schwerpunkt auf die M\u00fcndlichkeit gelegt: In Mini-Vortr\u00e4gen, Rollenspielen, Diskussionen, etc. gewinnen die Teilnehmer zunehmend Selbstvertrauen beim Gebrauch des Franz\u00f6sischen und vertiefen und erweitern dabei auch die im Unterricht erworbenen Fremdsprachenkenntnisse.<\/p>\n<p>Qui peut participer \u00e0 ce cours ? Wer kann an diesem Wahlkurs teilnehmen?<br \/>\nDer Kurs DELF B1 richtet sich an Sch\u00fcler der 10. Jahrgangsstufe, der Kurs DELF B2 ist f\u00fcr Sch\u00fcler der Q12 geeignet. Auf dem Niveau B2 stellt der Kurs auch eine zus\u00e4tzliche M\u00f6glichkeit dar, sich auf die Aufgabenformen in der Abiturpr\u00fcfung Franz\u00f6sisch oder auf ein Hochschulstudium im franz\u00f6sischsprachigen Ausland vorzubereiten.<\/p>\n<p>Attention! Achtung!: Bei erfolgreich abgelegter Pr\u00fcfung auf dem Niveau B1 kann die erzielte Endpunktzahl in Noten umgerechnet und auf Wunsch des Pr\u00fcflings in vierfacher Gewichtung in die Zeugnisnote im Fach Franz\u00f6sisch eingerechnet werden. Bon courage!<\/p>\n<\/div><\/div><\/div><\/section>\n<section class='av_toggle_section av-pdfard-e8cf5ae19a760961a49a147c8287c8a9'  itemscope=\"itemscope\" itemtype=\"https:\/\/schema.org\/CreativeWork\" ><div role=\"tablist\" class=\"single_toggle\" data-tags=\"{Alle} \"  ><p id='toggle-delf-b2' data-fake-id='#delf-b2' class='toggler  av-title-above '  itemprop=\"headline\"  role='tab' tabindex='0' aria-controls='delf-b2' data-slide-speed=\"200\" data-title=\"DELF B2\" data-title-open=\"\" data-aria_collapsed=\"Click to expand: DELF B2\" data-aria_expanded=\"Click to collapse: DELF B2\">DELF B2<span class=\"toggle_icon\"><span class=\"vert_icon\"><\/span><span class=\"hor_icon\"><\/span><\/span><\/p><div id='delf-b2' aria-labelledby='toggle-delf-b2' role='region' class='toggle_wrap  av-title-above'  ><div class='toggle_content invers-color '  itemprop=\"text\" ><p>Jahrgangsstufen 12-13, Fr. Seidl C.<\/p>\n<p><a href=\"https:\/\/www.gym-toelz.de\/wp-content\/uploads\/2025\/09\/Plakat-fuer-Infoabend_Wahlkurs-DELF_final.pdf\" target=\"_blank\" rel=\"noopener\">Mehr Informationen hier als PDF <img loading=\"lazy\" decoding=\"async\" class=\"alignnone wp-image-1873\" src=\"https:\/\/www.gym-toelz.de\/wp-content\/uploads\/2025\/07\/icons8-new-tab-48.png\" alt=\"\" width=\"18\" height=\"18\" srcset=\"https:\/\/www.gym-toelz.de\/wp-content\/uploads\/2025\/07\/icons8-new-tab-48.png 48w, https:\/\/www.gym-toelz.de\/wp-content\/uploads\/2025\/07\/icons8-new-tab-48-36x36.png 36w\" sizes=\"auto, (max-width: 18px) 100vw, 18px\" \/><\/a><\/p>\n<\/div><\/div><\/div><\/section>\n<section class='av_toggle_section av-ppd8dt-bbabf808a0e35e7e019cd199b3448b07'  itemscope=\"itemscope\" itemtype=\"https:\/\/schema.org\/CreativeWork\" ><div role=\"tablist\" class=\"single_toggle\" data-tags=\"{Alle} \"  ><p id='toggle-model-united-nations-mun' data-fake-id='#model-united-nations-mun' class='toggler  av-title-above '  itemprop=\"headline\"  role='tab' tabindex='0' aria-controls='model-united-nations-mun' data-slide-speed=\"200\" data-title=\"Model United Nations (MUN)\" data-title-open=\"\" data-aria_collapsed=\"Click to expand: Model United Nations (MUN)\" data-aria_expanded=\"Click to collapse: Model United Nations (MUN)\">Model United Nations (MUN)<span class=\"toggle_icon\"><span class=\"vert_icon\"><\/span><span class=\"hor_icon\"><\/span><\/span><\/p><div id='model-united-nations-mun' aria-labelledby='toggle-model-united-nations-mun' role='region' class='toggle_wrap  av-title-above'  ><div class='toggle_content invers-color '  itemprop=\"text\" ><p>Jahrgangsstufen 9-13, Ansprechperson: Fr. Willis<\/p>\n<p>Seit dem Schuljahr 2014\/15 nutzen Sch\u00fclerinnen und Sch\u00fcler des Gabriel-von-Seidl Gymnasiums Bad T\u00f6lz die M\u00f6glichkeit im Rahmen des Wahlkurses MUN, geleitet von OStRin Elisabeth Willis, in die Rolle von Delegierten der Vereinten Nationen zu schl\u00fcpfen. Bei der Teilnahme an MUN-Konferenzen, etwa BIGMUN (Kopenhagen\/D\u00e4nemark) und HMUN (Amsterdam\/Niederlande), k\u00f6nnen die Sch\u00fclerinnen und Sch\u00fcler erfahren, mit welchen herausfordernden Aufgaben sich Politikerinnen und Politiker weltweit auseinandersetzen.<\/p>\n<p><a href=\"https:\/\/www.gym-toelz.de\/wp-content\/uploads\/2025\/09\/Plakat-fuer-Infoabend_Wahlkurs-MUN_final-1.pdf\" target=\"_blank\" rel=\"noopener\">Mehr Informationen hier als PDF <img loading=\"lazy\" decoding=\"async\" class=\"alignnone wp-image-1873\" src=\"https:\/\/www.gym-toelz.de\/wp-content\/uploads\/2025\/07\/icons8-new-tab-48.png\" alt=\"\" width=\"18\" height=\"18\" srcset=\"https:\/\/www.gym-toelz.de\/wp-content\/uploads\/2025\/07\/icons8-new-tab-48.png 48w, https:\/\/www.gym-toelz.de\/wp-content\/uploads\/2025\/07\/icons8-new-tab-48-36x36.png 36w\" sizes=\"auto, (max-width: 18px) 100vw, 18px\" \/><\/a><\/p>\n<p>Im Rahmen einer Model-United-Nations-Konferenz simulieren Jugendliche aus der ganzen Welt gemeinsam eine Konferenz der Vereinten Nationen. Dabei muss das offizielle Diskussionsprozedere eingehalten werden und an deren Ende stehen Resolutionen, die von den Jugendlich selbst erarbeitet, in englischer Sprache diskutiert und verabschiedet werden.<\/p>\n<p>Jeder der Teilnehmer vertritt einen Staat, in dessen Position er oder sie sich vor der Konferenz eingearbeitet hat. Dabei z\u00e4hlt nicht die pers\u00f6nliche Meinung, sondern es ist das erkl\u00e4rte Ziel, die offizielle Position des zu vertretenden Staates m\u00f6glichst realistisch wiederzugeben.<br \/>\nDie Arbeit in den Gremien besteht zum einen aus formalen Debatten auf Grundlage einer Gesch\u00e4ftsordnung, die an die echten Regelungen der Vereinten Nationen und die UN-Charta angelehnt ist, zum anderen aus informellen Arbeitsphasen, in denen im Dialog verhandelt wird und in denen gemeinsam Entw\u00fcrfe f\u00fcr Resolutionen erarbeitet werden.<\/p>\n<p>MUN-Konferenzen gibt es auf der ganzen Welt und f\u00fcr unterschiedliche Altersgruppen. Jede Konferenz, egal ob national oder international, hat ihre Besonderheiten \u2013 gemein ist ihnen aber das Ziel, den Teilnehmern die Arbeit der Vereinten Nationen n\u00e4her zu bringen, das Interesse und Verst\u00e4ndnis f\u00fcr fremde Kulturen zu st\u00e4rken und eine spannende und bereichernde Erfahrung zu bieten.<\/p>\n<p>Die M\u00f6glichkeiten, die sich Sch\u00fclerinnen und Sch\u00fclern bei einer Teilnahme am Wahlkurs MUN bieten, reichen von der <strong>Festigung und Erweiterung der Ausdrucksf\u00e4higkeit im Englischen<\/strong>, zur <strong>Verbesserung der rhetorischen F\u00e4higkeiten<\/strong>, bis hin zur <strong>Reflexion von eigenen und fremden politischen Positionen<\/strong>.<\/p>\n<p>Gerade in einer Zeit, in der demokratische Grundwerte in Teilen der Welt infrage gestellt und beschnitten werden und in der politische Wendungen und Str\u00f6mungen, auch in unserer Gesellschaft, uns Anlass zur Sorge bereiten, ist es notwendig Jugendlichen diese Erfahrung zukommen zu lassen, um sie dazu zu ermutigen und zu bef\u00e4higen, sich aktiv f\u00fcr die Belange einer freien, demokratischen Gesellschaft hierzulande und weltweit einzusetzen.<\/p>\n<p>Elisabeth Willis, OStRin<\/p>\n<\/div><\/div><\/div><\/section>\n<\/div>\n<section  class='av_textblock_section av-mcumcpwm-974050b3cf0b3af48b509d52babf52d8 '   itemscope=\"itemscope\" itemtype=\"https:\/\/schema.org\/CreativeWork\" ><div class='avia_textblock'  itemprop=\"text\" ><p align=\"center\"><span style=\"color: #000000;\"><span style=\"font-family: Arial, serif;\"><u><b><a id=\"Sport\"><\/a>Sport<\/b><\/u><\/span><\/span><\/p>\n<\/div><\/section>\n<div  class='togglecontainer av-mfzx9t-b562e413bd911c4caf411507c112681c  avia-builder-el-16  el_after_av_textblock  el_before_av_textblock  toggle_close_all' >\n<section class='av_toggle_section av-gsiqhd-bb4045264e8244836fcf8e9d68faf8bf'  itemscope=\"itemscope\" itemtype=\"https:\/\/schema.org\/CreativeWork\" ><div role=\"tablist\" class=\"single_toggle\" data-tags=\"{Alle} \"  ><p id='toggle-akrobatik' data-fake-id='#akrobatik' class='toggler  av-title-above '  itemprop=\"headline\"  role='tab' tabindex='0' aria-controls='akrobatik' data-slide-speed=\"200\" data-title=\"Akrobatik\" data-title-open=\"\" data-aria_collapsed=\"Click to expand: Akrobatik\" data-aria_expanded=\"Click to collapse: Akrobatik\">Akrobatik<span class=\"toggle_icon\"><span class=\"vert_icon\"><\/span><span class=\"hor_icon\"><\/span><\/span><\/p><div id='akrobatik' aria-labelledby='toggle-akrobatik' role='region' class='toggle_wrap  av-title-above'  ><div class='toggle_content invers-color '  itemprop=\"text\" ><p>Jahrgangsstufen 5-13, Fr. Kleehaupt \/ Hr. Penzholz<\/p>\n<p>Die Akrobatikgruppe wird von Katharina Kleehaupt und Christian Penzholz geleitet. Sie inszeniert seit vielen Jahren zusammen mit den Tanz- und Theatergruppen des Gymnasiums gro\u00dfe Auftritte.<\/p>\n<p><a href=\"https:\/\/www.gym-toelz.de\/wp-content\/uploads\/2025\/09\/Plakat-fuer-Infoabend_Wahlkurs-Akrobatik_final.pdf\" target=\"_blank\" rel=\"noopener\">Mehr Informationen hier als PDF <img loading=\"lazy\" decoding=\"async\" class=\"alignnone wp-image-1873\" src=\"https:\/\/www.gym-toelz.de\/wp-content\/uploads\/2025\/07\/icons8-new-tab-48.png\" alt=\"\" width=\"18\" height=\"18\" srcset=\"https:\/\/www.gym-toelz.de\/wp-content\/uploads\/2025\/07\/icons8-new-tab-48.png 48w, https:\/\/www.gym-toelz.de\/wp-content\/uploads\/2025\/07\/icons8-new-tab-48-36x36.png 36w\" sizes=\"auto, (max-width: 18px) 100vw, 18px\" \/><\/a><\/p>\n<\/div><\/div><\/div><\/section>\n<section class='av_toggle_section av-hnr9i9-c32befcf534352e1a51aac05a76fce89'  itemscope=\"itemscope\" itemtype=\"https:\/\/schema.org\/CreativeWork\" ><div role=\"tablist\" class=\"single_toggle\" data-tags=\"{Alle} \"  ><p id='toggle-fussball' data-fake-id='#fussball' class='toggler  av-title-above '  itemprop=\"headline\"  role='tab' tabindex='0' aria-controls='fussball' data-slide-speed=\"200\" data-title=\"Fu\u00dfball\" data-title-open=\"\" data-aria_collapsed=\"Click to expand: Fu\u00dfball\" data-aria_expanded=\"Click to collapse: Fu\u00dfball\">Fu\u00dfball<span class=\"toggle_icon\"><span class=\"vert_icon\"><\/span><span class=\"hor_icon\"><\/span><\/span><\/p><div id='fussball' aria-labelledby='toggle-fussball' role='region' class='toggle_wrap  av-title-above'  ><div class='toggle_content invers-color '  itemprop=\"text\" ><p>Jahrgangsstufen 5-9, Hr. Walz<\/p>\n<p><a href=\"https:\/\/www.gym-toelz.de\/wp-content\/uploads\/2025\/11\/Plakat-fuer-Infoabend_Wahlkurs_Fussball.pdf\" target=\"_blank\" rel=\"noopener\">Mehr Informationen hier als PDF <img loading=\"lazy\" decoding=\"async\" class=\"alignnone wp-image-1873\" src=\"https:\/\/www.gym-toelz.de\/wp-content\/uploads\/2025\/07\/icons8-new-tab-48.png\" alt=\"\" width=\"18\" height=\"18\" srcset=\"https:\/\/www.gym-toelz.de\/wp-content\/uploads\/2025\/07\/icons8-new-tab-48.png 48w, https:\/\/www.gym-toelz.de\/wp-content\/uploads\/2025\/07\/icons8-new-tab-48-36x36.png 36w\" sizes=\"auto, (max-width: 18px) 100vw, 18px\" \/><\/a><\/p>\n<\/div><\/div><\/div><\/section>\n<section class='av_toggle_section av-hhqygx-80857a1038d72eb87d89820de31b8cdf'  itemscope=\"itemscope\" itemtype=\"https:\/\/schema.org\/CreativeWork\" ><div role=\"tablist\" class=\"single_toggle\" data-tags=\"{Alle} \"  ><p id='toggle-golf' data-fake-id='#golf' class='toggler  av-title-above '  itemprop=\"headline\"  role='tab' tabindex='0' aria-controls='golf' data-slide-speed=\"200\" data-title=\"Golf\" data-title-open=\"\" data-aria_collapsed=\"Click to expand: Golf\" data-aria_expanded=\"Click to collapse: Golf\">Golf<span class=\"toggle_icon\"><span class=\"vert_icon\"><\/span><span class=\"hor_icon\"><\/span><\/span><\/p><div id='golf' aria-labelledby='toggle-golf' role='region' class='toggle_wrap  av-title-above'  ><div class='toggle_content invers-color '  itemprop=\"text\" ><p>Jahrgangsstufen 5-13, Fr. Wiesnet<\/p>\n<p><a href=\"https:\/\/www.gym-toelz.de\/wp-content\/uploads\/2025\/09\/Plakat-fuer-Infoabend_Wahlkurs-Golf.pdf\" target=\"_blank\" rel=\"noopener\">Mehr Informationen hier als PDF <img loading=\"lazy\" decoding=\"async\" class=\"alignnone wp-image-1873\" src=\"https:\/\/www.gym-toelz.de\/wp-content\/uploads\/2025\/07\/icons8-new-tab-48.png\" alt=\"\" width=\"18\" height=\"18\" srcset=\"https:\/\/www.gym-toelz.de\/wp-content\/uploads\/2025\/07\/icons8-new-tab-48.png 48w, https:\/\/www.gym-toelz.de\/wp-content\/uploads\/2025\/07\/icons8-new-tab-48-36x36.png 36w\" sizes=\"auto, (max-width: 18px) 100vw, 18px\" \/><\/a><\/p>\n<\/div><\/div><\/div><\/section>\n<section class='av_toggle_section av-gcnbht-4cdfbeebdeb9dc27b7f834f9ac0973a1'  itemscope=\"itemscope\" itemtype=\"https:\/\/schema.org\/CreativeWork\" ><div role=\"tablist\" class=\"single_toggle\" data-tags=\"{Alle} \"  ><p id='toggle-kraftraum' data-fake-id='#kraftraum' class='toggler  av-title-above '  itemprop=\"headline\"  role='tab' tabindex='0' aria-controls='kraftraum' data-slide-speed=\"200\" data-title=\"Kraftraum\" data-title-open=\"\" data-aria_collapsed=\"Click to expand: Kraftraum\" data-aria_expanded=\"Click to collapse: Kraftraum\">Kraftraum<span class=\"toggle_icon\"><span class=\"vert_icon\"><\/span><span class=\"hor_icon\"><\/span><\/span><\/p><div id='kraftraum' aria-labelledby='toggle-kraftraum' role='region' class='toggle_wrap  av-title-above'  ><div class='toggle_content invers-color '  itemprop=\"text\" ><p>Jahrgangsstufen 5-13, Hr. Ederl<\/p>\n<p>Die AG \u201egesundheitsorientiertes Krafttraining\u201c vermittelt Sch\u00fclerinnen und Sch\u00fcler ab der 8. Jahrgangsstufe Kenntnisse, F\u00e4higkeiten und Fertigkeiten rund um die St\u00e4rkung des Haltungs- und Bewegungsapparats.<\/p>\n<p><a href=\"https:\/\/www.gym-toelz.de\/wp-content\/uploads\/2025\/11\/Wahlkurs-Kraftraum-final.pdf\" target=\"_blank\" rel=\"noopener\">Mehr Informationen hier als PDF <img loading=\"lazy\" decoding=\"async\" class=\"alignnone wp-image-1873\" src=\"https:\/\/www.gym-toelz.de\/wp-content\/uploads\/2025\/07\/icons8-new-tab-48.png\" alt=\"\" width=\"18\" height=\"18\" srcset=\"https:\/\/www.gym-toelz.de\/wp-content\/uploads\/2025\/07\/icons8-new-tab-48.png 48w, https:\/\/www.gym-toelz.de\/wp-content\/uploads\/2025\/07\/icons8-new-tab-48-36x36.png 36w\" sizes=\"auto, (max-width: 18px) 100vw, 18px\" \/><\/a><\/p>\n<\/div><\/div><\/div><\/section>\n<section class='av_toggle_section av-g5h721-75f8c35445235fbd48d4b80b0fb32531'  itemscope=\"itemscope\" itemtype=\"https:\/\/schema.org\/CreativeWork\" ><div role=\"tablist\" class=\"single_toggle\" data-tags=\"{Alle} \"  ><p id='toggle-mountainbike' data-fake-id='#mountainbike' class='toggler  av-title-above '  itemprop=\"headline\"  role='tab' tabindex='0' aria-controls='mountainbike' data-slide-speed=\"200\" data-title=\"Mountainbike\" data-title-open=\"\" data-aria_collapsed=\"Click to expand: Mountainbike\" data-aria_expanded=\"Click to collapse: Mountainbike\">Mountainbike<span class=\"toggle_icon\"><span class=\"vert_icon\"><\/span><span class=\"hor_icon\"><\/span><\/span><\/p><div id='mountainbike' aria-labelledby='toggle-mountainbike' role='region' class='toggle_wrap  av-title-above'  ><div class='toggle_content invers-color '  itemprop=\"text\" ><p><img loading=\"lazy\" decoding=\"async\" class=\"size-square wp-image-972 alignright\" src=\"https:\/\/www.gym-toelz.de\/wp-content\/uploads\/2025\/06\/wahlkurs-mtb-logo-180x180.jpg\" alt=\"\" width=\"180\" height=\"180\" \/>Jahrgangsstufen 5-13<\/p>\n<p>Verantwortliche Lehrer und Ansprechpersonen: R. Ederl: <a href=\"mailto:ederl.post@gmail.com\">ederl.post@gmail.com<\/a>\u00a0 &#8211; A. Polke <a class=\"bodyanchor3\" href=\"mailto:andi_polke@web.de\">andi_polke@web.de<\/a><\/p>\n<p>\u201eWheelies, Wurzeln und Schotterpisten\u201c sind Elemente im Wahlkurs Mountainbike. Im Wald \u00fcber Wurzeln springen, Berge herunterrasen, das Mountainbike geschickt beherrschen &#8211; so entstehen sportliche Tr\u00e4ume. Doch erst mal hei\u00dft es trainieren, trainieren, trainieren,&#8230;<\/p>\n<p style=\"text-align: left;\"><a href=\"https:\/\/www.gym-toelz.de\/wp-content\/uploads\/2025\/11\/WU-MTB-Plakat-2025.pdf\" target=\"_blank\" rel=\"noopener\">Mehr Informationen hier als PDF <img loading=\"lazy\" decoding=\"async\" class=\"alignnone wp-image-1873\" src=\"https:\/\/www.gym-toelz.de\/wp-content\/uploads\/2025\/07\/icons8-new-tab-48.png\" alt=\"\" width=\"18\" height=\"18\" srcset=\"https:\/\/www.gym-toelz.de\/wp-content\/uploads\/2025\/07\/icons8-new-tab-48.png 48w, https:\/\/www.gym-toelz.de\/wp-content\/uploads\/2025\/07\/icons8-new-tab-48-36x36.png 36w\" sizes=\"auto, (max-width: 18px) 100vw, 18px\" \/><\/a><\/p>\n<\/div><\/div><\/div><\/section>\n<section class='av_toggle_section av-h866fl-0a9ba05031f7df7d73b477c5d6a7ef4f'  itemscope=\"itemscope\" itemtype=\"https:\/\/schema.org\/CreativeWork\" ><div role=\"tablist\" class=\"single_toggle\" data-tags=\"{Alle} \"  ><p id='toggle-rollstuhlbasketballbasketball' data-fake-id='#rollstuhlbasketballbasketball' class='toggler  av-title-above '  itemprop=\"headline\"  role='tab' tabindex='0' aria-controls='rollstuhlbasketballbasketball' data-slide-speed=\"200\" data-title=\"Rollstuhlbasketball\/Basketball\" data-title-open=\"\" data-aria_collapsed=\"Click to expand: Rollstuhlbasketball\/Basketball\" data-aria_expanded=\"Click to collapse: Rollstuhlbasketball\/Basketball\">Rollstuhlbasketball\/Basketball<span class=\"toggle_icon\"><span class=\"vert_icon\"><\/span><span class=\"hor_icon\"><\/span><\/span><\/p><div id='rollstuhlbasketballbasketball' aria-labelledby='toggle-rollstuhlbasketballbasketball' role='region' class='toggle_wrap  av-title-above'  ><div class='toggle_content invers-color '  itemprop=\"text\" ><p>Jahrgangsstufen 5-13, Fr. Wiesnet<\/p>\n<p><a href=\"https:\/\/www.gym-toelz.de\/wp-content\/uploads\/2025\/09\/Plakat-fuer-Infoabend_Wahlkurs-Rollstuhl-Basketball.pdf\" target=\"_blank\" rel=\"noopener\">Mehr Informationen hier als PDF <img loading=\"lazy\" decoding=\"async\" class=\"alignnone wp-image-1873\" src=\"https:\/\/www.gym-toelz.de\/wp-content\/uploads\/2025\/07\/icons8-new-tab-48.png\" alt=\"\" width=\"18\" height=\"18\" srcset=\"https:\/\/www.gym-toelz.de\/wp-content\/uploads\/2025\/07\/icons8-new-tab-48.png 48w, https:\/\/www.gym-toelz.de\/wp-content\/uploads\/2025\/07\/icons8-new-tab-48-36x36.png 36w\" sizes=\"auto, (max-width: 18px) 100vw, 18px\" \/><\/a><\/p>\n<\/div><\/div><\/div><\/section>\n<section class='av_toggle_section av-hr46wh-5e9a2cf7d8498d9a31d88d7a69279e8c'  itemscope=\"itemscope\" itemtype=\"https:\/\/schema.org\/CreativeWork\" ><div role=\"tablist\" class=\"single_toggle\" data-tags=\"{Alle} \"  ><p id='toggle-snowboard' data-fake-id='#snowboard' class='toggler  av-title-above '  itemprop=\"headline\"  role='tab' tabindex='0' aria-controls='snowboard' data-slide-speed=\"200\" data-title=\"Snowboard 1 (kein Anf\u00e4ngerkurs)\" data-title-open=\"\" data-aria_collapsed=\"Click to expand: Snowboard 1 (kein Anf\u00e4ngerkurs)\" data-aria_expanded=\"Click to collapse: Snowboard 1 (kein Anf\u00e4ngerkurs)\">Snowboard 1 (kein Anf\u00e4ngerkurs)<span class=\"toggle_icon\"><span class=\"vert_icon\"><\/span><span class=\"hor_icon\"><\/span><\/span><\/p><div id='snowboard' aria-labelledby='toggle-snowboard' role='region' class='toggle_wrap  av-title-above'  ><div class='toggle_content invers-color '  itemprop=\"text\" ><p>Jahrgangsstufen 5-13, Kontakt: Hr. Polke<\/p>\n<p>Am GvS trainieren Snowboarder im\u00a0St\u00fctzpunkt\u00a0und\u00a0Wahlkurs im Schnee viele Facetten&#8230;.<\/p>\n<p><a href=\"https:\/\/www.gym-toelz.de\/wp-content\/uploads\/2025\/09\/Plakat-fuer-Infoabend_Wahlkurs-Snowboard.pdf\" target=\"_blank\" rel=\"noopener\">Mehr Informationen hier als PDF <img loading=\"lazy\" decoding=\"async\" class=\"alignnone wp-image-1873\" src=\"https:\/\/www.gym-toelz.de\/wp-content\/uploads\/2025\/07\/icons8-new-tab-48.png\" alt=\"\" width=\"18\" height=\"18\" srcset=\"https:\/\/www.gym-toelz.de\/wp-content\/uploads\/2025\/07\/icons8-new-tab-48.png 48w, https:\/\/www.gym-toelz.de\/wp-content\/uploads\/2025\/07\/icons8-new-tab-48-36x36.png 36w\" sizes=\"auto, (max-width: 18px) 100vw, 18px\" \/><\/a><\/p>\n<\/div><\/div><\/div><\/section>\n<section class='av_toggle_section av-mfqtl6yp-02760d06b000e881f71cf582aee7cd81'  itemscope=\"itemscope\" itemtype=\"https:\/\/schema.org\/CreativeWork\" ><div role=\"tablist\" class=\"single_toggle\" data-tags=\"{Alle} \"  ><p id='toggle-toggle-id-11' data-fake-id='#toggle-id-11' class='toggler  av-title-above '  itemprop=\"headline\"  role='tab' tabindex='0' aria-controls='toggle-id-11' data-slide-speed=\"200\" data-title=\"Snowboard 2 (Wettkampf)\" data-title-open=\"\" data-aria_collapsed=\"Click to expand: Snowboard 2 (Wettkampf)\" data-aria_expanded=\"Click to collapse: Snowboard 2 (Wettkampf)\">Snowboard 2 (Wettkampf)<span class=\"toggle_icon\"><span class=\"vert_icon\"><\/span><span class=\"hor_icon\"><\/span><\/span><\/p><div id='toggle-id-11' aria-labelledby='toggle-toggle-id-11' role='region' class='toggle_wrap  av-title-above'  ><div class='toggle_content invers-color '  itemprop=\"text\" ><p>Jahrgangsstufen 5-13, Hr. Polke<\/p>\n<p><a href=\"https:\/\/www.gym-toelz.de\/wp-content\/uploads\/2025\/09\/Plakat-fuer-Infoabend_Wahlkurs-Snowboard.pdf\" target=\"_blank\" rel=\"noopener\">Mehr Informationen hier als PDF <img loading=\"lazy\" decoding=\"async\" class=\"alignnone wp-image-1873\" src=\"https:\/\/www.gym-toelz.de\/wp-content\/uploads\/2025\/07\/icons8-new-tab-48.png\" alt=\"\" width=\"18\" height=\"18\" srcset=\"https:\/\/www.gym-toelz.de\/wp-content\/uploads\/2025\/07\/icons8-new-tab-48.png 48w, https:\/\/www.gym-toelz.de\/wp-content\/uploads\/2025\/07\/icons8-new-tab-48-36x36.png 36w\" sizes=\"auto, (max-width: 18px) 100vw, 18px\" \/><\/a><\/p>\n<\/div><\/div><\/div><\/section>\n<section class='av_toggle_section av-h51toh-6856b38f6799746d88b514494eae0415'  itemscope=\"itemscope\" itemtype=\"https:\/\/schema.org\/CreativeWork\" ><div role=\"tablist\" class=\"single_toggle\" data-tags=\"{Alle} \"  ><p id='toggle-tanzeinsteiger' data-fake-id='#tanzeinsteiger' class='toggler  av-title-above '  itemprop=\"headline\"  role='tab' tabindex='0' aria-controls='tanzeinsteiger' data-slide-speed=\"200\" data-title=\"Tanz\/Einsteiger\" data-title-open=\"\" data-aria_collapsed=\"Click to expand: Tanz\/Einsteiger\" data-aria_expanded=\"Click to collapse: Tanz\/Einsteiger\">Tanz\/Einsteiger<span class=\"toggle_icon\"><span class=\"vert_icon\"><\/span><span class=\"hor_icon\"><\/span><\/span><\/p><div id='tanzeinsteiger' aria-labelledby='toggle-tanzeinsteiger' role='region' class='toggle_wrap  av-title-above'  ><div class='toggle_content invers-color '  itemprop=\"text\" ><p>Jahrgangsstufen 5-7, Fr. Molendo<\/p>\n<p>Seit dem Schuljahr 1998\/99 trainieren und proben die 50 bis 120 T\u00e4nzerinnen und T\u00e4nzer des Gabriel-von-Seidl-Gymnasiums unter der Leitung von Susanne Molendo in verschiedenen Leistungsgruppen.<\/p>\n<p><a href=\"https:\/\/www.gym-toelz.de\/wp-content\/uploads\/2025\/09\/Plakat-fuer-Infoabend_Wahlkurs-GAB-Stage.pdf\" target=\"_blank\" rel=\"noopener\">Mehr Informationen hier als PDF <img loading=\"lazy\" decoding=\"async\" class=\"alignnone wp-image-1873\" src=\"https:\/\/www.gym-toelz.de\/wp-content\/uploads\/2025\/07\/icons8-new-tab-48.png\" alt=\"\" width=\"18\" height=\"18\" srcset=\"https:\/\/www.gym-toelz.de\/wp-content\/uploads\/2025\/07\/icons8-new-tab-48.png 48w, https:\/\/www.gym-toelz.de\/wp-content\/uploads\/2025\/07\/icons8-new-tab-48-36x36.png 36w\" sizes=\"auto, (max-width: 18px) 100vw, 18px\" \/><\/a><\/p>\n<\/div><\/div><\/div><\/section>\n<section class='av_toggle_section av-h0esk9-2db1ba6b8bd69f514bf570331ed5c609'  itemscope=\"itemscope\" itemtype=\"https:\/\/schema.org\/CreativeWork\" ><div role=\"tablist\" class=\"single_toggle\" data-tags=\"{Alle} \"  ><p id='toggle-tanzfortgeschrittene' data-fake-id='#tanzfortgeschrittene' class='toggler  av-title-above '  itemprop=\"headline\"  role='tab' tabindex='0' aria-controls='tanzfortgeschrittene' data-slide-speed=\"200\" data-title=\"Tanz\/Fortgeschrittene\" data-title-open=\"\" data-aria_collapsed=\"Click to expand: Tanz\/Fortgeschrittene\" data-aria_expanded=\"Click to collapse: Tanz\/Fortgeschrittene\">Tanz\/Fortgeschrittene<span class=\"toggle_icon\"><span class=\"vert_icon\"><\/span><span class=\"hor_icon\"><\/span><\/span><\/p><div id='tanzfortgeschrittene' aria-labelledby='toggle-tanzfortgeschrittene' role='region' class='toggle_wrap  av-title-above'  ><div class='toggle_content invers-color '  itemprop=\"text\" ><p>Jahrgangsstufen 5-13, Fr. Molendo<\/p>\n<p>Seit dem Schuljahr 1998\/99 trainieren und proben die 50 bis 120 T\u00e4nzerinnen und T\u00e4nzer des Gabriel-von-Seidl-Gymnasiums unter der Leitung von Susanne Molendo in verschiedenen Leistungsgruppen.<\/p>\n<p><a href=\"https:\/\/www.gym-toelz.de\/wp-content\/uploads\/2025\/09\/Plakat-fuer-Infoabend_Wahlkurs-GAB-Stage.pdf\" target=\"_blank\" rel=\"noopener\">Mehr Informationen hier als PDF <img loading=\"lazy\" decoding=\"async\" class=\"alignnone wp-image-1873\" src=\"https:\/\/www.gym-toelz.de\/wp-content\/uploads\/2025\/07\/icons8-new-tab-48.png\" alt=\"\" width=\"18\" height=\"18\" srcset=\"https:\/\/www.gym-toelz.de\/wp-content\/uploads\/2025\/07\/icons8-new-tab-48.png 48w, https:\/\/www.gym-toelz.de\/wp-content\/uploads\/2025\/07\/icons8-new-tab-48-36x36.png 36w\" sizes=\"auto, (max-width: 18px) 100vw, 18px\" \/><\/a><\/p>\n<\/div><\/div><\/div><\/section>\n<section class='av_toggle_section av-gnt055-85ce381de31c20f7a89c0f30e3f3ba26'  itemscope=\"itemscope\" itemtype=\"https:\/\/schema.org\/CreativeWork\" ><div role=\"tablist\" class=\"single_toggle\" data-tags=\"{Alle} \"  ><p id='toggle-volleyball' data-fake-id='#volleyball' class='toggler  av-title-above '  itemprop=\"headline\"  role='tab' tabindex='0' aria-controls='volleyball' data-slide-speed=\"200\" data-title=\"Volleyball\" data-title-open=\"\" data-aria_collapsed=\"Click to expand: Volleyball\" data-aria_expanded=\"Click to collapse: Volleyball\">Volleyball<span class=\"toggle_icon\"><span class=\"vert_icon\"><\/span><span class=\"hor_icon\"><\/span><\/span><\/p><div id='volleyball' aria-labelledby='toggle-volleyball' role='region' class='toggle_wrap  av-title-above'  ><div class='toggle_content invers-color '  itemprop=\"text\" ><p>Anf\u00e4nger &#8211; Fortgeschrittene, Jahrgangsstufen 5-13, Hr. Rothbauer<\/p>\n<p>In der SAG\u00a0Volleyball werden junge Volleyballerinnen und Volleyballer und die, die es werden wollen, gef\u00f6rdert.<\/p>\n<p><a href=\"https:\/\/www.gym-toelz.de\/wp-content\/uploads\/2025\/09\/Plakat-fuer-Infoabend_Wahlkurs_Stuetzpunkt_Volleyball_Rot.pdf\" target=\"_blank\" rel=\"noopener\">Mehr Informationen hier als PDF <img loading=\"lazy\" decoding=\"async\" class=\"alignnone wp-image-1873\" src=\"https:\/\/www.gym-toelz.de\/wp-content\/uploads\/2025\/07\/icons8-new-tab-48.png\" alt=\"\" width=\"18\" height=\"18\" srcset=\"https:\/\/www.gym-toelz.de\/wp-content\/uploads\/2025\/07\/icons8-new-tab-48.png 48w, https:\/\/www.gym-toelz.de\/wp-content\/uploads\/2025\/07\/icons8-new-tab-48-36x36.png 36w\" sizes=\"auto, (max-width: 18px) 100vw, 18px\" \/><\/a><\/p>\n<\/div><\/div><\/div><\/section>\n<\/div>\n<section  class='av_textblock_section av-mdg4ecnp-c6fa7446cbaf137492b996e95722a014 '   itemscope=\"itemscope\" itemtype=\"https:\/\/schema.org\/CreativeWork\" ><div class='avia_textblock'  itemprop=\"text\" ><p align=\"center\"><span style=\"color: #000000;\"><span style=\"font-family: Arial, serif;\"><u><b><a id=\"Sonstiges\"><\/a>Sonstiges<\/b><\/u><\/span><\/span><\/p>\n<\/div><\/section>\n<div  class='togglecontainer av-f1kpbl-20dd17ee3689d721021d5d7ae3d5cd0a  avia-builder-el-18  el_after_av_textblock  el_before_av_hr  toggle_close_all' >\n<section class='av_toggle_section av-8aw9qx-96c44ffb124d0d260262e3fa2051ab54'  itemscope=\"itemscope\" itemtype=\"https:\/\/schema.org\/CreativeWork\" ><div role=\"tablist\" class=\"single_toggle\" data-tags=\"{Alle} \"  ><p id='toggle-arbeiten-in-der-schulbibliothek' data-fake-id='#arbeiten-in-der-schulbibliothek' class='toggler  av-title-above '  itemprop=\"headline\"  role='tab' tabindex='0' aria-controls='arbeiten-in-der-schulbibliothek' data-slide-speed=\"200\" data-title=\"Bibliotheksarbeit\" data-title-open=\"\" data-aria_collapsed=\"Click to expand: Bibliotheksarbeit\" data-aria_expanded=\"Click to collapse: Bibliotheksarbeit\">Bibliotheksarbeit<span class=\"toggle_icon\"><span class=\"vert_icon\"><\/span><span class=\"hor_icon\"><\/span><\/span><\/p><div id='arbeiten-in-der-schulbibliothek' aria-labelledby='toggle-arbeiten-in-der-schulbibliothek' role='region' class='toggle_wrap  av-title-above'  ><div class='toggle_content invers-color '  itemprop=\"text\" ><p>Jahrgangsstufen 5-13, Fr. Brunner Chr.<\/p>\n<p><a href=\"https:\/\/www.gym-toelz.de\/wp-content\/uploads\/2025\/09\/Plakat-fuer-Infoabend_Wahlkurs-Bibliotheksteam.pdf\" target=\"_blank\" rel=\"noopener\">Mehr Informationen hier als PDF <img loading=\"lazy\" decoding=\"async\" class=\"alignnone wp-image-1873\" src=\"https:\/\/www.gym-toelz.de\/wp-content\/uploads\/2025\/07\/icons8-new-tab-48.png\" alt=\"\" width=\"18\" height=\"18\" srcset=\"https:\/\/www.gym-toelz.de\/wp-content\/uploads\/2025\/07\/icons8-new-tab-48.png 48w, https:\/\/www.gym-toelz.de\/wp-content\/uploads\/2025\/07\/icons8-new-tab-48-36x36.png 36w\" sizes=\"auto, (max-width: 18px) 100vw, 18px\" \/><\/a><\/p>\n<\/div><\/div><\/div><\/section>\n<section class='av_toggle_section av-7ytasp-cbc36c14665046ab009e585dee089761'  itemscope=\"itemscope\" itemtype=\"https:\/\/schema.org\/CreativeWork\" ><div role=\"tablist\" class=\"single_toggle\" data-tags=\"{Alle} \"  ><p id='toggle-schuelerzeitungpodcast' data-fake-id='#schuelerzeitungpodcast' class='toggler  av-title-above '  itemprop=\"headline\"  role='tab' tabindex='0' aria-controls='schuelerzeitungpodcast' data-slide-speed=\"200\" data-title=\"Sch\u00fclerzeitung\/Podcast\" data-title-open=\"\" data-aria_collapsed=\"Click to expand: Sch\u00fclerzeitung\/Podcast\" data-aria_expanded=\"Click to collapse: Sch\u00fclerzeitung\/Podcast\">Sch\u00fclerzeitung\/Podcast<span class=\"toggle_icon\"><span class=\"vert_icon\"><\/span><span class=\"hor_icon\"><\/span><\/span><\/p><div id='schuelerzeitungpodcast' aria-labelledby='toggle-schuelerzeitungpodcast' role='region' class='toggle_wrap  av-title-above'  ><div class='toggle_content invers-color '  itemprop=\"text\" ><p>Jahrgangsstufen 5-13, Fr. Rau<\/p>\n<p><a href=\"https:\/\/www.gym-toelz.de\/wp-content\/uploads\/2025\/09\/Plakat-fuer-Infoabend_Wahlkurs-Schuelerpodcast_final.pdf\" target=\"_blank\" rel=\"noopener\">Mehr Informationen hier als PDF <img loading=\"lazy\" decoding=\"async\" class=\"alignnone wp-image-1873\" src=\"https:\/\/www.gym-toelz.de\/wp-content\/uploads\/2025\/07\/icons8-new-tab-48.png\" alt=\"\" width=\"18\" height=\"18\" srcset=\"https:\/\/www.gym-toelz.de\/wp-content\/uploads\/2025\/07\/icons8-new-tab-48.png 48w, https:\/\/www.gym-toelz.de\/wp-content\/uploads\/2025\/07\/icons8-new-tab-48-36x36.png 36w\" sizes=\"auto, (max-width: 18px) 100vw, 18px\" \/><\/a><\/p>\n<\/div><\/div><\/div><\/section>\n<section class='av_toggle_section av-85a1nl-47472ddd621a0db3e442a41411310e17'  itemscope=\"itemscope\" itemtype=\"https:\/\/schema.org\/CreativeWork\" ><div role=\"tablist\" class=\"single_toggle\" data-tags=\"{Alle} \"  ><p id='toggle-skat' data-fake-id='#skat' class='toggler  av-title-above '  itemprop=\"headline\"  role='tab' tabindex='0' aria-controls='skat' data-slide-speed=\"200\" data-title=\"Skat\" data-title-open=\"\" data-aria_collapsed=\"Click to expand: Skat\" data-aria_expanded=\"Click to collapse: Skat\">Skat<span class=\"toggle_icon\"><span class=\"vert_icon\"><\/span><span class=\"hor_icon\"><\/span><\/span><\/p><div id='skat' aria-labelledby='toggle-skat' role='region' class='toggle_wrap  av-title-above'  ><div class='toggle_content invers-color '  itemprop=\"text\" ><p>Jahrgangsstufen 5-13, Hr. Vosseler<\/p>\n<p>Seit dem Schuljahr 2011\/12 gibt es den Wahlkurs Skat-AG am T\u00f6lzer Gymnasium. In Zusammenarbeit mit dem T\u00f6lzer Skatclub \u201eGesellige Runde\u201c werden die Grundz\u00fcge des Skatspiels bis hin zur Meisterschaftsreife (Jugend) gelehrt. Ein routinierter Skatspieler f\u00fchrt die Sch\u00fcler\/innen von Grund auf in dieses faszinierende Kartenspiel ein und bereits nach den ersten Einheiten wird gespielt und Technik und Taktik werden spielerisch verfeinert. Euer Skatlehrer \u2013 selbst vielfacher Meister \u2013 bringt euch alle Kniffe und Feinheiten bei.<\/p>\n<p>H\u00f6hepunkte des Jahres sind das im Unterricht nebenbei gespielte \u201eTurnier um den Preis des T\u00f6lzer Skatclubs\u201c und nat\u00fcrlich die Meisterschaftsteilnahmen auf bayerischer und deutscher Ebene. Dort haben die T\u00f6lzer Sch\u00fcler\/innen bereits allerhand Preise eingefahren (u.a. Bayrische Meistertitel) und vor allem die skatspielenden Jugendlichen aus ganz Deutschland kennengelernt. Warnem\u00fcnde\/Ostsee, Magdeburg und Goslar waren die bisher entferntesten Ziele, die wir zu den 3-t\u00e4gigen Meisterschaften in gem\u00fctlicher Zugreise ansteuerten.<\/p>\n<p><a href=\"https:\/\/www.gym-toelz.de\/wp-content\/uploads\/2025\/11\/Plakat-fuer-Infoabend_Wahlkurs_Skat.pdf\" target=\"_blank\" rel=\"noopener\">Mehr Informationen hier als PDF <img loading=\"lazy\" decoding=\"async\" class=\"alignnone wp-image-1873\" src=\"https:\/\/www.gym-toelz.de\/wp-content\/uploads\/2025\/07\/icons8-new-tab-48.png\" alt=\"\" width=\"18\" height=\"18\" srcset=\"https:\/\/www.gym-toelz.de\/wp-content\/uploads\/2025\/07\/icons8-new-tab-48.png 48w, https:\/\/www.gym-toelz.de\/wp-content\/uploads\/2025\/07\/icons8-new-tab-48-36x36.png 36w\" sizes=\"auto, (max-width: 18px) 100vw, 18px\" \/><\/a><\/p>\n<\/div><\/div><\/div><\/section>\n<section class='av_toggle_section av-8hx889-3a345dfea7a5db6e9ed22dc9150c1930'  itemscope=\"itemscope\" itemtype=\"https:\/\/schema.org\/CreativeWork\" ><div role=\"tablist\" class=\"single_toggle\" data-tags=\"{Alle} \"  ><p id='toggle-technik-und-event' data-fake-id='#technik-und-event' class='toggler  av-title-above '  itemprop=\"headline\"  role='tab' tabindex='0' aria-controls='technik-und-event' data-slide-speed=\"200\" data-title=\"Technik und Event\" data-title-open=\"\" data-aria_collapsed=\"Click to expand: Technik und Event\" data-aria_expanded=\"Click to collapse: Technik und Event\">Technik und Event<span class=\"toggle_icon\"><span class=\"vert_icon\"><\/span><span class=\"hor_icon\"><\/span><\/span><\/p><div id='technik-und-event' aria-labelledby='toggle-technik-und-event' role='region' class='toggle_wrap  av-title-above'  ><div class='toggle_content invers-color '  itemprop=\"text\" ><p><strong>Ton- und Lichttechnik &amp; Eventmanagement<\/strong><\/p>\n<p>Jahrgangsstufen 5-13<\/p>\n<p>Die zahlreichen kulturellen Veranstaltungen am Gabriel-von-Seidl Gymnasium werden von einem circa 25-k\u00f6pfigen Team, bestehend aus Sch\u00fclerinnen und Sch\u00fclern von Klasse 5 bis 13, unter der Leitung von Frau Emmler unterst\u00fctzt und begleitet.<\/p>\n<p><a href=\"https:\/\/www.gym-toelz.de\/wp-content\/uploads\/2025\/09\/Plakat-fuer-Infoabend_Wahlkurs-Technik-und-Event.pdf\" target=\"_blank\" rel=\"noopener\">Mehr Informationen hier als PDF <img loading=\"lazy\" decoding=\"async\" class=\"alignnone wp-image-1873\" src=\"https:\/\/www.gym-toelz.de\/wp-content\/uploads\/2025\/07\/icons8-new-tab-48.png\" alt=\"\" width=\"18\" height=\"18\" srcset=\"https:\/\/www.gym-toelz.de\/wp-content\/uploads\/2025\/07\/icons8-new-tab-48.png 48w, https:\/\/www.gym-toelz.de\/wp-content\/uploads\/2025\/07\/icons8-new-tab-48-36x36.png 36w\" sizes=\"auto, (max-width: 18px) 100vw, 18px\" \/><\/a><\/p>\n<\/div><\/div><\/div><\/section>\n<\/div>\n<div  class='hr av-1myso9-33eae1e63d1d3ba86ed91b441e7bb7df hr-default  avia-builder-el-19  el_after_av_toggle_container  el_before_av_buttonrow '><span class='hr-inner '><span class=\"hr-inner-style\"><\/span><\/span><\/div>\n<div  class='avia-buttonrow-wrap av-1grp1d-52f5ca6b212518f32eee876e91f6585d avia-buttonrow-center  avia-builder-el-20  el_after_av_hr  avia-builder-el-last '>\n\n<style type=\"text\/css\" data-created_by=\"avia_inline_auto\" id=\"style-css-av-4jzp5-913b3ccb77b93dc0238cf7a51c136cfa\">\n#top #wrap_all .avia-button.av-4jzp5-913b3ccb77b93dc0238cf7a51c136cfa{\nmargin-bottom:5px;\nmargin-right:3px;\nmargin-left:3px;\n}\n<\/style>\n<a href='#Soziales'  class='avia-button av-4jzp5-913b3ccb77b93dc0238cf7a51c136cfa avia-icon_select-yes-left-icon avia-size-small avia-color-theme-color'   aria-label=\"Soziales\"><span class='avia_button_icon avia_button_icon_left avia-iconfont avia-font-entypo-fontello' data-av_icon='\ue82b' data-av_iconfont='entypo-fontello' ><\/span><span class='avia_iconbox_title' >Soziales<\/span><\/a>\n\n<style type=\"text\/css\" data-created_by=\"avia_inline_auto\" id=\"style-css-av-10bj4x-625ccbab4471a3e427fc809628b2dd68\">\n#top #wrap_all .avia-button.av-10bj4x-625ccbab4471a3e427fc809628b2dd68{\nmargin-bottom:5px;\nmargin-right:3px;\nmargin-left:3px;\n}\n<\/style>\n<a href='#Mathematik-Naturwissenschaft-Technik'  class='avia-button av-10bj4x-625ccbab4471a3e427fc809628b2dd68 avia-icon_select-yes-left-icon avia-size-small avia-color-theme-color'   aria-label=\"Mathematik - Naturwissenschaft - Technik\"><span class='avia_button_icon avia_button_icon_left avia-svg-icon avia-font-svg_entypo-fontello' data-av_svg_icon='chart-line' data-av_iconset='svg_entypo-fontello'><svg version=\"1.1\" xmlns=\"http:\/\/www.w3.org\/2000\/svg\" width=\"32\" height=\"32\" viewBox=\"0 0 32 32\" preserveAspectRatio=\"xMidYMid meet\" aria-labelledby='av-svg-title-17' aria-describedby='av-svg-desc-17' role=\"graphics-symbol\">\n<title id='av-svg-title-17'>Chart-line<\/title>\n<desc id='av-svg-desc-17'>Chart-line<\/desc>\n<path d=\"M1.088 18.112q-1.344-0.32-1.024-1.792 0.32-1.344 1.728-1.024l3.136 0.768-1.664 2.56zM29.568 18.496q0.448-0.384 1.056-0.352t0.992 0.48q1.024 1.024-0.064 2.048l-8.064 7.232q-0.384 0.384-0.96 0.384-0.448 0-0.896-0.32l-9.152-7.040-1.728-0.448 1.6-2.56 1.152 0.256q0.384 0.128 0.512 0.256l8.448 6.528zM13.888 11.456l-11.2 17.6q-0.384 0.704-1.216 0.704-0.384 0-0.768-0.256-0.512-0.32-0.64-0.928t0.192-1.056l11.968-18.816q0.256-0.512 0.896-0.64 0.576-0.192 1.152 0.192l7.872 4.992 7.232-10.432q0.32-0.512 0.896-0.608t1.088 0.288q1.216 0.768 0.384 1.984l-8.064 11.584q-0.768 1.152-1.984 0.384z\"><\/path>\n<\/svg><\/span><span class='avia_iconbox_title' >Mathematik - Naturwissenschaft - Technik<\/span><\/a>\n\n<style type=\"text\/css\" data-created_by=\"avia_inline_auto\" id=\"style-css-av-xxbqp-82584acf8069a7e9ee66a28fe51d5078\">\n#top #wrap_all .avia-button.av-xxbqp-82584acf8069a7e9ee66a28fe51d5078{\nmargin-bottom:5px;\nmargin-right:3px;\nmargin-left:3px;\n}\n<\/style>\n<a href='#Musik'  class='avia-button av-xxbqp-82584acf8069a7e9ee66a28fe51d5078 avia-icon_select-yes-left-icon avia-size-small avia-color-theme-color'   aria-label=\"Musik\"><span class='avia_button_icon avia_button_icon_left avia-iconfont avia-font-entypo-fontello' data-av_icon='\ue800' data-av_iconfont='entypo-fontello' ><\/span><span class='avia_iconbox_title' >Musik<\/span><\/a>\n\n<style type=\"text\/css\" data-created_by=\"avia_inline_auto\" id=\"style-css-av-ozvzd-8590405038d827de4e6775056b1ddfe9\">\n#top #wrap_all .avia-button.av-ozvzd-8590405038d827de4e6775056b1ddfe9{\nmargin-bottom:5px;\nmargin-right:3px;\nmargin-left:3px;\n}\n<\/style>\n<a href='#Kunst-Theater'  class='avia-button av-ozvzd-8590405038d827de4e6775056b1ddfe9 avia-icon_select-yes-left-icon avia-size-small avia-color-theme-color'   aria-label=\"Kunst\/Theater\"><span class='avia_button_icon avia_button_icon_left avia-svg-icon avia-font-svg_entypo-fontello' data-av_svg_icon='megaphone' data-av_iconset='svg_entypo-fontello'><svg version=\"1.1\" xmlns=\"http:\/\/www.w3.org\/2000\/svg\" width=\"28\" height=\"32\" viewBox=\"0 0 28 32\" preserveAspectRatio=\"xMidYMid meet\" aria-labelledby='av-svg-title-18' aria-describedby='av-svg-desc-18' role=\"graphics-symbol\">\n<title id='av-svg-title-18'>Megaphone<\/title>\n<desc id='av-svg-desc-18'>Megaphone<\/desc>\n<path d=\"M25.344 11.2q1.856 4.416 2.144 8.256t-1.248 4.48q-0.896 0.384-1.952-0.096t-2.080-1.28-3.168-1.312-4.768-0.256q-0.896 0.128-1.344 0.608t-0.192 1.184q0.704 1.792 1.472 3.456 0.128 0.32 0.768 0.704t0.768 0.64q0.448 1.088-0.704 1.472-1.6 0.704-3.264 1.28-0.96 0.32-1.728-1.344-1.024-2.432-1.856-4.224-0.192-0.384-1.088-0.544t-1.472-0.992q-0.96 0.32-1.216 0.448-1.088 0.384-2.368-0.384t-1.728-1.92q-0.544-1.024-0.16-2.528t1.376-1.952q4.032-1.664 6.816-3.456t3.968-3.296 1.888-2.944 0.8-2.496 0.48-1.888 1.152-1.152q1.536-0.64 4.16 2.24t4.544 7.296zM24.448 20.8q0.256-0.128 0.32-1.216t-0.352-3.136-1.312-4.096q-0.896-2.112-2.144-3.936t-2.144-2.688-1.152-0.736-0.32 1.344 0.32 3.36 1.28 4.256 2.176 3.808 2.176 2.432 1.152 0.608z\"><\/path>\n<\/svg><\/span><span class='avia_iconbox_title' >Kunst\/Theater<\/span><\/a>\n\n<style type=\"text\/css\" data-created_by=\"avia_inline_auto\" id=\"style-css-av-lcprd-696a6f69336eadd0ddb50b4d3eb0fe1e\">\n#top #wrap_all .avia-button.av-lcprd-696a6f69336eadd0ddb50b4d3eb0fe1e{\nmargin-bottom:5px;\nmargin-right:3px;\nmargin-left:3px;\n}\n<\/style>\n<a href='#Sprachen'  class='avia-button av-lcprd-696a6f69336eadd0ddb50b4d3eb0fe1e avia-icon_select-yes-left-icon avia-size-small avia-color-theme-color'   aria-label=\"Sprachen\"><span class='avia_button_icon avia_button_icon_left avia-svg-icon avia-font-svg_entypo-fontello' data-av_svg_icon='sound' data-av_iconset='svg_entypo-fontello'><svg version=\"1.1\" xmlns=\"http:\/\/www.w3.org\/2000\/svg\" width=\"29\" height=\"32\" viewBox=\"0 0 29 32\" preserveAspectRatio=\"xMidYMid meet\" aria-labelledby='av-svg-title-19' aria-describedby='av-svg-desc-19' role=\"graphics-symbol\">\n<title id='av-svg-title-19'>Sound<\/title>\n<desc id='av-svg-desc-19'>Sound<\/desc>\n<path d=\"M5.632 8.384q1.344-1.344 4.768 0.16t6.944 5.024 5.024 6.944 0.16 4.768q-0.896 0.896-2.944 2.144t-4.992 2.496-6.208 0.928-5.632-2.688-2.688-5.632 0.928-6.208 2.496-4.992 2.144-2.944zM20.48 23.744q0.256-0.32-0.096-1.568t-1.568-3.232-3.072-3.776q-1.792-1.856-3.776-3.072t-3.232-1.568-1.568-0.096q-0.256 0.32 0.096 1.568t1.568 3.232 3.008 3.84q1.856 1.792 3.84 3.008t3.232 1.568 1.568 0.096zM20.672 11.136q-0.576 0-1.088-0.512-0.512-0.448-0.512-1.12t0.512-1.12l3.008-3.072q1.152-1.024 2.304 0 1.024 1.152 0 2.304l-3.072 3.008q-0.512 0.512-1.152 0.512zM14.912 7.168q-0.576-0.32-0.736-0.96t0.16-1.216l1.728-3.072q0.832-1.408 2.176-0.64 0.576 0.32 0.736 0.96t-0.16 1.216l-1.728 3.072q-0.448 0.832-1.344 0.832-0.448 0-0.832-0.192zM28.928 11.968q0.32 0.576 0.128 1.216t-0.768 0.96l-3.072 1.728q-0.512 0.256-0.768 0.256-0.896 0-1.408-0.832-0.32-0.576-0.128-1.216t0.768-0.96l3.072-1.728q0.576-0.32 1.216-0.16t0.96 0.736z\"><\/path>\n<\/svg><\/span><span class='avia_iconbox_title' >Sprachen<\/span><\/a>\n\n<style type=\"text\/css\" data-created_by=\"avia_inline_auto\" id=\"style-css-av-dmscx-76117fba6c9b1878fbe8afec018f4217\">\n#top #wrap_all .avia-button.av-dmscx-76117fba6c9b1878fbe8afec018f4217{\nmargin-bottom:5px;\nmargin-right:3px;\nmargin-left:3px;\n}\n<\/style>\n<a href='#Sport'  class='avia-button av-dmscx-76117fba6c9b1878fbe8afec018f4217 avia-icon_select-yes-left-icon avia-size-small avia-color-theme-color'   aria-label=\"Sport\"><span class='avia_button_icon avia_button_icon_left avia-svg-icon avia-font-svg_entypo-fontello' data-av_svg_icon='rocket' data-av_iconset='svg_entypo-fontello'><svg version=\"1.1\" xmlns=\"http:\/\/www.w3.org\/2000\/svg\" width=\"28\" height=\"32\" viewBox=\"0 0 28 32\" preserveAspectRatio=\"xMidYMid meet\" aria-labelledby='av-svg-title-20' aria-describedby='av-svg-desc-20' role=\"graphics-symbol\">\n<title id='av-svg-title-20'>Rocket<\/title>\n<desc id='av-svg-desc-20'>Rocket<\/desc>\n<path d=\"M17.376 19.648q0.192 1.6 0.256 2.592t-0.256 1.888-0.416 1.28-1.12 1.024-1.44 0.832-2.24 0.992-2.72 1.184q-1.024 0.384-1.44-0.128t-0.096-1.408l1.28-3.52-4.16-4.224-3.392 1.28q-0.896 0.384-1.376-0.064t-0.096-1.472q0.384-0.96 0.992-2.528t0.864-2.080 0.704-1.44 0.8-1.152 0.928-0.64 1.312-0.416h1.664t2.272 0.192q0.32-0.448 0.928-1.248t2.464-2.72 3.776-3.328 4.64-2.4 5.28-0.608q0.256 0 0.448 0.192 0.128 0.128 0.192 0.448 0.32 2.624-0.576 5.376t-2.432 4.832-3.136 3.776-2.752 2.592zM18.976 10.176q0.704 0.704 1.728 0.704t1.728-0.704q0.704-0.768 0.704-1.792t-0.704-1.792q-0.704-0.704-1.728-0.704t-1.728 0.704q-0.704 0.768-0.704 1.792t0.704 1.792z\"><\/path>\n<\/svg><\/span><span class='avia_iconbox_title' >Sport<\/span><\/a>\n\n<style type=\"text\/css\" data-created_by=\"avia_inline_auto\" id=\"style-css-av-9y4w9-78c194d3d3ff2e4fc6be9d71f3004dfc\">\n#top #wrap_all .avia-button.av-9y4w9-78c194d3d3ff2e4fc6be9d71f3004dfc{\nmargin-bottom:5px;\nmargin-right:3px;\nmargin-left:3px;\n}\n<\/style>\n<a href='#Sonstiges'  class='avia-button av-9y4w9-78c194d3d3ff2e4fc6be9d71f3004dfc avia-icon_select-yes-left-icon avia-size-small avia-color-theme-color'   aria-label=\"Sonstiges\"><span class='avia_button_icon avia_button_icon_left avia-svg-icon avia-font-svg_entypo-fontello' data-av_svg_icon='bell' data-av_iconset='svg_entypo-fontello'><svg version=\"1.1\" xmlns=\"http:\/\/www.w3.org\/2000\/svg\" width=\"26\" height=\"32\" viewBox=\"0 0 26 32\" preserveAspectRatio=\"xMidYMid meet\" aria-labelledby='av-svg-title-21' aria-describedby='av-svg-desc-21' role=\"graphics-symbol\">\n<title id='av-svg-title-21'>Bell<\/title>\n<desc id='av-svg-desc-21'>Bell<\/desc>\n<path d=\"M20.224 13.568q0.512 1.088 1.28 1.664t1.44 0.704 1.408 0.736 1.12 1.76q0.704 1.984-2.368 5.152t-8.064 5.024q-5.248 1.856-9.504 1.44t-4.96-2.4q-0.64-1.728 0.384-3.552t0.576-3.552q-1.792-6.144-1.504-9.6t3.616-6.144q0.832-0.704 0.928-1.632t0.928-1.248q0.768-0.256 1.472 0.384t1.792 0.576q4.224-0.064 6.336 2.112t5.12 8.576zM14.272 26.496q2.816-1.024 5.088-2.72t3.2-2.912 0.8-1.6q-0.256-0.704-1.568-1.056t-3.968-0.032-5.984 1.536q-3.264 1.216-5.536 2.784t-3.008 2.688-0.544 1.696q0.128 0.384 1.6 0.704t4.288 0.128 5.632-1.216zM12.288 20.928q0.256-0.064 0.672-0.224t0.544-0.224l0.064 0.064q0.448 1.28-0.544 2.656t-2.848 2.016q-3.072 1.152-4.864-0.448 2.496-2.176 6.976-3.84z\"><\/path>\n<\/svg><\/span><span class='avia_iconbox_title' >Sonstiges<\/span><\/a>\n<\/div>\n","protected":false},"excerpt":{"rendered":"","protected":false},"author":2,"featured_media":0,"parent":35,"menu_order":48,"comment_status":"closed","ping_status":"closed","template":"","meta":{"footnotes":""},"class_list":["post-193","page","type-page","status-publish","hentry"],"_links":{"self":[{"href":"https:\/\/www.gym-toelz.de\/index.php\/wp-json\/wp\/v2\/pages\/193","targetHints":{"allow":["GET"]}}],"collection":[{"href":"https:\/\/www.gym-toelz.de\/index.php\/wp-json\/wp\/v2\/pages"}],"about":[{"href":"https:\/\/www.gym-toelz.de\/index.php\/wp-json\/wp\/v2\/types\/page"}],"author":[{"embeddable":true,"href":"https:\/\/www.gym-toelz.de\/index.php\/wp-json\/wp\/v2\/users\/2"}],"replies":[{"embeddable":true,"href":"https:\/\/www.gym-toelz.de\/index.php\/wp-json\/wp\/v2\/comments?post=193"}],"version-history":[{"count":141,"href":"https:\/\/www.gym-toelz.de\/index.php\/wp-json\/wp\/v2\/pages\/193\/revisions"}],"predecessor-version":[{"id":2991,"href":"https:\/\/www.gym-toelz.de\/index.php\/wp-json\/wp\/v2\/pages\/193\/revisions\/2991"}],"up":[{"embeddable":true,"href":"https:\/\/www.gym-toelz.de\/index.php\/wp-json\/wp\/v2\/pages\/35"}],"wp:attachment":[{"href":"https:\/\/www.gym-toelz.de\/index.php\/wp-json\/wp\/v2\/media?parent=193"}],"curies":[{"name":"wp","href":"https:\/\/api.w.org\/{rel}","templated":true}]}}