{"id":167,"date":"2025-05-16T13:49:34","date_gmt":"2025-05-16T13:49:37","guid":{"rendered":"https:\/\/www.gym-toelz.de\/index.php\/news\/"},"modified":"2026-01-28T16:35:23","modified_gmt":"2026-01-28T15:35:23","slug":"news","status":"publish","type":"page","link":"https:\/\/www.gym-toelz.de\/index.php\/aktuelles\/news\/","title":{"rendered":"Aktuelles"},"content":{"rendered":"<div  class='av-alb-blogposts template-blog  av-blog-meta-author-disabled av-blog-meta-comments-disabled av-blog-meta-html-info-disabled av-blog-meta-tag-disabled '  itemscope=\"itemscope\" itemtype=\"https:\/\/schema.org\/Blog\" ><article class=\"post-entry post-entry-type-standard post-entry-4157 post-loop-1 post-parity-odd single-small with-slider post-4157 post type-post status-publish format-standard has-post-thumbnail hentry category-aktuelles category-sport\"  itemscope=\"itemscope\" itemtype=\"https:\/\/schema.org\/BlogPosting\" ><div class=\"blog-meta\"><a href='https:\/\/www.gym-toelz.de\/index.php\/2026\/04\/29\/kletterteams-erfolgreich\/' class='small-preview'  title=\"Sport_Penzholz_2026_Klettern_Bild 2\"   itemprop=\"image\" itemscope=\"itemscope\" itemtype=\"https:\/\/schema.org\/ImageObject\" ><img decoding=\"async\" loading=\"lazy\" width=\"300\" height=\"225\" src=\"https:\/\/www.gym-toelz.de\/wp-content\/uploads\/2026\/04\/Sport_Penzholz_2026_Klettern_Bild-2-300x225.jpeg\" class=\"wp-image-4156 avia-img-lazy-loading-4156 attachment-medium size-medium wp-post-image\" alt=\"\" srcset=\"https:\/\/www.gym-toelz.de\/wp-content\/uploads\/2026\/04\/Sport_Penzholz_2026_Klettern_Bild-2-300x225.jpeg 300w, https:\/\/www.gym-toelz.de\/wp-content\/uploads\/2026\/04\/Sport_Penzholz_2026_Klettern_Bild-2-1030x773.jpeg 1030w, https:\/\/www.gym-toelz.de\/wp-content\/uploads\/2026\/04\/Sport_Penzholz_2026_Klettern_Bild-2-768x576.jpeg 768w, https:\/\/www.gym-toelz.de\/wp-content\/uploads\/2026\/04\/Sport_Penzholz_2026_Klettern_Bild-2-1536x1152.jpeg 1536w, https:\/\/www.gym-toelz.de\/wp-content\/uploads\/2026\/04\/Sport_Penzholz_2026_Klettern_Bild-2-2048x1536.jpeg 2048w, https:\/\/www.gym-toelz.de\/wp-content\/uploads\/2026\/04\/Sport_Penzholz_2026_Klettern_Bild-2-1500x1125.jpeg 1500w, https:\/\/www.gym-toelz.de\/wp-content\/uploads\/2026\/04\/Sport_Penzholz_2026_Klettern_Bild-2-705x529.jpeg 705w\" sizes=\"auto, (max-width: 300px) 100vw, 300px\" \/><span class='iconfont avia-svg-icon avia-font-svg_entypo-fontello' data-av_svg_icon='pencil' data-av_iconset='svg_entypo-fontello' ><svg version=\"1.1\" xmlns=\"http:\/\/www.w3.org\/2000\/svg\" width=\"25\" height=\"32\" viewBox=\"0 0 25 32\" preserveAspectRatio=\"xMidYMid meet\" role=\"graphics-symbol\" aria-hidden=\"true\">\n<path d=\"M22.976 5.44q1.024 1.024 1.504 2.048t0.48 1.536v0.512l-8.064 8.064-9.28 9.216-7.616 1.664 1.6-7.68 9.28-9.216 8.064-8.064q1.728-0.384 4.032 1.92zM7.168 25.92l0.768-0.768q-0.064-1.408-1.664-3.008-0.704-0.704-1.44-1.12t-1.12-0.416l-0.448-0.064-0.704 0.768-0.576 2.56q0.896 0.512 1.472 1.088 0.768 0.768 1.152 1.536z\"><\/path>\n<\/svg><\/span><\/a><\/div><div class='entry-content-wrapper clearfix standard-content'><header class=\"entry-content-header\" aria-label=\"Post: Kletterteams erfolgreich!\"><h2 class='post-title entry-title '  itemprop=\"headline\" ><a href=\"https:\/\/www.gym-toelz.de\/index.php\/2026\/04\/29\/kletterteams-erfolgreich\/\" rel=\"bookmark\" title=\"Permanenter Link zu: Kletterteams erfolgreich!\">Kletterteams erfolgreich!<span class=\"post-format-icon minor-meta\"><\/span><\/a><\/h2><span class=\"post-meta-infos\"><time class=\"date-container minor-meta updated\"  itemprop=\"datePublished\" datetime=\"2026-04-29T16:46:13+02:00\" >Mittwoch, April 29, 2026<\/time><span class=\"text-sep\">\/<\/span><span class=\"blog-categories minor-meta\">in <a href=\"https:\/\/www.gym-toelz.de\/index.php\/category\/aktuelles\/\" rel=\"tag\">Aktuelles<\/a>, <a href=\"https:\/\/www.gym-toelz.de\/index.php\/category\/unterricht\/faecher\/sport\/\" rel=\"tag\">Sport<\/a><\/span><\/span><\/header><div class=\"entry-content\"  itemprop=\"text\" ><p>\u201eKlettern boomt!\u201c Bei den Regionalmeisterschaften (Oberbayern-S\u00fcd) traten viele Sch\u00fclerinnen und Sch\u00fcler verschiedener Schulen gegeneinander an und konnten sich im sog. \u201eOlympic combined format\u201c messen. Dabei waren die Disziplinen Speed, Bouldern und Lead zu bew\u00e4ltigen.<\/p>\n<p>In der Kletterhalle Weyarn war das GvS mit zwei Teams vertreten. Alle Teilnehmer kamen dabei auf ihre Kosten: trickreiche und auch kr\u00e4ftige Boulder (d.h. Kletterrouten in Absprungh\u00f6he ohne Seil mit dicken Matten als Sicherung), abwechslungsreiche und anspruchsvolle Kletterrouten bis zum oberen siebten Schwierigkeitsgrad im Vorstieg (\u201eLead\u201c) und als Schmankerl eine Speedroute mit Buzzer und elektronischer Zeitmessung. Dabei wurde den Teilnehmern nicht nur voller physischer Einsatz, sondern auch taktische F\u00e4higkeiten und mutige Entscheidungen abverlangt. Diese vielf\u00e4ltigen Herausforderungen stellen die Besonderheit eines solchen Wettkampfs dar.<\/p>\n<p><img loading=\"lazy\" decoding=\"async\" class=\"aligncenter wp-image-4156 \" src=\"https:\/\/www.gym-toelz.de\/wp-content\/uploads\/2026\/04\/Sport_Penzholz_2026_Klettern_Bild-2-scaled.jpeg\" alt=\"\" width=\"666\" height=\"500\" srcset=\"https:\/\/www.gym-toelz.de\/wp-content\/uploads\/2026\/04\/Sport_Penzholz_2026_Klettern_Bild-2-scaled.jpeg 2560w, https:\/\/www.gym-toelz.de\/wp-content\/uploads\/2026\/04\/Sport_Penzholz_2026_Klettern_Bild-2-300x225.jpeg 300w, https:\/\/www.gym-toelz.de\/wp-content\/uploads\/2026\/04\/Sport_Penzholz_2026_Klettern_Bild-2-1030x773.jpeg 1030w, https:\/\/www.gym-toelz.de\/wp-content\/uploads\/2026\/04\/Sport_Penzholz_2026_Klettern_Bild-2-768x576.jpeg 768w, https:\/\/www.gym-toelz.de\/wp-content\/uploads\/2026\/04\/Sport_Penzholz_2026_Klettern_Bild-2-1536x1152.jpeg 1536w, https:\/\/www.gym-toelz.de\/wp-content\/uploads\/2026\/04\/Sport_Penzholz_2026_Klettern_Bild-2-2048x1536.jpeg 2048w, https:\/\/www.gym-toelz.de\/wp-content\/uploads\/2026\/04\/Sport_Penzholz_2026_Klettern_Bild-2-1500x1125.jpeg 1500w, https:\/\/www.gym-toelz.de\/wp-content\/uploads\/2026\/04\/Sport_Penzholz_2026_Klettern_Bild-2-705x529.jpeg 705w\" sizes=\"auto, (max-width: 666px) 100vw, 666px\" \/><\/p>\n<p style=\"text-align: center;\"><em>GvS-Klettermannschaft beim Bezirksfinale<\/em><\/p>\n<p>In der Wettkampfklasse III war das Team des GvS eines der J\u00fcngsten. In ihrem jeweils ersten Kletterwettkampf konnten Robin T\u00fcrnau (5c), Luisa Trischler (5c), Lisa Reploh (6b) und Clara Schinabeck (5d) viel Erfahrung gewinnen und sich dabei einen 8. Platz erk\u00e4mpfen.<\/p>\n<p><img loading=\"lazy\" decoding=\"async\" class=\"aligncenter wp-image-4155 \" src=\"https:\/\/www.gym-toelz.de\/wp-content\/uploads\/2026\/04\/Sport_Penzholz_2026_Klettern_Bild-1-scaled.jpeg\" alt=\"\" width=\"671\" height=\"895\" srcset=\"https:\/\/www.gym-toelz.de\/wp-content\/uploads\/2026\/04\/Sport_Penzholz_2026_Klettern_Bild-1-scaled.jpeg 1920w, https:\/\/www.gym-toelz.de\/wp-content\/uploads\/2026\/04\/Sport_Penzholz_2026_Klettern_Bild-1-225x300.jpeg 225w, https:\/\/www.gym-toelz.de\/wp-content\/uploads\/2026\/04\/Sport_Penzholz_2026_Klettern_Bild-1-773x1030.jpeg 773w, https:\/\/www.gym-toelz.de\/wp-content\/uploads\/2026\/04\/Sport_Penzholz_2026_Klettern_Bild-1-768x1024.jpeg 768w, https:\/\/www.gym-toelz.de\/wp-content\/uploads\/2026\/04\/Sport_Penzholz_2026_Klettern_Bild-1-1152x1536.jpeg 1152w, https:\/\/www.gym-toelz.de\/wp-content\/uploads\/2026\/04\/Sport_Penzholz_2026_Klettern_Bild-1-1536x2048.jpeg 1536w, https:\/\/www.gym-toelz.de\/wp-content\/uploads\/2026\/04\/Sport_Penzholz_2026_Klettern_Bild-1-1125x1500.jpeg 1125w, https:\/\/www.gym-toelz.de\/wp-content\/uploads\/2026\/04\/Sport_Penzholz_2026_Klettern_Bild-1-529x705.jpeg 529w\" sizes=\"auto, (max-width: 671px) 100vw, 671px\" \/><\/p>\n<p style=\"text-align: center;\"><em>Viel Fingerkraft bei Boulderproblem Nummer 4<\/em><\/p>\n<p>In der Wettkampfklasse II war das Team des GvS konnten sich Marinus Egerer (9a), Korbinian Glei\u00dfl (9c), Franziska Kolbinger (11b) und Jana Beck (9b) locker den zweiten Platz sichern. Damit war das Team souver\u00e4n f\u00fcr die n\u00e4chste Runde \u2013 dem Bezirksfinale \u2013 in Rosenheim qualifiziert. Dort erwartete das GvS-Team nochmal ein Wettkampf mit der bekannten Mischung aus Speed, Bouldern und Lead, aber auf deutlich h\u00f6herem Niveau. Unsere Kletterinnen und Kletterer zeigten beim Bouldern eine sehr gute Leistung, beim Speed waren sich auch unter den ersten drei Teams, aber die Lead-Ergebnisse waren insgesamt punktem\u00e4\u00dfig etwas unter dem Durchschnitt der beiden anderen Disziplinen. So blieb in der Endabrechnung nur der undankbare vierte Platz und das Gef\u00fchl, dass mit etwas mehr Gl\u00fcck und einer Portion Extra-Power durchaus auch ein Platz auf dem Podest m\u00f6glich gewesen w\u00e4re. Das Ziel f\u00fcr das n\u00e4chste Schuljahr ist damit schon klar \u2026!<\/p>\n<p>Christian Penzholz<\/p>\n<p>&nbsp;<\/p>\n<\/div><footer class=\"entry-footer\"><\/footer><div class='post_delimiter'><\/div><\/div><div class=\"post_author_timeline\"><\/div><span class='hidden'>\n\t\t\t\t<span class='av-structured-data'  itemprop=\"image\" itemscope=\"itemscope\" itemtype=\"https:\/\/schema.org\/ImageObject\" >\n\t\t\t\t\t\t<span itemprop='url'>https:\/\/www.gym-toelz.de\/wp-content\/uploads\/2026\/04\/Sport_Penzholz_2026_Klettern_Bild-2-scaled.jpeg<\/span>\n\t\t\t\t\t\t<span itemprop='height'>1920<\/span>\n\t\t\t\t\t\t<span itemprop='width'>2560<\/span>\n\t\t\t\t<\/span>\n\t\t\t\t<span class='av-structured-data'  itemprop=\"publisher\" itemtype=\"https:\/\/schema.org\/Organization\" itemscope=\"itemscope\" >\n\t\t\t\t\t\t<span itemprop='name'>Hanno Froehlich<\/span>\n\t\t\t\t\t\t<span itemprop='logo' itemscope itemtype='https:\/\/schema.org\/ImageObject'>\n\t\t\t\t\t\t\t<span itemprop='url'>https:\/\/www.gym-toelz.de\/wp-content\/uploads\/2025\/06\/schriftzug-Kopf-weissGVS_Logo-klein-300x114.png<\/span>\n\t\t\t\t\t\t<\/span>\n\t\t\t\t<\/span><span class='av-structured-data'  itemprop=\"author\" itemscope=\"itemscope\" itemtype=\"https:\/\/schema.org\/Person\" ><span itemprop='name'>Hanno Froehlich<\/span><\/span><span class='av-structured-data'  itemprop=\"datePublished\" datetime=\"2026-04-29T16:46:13+02:00\" >2026-04-29 16:46:13<\/span><span class='av-structured-data'  itemprop=\"dateModified\" itemtype=\"https:\/\/schema.org\/dateModified\" >2026-04-29 16:46:13<\/span><span class='av-structured-data'  itemprop=\"mainEntityOfPage\" itemtype=\"https:\/\/schema.org\/mainEntityOfPage\" ><span itemprop='name'>Kletterteams erfolgreich!<\/span><\/span><\/span><\/article><article class=\"post-entry post-entry-type-standard post-entry-4149 post-loop-2 post-parity-even single-small with-slider post-4149 post type-post status-publish format-standard has-post-thumbnail hentry category-aktuelles\"  itemscope=\"itemscope\" itemtype=\"https:\/\/schema.org\/BlogPosting\" ><div class=\"blog-meta\"><a href='https:\/\/www.gym-toelz.de\/index.php\/2026\/04\/29\/4149\/' class='small-preview'  title=\"Schulradeln_Klassenzimmer-Aushang-2026\"   itemprop=\"image\" itemscope=\"itemscope\" itemtype=\"https:\/\/schema.org\/ImageObject\" ><img decoding=\"async\" loading=\"lazy\" width=\"300\" height=\"212\" src=\"https:\/\/www.gym-toelz.de\/wp-content\/uploads\/2026\/04\/Schulradeln_Klassenzimmer-Aushang-2026-300x212.jpg\" class=\"wp-image-4164 avia-img-lazy-loading-4164 attachment-medium size-medium wp-post-image\" alt=\"\" srcset=\"https:\/\/www.gym-toelz.de\/wp-content\/uploads\/2026\/04\/Schulradeln_Klassenzimmer-Aushang-2026-300x212.jpg 300w, https:\/\/www.gym-toelz.de\/wp-content\/uploads\/2026\/04\/Schulradeln_Klassenzimmer-Aushang-2026-1030x729.jpg 1030w, https:\/\/www.gym-toelz.de\/wp-content\/uploads\/2026\/04\/Schulradeln_Klassenzimmer-Aushang-2026-768x543.jpg 768w, https:\/\/www.gym-toelz.de\/wp-content\/uploads\/2026\/04\/Schulradeln_Klassenzimmer-Aushang-2026-1536x1087.jpg 1536w, https:\/\/www.gym-toelz.de\/wp-content\/uploads\/2026\/04\/Schulradeln_Klassenzimmer-Aushang-2026-2048x1449.jpg 2048w, https:\/\/www.gym-toelz.de\/wp-content\/uploads\/2026\/04\/Schulradeln_Klassenzimmer-Aushang-2026-1500x1061.jpg 1500w, https:\/\/www.gym-toelz.de\/wp-content\/uploads\/2026\/04\/Schulradeln_Klassenzimmer-Aushang-2026-260x185.jpg 260w, https:\/\/www.gym-toelz.de\/wp-content\/uploads\/2026\/04\/Schulradeln_Klassenzimmer-Aushang-2026-705x499.jpg 705w\" sizes=\"auto, (max-width: 300px) 100vw, 300px\" \/><span class='iconfont avia-svg-icon avia-font-svg_entypo-fontello' data-av_svg_icon='pencil' data-av_iconset='svg_entypo-fontello' ><svg version=\"1.1\" xmlns=\"http:\/\/www.w3.org\/2000\/svg\" width=\"25\" height=\"32\" viewBox=\"0 0 25 32\" preserveAspectRatio=\"xMidYMid meet\" role=\"graphics-symbol\" aria-hidden=\"true\">\n<path d=\"M22.976 5.44q1.024 1.024 1.504 2.048t0.48 1.536v0.512l-8.064 8.064-9.28 9.216-7.616 1.664 1.6-7.68 9.28-9.216 8.064-8.064q1.728-0.384 4.032 1.92zM7.168 25.92l0.768-0.768q-0.064-1.408-1.664-3.008-0.704-0.704-1.44-1.12t-1.12-0.416l-0.448-0.064-0.704 0.768-0.576 2.56q0.896 0.512 1.472 1.088 0.768 0.768 1.152 1.536z\"><\/path>\n<\/svg><\/span><\/a><\/div><div class='entry-content-wrapper clearfix standard-content'><header class=\"entry-content-header\" aria-label=\"Post: Schulradl\u00b4n 2026\"><h2 class='post-title entry-title '  itemprop=\"headline\" ><a href=\"https:\/\/www.gym-toelz.de\/index.php\/2026\/04\/29\/4149\/\" rel=\"bookmark\" title=\"Permanenter Link zu: Schulradl\u00b4n 2026\">Schulradl\u00b4n 2026<span class=\"post-format-icon minor-meta\"><\/span><\/a><\/h2><span class=\"post-meta-infos\"><time class=\"date-container minor-meta updated\"  itemprop=\"datePublished\" datetime=\"2026-04-29T12:06:52+02:00\" >Mittwoch, April 29, 2026<\/time><span class=\"text-sep\">\/<\/span><span class=\"blog-categories minor-meta\">in <a href=\"https:\/\/www.gym-toelz.de\/index.php\/category\/aktuelles\/\" rel=\"tag\">Aktuelles<\/a><\/span><\/span><\/header><div class=\"entry-content\"  itemprop=\"text\" ><p style=\"text-align: center;\"><span style=\"color: #ff6600; font-size: 14pt;\"><strong>ACHTUNG! Der Beginn f\u00fcr das Schulradln ist am 02. Mai und nicht wie angek\u00fcndigt am 05. Mai!!<\/strong><\/span><\/p>\n<p><a href=\"https:\/\/www.gym-toelz.de\/wp-content\/uploads\/2026\/04\/Schulradeln_Klassenzimmer-Aushang-2026.pdf\" target=\"_blank\" rel=\"noopener\"><img loading=\"lazy\" decoding=\"async\" class=\"aligncenter wp-image-4164 size-full\" src=\"https:\/\/www.gym-toelz.de\/wp-content\/uploads\/2026\/04\/Schulradeln_Klassenzimmer-Aushang-2026.jpg\" alt=\"\" width=\"2560\" height=\"1811\" srcset=\"https:\/\/www.gym-toelz.de\/wp-content\/uploads\/2026\/04\/Schulradeln_Klassenzimmer-Aushang-2026.jpg 2560w, https:\/\/www.gym-toelz.de\/wp-content\/uploads\/2026\/04\/Schulradeln_Klassenzimmer-Aushang-2026-300x212.jpg 300w, https:\/\/www.gym-toelz.de\/wp-content\/uploads\/2026\/04\/Schulradeln_Klassenzimmer-Aushang-2026-1030x729.jpg 1030w, https:\/\/www.gym-toelz.de\/wp-content\/uploads\/2026\/04\/Schulradeln_Klassenzimmer-Aushang-2026-768x543.jpg 768w, https:\/\/www.gym-toelz.de\/wp-content\/uploads\/2026\/04\/Schulradeln_Klassenzimmer-Aushang-2026-1536x1087.jpg 1536w, https:\/\/www.gym-toelz.de\/wp-content\/uploads\/2026\/04\/Schulradeln_Klassenzimmer-Aushang-2026-2048x1449.jpg 2048w, https:\/\/www.gym-toelz.de\/wp-content\/uploads\/2026\/04\/Schulradeln_Klassenzimmer-Aushang-2026-1500x1061.jpg 1500w, https:\/\/www.gym-toelz.de\/wp-content\/uploads\/2026\/04\/Schulradeln_Klassenzimmer-Aushang-2026-260x185.jpg 260w, https:\/\/www.gym-toelz.de\/wp-content\/uploads\/2026\/04\/Schulradeln_Klassenzimmer-Aushang-2026-705x499.jpg 705w\" sizes=\"auto, (max-width: 2560px) 100vw, 2560px\" \/><\/a><\/p>\n<\/div><footer class=\"entry-footer\"><\/footer><div class='post_delimiter'><\/div><\/div><div class=\"post_author_timeline\"><\/div><span class='hidden'>\n\t\t\t\t<span class='av-structured-data'  itemprop=\"image\" itemscope=\"itemscope\" itemtype=\"https:\/\/schema.org\/ImageObject\" >\n\t\t\t\t\t\t<span itemprop='url'>https:\/\/www.gym-toelz.de\/wp-content\/uploads\/2026\/04\/Schulradeln_Klassenzimmer-Aushang-2026.jpg<\/span>\n\t\t\t\t\t\t<span itemprop='height'>1811<\/span>\n\t\t\t\t\t\t<span itemprop='width'>2560<\/span>\n\t\t\t\t<\/span>\n\t\t\t\t<span class='av-structured-data'  itemprop=\"publisher\" itemtype=\"https:\/\/schema.org\/Organization\" itemscope=\"itemscope\" >\n\t\t\t\t\t\t<span itemprop='name'>Hanno Froehlich<\/span>\n\t\t\t\t\t\t<span itemprop='logo' itemscope itemtype='https:\/\/schema.org\/ImageObject'>\n\t\t\t\t\t\t\t<span itemprop='url'>https:\/\/www.gym-toelz.de\/wp-content\/uploads\/2025\/06\/schriftzug-Kopf-weissGVS_Logo-klein-300x114.png<\/span>\n\t\t\t\t\t\t<\/span>\n\t\t\t\t<\/span><span class='av-structured-data'  itemprop=\"author\" itemscope=\"itemscope\" itemtype=\"https:\/\/schema.org\/Person\" ><span itemprop='name'>Hanno Froehlich<\/span><\/span><span class='av-structured-data'  itemprop=\"datePublished\" datetime=\"2026-04-29T12:06:52+02:00\" >2026-04-29 12:06:52<\/span><span class='av-structured-data'  itemprop=\"dateModified\" itemtype=\"https:\/\/schema.org\/dateModified\" >2026-04-29 20:51:58<\/span><span class='av-structured-data'  itemprop=\"mainEntityOfPage\" itemtype=\"https:\/\/schema.org\/mainEntityOfPage\" ><span itemprop='name'>Schulradl\u00b4n 2026<\/span><\/span><\/span><\/article><article class=\"post-entry post-entry-type-standard post-entry-4123 post-loop-3 post-parity-odd single-small with-slider post-4123 post type-post status-publish format-standard has-post-thumbnail hentry category-aktuelles category-biologie category-wahlkurse\"  itemscope=\"itemscope\" itemtype=\"https:\/\/schema.org\/BlogPosting\" ><div class=\"blog-meta\"><a href='https:\/\/www.gym-toelz.de\/index.php\/2026\/04\/23\/kroeten-fuer-kroeten\/' class='small-preview'  title=\"Screenshot\"   itemprop=\"image\" itemscope=\"itemscope\" itemtype=\"https:\/\/schema.org\/ImageObject\" ><img decoding=\"async\" loading=\"lazy\" width=\"204\" height=\"300\" src=\"https:\/\/www.gym-toelz.de\/wp-content\/uploads\/2026\/04\/kroeten-fuer-kroeten-204x300.jpeg\" class=\"wp-image-4122 avia-img-lazy-loading-4122 attachment-medium size-medium wp-post-image\" alt=\"\" srcset=\"https:\/\/www.gym-toelz.de\/wp-content\/uploads\/2026\/04\/kroeten-fuer-kroeten-204x300.jpeg 204w, https:\/\/www.gym-toelz.de\/wp-content\/uploads\/2026\/04\/kroeten-fuer-kroeten-701x1030.jpeg 701w, https:\/\/www.gym-toelz.de\/wp-content\/uploads\/2026\/04\/kroeten-fuer-kroeten-768x1129.jpeg 768w, https:\/\/www.gym-toelz.de\/wp-content\/uploads\/2026\/04\/kroeten-fuer-kroeten-1045x1536.jpeg 1045w, https:\/\/www.gym-toelz.de\/wp-content\/uploads\/2026\/04\/kroeten-fuer-kroeten-1020x1500.jpeg 1020w, https:\/\/www.gym-toelz.de\/wp-content\/uploads\/2026\/04\/kroeten-fuer-kroeten-480x705.jpeg 480w, https:\/\/www.gym-toelz.de\/wp-content\/uploads\/2026\/04\/kroeten-fuer-kroeten.jpeg 1162w\" sizes=\"auto, (max-width: 204px) 100vw, 204px\" \/><span class='iconfont avia-svg-icon avia-font-svg_entypo-fontello' data-av_svg_icon='pencil' data-av_iconset='svg_entypo-fontello' ><svg version=\"1.1\" xmlns=\"http:\/\/www.w3.org\/2000\/svg\" width=\"25\" height=\"32\" viewBox=\"0 0 25 32\" preserveAspectRatio=\"xMidYMid meet\" role=\"graphics-symbol\" aria-hidden=\"true\">\n<path d=\"M22.976 5.44q1.024 1.024 1.504 2.048t0.48 1.536v0.512l-8.064 8.064-9.28 9.216-7.616 1.664 1.6-7.68 9.28-9.216 8.064-8.064q1.728-0.384 4.032 1.92zM7.168 25.92l0.768-0.768q-0.064-1.408-1.664-3.008-0.704-0.704-1.44-1.12t-1.12-0.416l-0.448-0.064-0.704 0.768-0.576 2.56q0.896 0.512 1.472 1.088 0.768 0.768 1.152 1.536z\"><\/path>\n<\/svg><\/span><\/a><\/div><div class='entry-content-wrapper clearfix standard-content'><header class=\"entry-content-header\" aria-label=\"Post: Kr\u00f6ten f\u00fcr Kr\u00f6ten!\"><h2 class='post-title entry-title '  itemprop=\"headline\" ><a href=\"https:\/\/www.gym-toelz.de\/index.php\/2026\/04\/23\/kroeten-fuer-kroeten\/\" rel=\"bookmark\" title=\"Permanenter Link zu: Kr\u00f6ten f\u00fcr Kr\u00f6ten!\">Kr\u00f6ten f\u00fcr Kr\u00f6ten!<span class=\"post-format-icon minor-meta\"><\/span><\/a><\/h2><span class=\"post-meta-infos\"><time class=\"date-container minor-meta updated\"  itemprop=\"datePublished\" datetime=\"2026-04-23T18:46:44+02:00\" >Donnerstag, April 23, 2026<\/time><span class=\"text-sep\">\/<\/span><span class=\"blog-categories minor-meta\">in <a href=\"https:\/\/www.gym-toelz.de\/index.php\/category\/aktuelles\/\" rel=\"tag\">Aktuelles<\/a>, <a href=\"https:\/\/www.gym-toelz.de\/index.php\/category\/unterricht\/faecher\/biologie\/\" rel=\"tag\">Biologie<\/a>, <a href=\"https:\/\/www.gym-toelz.de\/index.php\/category\/angeboteaktivitaeten\/wahlkurse\/\" rel=\"tag\">Wahlkurse<\/a><\/span><\/span><\/header><div class=\"entry-content\"  itemprop=\"text\" ><p><img loading=\"lazy\" decoding=\"async\" class=\"alignright wp-image-4122 \" src=\"https:\/\/www.gym-toelz.de\/wp-content\/uploads\/2026\/04\/kroeten-fuer-kroeten.jpeg\" alt=\"\" width=\"290\" height=\"426\" srcset=\"https:\/\/www.gym-toelz.de\/wp-content\/uploads\/2026\/04\/kroeten-fuer-kroeten.jpeg 1162w, https:\/\/www.gym-toelz.de\/wp-content\/uploads\/2026\/04\/kroeten-fuer-kroeten-204x300.jpeg 204w, https:\/\/www.gym-toelz.de\/wp-content\/uploads\/2026\/04\/kroeten-fuer-kroeten-701x1030.jpeg 701w, https:\/\/www.gym-toelz.de\/wp-content\/uploads\/2026\/04\/kroeten-fuer-kroeten-768x1129.jpeg 768w, https:\/\/www.gym-toelz.de\/wp-content\/uploads\/2026\/04\/kroeten-fuer-kroeten-1045x1536.jpeg 1045w, https:\/\/www.gym-toelz.de\/wp-content\/uploads\/2026\/04\/kroeten-fuer-kroeten-1020x1500.jpeg 1020w, https:\/\/www.gym-toelz.de\/wp-content\/uploads\/2026\/04\/kroeten-fuer-kroeten-480x705.jpeg 480w\" sizes=\"auto, (max-width: 290px) 100vw, 290px\" \/><\/p>\n<p>Die Sch\u00fclerInnen des Wahlkurses \u201eUmweltgruppe\u201c sammelten in der LBV-Sammelwoche 2026 (16. bis 22. M\u00e4rz) 262 Euro im Familien- und Freundeskreis. Das gesammelte Geld flie\u00dft in regionale Naturschutzarbeit. So k\u00f6nnen Moorlandschaften renaturiert, stark bedrohte Tier- und Pflanzenarten gesch\u00fctzt und wertvolle Biotopfl\u00e4chen gekauft werden. Ein weiterer Teil des Geldes flie\u00dft in den Erhalt von Umweltstationen ein, denn Bildung ist ein zentraler Aspekt f\u00fcr eine nachhaltige und lebenswerte Zukunft.<br \/>\nVielen Dank f\u00fcr den tollen Einsatz!<\/p>\n<\/div><footer class=\"entry-footer\"><\/footer><div class='post_delimiter'><\/div><\/div><div class=\"post_author_timeline\"><\/div><span class='hidden'>\n\t\t\t\t<span class='av-structured-data'  itemprop=\"image\" itemscope=\"itemscope\" itemtype=\"https:\/\/schema.org\/ImageObject\" >\n\t\t\t\t\t\t<span itemprop='url'>https:\/\/www.gym-toelz.de\/wp-content\/uploads\/2026\/04\/kroeten-fuer-kroeten.jpeg<\/span>\n\t\t\t\t\t\t<span itemprop='height'>1708<\/span>\n\t\t\t\t\t\t<span itemprop='width'>1162<\/span>\n\t\t\t\t<\/span>\n\t\t\t\t<span class='av-structured-data'  itemprop=\"publisher\" itemtype=\"https:\/\/schema.org\/Organization\" itemscope=\"itemscope\" >\n\t\t\t\t\t\t<span itemprop='name'>Hanno Froehlich<\/span>\n\t\t\t\t\t\t<span itemprop='logo' itemscope itemtype='https:\/\/schema.org\/ImageObject'>\n\t\t\t\t\t\t\t<span itemprop='url'>https:\/\/www.gym-toelz.de\/wp-content\/uploads\/2025\/06\/schriftzug-Kopf-weissGVS_Logo-klein-300x114.png<\/span>\n\t\t\t\t\t\t<\/span>\n\t\t\t\t<\/span><span class='av-structured-data'  itemprop=\"author\" itemscope=\"itemscope\" itemtype=\"https:\/\/schema.org\/Person\" ><span itemprop='name'>Hanno Froehlich<\/span><\/span><span class='av-structured-data'  itemprop=\"datePublished\" datetime=\"2026-04-23T18:46:44+02:00\" >2026-04-23 18:46:44<\/span><span class='av-structured-data'  itemprop=\"dateModified\" itemtype=\"https:\/\/schema.org\/dateModified\" >2026-04-23 18:48:33<\/span><span class='av-structured-data'  itemprop=\"mainEntityOfPage\" itemtype=\"https:\/\/schema.org\/mainEntityOfPage\" ><span itemprop='name'>Kr\u00f6ten f\u00fcr Kr\u00f6ten!<\/span><\/span><\/span><\/article><article class=\"post-entry post-entry-type-standard post-entry-4111 post-loop-4 post-parity-even single-small with-slider post-4111 post type-post status-publish format-standard has-post-thumbnail hentry category-aktuelles category-sport category-wahlkurse\"  itemscope=\"itemscope\" itemtype=\"https:\/\/schema.org\/BlogPosting\" ><div class=\"blog-meta\"><a href='https:\/\/www.gym-toelz.de\/index.php\/2026\/04\/21\/bayerische-schulmeisterschaften-im-snowboardcross\/' class='small-preview'  title=\"Sieger\"   itemprop=\"image\" itemscope=\"itemscope\" itemtype=\"https:\/\/schema.org\/ImageObject\" ><img decoding=\"async\" loading=\"lazy\" width=\"168\" height=\"300\" src=\"https:\/\/www.gym-toelz.de\/wp-content\/uploads\/2026\/04\/Sieger-168x300.jpg\" class=\"wp-image-4110 avia-img-lazy-loading-4110 attachment-medium size-medium wp-post-image\" alt=\"\" srcset=\"https:\/\/www.gym-toelz.de\/wp-content\/uploads\/2026\/04\/Sieger-168x300.jpg 168w, https:\/\/www.gym-toelz.de\/wp-content\/uploads\/2026\/04\/Sieger-577x1030.jpg 577w, https:\/\/www.gym-toelz.de\/wp-content\/uploads\/2026\/04\/Sieger-768x1372.jpg 768w, https:\/\/www.gym-toelz.de\/wp-content\/uploads\/2026\/04\/Sieger-860x1536.jpg 860w, https:\/\/www.gym-toelz.de\/wp-content\/uploads\/2026\/04\/Sieger-840x1500.jpg 840w, https:\/\/www.gym-toelz.de\/wp-content\/uploads\/2026\/04\/Sieger-395x705.jpg 395w, https:\/\/www.gym-toelz.de\/wp-content\/uploads\/2026\/04\/Sieger.jpg 1093w\" sizes=\"auto, (max-width: 168px) 100vw, 168px\" \/><span class='iconfont avia-svg-icon avia-font-svg_entypo-fontello' data-av_svg_icon='pencil' data-av_iconset='svg_entypo-fontello' ><svg version=\"1.1\" xmlns=\"http:\/\/www.w3.org\/2000\/svg\" width=\"25\" height=\"32\" viewBox=\"0 0 25 32\" preserveAspectRatio=\"xMidYMid meet\" role=\"graphics-symbol\" aria-hidden=\"true\">\n<path d=\"M22.976 5.44q1.024 1.024 1.504 2.048t0.48 1.536v0.512l-8.064 8.064-9.28 9.216-7.616 1.664 1.6-7.68 9.28-9.216 8.064-8.064q1.728-0.384 4.032 1.92zM7.168 25.92l0.768-0.768q-0.064-1.408-1.664-3.008-0.704-0.704-1.44-1.12t-1.12-0.416l-0.448-0.064-0.704 0.768-0.576 2.56q0.896 0.512 1.472 1.088 0.768 0.768 1.152 1.536z\"><\/path>\n<\/svg><\/span><\/a><\/div><div class='entry-content-wrapper clearfix standard-content'><header class=\"entry-content-header\" aria-label=\"Post: Bayerische Schulmeisterschaften im Snowboardcross\"><h2 class='post-title entry-title '  itemprop=\"headline\" ><a href=\"https:\/\/www.gym-toelz.de\/index.php\/2026\/04\/21\/bayerische-schulmeisterschaften-im-snowboardcross\/\" rel=\"bookmark\" title=\"Permanenter Link zu: Bayerische Schulmeisterschaften im Snowboardcross\">Bayerische Schulmeisterschaften im Snowboardcross<span class=\"post-format-icon minor-meta\"><\/span><\/a><\/h2><span class=\"post-meta-infos\"><time class=\"date-container minor-meta updated\"  itemprop=\"datePublished\" datetime=\"2026-04-21T08:23:30+02:00\" >Dienstag, April 21, 2026<\/time><span class=\"text-sep\">\/<\/span><span class=\"blog-categories minor-meta\">in <a href=\"https:\/\/www.gym-toelz.de\/index.php\/category\/aktuelles\/\" rel=\"tag\">Aktuelles<\/a>, <a href=\"https:\/\/www.gym-toelz.de\/index.php\/category\/unterricht\/faecher\/sport\/\" rel=\"tag\">Sport<\/a>, <a href=\"https:\/\/www.gym-toelz.de\/index.php\/category\/angeboteaktivitaeten\/wahlkurse\/\" rel=\"tag\">Wahlkurse<\/a><\/span><\/span><\/header><div class=\"entry-content\"  itemprop=\"text\" ><p>Erfolgreiche Teilnahme an den Bayerischen Schulmeisterschaften im Snowboardcross<\/p>\n<p>Ein ganz besonderer Wettkampf fand k\u00fcrzlich auf der Zugspitze statt: die Bayerischen Meisterschaften im Snowboardcross mit der ersten inoffiziellen Deutschlandwertung im Schulsport. Insgesamt gingen 64 Sch\u00fclerinnen und Sch\u00fcler aus 25 verschiedenen Schulen an den Start. Die Teilnehmer reisten aus den Bundesl\u00e4ndern Bayern, Baden-W\u00fcrttemberg und Nordrhein-Westfalen an.<\/p>\n<p>Auch unser Gymnasium war mit motivierten Teams vertreten \u2013 und das mit gro\u00dfem Erfolg. Auf dem anspruchsvollen Snowboardcross-Parcours mussten sich die Fahrerinnen und Fahrer nicht nur gegen starke Konkurrenz behaupten, sondern auch gegen wechselhafte Wetterbedingungen. Nebel und Sonnenschein wechselten sich st\u00e4ndig ab und sorgten f\u00fcr zus\u00e4tzliche Herausforderungen.<\/p>\n<p><img loading=\"lazy\" decoding=\"async\" class=\"aligncenter wp-image-4108 \" src=\"https:\/\/www.gym-toelz.de\/wp-content\/uploads\/2026\/04\/Heats.jpg\" alt=\"\" width=\"584\" height=\"1076\" srcset=\"https:\/\/www.gym-toelz.de\/wp-content\/uploads\/2026\/04\/Heats.jpg 1091w, https:\/\/www.gym-toelz.de\/wp-content\/uploads\/2026\/04\/Heats-163x300.jpg 163w, https:\/\/www.gym-toelz.de\/wp-content\/uploads\/2026\/04\/Heats-559x1030.jpg 559w, https:\/\/www.gym-toelz.de\/wp-content\/uploads\/2026\/04\/Heats-768x1415.jpg 768w, https:\/\/www.gym-toelz.de\/wp-content\/uploads\/2026\/04\/Heats-834x1536.jpg 834w, https:\/\/www.gym-toelz.de\/wp-content\/uploads\/2026\/04\/Heats-814x1500.jpg 814w, https:\/\/www.gym-toelz.de\/wp-content\/uploads\/2026\/04\/Heats-383x705.jpg 383w\" sizes=\"auto, (max-width: 584px) 100vw, 584px\" \/><\/p>\n<p>Gefahren wurde im spannenden Rennformat: Jeweils vier Teilnehmende starteten gleichzeitig und traten in drei L\u00e4ufen gegen unterschiedliche Gegner an. In die Gesamtwertung flossen die jeweils zwei besten Ergebnisse jeder Schule pro Altersklasse ein.<\/p>\n<p>Unsere Teams \u00fcberzeugten dabei mit hervorragenden Leistungen:<br \/>\nDen sensationellen Erfolg erzielte unser Team mit Veit Schliephake (8d), Kilian Baier und Aaron Haug (beide 8c), dass sich den\u00a01. Platz\u00a0sicherte und damit den inoffiziellen deutschen Meistertitel\u00a0gewann\u00a0(somit auch Bayerische Meister).<br \/>\nEinen starken\u00a02. Platz\u00a0erreichte das Team Jungen IV mit Moritz Baier (5d), Terje Grabow (7a)\u00a0(Bayerische Vizemeister)<br \/>\nNur knapp am Podest vorbei schrammte das Team mit Niko Bezenar und Julius Hack (beide 10c) in der Deutschlandwertung mit ihrem\u00a04. Platz.\u00a0\u00a0Da der 3. Platz nach BaW\u00fc ging, war das Ergebnis mit dem\u00a03. Bayerischen Meister\u00a0gleichzusetzen und unterstreicht ebenfalls die hervorragenden Ergebnisse f\u00fcr unsere Schule.<\/p>\n<p>Ein gro\u00dfer Dank gilt allen Helferinnen und Helfern, den verantwortlichen Betreuerinnen sowie Snowboard Bayern f\u00fcr die gro\u00dfartige Organisation dieser besonderen Veranstaltung.<\/p>\n\n\t\t<style type=\"text\/css\">\n\t\t\t#gallery-1 {\n\t\t\t\tmargin: auto;\n\t\t\t}\n\t\t\t#gallery-1 .gallery-item {\n\t\t\t\tfloat: left;\n\t\t\t\tmargin-top: 10px;\n\t\t\t\ttext-align: center;\n\t\t\t\twidth: 33%;\n\t\t\t}\n\t\t\t#gallery-1 img {\n\t\t\t\tborder: 2px solid #cfcfcf;\n\t\t\t}\n\t\t\t#gallery-1 .gallery-caption {\n\t\t\t\tmargin-left: 0;\n\t\t\t}\n\t\t\t\/* see gallery_shortcode() in wp-includes\/media.php *\/\n\t\t<\/style>\n\t\t<div id='gallery-1' class='gallery galleryid-4111 gallery-columns-3 gallery-size-gallery'><dl class='gallery-item'>\n\t\t\t<dt class='gallery-icon portrait'>\n\t\t\t\t<a href='https:\/\/www.gym-toelz.de\/wp-content\/uploads\/2026\/04\/RidersMeeting.jpg'><img loading=\"lazy\" decoding=\"async\" width=\"845\" height=\"684\" src=\"https:\/\/www.gym-toelz.de\/wp-content\/uploads\/2026\/04\/RidersMeeting-845x684.jpg\" class=\"attachment-gallery size-gallery\" alt=\"\" srcset=\"https:\/\/www.gym-toelz.de\/wp-content\/uploads\/2026\/04\/RidersMeeting-845x684.jpg 845w, https:\/\/www.gym-toelz.de\/wp-content\/uploads\/2026\/04\/RidersMeeting-495x400.jpg 495w\" sizes=\"auto, (max-width: 845px) 100vw, 845px\" \/><\/a>\n\t\t\t<\/dt><\/dl><dl class='gallery-item'>\n\t\t\t<dt class='gallery-icon portrait'>\n\t\t\t\t<a href='https:\/\/www.gym-toelz.de\/wp-content\/uploads\/2026\/04\/Sieger.jpg'><img loading=\"lazy\" decoding=\"async\" width=\"845\" height=\"684\" src=\"https:\/\/www.gym-toelz.de\/wp-content\/uploads\/2026\/04\/Sieger-845x684.jpg\" class=\"attachment-gallery size-gallery\" alt=\"\" srcset=\"https:\/\/www.gym-toelz.de\/wp-content\/uploads\/2026\/04\/Sieger-845x684.jpg 845w, https:\/\/www.gym-toelz.de\/wp-content\/uploads\/2026\/04\/Sieger-495x400.jpg 495w\" sizes=\"auto, (max-width: 845px) 100vw, 845px\" \/><\/a>\n\t\t\t<\/dt><\/dl><dl class='gallery-item'>\n\t\t\t<dt class='gallery-icon portrait'>\n\t\t\t\t<a href='https:\/\/www.gym-toelz.de\/wp-content\/uploads\/2026\/04\/Heats.jpg'><img loading=\"lazy\" decoding=\"async\" width=\"845\" height=\"684\" src=\"https:\/\/www.gym-toelz.de\/wp-content\/uploads\/2026\/04\/Heats-845x684.jpg\" class=\"attachment-gallery size-gallery\" alt=\"\" srcset=\"https:\/\/www.gym-toelz.de\/wp-content\/uploads\/2026\/04\/Heats-845x684.jpg 845w, https:\/\/www.gym-toelz.de\/wp-content\/uploads\/2026\/04\/Heats-495x400.jpg 495w\" sizes=\"auto, (max-width: 845px) 100vw, 845px\" \/><\/a>\n\t\t\t<\/dt><\/dl><br style=\"clear: both\" \/>\n\t\t<\/div>\n\n<p>F\u00fcr alle Beteiligten war es ein unvergesslicher und sportlich herausragender Schultag!<\/p>\n<\/div><footer class=\"entry-footer\"><\/footer><div class='post_delimiter'><\/div><\/div><div class=\"post_author_timeline\"><\/div><span class='hidden'>\n\t\t\t\t<span class='av-structured-data'  itemprop=\"image\" itemscope=\"itemscope\" itemtype=\"https:\/\/schema.org\/ImageObject\" >\n\t\t\t\t\t\t<span itemprop='url'>https:\/\/www.gym-toelz.de\/wp-content\/uploads\/2026\/04\/Sieger.jpg<\/span>\n\t\t\t\t\t\t<span itemprop='height'>1952<\/span>\n\t\t\t\t\t\t<span itemprop='width'>1093<\/span>\n\t\t\t\t<\/span>\n\t\t\t\t<span class='av-structured-data'  itemprop=\"publisher\" itemtype=\"https:\/\/schema.org\/Organization\" itemscope=\"itemscope\" >\n\t\t\t\t\t\t<span itemprop='name'>Hanno Froehlich<\/span>\n\t\t\t\t\t\t<span itemprop='logo' itemscope itemtype='https:\/\/schema.org\/ImageObject'>\n\t\t\t\t\t\t\t<span itemprop='url'>https:\/\/www.gym-toelz.de\/wp-content\/uploads\/2025\/06\/schriftzug-Kopf-weissGVS_Logo-klein-300x114.png<\/span>\n\t\t\t\t\t\t<\/span>\n\t\t\t\t<\/span><span class='av-structured-data'  itemprop=\"author\" itemscope=\"itemscope\" itemtype=\"https:\/\/schema.org\/Person\" ><span itemprop='name'>Hanno Froehlich<\/span><\/span><span class='av-structured-data'  itemprop=\"datePublished\" datetime=\"2026-04-21T08:23:30+02:00\" >2026-04-21 08:23:30<\/span><span class='av-structured-data'  itemprop=\"dateModified\" itemtype=\"https:\/\/schema.org\/dateModified\" >2026-04-23 18:50:10<\/span><span class='av-structured-data'  itemprop=\"mainEntityOfPage\" itemtype=\"https:\/\/schema.org\/mainEntityOfPage\" ><span itemprop='name'>Bayerische Schulmeisterschaften im Snowboardcross<\/span><\/span><\/span><\/article><article class=\"post-entry post-entry-type-standard post-entry-4102 post-loop-5 post-parity-odd single-small with-slider post-4102 post type-post status-publish format-standard has-post-thumbnail hentry category-aktuelles category-pug\"  itemscope=\"itemscope\" itemtype=\"https:\/\/schema.org\/BlogPosting\" ><div class=\"blog-meta\"><a href='https:\/\/www.gym-toelz.de\/index.php\/2026\/04\/19\/aussen-und-sicherheitspolitik-am-gvs\/' class='small-preview'  title=\"pug_bundeswehroffizier_2026-1\"   itemprop=\"image\" itemscope=\"itemscope\" itemtype=\"https:\/\/schema.org\/ImageObject\" ><img decoding=\"async\" loading=\"lazy\" width=\"300\" height=\"225\" src=\"https:\/\/www.gym-toelz.de\/wp-content\/uploads\/2026\/04\/pug_bundeswehroffizier_2026-1-300x225.jpg\" class=\"wp-image-4100 avia-img-lazy-loading-4100 attachment-medium size-medium wp-post-image\" alt=\"\" srcset=\"https:\/\/www.gym-toelz.de\/wp-content\/uploads\/2026\/04\/pug_bundeswehroffizier_2026-1-300x225.jpg 300w, https:\/\/www.gym-toelz.de\/wp-content\/uploads\/2026\/04\/pug_bundeswehroffizier_2026-1-1030x773.jpg 1030w, https:\/\/www.gym-toelz.de\/wp-content\/uploads\/2026\/04\/pug_bundeswehroffizier_2026-1-768x576.jpg 768w, https:\/\/www.gym-toelz.de\/wp-content\/uploads\/2026\/04\/pug_bundeswehroffizier_2026-1-1536x1152.jpg 1536w, https:\/\/www.gym-toelz.de\/wp-content\/uploads\/2026\/04\/pug_bundeswehroffizier_2026-1-2048x1536.jpg 2048w, https:\/\/www.gym-toelz.de\/wp-content\/uploads\/2026\/04\/pug_bundeswehroffizier_2026-1-1500x1125.jpg 1500w, https:\/\/www.gym-toelz.de\/wp-content\/uploads\/2026\/04\/pug_bundeswehroffizier_2026-1-705x529.jpg 705w\" sizes=\"auto, (max-width: 300px) 100vw, 300px\" \/><span class='iconfont avia-svg-icon avia-font-svg_entypo-fontello' data-av_svg_icon='pencil' data-av_iconset='svg_entypo-fontello' ><svg version=\"1.1\" xmlns=\"http:\/\/www.w3.org\/2000\/svg\" width=\"25\" height=\"32\" viewBox=\"0 0 25 32\" preserveAspectRatio=\"xMidYMid meet\" role=\"graphics-symbol\" aria-hidden=\"true\">\n<path d=\"M22.976 5.44q1.024 1.024 1.504 2.048t0.48 1.536v0.512l-8.064 8.064-9.28 9.216-7.616 1.664 1.6-7.68 9.28-9.216 8.064-8.064q1.728-0.384 4.032 1.92zM7.168 25.92l0.768-0.768q-0.064-1.408-1.664-3.008-0.704-0.704-1.44-1.12t-1.12-0.416l-0.448-0.064-0.704 0.768-0.576 2.56q0.896 0.512 1.472 1.088 0.768 0.768 1.152 1.536z\"><\/path>\n<\/svg><\/span><\/a><\/div><div class='entry-content-wrapper clearfix standard-content'><header class=\"entry-content-header\" aria-label=\"Post: Au\u00dfen- und Sicherheitspolitik am GvS\"><h2 class='post-title entry-title '  itemprop=\"headline\" ><a href=\"https:\/\/www.gym-toelz.de\/index.php\/2026\/04\/19\/aussen-und-sicherheitspolitik-am-gvs\/\" rel=\"bookmark\" title=\"Permanenter Link zu: Au\u00dfen- und Sicherheitspolitik am GvS\">Au\u00dfen- und Sicherheitspolitik am GvS<span class=\"post-format-icon minor-meta\"><\/span><\/a><\/h2><span class=\"post-meta-infos\"><time class=\"date-container minor-meta updated\"  itemprop=\"datePublished\" datetime=\"2026-04-19T08:21:40+02:00\" >Sonntag, April 19, 2026<\/time><span class=\"text-sep\">\/<\/span><span class=\"blog-categories minor-meta\">in <a href=\"https:\/\/www.gym-toelz.de\/index.php\/category\/aktuelles\/\" rel=\"tag\">Aktuelles<\/a>, <a href=\"https:\/\/www.gym-toelz.de\/index.php\/category\/unterricht\/faecher\/pug\/\" rel=\"tag\">PuG<\/a><\/span><\/span><\/header><div class=\"entry-content\"  itemprop=\"text\" ><p>\u201eWas ist f\u00fcr Euch Sicherheit?\u201c Diese Frage hat sicher jede Sch\u00fclerin \/ jeder Sch\u00fcler schon einmal gestellt bekommen, meist von seinen PuG Lehrkr\u00e4ften. Denn die Themen \u201eFrieden, Sicherheit, moderne Bedrohungen und Konfliktl\u00f6sungen\u201c sind ein zentraler Baustein des Unterrichts im Fach PuG der Q12. Und selten war die sp\u00fcrbare Bedrohung unserer freiheitlichen Demokratien so deutlich.<\/p>\n<p><img loading=\"lazy\" decoding=\"async\" class=\"aligncenter wp-image-4100 \" src=\"https:\/\/www.gym-toelz.de\/wp-content\/uploads\/2026\/04\/pug_bundeswehroffizier_2026-1-scaled.jpg\" alt=\"\" width=\"665\" height=\"499\" srcset=\"https:\/\/www.gym-toelz.de\/wp-content\/uploads\/2026\/04\/pug_bundeswehroffizier_2026-1-scaled.jpg 2560w, https:\/\/www.gym-toelz.de\/wp-content\/uploads\/2026\/04\/pug_bundeswehroffizier_2026-1-300x225.jpg 300w, https:\/\/www.gym-toelz.de\/wp-content\/uploads\/2026\/04\/pug_bundeswehroffizier_2026-1-1030x773.jpg 1030w, https:\/\/www.gym-toelz.de\/wp-content\/uploads\/2026\/04\/pug_bundeswehroffizier_2026-1-768x576.jpg 768w, https:\/\/www.gym-toelz.de\/wp-content\/uploads\/2026\/04\/pug_bundeswehroffizier_2026-1-1536x1152.jpg 1536w, https:\/\/www.gym-toelz.de\/wp-content\/uploads\/2026\/04\/pug_bundeswehroffizier_2026-1-2048x1536.jpg 2048w, https:\/\/www.gym-toelz.de\/wp-content\/uploads\/2026\/04\/pug_bundeswehroffizier_2026-1-1500x1125.jpg 1500w, https:\/\/www.gym-toelz.de\/wp-content\/uploads\/2026\/04\/pug_bundeswehroffizier_2026-1-705x529.jpg 705w\" sizes=\"auto, (max-width: 665px) 100vw, 665px\" \/><br \/>\nDaher fand am 20.03.26 f\u00fcr die Sch\u00fclerinnen und Sch\u00fcler der Q12 ein Vortrag zum Thema \u201eAu\u00dfen- und Sicherheitspolitik\u201c statt. Zusammen mit einer Expertin f\u00fcr Au\u00dfen- und Sicherheitspolitik, der Jugendoffizierin Frau Kapit\u00e4nleutnant Madeleine Gerweck, diskutierten unsere Sch\u00fclerinnen und Sch\u00fcler 90 Minuten \u00fcber die Themen \u201eAu\u00dfen- und Sicherheitspolitik, die Rolle der Bundeswehr und der BRD in internationalen Gremien wie der NATO und der UNO\u201c, sowie \u00fcber generelle aktuelle Bedrohungs- und Konfliktszenarien und welche Rolle die Politik bei deren L\u00f6sung spielt.<\/p>\n<p><img loading=\"lazy\" decoding=\"async\" class=\"aligncenter wp-image-4101 \" src=\"https:\/\/www.gym-toelz.de\/wp-content\/uploads\/2026\/04\/pug_bundeswehroffizier_2026-2-scaled.jpg\" alt=\"\" width=\"680\" height=\"510\" srcset=\"https:\/\/www.gym-toelz.de\/wp-content\/uploads\/2026\/04\/pug_bundeswehroffizier_2026-2-scaled.jpg 2560w, https:\/\/www.gym-toelz.de\/wp-content\/uploads\/2026\/04\/pug_bundeswehroffizier_2026-2-300x225.jpg 300w, https:\/\/www.gym-toelz.de\/wp-content\/uploads\/2026\/04\/pug_bundeswehroffizier_2026-2-1030x773.jpg 1030w, https:\/\/www.gym-toelz.de\/wp-content\/uploads\/2026\/04\/pug_bundeswehroffizier_2026-2-768x576.jpg 768w, https:\/\/www.gym-toelz.de\/wp-content\/uploads\/2026\/04\/pug_bundeswehroffizier_2026-2-1536x1152.jpg 1536w, https:\/\/www.gym-toelz.de\/wp-content\/uploads\/2026\/04\/pug_bundeswehroffizier_2026-2-2048x1536.jpg 2048w, https:\/\/www.gym-toelz.de\/wp-content\/uploads\/2026\/04\/pug_bundeswehroffizier_2026-2-1500x1125.jpg 1500w, https:\/\/www.gym-toelz.de\/wp-content\/uploads\/2026\/04\/pug_bundeswehroffizier_2026-2-705x529.jpg 705w\" sizes=\"auto, (max-width: 680px) 100vw, 680px\" \/><br \/>\nVeranschaulicht wurde dies durch sehr konkrete Beispiele, die die Jugendoffizierin unseren Sch\u00fclerinnen und Sch\u00fclern als Diskussionsgrundlage an die Hand gab. So erhielten unsere Sch\u00fclerinnen und Sch\u00fcler Einblicke in den Ablauf internationaler Zusammenarbeit, welche Herausforderungen dabei sowohl f\u00fcr die Politik als auch f\u00fcr das ausf\u00fchrende Organ, in diesem Fall die Bundeswehr, entstehen.<br \/>\nDass diese Themen unsere Sch\u00fclerinnen und Sch\u00fcler besch\u00e4ftigen, merkte man sehr deutlich an den vielen guten und kritischen Nachfragen und Einw\u00fcrfen, die von Seiten der Sch\u00fclerschaft kamen. Auch im Nachgang zeigten sich viele Sch\u00fclerinnen und Sch\u00fcler sehr interessiert an der Thematik und Problematik der internationalen Politik und standen noch einige Zeit mit der Referentin zusammen, um noch offene Fragen zu kl\u00e4ren.<\/p>\n<p>(Manuel K\u00f6pf \u2013 Fachschaftsleitung PuG)<\/p>\n<\/div><footer class=\"entry-footer\"><\/footer><div class='post_delimiter'><\/div><\/div><div class=\"post_author_timeline\"><\/div><span class='hidden'>\n\t\t\t\t<span class='av-structured-data'  itemprop=\"image\" itemscope=\"itemscope\" itemtype=\"https:\/\/schema.org\/ImageObject\" >\n\t\t\t\t\t\t<span itemprop='url'>https:\/\/www.gym-toelz.de\/wp-content\/uploads\/2026\/04\/pug_bundeswehroffizier_2026-1-scaled.jpg<\/span>\n\t\t\t\t\t\t<span itemprop='height'>1920<\/span>\n\t\t\t\t\t\t<span itemprop='width'>2560<\/span>\n\t\t\t\t<\/span>\n\t\t\t\t<span class='av-structured-data'  itemprop=\"publisher\" itemtype=\"https:\/\/schema.org\/Organization\" itemscope=\"itemscope\" >\n\t\t\t\t\t\t<span itemprop='name'>Hanno Froehlich<\/span>\n\t\t\t\t\t\t<span itemprop='logo' itemscope itemtype='https:\/\/schema.org\/ImageObject'>\n\t\t\t\t\t\t\t<span itemprop='url'>https:\/\/www.gym-toelz.de\/wp-content\/uploads\/2025\/06\/schriftzug-Kopf-weissGVS_Logo-klein-300x114.png<\/span>\n\t\t\t\t\t\t<\/span>\n\t\t\t\t<\/span><span class='av-structured-data'  itemprop=\"author\" itemscope=\"itemscope\" itemtype=\"https:\/\/schema.org\/Person\" ><span itemprop='name'>Hanno Froehlich<\/span><\/span><span class='av-structured-data'  itemprop=\"datePublished\" datetime=\"2026-04-19T08:21:40+02:00\" >2026-04-19 08:21:40<\/span><span class='av-structured-data'  itemprop=\"dateModified\" itemtype=\"https:\/\/schema.org\/dateModified\" >2026-04-19 08:21:40<\/span><span class='av-structured-data'  itemprop=\"mainEntityOfPage\" itemtype=\"https:\/\/schema.org\/mainEntityOfPage\" ><span itemprop='name'>Au\u00dfen- und Sicherheitspolitik am GvS<\/span><\/span><\/span><\/article><article class=\"post-entry post-entry-type-standard post-entry-4094 post-loop-6 post-parity-even single-small with-slider post-4094 post type-post status-publish format-standard has-post-thumbnail hentry category-aktuelles category-chemie\"  itemscope=\"itemscope\" itemtype=\"https:\/\/schema.org\/BlogPosting\" ><div class=\"blog-meta\"><a href='https:\/\/www.gym-toelz.de\/index.php\/2026\/04\/16\/jugend-forscht-ein-wettbewerb-fuer-junge-ideen\/' class='small-preview'  title=\"jugend-forscht-logo\"   itemprop=\"image\" itemscope=\"itemscope\" itemtype=\"https:\/\/schema.org\/ImageObject\" ><img decoding=\"async\" loading=\"lazy\" width=\"300\" height=\"200\" src=\"https:\/\/www.gym-toelz.de\/wp-content\/uploads\/2026\/04\/jugend-forscht-logo-300x200.jpg\" class=\"wp-image-4130 avia-img-lazy-loading-4130 attachment-medium size-medium wp-post-image\" alt=\"\" srcset=\"https:\/\/www.gym-toelz.de\/wp-content\/uploads\/2026\/04\/jugend-forscht-logo-300x200.jpg 300w, https:\/\/www.gym-toelz.de\/wp-content\/uploads\/2026\/04\/jugend-forscht-logo-705x470.jpg 705w, https:\/\/www.gym-toelz.de\/wp-content\/uploads\/2026\/04\/jugend-forscht-logo.jpg 768w\" sizes=\"auto, (max-width: 300px) 100vw, 300px\" \/><span class='iconfont avia-svg-icon avia-font-svg_entypo-fontello' data-av_svg_icon='pencil' data-av_iconset='svg_entypo-fontello' ><svg version=\"1.1\" xmlns=\"http:\/\/www.w3.org\/2000\/svg\" width=\"25\" height=\"32\" viewBox=\"0 0 25 32\" preserveAspectRatio=\"xMidYMid meet\" role=\"graphics-symbol\" aria-hidden=\"true\">\n<path d=\"M22.976 5.44q1.024 1.024 1.504 2.048t0.48 1.536v0.512l-8.064 8.064-9.28 9.216-7.616 1.664 1.6-7.68 9.28-9.216 8.064-8.064q1.728-0.384 4.032 1.92zM7.168 25.92l0.768-0.768q-0.064-1.408-1.664-3.008-0.704-0.704-1.44-1.12t-1.12-0.416l-0.448-0.064-0.704 0.768-0.576 2.56q0.896 0.512 1.472 1.088 0.768 0.768 1.152 1.536z\"><\/path>\n<\/svg><\/span><\/a><\/div><div class='entry-content-wrapper clearfix standard-content'><header class=\"entry-content-header\" aria-label=\"Post: Jugend forscht \u2013 ein Wettbewerb f\u00fcr junge Ideen\"><h2 class='post-title entry-title '  itemprop=\"headline\" ><a href=\"https:\/\/www.gym-toelz.de\/index.php\/2026\/04\/16\/jugend-forscht-ein-wettbewerb-fuer-junge-ideen\/\" rel=\"bookmark\" title=\"Permanenter Link zu: Jugend forscht \u2013 ein Wettbewerb f\u00fcr junge Ideen\">Jugend forscht \u2013 ein Wettbewerb f\u00fcr junge Ideen<span class=\"post-format-icon minor-meta\"><\/span><\/a><\/h2><span class=\"post-meta-infos\"><time class=\"date-container minor-meta updated\"  itemprop=\"datePublished\" datetime=\"2026-04-16T16:50:42+02:00\" >Donnerstag, April 16, 2026<\/time><span class=\"text-sep\">\/<\/span><span class=\"blog-categories minor-meta\">in <a href=\"https:\/\/www.gym-toelz.de\/index.php\/category\/aktuelles\/\" rel=\"tag\">Aktuelles<\/a>, <a href=\"https:\/\/www.gym-toelz.de\/index.php\/category\/unterricht\/faecher\/chemie\/\" rel=\"tag\">Chemie<\/a><\/span><\/span><\/header><div class=\"entry-content\"  itemprop=\"text\" ><p>Von Max Detter (8b)<br \/>\nDer Wettbewerb Jugend forscht geh\u00f6rt zu den bekanntesten Nachwuchswettbewerben f\u00fcr Naturwissenschaften und Technik in Deutschland. Jedes Jahr entwickeln Sch\u00fclerinnen und Sch\u00fcler eigene Projekte, f\u00fchren Experimente durch und pr\u00e4sentieren ihre Ergebnisse vor einer Jury. Dabei geht es nicht nur um fertige Ergebnisse, sondern vor allem darum, neugierig zu sein, selbst zu forschen und eigene Ideen umzusetzen.<br \/>\nDer Wettbewerb ist in zwei Altersgruppen aufgeteilt: Jugend forscht junior f\u00fcr j\u00fcngere Teilnehmer (bis einschlie\u00dflich 14 Jahre) und Jugend forscht f\u00fcr \u00e4ltere Sch\u00fclerinnen und Sch\u00fcler. Die Projekte k\u00f6nnen verschiedenen Bereichen zugeteilt werden, zum Beispiel Technik, Physik, Chemie, Biologie, Mathematik oder Arbeitswelt.<br \/>\nUnter den Teilnehmern und Teilnehmerinnen war dieses Jahr auch ich. Mein Projekt tr\u00e4gt den Titel \u201eRegenwasser-Generator \u2013 Gr\u00fcne Energie vom eigenen Dach\u201c.<br \/>\nIn meinem Projekt habe ich untersucht, ob sich Regenwasser aus Dachrinnen nutzen l\u00e4sst, um mit einem Generator elektrische Energie zu erzeugen. Daf\u00fcr habe ich einen Versuchsaufbau entwickelt und konnte mit verschiedenen Messungen zeigen, dass dabei tats\u00e4chlich Strom entsteht. Zus\u00e4tzlich musste ich eine schriftliche Ausarbeitung meines Projekts einen Monat vor dem Wettbewerbstermin hochladen.<br \/>\nBeim Regionalwettbewerb Voralpenland in Schongau durfte ich mein Projekt an einem eigenen Stand pr\u00e4sentieren und meine Idee den Besuchern und der Jury erkl\u00e4ren. Bei der<br \/>\nanschlie\u00dfenden Feierstunde erhielt ich einen 2. Preis sowie den Sonderpreis f\u00fcr die beste<br \/>\nPr\u00e4sentation, wor\u00fcber ich mich sehr gefreut habe. (\u00dcbrigens: Nur die Erstplatzierten d\u00fcrfen weiter zum Landeswettbewerb.)<br \/>\nGrunds\u00e4tzlich herrschte unter uns Teilnehmern eine sehr offene und freundliche Atmosph\u00e4re, egal wie alt man war oder in welcher Kategorie man startete. Viele schauten sich die Projekte der anderen an, stellten Fragen und tauschten Ideen aus. Dadurch konnte man nicht nur sein eigenes Projekt einem gr\u00f6\u00dferen Publikum vorstellen, sondern auch viele spannende Arbeiten von anderen jungen Forscherinnen und Forschern kennenlernen.<br \/>\nIch kann euch nur empfehlen, einmal bei Jugend forscht mitzumachen. Wer neugierig ist,<br \/>\ngerne experimentiert oder an einer eigenen Idee arbeiten m\u00f6chte, hat hier eine gro\u00dfartige<br \/>\nM\u00f6glichkeit dazu.<\/p>\n<\/div><footer class=\"entry-footer\"><\/footer><div class='post_delimiter'><\/div><\/div><div class=\"post_author_timeline\"><\/div><span class='hidden'>\n\t\t\t\t<span class='av-structured-data'  itemprop=\"image\" itemscope=\"itemscope\" itemtype=\"https:\/\/schema.org\/ImageObject\" >\n\t\t\t\t\t\t<span itemprop='url'>https:\/\/www.gym-toelz.de\/wp-content\/uploads\/2026\/04\/jugend-forscht-logo.jpg<\/span>\n\t\t\t\t\t\t<span itemprop='height'>512<\/span>\n\t\t\t\t\t\t<span itemprop='width'>768<\/span>\n\t\t\t\t<\/span>\n\t\t\t\t<span class='av-structured-data'  itemprop=\"publisher\" itemtype=\"https:\/\/schema.org\/Organization\" itemscope=\"itemscope\" >\n\t\t\t\t\t\t<span itemprop='name'>Hanno Froehlich<\/span>\n\t\t\t\t\t\t<span itemprop='logo' itemscope itemtype='https:\/\/schema.org\/ImageObject'>\n\t\t\t\t\t\t\t<span itemprop='url'>https:\/\/www.gym-toelz.de\/wp-content\/uploads\/2025\/06\/schriftzug-Kopf-weissGVS_Logo-klein-300x114.png<\/span>\n\t\t\t\t\t\t<\/span>\n\t\t\t\t<\/span><span class='av-structured-data'  itemprop=\"author\" itemscope=\"itemscope\" itemtype=\"https:\/\/schema.org\/Person\" ><span itemprop='name'>Hanno Froehlich<\/span><\/span><span class='av-structured-data'  itemprop=\"datePublished\" datetime=\"2026-04-16T16:50:42+02:00\" >2026-04-16 16:50:42<\/span><span class='av-structured-data'  itemprop=\"dateModified\" itemtype=\"https:\/\/schema.org\/dateModified\" >2026-04-23 20:17:23<\/span><span class='av-structured-data'  itemprop=\"mainEntityOfPage\" itemtype=\"https:\/\/schema.org\/mainEntityOfPage\" ><span itemprop='name'>Jugend forscht \u2013 ein Wettbewerb f\u00fcr junge Ideen<\/span><\/span><\/span><\/article><article class=\"post-entry post-entry-type-standard post-entry-4082 post-loop-7 post-parity-odd single-small with-slider post-4082 post type-post status-publish format-standard has-post-thumbnail hentry category-aktuelles category-mathematik\"  itemscope=\"itemscope\" itemtype=\"https:\/\/schema.org\/BlogPosting\" ><div class=\"blog-meta\"><a href='https:\/\/www.gym-toelz.de\/index.php\/2026\/04\/13\/kaenguru-der-mathematik-knobeln-auf-hohem-niveau-2\/' class='small-preview'  title=\"K\u00e4nguru der Mathematik_2026\"   itemprop=\"image\" itemscope=\"itemscope\" itemtype=\"https:\/\/schema.org\/ImageObject\" ><img decoding=\"async\" loading=\"lazy\" width=\"300\" height=\"300\" src=\"https:\/\/www.gym-toelz.de\/wp-content\/uploads\/2026\/04\/Kaenguru-der-Mathematik_2026-300x300.jpg\" class=\"wp-image-4085 avia-img-lazy-loading-4085 attachment-medium size-medium wp-post-image\" alt=\"\" srcset=\"https:\/\/www.gym-toelz.de\/wp-content\/uploads\/2026\/04\/Kaenguru-der-Mathematik_2026-300x300.jpg 300w, https:\/\/www.gym-toelz.de\/wp-content\/uploads\/2026\/04\/Kaenguru-der-Mathematik_2026-80x80.jpg 80w, https:\/\/www.gym-toelz.de\/wp-content\/uploads\/2026\/04\/Kaenguru-der-Mathematik_2026-768x768.jpg 768w, https:\/\/www.gym-toelz.de\/wp-content\/uploads\/2026\/04\/Kaenguru-der-Mathematik_2026-36x36.jpg 36w, https:\/\/www.gym-toelz.de\/wp-content\/uploads\/2026\/04\/Kaenguru-der-Mathematik_2026-180x180.jpg 180w, https:\/\/www.gym-toelz.de\/wp-content\/uploads\/2026\/04\/Kaenguru-der-Mathematik_2026-705x705.jpg 705w, https:\/\/www.gym-toelz.de\/wp-content\/uploads\/2026\/04\/Kaenguru-der-Mathematik_2026.jpg 787w\" sizes=\"auto, (max-width: 300px) 100vw, 300px\" \/><span class='iconfont avia-svg-icon avia-font-svg_entypo-fontello' data-av_svg_icon='pencil' data-av_iconset='svg_entypo-fontello' ><svg version=\"1.1\" xmlns=\"http:\/\/www.w3.org\/2000\/svg\" width=\"25\" height=\"32\" viewBox=\"0 0 25 32\" preserveAspectRatio=\"xMidYMid meet\" role=\"graphics-symbol\" aria-hidden=\"true\">\n<path d=\"M22.976 5.44q1.024 1.024 1.504 2.048t0.48 1.536v0.512l-8.064 8.064-9.28 9.216-7.616 1.664 1.6-7.68 9.28-9.216 8.064-8.064q1.728-0.384 4.032 1.92zM7.168 25.92l0.768-0.768q-0.064-1.408-1.664-3.008-0.704-0.704-1.44-1.12t-1.12-0.416l-0.448-0.064-0.704 0.768-0.576 2.56q0.896 0.512 1.472 1.088 0.768 0.768 1.152 1.536z\"><\/path>\n<\/svg><\/span><\/a><\/div><div class='entry-content-wrapper clearfix standard-content'><header class=\"entry-content-header\" aria-label=\"Post: K\u00e4nguru der Mathematik \u2013 Knobeln auf hohem Niveau\"><h2 class='post-title entry-title '  itemprop=\"headline\" ><a href=\"https:\/\/www.gym-toelz.de\/index.php\/2026\/04\/13\/kaenguru-der-mathematik-knobeln-auf-hohem-niveau-2\/\" rel=\"bookmark\" title=\"Permanenter Link zu: K\u00e4nguru der Mathematik \u2013 Knobeln auf hohem Niveau\">K\u00e4nguru der Mathematik \u2013 Knobeln auf hohem Niveau<span class=\"post-format-icon minor-meta\"><\/span><\/a><\/h2><span class=\"post-meta-infos\"><time class=\"date-container minor-meta updated\"  itemprop=\"datePublished\" datetime=\"2026-04-13T21:11:23+02:00\" >Montag, April 13, 2026<\/time><span class=\"text-sep\">\/<\/span><span class=\"blog-categories minor-meta\">in <a href=\"https:\/\/www.gym-toelz.de\/index.php\/category\/aktuelles\/\" rel=\"tag\">Aktuelles<\/a>, <a href=\"https:\/\/www.gym-toelz.de\/index.php\/category\/unterricht\/faecher\/mathematik\/\" rel=\"tag\">Mathematik<\/a><\/span><\/span><\/header><div class=\"entry-content\"  itemprop=\"text\" ><p style=\"text-align: left;\"><img loading=\"lazy\" decoding=\"async\" class=\" wp-image-4081 alignright\" src=\"https:\/\/www.gym-toelz.de\/wp-content\/uploads\/2026\/04\/Kaenguru-der-Mathematik_2026-180x180.png\" alt=\"\" width=\"237\" height=\"237\" srcset=\"https:\/\/www.gym-toelz.de\/wp-content\/uploads\/2026\/04\/Kaenguru-der-Mathematik_2026-180x180.png 180w, https:\/\/www.gym-toelz.de\/wp-content\/uploads\/2026\/04\/Kaenguru-der-Mathematik_2026-300x300.png 300w, https:\/\/www.gym-toelz.de\/wp-content\/uploads\/2026\/04\/Kaenguru-der-Mathematik_2026-80x80.png 80w, https:\/\/www.gym-toelz.de\/wp-content\/uploads\/2026\/04\/Kaenguru-der-Mathematik_2026-768x768.png 768w, https:\/\/www.gym-toelz.de\/wp-content\/uploads\/2026\/04\/Kaenguru-der-Mathematik_2026-36x36.png 36w, https:\/\/www.gym-toelz.de\/wp-content\/uploads\/2026\/04\/Kaenguru-der-Mathematik_2026-705x705.png 705w, https:\/\/www.gym-toelz.de\/wp-content\/uploads\/2026\/04\/Kaenguru-der-Mathematik_2026.png 787w\" sizes=\"auto, (max-width: 237px) 100vw, 237px\" \/>Wenn an einem Donnerstag im M\u00e4rz viele K\u00f6pfe \u00fcber der Frage \u201eA oder B oder C oder D oder E?\u201c t\u00fcfteln, dann ist auch am Gabriel-von-Seidl-Gymnasium wieder \u201eK\u00e4nguru-Tag\u201c und es wird eifrig geknobelt, gerechnet und kombiniert. Der internationale K\u00e4nguru-Mathematikwettbewerb, an dem weltweit rund sechs Millionen Sch\u00fclerinnen und Sch\u00fcler teilnahmen, erfreut sich immer noch weiterwachsender Beliebtheit \u2013 so auch bei uns. Im Jahr 2026 nahmen allein deutschlandweit \u00fcber 920.000 Sch\u00fclerinnen und Sch\u00fcler von mehr als 13.000 Schulen teil.<br \/>\nWie schon in den letzten Jahren haben sich an unserer Schule alle Sechstkl\u00e4ssler sowie zahlreiche weitere Sch\u00fclerinnen und Sch\u00fcler aus verschiedenen anderen Jahrgangsstufen den mathematischen Herausforderungen gestellt. Erfreuliche 116 Sch\u00fclerinnen und Sch\u00fcler waren insgesamt am Start.<br \/>\nDer Wettbewerb bestand aus abwechslungsreichen und teilweise kniffligen Multiple-Choice-Aufgaben, bei denen es stets darum ging, aus f\u00fcnf Antwortm\u00f6glichkeiten die jeweils die eine richtige Antwort zu finden. Dabei mussten die Teilnehmer rechnen, logisch denken und mit kreativen L\u00f6sungsstrategien die passende Antwort \u2013 manchmal durch Ausschluss der anderen M\u00f6glichkeiten \u2013 herausfinden.<br \/>\nAls Belohnung f\u00fcr ihre Teilnahme und als Anerkennung ihres Einsatzes erhielten alle Teilnehmerinnen und Teilnehmer eine Urkunde und einen kleinen Mitmachpreis.<br \/>\nGanz besonders gut schlugen sich bei dem Wettbewerb zwei Sch\u00fcler: Merlin B\u00fcckers (6c), der sich \u00fcber einen dritten Preis freuen durfte und damit wie schon im Vorjahr eine starke Leistung ablieferte. Unser interner Schulsieger ist in diesem Jahr Justus Weber (6a) mit tollen 107,5 von 120 m\u00f6glichen Punkten. Er erhielt einen 2. Preis und geh\u00f6rt damit zu den deutschlandweit besten 2 % aller Sechstkl\u00e4ssler!<br \/>\nDie Fachschaft Mathematik gratuliert allen Teilnehmerinnen und Teilnehmern herzlich zu ihrem erfolgreichen Abschneiden und freut sich schon auf das n\u00e4chste K\u00e4nguru-Springen im kommenden Jahr.<br \/>\nF\u00fcr die Fachschaft Mathematik<br \/>\nChristian Penzholz<\/p>\n<\/div><footer class=\"entry-footer\"><\/footer><div class='post_delimiter'><\/div><\/div><div class=\"post_author_timeline\"><\/div><span class='hidden'>\n\t\t\t\t<span class='av-structured-data'  itemprop=\"image\" itemscope=\"itemscope\" itemtype=\"https:\/\/schema.org\/ImageObject\" >\n\t\t\t\t\t\t<span itemprop='url'>https:\/\/www.gym-toelz.de\/wp-content\/uploads\/2026\/04\/Kaenguru-der-Mathematik_2026.jpg<\/span>\n\t\t\t\t\t\t<span itemprop='height'>787<\/span>\n\t\t\t\t\t\t<span itemprop='width'>787<\/span>\n\t\t\t\t<\/span>\n\t\t\t\t<span class='av-structured-data'  itemprop=\"publisher\" itemtype=\"https:\/\/schema.org\/Organization\" itemscope=\"itemscope\" >\n\t\t\t\t\t\t<span itemprop='name'>Hanno Froehlich<\/span>\n\t\t\t\t\t\t<span itemprop='logo' itemscope itemtype='https:\/\/schema.org\/ImageObject'>\n\t\t\t\t\t\t\t<span itemprop='url'>https:\/\/www.gym-toelz.de\/wp-content\/uploads\/2025\/06\/schriftzug-Kopf-weissGVS_Logo-klein-300x114.png<\/span>\n\t\t\t\t\t\t<\/span>\n\t\t\t\t<\/span><span class='av-structured-data'  itemprop=\"author\" itemscope=\"itemscope\" itemtype=\"https:\/\/schema.org\/Person\" ><span itemprop='name'>Hanno Froehlich<\/span><\/span><span class='av-structured-data'  itemprop=\"datePublished\" datetime=\"2026-04-13T21:11:23+02:00\" >2026-04-13 21:11:23<\/span><span class='av-structured-data'  itemprop=\"dateModified\" itemtype=\"https:\/\/schema.org\/dateModified\" >2026-04-13 21:15:27<\/span><span class='av-structured-data'  itemprop=\"mainEntityOfPage\" itemtype=\"https:\/\/schema.org\/mainEntityOfPage\" ><span itemprop='name'>K\u00e4nguru der Mathematik \u2013 Knobeln auf hohem Niveau<\/span><\/span><\/span><\/article><article class=\"post-entry post-entry-type-standard post-entry-4077 post-loop-8 post-parity-even single-small with-slider post-4077 post type-post status-publish format-standard has-post-thumbnail hentry category-aktuelles category-deutsch\"  itemscope=\"itemscope\" itemtype=\"https:\/\/schema.org\/BlogPosting\" ><div class=\"blog-meta\"><a href='https:\/\/www.gym-toelz.de\/index.php\/2026\/04\/12\/fake-news-vergiftungen-und-flugkosten\/' class='small-preview'  title=\"journalismus-macht-schule-unglaub-2026\"   itemprop=\"image\" itemscope=\"itemscope\" itemtype=\"https:\/\/schema.org\/ImageObject\" ><img decoding=\"async\" loading=\"lazy\" width=\"300\" height=\"209\" src=\"https:\/\/www.gym-toelz.de\/wp-content\/uploads\/2026\/04\/journalismus-macht-schule-unglaub-2026-300x209.jpg\" class=\"wp-image-4076 avia-img-lazy-loading-4076 attachment-medium size-medium wp-post-image\" alt=\"\" srcset=\"https:\/\/www.gym-toelz.de\/wp-content\/uploads\/2026\/04\/journalismus-macht-schule-unglaub-2026-300x209.jpg 300w, https:\/\/www.gym-toelz.de\/wp-content\/uploads\/2026\/04\/journalismus-macht-schule-unglaub-2026.jpg 455w\" sizes=\"auto, (max-width: 300px) 100vw, 300px\" \/><span class='iconfont avia-svg-icon avia-font-svg_entypo-fontello' data-av_svg_icon='pencil' data-av_iconset='svg_entypo-fontello' ><svg version=\"1.1\" xmlns=\"http:\/\/www.w3.org\/2000\/svg\" width=\"25\" height=\"32\" viewBox=\"0 0 25 32\" preserveAspectRatio=\"xMidYMid meet\" role=\"graphics-symbol\" aria-hidden=\"true\">\n<path d=\"M22.976 5.44q1.024 1.024 1.504 2.048t0.48 1.536v0.512l-8.064 8.064-9.28 9.216-7.616 1.664 1.6-7.68 9.28-9.216 8.064-8.064q1.728-0.384 4.032 1.92zM7.168 25.92l0.768-0.768q-0.064-1.408-1.664-3.008-0.704-0.704-1.44-1.12t-1.12-0.416l-0.448-0.064-0.704 0.768-0.576 2.56q0.896 0.512 1.472 1.088 0.768 0.768 1.152 1.536z\"><\/path>\n<\/svg><\/span><\/a><\/div><div class='entry-content-wrapper clearfix standard-content'><header class=\"entry-content-header\" aria-label=\"Post: Fake News, Vergiftungen und Flugkosten\"><h2 class='post-title entry-title '  itemprop=\"headline\" ><a href=\"https:\/\/www.gym-toelz.de\/index.php\/2026\/04\/12\/fake-news-vergiftungen-und-flugkosten\/\" rel=\"bookmark\" title=\"Permanenter Link zu: Fake News, Vergiftungen und Flugkosten\">Fake News, Vergiftungen und Flugkosten<span class=\"post-format-icon minor-meta\"><\/span><\/a><\/h2><span class=\"post-meta-infos\"><time class=\"date-container minor-meta updated\"  itemprop=\"datePublished\" datetime=\"2026-04-12T17:34:26+02:00\" >Sonntag, April 12, 2026<\/time><span class=\"text-sep\">\/<\/span><span class=\"blog-categories minor-meta\">in <a href=\"https:\/\/www.gym-toelz.de\/index.php\/category\/aktuelles\/\" rel=\"tag\">Aktuelles<\/a>, <a href=\"https:\/\/www.gym-toelz.de\/index.php\/category\/unterricht\/faecher\/deutsch\/\" rel=\"tag\">Deutsch<\/a><\/span><\/span><\/header><div class=\"entry-content\"  itemprop=\"text\" ><p>Von Jessica Unglaub<br \/>\nWas haben Fake News, Vergiftungen und Flugkosten gemeinsam? Auf den ersten Blick nicht viel. Doch diese Themen waren es, die Sophie Menner, Journalistin beim Bayerischen Rundfunk, und Julius Seibt, freier Journalist, f\u00fcr die Sch\u00fclerinnen und Sch\u00fcler der Klassen 8b und 11c des Gabriel-von-Seidl-Gymnasiums Bad T\u00f6lz im Gep\u00e4ck hatten.<\/p>\n<p><img loading=\"lazy\" decoding=\"async\" class=\"aligncenter wp-image-4076 size-full\" src=\"https:\/\/www.gym-toelz.de\/wp-content\/uploads\/2026\/04\/journalismus-macht-schule-unglaub-2026.jpg\" alt=\"\" width=\"455\" height=\"317\" srcset=\"https:\/\/www.gym-toelz.de\/wp-content\/uploads\/2026\/04\/journalismus-macht-schule-unglaub-2026.jpg 455w, https:\/\/www.gym-toelz.de\/wp-content\/uploads\/2026\/04\/journalismus-macht-schule-unglaub-2026-300x209.jpg 300w\" sizes=\"auto, (max-width: 455px) 100vw, 455px\" \/><\/p>\n<p>In den Deutschstunden am 20. M\u00e4rz veranschaulichten die G\u00e4ste die Entstehung von Desinformation mit Hilfe der Fl\u00fcsterpost, um dann Tipps zu geben, wie man Nachrichten auf ihren Wahrheitsgehalt pr\u00fcfen kann. Sie punkteten bei den Sch\u00fclerinnen und Sch\u00fclern auch durch Einblicke in investigative Recherchearbeit am Beispiel einer gro\u00dfen Reportage \u00fcber eine Kupfermine in Peru, die urs\u00e4chlich f\u00fcr Vergiftungen bei der dortigen Bev\u00f6lkerung ist. Allt\u00e4gliche Herausforderungen des Journalistenberufs stellten die beiden ebenfalls vor, beispielsweise die Finanzierung der Aufw\u00e4nde, wie Flugkosten, oder Gefahren, denen Korrespondentinnen und Korrespondenten in Kriegsgebieten ausgesetzt sind.<br \/>\nIm Mittelpunkt des Besuchs stand die Vorstellung von Merkmalen des Qualit\u00e4tsjournalismus unter Ber\u00fccksichtigung des deutschen Pressekodexes, gleichsam eine Werbung f\u00fcr die gezielte Auswahl qualitativ hochwertiger Informationsquellen. Zu nennen ist hier zum Beispiel, dass allen inhaltlich betroffenen Seiten vor Ver\u00f6ffentlichung eines Artikels die M\u00f6glichkeit gegeben wird, sich zu den Ergebnissen einer Recherche zu \u00e4u\u00dfern.<br \/>\nSo erlebten die beiden Klassen einen kurzweiligen Vormittag mit viel Raum f\u00fcr Fragen zu zahlreichen Facetten des Journalistendaseins, die Menner und Seibt sehr offen und mit hohem Engagement beantworteten. Auf Interesse stie\u00dfen neben vielem anderen die Themenfindung f\u00fcr Artikel sowie Berufseinstieg und -aussichten f\u00fcr Journalistinnen und Journalisten. Erm\u00f6glicht wurde der Besuch durch die Initiative \u201eJournalismus macht Schule\u201c.<\/p>\n<\/div><footer class=\"entry-footer\"><\/footer><div class='post_delimiter'><\/div><\/div><div class=\"post_author_timeline\"><\/div><span class='hidden'>\n\t\t\t\t<span class='av-structured-data'  itemprop=\"image\" itemscope=\"itemscope\" itemtype=\"https:\/\/schema.org\/ImageObject\" >\n\t\t\t\t\t\t<span itemprop='url'>https:\/\/www.gym-toelz.de\/wp-content\/uploads\/2026\/04\/journalismus-macht-schule-unglaub-2026.jpg<\/span>\n\t\t\t\t\t\t<span itemprop='height'>317<\/span>\n\t\t\t\t\t\t<span itemprop='width'>455<\/span>\n\t\t\t\t<\/span>\n\t\t\t\t<span class='av-structured-data'  itemprop=\"publisher\" itemtype=\"https:\/\/schema.org\/Organization\" itemscope=\"itemscope\" >\n\t\t\t\t\t\t<span itemprop='name'>Hanno Froehlich<\/span>\n\t\t\t\t\t\t<span itemprop='logo' itemscope itemtype='https:\/\/schema.org\/ImageObject'>\n\t\t\t\t\t\t\t<span itemprop='url'>https:\/\/www.gym-toelz.de\/wp-content\/uploads\/2025\/06\/schriftzug-Kopf-weissGVS_Logo-klein-300x114.png<\/span>\n\t\t\t\t\t\t<\/span>\n\t\t\t\t<\/span><span class='av-structured-data'  itemprop=\"author\" itemscope=\"itemscope\" itemtype=\"https:\/\/schema.org\/Person\" ><span itemprop='name'>Hanno Froehlich<\/span><\/span><span class='av-structured-data'  itemprop=\"datePublished\" datetime=\"2026-04-12T17:34:26+02:00\" >2026-04-12 17:34:26<\/span><span class='av-structured-data'  itemprop=\"dateModified\" itemtype=\"https:\/\/schema.org\/dateModified\" >2026-04-12 17:34:43<\/span><span class='av-structured-data'  itemprop=\"mainEntityOfPage\" itemtype=\"https:\/\/schema.org\/mainEntityOfPage\" ><span itemprop='name'>Fake News, Vergiftungen und Flugkosten<\/span><\/span><\/span><\/article><article class=\"post-entry post-entry-type-standard post-entry-4052 post-loop-9 post-parity-odd single-small with-slider post-4052 post type-post status-publish format-standard has-post-thumbnail hentry category-aktuelles category-sport\"  itemscope=\"itemscope\" itemtype=\"https:\/\/schema.org\/BlogPosting\" ><div class=\"blog-meta\"><a href='https:\/\/www.gym-toelz.de\/index.php\/2026\/03\/27\/wettbewerbe-snowboard-2025-26\/' class='small-preview'  title=\"snb-2026-3\"   itemprop=\"image\" itemscope=\"itemscope\" itemtype=\"https:\/\/schema.org\/ImageObject\" ><img decoding=\"async\" loading=\"lazy\" width=\"171\" height=\"300\" src=\"https:\/\/www.gym-toelz.de\/wp-content\/uploads\/2026\/03\/snb-2026-3-171x300.jpg\" class=\"wp-image-4050 avia-img-lazy-loading-4050 attachment-medium size-medium wp-post-image\" alt=\"\" srcset=\"https:\/\/www.gym-toelz.de\/wp-content\/uploads\/2026\/03\/snb-2026-3-171x300.jpg 171w, https:\/\/www.gym-toelz.de\/wp-content\/uploads\/2026\/03\/snb-2026-3-588x1030.jpg 588w, https:\/\/www.gym-toelz.de\/wp-content\/uploads\/2026\/03\/snb-2026-3-768x1345.jpg 768w, https:\/\/www.gym-toelz.de\/wp-content\/uploads\/2026\/03\/snb-2026-3-877x1536.jpg 877w, https:\/\/www.gym-toelz.de\/wp-content\/uploads\/2026\/03\/snb-2026-3-857x1500.jpg 857w, https:\/\/www.gym-toelz.de\/wp-content\/uploads\/2026\/03\/snb-2026-3-403x705.jpg 403w, https:\/\/www.gym-toelz.de\/wp-content\/uploads\/2026\/03\/snb-2026-3.jpg 1144w\" sizes=\"auto, (max-width: 171px) 100vw, 171px\" \/><span class='iconfont avia-svg-icon avia-font-svg_entypo-fontello' data-av_svg_icon='pencil' data-av_iconset='svg_entypo-fontello' ><svg version=\"1.1\" xmlns=\"http:\/\/www.w3.org\/2000\/svg\" width=\"25\" height=\"32\" viewBox=\"0 0 25 32\" preserveAspectRatio=\"xMidYMid meet\" role=\"graphics-symbol\" aria-hidden=\"true\">\n<path d=\"M22.976 5.44q1.024 1.024 1.504 2.048t0.48 1.536v0.512l-8.064 8.064-9.28 9.216-7.616 1.664 1.6-7.68 9.28-9.216 8.064-8.064q1.728-0.384 4.032 1.92zM7.168 25.92l0.768-0.768q-0.064-1.408-1.664-3.008-0.704-0.704-1.44-1.12t-1.12-0.416l-0.448-0.064-0.704 0.768-0.576 2.56q0.896 0.512 1.472 1.088 0.768 0.768 1.152 1.536z\"><\/path>\n<\/svg><\/span><\/a><\/div><div class='entry-content-wrapper clearfix standard-content'><header class=\"entry-content-header\" aria-label=\"Post: Wettbewerbe Snowboard 2025\/26\"><h2 class='post-title entry-title '  itemprop=\"headline\" ><a href=\"https:\/\/www.gym-toelz.de\/index.php\/2026\/03\/27\/wettbewerbe-snowboard-2025-26\/\" rel=\"bookmark\" title=\"Permanenter Link zu: Wettbewerbe Snowboard 2025\/26\">Wettbewerbe Snowboard 2025\/26<span class=\"post-format-icon minor-meta\"><\/span><\/a><\/h2><span class=\"post-meta-infos\"><time class=\"date-container minor-meta updated\"  itemprop=\"datePublished\" datetime=\"2026-03-27T09:06:31+01:00\" >Freitag, M\u00e4rz 27, 2026<\/time><span class=\"text-sep\">\/<\/span><span class=\"blog-categories minor-meta\">in <a href=\"https:\/\/www.gym-toelz.de\/index.php\/category\/aktuelles\/\" rel=\"tag\">Aktuelles<\/a>, <a href=\"https:\/\/www.gym-toelz.de\/index.php\/category\/unterricht\/faecher\/sport\/\" rel=\"tag\">Sport<\/a><\/span><\/span><\/header><div class=\"entry-content\"  itemprop=\"text\" ><p>GvS bei Qualifikations-Wettbewerbe Snowboard\u00a0erfolgreich.<\/p>\n<p>In diesem Schuljahr gab es f\u00fcr die Schulen wieder\u00a0zwei M\u00f6glichkeiten, sich f\u00fcr das Bayern-Finale im Snowboard zu qualifizieren. Neben einem klassischen\u00a0Torlauf-Wettbewerb\u00a0fand erstmals auch ein\u00a0Slopestyle-Wettbewerb im Snowpark\u00a0statt. Sch\u00fclerinnen und Sch\u00fcler unseres Gymnasiums nutzten beide Chancen \u2013 und das mit gro\u00dfem Erfolg.<\/p>\n<p>Bereits beim\u00a0Qualifikationswettbewerb in Berchtesgaden\u00a0in der Disziplin\u00a0Torlauf\u00a0gingen mehrere Sch\u00fclerinnen und Sch\u00fcler unserer Schule an den Start. Auf der Rennstrecke zeigten sie starke Leistungen und konnten sich dabei, trotz sehr starker Raceboard-Konkurrenz,\u00a0Qualifikationspl\u00e4tze f\u00fcr das Bayern-Finale sichern.<\/p>\n<p>Ein weiteres Highlight war der\u00a0Schulwettbewerb am Spitzingsee, der in diesem Jahr erstmals im\u00a0Slopestyle-Format\u00a0ausgetragen wurde. Bei bestem Wetter und hervorragenden Bedingungen nahmen\u00a0\u00fcber 60 Sch\u00fclerinnen und Sch\u00fcler aus Schulen des gesamten Oberlands\u00a0teil. Gefahren wurde im Snowpark auf einer abwechslungsreichen Strecke mit\u00a0Kickerline sowie einer Boxen- und Railline, auf der die Teilnehmenden ihre Tricks und Runs pr\u00e4sentieren konnten. Das neue Wettkampfformat kam bei allen Beteiligten sehr gut an und erwies sich als voller Erfolg.<\/p>\n\n\t\t<style type=\"text\/css\">\n\t\t\t#gallery-2 {\n\t\t\t\tmargin: auto;\n\t\t\t}\n\t\t\t#gallery-2 .gallery-item {\n\t\t\t\tfloat: left;\n\t\t\t\tmargin-top: 10px;\n\t\t\t\ttext-align: center;\n\t\t\t\twidth: 25%;\n\t\t\t}\n\t\t\t#gallery-2 img {\n\t\t\t\tborder: 2px solid #cfcfcf;\n\t\t\t}\n\t\t\t#gallery-2 .gallery-caption {\n\t\t\t\tmargin-left: 0;\n\t\t\t}\n\t\t\t\/* see gallery_shortcode() in wp-includes\/media.php *\/\n\t\t<\/style>\n\t\t<div id='gallery-2' class='gallery galleryid-4052 gallery-columns-4 gallery-size-thumbnail'><dl class='gallery-item'>\n\t\t\t<dt class='gallery-icon portrait'>\n\t\t\t\t<a href='https:\/\/www.gym-toelz.de\/wp-content\/uploads\/2026\/03\/snb-2026-4.jpg'><img loading=\"lazy\" decoding=\"async\" width=\"80\" height=\"80\" src=\"https:\/\/www.gym-toelz.de\/wp-content\/uploads\/2026\/03\/snb-2026-4-80x80.jpg\" class=\"attachment-thumbnail size-thumbnail\" alt=\"\" srcset=\"https:\/\/www.gym-toelz.de\/wp-content\/uploads\/2026\/03\/snb-2026-4-80x80.jpg 80w, https:\/\/www.gym-toelz.de\/wp-content\/uploads\/2026\/03\/snb-2026-4-36x36.jpg 36w, https:\/\/www.gym-toelz.de\/wp-content\/uploads\/2026\/03\/snb-2026-4-180x180.jpg 180w\" sizes=\"auto, (max-width: 80px) 100vw, 80px\" \/><\/a>\n\t\t\t<\/dt><\/dl><dl class='gallery-item'>\n\t\t\t<dt class='gallery-icon portrait'>\n\t\t\t\t<a href='https:\/\/www.gym-toelz.de\/wp-content\/uploads\/2026\/03\/snb-2026-3.jpg'><img loading=\"lazy\" decoding=\"async\" width=\"80\" height=\"80\" src=\"https:\/\/www.gym-toelz.de\/wp-content\/uploads\/2026\/03\/snb-2026-3-80x80.jpg\" class=\"attachment-thumbnail size-thumbnail\" alt=\"\" srcset=\"https:\/\/www.gym-toelz.de\/wp-content\/uploads\/2026\/03\/snb-2026-3-80x80.jpg 80w, https:\/\/www.gym-toelz.de\/wp-content\/uploads\/2026\/03\/snb-2026-3-36x36.jpg 36w, https:\/\/www.gym-toelz.de\/wp-content\/uploads\/2026\/03\/snb-2026-3-180x180.jpg 180w\" sizes=\"auto, (max-width: 80px) 100vw, 80px\" \/><\/a>\n\t\t\t<\/dt><\/dl><dl class='gallery-item'>\n\t\t\t<dt class='gallery-icon portrait'>\n\t\t\t\t<a href='https:\/\/www.gym-toelz.de\/wp-content\/uploads\/2026\/03\/snb-2026-2.jpg'><img loading=\"lazy\" decoding=\"async\" width=\"80\" height=\"80\" src=\"https:\/\/www.gym-toelz.de\/wp-content\/uploads\/2026\/03\/snb-2026-2-80x80.jpg\" class=\"attachment-thumbnail size-thumbnail\" alt=\"\" srcset=\"https:\/\/www.gym-toelz.de\/wp-content\/uploads\/2026\/03\/snb-2026-2-80x80.jpg 80w, https:\/\/www.gym-toelz.de\/wp-content\/uploads\/2026\/03\/snb-2026-2-36x36.jpg 36w, https:\/\/www.gym-toelz.de\/wp-content\/uploads\/2026\/03\/snb-2026-2-180x180.jpg 180w\" sizes=\"auto, (max-width: 80px) 100vw, 80px\" \/><\/a>\n\t\t\t<\/dt><\/dl><dl class='gallery-item'>\n\t\t\t<dt class='gallery-icon portrait'>\n\t\t\t\t<a href='https:\/\/www.gym-toelz.de\/wp-content\/uploads\/2026\/03\/snb-2026-1.jpg'><img loading=\"lazy\" decoding=\"async\" width=\"80\" height=\"80\" src=\"https:\/\/www.gym-toelz.de\/wp-content\/uploads\/2026\/03\/snb-2026-1-80x80.jpg\" class=\"attachment-thumbnail size-thumbnail\" alt=\"\" srcset=\"https:\/\/www.gym-toelz.de\/wp-content\/uploads\/2026\/03\/snb-2026-1-80x80.jpg 80w, https:\/\/www.gym-toelz.de\/wp-content\/uploads\/2026\/03\/snb-2026-1-36x36.jpg 36w, https:\/\/www.gym-toelz.de\/wp-content\/uploads\/2026\/03\/snb-2026-1-180x180.jpg 180w\" sizes=\"auto, (max-width: 80px) 100vw, 80px\" \/><\/a>\n\t\t\t<\/dt><\/dl><br style=\"clear: both\" \/>\n\t\t<\/div>\n\n<p>Auch hier war unser Gymnasium erfolgreich vertreten:<br \/>\nInsgesamt konnten sich f\u00fcnf Teams unserer Schule f\u00fcr das Bayern-Finale qualifizieren.<\/p>\n<p>Das\u00a0Bayern-Finale\u00a0sollte urspr\u00fcnglich am\u00a0Grasgehren auf der SBX-Strecke stattfinden. Aufgrund der aktuellen warmen Wetterbedingungen m\u00fcssen dort leider alle Wettbewerbe gestrichen werden. Wir hoffen alle auf einen Ersatztermin und -ort f\u00fcr das Bayern-Finale.<\/p>\n<p>Ein herzliches Dankesch\u00f6n gilt allen, die diese gelungenen Wettkampftage erm\u00f6glicht haben: den engagierten Helferinnen und Helfern des\u00a0SC Miesbach, den\u00a0Park-Shapern am Spitzingsee\u00a0sowie den zahlreichen\u00a0freiwilligen Unterst\u00fctzerinnen und Unterst\u00fctzern aus unserem Gymnasium, darunter Sch\u00fcler, Eltern, Lehrkr\u00e4fte und Betreuer.<\/p>\n<p>Der Wettbewerb hat einmal mehr gezeigt, mit wie viel Begeisterung und K\u00f6nnen unsere Sch\u00fclerinnen und Sch\u00fcler im Wintersport unterwegs sind. Wir gratulieren allen Teilnehmenden zu ihren starken Leistungen und dr\u00fccken unseren qualifizierten Teams bereits jetzt die Daumen f\u00fcr das Bayern-Finale.<\/p>\n<\/div><footer class=\"entry-footer\"><\/footer><div class='post_delimiter'><\/div><\/div><div class=\"post_author_timeline\"><\/div><span class='hidden'>\n\t\t\t\t<span class='av-structured-data'  itemprop=\"image\" itemscope=\"itemscope\" itemtype=\"https:\/\/schema.org\/ImageObject\" >\n\t\t\t\t\t\t<span itemprop='url'>https:\/\/www.gym-toelz.de\/wp-content\/uploads\/2026\/03\/snb-2026-3.jpg<\/span>\n\t\t\t\t\t\t<span itemprop='height'>2003<\/span>\n\t\t\t\t\t\t<span itemprop='width'>1144<\/span>\n\t\t\t\t<\/span>\n\t\t\t\t<span class='av-structured-data'  itemprop=\"publisher\" itemtype=\"https:\/\/schema.org\/Organization\" itemscope=\"itemscope\" >\n\t\t\t\t\t\t<span itemprop='name'>Hanno Froehlich<\/span>\n\t\t\t\t\t\t<span itemprop='logo' itemscope itemtype='https:\/\/schema.org\/ImageObject'>\n\t\t\t\t\t\t\t<span itemprop='url'>https:\/\/www.gym-toelz.de\/wp-content\/uploads\/2025\/06\/schriftzug-Kopf-weissGVS_Logo-klein-300x114.png<\/span>\n\t\t\t\t\t\t<\/span>\n\t\t\t\t<\/span><span class='av-structured-data'  itemprop=\"author\" itemscope=\"itemscope\" itemtype=\"https:\/\/schema.org\/Person\" ><span itemprop='name'>Hanno Froehlich<\/span><\/span><span class='av-structured-data'  itemprop=\"datePublished\" datetime=\"2026-03-27T09:06:31+01:00\" >2026-03-27 09:06:31<\/span><span class='av-structured-data'  itemprop=\"dateModified\" itemtype=\"https:\/\/schema.org\/dateModified\" >2026-03-27 09:06:52<\/span><span class='av-structured-data'  itemprop=\"mainEntityOfPage\" itemtype=\"https:\/\/schema.org\/mainEntityOfPage\" ><span itemprop='name'>Wettbewerbe Snowboard 2025\/26<\/span><\/span><\/span><\/article><article class=\"post-entry post-entry-type-standard post-entry-4010 post-loop-10 post-parity-even single-small with-slider post-4010 post type-post status-publish format-standard has-post-thumbnail hentry category-aktuelles\"  itemscope=\"itemscope\" itemtype=\"https:\/\/schema.org\/BlogPosting\" ><div class=\"blog-meta\"><a href='https:\/\/www.gym-toelz.de\/index.php\/2026\/03\/20\/wissenschaftswoche\/' class='small-preview'  title=\"Wissenschaftswoche2026\"   itemprop=\"image\" itemscope=\"itemscope\" itemtype=\"https:\/\/schema.org\/ImageObject\" ><img decoding=\"async\" loading=\"lazy\" width=\"300\" height=\"225\" src=\"https:\/\/www.gym-toelz.de\/wp-content\/uploads\/2026\/03\/Wissenschaftswoche2026-300x225.jpeg\" class=\"wp-image-4009 avia-img-lazy-loading-4009 attachment-medium size-medium wp-post-image\" alt=\"\" srcset=\"https:\/\/www.gym-toelz.de\/wp-content\/uploads\/2026\/03\/Wissenschaftswoche2026-300x225.jpeg 300w, https:\/\/www.gym-toelz.de\/wp-content\/uploads\/2026\/03\/Wissenschaftswoche2026-1030x773.jpeg 1030w, https:\/\/www.gym-toelz.de\/wp-content\/uploads\/2026\/03\/Wissenschaftswoche2026-768x576.jpeg 768w, https:\/\/www.gym-toelz.de\/wp-content\/uploads\/2026\/03\/Wissenschaftswoche2026-1536x1152.jpeg 1536w, https:\/\/www.gym-toelz.de\/wp-content\/uploads\/2026\/03\/Wissenschaftswoche2026-2048x1536.jpeg 2048w, https:\/\/www.gym-toelz.de\/wp-content\/uploads\/2026\/03\/Wissenschaftswoche2026-1500x1125.jpeg 1500w, https:\/\/www.gym-toelz.de\/wp-content\/uploads\/2026\/03\/Wissenschaftswoche2026-705x529.jpeg 705w\" sizes=\"auto, (max-width: 300px) 100vw, 300px\" \/><span class='iconfont avia-svg-icon avia-font-svg_entypo-fontello' data-av_svg_icon='pencil' data-av_iconset='svg_entypo-fontello' ><svg version=\"1.1\" xmlns=\"http:\/\/www.w3.org\/2000\/svg\" width=\"25\" height=\"32\" viewBox=\"0 0 25 32\" preserveAspectRatio=\"xMidYMid meet\" role=\"graphics-symbol\" aria-hidden=\"true\">\n<path d=\"M22.976 5.44q1.024 1.024 1.504 2.048t0.48 1.536v0.512l-8.064 8.064-9.28 9.216-7.616 1.664 1.6-7.68 9.28-9.216 8.064-8.064q1.728-0.384 4.032 1.92zM7.168 25.92l0.768-0.768q-0.064-1.408-1.664-3.008-0.704-0.704-1.44-1.12t-1.12-0.416l-0.448-0.064-0.704 0.768-0.576 2.56q0.896 0.512 1.472 1.088 0.768 0.768 1.152 1.536z\"><\/path>\n<\/svg><\/span><\/a><\/div><div class='entry-content-wrapper clearfix standard-content'><header class=\"entry-content-header\" aria-label=\"Post: Wissenschaftswoche\"><h2 class='post-title entry-title '  itemprop=\"headline\" ><a href=\"https:\/\/www.gym-toelz.de\/index.php\/2026\/03\/20\/wissenschaftswoche\/\" rel=\"bookmark\" title=\"Permanenter Link zu: Wissenschaftswoche\">Wissenschaftswoche<span class=\"post-format-icon minor-meta\"><\/span><\/a><\/h2><span class=\"post-meta-infos\"><time class=\"date-container minor-meta updated\"  itemprop=\"datePublished\" datetime=\"2026-03-20T09:33:27+01:00\" >Freitag, M\u00e4rz 20, 2026<\/time><span class=\"text-sep\">\/<\/span><span class=\"blog-categories minor-meta\">in <a href=\"https:\/\/www.gym-toelz.de\/index.php\/category\/aktuelles\/\" rel=\"tag\">Aktuelles<\/a><\/span><\/span><\/header><div class=\"entry-content\"  itemprop=\"text\" ><p><strong>Aufbruch zu neuen Ufern-Entdecker, Forscher, Pioniere<\/strong><br \/>\nVon Sophie Melf, Silvia Weber (11b), Fiona Seidl (11d)<\/p>\n<p>In der Woche vom 23.02. bis 27.02.2026 fand an unserer Schule f\u00fcr die 11. Jahrgangsstufe zum dritten Mal die Wissenschaftswoche statt. In diesem Zeitraum sollten sich die Sch\u00fclerinnen und Sch\u00fcler in Kleingruppen mit Fragen zum Rahmenthema \u201eAufbruch zu neuen Ufern-Entdecker, Forscher, Pioniere\u201c auseinandersetzen. Jedes Fach hatte dazu einen Untersuchungsschwerpunkt zur Wahl gestellt.<\/p>\n<p><img loading=\"lazy\" decoding=\"async\" class=\"wp-image-4009 aligncenter\" src=\"https:\/\/www.gym-toelz.de\/wp-content\/uploads\/2026\/03\/Wissenschaftswoche2026-scaled.jpeg\" alt=\"\" width=\"695\" height=\"521\" srcset=\"https:\/\/www.gym-toelz.de\/wp-content\/uploads\/2026\/03\/Wissenschaftswoche2026-scaled.jpeg 2560w, https:\/\/www.gym-toelz.de\/wp-content\/uploads\/2026\/03\/Wissenschaftswoche2026-300x225.jpeg 300w, https:\/\/www.gym-toelz.de\/wp-content\/uploads\/2026\/03\/Wissenschaftswoche2026-1030x773.jpeg 1030w, https:\/\/www.gym-toelz.de\/wp-content\/uploads\/2026\/03\/Wissenschaftswoche2026-768x576.jpeg 768w, https:\/\/www.gym-toelz.de\/wp-content\/uploads\/2026\/03\/Wissenschaftswoche2026-1536x1152.jpeg 1536w, https:\/\/www.gym-toelz.de\/wp-content\/uploads\/2026\/03\/Wissenschaftswoche2026-2048x1536.jpeg 2048w, https:\/\/www.gym-toelz.de\/wp-content\/uploads\/2026\/03\/Wissenschaftswoche2026-1500x1125.jpeg 1500w, https:\/\/www.gym-toelz.de\/wp-content\/uploads\/2026\/03\/Wissenschaftswoche2026-705x529.jpeg 705w\" sizes=\"auto, (max-width: 695px) 100vw, 695px\" \/><br \/>\nZiel war es, am Freitag einen 15min\u00fctigen wissenschaftlichen Vortrag zu gestalten. Zum Einstieg begannen wir am Montag, uns in unser Thema einzulesen und Material auszuwerten. Daran anschlie\u00dfend fand in der Aula ein interessanter Vortrag von Dr. Robert Fichtl zu dem Thema \u201eBeruf Wissenschaftler: Mein Aufbruch zu neuen Ufern\u201c statt.<br \/>\nDer Dienstag war der Recherche und der Auswertung von Quellen gewidmet. Bevor wir am Mittwoch damit fortfuhren hielt Herr Thomas Burger einen Vortrag, wie man professionell pr\u00e4sentiert und vor Publikum spricht. Wir erhielten sehr viele wertvolle Tipps, auch zur Rhetorik.<br \/>\nAm Donnerstag stand neben der Vorbereitung der Pr\u00e4sentationen ein Besuch des Stadtarchivs auf dem Programm, bei dem wir den Beruf des Archivars kennenlernten und einen Einblick in eine Sammlung von alten und neueren Dokumenten, Bildern und Karten bekamen.<br \/>\nAm letzten Tag der Wissenschaftswoche pr\u00e4sentierten wir zun\u00e4chst im Klassenverband unsere Ergebnisse, wobei wir da schon viel Neues \u00fcber Forscher und Entdecker erfuhren. Aus jeder Klasse stellte im Anschluss eine Gruppe ihren Vortrag vor der gesamten Jahrgangsstufe in der Aula vor.<br \/>\nAus den f\u00fcnf Pr\u00e4sentationen wurde schlie\u00dflich von allen Sch\u00fclerinnen und Sch\u00fclern die Gewinnergruppe gew\u00e4hlt, die vom F\u00f6rderverein gespendet 100 Euro Preisgeld erhielt.<br \/>\nDieses Jahr gewann wohlverdient die Gruppe aus der 11a, die sich mit Pionieren der r\u00f6mischen Architektur besch\u00e4ftig hatte. Weitere Vortr\u00e4ge bezogen sich auf \u201eweibliche Pioniere der Aufkl\u00e4rung\u201c, auf \u201eMeeresforschung\u201c, \u201ePioniere des Behindertensports\u201c und auf \u201eZheng He, einen Pionier der Schifffahrt\u201c.<br \/>\nAlles in allem war die Wissenschaftswoche eine gro\u00dfartige M\u00f6glichkeit f\u00fcr uns, Neues zu Recherche, zu wissenschaftlichem Arbeiten, zu Rhetorik und zum Pr\u00e4sentieren zu lernen, und war au\u00dferdem ein Highlight unseres bisherigen Schuljahrs.<\/p>\n<\/div><footer class=\"entry-footer\"><\/footer><div class='post_delimiter'><\/div><\/div><div class=\"post_author_timeline\"><\/div><span class='hidden'>\n\t\t\t\t<span class='av-structured-data'  itemprop=\"image\" itemscope=\"itemscope\" itemtype=\"https:\/\/schema.org\/ImageObject\" >\n\t\t\t\t\t\t<span itemprop='url'>https:\/\/www.gym-toelz.de\/wp-content\/uploads\/2026\/03\/Wissenschaftswoche2026-scaled.jpeg<\/span>\n\t\t\t\t\t\t<span itemprop='height'>1920<\/span>\n\t\t\t\t\t\t<span itemprop='width'>2560<\/span>\n\t\t\t\t<\/span>\n\t\t\t\t<span class='av-structured-data'  itemprop=\"publisher\" itemtype=\"https:\/\/schema.org\/Organization\" itemscope=\"itemscope\" >\n\t\t\t\t\t\t<span itemprop='name'>Hanno Froehlich<\/span>\n\t\t\t\t\t\t<span itemprop='logo' itemscope itemtype='https:\/\/schema.org\/ImageObject'>\n\t\t\t\t\t\t\t<span itemprop='url'>https:\/\/www.gym-toelz.de\/wp-content\/uploads\/2025\/06\/schriftzug-Kopf-weissGVS_Logo-klein-300x114.png<\/span>\n\t\t\t\t\t\t<\/span>\n\t\t\t\t<\/span><span class='av-structured-data'  itemprop=\"author\" itemscope=\"itemscope\" itemtype=\"https:\/\/schema.org\/Person\" ><span itemprop='name'>Hanno Froehlich<\/span><\/span><span class='av-structured-data'  itemprop=\"datePublished\" datetime=\"2026-03-20T09:33:27+01:00\" >2026-03-20 09:33:27<\/span><span class='av-structured-data'  itemprop=\"dateModified\" itemtype=\"https:\/\/schema.org\/dateModified\" >2026-03-20 09:33:54<\/span><span class='av-structured-data'  itemprop=\"mainEntityOfPage\" itemtype=\"https:\/\/schema.org\/mainEntityOfPage\" ><span itemprop='name'>Wissenschaftswoche<\/span><\/span><\/span><\/article><article class=\"post-entry post-entry-type-standard post-entry-3990 post-loop-11 post-parity-odd single-small with-slider post-3990 post type-post status-publish format-standard has-post-thumbnail hentry category-aktuelles category-wirtschaft-und-recht\"  itemscope=\"itemscope\" itemtype=\"https:\/\/schema.org\/BlogPosting\" ><div class=\"blog-meta\"><a href='https:\/\/www.gym-toelz.de\/index.php\/2026\/03\/16\/planspiel-boerse-2026\/' class='small-preview'  title=\"2026_03_11 Siegerehrung Planspiel B\u00f6rse Jailhouse-1041\"   itemprop=\"image\" itemscope=\"itemscope\" itemtype=\"https:\/\/schema.org\/ImageObject\" ><img decoding=\"async\" loading=\"lazy\" width=\"300\" height=\"200\" src=\"https:\/\/www.gym-toelz.de\/wp-content\/uploads\/2026\/03\/2026_03_11-Siegerehrung-Planspiel-Boerse-Jailhouse-1041-300x200.jpg\" class=\"wp-image-3991 avia-img-lazy-loading-3991 attachment-medium size-medium wp-post-image\" alt=\"\" srcset=\"https:\/\/www.gym-toelz.de\/wp-content\/uploads\/2026\/03\/2026_03_11-Siegerehrung-Planspiel-Boerse-Jailhouse-1041-300x200.jpg 300w, https:\/\/www.gym-toelz.de\/wp-content\/uploads\/2026\/03\/2026_03_11-Siegerehrung-Planspiel-Boerse-Jailhouse-1041-1030x685.jpg 1030w, https:\/\/www.gym-toelz.de\/wp-content\/uploads\/2026\/03\/2026_03_11-Siegerehrung-Planspiel-Boerse-Jailhouse-1041-768x511.jpg 768w, https:\/\/www.gym-toelz.de\/wp-content\/uploads\/2026\/03\/2026_03_11-Siegerehrung-Planspiel-Boerse-Jailhouse-1041-1536x1022.jpg 1536w, https:\/\/www.gym-toelz.de\/wp-content\/uploads\/2026\/03\/2026_03_11-Siegerehrung-Planspiel-Boerse-Jailhouse-1041-2048x1363.jpg 2048w, https:\/\/www.gym-toelz.de\/wp-content\/uploads\/2026\/03\/2026_03_11-Siegerehrung-Planspiel-Boerse-Jailhouse-1041-1500x998.jpg 1500w, https:\/\/www.gym-toelz.de\/wp-content\/uploads\/2026\/03\/2026_03_11-Siegerehrung-Planspiel-Boerse-Jailhouse-1041-705x469.jpg 705w\" sizes=\"auto, (max-width: 300px) 100vw, 300px\" \/><span class='iconfont avia-svg-icon avia-font-svg_entypo-fontello' data-av_svg_icon='pencil' data-av_iconset='svg_entypo-fontello' ><svg version=\"1.1\" xmlns=\"http:\/\/www.w3.org\/2000\/svg\" width=\"25\" height=\"32\" viewBox=\"0 0 25 32\" preserveAspectRatio=\"xMidYMid meet\" role=\"graphics-symbol\" aria-hidden=\"true\">\n<path d=\"M22.976 5.44q1.024 1.024 1.504 2.048t0.48 1.536v0.512l-8.064 8.064-9.28 9.216-7.616 1.664 1.6-7.68 9.28-9.216 8.064-8.064q1.728-0.384 4.032 1.92zM7.168 25.92l0.768-0.768q-0.064-1.408-1.664-3.008-0.704-0.704-1.44-1.12t-1.12-0.416l-0.448-0.064-0.704 0.768-0.576 2.56q0.896 0.512 1.472 1.088 0.768 0.768 1.152 1.536z\"><\/path>\n<\/svg><\/span><\/a><\/div><div class='entry-content-wrapper clearfix standard-content'><header class=\"entry-content-header\" aria-label=\"Post: Planspiel B\u00f6rse 2026\"><h2 class='post-title entry-title '  itemprop=\"headline\" ><a href=\"https:\/\/www.gym-toelz.de\/index.php\/2026\/03\/16\/planspiel-boerse-2026\/\" rel=\"bookmark\" title=\"Permanenter Link zu: Planspiel B\u00f6rse 2026\">Planspiel B\u00f6rse 2026<span class=\"post-format-icon minor-meta\"><\/span><\/a><\/h2><span class=\"post-meta-infos\"><time class=\"date-container minor-meta updated\"  itemprop=\"datePublished\" datetime=\"2026-03-16T10:28:37+01:00\" >Montag, M\u00e4rz 16, 2026<\/time><span class=\"text-sep\">\/<\/span><span class=\"blog-categories minor-meta\">in <a href=\"https:\/\/www.gym-toelz.de\/index.php\/category\/aktuelles\/\" rel=\"tag\">Aktuelles<\/a>, <a href=\"https:\/\/www.gym-toelz.de\/index.php\/category\/unterricht\/faecher\/wirtschaft-und-recht\/\" rel=\"tag\">Wirtschaft und Recht<\/a><\/span><\/span><\/header><div class=\"entry-content\"  itemprop=\"text\" ><p>Rekord im Planspiel B\u00f6rse: 130.000 junge Menschen dabei<br \/>\nMit einem neuen Rekord ist das Planspiel B\u00f6rse 2025 zu Ende gegangen:<br \/>\nKnapp 130.000 Sch\u00fclerinnen und Sch\u00fcler, Studierende, Auszubildende und junge Erwachsene in Europa haben in der aktuellen Spielrunde risikolos B\u00f6rsenerfahrung gesammelt \u2013 mit fiktiven Depots, echten Kursen und klugen Strategien.<\/p>\n\n\t\t<style type=\"text\/css\">\n\t\t\t#gallery-3 {\n\t\t\t\tmargin: auto;\n\t\t\t}\n\t\t\t#gallery-3 .gallery-item {\n\t\t\t\tfloat: left;\n\t\t\t\tmargin-top: 10px;\n\t\t\t\ttext-align: center;\n\t\t\t\twidth: 25%;\n\t\t\t}\n\t\t\t#gallery-3 img {\n\t\t\t\tborder: 2px solid #cfcfcf;\n\t\t\t}\n\t\t\t#gallery-3 .gallery-caption {\n\t\t\t\tmargin-left: 0;\n\t\t\t}\n\t\t\t\/* see gallery_shortcode() in wp-includes\/media.php *\/\n\t\t<\/style>\n\t\t<div id='gallery-3' class='gallery galleryid-3990 gallery-columns-4 gallery-size-thumbnail'><dl class='gallery-item'>\n\t\t\t<dt class='gallery-icon landscape'>\n\t\t\t\t<a href='https:\/\/www.gym-toelz.de\/wp-content\/uploads\/2026\/03\/2026_03_11-Siegerehrung-Planspiel-Boerse-Jailhouse-1041-scaled.jpg'><img loading=\"lazy\" decoding=\"async\" width=\"80\" height=\"80\" src=\"https:\/\/www.gym-toelz.de\/wp-content\/uploads\/2026\/03\/2026_03_11-Siegerehrung-Planspiel-Boerse-Jailhouse-1041-80x80.jpg\" class=\"attachment-thumbnail size-thumbnail\" alt=\"\" srcset=\"https:\/\/www.gym-toelz.de\/wp-content\/uploads\/2026\/03\/2026_03_11-Siegerehrung-Planspiel-Boerse-Jailhouse-1041-80x80.jpg 80w, https:\/\/www.gym-toelz.de\/wp-content\/uploads\/2026\/03\/2026_03_11-Siegerehrung-Planspiel-Boerse-Jailhouse-1041-36x36.jpg 36w, https:\/\/www.gym-toelz.de\/wp-content\/uploads\/2026\/03\/2026_03_11-Siegerehrung-Planspiel-Boerse-Jailhouse-1041-180x180.jpg 180w\" sizes=\"auto, (max-width: 80px) 100vw, 80px\" \/><\/a>\n\t\t\t<\/dt><\/dl><dl class='gallery-item'>\n\t\t\t<dt class='gallery-icon landscape'>\n\t\t\t\t<a href='https:\/\/www.gym-toelz.de\/wp-content\/uploads\/2026\/03\/2026_03_11-Siegerehrung-Planspiel-Boerse-Jailhouse-1037-scaled.jpg'><img loading=\"lazy\" decoding=\"async\" width=\"80\" height=\"80\" src=\"https:\/\/www.gym-toelz.de\/wp-content\/uploads\/2026\/03\/2026_03_11-Siegerehrung-Planspiel-Boerse-Jailhouse-1037-80x80.jpg\" class=\"attachment-thumbnail size-thumbnail\" alt=\"\" srcset=\"https:\/\/www.gym-toelz.de\/wp-content\/uploads\/2026\/03\/2026_03_11-Siegerehrung-Planspiel-Boerse-Jailhouse-1037-80x80.jpg 80w, https:\/\/www.gym-toelz.de\/wp-content\/uploads\/2026\/03\/2026_03_11-Siegerehrung-Planspiel-Boerse-Jailhouse-1037-36x36.jpg 36w, https:\/\/www.gym-toelz.de\/wp-content\/uploads\/2026\/03\/2026_03_11-Siegerehrung-Planspiel-Boerse-Jailhouse-1037-180x180.jpg 180w\" sizes=\"auto, (max-width: 80px) 100vw, 80px\" \/><\/a>\n\t\t\t<\/dt><\/dl><dl class='gallery-item'>\n\t\t\t<dt class='gallery-icon landscape'>\n\t\t\t\t<a href='https:\/\/www.gym-toelz.de\/wp-content\/uploads\/2026\/03\/2026_03_11-Siegerehrung-Planspiel-Boerse-Jailhouse-1033-scaled.jpg'><img loading=\"lazy\" decoding=\"async\" width=\"80\" height=\"80\" src=\"https:\/\/www.gym-toelz.de\/wp-content\/uploads\/2026\/03\/2026_03_11-Siegerehrung-Planspiel-Boerse-Jailhouse-1033-80x80.jpg\" class=\"attachment-thumbnail size-thumbnail\" alt=\"\" srcset=\"https:\/\/www.gym-toelz.de\/wp-content\/uploads\/2026\/03\/2026_03_11-Siegerehrung-Planspiel-Boerse-Jailhouse-1033-80x80.jpg 80w, https:\/\/www.gym-toelz.de\/wp-content\/uploads\/2026\/03\/2026_03_11-Siegerehrung-Planspiel-Boerse-Jailhouse-1033-36x36.jpg 36w, https:\/\/www.gym-toelz.de\/wp-content\/uploads\/2026\/03\/2026_03_11-Siegerehrung-Planspiel-Boerse-Jailhouse-1033-180x180.jpg 180w\" sizes=\"auto, (max-width: 80px) 100vw, 80px\" \/><\/a>\n\t\t\t<\/dt><\/dl><dl class='gallery-item'>\n\t\t\t<dt class='gallery-icon landscape'>\n\t\t\t\t<a href='https:\/\/www.gym-toelz.de\/wp-content\/uploads\/2026\/03\/2026_03_11-Siegerehrung-Planspiel-Boerse-Jailhouse-1032-scaled.jpg'><img loading=\"lazy\" decoding=\"async\" width=\"80\" height=\"80\" src=\"https:\/\/www.gym-toelz.de\/wp-content\/uploads\/2026\/03\/2026_03_11-Siegerehrung-Planspiel-Boerse-Jailhouse-1032-80x80.jpg\" class=\"attachment-thumbnail size-thumbnail\" alt=\"\" srcset=\"https:\/\/www.gym-toelz.de\/wp-content\/uploads\/2026\/03\/2026_03_11-Siegerehrung-Planspiel-Boerse-Jailhouse-1032-80x80.jpg 80w, https:\/\/www.gym-toelz.de\/wp-content\/uploads\/2026\/03\/2026_03_11-Siegerehrung-Planspiel-Boerse-Jailhouse-1032-36x36.jpg 36w, https:\/\/www.gym-toelz.de\/wp-content\/uploads\/2026\/03\/2026_03_11-Siegerehrung-Planspiel-Boerse-Jailhouse-1032-180x180.jpg 180w\" sizes=\"auto, (max-width: 80px) 100vw, 80px\" \/><\/a>\n\t\t\t<\/dt><\/dl><br style=\"clear: both\" \/>\n\t\t<\/div>\n\n<p>\u00dcber Platzierungen unter den 10 besten Teams der Sparkasse Bad T\u00f6lz einer Siegerehrung im Jailhouse und ein &#8222;Taschengeld&#8220; erfreuten sich die Sch\u00fclerinnen und Sch\u00fcler:<br \/>\nJohannes Wiedenhofer und Jonathan Weiler; Moritz Schroedter, Korbinian Werth, Eric Kaiser und Leo Donhauser (alle 11d); Felicia Rasch, Timea Keilmann, Nike Ilg und Miriam G\u00e4rner sowie Manuel Oswald, Niko Bezenar und Jonas Wanninger (alle 10c).<\/p>\n<p>Herzlichen Gl\u00fcckwunsch und bis zur n\u00e4chsten Spielrunde.<\/p>\n<p>Fachschaft W\/R<\/p>\n<\/div><footer class=\"entry-footer\"><\/footer><div class='post_delimiter'><\/div><\/div><div class=\"post_author_timeline\"><\/div><span class='hidden'>\n\t\t\t\t<span class='av-structured-data'  itemprop=\"image\" itemscope=\"itemscope\" itemtype=\"https:\/\/schema.org\/ImageObject\" >\n\t\t\t\t\t\t<span itemprop='url'>https:\/\/www.gym-toelz.de\/wp-content\/uploads\/2026\/03\/2026_03_11-Siegerehrung-Planspiel-Boerse-Jailhouse-1041-scaled.jpg<\/span>\n\t\t\t\t\t\t<span itemprop='height'>1703<\/span>\n\t\t\t\t\t\t<span itemprop='width'>2560<\/span>\n\t\t\t\t<\/span>\n\t\t\t\t<span class='av-structured-data'  itemprop=\"publisher\" itemtype=\"https:\/\/schema.org\/Organization\" itemscope=\"itemscope\" >\n\t\t\t\t\t\t<span itemprop='name'>Hanno Froehlich<\/span>\n\t\t\t\t\t\t<span itemprop='logo' itemscope itemtype='https:\/\/schema.org\/ImageObject'>\n\t\t\t\t\t\t\t<span itemprop='url'>https:\/\/www.gym-toelz.de\/wp-content\/uploads\/2025\/06\/schriftzug-Kopf-weissGVS_Logo-klein-300x114.png<\/span>\n\t\t\t\t\t\t<\/span>\n\t\t\t\t<\/span><span class='av-structured-data'  itemprop=\"author\" itemscope=\"itemscope\" itemtype=\"https:\/\/schema.org\/Person\" ><span itemprop='name'>Hanno Froehlich<\/span><\/span><span class='av-structured-data'  itemprop=\"datePublished\" datetime=\"2026-03-16T10:28:37+01:00\" >2026-03-16 10:28:37<\/span><span class='av-structured-data'  itemprop=\"dateModified\" itemtype=\"https:\/\/schema.org\/dateModified\" >2026-03-16 16:53:43<\/span><span class='av-structured-data'  itemprop=\"mainEntityOfPage\" itemtype=\"https:\/\/schema.org\/mainEntityOfPage\" ><span itemprop='name'>Planspiel B\u00f6rse 2026<\/span><\/span><\/span><\/article><article class=\"post-entry post-entry-type-standard post-entry-3982 post-loop-12 post-parity-even post-entry-last single-small with-slider post-3982 post type-post status-publish format-standard has-post-thumbnail hentry category-aktuelles category-sport\"  itemscope=\"itemscope\" itemtype=\"https:\/\/schema.org\/BlogPosting\" ><div class=\"blog-meta\"><a href='https:\/\/www.gym-toelz.de\/index.php\/2026\/03\/16\/3982\/' class='small-preview'  title=\"kaltenbrunn26_20260114_121558140_MFNR\"   itemprop=\"image\" itemscope=\"itemscope\" itemtype=\"https:\/\/schema.org\/ImageObject\" ><img decoding=\"async\" loading=\"lazy\" width=\"300\" height=\"226\" src=\"https:\/\/www.gym-toelz.de\/wp-content\/uploads\/2026\/03\/kaltenbrunn26_20260114_121558140_MFNR-300x226.jpg\" class=\"wp-image-3972 avia-img-lazy-loading-3972 attachment-medium size-medium wp-post-image\" alt=\"\" srcset=\"https:\/\/www.gym-toelz.de\/wp-content\/uploads\/2026\/03\/kaltenbrunn26_20260114_121558140_MFNR-300x226.jpg 300w, https:\/\/www.gym-toelz.de\/wp-content\/uploads\/2026\/03\/kaltenbrunn26_20260114_121558140_MFNR-1030x776.jpg 1030w, https:\/\/www.gym-toelz.de\/wp-content\/uploads\/2026\/03\/kaltenbrunn26_20260114_121558140_MFNR-768x578.jpg 768w, https:\/\/www.gym-toelz.de\/wp-content\/uploads\/2026\/03\/kaltenbrunn26_20260114_121558140_MFNR-1536x1157.jpg 1536w, https:\/\/www.gym-toelz.de\/wp-content\/uploads\/2026\/03\/kaltenbrunn26_20260114_121558140_MFNR-2048x1542.jpg 2048w, https:\/\/www.gym-toelz.de\/wp-content\/uploads\/2026\/03\/kaltenbrunn26_20260114_121558140_MFNR-1500x1129.jpg 1500w, https:\/\/www.gym-toelz.de\/wp-content\/uploads\/2026\/03\/kaltenbrunn26_20260114_121558140_MFNR-705x531.jpg 705w\" sizes=\"auto, (max-width: 300px) 100vw, 300px\" \/><span class='iconfont avia-svg-icon avia-font-svg_entypo-fontello' data-av_svg_icon='pencil' data-av_iconset='svg_entypo-fontello' ><svg version=\"1.1\" xmlns=\"http:\/\/www.w3.org\/2000\/svg\" width=\"25\" height=\"32\" viewBox=\"0 0 25 32\" preserveAspectRatio=\"xMidYMid meet\" role=\"graphics-symbol\" aria-hidden=\"true\">\n<path d=\"M22.976 5.44q1.024 1.024 1.504 2.048t0.48 1.536v0.512l-8.064 8.064-9.28 9.216-7.616 1.664 1.6-7.68 9.28-9.216 8.064-8.064q1.728-0.384 4.032 1.92zM7.168 25.92l0.768-0.768q-0.064-1.408-1.664-3.008-0.704-0.704-1.44-1.12t-1.12-0.416l-0.448-0.064-0.704 0.768-0.576 2.56q0.896 0.512 1.472 1.088 0.768 0.768 1.152 1.536z\"><\/path>\n<\/svg><\/span><\/a><\/div><div class='entry-content-wrapper clearfix standard-content'><header class=\"entry-content-header\" aria-label=\"Post: Langlaufwettkampf Kaltenbrunn\"><h2 class='post-title entry-title '  itemprop=\"headline\" ><a href=\"https:\/\/www.gym-toelz.de\/index.php\/2026\/03\/16\/3982\/\" rel=\"bookmark\" title=\"Permanenter Link zu: Langlaufwettkampf Kaltenbrunn\">Langlaufwettkampf Kaltenbrunn<span class=\"post-format-icon minor-meta\"><\/span><\/a><\/h2><span class=\"post-meta-infos\"><time class=\"date-container minor-meta updated\"  itemprop=\"datePublished\" datetime=\"2026-03-16T10:07:30+01:00\" >Montag, M\u00e4rz 16, 2026<\/time><span class=\"text-sep\">\/<\/span><span class=\"blog-categories minor-meta\">in <a href=\"https:\/\/www.gym-toelz.de\/index.php\/category\/aktuelles\/\" rel=\"tag\">Aktuelles<\/a>, <a href=\"https:\/\/www.gym-toelz.de\/index.php\/category\/unterricht\/faecher\/sport\/\" rel=\"tag\">Sport<\/a><\/span><\/span><\/header><div class=\"entry-content\"  itemprop=\"text\" ><p>&#8222;Winternachlese&#8220;<\/p>\n<p>Langlaufwettkampf \u201eJugend trainiert f\u00fcr Olympia\u201c in Kaltenbrunn<\/p>\n<p>Am Mittwoch, den 14.01.2026 starteten drei motivierte Langlaufmannschaften des Gabriel-von-Seidl Gymnasiums betreut von Herrn Dr. Fr\u00f6hlich und Frau Zahn zum Bezirksfinale von \u201eJugend trainiert f\u00fcr Olympia\u201c im Skilanglauf. Der Austragungsort Kaltenbrunn gl\u00e4nzte mit bestens pr\u00e4parierten Loipen und winterlicher Atmosph\u00e4re &#8211; sodass unsere Sportlerinnen und Sportler optimale Voraussetzungen f\u00fcr den Wettkampf vorfanden.<\/p>\n\n\t\t<style type=\"text\/css\">\n\t\t\t#gallery-4 {\n\t\t\t\tmargin: auto;\n\t\t\t}\n\t\t\t#gallery-4 .gallery-item {\n\t\t\t\tfloat: left;\n\t\t\t\tmargin-top: 10px;\n\t\t\t\ttext-align: center;\n\t\t\t\twidth: 33%;\n\t\t\t}\n\t\t\t#gallery-4 img {\n\t\t\t\tborder: 2px solid #cfcfcf;\n\t\t\t}\n\t\t\t#gallery-4 .gallery-caption {\n\t\t\t\tmargin-left: 0;\n\t\t\t}\n\t\t\t\/* see gallery_shortcode() in wp-includes\/media.php *\/\n\t\t<\/style>\n\t\t<div id='gallery-4' class='gallery galleryid-3982 gallery-columns-3 gallery-size-thumbnail'><dl class='gallery-item'>\n\t\t\t<dt class='gallery-icon landscape'>\n\t\t\t\t<a href='https:\/\/www.gym-toelz.de\/wp-content\/uploads\/2026\/03\/kaltenbrunn26_20260114_130525737_langlauf-scaled.jpg'><img loading=\"lazy\" decoding=\"async\" width=\"80\" height=\"80\" src=\"https:\/\/www.gym-toelz.de\/wp-content\/uploads\/2026\/03\/kaltenbrunn26_20260114_130525737_langlauf-80x80.jpg\" class=\"attachment-thumbnail size-thumbnail\" alt=\"\" aria-describedby=\"gallery-4-3981\" srcset=\"https:\/\/www.gym-toelz.de\/wp-content\/uploads\/2026\/03\/kaltenbrunn26_20260114_130525737_langlauf-80x80.jpg 80w, https:\/\/www.gym-toelz.de\/wp-content\/uploads\/2026\/03\/kaltenbrunn26_20260114_130525737_langlauf-36x36.jpg 36w, https:\/\/www.gym-toelz.de\/wp-content\/uploads\/2026\/03\/kaltenbrunn26_20260114_130525737_langlauf-180x180.jpg 180w\" sizes=\"auto, (max-width: 80px) 100vw, 80px\" \/><\/a>\n\t\t\t<\/dt>\n\t\t\t\t<dd class='wp-caption-text gallery-caption' id='gallery-4-3981'>\n\t\t\t\thdr\n\t\t\t\t<\/dd><\/dl><dl class='gallery-item'>\n\t\t\t<dt class='gallery-icon landscape'>\n\t\t\t\t<a href='https:\/\/www.gym-toelz.de\/wp-content\/uploads\/2026\/03\/kaltenbrunn26_20260114_130522185_langlauf-scaled.jpg'><img loading=\"lazy\" decoding=\"async\" width=\"80\" height=\"80\" src=\"https:\/\/www.gym-toelz.de\/wp-content\/uploads\/2026\/03\/kaltenbrunn26_20260114_130522185_langlauf-80x80.jpg\" class=\"attachment-thumbnail size-thumbnail\" alt=\"\" aria-describedby=\"gallery-4-3980\" srcset=\"https:\/\/www.gym-toelz.de\/wp-content\/uploads\/2026\/03\/kaltenbrunn26_20260114_130522185_langlauf-80x80.jpg 80w, https:\/\/www.gym-toelz.de\/wp-content\/uploads\/2026\/03\/kaltenbrunn26_20260114_130522185_langlauf-36x36.jpg 36w, https:\/\/www.gym-toelz.de\/wp-content\/uploads\/2026\/03\/kaltenbrunn26_20260114_130522185_langlauf-180x180.jpg 180w\" sizes=\"auto, (max-width: 80px) 100vw, 80px\" \/><\/a>\n\t\t\t<\/dt>\n\t\t\t\t<dd class='wp-caption-text gallery-caption' id='gallery-4-3980'>\n\t\t\t\thdr\n\t\t\t\t<\/dd><\/dl><dl class='gallery-item'>\n\t\t\t<dt class='gallery-icon portrait'>\n\t\t\t\t<a href='https:\/\/www.gym-toelz.de\/wp-content\/uploads\/2026\/03\/kaltenbrunn26_20260114_130451930_langlauf-scaled.jpg'><img loading=\"lazy\" decoding=\"async\" width=\"80\" height=\"80\" src=\"https:\/\/www.gym-toelz.de\/wp-content\/uploads\/2026\/03\/kaltenbrunn26_20260114_130451930_langlauf-80x80.jpg\" class=\"attachment-thumbnail size-thumbnail\" alt=\"\" aria-describedby=\"gallery-4-3979\" srcset=\"https:\/\/www.gym-toelz.de\/wp-content\/uploads\/2026\/03\/kaltenbrunn26_20260114_130451930_langlauf-80x80.jpg 80w, https:\/\/www.gym-toelz.de\/wp-content\/uploads\/2026\/03\/kaltenbrunn26_20260114_130451930_langlauf-36x36.jpg 36w, https:\/\/www.gym-toelz.de\/wp-content\/uploads\/2026\/03\/kaltenbrunn26_20260114_130451930_langlauf-180x180.jpg 180w\" sizes=\"auto, (max-width: 80px) 100vw, 80px\" \/><\/a>\n\t\t\t<\/dt>\n\t\t\t\t<dd class='wp-caption-text gallery-caption' id='gallery-4-3979'>\n\t\t\t\thdr\n\t\t\t\t<\/dd><\/dl><br style=\"clear: both\" \/><dl class='gallery-item'>\n\t\t\t<dt class='gallery-icon landscape'>\n\t\t\t\t<a href='https:\/\/www.gym-toelz.de\/wp-content\/uploads\/2026\/03\/kaltenbrunn26_20260114_130325509_langlauf-scaled.jpg'><img loading=\"lazy\" decoding=\"async\" width=\"80\" height=\"80\" src=\"https:\/\/www.gym-toelz.de\/wp-content\/uploads\/2026\/03\/kaltenbrunn26_20260114_130325509_langlauf-80x80.jpg\" class=\"attachment-thumbnail size-thumbnail\" alt=\"\" aria-describedby=\"gallery-4-3978\" srcset=\"https:\/\/www.gym-toelz.de\/wp-content\/uploads\/2026\/03\/kaltenbrunn26_20260114_130325509_langlauf-80x80.jpg 80w, https:\/\/www.gym-toelz.de\/wp-content\/uploads\/2026\/03\/kaltenbrunn26_20260114_130325509_langlauf-36x36.jpg 36w, https:\/\/www.gym-toelz.de\/wp-content\/uploads\/2026\/03\/kaltenbrunn26_20260114_130325509_langlauf-180x180.jpg 180w\" sizes=\"auto, (max-width: 80px) 100vw, 80px\" \/><\/a>\n\t\t\t<\/dt>\n\t\t\t\t<dd class='wp-caption-text gallery-caption' id='gallery-4-3978'>\n\t\t\t\thdr\n\t\t\t\t<\/dd><\/dl><dl class='gallery-item'>\n\t\t\t<dt class='gallery-icon portrait'>\n\t\t\t\t<a href='https:\/\/www.gym-toelz.de\/wp-content\/uploads\/2026\/03\/kaltenbrunn26_20260114_130304829_langlauf-scaled.jpg'><img loading=\"lazy\" decoding=\"async\" width=\"80\" height=\"80\" src=\"https:\/\/www.gym-toelz.de\/wp-content\/uploads\/2026\/03\/kaltenbrunn26_20260114_130304829_langlauf-80x80.jpg\" class=\"attachment-thumbnail size-thumbnail\" alt=\"\" aria-describedby=\"gallery-4-3977\" srcset=\"https:\/\/www.gym-toelz.de\/wp-content\/uploads\/2026\/03\/kaltenbrunn26_20260114_130304829_langlauf-80x80.jpg 80w, https:\/\/www.gym-toelz.de\/wp-content\/uploads\/2026\/03\/kaltenbrunn26_20260114_130304829_langlauf-36x36.jpg 36w, https:\/\/www.gym-toelz.de\/wp-content\/uploads\/2026\/03\/kaltenbrunn26_20260114_130304829_langlauf-180x180.jpg 180w\" sizes=\"auto, (max-width: 80px) 100vw, 80px\" \/><\/a>\n\t\t\t<\/dt>\n\t\t\t\t<dd class='wp-caption-text gallery-caption' id='gallery-4-3977'>\n\t\t\t\thdr\n\t\t\t\t<\/dd><\/dl><dl class='gallery-item'>\n\t\t\t<dt class='gallery-icon portrait'>\n\t\t\t\t<a href='https:\/\/www.gym-toelz.de\/wp-content\/uploads\/2026\/03\/kaltenbrunn26_20260114_125400070_langlauf-scaled.jpg'><img loading=\"lazy\" decoding=\"async\" width=\"80\" height=\"80\" src=\"https:\/\/www.gym-toelz.de\/wp-content\/uploads\/2026\/03\/kaltenbrunn26_20260114_125400070_langlauf-80x80.jpg\" class=\"attachment-thumbnail size-thumbnail\" alt=\"\" aria-describedby=\"gallery-4-3976\" srcset=\"https:\/\/www.gym-toelz.de\/wp-content\/uploads\/2026\/03\/kaltenbrunn26_20260114_125400070_langlauf-80x80.jpg 80w, https:\/\/www.gym-toelz.de\/wp-content\/uploads\/2026\/03\/kaltenbrunn26_20260114_125400070_langlauf-36x36.jpg 36w, https:\/\/www.gym-toelz.de\/wp-content\/uploads\/2026\/03\/kaltenbrunn26_20260114_125400070_langlauf-180x180.jpg 180w\" sizes=\"auto, (max-width: 80px) 100vw, 80px\" \/><\/a>\n\t\t\t<\/dt>\n\t\t\t\t<dd class='wp-caption-text gallery-caption' id='gallery-4-3976'>\n\t\t\t\thdr\n\t\t\t\t<\/dd><\/dl><br style=\"clear: both\" \/><dl class='gallery-item'>\n\t\t\t<dt class='gallery-icon portrait'>\n\t\t\t\t<a href='https:\/\/www.gym-toelz.de\/wp-content\/uploads\/2026\/03\/kaltenbrunn26_20260114_125302831_langlauf-scaled.jpg'><img loading=\"lazy\" decoding=\"async\" width=\"80\" height=\"80\" src=\"https:\/\/www.gym-toelz.de\/wp-content\/uploads\/2026\/03\/kaltenbrunn26_20260114_125302831_langlauf-80x80.jpg\" class=\"attachment-thumbnail size-thumbnail\" alt=\"\" aria-describedby=\"gallery-4-3975\" srcset=\"https:\/\/www.gym-toelz.de\/wp-content\/uploads\/2026\/03\/kaltenbrunn26_20260114_125302831_langlauf-80x80.jpg 80w, https:\/\/www.gym-toelz.de\/wp-content\/uploads\/2026\/03\/kaltenbrunn26_20260114_125302831_langlauf-36x36.jpg 36w, https:\/\/www.gym-toelz.de\/wp-content\/uploads\/2026\/03\/kaltenbrunn26_20260114_125302831_langlauf-180x180.jpg 180w\" sizes=\"auto, (max-width: 80px) 100vw, 80px\" \/><\/a>\n\t\t\t<\/dt>\n\t\t\t\t<dd class='wp-caption-text gallery-caption' id='gallery-4-3975'>\n\t\t\t\thdr\n\t\t\t\t<\/dd><\/dl><dl class='gallery-item'>\n\t\t\t<dt class='gallery-icon portrait'>\n\t\t\t\t<a href='https:\/\/www.gym-toelz.de\/wp-content\/uploads\/2026\/03\/kaltenbrunn26_20260114_125255223_langlauf-scaled.jpg'><img loading=\"lazy\" decoding=\"async\" width=\"80\" height=\"80\" src=\"https:\/\/www.gym-toelz.de\/wp-content\/uploads\/2026\/03\/kaltenbrunn26_20260114_125255223_langlauf-80x80.jpg\" class=\"attachment-thumbnail size-thumbnail\" alt=\"\" aria-describedby=\"gallery-4-3974\" srcset=\"https:\/\/www.gym-toelz.de\/wp-content\/uploads\/2026\/03\/kaltenbrunn26_20260114_125255223_langlauf-80x80.jpg 80w, https:\/\/www.gym-toelz.de\/wp-content\/uploads\/2026\/03\/kaltenbrunn26_20260114_125255223_langlauf-36x36.jpg 36w, https:\/\/www.gym-toelz.de\/wp-content\/uploads\/2026\/03\/kaltenbrunn26_20260114_125255223_langlauf-180x180.jpg 180w\" sizes=\"auto, (max-width: 80px) 100vw, 80px\" \/><\/a>\n\t\t\t<\/dt>\n\t\t\t\t<dd class='wp-caption-text gallery-caption' id='gallery-4-3974'>\n\t\t\t\thdr\n\t\t\t\t<\/dd><\/dl><dl class='gallery-item'>\n\t\t\t<dt class='gallery-icon portrait'>\n\t\t\t\t<a href='https:\/\/www.gym-toelz.de\/wp-content\/uploads\/2026\/03\/kaltenbrunn26_20260114_124728992_langlauf-scaled.jpg'><img loading=\"lazy\" decoding=\"async\" width=\"80\" height=\"80\" src=\"https:\/\/www.gym-toelz.de\/wp-content\/uploads\/2026\/03\/kaltenbrunn26_20260114_124728992_langlauf-80x80.jpg\" class=\"attachment-thumbnail size-thumbnail\" alt=\"\" aria-describedby=\"gallery-4-3973\" srcset=\"https:\/\/www.gym-toelz.de\/wp-content\/uploads\/2026\/03\/kaltenbrunn26_20260114_124728992_langlauf-80x80.jpg 80w, https:\/\/www.gym-toelz.de\/wp-content\/uploads\/2026\/03\/kaltenbrunn26_20260114_124728992_langlauf-36x36.jpg 36w, https:\/\/www.gym-toelz.de\/wp-content\/uploads\/2026\/03\/kaltenbrunn26_20260114_124728992_langlauf-180x180.jpg 180w\" sizes=\"auto, (max-width: 80px) 100vw, 80px\" \/><\/a>\n\t\t\t<\/dt>\n\t\t\t\t<dd class='wp-caption-text gallery-caption' id='gallery-4-3973'>\n\t\t\t\thdr\n\t\t\t\t<\/dd><\/dl><br style=\"clear: both\" \/><dl class='gallery-item'>\n\t\t\t<dt class='gallery-icon landscape'>\n\t\t\t\t<a href='https:\/\/www.gym-toelz.de\/wp-content\/uploads\/2026\/03\/kaltenbrunn26_20260114_121558140_MFNR-scaled.jpg'><img loading=\"lazy\" decoding=\"async\" width=\"80\" height=\"80\" src=\"https:\/\/www.gym-toelz.de\/wp-content\/uploads\/2026\/03\/kaltenbrunn26_20260114_121558140_MFNR-80x80.jpg\" class=\"attachment-thumbnail size-thumbnail\" alt=\"\" srcset=\"https:\/\/www.gym-toelz.de\/wp-content\/uploads\/2026\/03\/kaltenbrunn26_20260114_121558140_MFNR-80x80.jpg 80w, https:\/\/www.gym-toelz.de\/wp-content\/uploads\/2026\/03\/kaltenbrunn26_20260114_121558140_MFNR-36x36.jpg 36w, https:\/\/www.gym-toelz.de\/wp-content\/uploads\/2026\/03\/kaltenbrunn26_20260114_121558140_MFNR-180x180.jpg 180w\" sizes=\"auto, (max-width: 80px) 100vw, 80px\" \/><\/a>\n\t\t\t<\/dt><\/dl><dl class='gallery-item'>\n\t\t\t<dt class='gallery-icon portrait'>\n\t\t\t\t<a href='https:\/\/www.gym-toelz.de\/wp-content\/uploads\/2026\/03\/kaltenbrunn26_20260114_120715168_langlauf-scaled.jpg'><img loading=\"lazy\" decoding=\"async\" width=\"80\" height=\"80\" src=\"https:\/\/www.gym-toelz.de\/wp-content\/uploads\/2026\/03\/kaltenbrunn26_20260114_120715168_langlauf-80x80.jpg\" class=\"attachment-thumbnail size-thumbnail\" alt=\"\" aria-describedby=\"gallery-4-3971\" srcset=\"https:\/\/www.gym-toelz.de\/wp-content\/uploads\/2026\/03\/kaltenbrunn26_20260114_120715168_langlauf-80x80.jpg 80w, https:\/\/www.gym-toelz.de\/wp-content\/uploads\/2026\/03\/kaltenbrunn26_20260114_120715168_langlauf-36x36.jpg 36w, https:\/\/www.gym-toelz.de\/wp-content\/uploads\/2026\/03\/kaltenbrunn26_20260114_120715168_langlauf-180x180.jpg 180w\" sizes=\"auto, (max-width: 80px) 100vw, 80px\" \/><\/a>\n\t\t\t<\/dt>\n\t\t\t\t<dd class='wp-caption-text gallery-caption' id='gallery-4-3971'>\n\t\t\t\thdr\n\t\t\t\t<\/dd><\/dl>\n\t\t\t<br style='clear: both' \/>\n\t\t<\/div>\n\n<p>Nach der Ankunft erfolgte zun\u00e4chst die Startnummernausgabe und ein gemeinsames Aufw\u00e4rmen. Anschlie\u00dfend gingen unsere Sch\u00fclerinnen und Sch\u00fcler in verschiedenen Altersklassen auf die Strecke. Je nach Wettkampfklasse mussten zwischen zwei und f\u00fcnf Kilometer gelaufen werden.<\/p>\n<p>In der Wettkampfklasse IV \u00fcber 2km starteten f\u00fcr die Mixed-Mannschaft: Lena Ludwig, Theresa Taubenberger, Anton Mehner, Tim Rohde und Franz Sch\u00f6tz. Mit zwei Mannschaften traten wir in der Wettkampfklasse II \u00fcber 5km. In der Damenmannschaft liefen: Johanna Keil, Romy Kiener und Lotta Metzger. Die Herrenmannschaft pr\u00e4sentierten: Ferdinand Ebert, Leo M\u00e4rz, Oskar Metzger und Karl Kiefersauer.<\/p>\n<p>Trotz des starken Teilnehmerfelds zeigten unsere Athletinnen und Athleten eindrucksvolle Leistungen. Besonders hervorzuheben sind unsere Mannschaften der Wettkampfklasse II, die sich in der Staffel mit einer geschlossenen Mannschaftsleistung jeweils einen hervorragenden 2. Platz sichern konnten. Unsere Mixed-Mannschaft erlief sich in der starken Konkurrenz einen guten 6. Platz.<\/p>\n<p>Neben dem sportlichen Ehrgeiz stand auch das gemeinsame Erlebnis im Vordergrund. Der Tag in Kaltenbrunn bot allen Beteiligten nicht nur die M\u00f6glichkeit, sich mit anderen Schulen zu messen, sondern auch die Freude am Wintersport zu erleben.<\/p>\n<p>Die Fachschaft Sport gratuliert allen Athletinnen und Athleten zu ihren Leistungen und freut sich schon auf das Bezirksfinale im kommenden Jahr!<\/p>\n<p>(Text: Maike Zahn)<\/p>\n<\/div><footer class=\"entry-footer\"><\/footer><div class='post_delimiter'><\/div><\/div><div class=\"post_author_timeline\"><\/div><span class='hidden'>\n\t\t\t\t<span class='av-structured-data'  itemprop=\"image\" itemscope=\"itemscope\" itemtype=\"https:\/\/schema.org\/ImageObject\" >\n\t\t\t\t\t\t<span itemprop='url'>https:\/\/www.gym-toelz.de\/wp-content\/uploads\/2026\/03\/kaltenbrunn26_20260114_121558140_MFNR-scaled.jpg<\/span>\n\t\t\t\t\t\t<span itemprop='height'>1928<\/span>\n\t\t\t\t\t\t<span itemprop='width'>2560<\/span>\n\t\t\t\t<\/span>\n\t\t\t\t<span class='av-structured-data'  itemprop=\"publisher\" itemtype=\"https:\/\/schema.org\/Organization\" itemscope=\"itemscope\" >\n\t\t\t\t\t\t<span itemprop='name'>Hanno Froehlich<\/span>\n\t\t\t\t\t\t<span itemprop='logo' itemscope itemtype='https:\/\/schema.org\/ImageObject'>\n\t\t\t\t\t\t\t<span itemprop='url'>https:\/\/www.gym-toelz.de\/wp-content\/uploads\/2025\/06\/schriftzug-Kopf-weissGVS_Logo-klein-300x114.png<\/span>\n\t\t\t\t\t\t<\/span>\n\t\t\t\t<\/span><span class='av-structured-data'  itemprop=\"author\" itemscope=\"itemscope\" itemtype=\"https:\/\/schema.org\/Person\" ><span itemprop='name'>Hanno Froehlich<\/span><\/span><span class='av-structured-data'  itemprop=\"datePublished\" datetime=\"2026-03-16T10:07:30+01:00\" >2026-03-16 10:07:30<\/span><span class='av-structured-data'  itemprop=\"dateModified\" itemtype=\"https:\/\/schema.org\/dateModified\" >2026-03-16 10:26:16<\/span><span class='av-structured-data'  itemprop=\"mainEntityOfPage\" itemtype=\"https:\/\/schema.org\/mainEntityOfPage\" ><span itemprop='name'>Langlaufwettkampf Kaltenbrunn<\/span><\/span><\/span><\/article><div class='single-small'><nav class='pagination'><span class='pagination-meta'>Seite 1 von 5<\/span><span class='current'>1<\/span><a href='https:\/\/www.gym-toelz.de\/index.php\/wp-json\/wp\/v2\/pages\/167\/page\/2\/' class='inactive next_page' >2<\/a><a href='https:\/\/www.gym-toelz.de\/index.php\/wp-json\/wp\/v2\/pages\/167\/page\/3\/' class='inactive' >3<\/a><a href='https:\/\/www.gym-toelz.de\/index.php\/wp-json\/wp\/v2\/pages\/167\/page\/4\/' class='inactive' >4<\/a><a href='https:\/\/www.gym-toelz.de\/index.php\/wp-json\/wp\/v2\/pages\/167\/page\/5\/' class='inactive' >5<\/a><\/nav>\n<\/div><\/div>\n","protected":false},"excerpt":{"rendered":"","protected":false},"author":2,"featured_media":0,"parent":29,"menu_order":6,"comment_status":"closed","ping_status":"closed","template":"","meta":{"footnotes":""},"class_list":["post-167","page","type-page","status-publish","hentry"],"_links":{"self":[{"href":"https:\/\/www.gym-toelz.de\/index.php\/wp-json\/wp\/v2\/pages\/167","targetHints":{"allow":["GET"]}}],"collection":[{"href":"https:\/\/www.gym-toelz.de\/index.php\/wp-json\/wp\/v2\/pages"}],"about":[{"href":"https:\/\/www.gym-toelz.de\/index.php\/wp-json\/wp\/v2\/types\/page"}],"author":[{"embeddable":true,"href":"https:\/\/www.gym-toelz.de\/index.php\/wp-json\/wp\/v2\/users\/2"}],"replies":[{"embeddable":true,"href":"https:\/\/www.gym-toelz.de\/index.php\/wp-json\/wp\/v2\/comments?post=167"}],"version-history":[{"count":8,"href":"https:\/\/www.gym-toelz.de\/index.php\/wp-json\/wp\/v2\/pages\/167\/revisions"}],"predecessor-version":[{"id":2689,"href":"https:\/\/www.gym-toelz.de\/index.php\/wp-json\/wp\/v2\/pages\/167\/revisions\/2689"}],"up":[{"embeddable":true,"href":"https:\/\/www.gym-toelz.de\/index.php\/wp-json\/wp\/v2\/pages\/29"}],"wp:attachment":[{"href":"https:\/\/www.gym-toelz.de\/index.php\/wp-json\/wp\/v2\/media?parent=167"}],"curies":[{"name":"wp","href":"https:\/\/api.w.org\/{rel}","templated":true}]}}